{"id":883,"date":"2021-07-22T14:14:40","date_gmt":"2021-07-22T17:14:40","guid":{"rendered":"https:\/\/chileentinieblas.cl\/?post_type=personajes&#038;p=883"},"modified":"2024-07-29T19:41:08","modified_gmt":"2024-07-29T19:41:08","slug":"padre-andrade-2","status":"publish","type":"pnj","link":"https:\/\/chileentinieblas.cl\/en\/pnj\/padre-andrade-2\/","title":{"rendered":"Padre Andrade"},"content":{"rendered":"<p class=\"wp-block-paragraph\">El Padre Andrade desde temprana edad tuvo una vida dura, nacido pobre en la Legua, gracias a una amiga de su madre pudo estudiar en el seminario de la congregaci\u00f3n Salesiana en el Sur, se dedic\u00f3 a la vida religiosa a partir de los 16 a\u00f1os. <\/p>\n\n\n\n<p class=\"wp-block-paragraph\">Al viajar a Santiago, en el terminal de buses se encontr\u00f3 con una chica y su perro tirada en la calle muriendo, aparentemente borracha, dedic\u00f3 su alma a salvarla, despertando su avatar. Ella ser\u00eda la primera de muchos a quienes salvar\u00eda.<\/p>\n\n\n\n<p class=\"wp-block-paragraph\">Durante los a\u00f1os siguientes, mientras Andrade participaba de un refugio de ayuda comunitaria, conoci\u00f3 a Pablo, un sujeto muy particular con el que habr\u00eda hecho una amistad duradera. Atormentado por su ira interna, el padre lo ayud\u00f3 a focalizarse y aceptar su diferencia frente al resto de la sociedad. Como \u00e9l, Andrade entendi\u00f3 que hay otros seres con habilidades especiales que luchan por la paz.<\/p>\n\n\n\n<p class=\"wp-block-paragraph\">A\u00f1os despu\u00e9s dedic\u00f3 su nueva fortaleza y capacidad a salvar vidas en misiones a lo largo del mundo. Hait\u00ed fue uno de los pa\u00edses donde los miembros del coro celestial lo contactar\u00edan y lo pondr\u00edan en la senda del Uno, reconociendo en \u00e9l, la gu\u00eda de un antiguo mago franciscano por el que obraba sus milagros.<\/p>\n\n\n\n<p class=\"wp-block-paragraph\">Despu\u00e9s de recibir entrenamiento y volver para trabajar junto al coro celestial de Santiago, not\u00f3 que su poca experiencia le jugaba en contra dentro de la orden. Los Jesuitas, la congregaci\u00f3n con m\u00e1s poder en la tradici\u00f3n, estaban pendientes de los conflictos con los otros despertados en la ciudad, as\u00ed que mientras lidiaban con eso, lo pusieron a cargo de la parroquia San Francisco en pajaritos, para que respondiera a los problemas de ese sector.<\/p>\n\n\n\n<p class=\"wp-block-paragraph\">Sin mayor importancia dentro de los coristas, Andrade sigui\u00f3 haciendo su trabajo, y de vez en cuando recib\u00eda la visita de Pablo, quien ahora se hac\u00eda llamar &#8220;<strong>Hijo \u00fanico<\/strong>&#8220;, con el que intercambiaban historias.<\/p>\n\n\n\n<p class=\"wp-block-paragraph\">Fue en el mes de Abril del 2020 que Andrade se pone alerta frente a una extra\u00f1a amenaza alrededor de su parroquia. Sus investigaciones lo llevar\u00edan r\u00e1pidamente a descubrir una profana amenaza que atentaba contra las vidas que \u00e9l intentaba proteger, por lo que acudi\u00f3 por ayuda a los miembros de su tradici\u00f3n, sin embargo, en ese momento el grupo estaba lidiando con una amenaza mayor por lo que prest\u00f3 poco inter\u00e9s a las demandas de Andrade . Esto llev\u00f3 a buscar ayuda en &#8220;Hijo \u00fanico&#8221;, quien le hab\u00eda contado que ten\u00eda una nueva familia que lo preparaba en la lucha contra la corrupci\u00f3n. Fue as\u00ed que juntos, logran purificar el lugar y eliminar las amenazas que hab\u00eda descubierto.<\/p>\n\n\n\n<p class=\"wp-block-paragraph\">Sin embargo el conflicto lo cambi\u00f3 para siempre, desde entonces el padre busca informaci\u00f3n sobre lo que vio en el lugar y la presencia demoniaca que sinti\u00f3, por lo que no descansa hasta encontrar respuestas. Actualmente se le ve visitando constantemente la capilla principal del Coro celestial y la biblioteca de la Orden de Hermes en b\u00fasqueda de cualquier texto que logre darle pistas sobre lo que se est\u00e1 gestando en la ciudad, pero por el momento, solo ha encontrado migajas, y sus l\u00edderes siguen sin tomar en cuenta sus palabras.<\/p>","protected":false},"author":1,"featured_media":885,"template":"","tags":[],"faccion":[42,27],"class_list":["post-883","pnj","type-pnj","status-publish","has-post-thumbnail","hentry","faccion-coro-celestial","faccion-tradiciones"],"acf":{"fecha":"1978 - Actualidad","estatus":"Activo","ficha_del_personaje":884,"aspecto":"De rostro amable, pelo casta\u00f1o claro, ojos marrones y aparentemente m\u00e1s joven de lo que es, usa ropas sencillas, formales y el cl\u00e1sico traje de sacerdote. Mide 1,65 y pesa 70 Kgs.","interpretacion":"El padre en general tiene un aspecto generoso, humilde, con marcas de sacrificio en el rostro de una vida dedicada a hacer el bien por los dem\u00e1s, que reflejan los duros momentos que tenido que enfrentar al ver lo peor de la vida de las personas en este mundo de Tinieblas, sin embargo \u00faltimamente se le ve m\u00e1s preocupado de lo normal y su desesperaci\u00f3n con el tiempo se vuelve m\u00e1s evidente. No sabe luchar, no usa armas, toda su vida se ha dedicado solo al bienestar de los dem\u00e1s y no ha tenido que recurrir a la violencia, al menos hasta hace poco...","rango_mago":"4 - Disc\u00edpulo","informacion_privada":"","mapa_de_kumu_u_otro_embed":null},"yoast_head":"<!-- This site is optimized with the Yoast SEO plugin v28.4 - https:\/\/yoast.com\/product\/yoast-seo-wordpress\/ -->\n<title>Padre Andrade - Chile en Tinieblas<\/title>\n<meta name=\"robots\" content=\"index, follow, max-snippet:-1, max-image-preview:large, max-video-preview:-1\" \/>\n<link rel=\"canonical\" href=\"https:\/\/chileentinieblas.cl\/en\/pnj\/padre-andrade-2\/\" \/>\n<meta property=\"og:locale\" content=\"en_US\" \/>\n<meta property=\"og:type\" content=\"article\" \/>\n<meta property=\"og:title\" content=\"Padre Andrade - Chile en Tinieblas\" \/>\n<meta property=\"og:description\" content=\"El Padre Andrade desde temprana edad tuvo una vida dura, nacido pobre en la Legua, gracias a una amiga de su madre pudo estudiar en el seminario de la congregaci\u00f3n Salesiana en el Sur, se dedic\u00f3 a la vida religiosa a partir de los 16 a\u00f1os. Al viajar a Santiago, en el terminal de buses [&hellip;]\" \/>\n<meta property=\"og:url\" content=\"https:\/\/chileentinieblas.cl\/en\/pnj\/padre-andrade-2\/\" \/>\n<meta property=\"og:site_name\" content=\"Chile en Tinieblas\" \/>\n<meta property=\"article:publisher\" content=\"https:\/\/www.facebook.com\/ChileenTinieblas\" \/>\n<meta property=\"article:modified_time\" content=\"2024-07-29T19:41:08+00:00\" \/>\n<meta property=\"og:image\" content=\"https:\/\/chileentinieblas.cl\/wp-content\/uploads\/2021\/07\/WhatsApp-Image-2021-07-22-at-12.00.13.jpeg\" \/>\n\t<meta property=\"og:image:width\" content=\"564\" \/>\n\t<meta property=\"og:image:height\" content=\"801\" \/>\n\t<meta property=\"og:image:type\" content=\"image\/jpeg\" \/>\n<meta name=\"twitter:card\" content=\"summary_large_image\" \/>\n<meta name=\"twitter:label1\" content=\"Est. reading time\" \/>\n\t<meta name=\"twitter:data1\" content=\"3 minutes\" \/>\n<script type=\"application\/ld+json\" class=\"yoast-schema-graph\">{\"@context\":\"https:\\\/\\\/schema.org\",\"@graph\":[{\"@type\":\"WebPage\",\"@id\":\"https:\\\/\\\/chileentinieblas.cl\\\/pnj\\\/padre-andrade-2\\\/\",\"url\":\"https:\\\/\\\/chileentinieblas.cl\\\/pnj\\\/padre-andrade-2\\\/\",\"name\":\"Padre Andrade - Chile en Tinieblas\",\"isPartOf\":{\"@id\":\"https:\\\/\\\/chileentinieblas.cl\\\/#website\"},\"primaryImageOfPage\":{\"@id\":\"https:\\\/\\\/chileentinieblas.cl\\\/pnj\\\/padre-andrade-2\\\/#primaryimage\"},\"image\":{\"@id\":\"https:\\\/\\\/chileentinieblas.cl\\\/pnj\\\/padre-andrade-2\\\/#primaryimage\"},\"thumbnailUrl\":\"https:\\\/\\\/chileentinieblas.cl\\\/wp-content\\\/uploads\\\/2021\\\/07\\\/WhatsApp-Image-2021-07-22-at-12.00.13.jpeg\",\"datePublished\":\"2021-07-22T17:14:40+00:00\",\"dateModified\":\"2024-07-29T19:41:08+00:00\",\"breadcrumb\":{\"@id\":\"https:\\\/\\\/chileentinieblas.cl\\\/pnj\\\/padre-andrade-2\\\/#breadcrumb\"},\"inLanguage\":\"en-US\",\"potentialAction\":[{\"@type\":\"ReadAction\",\"target\":[\"https:\\\/\\\/chileentinieblas.cl\\\/pnj\\\/padre-andrade-2\\\/\"]}]},{\"@type\":\"ImageObject\",\"inLanguage\":\"en-US\",\"@id\":\"https:\\\/\\\/chileentinieblas.cl\\\/pnj\\\/padre-andrade-2\\\/#primaryimage\",\"url\":\"https:\\\/\\\/chileentinieblas.cl\\\/wp-content\\\/uploads\\\/2021\\\/07\\\/WhatsApp-Image-2021-07-22-at-12.00.13.jpeg\",\"contentUrl\":\"https:\\\/\\\/chileentinieblas.cl\\\/wp-content\\\/uploads\\\/2021\\\/07\\\/WhatsApp-Image-2021-07-22-at-12.00.13.jpeg\",\"width\":564,\"height\":801},{\"@type\":\"BreadcrumbList\",\"@id\":\"https:\\\/\\\/chileentinieblas.cl\\\/pnj\\\/padre-andrade-2\\\/#breadcrumb\",\"itemListElement\":[{\"@type\":\"ListItem\",\"position\":1,\"name\":\"Portada\",\"item\":\"https:\\\/\\\/chileentinieblas.cl\\\/\"},{\"@type\":\"ListItem\",\"position\":2,\"name\":\"PNJs\",\"item\":\"https:\\\/\\\/chileentinieblas.cl\\\/pnj\\\/\"},{\"@type\":\"ListItem\",\"position\":3,\"name\":\"Padre Andrade\"}]},{\"@type\":\"WebSite\",\"@id\":\"https:\\\/\\\/chileentinieblas.cl\\\/#website\",\"url\":\"https:\\\/\\\/chileentinieblas.cl\\\/\",\"name\":\"Chile en Tinieblas\",\"description\":\"Un servidor con mesas de rol de Mundo de Tinieblas\",\"publisher\":{\"@id\":\"https:\\\/\\\/chileentinieblas.cl\\\/#organization\"},\"potentialAction\":[{\"@type\":\"SearchAction\",\"target\":{\"@type\":\"EntryPoint\",\"urlTemplate\":\"https:\\\/\\\/chileentinieblas.cl\\\/?s={search_term_string}\"},\"query-input\":{\"@type\":\"PropertyValueSpecification\",\"valueRequired\":true,\"valueName\":\"search_term_string\"}}],\"inLanguage\":\"en-US\"},{\"@type\":\"Organization\",\"@id\":\"https:\\\/\\\/chileentinieblas.cl\\\/#organization\",\"name\":\"Chile en Tinieblas\",\"url\":\"https:\\\/\\\/chileentinieblas.cl\\\/\",\"logo\":{\"@type\":\"ImageObject\",\"inLanguage\":\"en-US\",\"@id\":\"https:\\\/\\\/chileentinieblas.cl\\\/#\\\/schema\\\/logo\\\/image\\\/\",\"url\":\"https:\\\/\\\/chileentinieblas.cl\\\/wp-content\\\/uploads\\\/2021\\\/12\\\/logo-cet-claro.png\",\"contentUrl\":\"https:\\\/\\\/chileentinieblas.cl\\\/wp-content\\\/uploads\\\/2021\\\/12\\\/logo-cet-claro.png\",\"width\":1001,\"height\":1030,\"caption\":\"Chile en Tinieblas\"},\"image\":{\"@id\":\"https:\\\/\\\/chileentinieblas.cl\\\/#\\\/schema\\\/logo\\\/image\\\/\"},\"sameAs\":[\"https:\\\/\\\/www.facebook.com\\\/ChileenTinieblas\",\"https:\\\/\\\/www.instagram.com\\\/chileentinieblas\\\/\",\"https:\\\/\\\/www.youtube.com\\\/@chileentinieblas\",\"https:\\\/\\\/www.tiktok.com\\\/@chileentinieblas\"]}]}<\/script>\n<!-- \/ Yoast SEO plugin. -->","yoast_head_json":{"title":"Padre Andrade - Chile en Tinieblas","robots":{"index":"index","follow":"follow","max-snippet":"max-snippet:-1","max-image-preview":"max-image-preview:large","max-video-preview":"max-video-preview:-1"},"canonical":"https:\/\/chileentinieblas.cl\/en\/pnj\/padre-andrade-2\/","og_locale":"en_US","og_type":"article","og_title":"Padre Andrade - Chile en Tinieblas","og_description":"El Padre Andrade desde temprana edad tuvo una vida dura, nacido pobre en la Legua, gracias a una amiga de su madre pudo estudiar en el seminario de la congregaci\u00f3n Salesiana en el Sur, se dedic\u00f3 a la vida religiosa a partir de los 16 a\u00f1os. Al viajar a Santiago, en el terminal de buses [&hellip;]","og_url":"https:\/\/chileentinieblas.cl\/en\/pnj\/padre-andrade-2\/","og_site_name":"Chile en Tinieblas","article_publisher":"https:\/\/www.facebook.com\/ChileenTinieblas","article_modified_time":"2024-07-29T19:41:08+00:00","og_image":[{"width":564,"height":801,"url":"https:\/\/chileentinieblas.cl\/wp-content\/uploads\/2021\/07\/WhatsApp-Image-2021-07-22-at-12.00.13.jpeg","type":"image\/jpeg"}],"twitter_card":"summary_large_image","twitter_misc":{"Est. reading time":"3 minutes"},"schema":{"@context":"https:\/\/schema.org","@graph":[{"@type":"WebPage","@id":"https:\/\/chileentinieblas.cl\/pnj\/padre-andrade-2\/","url":"https:\/\/chileentinieblas.cl\/pnj\/padre-andrade-2\/","name":"Padre Andrade - Chile en Tinieblas","isPartOf":{"@id":"https:\/\/chileentinieblas.cl\/#website"},"primaryImageOfPage":{"@id":"https:\/\/chileentinieblas.cl\/pnj\/padre-andrade-2\/#primaryimage"},"image":{"@id":"https:\/\/chileentinieblas.cl\/pnj\/padre-andrade-2\/#primaryimage"},"thumbnailUrl":"https:\/\/chileentinieblas.cl\/wp-content\/uploads\/2021\/07\/WhatsApp-Image-2021-07-22-at-12.00.13.jpeg","datePublished":"2021-07-22T17:14:40+00:00","dateModified":"2024-07-29T19:41:08+00:00","breadcrumb":{"@id":"https:\/\/chileentinieblas.cl\/pnj\/padre-andrade-2\/#breadcrumb"},"inLanguage":"en-US","potentialAction":[{"@type":"ReadAction","target":["https:\/\/chileentinieblas.cl\/pnj\/padre-andrade-2\/"]}]},{"@type":"ImageObject","inLanguage":"en-US","@id":"https:\/\/chileentinieblas.cl\/pnj\/padre-andrade-2\/#primaryimage","url":"https:\/\/chileentinieblas.cl\/wp-content\/uploads\/2021\/07\/WhatsApp-Image-2021-07-22-at-12.00.13.jpeg","contentUrl":"https:\/\/chileentinieblas.cl\/wp-content\/uploads\/2021\/07\/WhatsApp-Image-2021-07-22-at-12.00.13.jpeg","width":564,"height":801},{"@type":"BreadcrumbList","@id":"https:\/\/chileentinieblas.cl\/pnj\/padre-andrade-2\/#breadcrumb","itemListElement":[{"@type":"ListItem","position":1,"name":"Portada","item":"https:\/\/chileentinieblas.cl\/"},{"@type":"ListItem","position":2,"name":"PNJs","item":"https:\/\/chileentinieblas.cl\/pnj\/"},{"@type":"ListItem","position":3,"name":"Padre Andrade"}]},{"@type":"WebSite","@id":"https:\/\/chileentinieblas.cl\/#website","url":"https:\/\/chileentinieblas.cl\/","name":"Chile en Tinieblas","description":"Un servidor con mesas de rol de Mundo de Tinieblas","publisher":{"@id":"https:\/\/chileentinieblas.cl\/#organization"},"potentialAction":[{"@type":"SearchAction","target":{"@type":"EntryPoint","urlTemplate":"https:\/\/chileentinieblas.cl\/?s={search_term_string}"},"query-input":{"@type":"PropertyValueSpecification","valueRequired":true,"valueName":"search_term_string"}}],"inLanguage":"en-US"},{"@type":"Organization","@id":"https:\/\/chileentinieblas.cl\/#organization","name":"Chile en Tinieblas","url":"https:\/\/chileentinieblas.cl\/","logo":{"@type":"ImageObject","inLanguage":"en-US","@id":"https:\/\/chileentinieblas.cl\/#\/schema\/logo\/image\/","url":"https:\/\/chileentinieblas.cl\/wp-content\/uploads\/2021\/12\/logo-cet-claro.png","contentUrl":"https:\/\/chileentinieblas.cl\/wp-content\/uploads\/2021\/12\/logo-cet-claro.png","width":1001,"height":1030,"caption":"Chile en Tinieblas"},"image":{"@id":"https:\/\/chileentinieblas.cl\/#\/schema\/logo\/image\/"},"sameAs":["https:\/\/www.facebook.com\/ChileenTinieblas","https:\/\/www.instagram.com\/chileentinieblas\/","https:\/\/www.youtube.com\/@chileentinieblas","https:\/\/www.tiktok.com\/@chileentinieblas"]}]}},"jetpack_sharing_enabled":true,"_links":{"self":[{"href":"https:\/\/chileentinieblas.cl\/en\/wp-json\/wp\/v2\/pnj\/883","targetHints":{"allow":["GET"]}}],"collection":[{"href":"https:\/\/chileentinieblas.cl\/en\/wp-json\/wp\/v2\/pnj"}],"about":[{"href":"https:\/\/chileentinieblas.cl\/en\/wp-json\/wp\/v2\/types\/pnj"}],"author":[{"embeddable":true,"href":"https:\/\/chileentinieblas.cl\/en\/wp-json\/wp\/v2\/users\/1"}],"wp:featuredmedia":[{"embeddable":true,"href":"https:\/\/chileentinieblas.cl\/en\/wp-json\/wp\/v2\/media\/885"}],"wp:attachment":[{"href":"https:\/\/chileentinieblas.cl\/en\/wp-json\/wp\/v2\/media?parent=883"}],"wp:term":[{"taxonomy":"post_tag","embeddable":true,"href":"https:\/\/chileentinieblas.cl\/en\/wp-json\/wp\/v2\/tags?post=883"},{"taxonomy":"faccion","embeddable":true,"href":"https:\/\/chileentinieblas.cl\/en\/wp-json\/wp\/v2\/faccion?post=883"}],"curies":[{"name":"wp","href":"https:\/\/api.w.org\/{rel}","templated":true}]}}