{"id":803,"date":"2021-04-12T22:40:44","date_gmt":"2021-04-13T01:40:44","guid":{"rendered":"https:\/\/chileentinieblas.cl\/?post_type=personajes&#038;p=803"},"modified":"2024-07-29T19:41:09","modified_gmt":"2024-07-29T19:41:09","slug":"wacolda-huaikilaf-la-machi","status":"publish","type":"pnj","link":"https:\/\/chileentinieblas.cl\/en\/pnj\/wacolda-huaikilaf-la-machi\/","title":{"rendered":"Wacolda Huaikilaf \u201cLa Machi\u201d"},"content":{"rendered":"<h2 class=\"wp-block-heading\">Breve descripci\u00f3n<\/h2>\n\n\n\n<p class=\"wp-block-paragraph\">Maestra del grupo de comunidad mapuche \u201cAguas de ram\u00f3n\u201d (Aquelarre). Parte del linaje de los promaucaes que anteriormente viv\u00edan aqu\u00ed. Su familia sent\u00eda verg\u00fcenza de su ascendencia hasta que ella recibe el Pewma (el despertar) y busca otras comunidades para unificar los grupos mapuches de Santiago. L\u00edder tanto a nivel m\u00e1gico como mundano. Reconocida a nivel nacional, lucha por recuperar las tradiciones perdidas en la era de la raz\u00f3n. Al ser maestra en vida tiene 2 formas: forma de paz y forma de combate (Como una de las \u00faltimas descendiente de los jinetes de c\u00f3ndores).<\/p>\n\n\n\n<p class=\"wp-block-paragraph\">Tiene un familiar c\u00f3ndor que viene de la l\u00ednea de los presuntamente extintos c\u00f3ndores gigantes, este es el \u00faltimo y lo mantiene con vida gracias a su magia. <\/p>\n\n\n\n<p class=\"wp-block-paragraph\">Su guerra pasada con otros magos de europa hace que desconf\u00ede de ellos por completo, ya que m\u00e1s de uno quiso robar los secretos para montar c\u00f3ndores en el pasado.<\/p>\n\n\n\n<h2 class=\"wp-block-heading\">Or\u00edgenes<\/h2>\n\n\n\n<p class=\"wp-block-paragraph\">Wacolda desde peque\u00f1a fue elegida para ser entrenada bajo la gu\u00eda de Aylen y Kurahuafu, maestra machi y weichafe condor, junto a varias otras peque\u00f1as ni\u00f1as hace m\u00e1s de 500 a\u00f1os. Como elegida deb\u00eda heredar el poder de las machis para guiar a los guerreros c\u00f3ndores que en ese tiempo se dedicaban a proteger la mapu de sus tribus de los oscuros brujos Kalkus y los peripillanes que intentaban destruir su sociedad.<\/p>\n\n\n\n<p class=\"wp-block-paragraph\">Cuando tuvo la edad suficiente, se emparej\u00f3 con el famoso guerrero mapuche Lautaro, y juntos enfrentaron la invasi\u00f3n espa\u00f1ola que intentaba hacerse con sus tierras. Ella, como maestra Machi se enfocaba en descubrir y rechazar los poderes m\u00e1gicos que estos extranjeros portaban.<\/p>\n\n\n\n<h2 class=\"wp-block-heading\">1600 &#8211; Conoce a las tradiciones<\/h2>\n\n\n\n<p class=\"wp-block-paragraph\">Mu maestra Aylen antes de morir, la puso en contacto con Nightshade, la bruja extranjera representante de la tradici\u00f3n Verbena, que hab\u00eda llegado varios a\u00f1os antes en busca de ayuda. Ellos ten\u00edan una deuda y no hab\u00edan querido pagarla cuando se negaron a ayudar a Aylen a enfrentar a los conquistadores, as\u00ed que us\u00f3 esa deuda para tomar la representaci\u00f3n Verbena en el pa\u00eds, luego de que otros grupos de magos de esa tradici\u00f3n comenzaran a asentarse en sus tierras sagradas.<\/p>\n\n\n\n<h2 class=\"wp-block-heading\">1641 &#8211; Parlamento de Quilin<\/h2>\n\n\n\n<h2 class=\"wp-block-heading\">1647 &#8211; Guerra contra Antumael<\/h2>\n\n\n\n<h2 class=\"wp-block-heading\">16xx &#8211; Conflicto con otros Verbena<\/h2>\n\n\n\n<p class=\"wp-block-paragraph\">A pesar de que hab\u00eda un acuerdo de paz entre mapuches y espa\u00f1oles, las ri\u00f1as internas no cesaban, y muchas veces ambos grupos intentaban hacerse con los secretos del otro. Los Verbena extranjeros con aires de superioridad, cre\u00eda que las pr\u00e1cticas mapuches sol\u00edan negar sus propios principios y evitaban relacionarse con ellos, incluso algunos los menospreciaba por sus or\u00edgenes ind\u00edgenas, el odio fue creciendo m\u00e1s y m\u00e1s con el tiempo y hubo varios ataques producto de ello. Bajo ese conflicto, Wacolda tuvo que tomar medidas para evitar que los pactos con los espa\u00f1oles se rompieran, convirti\u00e9ndose en la l\u00edder de su pueblo.<\/p>\n\n\n\n<h2 class=\"wp-block-heading\">1830 &#8211; Ingreso a la hojas de Mate<\/h2>\n\n\n\n<p class=\"wp-block-paragraph\">Como representante de la tradici\u00f3n verbena bajo los ojos del concilio de los 9, su papel ayud\u00f3 a que las hojas de Mate construyeran una de las \u00faltimas resistencias m\u00e1gicas frente al avance de la orden de la raz\u00f3n, quienes la invitaron a ser parte del grupo.<\/p>\n\n\n\n<h2 class=\"wp-block-heading\">1896 &#8211; Enfrentamiento al c\u00edrculo de hierro<\/h2>\n\n\n\n<p class=\"wp-block-paragraph\">Ante el aumento del conflicto interno entre extranjeros y nativos, Wacolda cre\u00f3 un grupo de choque para neutralizar las amenazas latentes que ven\u00edan con el avance de la sociedad. Fue durante este tiempo que enfrent\u00f3 al c\u00edrculo de hierro, magos verbena que heredaban las pr\u00e1cticas de los alemanes que se asentaron en el sur, entre sus filas conoci\u00f3 a un joven Hendrik Smith que quer\u00eda asaltar los secretos mapuches. Lo venci\u00f3 pero dej\u00f3 que se fuera por piedad, en un intento de amainar los constantes conflictos entre los grupos.<\/p>\n\n\n\n<h2 class=\"wp-block-heading\">1900 &#8211; Viaje a Santiago<\/h2>\n\n\n\n<p class=\"wp-block-paragraph\">Se va a Santiago a trabajar por las comunidades que buscan ayudar al conflicto mapuche.<\/p>\n\n\n\n<h2 class=\"wp-block-heading\">1926 &#8211; Discusiones con los Gibbs<\/h2>\n\n\n\n<h2 class=\"wp-block-heading\">1953 &#8211; Toma como alumno a Adolfo Johnson<\/h2>\n\n\n\n<h2 class=\"wp-block-heading\">1968 &#8211; Se a\u00edsla en Aguas de Ram\u00f3n<\/h2>\n\n\n\n<p class=\"wp-block-paragraph\"><\/p>","protected":false},"author":1,"featured_media":2912,"template":"","tags":[],"faccion":[27,37],"class_list":["post-803","pnj","type-pnj","status-publish","has-post-thumbnail","hentry","faccion-tradiciones","faccion-verbena"],"acf":{"fecha":"1540 - actualidad","estatus":"Activo","ficha_del_personaje":"","aspecto":"","interpretacion":"","rango_mago":"7 - Primus","informacion_privada":"","mapa_de_kumu_u_otro_embed":null},"yoast_head":"<!-- This site is optimized with the Yoast SEO plugin v28.4 - https:\/\/yoast.com\/product\/yoast-seo-wordpress\/ -->\n<title>Wacolda Huaikilaf \u201cLa Machi\u201d - Chile en Tinieblas<\/title>\n<meta name=\"robots\" content=\"index, follow, max-snippet:-1, max-image-preview:large, max-video-preview:-1\" \/>\n<link rel=\"canonical\" href=\"https:\/\/chileentinieblas.cl\/en\/pnj\/wacolda-huaikilaf-la-machi\/\" \/>\n<meta property=\"og:locale\" content=\"en_US\" \/>\n<meta property=\"og:type\" content=\"article\" \/>\n<meta property=\"og:title\" content=\"Wacolda Huaikilaf \u201cLa Machi\u201d - Chile en Tinieblas\" \/>\n<meta property=\"og:description\" content=\"Breve descripci\u00f3n Maestra del grupo de comunidad mapuche \u201cAguas de ram\u00f3n\u201d (Aquelarre). Parte del linaje de los promaucaes que anteriormente viv\u00edan aqu\u00ed. Su familia sent\u00eda verg\u00fcenza de su ascendencia hasta que ella recibe el Pewma (el despertar) y busca otras comunidades para unificar los grupos mapuches de Santiago. L\u00edder tanto a nivel m\u00e1gico como mundano. [&hellip;]\" \/>\n<meta property=\"og:url\" content=\"https:\/\/chileentinieblas.cl\/en\/pnj\/wacolda-huaikilaf-la-machi\/\" \/>\n<meta property=\"og:site_name\" content=\"Chile en Tinieblas\" \/>\n<meta property=\"article:publisher\" content=\"https:\/\/www.facebook.com\/ChileenTinieblas\" \/>\n<meta property=\"article:modified_time\" content=\"2024-07-29T19:41:09+00:00\" \/>\n<meta property=\"og:image\" content=\"https:\/\/i.pinimg.com\/564x\/60\/f7\/37\/60f7371191ed68c3e39c6b3f0c6e4daa.jpg\" \/>\n\t<meta property=\"og:image:width\" content=\"466\" \/>\n\t<meta property=\"og:image:height\" content=\"700\" \/>\n\t<meta property=\"og:image:type\" content=\"image\/jpeg\" \/>\n<meta name=\"twitter:card\" content=\"summary_large_image\" \/>\n<meta name=\"twitter:label1\" content=\"Est. reading time\" \/>\n\t<meta name=\"twitter:data1\" content=\"4 minutes\" \/>\n<script type=\"application\/ld+json\" class=\"yoast-schema-graph\">{\"@context\":\"https:\\\/\\\/schema.org\",\"@graph\":[{\"@type\":\"WebPage\",\"@id\":\"https:\\\/\\\/chileentinieblas.cl\\\/en\\\/pnj\\\/wacolda-huaikilaf-la-machi\\\/\",\"url\":\"https:\\\/\\\/chileentinieblas.cl\\\/en\\\/pnj\\\/wacolda-huaikilaf-la-machi\\\/\",\"name\":\"Wacolda Huaikilaf \u201cLa Machi\u201d - Chile en Tinieblas\",\"isPartOf\":{\"@id\":\"https:\\\/\\\/chileentinieblas.cl\\\/#website\"},\"primaryImageOfPage\":{\"@id\":\"https:\\\/\\\/chileentinieblas.cl\\\/en\\\/pnj\\\/wacolda-huaikilaf-la-machi\\\/#primaryimage\"},\"image\":{\"@id\":\"https:\\\/\\\/chileentinieblas.cl\\\/en\\\/pnj\\\/wacolda-huaikilaf-la-machi\\\/#primaryimage\"},\"thumbnailUrl\":\"https:\\\/\\\/i.pinimg.com\\\/564x\\\/60\\\/f7\\\/37\\\/60f7371191ed68c3e39c6b3f0c6e4daa.jpg\",\"datePublished\":\"2021-04-13T01:40:44+00:00\",\"dateModified\":\"2024-07-29T19:41:09+00:00\",\"breadcrumb\":{\"@id\":\"https:\\\/\\\/chileentinieblas.cl\\\/en\\\/pnj\\\/wacolda-huaikilaf-la-machi\\\/#breadcrumb\"},\"inLanguage\":\"en-US\",\"potentialAction\":[{\"@type\":\"ReadAction\",\"target\":[\"https:\\\/\\\/chileentinieblas.cl\\\/en\\\/pnj\\\/wacolda-huaikilaf-la-machi\\\/\"]}]},{\"@type\":\"ImageObject\",\"inLanguage\":\"en-US\",\"@id\":\"https:\\\/\\\/chileentinieblas.cl\\\/en\\\/pnj\\\/wacolda-huaikilaf-la-machi\\\/#primaryimage\",\"url\":\"https:\\\/\\\/i.pinimg.com\\\/564x\\\/60\\\/f7\\\/37\\\/60f7371191ed68c3e39c6b3f0c6e4daa.jpg\",\"contentUrl\":\"https:\\\/\\\/i.pinimg.com\\\/564x\\\/60\\\/f7\\\/37\\\/60f7371191ed68c3e39c6b3f0c6e4daa.jpg\",\"width\":466,\"height\":700},{\"@type\":\"BreadcrumbList\",\"@id\":\"https:\\\/\\\/chileentinieblas.cl\\\/en\\\/pnj\\\/wacolda-huaikilaf-la-machi\\\/#breadcrumb\",\"itemListElement\":[{\"@type\":\"ListItem\",\"position\":1,\"name\":\"Portada\",\"item\":\"https:\\\/\\\/chileentinieblas.cl\\\/\"},{\"@type\":\"ListItem\",\"position\":2,\"name\":\"PNJs\",\"item\":\"https:\\\/\\\/chileentinieblas.cl\\\/pnj\\\/\"},{\"@type\":\"ListItem\",\"position\":3,\"name\":\"Wacolda Huaikilaf \u201cLa Machi\u201d\"}]},{\"@type\":\"WebSite\",\"@id\":\"https:\\\/\\\/chileentinieblas.cl\\\/#website\",\"url\":\"https:\\\/\\\/chileentinieblas.cl\\\/\",\"name\":\"Chile en Tinieblas\",\"description\":\"Un servidor con mesas de rol de Mundo de Tinieblas\",\"publisher\":{\"@id\":\"https:\\\/\\\/chileentinieblas.cl\\\/#organization\"},\"potentialAction\":[{\"@type\":\"SearchAction\",\"target\":{\"@type\":\"EntryPoint\",\"urlTemplate\":\"https:\\\/\\\/chileentinieblas.cl\\\/?s={search_term_string}\"},\"query-input\":{\"@type\":\"PropertyValueSpecification\",\"valueRequired\":true,\"valueName\":\"search_term_string\"}}],\"inLanguage\":\"en-US\"},{\"@type\":\"Organization\",\"@id\":\"https:\\\/\\\/chileentinieblas.cl\\\/#organization\",\"name\":\"Chile en Tinieblas\",\"url\":\"https:\\\/\\\/chileentinieblas.cl\\\/\",\"logo\":{\"@type\":\"ImageObject\",\"inLanguage\":\"en-US\",\"@id\":\"https:\\\/\\\/chileentinieblas.cl\\\/#\\\/schema\\\/logo\\\/image\\\/\",\"url\":\"https:\\\/\\\/chileentinieblas.cl\\\/wp-content\\\/uploads\\\/2021\\\/12\\\/logo-cet-claro.png\",\"contentUrl\":\"https:\\\/\\\/chileentinieblas.cl\\\/wp-content\\\/uploads\\\/2021\\\/12\\\/logo-cet-claro.png\",\"width\":1001,\"height\":1030,\"caption\":\"Chile en Tinieblas\"},\"image\":{\"@id\":\"https:\\\/\\\/chileentinieblas.cl\\\/#\\\/schema\\\/logo\\\/image\\\/\"},\"sameAs\":[\"https:\\\/\\\/www.facebook.com\\\/ChileenTinieblas\",\"https:\\\/\\\/www.instagram.com\\\/chileentinieblas\\\/\",\"https:\\\/\\\/www.youtube.com\\\/@chileentinieblas\",\"https:\\\/\\\/www.tiktok.com\\\/@chileentinieblas\"]}]}<\/script>\n<!-- \/ Yoast SEO plugin. -->","yoast_head_json":{"title":"Wacolda Huaikilaf \u201cLa Machi\u201d - Chile en Tinieblas","robots":{"index":"index","follow":"follow","max-snippet":"max-snippet:-1","max-image-preview":"max-image-preview:large","max-video-preview":"max-video-preview:-1"},"canonical":"https:\/\/chileentinieblas.cl\/en\/pnj\/wacolda-huaikilaf-la-machi\/","og_locale":"en_US","og_type":"article","og_title":"Wacolda Huaikilaf \u201cLa Machi\u201d - Chile en Tinieblas","og_description":"Breve descripci\u00f3n Maestra del grupo de comunidad mapuche \u201cAguas de ram\u00f3n\u201d (Aquelarre). Parte del linaje de los promaucaes que anteriormente viv\u00edan aqu\u00ed. Su familia sent\u00eda verg\u00fcenza de su ascendencia hasta que ella recibe el Pewma (el despertar) y busca otras comunidades para unificar los grupos mapuches de Santiago. L\u00edder tanto a nivel m\u00e1gico como mundano. [&hellip;]","og_url":"https:\/\/chileentinieblas.cl\/en\/pnj\/wacolda-huaikilaf-la-machi\/","og_site_name":"Chile en Tinieblas","article_publisher":"https:\/\/www.facebook.com\/ChileenTinieblas","article_modified_time":"2024-07-29T19:41:09+00:00","og_image":[{"width":466,"height":700,"url":"https:\/\/i.pinimg.com\/564x\/60\/f7\/37\/60f7371191ed68c3e39c6b3f0c6e4daa.jpg","type":"image\/jpeg"}],"twitter_card":"summary_large_image","twitter_misc":{"Est. reading time":"4 minutes"},"schema":{"@context":"https:\/\/schema.org","@graph":[{"@type":"WebPage","@id":"https:\/\/chileentinieblas.cl\/en\/pnj\/wacolda-huaikilaf-la-machi\/","url":"https:\/\/chileentinieblas.cl\/en\/pnj\/wacolda-huaikilaf-la-machi\/","name":"Wacolda Huaikilaf \u201cLa Machi\u201d - Chile en Tinieblas","isPartOf":{"@id":"https:\/\/chileentinieblas.cl\/#website"},"primaryImageOfPage":{"@id":"https:\/\/chileentinieblas.cl\/en\/pnj\/wacolda-huaikilaf-la-machi\/#primaryimage"},"image":{"@id":"https:\/\/chileentinieblas.cl\/en\/pnj\/wacolda-huaikilaf-la-machi\/#primaryimage"},"thumbnailUrl":"https:\/\/i.pinimg.com\/564x\/60\/f7\/37\/60f7371191ed68c3e39c6b3f0c6e4daa.jpg","datePublished":"2021-04-13T01:40:44+00:00","dateModified":"2024-07-29T19:41:09+00:00","breadcrumb":{"@id":"https:\/\/chileentinieblas.cl\/en\/pnj\/wacolda-huaikilaf-la-machi\/#breadcrumb"},"inLanguage":"en-US","potentialAction":[{"@type":"ReadAction","target":["https:\/\/chileentinieblas.cl\/en\/pnj\/wacolda-huaikilaf-la-machi\/"]}]},{"@type":"ImageObject","inLanguage":"en-US","@id":"https:\/\/chileentinieblas.cl\/en\/pnj\/wacolda-huaikilaf-la-machi\/#primaryimage","url":"https:\/\/i.pinimg.com\/564x\/60\/f7\/37\/60f7371191ed68c3e39c6b3f0c6e4daa.jpg","contentUrl":"https:\/\/i.pinimg.com\/564x\/60\/f7\/37\/60f7371191ed68c3e39c6b3f0c6e4daa.jpg","width":466,"height":700},{"@type":"BreadcrumbList","@id":"https:\/\/chileentinieblas.cl\/en\/pnj\/wacolda-huaikilaf-la-machi\/#breadcrumb","itemListElement":[{"@type":"ListItem","position":1,"name":"Portada","item":"https:\/\/chileentinieblas.cl\/"},{"@type":"ListItem","position":2,"name":"PNJs","item":"https:\/\/chileentinieblas.cl\/pnj\/"},{"@type":"ListItem","position":3,"name":"Wacolda Huaikilaf \u201cLa Machi\u201d"}]},{"@type":"WebSite","@id":"https:\/\/chileentinieblas.cl\/#website","url":"https:\/\/chileentinieblas.cl\/","name":"Chile en Tinieblas","description":"Un servidor con mesas de rol de Mundo de Tinieblas","publisher":{"@id":"https:\/\/chileentinieblas.cl\/#organization"},"potentialAction":[{"@type":"SearchAction","target":{"@type":"EntryPoint","urlTemplate":"https:\/\/chileentinieblas.cl\/?s={search_term_string}"},"query-input":{"@type":"PropertyValueSpecification","valueRequired":true,"valueName":"search_term_string"}}],"inLanguage":"en-US"},{"@type":"Organization","@id":"https:\/\/chileentinieblas.cl\/#organization","name":"Chile en Tinieblas","url":"https:\/\/chileentinieblas.cl\/","logo":{"@type":"ImageObject","inLanguage":"en-US","@id":"https:\/\/chileentinieblas.cl\/#\/schema\/logo\/image\/","url":"https:\/\/chileentinieblas.cl\/wp-content\/uploads\/2021\/12\/logo-cet-claro.png","contentUrl":"https:\/\/chileentinieblas.cl\/wp-content\/uploads\/2021\/12\/logo-cet-claro.png","width":1001,"height":1030,"caption":"Chile en Tinieblas"},"image":{"@id":"https:\/\/chileentinieblas.cl\/#\/schema\/logo\/image\/"},"sameAs":["https:\/\/www.facebook.com\/ChileenTinieblas","https:\/\/www.instagram.com\/chileentinieblas\/","https:\/\/www.youtube.com\/@chileentinieblas","https:\/\/www.tiktok.com\/@chileentinieblas"]}]}},"jetpack_sharing_enabled":true,"_links":{"self":[{"href":"https:\/\/chileentinieblas.cl\/en\/wp-json\/wp\/v2\/pnj\/803","targetHints":{"allow":["GET"]}}],"collection":[{"href":"https:\/\/chileentinieblas.cl\/en\/wp-json\/wp\/v2\/pnj"}],"about":[{"href":"https:\/\/chileentinieblas.cl\/en\/wp-json\/wp\/v2\/types\/pnj"}],"author":[{"embeddable":true,"href":"https:\/\/chileentinieblas.cl\/en\/wp-json\/wp\/v2\/users\/1"}],"wp:featuredmedia":[{"embeddable":true,"href":"https:\/\/chileentinieblas.cl\/en\/wp-json\/wp\/v2\/media\/2912"}],"wp:attachment":[{"href":"https:\/\/chileentinieblas.cl\/en\/wp-json\/wp\/v2\/media?parent=803"}],"wp:term":[{"taxonomy":"post_tag","embeddable":true,"href":"https:\/\/chileentinieblas.cl\/en\/wp-json\/wp\/v2\/tags?post=803"},{"taxonomy":"faccion","embeddable":true,"href":"https:\/\/chileentinieblas.cl\/en\/wp-json\/wp\/v2\/faccion?post=803"}],"curies":[{"name":"wp","href":"https:\/\/api.w.org\/{rel}","templated":true}]}}