{"id":798,"date":"2021-04-11T03:56:03","date_gmt":"2021-04-11T06:56:03","guid":{"rendered":"https:\/\/chileentinieblas.cl\/?post_type=personajes&#038;p=798"},"modified":"2024-07-29T19:41:09","modified_gmt":"2024-07-29T19:41:09","slug":"macarena-esposito","status":"publish","type":"pnj","link":"https:\/\/chileentinieblas.cl\/en\/pnj\/macarena-esposito\/","title":{"rendered":"Macarena Esposito &#8211; Cr\u00e1neo de hierro"},"content":{"rendered":"<p class=\"wp-block-paragraph\">Macarena es una mujer ruda y de pocas palabras, fue criada s\u00f3lo por su padre, luego de que su madre fuera cruelmente asesinada junto a sus hermanos mayores cuando ella todav\u00eda era peque\u00f1a.<\/p>\n\n\n\n<p class=\"wp-block-paragraph\">Su padre, <strong>Federico Esposito<\/strong>, un ex militar entrenado en panam\u00e1 y miembro activo del frente patri\u00f3tico Manuel Rodr\u00edguez, siempre se destac\u00f3 por su gran habilidad con las armas, tanto para usarlas, como para repararlas y modificarlas, por lo que siempre estaba en relaci\u00f3n con el bajo mundo de Santiago que solicitaba de sus servicios, con lo que consegu\u00eda recursos para vivir y mantenerse&nbsp; a \u00e9l y su hija.&nbsp;Lleg\u00f3 incluso a hacer tratos de neutralidad con se\u00f1ores vampiros para combatir juntos a la tecnocracia.<\/p>\n\n\n\n<p class=\"wp-block-paragraph\">Macarena en cambio logr\u00f3 tener una mejor vida, a pesar de su situaci\u00f3n clandestina, el dinero de su padre le permiti\u00f3 estudiar en colegios subvencionados y los contactos de su familia prove\u00edan de las tapaderas necesarias para que no la reconocieran como hija del buscado Federico, a cambio, ella fue aprendiendo de los valores de la casta de guerreros que se hab\u00eda formado en nombre de la libertad y la patria durante la historia de Chile, y con el tiempo incluso termin\u00f3 estudiando ingenier\u00eda mec\u00e1nica en la Universidad de Chile. <\/p>\n\n\n\n<p class=\"wp-block-paragraph\">Macarena se volvi\u00f3 una de las alumnas m\u00e1s deestacadas de su generaci\u00f3n, claramente la influencia de su padre le daba ciertas ventajas para desenvolverse en estas \u00e1reas, pero estando dentro de la universidad, descubri\u00f3 una extra\u00f1a conspiraci\u00f3n. Se dio cuenta de que algunos miembros (Profesores e investigadores) de la facultad trabajaban en proyectos secretos para producir su propio armamento, y que buscaban eliminar la competencia que exist\u00eda en las calles, esto incluyendo la de su Padre. Al estar al tanto de esto, temi\u00f3 por su vida y su futuro, as\u00ed que aprovech\u00f3 su ventaja para darle los nombres de las personas involucradas en esta conspiraci\u00f3n a \u00e9l y sus socios, de manera que ellos se hicieron cargo del asunto durante los a\u00f1os.<\/p>\n\n\n\n<p class=\"wp-block-paragraph\">A la edad de 22 a\u00f1os, su padre es asesinado frente a lo que ella visualiz\u00f3 como un androide o cyborg, tal como su padre le contaba en las historias de \u00e9l y sus amigos, lo que deja a Macarena sola y vulnerable. Frente a la sospecha de haber sido descubierta por el grupo en la universidad, decide abandonarla a pesar de ser una de las mejores alumnas. A partir de ese momento se qued\u00f3 solo con los conocimientos que aprendi\u00f3 en la universidad y los de su padre, pero gracias a los contactos de su padre, llega un viejo amigo de la infancia, <strong>Guillermo Mano brava<\/strong>, quien la acoge y le explica que su padre era miembro de los H\u00fasares de la Muerte, su t\u00edtulo era el de Cr\u00e1neo de Hierro, y la lleva por la senda de la magia, pero siempre ligado al bajo mundo que ella estaba acostumbrada.&nbsp;<\/p>\n\n\n\n<p class=\"wp-block-paragraph\">Con los a\u00f1os y la alianza con Guillermoo, los antiguos clientes de su padre recurrieron a sus servicios nuevamente, y como Macarena necesitaba subsistir, comenz\u00f3 a tomar los encargos bajo el apodo de su padre Cr\u00e1neo de Hierro. Sab\u00eda perfectamente c\u00f3mo era ese oficio, pero con el tiempo, su cercan\u00eda con la tecnolog\u00eda, la ingenier\u00eda y sus nuevos conocimientos arcanos, las armas fueron a\u00fan mejores, por lo que sus servicios se volvieron mucho m\u00e1s exclusivos y demandantes. A medida que pasaba el tiempo y por su inquietud intelectual, Macarena no solo dominaba la mec\u00e1nica de las armas, sino que ahora sab\u00eda mec\u00e1nica automotriz, rob\u00f3tica y otras habilidades tecnol\u00f3gicas. Por lo que comenz\u00f3 a diversificar su rubro. Lo que la llev\u00f3 a tener un nombre no solo en el bajo mundo de Santiago, sino que tambi\u00e9n entre los eut\u00e1natos.&nbsp;<\/p>\n\n\n\n<p class=\"wp-block-paragraph\">Recientemente, en abril del 2020, el ataque a la base principal de los h\u00fasares en El Salto, dio las alarmas para que el grupo se escondiera de la presencia tecn\u00f3crata, dado que sus negocios eran tan delicados, Strozzi decide darle refugio al grupo, esperando poder conocer sus secretos. Esto la llev\u00f3 a tener un contrato de exclusividad con el reconocido mafioso Don Strozzi y ser nombrada por los H\u00fasares de la muerte como su armera oficial. Bajo su lujosa mansi\u00f3n ella y su equipo se mantienen escondidos de la presencia tecnocr\u00e1tica, pero el asalto constante que est\u00e1n teniendo en la ciudad los vampiros ha requerido mucha demanda de armas, as\u00ed que Strozzi aprovechando la situaci\u00f3n, logr\u00f3 convencer a Macarena de que habilitara sus &#8220;armas personalizadas&#8221; para ellos tambi\u00e9n y as\u00ed juntos combatir a la segunda inquisici\u00f3n. Macarena a pesar de la advertencia de sus mayores y de los eut\u00e1natos, decide ayudarlo, algo que su padre nunca habr\u00eda aprobado si estuviera vivo y que su compa\u00f1ero Guillermo mira con malos ojos.<\/p>","protected":false},"author":1,"featured_media":799,"template":"","tags":[36,35],"faccion":[34,27],"class_list":["post-798","pnj","type-pnj","status-publish","has-post-thumbnail","hentry","tag-craneo-de-hierro","tag-husares-de-la-muerte","faccion-eutanatos","faccion-tradiciones"],"acf":{"fecha":"1994 - Actualidad","estatus":"Activo","ficha_del_personaje":"","aspecto":"Pendiente","interpretacion":"Pendiente","rango_mago":"5 - Adepto","informacion_privada":"","mapa_de_kumu_u_otro_embed":null},"yoast_head":"<!-- This site is optimized with the Yoast SEO plugin v28.4 - https:\/\/yoast.com\/product\/yoast-seo-wordpress\/ -->\n<title>Macarena Esposito - Cr\u00e1neo de hierro - Chile en Tinieblas<\/title>\n<meta name=\"robots\" content=\"index, follow, max-snippet:-1, max-image-preview:large, max-video-preview:-1\" \/>\n<link rel=\"canonical\" href=\"https:\/\/chileentinieblas.cl\/en\/pnj\/macarena-esposito\/\" \/>\n<meta property=\"og:locale\" content=\"en_US\" \/>\n<meta property=\"og:type\" content=\"article\" \/>\n<meta property=\"og:title\" content=\"Macarena Esposito - Cr\u00e1neo de hierro - Chile en Tinieblas\" \/>\n<meta property=\"og:description\" content=\"Macarena es una mujer ruda y de pocas palabras, fue criada s\u00f3lo por su padre, luego de que su madre fuera cruelmente asesinada junto a sus hermanos mayores cuando ella todav\u00eda era peque\u00f1a. Su padre, Federico Esposito, un ex militar entrenado en panam\u00e1 y miembro activo del frente patri\u00f3tico Manuel Rodr\u00edguez, siempre se destac\u00f3 por [&hellip;]\" \/>\n<meta property=\"og:url\" content=\"https:\/\/chileentinieblas.cl\/en\/pnj\/macarena-esposito\/\" \/>\n<meta property=\"og:site_name\" content=\"Chile en Tinieblas\" \/>\n<meta property=\"article:publisher\" content=\"https:\/\/www.facebook.com\/ChileenTinieblas\" \/>\n<meta property=\"article:modified_time\" content=\"2024-07-29T19:41:09+00:00\" \/>\n<meta property=\"og:image\" content=\"https:\/\/chileentinieblas.cl\/wp-content\/uploads\/2021\/04\/image.png\" \/>\n\t<meta property=\"og:image:width\" content=\"564\" \/>\n\t<meta property=\"og:image:height\" content=\"754\" \/>\n\t<meta property=\"og:image:type\" content=\"image\/png\" \/>\n<meta name=\"twitter:card\" content=\"summary_large_image\" \/>\n<meta name=\"twitter:label1\" content=\"Est. reading time\" \/>\n\t<meta name=\"twitter:data1\" content=\"4 minutes\" \/>\n<script type=\"application\/ld+json\" class=\"yoast-schema-graph\">{\"@context\":\"https:\\\/\\\/schema.org\",\"@graph\":[{\"@type\":\"WebPage\",\"@id\":\"https:\\\/\\\/chileentinieblas.cl\\\/en\\\/pnj\\\/macarena-esposito\\\/\",\"url\":\"https:\\\/\\\/chileentinieblas.cl\\\/en\\\/pnj\\\/macarena-esposito\\\/\",\"name\":\"Macarena Esposito - Cr\u00e1neo de hierro - Chile en Tinieblas\",\"isPartOf\":{\"@id\":\"https:\\\/\\\/chileentinieblas.cl\\\/#website\"},\"primaryImageOfPage\":{\"@id\":\"https:\\\/\\\/chileentinieblas.cl\\\/en\\\/pnj\\\/macarena-esposito\\\/#primaryimage\"},\"image\":{\"@id\":\"https:\\\/\\\/chileentinieblas.cl\\\/en\\\/pnj\\\/macarena-esposito\\\/#primaryimage\"},\"thumbnailUrl\":\"https:\\\/\\\/chileentinieblas.cl\\\/wp-content\\\/uploads\\\/2021\\\/04\\\/image.png\",\"datePublished\":\"2021-04-11T06:56:03+00:00\",\"dateModified\":\"2024-07-29T19:41:09+00:00\",\"breadcrumb\":{\"@id\":\"https:\\\/\\\/chileentinieblas.cl\\\/en\\\/pnj\\\/macarena-esposito\\\/#breadcrumb\"},\"inLanguage\":\"en-US\",\"potentialAction\":[{\"@type\":\"ReadAction\",\"target\":[\"https:\\\/\\\/chileentinieblas.cl\\\/en\\\/pnj\\\/macarena-esposito\\\/\"]}]},{\"@type\":\"ImageObject\",\"inLanguage\":\"en-US\",\"@id\":\"https:\\\/\\\/chileentinieblas.cl\\\/en\\\/pnj\\\/macarena-esposito\\\/#primaryimage\",\"url\":\"https:\\\/\\\/chileentinieblas.cl\\\/wp-content\\\/uploads\\\/2021\\\/04\\\/image.png\",\"contentUrl\":\"https:\\\/\\\/chileentinieblas.cl\\\/wp-content\\\/uploads\\\/2021\\\/04\\\/image.png\",\"width\":564,\"height\":754},{\"@type\":\"BreadcrumbList\",\"@id\":\"https:\\\/\\\/chileentinieblas.cl\\\/en\\\/pnj\\\/macarena-esposito\\\/#breadcrumb\",\"itemListElement\":[{\"@type\":\"ListItem\",\"position\":1,\"name\":\"Portada\",\"item\":\"https:\\\/\\\/chileentinieblas.cl\\\/\"},{\"@type\":\"ListItem\",\"position\":2,\"name\":\"PNJs\",\"item\":\"https:\\\/\\\/chileentinieblas.cl\\\/pnj\\\/\"},{\"@type\":\"ListItem\",\"position\":3,\"name\":\"Macarena Esposito &#8211; Cr\u00e1neo de hierro\"}]},{\"@type\":\"WebSite\",\"@id\":\"https:\\\/\\\/chileentinieblas.cl\\\/#website\",\"url\":\"https:\\\/\\\/chileentinieblas.cl\\\/\",\"name\":\"Chile en Tinieblas\",\"description\":\"Un servidor con mesas de rol de Mundo de Tinieblas\",\"publisher\":{\"@id\":\"https:\\\/\\\/chileentinieblas.cl\\\/#organization\"},\"potentialAction\":[{\"@type\":\"SearchAction\",\"target\":{\"@type\":\"EntryPoint\",\"urlTemplate\":\"https:\\\/\\\/chileentinieblas.cl\\\/?s={search_term_string}\"},\"query-input\":{\"@type\":\"PropertyValueSpecification\",\"valueRequired\":true,\"valueName\":\"search_term_string\"}}],\"inLanguage\":\"en-US\"},{\"@type\":\"Organization\",\"@id\":\"https:\\\/\\\/chileentinieblas.cl\\\/#organization\",\"name\":\"Chile en Tinieblas\",\"url\":\"https:\\\/\\\/chileentinieblas.cl\\\/\",\"logo\":{\"@type\":\"ImageObject\",\"inLanguage\":\"en-US\",\"@id\":\"https:\\\/\\\/chileentinieblas.cl\\\/#\\\/schema\\\/logo\\\/image\\\/\",\"url\":\"https:\\\/\\\/chileentinieblas.cl\\\/wp-content\\\/uploads\\\/2021\\\/12\\\/logo-cet-claro.png\",\"contentUrl\":\"https:\\\/\\\/chileentinieblas.cl\\\/wp-content\\\/uploads\\\/2021\\\/12\\\/logo-cet-claro.png\",\"width\":1001,\"height\":1030,\"caption\":\"Chile en Tinieblas\"},\"image\":{\"@id\":\"https:\\\/\\\/chileentinieblas.cl\\\/#\\\/schema\\\/logo\\\/image\\\/\"},\"sameAs\":[\"https:\\\/\\\/www.facebook.com\\\/ChileenTinieblas\",\"https:\\\/\\\/www.instagram.com\\\/chileentinieblas\\\/\",\"https:\\\/\\\/www.youtube.com\\\/@chileentinieblas\",\"https:\\\/\\\/www.tiktok.com\\\/@chileentinieblas\"]}]}<\/script>\n<!-- \/ Yoast SEO plugin. -->","yoast_head_json":{"title":"Macarena Esposito - Cr\u00e1neo de hierro - Chile en Tinieblas","robots":{"index":"index","follow":"follow","max-snippet":"max-snippet:-1","max-image-preview":"max-image-preview:large","max-video-preview":"max-video-preview:-1"},"canonical":"https:\/\/chileentinieblas.cl\/en\/pnj\/macarena-esposito\/","og_locale":"en_US","og_type":"article","og_title":"Macarena Esposito - Cr\u00e1neo de hierro - Chile en Tinieblas","og_description":"Macarena es una mujer ruda y de pocas palabras, fue criada s\u00f3lo por su padre, luego de que su madre fuera cruelmente asesinada junto a sus hermanos mayores cuando ella todav\u00eda era peque\u00f1a. Su padre, Federico Esposito, un ex militar entrenado en panam\u00e1 y miembro activo del frente patri\u00f3tico Manuel Rodr\u00edguez, siempre se destac\u00f3 por [&hellip;]","og_url":"https:\/\/chileentinieblas.cl\/en\/pnj\/macarena-esposito\/","og_site_name":"Chile en Tinieblas","article_publisher":"https:\/\/www.facebook.com\/ChileenTinieblas","article_modified_time":"2024-07-29T19:41:09+00:00","og_image":[{"width":564,"height":754,"url":"https:\/\/chileentinieblas.cl\/wp-content\/uploads\/2021\/04\/image.png","type":"image\/png"}],"twitter_card":"summary_large_image","twitter_misc":{"Est. reading time":"4 minutes"},"schema":{"@context":"https:\/\/schema.org","@graph":[{"@type":"WebPage","@id":"https:\/\/chileentinieblas.cl\/en\/pnj\/macarena-esposito\/","url":"https:\/\/chileentinieblas.cl\/en\/pnj\/macarena-esposito\/","name":"Macarena Esposito - Cr\u00e1neo de hierro - Chile en Tinieblas","isPartOf":{"@id":"https:\/\/chileentinieblas.cl\/#website"},"primaryImageOfPage":{"@id":"https:\/\/chileentinieblas.cl\/en\/pnj\/macarena-esposito\/#primaryimage"},"image":{"@id":"https:\/\/chileentinieblas.cl\/en\/pnj\/macarena-esposito\/#primaryimage"},"thumbnailUrl":"https:\/\/chileentinieblas.cl\/wp-content\/uploads\/2021\/04\/image.png","datePublished":"2021-04-11T06:56:03+00:00","dateModified":"2024-07-29T19:41:09+00:00","breadcrumb":{"@id":"https:\/\/chileentinieblas.cl\/en\/pnj\/macarena-esposito\/#breadcrumb"},"inLanguage":"en-US","potentialAction":[{"@type":"ReadAction","target":["https:\/\/chileentinieblas.cl\/en\/pnj\/macarena-esposito\/"]}]},{"@type":"ImageObject","inLanguage":"en-US","@id":"https:\/\/chileentinieblas.cl\/en\/pnj\/macarena-esposito\/#primaryimage","url":"https:\/\/chileentinieblas.cl\/wp-content\/uploads\/2021\/04\/image.png","contentUrl":"https:\/\/chileentinieblas.cl\/wp-content\/uploads\/2021\/04\/image.png","width":564,"height":754},{"@type":"BreadcrumbList","@id":"https:\/\/chileentinieblas.cl\/en\/pnj\/macarena-esposito\/#breadcrumb","itemListElement":[{"@type":"ListItem","position":1,"name":"Portada","item":"https:\/\/chileentinieblas.cl\/"},{"@type":"ListItem","position":2,"name":"PNJs","item":"https:\/\/chileentinieblas.cl\/pnj\/"},{"@type":"ListItem","position":3,"name":"Macarena Esposito &#8211; Cr\u00e1neo de hierro"}]},{"@type":"WebSite","@id":"https:\/\/chileentinieblas.cl\/#website","url":"https:\/\/chileentinieblas.cl\/","name":"Chile en Tinieblas","description":"Un servidor con mesas de rol de Mundo de Tinieblas","publisher":{"@id":"https:\/\/chileentinieblas.cl\/#organization"},"potentialAction":[{"@type":"SearchAction","target":{"@type":"EntryPoint","urlTemplate":"https:\/\/chileentinieblas.cl\/?s={search_term_string}"},"query-input":{"@type":"PropertyValueSpecification","valueRequired":true,"valueName":"search_term_string"}}],"inLanguage":"en-US"},{"@type":"Organization","@id":"https:\/\/chileentinieblas.cl\/#organization","name":"Chile en Tinieblas","url":"https:\/\/chileentinieblas.cl\/","logo":{"@type":"ImageObject","inLanguage":"en-US","@id":"https:\/\/chileentinieblas.cl\/#\/schema\/logo\/image\/","url":"https:\/\/chileentinieblas.cl\/wp-content\/uploads\/2021\/12\/logo-cet-claro.png","contentUrl":"https:\/\/chileentinieblas.cl\/wp-content\/uploads\/2021\/12\/logo-cet-claro.png","width":1001,"height":1030,"caption":"Chile en Tinieblas"},"image":{"@id":"https:\/\/chileentinieblas.cl\/#\/schema\/logo\/image\/"},"sameAs":["https:\/\/www.facebook.com\/ChileenTinieblas","https:\/\/www.instagram.com\/chileentinieblas\/","https:\/\/www.youtube.com\/@chileentinieblas","https:\/\/www.tiktok.com\/@chileentinieblas"]}]}},"jetpack_sharing_enabled":true,"_links":{"self":[{"href":"https:\/\/chileentinieblas.cl\/en\/wp-json\/wp\/v2\/pnj\/798","targetHints":{"allow":["GET"]}}],"collection":[{"href":"https:\/\/chileentinieblas.cl\/en\/wp-json\/wp\/v2\/pnj"}],"about":[{"href":"https:\/\/chileentinieblas.cl\/en\/wp-json\/wp\/v2\/types\/pnj"}],"author":[{"embeddable":true,"href":"https:\/\/chileentinieblas.cl\/en\/wp-json\/wp\/v2\/users\/1"}],"wp:featuredmedia":[{"embeddable":true,"href":"https:\/\/chileentinieblas.cl\/en\/wp-json\/wp\/v2\/media\/799"}],"wp:attachment":[{"href":"https:\/\/chileentinieblas.cl\/en\/wp-json\/wp\/v2\/media?parent=798"}],"wp:term":[{"taxonomy":"post_tag","embeddable":true,"href":"https:\/\/chileentinieblas.cl\/en\/wp-json\/wp\/v2\/tags?post=798"},{"taxonomy":"faccion","embeddable":true,"href":"https:\/\/chileentinieblas.cl\/en\/wp-json\/wp\/v2\/faccion?post=798"}],"curies":[{"name":"wp","href":"https:\/\/api.w.org\/{rel}","templated":true}]}}