{"id":7752,"date":"2026-02-25T05:44:19","date_gmt":"2026-02-25T05:44:19","guid":{"rendered":"https:\/\/chileentinieblas.cl\/?post_type=pnj&#038;p=7752"},"modified":"2026-02-25T05:44:19","modified_gmt":"2026-02-25T05:44:19","slug":"cachorrito","status":"publish","type":"pnj","link":"https:\/\/chileentinieblas.cl\/en\/pnj\/cachorrito\/","title":{"rendered":"&#8220;Cachorrito&#8221;."},"content":{"rendered":"<figure class=\"wp-block-pullquote\"><blockquote><p><em>&#8220;La equilibrada tabla de peque\u00f1os rodamientos.&#8221;<\/em><\/p><\/blockquote><\/figure>\n\n\n\n<p class=\"wp-block-paragraph\">Joven integrante de <a href=\"https:\/\/chileentinieblas.cl\/wp-content\/uploads\/2026\/02\/Hijos-De-La-Liberacion-1.png\" data-type=\"attachment\" data-id=\"7730\">Los Hijos De La Liberaci\u00f3n<\/a>.<\/p>\n\n\n\n<p class=\"wp-block-paragraph\"><\/p>","protected":false},"author":29,"featured_media":7753,"template":"","tags":[295,99],"faccion":[53],"class_list":["post-7752","pnj","type-pnj","status-publish","has-post-thumbnail","hentry","tag-humanos","tag-vampiro-la-mascarada","faccion-vampiro-la-mascarada"],"acf":{"fecha":"","estatus":"Activo","ficha_del_personaje":"","aspecto":"Conserva el porte de alguien que creci\u00f3 con buena alimentaci\u00f3n, pero se ve desali\u00f1ado a prop\u00f3sito. Pelo rubio ceniza, siempre revuelto bajo una gorra de marca cara pero llena de grasa. Viste polerones de marcas de skate (Thrasher, Vans) originales pero gastadas y rotas. Tiene tatuajes peque\u00f1os en los dedos que intentan tapar la fineza de sus manos. Su mirada es una mezcla de arrogancia juvenil y un miedo profundo que solo se calma cuando est\u00e1 sobre su tabla.","interpretacion":"<p data-path-to-node=\"6,1,1,0,0\">Hablas con una mezcla de \"cuico-coa\" muy marcado (<i data-path-to-node=\"6,1,1,0,0\" data-index-in-node=\"38\">\"Oye Perro, en verdad que la vol\u00e1 en Las Vizcachas fue br\u00edgida, \u00bfCach\u00e1i?\"<\/i>). Eres generoso en exceso; siempre quiere regalar cosas o ayudar econ\u00f3micamente al grupo (aunque ahora m\u00e1s limitado por recibir menos mesada de tus viejos con la que subsistes dentro del grupo). Te sientes culpable por tu origen y a veces sobreactuas para parecer \"m\u00e1s de calle\", sobre todo frente a Fernando (El Quiltro) o Javier (Cero).<\/p>","informacion_privada":"<!-- wp:heading -->\r\n<h3 id=\"h-vida-previa-al-vinculo\" class=\"wp-block-heading\"><strong>Vida Previa al V\u00ednculo:<\/strong><\/h3>\r\n<!-- \/wp:heading --> <!-- wp:paragraph -->\r\n\r\nBenjam\u00edn Larra\u00edn Matte era el t\u00edpico hijo de la \u00e9lite de <strong>Las Condes<\/strong>. Estudiante del Colegio Verbo Divino, viv\u00eda en una burbuja de privilegios, pero su verdadera pasi\u00f3n era el skate. Pasaba sus tardes en el <strong>Skatepark del Parque Araucano<\/strong>, donde se hizo amigo de cabros que ven\u00edan de comunas como Maip\u00fa o Pudahuel a patinar. Benja, sinti\u00e9ndose ajeno a la frialdad de su mundo, empez\u00f3 a usar su plata y sus contactos para \"apa\u00f1ar\" a sus amigos del barrio bajo, meti\u00e9ndose en problemas solo por la adrenalina de sentir algo real. Fue el servidor personal de <strong>Zahir<\/strong>, un refinado pero letal Banu Haqim perteneciente a La <strong>Camarilla<\/strong> santiaguina, que serv\u00eda como ejecutor de \"asuntos delicados\" para la Primogenitura.\r\n\r\n<!-- \/wp:paragraph --> <!-- wp:heading -->\r\n<h3 id=\"h-encuentro-y-vinculacion\" class=\"wp-block-heading\"><strong>Encuentro y Vinculaci\u00f3n:<\/strong><\/h3>\r\n<!-- \/wp:heading --> <!-- wp:paragraph -->\r\n\r\nZahir necesitaba un mensajero que pudiera entrar y salir de los clubes m\u00e1s exclusivos y de las mansiones de Lo Curro sin levantar una sola sospecha. Encontr\u00f3 en Benja el candidato ideal: un \"ni\u00f1o bien\" con pinta de rebelde inofensivo. Zahir lo abord\u00f3 tras una pelea en un skatepark donde Benja defendi\u00f3 a sus amigos de unos guardias privados. Le ofreci\u00f3 \"el secreto para nunca fallar un truco y tener la visi\u00f3n de un halc\u00f3n\". El V\u00ednculo fue de seda: Benja se volvi\u00f3 el recadero de lujo de la Camarilla, moviendo sobres y \"paquetes\" en su tabla por todo Sanhattan. Lo hac\u00eda convencido de que Zahir era un protector de la justicia y que la plata que ganaba serv\u00eda para ayudar a sus compas skaters.\r\n\r\n<!-- \/wp:paragraph --> <!-- wp:heading -->\r\n<h3 id=\"h-vinculo-roto-y-liberacion\" class=\"wp-block-heading\"><strong>V\u00ednculo Roto y Liberaci\u00f3n:<\/strong><\/h3>\r\n<!-- \/wp:heading --> <!-- wp:paragraph -->\r\n\r\nEn diciembre de 2020, Zahir formaba parte de la delegaci\u00f3n de la Camarilla que asist\u00eda como \"observadora\" al juicio en <strong>Las Vizcachas<\/strong>. Cuando el fuego de FAST cay\u00f3 del cielo, Zahir intent\u00f3 cubrir la retirada de un dignatario Ventrue y fue incinerado por un lanzallamas. Benja, que esperaba en una SUV blindada a unos kil\u00f3metros de distancia, sinti\u00f3 un vac\u00edo g\u00e9lido, como si le hubieran vaciado el pecho con una cuchara. La \"conexi\u00f3n de justicia\" que sent\u00eda con Zahir se transform\u00f3 en un terror primario. Abandon\u00f3 el auto, su celular y su vida anterior, huyendo hacia la ciudad para no ser cazado como un cabo suelto de la Torre. Miriam lo encontr\u00f3 escondido en el s\u00f3tano de una casa ocupa en Santiago Centro, deshidratado y balbuceando sobre \"el juicio final\". Para su familia en Las Condes, Benjam\u00edn est\u00e1 \"en rehabilitaci\u00f3n por drogas en una cl\u00ednica en Suiza\". Para los Hijos de la Liberaci\u00f3n, el Benja es el <strong>\"Cachorro\"<\/strong>: un cabro que est\u00e1 aprendiendo a punta de porrazos que la lealtad de la sangre era una mentira, pero que la lealtad de los Hijos es lo \u00fanico que lo mantiene vivo.\r\n\r\n<!-- \/wp:paragraph --> <!-- wp:heading -->\r\n<h3 id=\"h-otras-consideraciones\" class=\"wp-block-heading\">Otras Consideraciones:<\/h3>\r\n<!-- \/wp:heading --> <!-- wp:list -->\r\n<ul class=\"wp-block-list\"><!-- wp:list-item -->\r\n \t<li>La familia Larra\u00edn ha contratado a investigadores privados (y quiz\u00e1s a un grupo de mercenarios humanos) para encontrar a Benjam\u00edn.<\/li>\r\n<!-- \/wp:list-item --> <!-- wp:list-item -->\r\n \t<li>Si lo ven con los Hijos de la Liberaci\u00f3n, podr\u00edan pensar que el grupo lo tiene secuestrado, lo que atraer\u00eda atenci\u00f3n policial no deseada sobre la \"Casa del Desvelo\".<\/li>\r\n<!-- \/wp:list-item --> <!-- wp:list-item -->\r\n \t<li>Adem\u00e1s, Benja guarda un <strong>pendrive con transacciones bancarias<\/strong> que Zahir le confi\u00f3: pruebas de c\u00f3mo la Camarilla lava dinero a trav\u00e9s de fundaciones de caridad en el sector oriente.<\/li>\r\n<!-- \/wp:list-item --><\/ul>\r\n<!-- \/wp:list -->","mapa_de_kumu_u_otro_embed":""},"yoast_head":"<!-- This site is optimized with the Yoast SEO plugin v28.4 - https:\/\/yoast.com\/product\/yoast-seo-wordpress\/ -->\n<title>&quot;Cachorrito&quot;. - Chile en Tinieblas<\/title>\n<meta name=\"robots\" content=\"index, follow, max-snippet:-1, max-image-preview:large, max-video-preview:-1\" \/>\n<link rel=\"canonical\" href=\"https:\/\/chileentinieblas.cl\/en\/pnj\/cachorrito\/\" \/>\n<meta property=\"og:locale\" content=\"en_US\" \/>\n<meta property=\"og:type\" content=\"article\" \/>\n<meta property=\"og:title\" content=\"&quot;Cachorrito&quot;. - Chile en Tinieblas\" \/>\n<meta property=\"og:description\" content=\"&#8220;La equilibrada tabla de peque\u00f1os rodamientos.&#8221; Joven integrante de Los Hijos De La Liberaci\u00f3n.\" \/>\n<meta property=\"og:url\" content=\"https:\/\/chileentinieblas.cl\/en\/pnj\/cachorrito\/\" \/>\n<meta property=\"og:site_name\" content=\"Chile en Tinieblas\" \/>\n<meta property=\"article:publisher\" content=\"https:\/\/www.facebook.com\/ChileenTinieblas\" \/>\n<meta property=\"og:image\" content=\"https:\/\/chileentinieblas.cl\/wp-content\/uploads\/2026\/02\/Cachorro-Benjamin-Larrain-1024x559.png\" \/>\n\t<meta property=\"og:image:width\" content=\"1024\" \/>\n\t<meta property=\"og:image:height\" content=\"559\" \/>\n\t<meta property=\"og:image:type\" content=\"image\/png\" \/>\n<meta name=\"twitter:card\" content=\"summary_large_image\" \/>\n<script type=\"application\/ld+json\" class=\"yoast-schema-graph\">{\"@context\":\"https:\\\/\\\/schema.org\",\"@graph\":[{\"@type\":\"WebPage\",\"@id\":\"https:\\\/\\\/chileentinieblas.cl\\\/pnj\\\/cachorrito\\\/\",\"url\":\"https:\\\/\\\/chileentinieblas.cl\\\/pnj\\\/cachorrito\\\/\",\"name\":\"\\\"Cachorrito\\\". - Chile en Tinieblas\",\"isPartOf\":{\"@id\":\"https:\\\/\\\/chileentinieblas.cl\\\/#website\"},\"primaryImageOfPage\":{\"@id\":\"https:\\\/\\\/chileentinieblas.cl\\\/pnj\\\/cachorrito\\\/#primaryimage\"},\"image\":{\"@id\":\"https:\\\/\\\/chileentinieblas.cl\\\/pnj\\\/cachorrito\\\/#primaryimage\"},\"thumbnailUrl\":\"https:\\\/\\\/chileentinieblas.cl\\\/wp-content\\\/uploads\\\/2026\\\/02\\\/Cachorro-Benjamin-Larrain.png\",\"datePublished\":\"2026-02-25T05:44:19+00:00\",\"breadcrumb\":{\"@id\":\"https:\\\/\\\/chileentinieblas.cl\\\/pnj\\\/cachorrito\\\/#breadcrumb\"},\"inLanguage\":\"en-US\",\"potentialAction\":[{\"@type\":\"ReadAction\",\"target\":[\"https:\\\/\\\/chileentinieblas.cl\\\/pnj\\\/cachorrito\\\/\"]}]},{\"@type\":\"ImageObject\",\"inLanguage\":\"en-US\",\"@id\":\"https:\\\/\\\/chileentinieblas.cl\\\/pnj\\\/cachorrito\\\/#primaryimage\",\"url\":\"https:\\\/\\\/chileentinieblas.cl\\\/wp-content\\\/uploads\\\/2026\\\/02\\\/Cachorro-Benjamin-Larrain.png\",\"contentUrl\":\"https:\\\/\\\/chileentinieblas.cl\\\/wp-content\\\/uploads\\\/2026\\\/02\\\/Cachorro-Benjamin-Larrain.png\",\"width\":1408,\"height\":768},{\"@type\":\"BreadcrumbList\",\"@id\":\"https:\\\/\\\/chileentinieblas.cl\\\/pnj\\\/cachorrito\\\/#breadcrumb\",\"itemListElement\":[{\"@type\":\"ListItem\",\"position\":1,\"name\":\"Portada\",\"item\":\"https:\\\/\\\/chileentinieblas.cl\\\/\"},{\"@type\":\"ListItem\",\"position\":2,\"name\":\"PNJs\",\"item\":\"https:\\\/\\\/chileentinieblas.cl\\\/pnj\\\/\"},{\"@type\":\"ListItem\",\"position\":3,\"name\":\"\u00abCachorrito\u00bb.\"}]},{\"@type\":\"WebSite\",\"@id\":\"https:\\\/\\\/chileentinieblas.cl\\\/#website\",\"url\":\"https:\\\/\\\/chileentinieblas.cl\\\/\",\"name\":\"Chile en Tinieblas\",\"description\":\"Un servidor con mesas de rol de Mundo de Tinieblas\",\"publisher\":{\"@id\":\"https:\\\/\\\/chileentinieblas.cl\\\/#organization\"},\"potentialAction\":[{\"@type\":\"SearchAction\",\"target\":{\"@type\":\"EntryPoint\",\"urlTemplate\":\"https:\\\/\\\/chileentinieblas.cl\\\/?s={search_term_string}\"},\"query-input\":{\"@type\":\"PropertyValueSpecification\",\"valueRequired\":true,\"valueName\":\"search_term_string\"}}],\"inLanguage\":\"en-US\"},{\"@type\":\"Organization\",\"@id\":\"https:\\\/\\\/chileentinieblas.cl\\\/#organization\",\"name\":\"Chile en Tinieblas\",\"url\":\"https:\\\/\\\/chileentinieblas.cl\\\/\",\"logo\":{\"@type\":\"ImageObject\",\"inLanguage\":\"en-US\",\"@id\":\"https:\\\/\\\/chileentinieblas.cl\\\/#\\\/schema\\\/logo\\\/image\\\/\",\"url\":\"https:\\\/\\\/chileentinieblas.cl\\\/wp-content\\\/uploads\\\/2021\\\/12\\\/logo-cet-claro.png\",\"contentUrl\":\"https:\\\/\\\/chileentinieblas.cl\\\/wp-content\\\/uploads\\\/2021\\\/12\\\/logo-cet-claro.png\",\"width\":1001,\"height\":1030,\"caption\":\"Chile en Tinieblas\"},\"image\":{\"@id\":\"https:\\\/\\\/chileentinieblas.cl\\\/#\\\/schema\\\/logo\\\/image\\\/\"},\"sameAs\":[\"https:\\\/\\\/www.facebook.com\\\/ChileenTinieblas\",\"https:\\\/\\\/www.instagram.com\\\/chileentinieblas\\\/\",\"https:\\\/\\\/www.youtube.com\\\/@chileentinieblas\",\"https:\\\/\\\/www.tiktok.com\\\/@chileentinieblas\"]}]}<\/script>\n<!-- \/ Yoast SEO plugin. -->","yoast_head_json":{"title":"\"Cachorrito\". - Chile en Tinieblas","robots":{"index":"index","follow":"follow","max-snippet":"max-snippet:-1","max-image-preview":"max-image-preview:large","max-video-preview":"max-video-preview:-1"},"canonical":"https:\/\/chileentinieblas.cl\/en\/pnj\/cachorrito\/","og_locale":"en_US","og_type":"article","og_title":"\"Cachorrito\". - Chile en Tinieblas","og_description":"&#8220;La equilibrada tabla de peque\u00f1os rodamientos.&#8221; Joven integrante de Los Hijos De La Liberaci\u00f3n.","og_url":"https:\/\/chileentinieblas.cl\/en\/pnj\/cachorrito\/","og_site_name":"Chile en Tinieblas","article_publisher":"https:\/\/www.facebook.com\/ChileenTinieblas","og_image":[{"width":1024,"height":559,"url":"https:\/\/chileentinieblas.cl\/wp-content\/uploads\/2026\/02\/Cachorro-Benjamin-Larrain-1024x559.png","type":"image\/png"}],"twitter_card":"summary_large_image","schema":{"@context":"https:\/\/schema.org","@graph":[{"@type":"WebPage","@id":"https:\/\/chileentinieblas.cl\/pnj\/cachorrito\/","url":"https:\/\/chileentinieblas.cl\/pnj\/cachorrito\/","name":"\"Cachorrito\". - Chile en Tinieblas","isPartOf":{"@id":"https:\/\/chileentinieblas.cl\/#website"},"primaryImageOfPage":{"@id":"https:\/\/chileentinieblas.cl\/pnj\/cachorrito\/#primaryimage"},"image":{"@id":"https:\/\/chileentinieblas.cl\/pnj\/cachorrito\/#primaryimage"},"thumbnailUrl":"https:\/\/chileentinieblas.cl\/wp-content\/uploads\/2026\/02\/Cachorro-Benjamin-Larrain.png","datePublished":"2026-02-25T05:44:19+00:00","breadcrumb":{"@id":"https:\/\/chileentinieblas.cl\/pnj\/cachorrito\/#breadcrumb"},"inLanguage":"en-US","potentialAction":[{"@type":"ReadAction","target":["https:\/\/chileentinieblas.cl\/pnj\/cachorrito\/"]}]},{"@type":"ImageObject","inLanguage":"en-US","@id":"https:\/\/chileentinieblas.cl\/pnj\/cachorrito\/#primaryimage","url":"https:\/\/chileentinieblas.cl\/wp-content\/uploads\/2026\/02\/Cachorro-Benjamin-Larrain.png","contentUrl":"https:\/\/chileentinieblas.cl\/wp-content\/uploads\/2026\/02\/Cachorro-Benjamin-Larrain.png","width":1408,"height":768},{"@type":"BreadcrumbList","@id":"https:\/\/chileentinieblas.cl\/pnj\/cachorrito\/#breadcrumb","itemListElement":[{"@type":"ListItem","position":1,"name":"Portada","item":"https:\/\/chileentinieblas.cl\/"},{"@type":"ListItem","position":2,"name":"PNJs","item":"https:\/\/chileentinieblas.cl\/pnj\/"},{"@type":"ListItem","position":3,"name":"\u00abCachorrito\u00bb."}]},{"@type":"WebSite","@id":"https:\/\/chileentinieblas.cl\/#website","url":"https:\/\/chileentinieblas.cl\/","name":"Chile en Tinieblas","description":"Un servidor con mesas de rol de Mundo de Tinieblas","publisher":{"@id":"https:\/\/chileentinieblas.cl\/#organization"},"potentialAction":[{"@type":"SearchAction","target":{"@type":"EntryPoint","urlTemplate":"https:\/\/chileentinieblas.cl\/?s={search_term_string}"},"query-input":{"@type":"PropertyValueSpecification","valueRequired":true,"valueName":"search_term_string"}}],"inLanguage":"en-US"},{"@type":"Organization","@id":"https:\/\/chileentinieblas.cl\/#organization","name":"Chile en Tinieblas","url":"https:\/\/chileentinieblas.cl\/","logo":{"@type":"ImageObject","inLanguage":"en-US","@id":"https:\/\/chileentinieblas.cl\/#\/schema\/logo\/image\/","url":"https:\/\/chileentinieblas.cl\/wp-content\/uploads\/2021\/12\/logo-cet-claro.png","contentUrl":"https:\/\/chileentinieblas.cl\/wp-content\/uploads\/2021\/12\/logo-cet-claro.png","width":1001,"height":1030,"caption":"Chile en Tinieblas"},"image":{"@id":"https:\/\/chileentinieblas.cl\/#\/schema\/logo\/image\/"},"sameAs":["https:\/\/www.facebook.com\/ChileenTinieblas","https:\/\/www.instagram.com\/chileentinieblas\/","https:\/\/www.youtube.com\/@chileentinieblas","https:\/\/www.tiktok.com\/@chileentinieblas"]}]}},"jetpack_sharing_enabled":true,"_links":{"self":[{"href":"https:\/\/chileentinieblas.cl\/en\/wp-json\/wp\/v2\/pnj\/7752","targetHints":{"allow":["GET"]}}],"collection":[{"href":"https:\/\/chileentinieblas.cl\/en\/wp-json\/wp\/v2\/pnj"}],"about":[{"href":"https:\/\/chileentinieblas.cl\/en\/wp-json\/wp\/v2\/types\/pnj"}],"author":[{"embeddable":true,"href":"https:\/\/chileentinieblas.cl\/en\/wp-json\/wp\/v2\/users\/29"}],"wp:featuredmedia":[{"embeddable":true,"href":"https:\/\/chileentinieblas.cl\/en\/wp-json\/wp\/v2\/media\/7753"}],"wp:attachment":[{"href":"https:\/\/chileentinieblas.cl\/en\/wp-json\/wp\/v2\/media?parent=7752"}],"wp:term":[{"taxonomy":"post_tag","embeddable":true,"href":"https:\/\/chileentinieblas.cl\/en\/wp-json\/wp\/v2\/tags?post=7752"},{"taxonomy":"faccion","embeddable":true,"href":"https:\/\/chileentinieblas.cl\/en\/wp-json\/wp\/v2\/faccion?post=7752"}],"curies":[{"name":"wp","href":"https:\/\/api.w.org\/{rel}","templated":true}]}}