{"id":7732,"date":"2026-02-20T03:33:12","date_gmt":"2026-02-20T03:33:12","guid":{"rendered":"https:\/\/chileentinieblas.cl\/?post_type=pnj&#038;p=7732"},"modified":"2026-02-20T16:03:37","modified_gmt":"2026-02-20T16:03:37","slug":"miriam-valladares","status":"publish","type":"pnj","link":"https:\/\/chileentinieblas.cl\/en\/pnj\/miriam-valladares\/","title":{"rendered":"Miriam Valladares."},"content":{"rendered":"<figure class=\"wp-block-pullquote\"><blockquote><p><em>La Matriarca Del Riego.<\/em><\/p><\/blockquote><\/figure>\n\n\n\n<p class=\"wp-block-paragraph\">L\u00edder y fundadora de la agrupaci\u00f3n de Los <a href=\"https:\/\/chileentinieblas.cl\/wp-content\/uploads\/2026\/02\/Hijos-De-La-Liberacion-1.png\" data-type=\"attachment\" data-id=\"7730\">Hijos De La Liberaci\u00f3n<\/a>.<\/p>\n\n\n\n<p class=\"wp-block-paragraph\">Ex-Ghoul de un Vampiro del Movimiento Anarquista en Santiago que muri\u00f3 en Las Vizcachas, siendo quien le manejaba la &#8220;agenda social&#8221; y los contactos con las juntas de vecinos de dicho V\u00e1stago. Estoica y de pocas palabras. Tiene una mirada de &#8220;mil yardas&#8221; que intimida hasta a los vampiros. Es la que negocia a\u00fan con Vampiros de las facciones Anarquista y Libertarios Crepusculares de la capital.<\/p>\n\n\n\n<p class=\"wp-block-paragraph\"><\/p>","protected":false},"author":29,"featured_media":7733,"template":"","tags":[200,294,99],"faccion":[53],"class_list":["post-7732","pnj","type-pnj","status-publish","has-post-thumbnail","hentry","tag-cazador-la-venganza","tag-humana","tag-vampiro-la-mascarada","faccion-vampiro-la-mascarada"],"acf":{"fecha":"","estatus":"Activo","ficha_del_personaje":"","aspecto":"Mujer delgada y de complexi\u00f3n levemente robustecida a nivel muscular. Test bronceada y de facciones delicadas, pero tambi\u00e9n endurecidas por su formaci\u00f3n con seres sobrenaturales y por su car\u00e1cter de l\u00edder y trabajador. Cabello ondulado casta\u00f1o oscurecido que llega hasta su espalda media, cambiando de tenidas entre lo com\u00fan y silvestre para una mujer de la capital con jeans, chapulinas cl\u00e1sicas negras con blanco, poleras y chaquetas de cuero, casacas coloridas y\/o parkas tipo michelin m\u00e1s oscuras, a vestimenta de seguridad como botas, pantalones de tela resistente, poleras ajustadas, chaqueta sin angas y de bolsillos que guardan insumos y armas variados.","interpretacion":"Eres la \u00fanica del grupo que puede calmar a un Ghoul en plena crisis de abstinencia solo con la voz. Con la rudeza y el temple firme de una l\u00edder, pero con un coraz\u00f3n bondadoso y compasivo por aquellos que han padecido la maldici\u00f3n de la que lograste salir y a los que te haz propuesto continuar salvaguardando. S\u00f3lo aquellos que logran ganarse tu real confianza y muy improbablemente incluso tu amistad, saben que cuentan con una real compa\u00f1era de camino y alguien que estar\u00e1 dispuesta a hacer lo necesario por sacarte de una situaci\u00f3n que involucre un peligro o riesgo para ellos y ellas. El resto, siempre puede estar involucrado con alg\u00fan maldito Vampiro esclavista, un \"sapo\" o soldado escondido de la Segunda Inquisici\u00f3n o incluso, con alguno otro monstruo de los que a\u00fan no conoces del todo.","informacion_privada":"<h3 id=\"block-054b1a8f-dfae-435c-a6a7-c9881b5ad2aa\" class=\"block-editor-rich-text__editable block-editor-block-list__block wp-block is-multi-selected is-partially-selected wp-block-heading rich-text\" role=\"document\" aria-label=\"Bloque: Encabezado\" data-block=\"054b1a8f-dfae-435c-a6a7-c9881b5ad2aa\" data-type=\"core\/heading\" data-title=\"Encabezado\" data-wp-block-attribute-key=\"content\"><strong>Vida Previa al V\u00ednculo:<\/strong><\/h3>\r\n<p id=\"block-6397a37f-a9a7-4b94-a257-18e61458873e\" class=\"block-editor-rich-text__editable block-editor-block-list__block wp-block is-multi-selected is-partially-selected wp-block-paragraph rich-text\" role=\"document\" aria-label=\"Bloque: P\u00e1rrafo\" data-block=\"6397a37f-a9a7-4b94-a257-18e61458873e\" data-type=\"core\/paragraph\" data-title=\"P\u00e1rrafo\" data-empty=\"false\" data-wp-block-attribute-key=\"content\">Miriam era una dirigente social de \"tomo y lomo\" en la poblaci\u00f3n La Legua. Trabajaba en una olla com\u00fan y organizaba a los vecinos para defenderse de la delincuencia y la falta de recursos. Una mujer de armas tomar, respetada por su honestidad y su fuerza para enfrentar a las autoridades. Fue la Ghoul de <strong>Pedro Ram\u00edrez<\/strong>, el Bar\u00f3n Brujah que cay\u00f3 en Las Vizcachas.<\/p>\r\n\r\n<h3 id=\"block-9d5fc376-3812-4787-95f0-cbc62f3c2936\" class=\"block-editor-rich-text__editable block-editor-block-list__block wp-block is-multi-selected is-partially-selected wp-block-heading rich-text\" role=\"document\" aria-label=\"Bloque: Encabezado\" data-block=\"9d5fc376-3812-4787-95f0-cbc62f3c2936\" data-type=\"core\/heading\" data-title=\"Encabezado\" data-wp-block-attribute-key=\"content\"><strong>Encuentro y V\u00ednculo:<\/strong><\/h3>\r\n<p id=\"block-c42d2eaf-7a5f-4914-ae74-b80e1b2bcef9\" class=\"block-editor-rich-text__editable block-editor-block-list__block wp-block is-multi-selected is-partially-selected wp-block-paragraph rich-text\" role=\"document\" aria-label=\"Bloque: P\u00e1rrafo\" data-block=\"c42d2eaf-7a5f-4914-ae74-b80e1b2bcef9\" data-type=\"core\/paragraph\" data-title=\"P\u00e1rrafo\" data-empty=\"false\" data-wp-block-attribute-key=\"content\">Durante el Estallido Social de 2019, Miriam estaba en la calle tratando de evitar que los muchachos de su poblaci\u00f3n se enfrentaran a ciegas con Carabineros. Pedro la vio desde las sombras: vio su fuego, su capacidad de mando y su amor por los suyos. Se le acerc\u00f3 una noche como un \"dirigente de otra zona\" y le ofreci\u00f3 \"energ\u00eda\" para que no se agotara, para que pudiera seguir luchando 24\/7. Miriam, agotada, acept\u00f3 el trato. La Vitae Brujah la convirti\u00f3 en una s\u00faper-l\u00edder: no dorm\u00eda, no com\u00eda, y sent\u00eda que por fin ten\u00eda el poder para cambiarlo todo. No se dio cuenta de que su voluntad ya no era suya, sino un reflejo del idealismo violento de Pedro.<\/p>\r\n\r\n<h3 id=\"block-b932f338-e5bf-4113-afa2-1d107c4d64ef\" class=\"block-editor-rich-text__editable block-editor-block-list__block wp-block is-multi-selected is-partially-selected wp-block-heading rich-text\" role=\"document\" aria-label=\"Bloque: Encabezado\" data-block=\"b932f338-e5bf-4113-afa2-1d107c4d64ef\" data-type=\"core\/heading\" data-title=\"Encabezado\" data-wp-block-attribute-key=\"content\"><strong>Vinculo Roto y Liberaci\u00f3n:<\/strong><\/h3>\r\nTras la muerte de Pedro en diciembre de 2020, Miriam sinti\u00f3 que el mundo se le ven\u00eda abajo. La abstinencia la dej\u00f3 postrada semanas con una rabia asesina (herencia de la sangre Brujah). Ahora, en febrero de 2021, ella es la que mantiene el orden dentro de la agrupaci\u00f3n de Liberados. Su rehabilitaci\u00f3n consiste en <strong>\"la disciplina del servicio\"<\/strong>: usa su capacidad de mando para que los otros Ghouls no se maten entre ellos. Todav\u00eda tiene arranques de ira repentinos y a veces llora la muerte de Pedro como si fuera un dios, algo que ella misma odia.\r\n\r\n<strong>Otras consideraciones:<\/strong>\r\n<ul>\r\n \t<li>Es el Contacto en 4 C\u00edrculos del Brujah Anarquista VicThor\/ Victor Villal\u00f3n (Personaje Jugador de la comunidad en mesas de Vampiro: La Mascarada dentro del server).<\/li>\r\n \t<li>Annabella Pirri (Toreador en Santiago) , Arianne Yeong (Caitiff en Santiago) y Camila Rosselinni (Hecata que trabaj\u00f3 con el Pi\u00f1o Unificador previo a la Unificaci\u00f3n de las baron\u00edas en Santiago) le conocen y saben de su existencia como de Los Hijos De La Liberaci\u00f3n.<\/li>\r\n \t<li>Tiene cicatrices de quemaduras en los hombros (recuerdo del incendio en el Caj\u00f3n del Maipo).<\/li>\r\n<\/ul>","mapa_de_kumu_u_otro_embed":""},"yoast_head":"<!-- This site is optimized with the Yoast SEO plugin v28.4 - https:\/\/yoast.com\/product\/yoast-seo-wordpress\/ -->\n<title>Miriam Valladares. - Chile en Tinieblas<\/title>\n<meta name=\"robots\" content=\"index, follow, max-snippet:-1, max-image-preview:large, max-video-preview:-1\" \/>\n<link rel=\"canonical\" href=\"https:\/\/chileentinieblas.cl\/en\/pnj\/miriam-valladares\/\" \/>\n<meta property=\"og:locale\" content=\"en_US\" \/>\n<meta property=\"og:type\" content=\"article\" \/>\n<meta property=\"og:title\" content=\"Miriam Valladares. - Chile en Tinieblas\" \/>\n<meta property=\"og:description\" content=\"La Matriarca Del Riego. L\u00edder y fundadora de la agrupaci\u00f3n de Los Hijos De La Liberaci\u00f3n. Ex-Ghoul de un Vampiro del Movimiento Anarquista en Santiago que muri\u00f3 en Las Vizcachas, siendo quien le manejaba la &#8220;agenda social&#8221; y los contactos con las juntas de vecinos de dicho V\u00e1stago. Estoica y de pocas palabras. Tiene una [&hellip;]\" \/>\n<meta property=\"og:url\" content=\"https:\/\/chileentinieblas.cl\/en\/pnj\/miriam-valladares\/\" \/>\n<meta property=\"og:site_name\" content=\"Chile en Tinieblas\" \/>\n<meta property=\"article:publisher\" content=\"https:\/\/www.facebook.com\/ChileenTinieblas\" \/>\n<meta property=\"article:modified_time\" content=\"2026-02-20T16:03:37+00:00\" \/>\n<meta property=\"og:image\" content=\"https:\/\/chileentinieblas.cl\/wp-content\/uploads\/2026\/02\/Miriam-Ex-Ghoul-Hija-De-La-Liberacion.jpg\" \/>\n\t<meta property=\"og:image:width\" content=\"720\" \/>\n\t<meta property=\"og:image:height\" content=\"711\" \/>\n\t<meta property=\"og:image:type\" content=\"image\/jpeg\" \/>\n<meta name=\"twitter:card\" content=\"summary_large_image\" \/>\n<script type=\"application\/ld+json\" class=\"yoast-schema-graph\">{\"@context\":\"https:\\\/\\\/schema.org\",\"@graph\":[{\"@type\":\"WebPage\",\"@id\":\"https:\\\/\\\/chileentinieblas.cl\\\/pnj\\\/miriam-valladares\\\/\",\"url\":\"https:\\\/\\\/chileentinieblas.cl\\\/pnj\\\/miriam-valladares\\\/\",\"name\":\"Miriam Valladares. - Chile en Tinieblas\",\"isPartOf\":{\"@id\":\"https:\\\/\\\/chileentinieblas.cl\\\/#website\"},\"primaryImageOfPage\":{\"@id\":\"https:\\\/\\\/chileentinieblas.cl\\\/pnj\\\/miriam-valladares\\\/#primaryimage\"},\"image\":{\"@id\":\"https:\\\/\\\/chileentinieblas.cl\\\/pnj\\\/miriam-valladares\\\/#primaryimage\"},\"thumbnailUrl\":\"https:\\\/\\\/chileentinieblas.cl\\\/wp-content\\\/uploads\\\/2026\\\/02\\\/Miriam-Ex-Ghoul-Hija-De-La-Liberacion.jpg\",\"datePublished\":\"2026-02-20T03:33:12+00:00\",\"dateModified\":\"2026-02-20T16:03:37+00:00\",\"breadcrumb\":{\"@id\":\"https:\\\/\\\/chileentinieblas.cl\\\/pnj\\\/miriam-valladares\\\/#breadcrumb\"},\"inLanguage\":\"en-US\",\"potentialAction\":[{\"@type\":\"ReadAction\",\"target\":[\"https:\\\/\\\/chileentinieblas.cl\\\/pnj\\\/miriam-valladares\\\/\"]}]},{\"@type\":\"ImageObject\",\"inLanguage\":\"en-US\",\"@id\":\"https:\\\/\\\/chileentinieblas.cl\\\/pnj\\\/miriam-valladares\\\/#primaryimage\",\"url\":\"https:\\\/\\\/chileentinieblas.cl\\\/wp-content\\\/uploads\\\/2026\\\/02\\\/Miriam-Ex-Ghoul-Hija-De-La-Liberacion.jpg\",\"contentUrl\":\"https:\\\/\\\/chileentinieblas.cl\\\/wp-content\\\/uploads\\\/2026\\\/02\\\/Miriam-Ex-Ghoul-Hija-De-La-Liberacion.jpg\",\"width\":720,\"height\":711},{\"@type\":\"BreadcrumbList\",\"@id\":\"https:\\\/\\\/chileentinieblas.cl\\\/pnj\\\/miriam-valladares\\\/#breadcrumb\",\"itemListElement\":[{\"@type\":\"ListItem\",\"position\":1,\"name\":\"Portada\",\"item\":\"https:\\\/\\\/chileentinieblas.cl\\\/\"},{\"@type\":\"ListItem\",\"position\":2,\"name\":\"PNJs\",\"item\":\"https:\\\/\\\/chileentinieblas.cl\\\/pnj\\\/\"},{\"@type\":\"ListItem\",\"position\":3,\"name\":\"Miriam Valladares.\"}]},{\"@type\":\"WebSite\",\"@id\":\"https:\\\/\\\/chileentinieblas.cl\\\/#website\",\"url\":\"https:\\\/\\\/chileentinieblas.cl\\\/\",\"name\":\"Chile en Tinieblas\",\"description\":\"Un servidor con mesas de rol de Mundo de Tinieblas\",\"publisher\":{\"@id\":\"https:\\\/\\\/chileentinieblas.cl\\\/#organization\"},\"potentialAction\":[{\"@type\":\"SearchAction\",\"target\":{\"@type\":\"EntryPoint\",\"urlTemplate\":\"https:\\\/\\\/chileentinieblas.cl\\\/?s={search_term_string}\"},\"query-input\":{\"@type\":\"PropertyValueSpecification\",\"valueRequired\":true,\"valueName\":\"search_term_string\"}}],\"inLanguage\":\"en-US\"},{\"@type\":\"Organization\",\"@id\":\"https:\\\/\\\/chileentinieblas.cl\\\/#organization\",\"name\":\"Chile en Tinieblas\",\"url\":\"https:\\\/\\\/chileentinieblas.cl\\\/\",\"logo\":{\"@type\":\"ImageObject\",\"inLanguage\":\"en-US\",\"@id\":\"https:\\\/\\\/chileentinieblas.cl\\\/#\\\/schema\\\/logo\\\/image\\\/\",\"url\":\"https:\\\/\\\/chileentinieblas.cl\\\/wp-content\\\/uploads\\\/2021\\\/12\\\/logo-cet-claro.png\",\"contentUrl\":\"https:\\\/\\\/chileentinieblas.cl\\\/wp-content\\\/uploads\\\/2021\\\/12\\\/logo-cet-claro.png\",\"width\":1001,\"height\":1030,\"caption\":\"Chile en Tinieblas\"},\"image\":{\"@id\":\"https:\\\/\\\/chileentinieblas.cl\\\/#\\\/schema\\\/logo\\\/image\\\/\"},\"sameAs\":[\"https:\\\/\\\/www.facebook.com\\\/ChileenTinieblas\",\"https:\\\/\\\/www.instagram.com\\\/chileentinieblas\\\/\",\"https:\\\/\\\/www.youtube.com\\\/@chileentinieblas\",\"https:\\\/\\\/www.tiktok.com\\\/@chileentinieblas\"]}]}<\/script>\n<!-- \/ Yoast SEO plugin. -->","yoast_head_json":{"title":"Miriam Valladares. - Chile en Tinieblas","robots":{"index":"index","follow":"follow","max-snippet":"max-snippet:-1","max-image-preview":"max-image-preview:large","max-video-preview":"max-video-preview:-1"},"canonical":"https:\/\/chileentinieblas.cl\/en\/pnj\/miriam-valladares\/","og_locale":"en_US","og_type":"article","og_title":"Miriam Valladares. - Chile en Tinieblas","og_description":"La Matriarca Del Riego. L\u00edder y fundadora de la agrupaci\u00f3n de Los Hijos De La Liberaci\u00f3n. Ex-Ghoul de un Vampiro del Movimiento Anarquista en Santiago que muri\u00f3 en Las Vizcachas, siendo quien le manejaba la &#8220;agenda social&#8221; y los contactos con las juntas de vecinos de dicho V\u00e1stago. Estoica y de pocas palabras. Tiene una [&hellip;]","og_url":"https:\/\/chileentinieblas.cl\/en\/pnj\/miriam-valladares\/","og_site_name":"Chile en Tinieblas","article_publisher":"https:\/\/www.facebook.com\/ChileenTinieblas","article_modified_time":"2026-02-20T16:03:37+00:00","og_image":[{"width":720,"height":711,"url":"https:\/\/chileentinieblas.cl\/wp-content\/uploads\/2026\/02\/Miriam-Ex-Ghoul-Hija-De-La-Liberacion.jpg","type":"image\/jpeg"}],"twitter_card":"summary_large_image","schema":{"@context":"https:\/\/schema.org","@graph":[{"@type":"WebPage","@id":"https:\/\/chileentinieblas.cl\/pnj\/miriam-valladares\/","url":"https:\/\/chileentinieblas.cl\/pnj\/miriam-valladares\/","name":"Miriam Valladares. - Chile en Tinieblas","isPartOf":{"@id":"https:\/\/chileentinieblas.cl\/#website"},"primaryImageOfPage":{"@id":"https:\/\/chileentinieblas.cl\/pnj\/miriam-valladares\/#primaryimage"},"image":{"@id":"https:\/\/chileentinieblas.cl\/pnj\/miriam-valladares\/#primaryimage"},"thumbnailUrl":"https:\/\/chileentinieblas.cl\/wp-content\/uploads\/2026\/02\/Miriam-Ex-Ghoul-Hija-De-La-Liberacion.jpg","datePublished":"2026-02-20T03:33:12+00:00","dateModified":"2026-02-20T16:03:37+00:00","breadcrumb":{"@id":"https:\/\/chileentinieblas.cl\/pnj\/miriam-valladares\/#breadcrumb"},"inLanguage":"en-US","potentialAction":[{"@type":"ReadAction","target":["https:\/\/chileentinieblas.cl\/pnj\/miriam-valladares\/"]}]},{"@type":"ImageObject","inLanguage":"en-US","@id":"https:\/\/chileentinieblas.cl\/pnj\/miriam-valladares\/#primaryimage","url":"https:\/\/chileentinieblas.cl\/wp-content\/uploads\/2026\/02\/Miriam-Ex-Ghoul-Hija-De-La-Liberacion.jpg","contentUrl":"https:\/\/chileentinieblas.cl\/wp-content\/uploads\/2026\/02\/Miriam-Ex-Ghoul-Hija-De-La-Liberacion.jpg","width":720,"height":711},{"@type":"BreadcrumbList","@id":"https:\/\/chileentinieblas.cl\/pnj\/miriam-valladares\/#breadcrumb","itemListElement":[{"@type":"ListItem","position":1,"name":"Portada","item":"https:\/\/chileentinieblas.cl\/"},{"@type":"ListItem","position":2,"name":"PNJs","item":"https:\/\/chileentinieblas.cl\/pnj\/"},{"@type":"ListItem","position":3,"name":"Miriam Valladares."}]},{"@type":"WebSite","@id":"https:\/\/chileentinieblas.cl\/#website","url":"https:\/\/chileentinieblas.cl\/","name":"Chile en Tinieblas","description":"Un servidor con mesas de rol de Mundo de Tinieblas","publisher":{"@id":"https:\/\/chileentinieblas.cl\/#organization"},"potentialAction":[{"@type":"SearchAction","target":{"@type":"EntryPoint","urlTemplate":"https:\/\/chileentinieblas.cl\/?s={search_term_string}"},"query-input":{"@type":"PropertyValueSpecification","valueRequired":true,"valueName":"search_term_string"}}],"inLanguage":"en-US"},{"@type":"Organization","@id":"https:\/\/chileentinieblas.cl\/#organization","name":"Chile en Tinieblas","url":"https:\/\/chileentinieblas.cl\/","logo":{"@type":"ImageObject","inLanguage":"en-US","@id":"https:\/\/chileentinieblas.cl\/#\/schema\/logo\/image\/","url":"https:\/\/chileentinieblas.cl\/wp-content\/uploads\/2021\/12\/logo-cet-claro.png","contentUrl":"https:\/\/chileentinieblas.cl\/wp-content\/uploads\/2021\/12\/logo-cet-claro.png","width":1001,"height":1030,"caption":"Chile en Tinieblas"},"image":{"@id":"https:\/\/chileentinieblas.cl\/#\/schema\/logo\/image\/"},"sameAs":["https:\/\/www.facebook.com\/ChileenTinieblas","https:\/\/www.instagram.com\/chileentinieblas\/","https:\/\/www.youtube.com\/@chileentinieblas","https:\/\/www.tiktok.com\/@chileentinieblas"]}]}},"jetpack_sharing_enabled":true,"_links":{"self":[{"href":"https:\/\/chileentinieblas.cl\/en\/wp-json\/wp\/v2\/pnj\/7732","targetHints":{"allow":["GET"]}}],"collection":[{"href":"https:\/\/chileentinieblas.cl\/en\/wp-json\/wp\/v2\/pnj"}],"about":[{"href":"https:\/\/chileentinieblas.cl\/en\/wp-json\/wp\/v2\/types\/pnj"}],"author":[{"embeddable":true,"href":"https:\/\/chileentinieblas.cl\/en\/wp-json\/wp\/v2\/users\/29"}],"wp:featuredmedia":[{"embeddable":true,"href":"https:\/\/chileentinieblas.cl\/en\/wp-json\/wp\/v2\/media\/7733"}],"wp:attachment":[{"href":"https:\/\/chileentinieblas.cl\/en\/wp-json\/wp\/v2\/media?parent=7732"}],"wp:term":[{"taxonomy":"post_tag","embeddable":true,"href":"https:\/\/chileentinieblas.cl\/en\/wp-json\/wp\/v2\/tags?post=7732"},{"taxonomy":"faccion","embeddable":true,"href":"https:\/\/chileentinieblas.cl\/en\/wp-json\/wp\/v2\/faccion?post=7732"}],"curies":[{"name":"wp","href":"https:\/\/api.w.org\/{rel}","templated":true}]}}