{"id":764,"date":"2021-04-09T02:34:20","date_gmt":"2021-04-09T05:34:20","guid":{"rendered":"https:\/\/chileentinieblas.cl\/?post_type=personajes&#038;p=764"},"modified":"2024-07-29T19:41:09","modified_gmt":"2024-07-29T19:41:09","slug":"nahuel-viento-sereno","status":"publish","type":"pnj","link":"https:\/\/chileentinieblas.cl\/en\/pnj\/nahuel-viento-sereno\/","title":{"rendered":"Nahuel viento sereno"},"content":{"rendered":"<p class=\"wp-block-paragraph\">Miembro de una familia criolla, sus abuelos pertenecieron a las comunidades criadas entre mapuches y espa\u00f1oles que se establecieron en el Caj\u00f3n del Maipo hace tiempo y su familia ha heredado esos terrenos desde entonces.<\/p>\n\n\n\n<p class=\"wp-block-paragraph\">Desde que la ciudad comenz\u00f3 a expandirse r\u00e1pidamente, su madre, guiada por los esp\u00edritus, not\u00f3 que no  ten\u00eda sentido oponerse al cambio, sino que era una mejor estrategia adecuarse a \u00e9l y guiar a las nuevas generaciones a un futuro en el cual ambas visiones puedan convivir en armon\u00eda. Su visi\u00f3n fue burla para algunos, una ofensa para otros, esto le trajo varios enemigos al grupo de distintas facciones.<\/p>\n\n\n\n<p class=\"wp-block-paragraph\">Su familia no quiso tomar un papel activo en la dictadura, m\u00e1s all\u00e1 de ayudar a miembros coristas a construir una red de curanderos, fue en ese tiempo que su madre y otros amigos de la familia mueren contra un ataque a uno de estos centros. Nahuel estando joven hab\u00eda heredado los negocios y terrenos de sus familia y tom\u00f3 una decisi\u00f3n: Seguir el legado de sus ancestros.<\/p>\n\n\n\n<p class=\"wp-block-paragraph\">Como miembro de los cuentasue\u00f1os dada su larga tradici\u00f3n, hab\u00edan sufrido mucho con el proceso de colonizaci\u00f3n, y en sus historias no quer\u00eda volver a marcar un episodio as\u00ed. Su madre siempre lo cri\u00f3 para encontrar el camino de la paz y es lo que intentaba hacer en el momento en que ella muri\u00f3. Fue dif\u00edcil, su esp\u00edritu casi se doblega a la influencia de sentimientos de venganza y odio, pero logr\u00f3 mantenerse de pi\u00e9, en parte tambi\u00e9n al apoyo de su compa\u00f1era que tiempo despu\u00e9s se convertir\u00eda en su esposa.<\/p>\n\n\n\n<p class=\"wp-block-paragraph\">Graciela Astorga era heredera y miembro de la Sociedad de la Rueda Fantasma, quienes impulsaban la adopci\u00f3n de los esp\u00edritus de la nueva era en sus pr\u00e1cticas. Ella junto a su familia partieron un negocio de Ecoturismo en el caj\u00f3n del Maipo con el fin de proteger los terrenos del lugar, con lo que inauguraron el centro de la cascada de las \u00c1nimas. Hija de don Eduardo Astorga y Eugenia Moreno, Graciela se hab\u00eda convertido en una despertada guiada por los miembros de la sociedad de la Rueda Fantasma.<\/p>\n\n\n\n<p class=\"wp-block-paragraph\">Ella junto a Nahuel cuidaban los territorios del Caj\u00f3n y juntos protegieron el lugar en tiempos dif\u00edciles, tanto previo a la dictadura como en pleno evento.<\/p>\n\n\n\n<p class=\"wp-block-paragraph\">Cuando vuelve la democracia y la familia de Graciela vuelve a Chile, Nahuel y Graciela trabajaron con sus hijos y nietos para transformar el territorio en un Santuario de la Naturaleza protegido por el estado, fue dif\u00edcil, mientras su familia luchaba en el aspecto social y legal, los miembros despertados lo proteg\u00edan de los esp\u00edritus que intentaban atacar la cascada y adue\u00f1arse de su influencia. Con el tiempo lo lograron y desde entonces, su familia se gan\u00f3 un reconocimiento importante entre las tradiciones del pa\u00eds.<\/p>\n\n\n\n<p class=\"wp-block-paragraph\">Su esposa muri\u00f3 hace 10 a\u00f1os a causa de un c\u00e1ncer, y por m\u00e1s que lo intente, nunca la ha encontrado entre los esp\u00edritus, y teme que haya llegado a un lugar peor que la muerte, donde sus sentidos no se atreven siquiera a entrar.<\/p>\n\n\n\n<p class=\"wp-block-paragraph\">Si bien&nbsp;no es el integrante m\u00e1s poderoso de la tradici\u00f3n cuentasue\u00f1os en Chile, suele representar a su tradici\u00f3n en el c\u00edrculo de los 9, las pocas veces que es necesaria su presencia, aunque siempre prefiere mantenerse al margen de las discusiones.<\/p>","protected":false},"author":1,"featured_media":765,"template":"","tags":[],"faccion":[32,27],"class_list":["post-764","pnj","type-pnj","status-publish","has-post-thumbnail","hentry","faccion-cuentasuenos","faccion-tradiciones"],"acf":{"fecha":"1961 - Actualidad","estatus":"Activo","ficha_del_personaje":"","aspecto":"Un \"viejo joven\", de esos que prefieren usar camisas ligeras con tramas que le recuerden sus or\u00edgenes ind\u00edgenas, pantal\u00f3n de tela y chalas. Tiene el pelo largo amarrado por una cola, canoso, ya no ve bien y aunque no sea problema para \u00e9l dado que puede sentir el mundo espiritual a su alrededor, suele usar anteojos para verse m\u00e1s cercano a la gente.","interpretacion":"Nahuel sabe que ya no tiene la edad para luchar, prefiere atender el negocio familiar e identificar a nuevas almas que exploren la espiritualidad. Su negocio tur\u00edstico le ayuda a tener algunos disc\u00edpulos y muy rara vez ha encontrado alg\u00fan despertado entre ellos, pero eso no le preocupa, sabe que con el tiempo sus ense\u00f1anzas dar\u00e1n frutos. Es de buen coraz\u00f3n, respetuoso del equilibrio natural, por lo que pone reparos a aquellos que se adentran m\u00e1s all\u00e1 de los reinos de la umbra media. La cascada la usa para conversar con algunos esp\u00edritus que lo han acompa\u00f1ado en su vida como despertado, los que le dan informaci\u00f3n de su entorno y del mundo espiritual.","rango_mago":"6 - Maestro","informacion_privada":"","mapa_de_kumu_u_otro_embed":null},"yoast_head":"<!-- This site is optimized with the Yoast SEO plugin v28.4 - https:\/\/yoast.com\/product\/yoast-seo-wordpress\/ -->\n<title>Nahuel viento sereno - Chile en Tinieblas<\/title>\n<meta name=\"robots\" content=\"index, follow, max-snippet:-1, max-image-preview:large, max-video-preview:-1\" \/>\n<link rel=\"canonical\" href=\"https:\/\/chileentinieblas.cl\/en\/pnj\/nahuel-viento-sereno\/\" \/>\n<meta property=\"og:locale\" content=\"en_US\" \/>\n<meta property=\"og:type\" content=\"article\" \/>\n<meta property=\"og:title\" content=\"Nahuel viento sereno - Chile en Tinieblas\" \/>\n<meta property=\"og:description\" content=\"Miembro de una familia criolla, sus abuelos pertenecieron a las comunidades criadas entre mapuches y espa\u00f1oles que se establecieron en el Caj\u00f3n del Maipo hace tiempo y su familia ha heredado esos terrenos desde entonces. Desde que la ciudad comenz\u00f3 a expandirse r\u00e1pidamente, su madre, guiada por los esp\u00edritus, not\u00f3 que no ten\u00eda sentido oponerse [&hellip;]\" \/>\n<meta property=\"og:url\" content=\"https:\/\/chileentinieblas.cl\/en\/pnj\/nahuel-viento-sereno\/\" \/>\n<meta property=\"og:site_name\" content=\"Chile en Tinieblas\" \/>\n<meta property=\"article:publisher\" content=\"https:\/\/www.facebook.com\/ChileenTinieblas\" \/>\n<meta property=\"article:modified_time\" content=\"2024-07-29T19:41:09+00:00\" \/>\n<meta property=\"og:image\" content=\"https:\/\/chileentinieblas.cl\/wp-content\/uploads\/2021\/04\/peter-xiao-711.jpg\" \/>\n\t<meta property=\"og:image:width\" content=\"860\" \/>\n\t<meta property=\"og:image:height\" content=\"1156\" \/>\n\t<meta property=\"og:image:type\" content=\"image\/jpeg\" \/>\n<meta name=\"twitter:card\" content=\"summary_large_image\" \/>\n<meta name=\"twitter:label1\" content=\"Est. reading time\" \/>\n\t<meta name=\"twitter:data1\" content=\"3 minutes\" \/>\n<script type=\"application\/ld+json\" class=\"yoast-schema-graph\">{\"@context\":\"https:\\\/\\\/schema.org\",\"@graph\":[{\"@type\":\"WebPage\",\"@id\":\"https:\\\/\\\/chileentinieblas.cl\\\/pnj\\\/nahuel-viento-sereno\\\/\",\"url\":\"https:\\\/\\\/chileentinieblas.cl\\\/pnj\\\/nahuel-viento-sereno\\\/\",\"name\":\"Nahuel viento sereno - Chile en Tinieblas\",\"isPartOf\":{\"@id\":\"https:\\\/\\\/chileentinieblas.cl\\\/#website\"},\"primaryImageOfPage\":{\"@id\":\"https:\\\/\\\/chileentinieblas.cl\\\/pnj\\\/nahuel-viento-sereno\\\/#primaryimage\"},\"image\":{\"@id\":\"https:\\\/\\\/chileentinieblas.cl\\\/pnj\\\/nahuel-viento-sereno\\\/#primaryimage\"},\"thumbnailUrl\":\"https:\\\/\\\/chileentinieblas.cl\\\/wp-content\\\/uploads\\\/2021\\\/04\\\/peter-xiao-711.jpg\",\"datePublished\":\"2021-04-09T05:34:20+00:00\",\"dateModified\":\"2024-07-29T19:41:09+00:00\",\"breadcrumb\":{\"@id\":\"https:\\\/\\\/chileentinieblas.cl\\\/pnj\\\/nahuel-viento-sereno\\\/#breadcrumb\"},\"inLanguage\":\"en-US\",\"potentialAction\":[{\"@type\":\"ReadAction\",\"target\":[\"https:\\\/\\\/chileentinieblas.cl\\\/pnj\\\/nahuel-viento-sereno\\\/\"]}]},{\"@type\":\"ImageObject\",\"inLanguage\":\"en-US\",\"@id\":\"https:\\\/\\\/chileentinieblas.cl\\\/pnj\\\/nahuel-viento-sereno\\\/#primaryimage\",\"url\":\"https:\\\/\\\/chileentinieblas.cl\\\/wp-content\\\/uploads\\\/2021\\\/04\\\/peter-xiao-711.jpg\",\"contentUrl\":\"https:\\\/\\\/chileentinieblas.cl\\\/wp-content\\\/uploads\\\/2021\\\/04\\\/peter-xiao-711.jpg\",\"width\":860,\"height\":1156},{\"@type\":\"BreadcrumbList\",\"@id\":\"https:\\\/\\\/chileentinieblas.cl\\\/pnj\\\/nahuel-viento-sereno\\\/#breadcrumb\",\"itemListElement\":[{\"@type\":\"ListItem\",\"position\":1,\"name\":\"Portada\",\"item\":\"https:\\\/\\\/chileentinieblas.cl\\\/\"},{\"@type\":\"ListItem\",\"position\":2,\"name\":\"PNJs\",\"item\":\"https:\\\/\\\/chileentinieblas.cl\\\/pnj\\\/\"},{\"@type\":\"ListItem\",\"position\":3,\"name\":\"Nahuel viento sereno\"}]},{\"@type\":\"WebSite\",\"@id\":\"https:\\\/\\\/chileentinieblas.cl\\\/#website\",\"url\":\"https:\\\/\\\/chileentinieblas.cl\\\/\",\"name\":\"Chile en Tinieblas\",\"description\":\"Un servidor con mesas de rol de Mundo de Tinieblas\",\"publisher\":{\"@id\":\"https:\\\/\\\/chileentinieblas.cl\\\/#organization\"},\"potentialAction\":[{\"@type\":\"SearchAction\",\"target\":{\"@type\":\"EntryPoint\",\"urlTemplate\":\"https:\\\/\\\/chileentinieblas.cl\\\/?s={search_term_string}\"},\"query-input\":{\"@type\":\"PropertyValueSpecification\",\"valueRequired\":true,\"valueName\":\"search_term_string\"}}],\"inLanguage\":\"en-US\"},{\"@type\":\"Organization\",\"@id\":\"https:\\\/\\\/chileentinieblas.cl\\\/#organization\",\"name\":\"Chile en Tinieblas\",\"url\":\"https:\\\/\\\/chileentinieblas.cl\\\/\",\"logo\":{\"@type\":\"ImageObject\",\"inLanguage\":\"en-US\",\"@id\":\"https:\\\/\\\/chileentinieblas.cl\\\/#\\\/schema\\\/logo\\\/image\\\/\",\"url\":\"https:\\\/\\\/chileentinieblas.cl\\\/wp-content\\\/uploads\\\/2021\\\/12\\\/logo-cet-claro.png\",\"contentUrl\":\"https:\\\/\\\/chileentinieblas.cl\\\/wp-content\\\/uploads\\\/2021\\\/12\\\/logo-cet-claro.png\",\"width\":1001,\"height\":1030,\"caption\":\"Chile en Tinieblas\"},\"image\":{\"@id\":\"https:\\\/\\\/chileentinieblas.cl\\\/#\\\/schema\\\/logo\\\/image\\\/\"},\"sameAs\":[\"https:\\\/\\\/www.facebook.com\\\/ChileenTinieblas\",\"https:\\\/\\\/www.instagram.com\\\/chileentinieblas\\\/\",\"https:\\\/\\\/www.youtube.com\\\/@chileentinieblas\",\"https:\\\/\\\/www.tiktok.com\\\/@chileentinieblas\"]}]}<\/script>\n<!-- \/ Yoast SEO plugin. -->","yoast_head_json":{"title":"Nahuel viento sereno - Chile en Tinieblas","robots":{"index":"index","follow":"follow","max-snippet":"max-snippet:-1","max-image-preview":"max-image-preview:large","max-video-preview":"max-video-preview:-1"},"canonical":"https:\/\/chileentinieblas.cl\/en\/pnj\/nahuel-viento-sereno\/","og_locale":"en_US","og_type":"article","og_title":"Nahuel viento sereno - Chile en Tinieblas","og_description":"Miembro de una familia criolla, sus abuelos pertenecieron a las comunidades criadas entre mapuches y espa\u00f1oles que se establecieron en el Caj\u00f3n del Maipo hace tiempo y su familia ha heredado esos terrenos desde entonces. Desde que la ciudad comenz\u00f3 a expandirse r\u00e1pidamente, su madre, guiada por los esp\u00edritus, not\u00f3 que no ten\u00eda sentido oponerse [&hellip;]","og_url":"https:\/\/chileentinieblas.cl\/en\/pnj\/nahuel-viento-sereno\/","og_site_name":"Chile en Tinieblas","article_publisher":"https:\/\/www.facebook.com\/ChileenTinieblas","article_modified_time":"2024-07-29T19:41:09+00:00","og_image":[{"width":860,"height":1156,"url":"https:\/\/chileentinieblas.cl\/wp-content\/uploads\/2021\/04\/peter-xiao-711.jpg","type":"image\/jpeg"}],"twitter_card":"summary_large_image","twitter_misc":{"Est. reading time":"3 minutes"},"schema":{"@context":"https:\/\/schema.org","@graph":[{"@type":"WebPage","@id":"https:\/\/chileentinieblas.cl\/pnj\/nahuel-viento-sereno\/","url":"https:\/\/chileentinieblas.cl\/pnj\/nahuel-viento-sereno\/","name":"Nahuel viento sereno - Chile en Tinieblas","isPartOf":{"@id":"https:\/\/chileentinieblas.cl\/#website"},"primaryImageOfPage":{"@id":"https:\/\/chileentinieblas.cl\/pnj\/nahuel-viento-sereno\/#primaryimage"},"image":{"@id":"https:\/\/chileentinieblas.cl\/pnj\/nahuel-viento-sereno\/#primaryimage"},"thumbnailUrl":"https:\/\/chileentinieblas.cl\/wp-content\/uploads\/2021\/04\/peter-xiao-711.jpg","datePublished":"2021-04-09T05:34:20+00:00","dateModified":"2024-07-29T19:41:09+00:00","breadcrumb":{"@id":"https:\/\/chileentinieblas.cl\/pnj\/nahuel-viento-sereno\/#breadcrumb"},"inLanguage":"en-US","potentialAction":[{"@type":"ReadAction","target":["https:\/\/chileentinieblas.cl\/pnj\/nahuel-viento-sereno\/"]}]},{"@type":"ImageObject","inLanguage":"en-US","@id":"https:\/\/chileentinieblas.cl\/pnj\/nahuel-viento-sereno\/#primaryimage","url":"https:\/\/chileentinieblas.cl\/wp-content\/uploads\/2021\/04\/peter-xiao-711.jpg","contentUrl":"https:\/\/chileentinieblas.cl\/wp-content\/uploads\/2021\/04\/peter-xiao-711.jpg","width":860,"height":1156},{"@type":"BreadcrumbList","@id":"https:\/\/chileentinieblas.cl\/pnj\/nahuel-viento-sereno\/#breadcrumb","itemListElement":[{"@type":"ListItem","position":1,"name":"Portada","item":"https:\/\/chileentinieblas.cl\/"},{"@type":"ListItem","position":2,"name":"PNJs","item":"https:\/\/chileentinieblas.cl\/pnj\/"},{"@type":"ListItem","position":3,"name":"Nahuel viento sereno"}]},{"@type":"WebSite","@id":"https:\/\/chileentinieblas.cl\/#website","url":"https:\/\/chileentinieblas.cl\/","name":"Chile en Tinieblas","description":"Un servidor con mesas de rol de Mundo de Tinieblas","publisher":{"@id":"https:\/\/chileentinieblas.cl\/#organization"},"potentialAction":[{"@type":"SearchAction","target":{"@type":"EntryPoint","urlTemplate":"https:\/\/chileentinieblas.cl\/?s={search_term_string}"},"query-input":{"@type":"PropertyValueSpecification","valueRequired":true,"valueName":"search_term_string"}}],"inLanguage":"en-US"},{"@type":"Organization","@id":"https:\/\/chileentinieblas.cl\/#organization","name":"Chile en Tinieblas","url":"https:\/\/chileentinieblas.cl\/","logo":{"@type":"ImageObject","inLanguage":"en-US","@id":"https:\/\/chileentinieblas.cl\/#\/schema\/logo\/image\/","url":"https:\/\/chileentinieblas.cl\/wp-content\/uploads\/2021\/12\/logo-cet-claro.png","contentUrl":"https:\/\/chileentinieblas.cl\/wp-content\/uploads\/2021\/12\/logo-cet-claro.png","width":1001,"height":1030,"caption":"Chile en Tinieblas"},"image":{"@id":"https:\/\/chileentinieblas.cl\/#\/schema\/logo\/image\/"},"sameAs":["https:\/\/www.facebook.com\/ChileenTinieblas","https:\/\/www.instagram.com\/chileentinieblas\/","https:\/\/www.youtube.com\/@chileentinieblas","https:\/\/www.tiktok.com\/@chileentinieblas"]}]}},"jetpack_sharing_enabled":true,"_links":{"self":[{"href":"https:\/\/chileentinieblas.cl\/en\/wp-json\/wp\/v2\/pnj\/764","targetHints":{"allow":["GET"]}}],"collection":[{"href":"https:\/\/chileentinieblas.cl\/en\/wp-json\/wp\/v2\/pnj"}],"about":[{"href":"https:\/\/chileentinieblas.cl\/en\/wp-json\/wp\/v2\/types\/pnj"}],"author":[{"embeddable":true,"href":"https:\/\/chileentinieblas.cl\/en\/wp-json\/wp\/v2\/users\/1"}],"wp:featuredmedia":[{"embeddable":true,"href":"https:\/\/chileentinieblas.cl\/en\/wp-json\/wp\/v2\/media\/765"}],"wp:attachment":[{"href":"https:\/\/chileentinieblas.cl\/en\/wp-json\/wp\/v2\/media?parent=764"}],"wp:term":[{"taxonomy":"post_tag","embeddable":true,"href":"https:\/\/chileentinieblas.cl\/en\/wp-json\/wp\/v2\/tags?post=764"},{"taxonomy":"faccion","embeddable":true,"href":"https:\/\/chileentinieblas.cl\/en\/wp-json\/wp\/v2\/faccion?post=764"}],"curies":[{"name":"wp","href":"https:\/\/api.w.org\/{rel}","templated":true}]}}