{"id":760,"date":"2021-04-08T22:02:46","date_gmt":"2021-04-09T01:02:46","guid":{"rendered":"https:\/\/chileentinieblas.cl\/?post_type=personajes&#038;p=760"},"modified":"2026-07-10T00:12:34","modified_gmt":"2026-07-10T00:12:34","slug":"javier-del-sol","status":"publish","type":"pnj","link":"https:\/\/chileentinieblas.cl\/en\/pnj\/javier-del-sol\/","title":{"rendered":"Javier del Sol"},"content":{"rendered":"<p class=\"wp-block-paragraph\">Cient\u00edfico y ciudadano extraordinario part\u00edcipe del proyecto \u201c<strong>Devenir<\/strong>\u201d e hijo de <strong>Francisco del Sol<\/strong>. Entr\u00f3 al proyecto el a\u00f1o 1989, durante su segunda fase y trabaj\u00f3 en el mismo hasta finales de 1994, por diciembre, cuando enferm\u00f3 de peritonitis y debi\u00f3 pasar una semana en el hospital.<br>Tras los extra\u00f1os sucesos relacionados a la desaparici\u00f3n de la Comunidad del Devenir, se centr\u00f3 por a\u00f1os en investigar acerca de su desaparici\u00f3n y la ubicaci\u00f3n de las notas de su padre, sin nunca alejarse demasiado de Vi\u00f1a del Mar, pero solo, varios a\u00f1os m\u00e1s tarde, encontrar\u00eda una vieja carpeta con los apellidos de varias personas o ni\u00f1os involucrados en el proyecto, as\u00ed como algunos domicilios antiguos a nombre de su padre, pero desaparecidos de la memoria colectiva.<\/p>\n\n\n\n<p class=\"wp-block-paragraph\">Entonces, de mente mucho m\u00e1s abierta para el 2020, siendo miembro del Arcanum y como miembro inc\u00f3gnito, pero influyente del estado, decidi\u00f3 reunir a un grupo de estas personas y utilizarlas para que reunieran informaci\u00f3n para \u00e9l a cambio de diferentes favores, la mayor\u00eda monetarios, dando as\u00ed comienzo a las investigaciones por el \u201c<strong>Gen Solar<\/strong>\u201d, la desaparecida \u201c<strong>Comunidad del Devenir<\/strong>\u201d y la ubicaci\u00f3n de su desaparecido padre.<\/p>\n\n\n\n<p class=\"wp-block-paragraph\">Muere el a\u00f1o 2021, a mediados de Agosto, debido al asalto de un mago llamado Juan Bautista, quien derriti\u00f3 la mitad de su mansi\u00f3n con una bomba antes de echarse a la fuga.<\/p>","protected":false},"author":1,"featured_media":780,"template":"","tags":[],"faccion":[30,29],"class_list":["post-760","pnj","type-pnj","status-publish","has-post-thumbnail","hentry","faccion-arcanum","faccion-otros"],"acf":{"fecha":"1989 a 1994 y 2021","estatus":"Muerto","ficha_del_personaje":873,"aspecto":"Viejo y de aspecto cansado, ojeras grandes que demuestran incontables noches de constante trabajo y con vestimentas cuidadas y de calidad, propias de alguien con recursos o buen gusto. Toda la apariencia de persona de pocas palabras y poco gusto en tener que andarse relacionando con otras personas queda clara nada m\u00e1s verlo.","interpretacion":"","informacion_privada":"","mapa_de_kumu_u_otro_embed":""},"yoast_head":"<!-- This site is optimized with the Yoast SEO plugin v28.4 - https:\/\/yoast.com\/product\/yoast-seo-wordpress\/ -->\n<title>Javier del Sol - Chile en Tinieblas<\/title>\n<meta name=\"robots\" content=\"index, follow, max-snippet:-1, max-image-preview:large, max-video-preview:-1\" \/>\n<link rel=\"canonical\" href=\"https:\/\/chileentinieblas.cl\/en\/pnj\/javier-del-sol\/\" \/>\n<meta property=\"og:locale\" content=\"en_US\" \/>\n<meta property=\"og:type\" content=\"article\" \/>\n<meta property=\"og:title\" content=\"Javier del Sol - Chile en Tinieblas\" \/>\n<meta property=\"og:description\" content=\"Cient\u00edfico y ciudadano extraordinario part\u00edcipe del proyecto \u201cDevenir\u201d e hijo de Francisco del Sol. Entr\u00f3 al proyecto el a\u00f1o 1989, durante su segunda fase y trabaj\u00f3 en el mismo hasta finales de 1994, por diciembre, cuando enferm\u00f3 de peritonitis y debi\u00f3 pasar una semana en el hospital.Tras los extra\u00f1os sucesos relacionados a la desaparici\u00f3n de [&hellip;]\" \/>\n<meta property=\"og:url\" content=\"https:\/\/chileentinieblas.cl\/en\/pnj\/javier-del-sol\/\" \/>\n<meta property=\"og:site_name\" content=\"Chile en Tinieblas\" \/>\n<meta property=\"article:publisher\" content=\"https:\/\/www.facebook.com\/ChileenTinieblas\" \/>\n<meta property=\"article:modified_time\" content=\"2026-07-10T00:12:34+00:00\" \/>\n<meta property=\"og:image\" content=\"https:\/\/chileentinieblas.cl\/wp-content\/uploads\/2021\/04\/Javier-del-Sol.jpg\" \/>\n\t<meta property=\"og:image:width\" content=\"563\" \/>\n\t<meta property=\"og:image:height\" content=\"876\" \/>\n\t<meta property=\"og:image:type\" content=\"image\/jpeg\" \/>\n<meta name=\"twitter:card\" content=\"summary_large_image\" \/>\n<meta name=\"twitter:label1\" content=\"Est. reading time\" \/>\n\t<meta name=\"twitter:data1\" content=\"1 minute\" \/>\n<script type=\"application\/ld+json\" class=\"yoast-schema-graph\">{\"@context\":\"https:\\\/\\\/schema.org\",\"@graph\":[{\"@type\":\"WebPage\",\"@id\":\"https:\\\/\\\/chileentinieblas.cl\\\/pnj\\\/javier-del-sol\\\/\",\"url\":\"https:\\\/\\\/chileentinieblas.cl\\\/pnj\\\/javier-del-sol\\\/\",\"name\":\"Javier del Sol - Chile en Tinieblas\",\"isPartOf\":{\"@id\":\"https:\\\/\\\/chileentinieblas.cl\\\/#website\"},\"primaryImageOfPage\":{\"@id\":\"https:\\\/\\\/chileentinieblas.cl\\\/pnj\\\/javier-del-sol\\\/#primaryimage\"},\"image\":{\"@id\":\"https:\\\/\\\/chileentinieblas.cl\\\/pnj\\\/javier-del-sol\\\/#primaryimage\"},\"thumbnailUrl\":\"https:\\\/\\\/chileentinieblas.cl\\\/wp-content\\\/uploads\\\/2021\\\/04\\\/Javier-del-Sol.jpg\",\"datePublished\":\"2021-04-09T01:02:46+00:00\",\"dateModified\":\"2026-07-10T00:12:34+00:00\",\"breadcrumb\":{\"@id\":\"https:\\\/\\\/chileentinieblas.cl\\\/pnj\\\/javier-del-sol\\\/#breadcrumb\"},\"inLanguage\":\"en-US\",\"potentialAction\":[{\"@type\":\"ReadAction\",\"target\":[\"https:\\\/\\\/chileentinieblas.cl\\\/pnj\\\/javier-del-sol\\\/\"]}]},{\"@type\":\"ImageObject\",\"inLanguage\":\"en-US\",\"@id\":\"https:\\\/\\\/chileentinieblas.cl\\\/pnj\\\/javier-del-sol\\\/#primaryimage\",\"url\":\"https:\\\/\\\/chileentinieblas.cl\\\/wp-content\\\/uploads\\\/2021\\\/04\\\/Javier-del-Sol.jpg\",\"contentUrl\":\"https:\\\/\\\/chileentinieblas.cl\\\/wp-content\\\/uploads\\\/2021\\\/04\\\/Javier-del-Sol.jpg\",\"width\":563,\"height\":876},{\"@type\":\"BreadcrumbList\",\"@id\":\"https:\\\/\\\/chileentinieblas.cl\\\/pnj\\\/javier-del-sol\\\/#breadcrumb\",\"itemListElement\":[{\"@type\":\"ListItem\",\"position\":1,\"name\":\"Portada\",\"item\":\"https:\\\/\\\/chileentinieblas.cl\\\/\"},{\"@type\":\"ListItem\",\"position\":2,\"name\":\"PNJs\",\"item\":\"https:\\\/\\\/chileentinieblas.cl\\\/pnj\\\/\"},{\"@type\":\"ListItem\",\"position\":3,\"name\":\"Javier del Sol\"}]},{\"@type\":\"WebSite\",\"@id\":\"https:\\\/\\\/chileentinieblas.cl\\\/#website\",\"url\":\"https:\\\/\\\/chileentinieblas.cl\\\/\",\"name\":\"Chile en Tinieblas\",\"description\":\"Un servidor con mesas de rol de Mundo de Tinieblas\",\"publisher\":{\"@id\":\"https:\\\/\\\/chileentinieblas.cl\\\/#organization\"},\"potentialAction\":[{\"@type\":\"SearchAction\",\"target\":{\"@type\":\"EntryPoint\",\"urlTemplate\":\"https:\\\/\\\/chileentinieblas.cl\\\/?s={search_term_string}\"},\"query-input\":{\"@type\":\"PropertyValueSpecification\",\"valueRequired\":true,\"valueName\":\"search_term_string\"}}],\"inLanguage\":\"en-US\"},{\"@type\":\"Organization\",\"@id\":\"https:\\\/\\\/chileentinieblas.cl\\\/#organization\",\"name\":\"Chile en Tinieblas\",\"url\":\"https:\\\/\\\/chileentinieblas.cl\\\/\",\"logo\":{\"@type\":\"ImageObject\",\"inLanguage\":\"en-US\",\"@id\":\"https:\\\/\\\/chileentinieblas.cl\\\/#\\\/schema\\\/logo\\\/image\\\/\",\"url\":\"https:\\\/\\\/chileentinieblas.cl\\\/wp-content\\\/uploads\\\/2021\\\/12\\\/logo-cet-claro.png\",\"contentUrl\":\"https:\\\/\\\/chileentinieblas.cl\\\/wp-content\\\/uploads\\\/2021\\\/12\\\/logo-cet-claro.png\",\"width\":1001,\"height\":1030,\"caption\":\"Chile en Tinieblas\"},\"image\":{\"@id\":\"https:\\\/\\\/chileentinieblas.cl\\\/#\\\/schema\\\/logo\\\/image\\\/\"},\"sameAs\":[\"https:\\\/\\\/www.facebook.com\\\/ChileenTinieblas\",\"https:\\\/\\\/www.instagram.com\\\/chileentinieblas\\\/\",\"https:\\\/\\\/www.youtube.com\\\/@chileentinieblas\",\"https:\\\/\\\/www.tiktok.com\\\/@chileentinieblas\"]}]}<\/script>\n<!-- \/ Yoast SEO plugin. -->","yoast_head_json":{"title":"Javier del Sol - Chile en Tinieblas","robots":{"index":"index","follow":"follow","max-snippet":"max-snippet:-1","max-image-preview":"max-image-preview:large","max-video-preview":"max-video-preview:-1"},"canonical":"https:\/\/chileentinieblas.cl\/en\/pnj\/javier-del-sol\/","og_locale":"en_US","og_type":"article","og_title":"Javier del Sol - Chile en Tinieblas","og_description":"Cient\u00edfico y ciudadano extraordinario part\u00edcipe del proyecto \u201cDevenir\u201d e hijo de Francisco del Sol. Entr\u00f3 al proyecto el a\u00f1o 1989, durante su segunda fase y trabaj\u00f3 en el mismo hasta finales de 1994, por diciembre, cuando enferm\u00f3 de peritonitis y debi\u00f3 pasar una semana en el hospital.Tras los extra\u00f1os sucesos relacionados a la desaparici\u00f3n de [&hellip;]","og_url":"https:\/\/chileentinieblas.cl\/en\/pnj\/javier-del-sol\/","og_site_name":"Chile en Tinieblas","article_publisher":"https:\/\/www.facebook.com\/ChileenTinieblas","article_modified_time":"2026-07-10T00:12:34+00:00","og_image":[{"width":563,"height":876,"url":"https:\/\/chileentinieblas.cl\/wp-content\/uploads\/2021\/04\/Javier-del-Sol.jpg","type":"image\/jpeg"}],"twitter_card":"summary_large_image","twitter_misc":{"Est. reading time":"1 minute"},"schema":{"@context":"https:\/\/schema.org","@graph":[{"@type":"WebPage","@id":"https:\/\/chileentinieblas.cl\/pnj\/javier-del-sol\/","url":"https:\/\/chileentinieblas.cl\/pnj\/javier-del-sol\/","name":"Javier del Sol - Chile en Tinieblas","isPartOf":{"@id":"https:\/\/chileentinieblas.cl\/#website"},"primaryImageOfPage":{"@id":"https:\/\/chileentinieblas.cl\/pnj\/javier-del-sol\/#primaryimage"},"image":{"@id":"https:\/\/chileentinieblas.cl\/pnj\/javier-del-sol\/#primaryimage"},"thumbnailUrl":"https:\/\/chileentinieblas.cl\/wp-content\/uploads\/2021\/04\/Javier-del-Sol.jpg","datePublished":"2021-04-09T01:02:46+00:00","dateModified":"2026-07-10T00:12:34+00:00","breadcrumb":{"@id":"https:\/\/chileentinieblas.cl\/pnj\/javier-del-sol\/#breadcrumb"},"inLanguage":"en-US","potentialAction":[{"@type":"ReadAction","target":["https:\/\/chileentinieblas.cl\/pnj\/javier-del-sol\/"]}]},{"@type":"ImageObject","inLanguage":"en-US","@id":"https:\/\/chileentinieblas.cl\/pnj\/javier-del-sol\/#primaryimage","url":"https:\/\/chileentinieblas.cl\/wp-content\/uploads\/2021\/04\/Javier-del-Sol.jpg","contentUrl":"https:\/\/chileentinieblas.cl\/wp-content\/uploads\/2021\/04\/Javier-del-Sol.jpg","width":563,"height":876},{"@type":"BreadcrumbList","@id":"https:\/\/chileentinieblas.cl\/pnj\/javier-del-sol\/#breadcrumb","itemListElement":[{"@type":"ListItem","position":1,"name":"Portada","item":"https:\/\/chileentinieblas.cl\/"},{"@type":"ListItem","position":2,"name":"PNJs","item":"https:\/\/chileentinieblas.cl\/pnj\/"},{"@type":"ListItem","position":3,"name":"Javier del Sol"}]},{"@type":"WebSite","@id":"https:\/\/chileentinieblas.cl\/#website","url":"https:\/\/chileentinieblas.cl\/","name":"Chile en Tinieblas","description":"Un servidor con mesas de rol de Mundo de Tinieblas","publisher":{"@id":"https:\/\/chileentinieblas.cl\/#organization"},"potentialAction":[{"@type":"SearchAction","target":{"@type":"EntryPoint","urlTemplate":"https:\/\/chileentinieblas.cl\/?s={search_term_string}"},"query-input":{"@type":"PropertyValueSpecification","valueRequired":true,"valueName":"search_term_string"}}],"inLanguage":"en-US"},{"@type":"Organization","@id":"https:\/\/chileentinieblas.cl\/#organization","name":"Chile en Tinieblas","url":"https:\/\/chileentinieblas.cl\/","logo":{"@type":"ImageObject","inLanguage":"en-US","@id":"https:\/\/chileentinieblas.cl\/#\/schema\/logo\/image\/","url":"https:\/\/chileentinieblas.cl\/wp-content\/uploads\/2021\/12\/logo-cet-claro.png","contentUrl":"https:\/\/chileentinieblas.cl\/wp-content\/uploads\/2021\/12\/logo-cet-claro.png","width":1001,"height":1030,"caption":"Chile en Tinieblas"},"image":{"@id":"https:\/\/chileentinieblas.cl\/#\/schema\/logo\/image\/"},"sameAs":["https:\/\/www.facebook.com\/ChileenTinieblas","https:\/\/www.instagram.com\/chileentinieblas\/","https:\/\/www.youtube.com\/@chileentinieblas","https:\/\/www.tiktok.com\/@chileentinieblas"]}]}},"jetpack_sharing_enabled":true,"_links":{"self":[{"href":"https:\/\/chileentinieblas.cl\/en\/wp-json\/wp\/v2\/pnj\/760","targetHints":{"allow":["GET"]}}],"collection":[{"href":"https:\/\/chileentinieblas.cl\/en\/wp-json\/wp\/v2\/pnj"}],"about":[{"href":"https:\/\/chileentinieblas.cl\/en\/wp-json\/wp\/v2\/types\/pnj"}],"author":[{"embeddable":true,"href":"https:\/\/chileentinieblas.cl\/en\/wp-json\/wp\/v2\/users\/1"}],"wp:featuredmedia":[{"embeddable":true,"href":"https:\/\/chileentinieblas.cl\/en\/wp-json\/wp\/v2\/media\/780"}],"wp:attachment":[{"href":"https:\/\/chileentinieblas.cl\/en\/wp-json\/wp\/v2\/media?parent=760"}],"wp:term":[{"taxonomy":"post_tag","embeddable":true,"href":"https:\/\/chileentinieblas.cl\/en\/wp-json\/wp\/v2\/tags?post=760"},{"taxonomy":"faccion","embeddable":true,"href":"https:\/\/chileentinieblas.cl\/en\/wp-json\/wp\/v2\/faccion?post=760"}],"curies":[{"name":"wp","href":"https:\/\/api.w.org\/{rel}","templated":true}]}}