{"id":757,"date":"2021-04-08T17:20:04","date_gmt":"2021-04-08T20:20:04","guid":{"rendered":"https:\/\/chileentinieblas.cl\/?post_type=personajes&#038;p=757"},"modified":"2026-05-14T01:30:36","modified_gmt":"2026-05-14T01:30:36","slug":"doctor-sol","status":"publish","type":"pnj","link":"https:\/\/chileentinieblas.cl\/en\/pnj\/doctor-sol\/","title":{"rendered":"&#8220;Doctor Sol&#8221;"},"content":{"rendered":"<h1 class=\"wp-block-heading\" id=\"h-informacion-publica-si-originalmente-esta-era-la-unica-informacion-visible-para-jugadores\">Informaci\u00f3n P\u00fablica (s\u00ed, originalmente esta era la \u00fanica informaci\u00f3n visible para jugadores)<\/h1>\n\n\n\n<p class=\"wp-block-paragraph\">Conocido entre sus pares como &#8220;<strong>Doctor Sol<\/strong>&#8221; o como &#8220;<strong>Doctor Francisco Fernando del Sol<\/strong>&#8220;, fue uno de los cient\u00edficos a cargo de una instalaci\u00f3n de experimentaci\u00f3n humana secreta por Vi\u00f1a del Mar entre los a\u00f1os 1985 y 1995, cuando un evento parad\u00f3jico expuls\u00f3 tanto al doctor, a varios otros cient\u00edficos involucrados y al edificio en cuesti\u00f3n de la realidad a alg\u00fan reino de la paradoja.<\/p>\n\n\n\n<p class=\"wp-block-paragraph\">El proyecto que dirig\u00eda, &#8220;<strong>Comunidad Devenir<\/strong>&#8220;, buscaba extraer parte de la esencia del avatar de un despertado para transformarla en un gen capaz de insertarse en el c\u00f3digo gen\u00e9tico de ni\u00f1os j\u00f3venes o personas por nacer con tal de estudiar las posibilidades de lograr &#8220;despertares&#8221; a voluntad en las personas y las consecuencias de dichos actos, pero que eventualmente se transform\u00f3 en un proyecto inmortal de experimentaci\u00f3n humana con el prop\u00f3sito final de crear un ej\u00e9rcito para las fuerzas nefandas dentro de la tecnocracia durante la misma \u00e9poca.<\/p>\n\n\n\n<p class=\"wp-block-paragraph\">El proyecto comenz\u00f3 con Fernando separ\u00e1ndose de la familia <strong>Diggman<\/strong> por sus diferencias de opini\u00f3n con respecto a lo que era o no moral; la familia ve\u00eda sus ideas como inmorales mientras que Fernando acusaba de hip\u00f3critas a la familia por haber hecho su fortuna con la dictadura y no estar abiertos a experimentar con personas. Eventualmente se mover\u00eda a <strong>Vi\u00f1a del Mar<\/strong> donde dar\u00eda marcha a su proyecto gracias al financiamiento de un misterioso agente tecnocr\u00e1tico del Sindicato. Y fue solo gracias a las diferentes influencias presentes en Vi\u00f1a del Mar respecto al resto del territorio que el proyecto pudo continuar con relativa tranquilidad hasta su abrupto fin.<\/p>\n\n\n\n<p class=\"wp-block-paragraph\">Y aunque se supone que el proyecto de la Comunidad del Devenir comenz\u00f3 a construirse el 89, no quedan registros, datos, huella o recuerdo alguno del suceso, ni tampoco del dichoso Doctor Sol.<\/p>\n\n\n\n<h1 class=\"wp-block-heading\" id=\"h-informacion-adicional-originalmente-de-narradores\">Informaci\u00f3n Adicional (Originalmente, de narradores)<\/h1>\n\n\n\n<p class=\"wp-block-paragraph\">S\u00ed, efectivamente, esto de ac\u00e1 son secretos poderosos.<\/p>\n\n\n\n<h2 class=\"wp-block-heading\" id=\"h-fases-del-proyecto-comunidad-del-devenir\"><strong>Fases del Proyecto: &#8220;Comunidad del Devenir&#8221;<\/strong><\/h2>\n\n\n\n<ul class=\"wp-block-list\">\n<li><strong>La primera fase &#8211; Teor\u00eda: <\/strong>\n<ul class=\"wp-block-list\">\n<li>Const\u00f3 de la extracci\u00f3n de parte de la esencia de cierto avatar para transformarla en un gen capaz de estudiarse e insertarse en el material gen\u00e9tico de otra persona. Fue el mismo Fernando quien aport\u00f3 con los &#8220;genes&#8221; para el estudio, los cuales nombrar\u00eda &#8220;Gen Solar&#8221; (o &#8220;S&#8221; para acortar). Esta fase comprende desde 1985 a 1987 y es el periodo m\u00e1s tranquilo del proyecto.<\/li>\n<\/ul>\n<\/li>\n\n\n\n<li><strong>La segunda fase &#8211; Desarrollo: <\/strong>\n<ul class=\"wp-block-list\">\n<li>Const\u00f3 de la b\u00fasqueda de ni\u00f1os j\u00f3venes con aptitudes apropiadas o de familias con genes potencialmente compatibles con el Gen S para luego estudiar en entornos controlados las consecuencias de su inserci\u00f3n en estas personas, con la idea de provocar un despertar temprano en el primer grupo y de permitir el nacimiento de ni\u00f1os con una tendencia a a despertar mucho mayor que la del ciudadano promedio, todo esto a trav\u00e9s de programas de campamentos de estudio de verano, programas de estudio para ni\u00f1os superdotados o de ayuda para familias &#8220;prometedoras&#8221; para el pa\u00eds. Esta fase secreta comprende desde el final de 1987 hasta a mediados de 1994.<\/li>\n<\/ul>\n<\/li>\n\n\n\n<li><strong>La tercera fase &#8211; Ejecuci\u00f3n:<\/strong> \n<ul class=\"wp-block-list\">\n<li>Propiciada por el financista principal del proyecto, busc\u00f3 el despertar forzado de un gran n\u00famero de personas mayores de edad para crear un ej\u00e9rcito con el que defender a los nefandos a\u00fan al interior de la tecnocracia. Esta fase del proyecto involucr\u00f3 un gran n\u00famero de torturas, personas desaparecidas y una inmensa cantidad de paradoja liberada que acab\u00f3 en una gran explosi\u00f3n de la misma durante el \u00faltimo experimento del proyecto, un despertar &#8220;masivo&#8221;. Tanto Francisco Fernando del Sol, como su mayor inversionista nefando que visitaba las independencias para dicho d\u00eda abandonaron la realidad durante un d\u00eda indeterminado de enero del 1995 sin dejar ni un solo rastro.<\/li>\n<\/ul>\n<\/li>\n<\/ul>\n\n\n\n<p class=\"wp-block-paragraph\">Cuando la Tecnocracia se aproxim\u00f3 al lugar de los hechos en busca del nefando, solo encontr\u00f3 un terreno vac\u00edo, lleno de personas confundidas (tanto sujetos de experimentaci\u00f3n como algunos cient\u00edficos que trabajaban en el \u00e1rea) hablando de alg\u00fan laboratorio nefasto donde se realizaban torturas y experimentos humanos, pero ning\u00fan rastro del sitio.<\/p>\n\n\n\n<h2 class=\"wp-block-heading\" id=\"h-7-de-julio-de-2020\">7 de Julio de 2020<\/h2>\n\n\n\n<p class=\"wp-block-paragraph\">Por poderes y ayuda de un grupo de Hu\u00e9rfanos, el Doctor Sol logra escapar del Reino de la Paradoja en que yac\u00eda, uno de las memorias, regido por <strong>Memento<\/strong>, una entidad que obliga a sus presos a revivir las mejores memorias de su pasado infinitamente en universos mentales en forma de libros, sin nunca dejarlos salir. Pero gracias a la ayuda ajena, pudo quemar su propio libro y as\u00ed desaparecer de los ojos del guardi\u00e1n.<\/p>\n\n\n\n<h2 class=\"wp-block-heading\" id=\"h-1-de-octubre-de-2020\">1 de Octubre de 2020<\/h2>\n\n\n\n<p class=\"wp-block-paragraph\">Habiendo contado con un sinf\u00edn de oportunidades de experimentaci\u00f3n y pruebas, el Doctor Sol finaliza su proyecto del &#8220;Gen S&#8221; y abandona la realidad, junto con su laboratorio y sirvientes, para pasar a la Umbra Profunda, donde poder centrarse en otros de sus incomprensibles experimentos, lejos de los problemas terrenales que su primer proyecto le fueron presentando.<\/p>\n\n\n\n<h2 class=\"wp-block-heading\" id=\"h-ultimas-historias\">Ultimas Historias<\/h2>\n\n\n\n<p class=\"wp-block-paragraph\">Ahora est\u00e1 en manos de otros jugadores y narradores explorar el futuro del Doctor Sol.<\/p>","protected":false},"author":19,"featured_media":781,"template":"","tags":[],"faccion":[40,51,28,29,27],"class_list":["post-757","pnj","type-pnj","status-publish","has-post-thumbnail","hentry","faccion-eteritas","faccion-mago-la-ascension","faccion-merodeador","faccion-otros","faccion-tradiciones"],"acf":{"fecha":"1987 - 1995 y 2020","estatus":"Desconocido","ficha_del_personaje":872,"aspecto":"","interpretacion":"Merodeador, de memorias fragmentadas y decidido a recuperarlas para continuar con su investigaci\u00f3n del alma despertada.\r\n\r\nTiene poco respeto por la moral cient\u00edfica de lo que se debe o no hacer.","rango_mago":"6 - Maestro","informacion_privada":"<!-- wp:paragraph -->\r\n\r\nEl proyecto, \"<strong>Comunidad del Devenir<\/strong>\" consisti\u00f3 oficialmente de dos fases, pero realmente hubo una tercera muy breve:\r\n<strong>La primera fase - Teor\u00eda:<\/strong> const\u00f3 de la extracci\u00f3n de parte de la esencia de cierto avatar para transformarla en un gen capaz de estudiarse e insertarse en el material gen\u00e9tico de otra persona. Fue el mismo Fernando quien aport\u00f3 con los \"genes\" para el estudio, los cuales nombrar\u00eda \"Gen Solar\" (o \"S\" para acortar). Esta fase comprende desde 1985 a 1987 y es el periodo m\u00e1s tranquilo del proyecto.\r\n<strong>La segunda fase - Desarrollo: <\/strong>const\u00f3 de la b\u00fasqueda de ni\u00f1os j\u00f3venes con aptitudes apropiadas o de familias con genes potencialmente compatibles con el Gen S para luego estudiar en entornos controlados las consecuencias de su inserci\u00f3n en estas personas, con la idea de provocar un despertar temprano en el primer grupo y de permitir el nacimiento de ni\u00f1os con una tendencia a a despertar mucho mayor que la del ciudadano promedio, todo esto a trav\u00e9s de programas de campamentos de estudio de verano, programas de estudio para ni\u00f1os superdotados o de ayuda para familias \"prometedoras\" para el pa\u00eds. Esta fase secreta comprende desde el final de 1987 hasta a mediados de 1994.\r\n<strong>La tercera fase - Ejecuci\u00f3n:<\/strong> propiciada por el financista principal del proyecto, busc\u00f3 el despertar forzado de un gran n\u00famero de personas mayores de edad para crear un ej\u00e9rcito con el que defender a los nefandos a\u00fan al interior de la tecnocracia. Esta fase del proyecto involucr\u00f3 un gran n\u00famero de torturas, personas desaparecidas y una inmensa cantidad de paradoja liberada que acab\u00f3 en una gran explosi\u00f3n de la misma durante el \u00faltimo experimento del proyecto, un despertar \"masivo\". Tanto Francisco Fernando del Sol, como su mayor inversionista nefando que visitaba las independencias para dicho d\u00eda abandonaron la realidad durante un d\u00eda indeterminado de enero del 1995 sin dejar ni un solo rastro.\r\n\r\n<!-- \/wp:paragraph --> <!-- wp:paragraph -->\r\n\r\nCuando la Tecnocracia se aproxim\u00f3 al lugar de los hechos en busca del nefando, solo encontr\u00f3 un terreno vac\u00edo, lleno de personas confundidas (tanto sujetos de experimentaci\u00f3n como algunos cient\u00edficos que trabajaban en el \u00e1rea) hablando de alg\u00fan laboratorio nefasto donde se realizaban torturas y experimentos humanos, pero ning\u00fan rastro del sitio.\r\n\r\n<!-- \/wp:paragraph --> <!-- wp:separator -->\r\n\r\n7 de Julio de 2020\r\n\r\n<!-- \/wp:separator --> <!-- wp:paragraph -->\r\n\r\nPor poderes y ayuda de un grupo de Hu\u00e9rfanos, el Doctor Sol logra escapar del Reino de la Paradoja en que yac\u00eda, uno de las memorias, regido por <strong>Memento<\/strong>, una entidad que obliga a sus presos a revivir las mejores memorias de su pasado infinitamente en universos mentales en forma de libros, sin nunca dejarlos salir. Pero gracias a la ayuda ajena, pudo quemar su propio libro y as\u00ed desaparecer de los ojos del guardi\u00e1n.\r\n\r\n<!-- \/wp:paragraph --> <!-- wp:paragraph -->\r\n\r\n1 de Octubre de 2020\r\n\r\n<!-- \/wp:paragraph --> <!-- wp:paragraph -->\r\n\r\nHabiendo contado con un sinf\u00edn de oportunidades de experimentaci\u00f3n y pruebas, el Doctor Sol finaliza su proyecto del \"Gen S\" y abandona la realidad, junto con su laboratorio y sirvientes, para pasar a la Umbra Profunda, donde poder centrarse en otros de sus incomprensibles experimentos, lejos de los problemas terrenales que su primer proyecto le fueron presentando.\r\n\r\n<!-- \/wp:paragraph -->","mapa_de_kumu_u_otro_embed":""},"yoast_head":"<!-- This site is optimized with the Yoast SEO plugin v28.4 - https:\/\/yoast.com\/product\/yoast-seo-wordpress\/ -->\n<title>&quot;Doctor Sol&quot; - Chile en Tinieblas<\/title>\n<meta name=\"robots\" content=\"index, follow, max-snippet:-1, max-image-preview:large, max-video-preview:-1\" \/>\n<link rel=\"canonical\" href=\"https:\/\/chileentinieblas.cl\/en\/pnj\/doctor-sol\/\" \/>\n<meta property=\"og:locale\" content=\"en_US\" \/>\n<meta property=\"og:type\" content=\"article\" \/>\n<meta property=\"og:title\" content=\"&quot;Doctor Sol&quot; - Chile en Tinieblas\" \/>\n<meta property=\"og:description\" content=\"Informaci\u00f3n P\u00fablica (s\u00ed, originalmente esta era la \u00fanica informaci\u00f3n visible para jugadores) Conocido entre sus pares como &#8220;Doctor Sol&#8221; o como &#8220;Doctor Francisco Fernando del Sol&#8220;, fue uno de los cient\u00edficos a cargo de una instalaci\u00f3n de experimentaci\u00f3n humana secreta por Vi\u00f1a del Mar entre los a\u00f1os 1985 y 1995, cuando un evento parad\u00f3jico expuls\u00f3 [&hellip;]\" \/>\n<meta property=\"og:url\" content=\"https:\/\/chileentinieblas.cl\/en\/pnj\/doctor-sol\/\" \/>\n<meta property=\"og:site_name\" content=\"Chile en Tinieblas\" \/>\n<meta property=\"article:publisher\" content=\"https:\/\/www.facebook.com\/ChileenTinieblas\" \/>\n<meta property=\"article:modified_time\" content=\"2026-05-14T01:30:36+00:00\" \/>\n<meta property=\"og:image\" content=\"https:\/\/chileentinieblas.cl\/wp-content\/uploads\/2021\/04\/Francisco-Fernando-del-Sol.jpg\" \/>\n\t<meta property=\"og:image:width\" content=\"564\" \/>\n\t<meta property=\"og:image:height\" content=\"749\" \/>\n\t<meta property=\"og:image:type\" content=\"image\/jpeg\" \/>\n<meta name=\"twitter:card\" content=\"summary_large_image\" \/>\n<meta name=\"twitter:label1\" content=\"Est. reading time\" \/>\n\t<meta name=\"twitter:data1\" content=\"4 minutes\" \/>\n<script type=\"application\/ld+json\" class=\"yoast-schema-graph\">{\"@context\":\"https:\\\/\\\/schema.org\",\"@graph\":[{\"@type\":\"WebPage\",\"@id\":\"https:\\\/\\\/chileentinieblas.cl\\\/pnj\\\/doctor-sol\\\/\",\"url\":\"https:\\\/\\\/chileentinieblas.cl\\\/pnj\\\/doctor-sol\\\/\",\"name\":\"\\\"Doctor Sol\\\" - Chile en Tinieblas\",\"isPartOf\":{\"@id\":\"https:\\\/\\\/chileentinieblas.cl\\\/#website\"},\"primaryImageOfPage\":{\"@id\":\"https:\\\/\\\/chileentinieblas.cl\\\/pnj\\\/doctor-sol\\\/#primaryimage\"},\"image\":{\"@id\":\"https:\\\/\\\/chileentinieblas.cl\\\/pnj\\\/doctor-sol\\\/#primaryimage\"},\"thumbnailUrl\":\"https:\\\/\\\/chileentinieblas.cl\\\/wp-content\\\/uploads\\\/2021\\\/04\\\/Francisco-Fernando-del-Sol.jpg\",\"datePublished\":\"2021-04-08T20:20:04+00:00\",\"dateModified\":\"2026-05-14T01:30:36+00:00\",\"breadcrumb\":{\"@id\":\"https:\\\/\\\/chileentinieblas.cl\\\/pnj\\\/doctor-sol\\\/#breadcrumb\"},\"inLanguage\":\"en-US\",\"potentialAction\":[{\"@type\":\"ReadAction\",\"target\":[\"https:\\\/\\\/chileentinieblas.cl\\\/pnj\\\/doctor-sol\\\/\"]}]},{\"@type\":\"ImageObject\",\"inLanguage\":\"en-US\",\"@id\":\"https:\\\/\\\/chileentinieblas.cl\\\/pnj\\\/doctor-sol\\\/#primaryimage\",\"url\":\"https:\\\/\\\/chileentinieblas.cl\\\/wp-content\\\/uploads\\\/2021\\\/04\\\/Francisco-Fernando-del-Sol.jpg\",\"contentUrl\":\"https:\\\/\\\/chileentinieblas.cl\\\/wp-content\\\/uploads\\\/2021\\\/04\\\/Francisco-Fernando-del-Sol.jpg\",\"width\":564,\"height\":749},{\"@type\":\"BreadcrumbList\",\"@id\":\"https:\\\/\\\/chileentinieblas.cl\\\/pnj\\\/doctor-sol\\\/#breadcrumb\",\"itemListElement\":[{\"@type\":\"ListItem\",\"position\":1,\"name\":\"Portada\",\"item\":\"https:\\\/\\\/chileentinieblas.cl\\\/\"},{\"@type\":\"ListItem\",\"position\":2,\"name\":\"PNJs\",\"item\":\"https:\\\/\\\/chileentinieblas.cl\\\/pnj\\\/\"},{\"@type\":\"ListItem\",\"position\":3,\"name\":\"\u00abDoctor Sol\u00bb\"}]},{\"@type\":\"WebSite\",\"@id\":\"https:\\\/\\\/chileentinieblas.cl\\\/#website\",\"url\":\"https:\\\/\\\/chileentinieblas.cl\\\/\",\"name\":\"Chile en Tinieblas\",\"description\":\"Un servidor con mesas de rol de Mundo de Tinieblas\",\"publisher\":{\"@id\":\"https:\\\/\\\/chileentinieblas.cl\\\/#organization\"},\"potentialAction\":[{\"@type\":\"SearchAction\",\"target\":{\"@type\":\"EntryPoint\",\"urlTemplate\":\"https:\\\/\\\/chileentinieblas.cl\\\/?s={search_term_string}\"},\"query-input\":{\"@type\":\"PropertyValueSpecification\",\"valueRequired\":true,\"valueName\":\"search_term_string\"}}],\"inLanguage\":\"en-US\"},{\"@type\":\"Organization\",\"@id\":\"https:\\\/\\\/chileentinieblas.cl\\\/#organization\",\"name\":\"Chile en Tinieblas\",\"url\":\"https:\\\/\\\/chileentinieblas.cl\\\/\",\"logo\":{\"@type\":\"ImageObject\",\"inLanguage\":\"en-US\",\"@id\":\"https:\\\/\\\/chileentinieblas.cl\\\/#\\\/schema\\\/logo\\\/image\\\/\",\"url\":\"https:\\\/\\\/chileentinieblas.cl\\\/wp-content\\\/uploads\\\/2021\\\/12\\\/logo-cet-claro.png\",\"contentUrl\":\"https:\\\/\\\/chileentinieblas.cl\\\/wp-content\\\/uploads\\\/2021\\\/12\\\/logo-cet-claro.png\",\"width\":1001,\"height\":1030,\"caption\":\"Chile en Tinieblas\"},\"image\":{\"@id\":\"https:\\\/\\\/chileentinieblas.cl\\\/#\\\/schema\\\/logo\\\/image\\\/\"},\"sameAs\":[\"https:\\\/\\\/www.facebook.com\\\/ChileenTinieblas\",\"https:\\\/\\\/www.instagram.com\\\/chileentinieblas\\\/\",\"https:\\\/\\\/www.youtube.com\\\/@chileentinieblas\",\"https:\\\/\\\/www.tiktok.com\\\/@chileentinieblas\"]}]}<\/script>\n<!-- \/ Yoast SEO plugin. -->","yoast_head_json":{"title":"\"Doctor Sol\" - Chile en Tinieblas","robots":{"index":"index","follow":"follow","max-snippet":"max-snippet:-1","max-image-preview":"max-image-preview:large","max-video-preview":"max-video-preview:-1"},"canonical":"https:\/\/chileentinieblas.cl\/en\/pnj\/doctor-sol\/","og_locale":"en_US","og_type":"article","og_title":"\"Doctor Sol\" - Chile en Tinieblas","og_description":"Informaci\u00f3n P\u00fablica (s\u00ed, originalmente esta era la \u00fanica informaci\u00f3n visible para jugadores) Conocido entre sus pares como &#8220;Doctor Sol&#8221; o como &#8220;Doctor Francisco Fernando del Sol&#8220;, fue uno de los cient\u00edficos a cargo de una instalaci\u00f3n de experimentaci\u00f3n humana secreta por Vi\u00f1a del Mar entre los a\u00f1os 1985 y 1995, cuando un evento parad\u00f3jico expuls\u00f3 [&hellip;]","og_url":"https:\/\/chileentinieblas.cl\/en\/pnj\/doctor-sol\/","og_site_name":"Chile en Tinieblas","article_publisher":"https:\/\/www.facebook.com\/ChileenTinieblas","article_modified_time":"2026-05-14T01:30:36+00:00","og_image":[{"width":564,"height":749,"url":"https:\/\/chileentinieblas.cl\/wp-content\/uploads\/2021\/04\/Francisco-Fernando-del-Sol.jpg","type":"image\/jpeg"}],"twitter_card":"summary_large_image","twitter_misc":{"Est. reading time":"4 minutes"},"schema":{"@context":"https:\/\/schema.org","@graph":[{"@type":"WebPage","@id":"https:\/\/chileentinieblas.cl\/pnj\/doctor-sol\/","url":"https:\/\/chileentinieblas.cl\/pnj\/doctor-sol\/","name":"\"Doctor Sol\" - Chile en Tinieblas","isPartOf":{"@id":"https:\/\/chileentinieblas.cl\/#website"},"primaryImageOfPage":{"@id":"https:\/\/chileentinieblas.cl\/pnj\/doctor-sol\/#primaryimage"},"image":{"@id":"https:\/\/chileentinieblas.cl\/pnj\/doctor-sol\/#primaryimage"},"thumbnailUrl":"https:\/\/chileentinieblas.cl\/wp-content\/uploads\/2021\/04\/Francisco-Fernando-del-Sol.jpg","datePublished":"2021-04-08T20:20:04+00:00","dateModified":"2026-05-14T01:30:36+00:00","breadcrumb":{"@id":"https:\/\/chileentinieblas.cl\/pnj\/doctor-sol\/#breadcrumb"},"inLanguage":"en-US","potentialAction":[{"@type":"ReadAction","target":["https:\/\/chileentinieblas.cl\/pnj\/doctor-sol\/"]}]},{"@type":"ImageObject","inLanguage":"en-US","@id":"https:\/\/chileentinieblas.cl\/pnj\/doctor-sol\/#primaryimage","url":"https:\/\/chileentinieblas.cl\/wp-content\/uploads\/2021\/04\/Francisco-Fernando-del-Sol.jpg","contentUrl":"https:\/\/chileentinieblas.cl\/wp-content\/uploads\/2021\/04\/Francisco-Fernando-del-Sol.jpg","width":564,"height":749},{"@type":"BreadcrumbList","@id":"https:\/\/chileentinieblas.cl\/pnj\/doctor-sol\/#breadcrumb","itemListElement":[{"@type":"ListItem","position":1,"name":"Portada","item":"https:\/\/chileentinieblas.cl\/"},{"@type":"ListItem","position":2,"name":"PNJs","item":"https:\/\/chileentinieblas.cl\/pnj\/"},{"@type":"ListItem","position":3,"name":"\u00abDoctor Sol\u00bb"}]},{"@type":"WebSite","@id":"https:\/\/chileentinieblas.cl\/#website","url":"https:\/\/chileentinieblas.cl\/","name":"Chile en Tinieblas","description":"Un servidor con mesas de rol de Mundo de Tinieblas","publisher":{"@id":"https:\/\/chileentinieblas.cl\/#organization"},"potentialAction":[{"@type":"SearchAction","target":{"@type":"EntryPoint","urlTemplate":"https:\/\/chileentinieblas.cl\/?s={search_term_string}"},"query-input":{"@type":"PropertyValueSpecification","valueRequired":true,"valueName":"search_term_string"}}],"inLanguage":"en-US"},{"@type":"Organization","@id":"https:\/\/chileentinieblas.cl\/#organization","name":"Chile en Tinieblas","url":"https:\/\/chileentinieblas.cl\/","logo":{"@type":"ImageObject","inLanguage":"en-US","@id":"https:\/\/chileentinieblas.cl\/#\/schema\/logo\/image\/","url":"https:\/\/chileentinieblas.cl\/wp-content\/uploads\/2021\/12\/logo-cet-claro.png","contentUrl":"https:\/\/chileentinieblas.cl\/wp-content\/uploads\/2021\/12\/logo-cet-claro.png","width":1001,"height":1030,"caption":"Chile en Tinieblas"},"image":{"@id":"https:\/\/chileentinieblas.cl\/#\/schema\/logo\/image\/"},"sameAs":["https:\/\/www.facebook.com\/ChileenTinieblas","https:\/\/www.instagram.com\/chileentinieblas\/","https:\/\/www.youtube.com\/@chileentinieblas","https:\/\/www.tiktok.com\/@chileentinieblas"]}]}},"jetpack_sharing_enabled":true,"_links":{"self":[{"href":"https:\/\/chileentinieblas.cl\/en\/wp-json\/wp\/v2\/pnj\/757","targetHints":{"allow":["GET"]}}],"collection":[{"href":"https:\/\/chileentinieblas.cl\/en\/wp-json\/wp\/v2\/pnj"}],"about":[{"href":"https:\/\/chileentinieblas.cl\/en\/wp-json\/wp\/v2\/types\/pnj"}],"author":[{"embeddable":true,"href":"https:\/\/chileentinieblas.cl\/en\/wp-json\/wp\/v2\/users\/19"}],"wp:featuredmedia":[{"embeddable":true,"href":"https:\/\/chileentinieblas.cl\/en\/wp-json\/wp\/v2\/media\/781"}],"wp:attachment":[{"href":"https:\/\/chileentinieblas.cl\/en\/wp-json\/wp\/v2\/media?parent=757"}],"wp:term":[{"taxonomy":"post_tag","embeddable":true,"href":"https:\/\/chileentinieblas.cl\/en\/wp-json\/wp\/v2\/tags?post=757"},{"taxonomy":"faccion","embeddable":true,"href":"https:\/\/chileentinieblas.cl\/en\/wp-json\/wp\/v2\/faccion?post=757"}],"curies":[{"name":"wp","href":"https:\/\/api.w.org\/{rel}","templated":true}]}}