{"id":7413,"date":"2026-01-15T04:15:04","date_gmt":"2026-01-15T04:15:04","guid":{"rendered":"https:\/\/chileentinieblas.cl\/?post_type=pnj&#038;p=7413"},"modified":"2026-01-15T04:15:05","modified_gmt":"2026-01-15T04:15:05","slug":"gloria-la-centinela-ruiz","status":"publish","type":"pnj","link":"https:\/\/chileentinieblas.cl\/en\/pnj\/gloria-la-centinela-ruiz\/","title":{"rendered":"Gloria &#8220;La Centinela&#8221; Ruiz"},"content":{"rendered":"<p class=\"wp-block-paragraph\"><strong>Rol:<\/strong>&nbsp;Encargada de Trabajos de Defensa y Seguridad.<\/p>\n\n\n\n<p class=\"wp-block-paragraph\"><strong>M\u00e9todo de Trabajo:<\/strong><\/p>\n\n\n\n<ul class=\"wp-block-list\">\n<li><strong>Protecci\u00f3n de zonas sensibles:<\/strong><br><strong>La Centinela<\/strong>\u00a0organiza y lidera las operaciones de defensa de \u00e1reas cr\u00edticas de\u00a0<a href=\"https:\/\/chileentinieblas.cl\/en\/localidad\/bajos-de-mena\/\"><strong>Bajos de Mena<\/strong>.<\/a>\u00a0Esto incluye enfrentarse a\u00a0<strong>invasiones<\/strong>\u00a0de bandas rivales, y proteger zonas de alta importancia ante\u00a0<strong>quiebres de tregua<\/strong>\u00a0entre grupos criminales.<\/li>\n\n\n\n<li><strong>Custodia de objetivos humanos:<\/strong><br>Otro aspecto de su rol es la\u00a0<strong>protecci\u00f3n de individuos clave<\/strong>:\u00a0<strong>Testigos<\/strong>,\u00a0<strong>refugiados<\/strong>,\u00a0<strong>mensajeros<\/strong>\u00a0o personas de\u00a0<strong>valor simb\u00f3lico<\/strong>. La seguridad de estas personas se maneja con extrema cautela y se asegura que no caigan en manos equivocadas.<\/li>\n\n\n\n<li><strong>Presencia disuasiva:<\/strong><br><strong>La Centinela<\/strong>\u00a0y sus asociados realizan patrullajes y\u00a0<strong>presencia disuasiva<\/strong>\u00a0en lugares clave, como\u00a0<strong>ferias<\/strong>,\u00a0<strong>plazas<\/strong>\u00a0o\u00a0<strong>calles estrat\u00e9gicas<\/strong>\u00a0donde la tensi\u00f3n podr\u00eda escalar a violencia. Su sola presencia calma los \u00e1nimos y, si es necesario, su intervenci\u00f3n puede dar paso a una fuerza imparable para restablecer el orden.<\/li>\n\n\n\n<li><strong>Rescate de territorio perdido:<\/strong><br>En ocasiones,\u00a0<strong>La Centinela<\/strong>\u00a0lidera operaciones para\u00a0<strong>recuperar territorio perdido<\/strong>\u00a0debido a cacer\u00edas fallidas o\u00a0<strong>conflictos urbanos<\/strong>. La estrategia de recaptura de zonas es vital para mantener el control en\u00a0<strong><a href=\"https:\/\/chileentinieblas.cl\/en\/localidad\/bajos-de-mena\/\">Bajos de Mena<\/a><\/strong>, y ella no duda en utilizar todos los recursos necesarios.<\/li>\n<\/ul>\n\n\n\n<p class=\"wp-block-paragraph\"><\/p>\n\n\n\n<p class=\"wp-block-paragraph\"><strong>Gloria Ruiz<\/strong>, alias&nbsp;<strong>La Centinela<\/strong>, es una figura imponente en&nbsp;<strong><a href=\"https:\/\/chileentinieblas.cl\/en\/localidad\/bajos-de-mena\/\">Bajos de Mena<\/a><\/strong>, donde su presencia es sin\u00f3nimo de orden y protecci\u00f3n. Antigua&nbsp;<strong>l\u00edder barrial<\/strong>, ha sido&nbsp;<strong>temida por narcotraficantes<\/strong>&nbsp;y&nbsp;<strong>respetada por Cazadores<\/strong>&nbsp;debido a su&nbsp;<strong>estrategia y fortaleza<\/strong>. Su voz firme y mirada decidida reflejan los a\u00f1os que ha pasado en las calles, enfrent\u00e1ndose a todo tipo de amenazas. No acepta trabajos mal pagados ni misiones sin justificaci\u00f3n, pues su&nbsp;<strong>lealtad<\/strong>&nbsp;a la causa es lo que la impulsa a actuar.<\/p>\n\n\n\n<p class=\"wp-block-paragraph\"><strong>La Centinela<\/strong>&nbsp;lidera las&nbsp;<strong>operaciones de defensa y seguridad<\/strong>&nbsp;de la&nbsp;<strong><a href=\"https:\/\/chileentinieblas.cl\/en\/agrupaciones\/escuela-de-la-guardia-del-alba-ega\/\">EGA<\/a><\/strong>, manteniendo el control tanto sobre las&nbsp;<strong>amenazas humanas<\/strong>&nbsp;como sobre las&nbsp;<strong>sobrenaturales<\/strong>. Cuando no hay criaturas acechando, son los&nbsp;<strong>hombres armados<\/strong>&nbsp;y las&nbsp;<strong>bandas rivales<\/strong>&nbsp;los que representan el peligro. Ella se encarga de proteger&nbsp;<strong>zonas sensibles<\/strong>&nbsp;de Bajos de Mena, gestionar la&nbsp;<strong>custodia de objetivos humanos importantes<\/strong>&nbsp;y garantizar la&nbsp;<strong>presencia disuasiva<\/strong>&nbsp;en puntos estrat\u00e9gicos. Su habilidad para mantener el orden y la calma en un barrio en constante conflicto es lo que la convierte en una l\u00edder respetada.<\/p>\n\n\n\n<p class=\"wp-block-paragraph\">Los trabajos de defensa son gestionados de manera&nbsp;<strong>discreta<\/strong>, y la&nbsp;<a href=\"https:\/\/chileentinieblas.cl\/en\/agrupaciones\/escuela-de-la-guardia-del-alba-ega\/\"><strong>EGA<\/strong>&nbsp;<\/a>recibe una&nbsp;<strong>comisi\u00f3n<\/strong>&nbsp;por la&nbsp;<strong>intermediaci\u00f3n y el equipo log\u00edstico<\/strong>&nbsp;utilizado. Sin embargo, el verdadero&nbsp;<strong>pago<\/strong>&nbsp;para&nbsp;<strong>La Centinela<\/strong>&nbsp;y sus asociados va m\u00e1s all\u00e1 de lo econ\u00f3mico. Los Cazadores y aliados que participan en las misiones reciben su compensaci\u00f3n, ya sea en&nbsp;<strong>dinero<\/strong>,&nbsp;<strong>informaci\u00f3n<\/strong>,&nbsp;<strong>armamento<\/strong>&nbsp;o&nbsp;<strong>favores<\/strong>. Para&nbsp;<strong>La Centinela<\/strong>, la&nbsp;<strong>protecci\u00f3n mutua<\/strong>&nbsp;y el&nbsp;<strong>compromiso<\/strong>&nbsp;son lo que realmente importa, y esa es la verdadera recompensa de su trabajo.<\/p>\n\n\n\n<p class=\"has-text-align-center wp-block-paragraph\">\u201cNo se protege por plata. Se protege porque alguien lo har\u00eda por ti.\u201d<\/p>","protected":false},"author":36,"featured_media":7411,"template":"","tags":[200,255],"faccion":[54],"class_list":["post-7413","pnj","type-pnj","status-publish","has-post-thumbnail","hentry","tag-cazador-la-venganza","tag-escuela-de-la-guardia-del-alba","faccion-cazador-la-venganza"],"acf":{"fecha":"","estatus":"Activo","ficha_del_personaje":"","aspecto":"","interpretacion":"","informacion_privada":"","mapa_de_kumu_u_otro_embed":""},"yoast_head":"<!-- This site is optimized with the Yoast SEO plugin v28.4 - https:\/\/yoast.com\/product\/yoast-seo-wordpress\/ -->\n<title>Gloria &quot;La Centinela&quot; Ruiz - Chile en Tinieblas<\/title>\n<meta name=\"robots\" content=\"index, follow, max-snippet:-1, max-image-preview:large, max-video-preview:-1\" \/>\n<link rel=\"canonical\" href=\"https:\/\/chileentinieblas.cl\/en\/pnj\/gloria-la-centinela-ruiz\/\" \/>\n<meta property=\"og:locale\" content=\"en_US\" \/>\n<meta property=\"og:type\" content=\"article\" \/>\n<meta property=\"og:title\" content=\"Gloria &quot;La Centinela&quot; Ruiz - Chile en Tinieblas\" \/>\n<meta property=\"og:description\" content=\"Rol:&nbsp;Encargada de Trabajos de Defensa y Seguridad. M\u00e9todo de Trabajo: Gloria Ruiz, alias&nbsp;La Centinela, es una figura imponente en&nbsp;Bajos de Mena, donde su presencia es sin\u00f3nimo de orden y protecci\u00f3n. Antigua&nbsp;l\u00edder barrial, ha sido&nbsp;temida por narcotraficantes&nbsp;y&nbsp;respetada por Cazadores&nbsp;debido a su&nbsp;estrategia y fortaleza. Su voz firme y mirada decidida reflejan los a\u00f1os que ha pasado en [&hellip;]\" \/>\n<meta property=\"og:url\" content=\"https:\/\/chileentinieblas.cl\/en\/pnj\/gloria-la-centinela-ruiz\/\" \/>\n<meta property=\"og:site_name\" content=\"Chile en Tinieblas\" \/>\n<meta property=\"article:publisher\" content=\"https:\/\/www.facebook.com\/ChileenTinieblas\" \/>\n<meta property=\"article:modified_time\" content=\"2026-01-15T04:15:05+00:00\" \/>\n<meta property=\"og:image\" content=\"https:\/\/chileentinieblas.cl\/wp-content\/uploads\/2026\/01\/ChatGPT-Image-15-ene-2026-01_00_11-a.m-683x1024.png\" \/>\n\t<meta property=\"og:image:width\" content=\"683\" \/>\n\t<meta property=\"og:image:height\" content=\"1024\" \/>\n\t<meta property=\"og:image:type\" content=\"image\/png\" \/>\n<meta name=\"twitter:card\" content=\"summary_large_image\" \/>\n<meta name=\"twitter:label1\" content=\"Est. reading time\" \/>\n\t<meta name=\"twitter:data1\" content=\"3 minutes\" \/>\n<script type=\"application\/ld+json\" class=\"yoast-schema-graph\">{\"@context\":\"https:\\\/\\\/schema.org\",\"@graph\":[{\"@type\":\"WebPage\",\"@id\":\"https:\\\/\\\/chileentinieblas.cl\\\/pnj\\\/gloria-la-centinela-ruiz\\\/\",\"url\":\"https:\\\/\\\/chileentinieblas.cl\\\/pnj\\\/gloria-la-centinela-ruiz\\\/\",\"name\":\"Gloria \\\"La Centinela\\\" Ruiz - Chile en Tinieblas\",\"isPartOf\":{\"@id\":\"https:\\\/\\\/chileentinieblas.cl\\\/#website\"},\"primaryImageOfPage\":{\"@id\":\"https:\\\/\\\/chileentinieblas.cl\\\/pnj\\\/gloria-la-centinela-ruiz\\\/#primaryimage\"},\"image\":{\"@id\":\"https:\\\/\\\/chileentinieblas.cl\\\/pnj\\\/gloria-la-centinela-ruiz\\\/#primaryimage\"},\"thumbnailUrl\":\"https:\\\/\\\/chileentinieblas.cl\\\/wp-content\\\/uploads\\\/2026\\\/01\\\/ChatGPT-Image-15-ene-2026-01_00_11-a.m.png\",\"datePublished\":\"2026-01-15T04:15:04+00:00\",\"dateModified\":\"2026-01-15T04:15:05+00:00\",\"breadcrumb\":{\"@id\":\"https:\\\/\\\/chileentinieblas.cl\\\/pnj\\\/gloria-la-centinela-ruiz\\\/#breadcrumb\"},\"inLanguage\":\"en-US\",\"potentialAction\":[{\"@type\":\"ReadAction\",\"target\":[\"https:\\\/\\\/chileentinieblas.cl\\\/pnj\\\/gloria-la-centinela-ruiz\\\/\"]}]},{\"@type\":\"ImageObject\",\"inLanguage\":\"en-US\",\"@id\":\"https:\\\/\\\/chileentinieblas.cl\\\/pnj\\\/gloria-la-centinela-ruiz\\\/#primaryimage\",\"url\":\"https:\\\/\\\/chileentinieblas.cl\\\/wp-content\\\/uploads\\\/2026\\\/01\\\/ChatGPT-Image-15-ene-2026-01_00_11-a.m.png\",\"contentUrl\":\"https:\\\/\\\/chileentinieblas.cl\\\/wp-content\\\/uploads\\\/2026\\\/01\\\/ChatGPT-Image-15-ene-2026-01_00_11-a.m.png\",\"width\":1024,\"height\":1536},{\"@type\":\"BreadcrumbList\",\"@id\":\"https:\\\/\\\/chileentinieblas.cl\\\/pnj\\\/gloria-la-centinela-ruiz\\\/#breadcrumb\",\"itemListElement\":[{\"@type\":\"ListItem\",\"position\":1,\"name\":\"Portada\",\"item\":\"https:\\\/\\\/chileentinieblas.cl\\\/\"},{\"@type\":\"ListItem\",\"position\":2,\"name\":\"PNJs\",\"item\":\"https:\\\/\\\/chileentinieblas.cl\\\/pnj\\\/\"},{\"@type\":\"ListItem\",\"position\":3,\"name\":\"Gloria &#8220;La Centinela&#8221; Ruiz\"}]},{\"@type\":\"WebSite\",\"@id\":\"https:\\\/\\\/chileentinieblas.cl\\\/#website\",\"url\":\"https:\\\/\\\/chileentinieblas.cl\\\/\",\"name\":\"Chile en Tinieblas\",\"description\":\"Un servidor con mesas de rol de Mundo de Tinieblas\",\"publisher\":{\"@id\":\"https:\\\/\\\/chileentinieblas.cl\\\/#organization\"},\"potentialAction\":[{\"@type\":\"SearchAction\",\"target\":{\"@type\":\"EntryPoint\",\"urlTemplate\":\"https:\\\/\\\/chileentinieblas.cl\\\/?s={search_term_string}\"},\"query-input\":{\"@type\":\"PropertyValueSpecification\",\"valueRequired\":true,\"valueName\":\"search_term_string\"}}],\"inLanguage\":\"en-US\"},{\"@type\":\"Organization\",\"@id\":\"https:\\\/\\\/chileentinieblas.cl\\\/#organization\",\"name\":\"Chile en Tinieblas\",\"url\":\"https:\\\/\\\/chileentinieblas.cl\\\/\",\"logo\":{\"@type\":\"ImageObject\",\"inLanguage\":\"en-US\",\"@id\":\"https:\\\/\\\/chileentinieblas.cl\\\/#\\\/schema\\\/logo\\\/image\\\/\",\"url\":\"https:\\\/\\\/chileentinieblas.cl\\\/wp-content\\\/uploads\\\/2021\\\/12\\\/logo-cet-claro.png\",\"contentUrl\":\"https:\\\/\\\/chileentinieblas.cl\\\/wp-content\\\/uploads\\\/2021\\\/12\\\/logo-cet-claro.png\",\"width\":1001,\"height\":1030,\"caption\":\"Chile en Tinieblas\"},\"image\":{\"@id\":\"https:\\\/\\\/chileentinieblas.cl\\\/#\\\/schema\\\/logo\\\/image\\\/\"},\"sameAs\":[\"https:\\\/\\\/www.facebook.com\\\/ChileenTinieblas\",\"https:\\\/\\\/www.instagram.com\\\/chileentinieblas\\\/\",\"https:\\\/\\\/www.youtube.com\\\/@chileentinieblas\",\"https:\\\/\\\/www.tiktok.com\\\/@chileentinieblas\"]}]}<\/script>\n<!-- \/ Yoast SEO plugin. -->","yoast_head_json":{"title":"Gloria \"La Centinela\" Ruiz - Chile en Tinieblas","robots":{"index":"index","follow":"follow","max-snippet":"max-snippet:-1","max-image-preview":"max-image-preview:large","max-video-preview":"max-video-preview:-1"},"canonical":"https:\/\/chileentinieblas.cl\/en\/pnj\/gloria-la-centinela-ruiz\/","og_locale":"en_US","og_type":"article","og_title":"Gloria \"La Centinela\" Ruiz - Chile en Tinieblas","og_description":"Rol:&nbsp;Encargada de Trabajos de Defensa y Seguridad. M\u00e9todo de Trabajo: Gloria Ruiz, alias&nbsp;La Centinela, es una figura imponente en&nbsp;Bajos de Mena, donde su presencia es sin\u00f3nimo de orden y protecci\u00f3n. Antigua&nbsp;l\u00edder barrial, ha sido&nbsp;temida por narcotraficantes&nbsp;y&nbsp;respetada por Cazadores&nbsp;debido a su&nbsp;estrategia y fortaleza. Su voz firme y mirada decidida reflejan los a\u00f1os que ha pasado en [&hellip;]","og_url":"https:\/\/chileentinieblas.cl\/en\/pnj\/gloria-la-centinela-ruiz\/","og_site_name":"Chile en Tinieblas","article_publisher":"https:\/\/www.facebook.com\/ChileenTinieblas","article_modified_time":"2026-01-15T04:15:05+00:00","og_image":[{"width":683,"height":1024,"url":"https:\/\/chileentinieblas.cl\/wp-content\/uploads\/2026\/01\/ChatGPT-Image-15-ene-2026-01_00_11-a.m-683x1024.png","type":"image\/png"}],"twitter_card":"summary_large_image","twitter_misc":{"Est. reading time":"3 minutes"},"schema":{"@context":"https:\/\/schema.org","@graph":[{"@type":"WebPage","@id":"https:\/\/chileentinieblas.cl\/pnj\/gloria-la-centinela-ruiz\/","url":"https:\/\/chileentinieblas.cl\/pnj\/gloria-la-centinela-ruiz\/","name":"Gloria \"La Centinela\" Ruiz - Chile en Tinieblas","isPartOf":{"@id":"https:\/\/chileentinieblas.cl\/#website"},"primaryImageOfPage":{"@id":"https:\/\/chileentinieblas.cl\/pnj\/gloria-la-centinela-ruiz\/#primaryimage"},"image":{"@id":"https:\/\/chileentinieblas.cl\/pnj\/gloria-la-centinela-ruiz\/#primaryimage"},"thumbnailUrl":"https:\/\/chileentinieblas.cl\/wp-content\/uploads\/2026\/01\/ChatGPT-Image-15-ene-2026-01_00_11-a.m.png","datePublished":"2026-01-15T04:15:04+00:00","dateModified":"2026-01-15T04:15:05+00:00","breadcrumb":{"@id":"https:\/\/chileentinieblas.cl\/pnj\/gloria-la-centinela-ruiz\/#breadcrumb"},"inLanguage":"en-US","potentialAction":[{"@type":"ReadAction","target":["https:\/\/chileentinieblas.cl\/pnj\/gloria-la-centinela-ruiz\/"]}]},{"@type":"ImageObject","inLanguage":"en-US","@id":"https:\/\/chileentinieblas.cl\/pnj\/gloria-la-centinela-ruiz\/#primaryimage","url":"https:\/\/chileentinieblas.cl\/wp-content\/uploads\/2026\/01\/ChatGPT-Image-15-ene-2026-01_00_11-a.m.png","contentUrl":"https:\/\/chileentinieblas.cl\/wp-content\/uploads\/2026\/01\/ChatGPT-Image-15-ene-2026-01_00_11-a.m.png","width":1024,"height":1536},{"@type":"BreadcrumbList","@id":"https:\/\/chileentinieblas.cl\/pnj\/gloria-la-centinela-ruiz\/#breadcrumb","itemListElement":[{"@type":"ListItem","position":1,"name":"Portada","item":"https:\/\/chileentinieblas.cl\/"},{"@type":"ListItem","position":2,"name":"PNJs","item":"https:\/\/chileentinieblas.cl\/pnj\/"},{"@type":"ListItem","position":3,"name":"Gloria &#8220;La Centinela&#8221; Ruiz"}]},{"@type":"WebSite","@id":"https:\/\/chileentinieblas.cl\/#website","url":"https:\/\/chileentinieblas.cl\/","name":"Chile en Tinieblas","description":"Un servidor con mesas de rol de Mundo de Tinieblas","publisher":{"@id":"https:\/\/chileentinieblas.cl\/#organization"},"potentialAction":[{"@type":"SearchAction","target":{"@type":"EntryPoint","urlTemplate":"https:\/\/chileentinieblas.cl\/?s={search_term_string}"},"query-input":{"@type":"PropertyValueSpecification","valueRequired":true,"valueName":"search_term_string"}}],"inLanguage":"en-US"},{"@type":"Organization","@id":"https:\/\/chileentinieblas.cl\/#organization","name":"Chile en Tinieblas","url":"https:\/\/chileentinieblas.cl\/","logo":{"@type":"ImageObject","inLanguage":"en-US","@id":"https:\/\/chileentinieblas.cl\/#\/schema\/logo\/image\/","url":"https:\/\/chileentinieblas.cl\/wp-content\/uploads\/2021\/12\/logo-cet-claro.png","contentUrl":"https:\/\/chileentinieblas.cl\/wp-content\/uploads\/2021\/12\/logo-cet-claro.png","width":1001,"height":1030,"caption":"Chile en Tinieblas"},"image":{"@id":"https:\/\/chileentinieblas.cl\/#\/schema\/logo\/image\/"},"sameAs":["https:\/\/www.facebook.com\/ChileenTinieblas","https:\/\/www.instagram.com\/chileentinieblas\/","https:\/\/www.youtube.com\/@chileentinieblas","https:\/\/www.tiktok.com\/@chileentinieblas"]}]}},"jetpack_sharing_enabled":true,"_links":{"self":[{"href":"https:\/\/chileentinieblas.cl\/en\/wp-json\/wp\/v2\/pnj\/7413","targetHints":{"allow":["GET"]}}],"collection":[{"href":"https:\/\/chileentinieblas.cl\/en\/wp-json\/wp\/v2\/pnj"}],"about":[{"href":"https:\/\/chileentinieblas.cl\/en\/wp-json\/wp\/v2\/types\/pnj"}],"author":[{"embeddable":true,"href":"https:\/\/chileentinieblas.cl\/en\/wp-json\/wp\/v2\/users\/36"}],"wp:featuredmedia":[{"embeddable":true,"href":"https:\/\/chileentinieblas.cl\/en\/wp-json\/wp\/v2\/media\/7411"}],"wp:attachment":[{"href":"https:\/\/chileentinieblas.cl\/en\/wp-json\/wp\/v2\/media?parent=7413"}],"wp:term":[{"taxonomy":"post_tag","embeddable":true,"href":"https:\/\/chileentinieblas.cl\/en\/wp-json\/wp\/v2\/tags?post=7413"},{"taxonomy":"faccion","embeddable":true,"href":"https:\/\/chileentinieblas.cl\/en\/wp-json\/wp\/v2\/faccion?post=7413"}],"curies":[{"name":"wp","href":"https:\/\/api.w.org\/{rel}","templated":true}]}}