{"id":7401,"date":"2026-01-15T03:01:16","date_gmt":"2026-01-15T03:01:16","guid":{"rendered":"https:\/\/chileentinieblas.cl\/?post_type=pnj&#038;p=7401"},"modified":"2026-01-15T03:24:53","modified_gmt":"2026-01-15T03:24:53","slug":"rodrigo-el-pacto-silva","status":"publish","type":"pnj","link":"https:\/\/chileentinieblas.cl\/en\/pnj\/rodrigo-el-pacto-silva\/","title":{"rendered":"Rodrigo &#8220;El Pacto&#8221; Silva"},"content":{"rendered":"<p class=\"wp-block-paragraph\"><strong>Rol:<\/strong> Encargado de los Encargos de Caza Externa<\/p>\n\n\n\n<p class=\"wp-block-paragraph\"><strong>M\u00e9todo de Trabajo:<\/strong><\/p>\n\n\n\n<ul class=\"wp-block-list\">\n<li><strong>Encargos:<\/strong> Maneja misiones que van desde la eliminaci\u00f3n de amenazas sobrenaturales hasta la recuperaci\u00f3n de objetos peligrosos.<\/li>\n\n\n\n<li><strong>Comisi\u00f3n:<\/strong> Cada encargo genera una <strong>comisi\u00f3n directa<\/strong> que se destina exclusivamente a la <strong>protecci\u00f3n y mantenimiento<\/strong> de la EGA.<\/li>\n\n\n\n<li><strong>Decisi\u00f3n:<\/strong> Aunque <strong>El Pacto<\/strong> no es un cazador en terreno, su habilidad para evaluar riesgos y cerrar tratos lo hace indispensable para mantener a la escuela operativa.<\/li>\n\n\n\n<li><strong>Objetivo:<\/strong> Mantener la <strong>independencia financiera<\/strong> de la EGA y asegurar que sus estudiantes sigan teniendo los recursos y la protecci\u00f3n necesarios para enfrentarse al mundo sobrenatural.<\/li>\n<\/ul>\n\n\n\n<p class=\"wp-block-paragraph\"><\/p>\n\n\n\n<p class=\"wp-block-paragraph\">En las sombr\u00edas y destartaladas instalaciones de la <strong><a href=\"https:\/\/chileentinieblas.cl\/en\/agrupaciones\/escuela-de-la-guardia-del-alba-ega\/\" data-type=\"agrupaciones\" data-id=\"6439\">EGA<\/a><\/strong>, donde la supervivencia se ense\u00f1a a trav\u00e9s del dolor y la crudeza, <strong>Rodrigo Silva<\/strong>, conocido como <strong>El Pacto<\/strong>, desentona con su presencia. A diferencia de la mayor\u00eda de los miembros de la escuela, \u00e9l es un hombre de <strong>educaci\u00f3n refinada<\/strong> y <strong>elegancia palpable<\/strong>. Siempre vestido de manera impecable, con trajes cuidadosamente elegidos que parecen fuera de lugar entre los muros de concreto y los pasillos mal iluminados, <strong>El Pacto<\/strong> es un hombre que no se deja llevar por el caos del entorno. Su porte, que podr\u00eda recordar a un diplom\u00e1tico o un negociante internacional, contrasta directamente con la est\u00e9tica urbana y desgarrada de la <strong><a href=\"https:\/\/chileentinieblas.cl\/en\/agrupaciones\/escuela-de-la-guardia-del-alba-ega\/\" data-type=\"agrupaciones\" data-id=\"6439\">EGA<\/a><\/strong>.<\/p>\n\n\n\n<p class=\"wp-block-paragraph\">Exnegociador de conflictos para una c\u00e9lula cazadora en el norte del pa\u00eds, <strong>El Pacto<\/strong> tiene una reputaci\u00f3n como un hombre astuto en los negocios y los pactos. Ha cerrado tratos con vampiros, brujas y otros seres sobrenaturales, y siempre ha salido ileso, no solo gracias a su mente afilada, sino tambi\u00e9n a su habilidad para moverse con sutileza en mundos que no entienden de modales. Aunque parece ajeno al caos de la <strong><a href=\"https:\/\/chileentinieblas.cl\/en\/agrupaciones\/escuela-de-la-guardia-del-alba-ega\/\" data-type=\"agrupaciones\" data-id=\"6439\">EGA<\/a><\/strong>, su influencia es vital para la supervivencia de la escuela. A menudo, su presencia parece fuera de lugar, pero su eficacia es innegable.<\/p>\n\n\n\n<p class=\"wp-block-paragraph\"><strong>El Pacto<\/strong> gestiona los <strong>Encargos de Caza Externa<\/strong>, donde particulares, sobrevivientes y hasta organizaciones mafiosas recurren a la <strong><a href=\"https:\/\/chileentinieblas.cl\/en\/agrupaciones\/escuela-de-la-guardia-del-alba-ega\/\" data-type=\"agrupaciones\" data-id=\"6439\">EGA <\/a><\/strong>para tareas delicadas relacionadas con lo sobrenatural. Desde la eliminaci\u00f3n de criaturas hasta la recuperaci\u00f3n de artefactos perdidos, <strong>El Pacto<\/strong> asegura que cada misi\u00f3n sea evaluada cuidadosamente. Los encargos son filtrados seg\u00fan su riesgo y viabilidad, y dependiendo de la naturaleza del trabajo, se asignan a <strong>alumnos avanzados<\/strong>, requieren <strong>apoyo externo<\/strong>, o se rechazan completamente.<\/p>\n\n\n\n<p class=\"has-text-align-center wp-block-paragraph\"><em>&#8220;Si no sabes lo que vale tu vida, alguien m\u00e1s pondr\u00e1 el precio.\u201d<\/em><\/p>","protected":false},"author":36,"featured_media":7402,"template":"","tags":[200,255],"faccion":[54],"class_list":["post-7401","pnj","type-pnj","status-publish","has-post-thumbnail","hentry","tag-cazador-la-venganza","tag-escuela-de-la-guardia-del-alba","faccion-cazador-la-venganza"],"acf":{"fecha":"","estatus":"Activo","ficha_del_personaje":"","aspecto":"","interpretacion":"","informacion_privada":"","mapa_de_kumu_u_otro_embed":""},"yoast_head":"<!-- This site is optimized with the Yoast SEO plugin v28.4 - https:\/\/yoast.com\/product\/yoast-seo-wordpress\/ -->\n<title>Rodrigo &quot;El Pacto&quot; Silva - Chile en Tinieblas<\/title>\n<meta name=\"robots\" content=\"index, follow, max-snippet:-1, max-image-preview:large, max-video-preview:-1\" \/>\n<link rel=\"canonical\" href=\"https:\/\/chileentinieblas.cl\/en\/pnj\/rodrigo-el-pacto-silva\/\" \/>\n<meta property=\"og:locale\" content=\"en_US\" \/>\n<meta property=\"og:type\" content=\"article\" \/>\n<meta property=\"og:title\" content=\"Rodrigo &quot;El Pacto&quot; Silva - Chile en Tinieblas\" \/>\n<meta property=\"og:description\" content=\"Rol: Encargado de los Encargos de Caza Externa M\u00e9todo de Trabajo: En las sombr\u00edas y destartaladas instalaciones de la EGA, donde la supervivencia se ense\u00f1a a trav\u00e9s del dolor y la crudeza, Rodrigo Silva, conocido como El Pacto, desentona con su presencia. A diferencia de la mayor\u00eda de los miembros de la escuela, \u00e9l es [&hellip;]\" \/>\n<meta property=\"og:url\" content=\"https:\/\/chileentinieblas.cl\/en\/pnj\/rodrigo-el-pacto-silva\/\" \/>\n<meta property=\"og:site_name\" content=\"Chile en Tinieblas\" \/>\n<meta property=\"article:publisher\" content=\"https:\/\/www.facebook.com\/ChileenTinieblas\" \/>\n<meta property=\"article:modified_time\" content=\"2026-01-15T03:24:53+00:00\" \/>\n<meta property=\"og:image\" content=\"https:\/\/chileentinieblas.cl\/wp-content\/uploads\/2026\/01\/descarga-12.jpg\" \/>\n\t<meta property=\"og:image:width\" content=\"736\" \/>\n\t<meta property=\"og:image:height\" content=\"1104\" \/>\n\t<meta property=\"og:image:type\" content=\"image\/jpeg\" \/>\n<meta name=\"twitter:card\" content=\"summary_large_image\" \/>\n<meta name=\"twitter:label1\" content=\"Est. reading time\" \/>\n\t<meta name=\"twitter:data1\" content=\"2 minutes\" \/>\n<script type=\"application\/ld+json\" class=\"yoast-schema-graph\">{\"@context\":\"https:\\\/\\\/schema.org\",\"@graph\":[{\"@type\":\"WebPage\",\"@id\":\"https:\\\/\\\/chileentinieblas.cl\\\/pnj\\\/rodrigo-el-pacto-silva\\\/\",\"url\":\"https:\\\/\\\/chileentinieblas.cl\\\/pnj\\\/rodrigo-el-pacto-silva\\\/\",\"name\":\"Rodrigo \\\"El Pacto\\\" Silva - Chile en Tinieblas\",\"isPartOf\":{\"@id\":\"https:\\\/\\\/chileentinieblas.cl\\\/#website\"},\"primaryImageOfPage\":{\"@id\":\"https:\\\/\\\/chileentinieblas.cl\\\/pnj\\\/rodrigo-el-pacto-silva\\\/#primaryimage\"},\"image\":{\"@id\":\"https:\\\/\\\/chileentinieblas.cl\\\/pnj\\\/rodrigo-el-pacto-silva\\\/#primaryimage\"},\"thumbnailUrl\":\"https:\\\/\\\/chileentinieblas.cl\\\/wp-content\\\/uploads\\\/2026\\\/01\\\/descarga-12.jpg\",\"datePublished\":\"2026-01-15T03:01:16+00:00\",\"dateModified\":\"2026-01-15T03:24:53+00:00\",\"breadcrumb\":{\"@id\":\"https:\\\/\\\/chileentinieblas.cl\\\/pnj\\\/rodrigo-el-pacto-silva\\\/#breadcrumb\"},\"inLanguage\":\"en-US\",\"potentialAction\":[{\"@type\":\"ReadAction\",\"target\":[\"https:\\\/\\\/chileentinieblas.cl\\\/pnj\\\/rodrigo-el-pacto-silva\\\/\"]}]},{\"@type\":\"ImageObject\",\"inLanguage\":\"en-US\",\"@id\":\"https:\\\/\\\/chileentinieblas.cl\\\/pnj\\\/rodrigo-el-pacto-silva\\\/#primaryimage\",\"url\":\"https:\\\/\\\/chileentinieblas.cl\\\/wp-content\\\/uploads\\\/2026\\\/01\\\/descarga-12.jpg\",\"contentUrl\":\"https:\\\/\\\/chileentinieblas.cl\\\/wp-content\\\/uploads\\\/2026\\\/01\\\/descarga-12.jpg\",\"width\":736,\"height\":1104},{\"@type\":\"BreadcrumbList\",\"@id\":\"https:\\\/\\\/chileentinieblas.cl\\\/pnj\\\/rodrigo-el-pacto-silva\\\/#breadcrumb\",\"itemListElement\":[{\"@type\":\"ListItem\",\"position\":1,\"name\":\"Portada\",\"item\":\"https:\\\/\\\/chileentinieblas.cl\\\/\"},{\"@type\":\"ListItem\",\"position\":2,\"name\":\"PNJs\",\"item\":\"https:\\\/\\\/chileentinieblas.cl\\\/pnj\\\/\"},{\"@type\":\"ListItem\",\"position\":3,\"name\":\"Rodrigo &#8220;El Pacto&#8221; Silva\"}]},{\"@type\":\"WebSite\",\"@id\":\"https:\\\/\\\/chileentinieblas.cl\\\/#website\",\"url\":\"https:\\\/\\\/chileentinieblas.cl\\\/\",\"name\":\"Chile en Tinieblas\",\"description\":\"Un servidor con mesas de rol de Mundo de Tinieblas\",\"publisher\":{\"@id\":\"https:\\\/\\\/chileentinieblas.cl\\\/#organization\"},\"potentialAction\":[{\"@type\":\"SearchAction\",\"target\":{\"@type\":\"EntryPoint\",\"urlTemplate\":\"https:\\\/\\\/chileentinieblas.cl\\\/?s={search_term_string}\"},\"query-input\":{\"@type\":\"PropertyValueSpecification\",\"valueRequired\":true,\"valueName\":\"search_term_string\"}}],\"inLanguage\":\"en-US\"},{\"@type\":\"Organization\",\"@id\":\"https:\\\/\\\/chileentinieblas.cl\\\/#organization\",\"name\":\"Chile en Tinieblas\",\"url\":\"https:\\\/\\\/chileentinieblas.cl\\\/\",\"logo\":{\"@type\":\"ImageObject\",\"inLanguage\":\"en-US\",\"@id\":\"https:\\\/\\\/chileentinieblas.cl\\\/#\\\/schema\\\/logo\\\/image\\\/\",\"url\":\"https:\\\/\\\/chileentinieblas.cl\\\/wp-content\\\/uploads\\\/2021\\\/12\\\/logo-cet-claro.png\",\"contentUrl\":\"https:\\\/\\\/chileentinieblas.cl\\\/wp-content\\\/uploads\\\/2021\\\/12\\\/logo-cet-claro.png\",\"width\":1001,\"height\":1030,\"caption\":\"Chile en Tinieblas\"},\"image\":{\"@id\":\"https:\\\/\\\/chileentinieblas.cl\\\/#\\\/schema\\\/logo\\\/image\\\/\"},\"sameAs\":[\"https:\\\/\\\/www.facebook.com\\\/ChileenTinieblas\",\"https:\\\/\\\/www.instagram.com\\\/chileentinieblas\\\/\",\"https:\\\/\\\/www.youtube.com\\\/@chileentinieblas\",\"https:\\\/\\\/www.tiktok.com\\\/@chileentinieblas\"]}]}<\/script>\n<!-- \/ Yoast SEO plugin. -->","yoast_head_json":{"title":"Rodrigo \"El Pacto\" Silva - Chile en Tinieblas","robots":{"index":"index","follow":"follow","max-snippet":"max-snippet:-1","max-image-preview":"max-image-preview:large","max-video-preview":"max-video-preview:-1"},"canonical":"https:\/\/chileentinieblas.cl\/en\/pnj\/rodrigo-el-pacto-silva\/","og_locale":"en_US","og_type":"article","og_title":"Rodrigo \"El Pacto\" Silva - Chile en Tinieblas","og_description":"Rol: Encargado de los Encargos de Caza Externa M\u00e9todo de Trabajo: En las sombr\u00edas y destartaladas instalaciones de la EGA, donde la supervivencia se ense\u00f1a a trav\u00e9s del dolor y la crudeza, Rodrigo Silva, conocido como El Pacto, desentona con su presencia. A diferencia de la mayor\u00eda de los miembros de la escuela, \u00e9l es [&hellip;]","og_url":"https:\/\/chileentinieblas.cl\/en\/pnj\/rodrigo-el-pacto-silva\/","og_site_name":"Chile en Tinieblas","article_publisher":"https:\/\/www.facebook.com\/ChileenTinieblas","article_modified_time":"2026-01-15T03:24:53+00:00","og_image":[{"width":736,"height":1104,"url":"https:\/\/chileentinieblas.cl\/wp-content\/uploads\/2026\/01\/descarga-12.jpg","type":"image\/jpeg"}],"twitter_card":"summary_large_image","twitter_misc":{"Est. reading time":"2 minutes"},"schema":{"@context":"https:\/\/schema.org","@graph":[{"@type":"WebPage","@id":"https:\/\/chileentinieblas.cl\/pnj\/rodrigo-el-pacto-silva\/","url":"https:\/\/chileentinieblas.cl\/pnj\/rodrigo-el-pacto-silva\/","name":"Rodrigo \"El Pacto\" Silva - Chile en Tinieblas","isPartOf":{"@id":"https:\/\/chileentinieblas.cl\/#website"},"primaryImageOfPage":{"@id":"https:\/\/chileentinieblas.cl\/pnj\/rodrigo-el-pacto-silva\/#primaryimage"},"image":{"@id":"https:\/\/chileentinieblas.cl\/pnj\/rodrigo-el-pacto-silva\/#primaryimage"},"thumbnailUrl":"https:\/\/chileentinieblas.cl\/wp-content\/uploads\/2026\/01\/descarga-12.jpg","datePublished":"2026-01-15T03:01:16+00:00","dateModified":"2026-01-15T03:24:53+00:00","breadcrumb":{"@id":"https:\/\/chileentinieblas.cl\/pnj\/rodrigo-el-pacto-silva\/#breadcrumb"},"inLanguage":"en-US","potentialAction":[{"@type":"ReadAction","target":["https:\/\/chileentinieblas.cl\/pnj\/rodrigo-el-pacto-silva\/"]}]},{"@type":"ImageObject","inLanguage":"en-US","@id":"https:\/\/chileentinieblas.cl\/pnj\/rodrigo-el-pacto-silva\/#primaryimage","url":"https:\/\/chileentinieblas.cl\/wp-content\/uploads\/2026\/01\/descarga-12.jpg","contentUrl":"https:\/\/chileentinieblas.cl\/wp-content\/uploads\/2026\/01\/descarga-12.jpg","width":736,"height":1104},{"@type":"BreadcrumbList","@id":"https:\/\/chileentinieblas.cl\/pnj\/rodrigo-el-pacto-silva\/#breadcrumb","itemListElement":[{"@type":"ListItem","position":1,"name":"Portada","item":"https:\/\/chileentinieblas.cl\/"},{"@type":"ListItem","position":2,"name":"PNJs","item":"https:\/\/chileentinieblas.cl\/pnj\/"},{"@type":"ListItem","position":3,"name":"Rodrigo &#8220;El Pacto&#8221; Silva"}]},{"@type":"WebSite","@id":"https:\/\/chileentinieblas.cl\/#website","url":"https:\/\/chileentinieblas.cl\/","name":"Chile en Tinieblas","description":"Un servidor con mesas de rol de Mundo de Tinieblas","publisher":{"@id":"https:\/\/chileentinieblas.cl\/#organization"},"potentialAction":[{"@type":"SearchAction","target":{"@type":"EntryPoint","urlTemplate":"https:\/\/chileentinieblas.cl\/?s={search_term_string}"},"query-input":{"@type":"PropertyValueSpecification","valueRequired":true,"valueName":"search_term_string"}}],"inLanguage":"en-US"},{"@type":"Organization","@id":"https:\/\/chileentinieblas.cl\/#organization","name":"Chile en Tinieblas","url":"https:\/\/chileentinieblas.cl\/","logo":{"@type":"ImageObject","inLanguage":"en-US","@id":"https:\/\/chileentinieblas.cl\/#\/schema\/logo\/image\/","url":"https:\/\/chileentinieblas.cl\/wp-content\/uploads\/2021\/12\/logo-cet-claro.png","contentUrl":"https:\/\/chileentinieblas.cl\/wp-content\/uploads\/2021\/12\/logo-cet-claro.png","width":1001,"height":1030,"caption":"Chile en Tinieblas"},"image":{"@id":"https:\/\/chileentinieblas.cl\/#\/schema\/logo\/image\/"},"sameAs":["https:\/\/www.facebook.com\/ChileenTinieblas","https:\/\/www.instagram.com\/chileentinieblas\/","https:\/\/www.youtube.com\/@chileentinieblas","https:\/\/www.tiktok.com\/@chileentinieblas"]}]}},"jetpack_sharing_enabled":true,"_links":{"self":[{"href":"https:\/\/chileentinieblas.cl\/en\/wp-json\/wp\/v2\/pnj\/7401","targetHints":{"allow":["GET"]}}],"collection":[{"href":"https:\/\/chileentinieblas.cl\/en\/wp-json\/wp\/v2\/pnj"}],"about":[{"href":"https:\/\/chileentinieblas.cl\/en\/wp-json\/wp\/v2\/types\/pnj"}],"author":[{"embeddable":true,"href":"https:\/\/chileentinieblas.cl\/en\/wp-json\/wp\/v2\/users\/36"}],"wp:featuredmedia":[{"embeddable":true,"href":"https:\/\/chileentinieblas.cl\/en\/wp-json\/wp\/v2\/media\/7402"}],"wp:attachment":[{"href":"https:\/\/chileentinieblas.cl\/en\/wp-json\/wp\/v2\/media?parent=7401"}],"wp:term":[{"taxonomy":"post_tag","embeddable":true,"href":"https:\/\/chileentinieblas.cl\/en\/wp-json\/wp\/v2\/tags?post=7401"},{"taxonomy":"faccion","embeddable":true,"href":"https:\/\/chileentinieblas.cl\/en\/wp-json\/wp\/v2\/faccion?post=7401"}],"curies":[{"name":"wp","href":"https:\/\/api.w.org\/{rel}","templated":true}]}}