{"id":6947,"date":"2025-10-11T00:35:30","date_gmt":"2025-10-11T00:35:30","guid":{"rendered":"https:\/\/chileentinieblas.cl\/?post_type=pnj&#038;p=6947"},"modified":"2025-10-23T01:55:24","modified_gmt":"2025-10-23T01:55:24","slug":"victoria-gutierrez","status":"publish","type":"pnj","link":"https:\/\/chileentinieblas.cl\/en\/pnj\/victoria-gutierrez\/","title":{"rendered":"Victoria Guti\u00e9rrez"},"content":{"rendered":"<p class=\"wp-block-paragraph\"><strong>Linaje:<\/strong>&nbsp;Sidhe de Oto\u00f1o.<\/p>\n\n\n\n<p class=\"wp-block-paragraph\"><strong>T\u00edtulo:<\/strong>&nbsp;0 (Plebeya).<\/p>\n\n\n\n<p class=\"wp-block-paragraph\"><strong>Casa:<\/strong> Abdicada Daireann.<\/p>\n\n\n\n<p class=\"wp-block-paragraph\"><strong>Corte:<\/strong>&nbsp;Oscura.<\/p>\n\n\n\n<p class=\"wp-block-paragraph\"><strong>Aspecto:<\/strong>&nbsp;Gru\u00f1on.<\/p>\n\n\n\n<h2 class=\"wp-block-heading has-text-align-left\" id=\"h-historia-del-personaje\"><strong>Historia del Personaje<\/strong><br><\/h2>\n\n\n\n<p class=\"wp-block-paragraph\">Victoria Guti\u00e9rrez, tambi\u00e9n conocida como <strong>la Dama de Gris<\/strong>, fue farmac\u00e9utica y antigua baronesa de la casa Daireann. Anta\u00f1o era una mujer que brillaba en la corte, disfrutando de los debates con sus pares y siendo part\u00edcipe de los juegos pol\u00edticos. Era vista como un adversario y una figura prominente entre las hadas. Aquellos que la miraban, y m\u00e1s a\u00fan quienes la amaban, ve\u00edan en ella unos ojos ardientes de pasi\u00f3n y anhelo; su mirada no reflejaba codicia ni ambici\u00f3n, sino un alma que ard\u00eda en la emoci\u00f3n de la pol\u00edtica y el desaf\u00edo. No fue hasta 1973 que todo cambi\u00f3.<\/p>\n\n\n\n<p class=\"wp-block-paragraph\">Con la ca\u00edda del gobierno de Allende y el inicio de la dictadura, las hadas se enfrentaron a duras pruebas, siendo asediadas por la creciente oleada de banalidad y por los colmillos de las serpientes que intentaron hacerse con el poder.<\/p>\n\n\n\n<p class=\"wp-block-paragraph\">Victoria luch\u00f3 m\u00e1s all\u00e1 de lo que muchas hadas habr\u00edan intentado. Vio a camaradas morir, hermanos sufrir el deshacer y plebeyos llorar por la p\u00e9rdida de so\u00f1adores y familiares. Protegi\u00f3 a quienes estaban perdidos y cuid\u00f3 a refugiados del r\u00e9gimen, pero cada acto de maldad y cada escena de dolor fueron gotas de agua que, una a una, apaciguaron la llama que en ella habitaba.<\/p>\n\n\n\n<p class=\"wp-block-paragraph\">Tras tantas p\u00e9rdidas y conflictos, llegado 1990, los Kithain celebraron el fin de a\u00f1os de terror y opresi\u00f3n. Pero para Victoria, las heridas de aquellos a\u00f1os fueron mucho m\u00e1s de lo que su alma pod\u00eda soportar. Sus ojos, cansados y demacrados, hab\u00edan perdido aquel fuego. Ahora su luz yac\u00eda tenue y ofuscada.<\/p>\n\n\n\n<p class=\"wp-block-paragraph\">Cuando las hadas comenzaron a reorganizarse y el rey Iv\u00e1n instaur\u00f3 el orden entre la nobleza, Victoria, quien hab\u00eda dado todo fervientemente por los suyos, se present\u00f3 ante \u00e9l al ser llamada. El rey le ofreci\u00f3 una recompensa por sus servicios: le conceder\u00eda un deseo dentro de sus capacidades.<\/p>\n\n\n\n<p class=\"wp-block-paragraph\">Para sorpresa y tristeza de muchos, Victoria pidi\u00f3 que le permitiesen abdicar su t\u00edtulo. Con el permiso y la bendici\u00f3n del rey, se retir\u00f3 para pasar sus \u00faltimos a\u00f1os como plebeya, pero, por encima de todo aquello, como una hero\u00edna para su gente.<\/p>\n\n\n\n<h2 class=\"wp-block-heading\" id=\"h-una-nueva-chispa\">Una nueva chispa<\/h2>\n\n\n\n<p class=\"wp-block-paragraph\">Los a\u00f1os siguientes fueron grises para Victoria. Los vientos del invierno no parec\u00edan retroceder, y la banalidad, que ya hab\u00eda calado en su alma, poco a poco le estaba dando un final seguro. Pese a la inevitable tragedia, pod\u00eda descansar en paz, sabiendo que ya hab\u00eda cumplido su deber&#8230; o eso fue lo que lleg\u00f3 a creer.<\/p>\n\n\n\n<p class=\"wp-block-paragraph\">Fue un d\u00eda de primavera, en el a\u00f1o 1995, cuando las nieblas ya le hac\u00edan olvidar todas aquellas cosas que tanto am\u00f3, que ocurri\u00f3 un milagro. El peque\u00f1o hijo de sus vecinos, con apenas seis a\u00f1os, rompi\u00f3 cris\u00e1lida. Aquella explosi\u00f3n de Glamour despej\u00f3 las nieblas que la reclamaban, dot\u00e1ndola de vida y sue\u00f1os una vez m\u00e1s. Cuando acudi\u00f3 junto al peque\u00f1o, lo vio con l\u00e1grimas en los ojos y el miedo que solo un reci\u00e9n despertado podr\u00eda sentir. Fue cuando sus ojos se encontraron, cuando ese peque\u00f1o la vio y, en su mirada, se reflej\u00f3 la esperanza: la chispa perdida se encendi\u00f3.<\/p>\n\n\n\n<p class=\"wp-block-paragraph\">Tras ella, m\u00e1s Kithain llegaron: plebeyos que buscaban a un nuevo primo, tratando de proteger aquel milagro reci\u00e9n renacido. Aquellos plebeyos, cuando la vieron, al inicio pensaron que se trataba de una noble. La aclamaron, creyendo que hab\u00edan vuelto por ellos, que ahora no tendr\u00edan que luchar solos contra la banalidad. All\u00ed Victoria se enter\u00f3 de la tr\u00e1gica realidad de la que hab\u00eda sido ignorante.<\/p>\n\n\n\n<p class=\"wp-block-paragraph\">Tras todos esos a\u00f1os, los nobles y los plebeyos hab\u00edan ensanchado sus grietas, dejando tan marcadas sus diferencias y estatus que muchos, como el grupo que hab\u00eda llegado con ella, eran ignorados y abandonados a su suerte.<\/p>\n\n\n\n<p class=\"wp-block-paragraph\">Entre aquellas hadas, algunos hab\u00edan sufrido a manos de los mismos nobles de los que ella alguna vez hab\u00eda formado parte. En un principio intent\u00f3 regresar a la corte, exigiendo respuestas sobre el abandono de aquellas hadas, pero entre sus antiguos pares solo encontr\u00f3 desinter\u00e9s y apat\u00eda.<\/p>\n\n\n\n<p class=\"wp-block-paragraph\">Convencida de que nadie ayudar\u00eda a los plebeyos, Victoria tom\u00f3 una decisi\u00f3n:<br>\u201cSi nadie est\u00e1 dispuesto a dar el primer paso, entonces ser\u00e9 yo quien lo d\u00e9\u201d.<\/p>\n\n\n\n<p class=\"wp-block-paragraph\">Aquel d\u00eda, un juramento fue pronunciado, y con una promesa recitada ante el mismo ensue\u00f1o, las flamas de aquellos ojos apagados se encendieron una vez m\u00e1s.<\/p>\n\n\n\n<h2 class=\"wp-block-heading\" id=\"h-rosas-grises-y-lirios-dorados\">Rosas Grises y Lirios Dorados<\/h2>\n\n\n\n<p class=\"wp-block-paragraph\">Varios a\u00f1os pasaron en una ardua e interminable lucha contra el invierno. La noticia de la ruptura del Edicto de Plata y la subsiguiente aparici\u00f3n de los Thallain solo logr\u00f3 agravar a\u00fan m\u00e1s la dif\u00edcil situaci\u00f3n que viv\u00edan las hadas plebeyas. Pese a todos los contratiempos, Victoria no se rindi\u00f3 y, en 2012, tras haber reunido varias cuadrillas y so\u00f1adores, instauraron el <strong>Frente Popular Plebeyo por la Conservaci\u00f3n del Barrio (FREPOPCOB)<\/strong>, ubicado en el sector de Rep\u00fablica, en el barrio Concha y Toro.<\/p>\n\n\n\n<p class=\"wp-block-paragraph\">Junto a quienes la segu\u00edan en su lucha, lograron crear su primer y \u00fanico basti\u00f3n contra la banalidad: un hogar para quienes buscaran descanso y un s\u00edmbolo de la unidad del pueblo: el feudo <strong>\u201cLos Restauradores del Oto\u00f1o\u201d<\/strong>.<\/p>\n\n\n\n<p class=\"wp-block-paragraph\">As\u00ed, codo a codo junto al FREPOPCOB, comenzaron a trabajar entre las organizaciones barriales de Concha y Toro, cuidando el patrimonio del lugar y restaurando viejas fachadas. De forma clandestina, intentar\u00edan fomentar la creaci\u00f3n de nuevos espacios donde floreciera el Glamour.<\/p>\n\n\n\n<p class=\"wp-block-paragraph\">Hoy en d\u00eda, el Frente contin\u00faa su lucha por salvaguardar a los plebeyos perdidos y crear nuevos espacios donde todos puedan inspirar y enso\u00f1ar. Lo que solo los miembros m\u00e1s cercanos a Victoria saben es que, desde mediados de 2021, el Frente consigui\u00f3 un inesperado y grato patrocinador: un nuevo y misterioso feudo que hizo una repentina e inadvertida aparici\u00f3n, ubicado en una tienda reci\u00e9n llegada llamada <strong>Nana\u2019s Tea<\/strong>.<\/p>\n\n\n\n<p class=\"wp-block-paragraph\"><\/p>","protected":false},"author":32,"featured_media":6948,"template":"","tags":[163,202],"faccion":[56,112,161],"class_list":["post-6947","pnj","type-pnj","status-publish","has-post-thumbnail","hentry","tag-changeling","tag-kithains","faccion-changeling-el-ensueno","faccion-kithains","faccion-sidhe-de-otono"],"acf":{"fecha":"","estatus":"Activo","ficha_del_personaje":"","aspecto":"","interpretacion":"","informacion_privada":"Nombre verdadero: Ashelyn Warbraker\r\n\r\nVictoria tiene (en 2022) 69 a\u00f1os, sin embargo, se ve mucho mas joven gracias a que tiene el merito de eternidad fe\u00e9rica.\r\n\r\nSufre de cojera a causa de una vieja lesi\u00f3n en su pierna izquierda, por lo que camina usando bast\u00f3n.\r\n\r\nTiene una alianza con el feudo del sue\u00f1o del viajero, formando una buena amistad con la regente Shallan, quien ha estado proporcionado apoyo al frente en forma de alimentos para facilitar la inspiraci\u00f3n, Quimeras que ofrecen seguridad al barrio y, desde luego, la libre entrada a su feudo para Victoria y quienes la acompa\u00f1en.\r\n\r\n<a href=\"https:\/\/chileentinieblas.cl\/wp-content\/uploads\/2025\/09\/Victoria.pdf\">Victoria<\/a>","mapa_de_kumu_u_otro_embed":""},"yoast_head":"<!-- This site is optimized with the Yoast SEO plugin v28.4 - https:\/\/yoast.com\/product\/yoast-seo-wordpress\/ -->\n<title>Victoria Guti\u00e9rrez - Chile en Tinieblas<\/title>\n<meta name=\"robots\" content=\"index, follow, max-snippet:-1, max-image-preview:large, max-video-preview:-1\" \/>\n<link rel=\"canonical\" href=\"https:\/\/chileentinieblas.cl\/en\/pnj\/victoria-gutierrez\/\" \/>\n<meta property=\"og:locale\" content=\"en_US\" \/>\n<meta property=\"og:type\" content=\"article\" \/>\n<meta property=\"og:title\" content=\"Victoria Guti\u00e9rrez - Chile en Tinieblas\" \/>\n<meta property=\"og:description\" content=\"Linaje:&nbsp;Sidhe de Oto\u00f1o. T\u00edtulo:&nbsp;0 (Plebeya). Casa: Abdicada Daireann. Corte:&nbsp;Oscura. Aspecto:&nbsp;Gru\u00f1on. Historia del Personaje Victoria Guti\u00e9rrez, tambi\u00e9n conocida como la Dama de Gris, fue farmac\u00e9utica y antigua baronesa de la casa Daireann. Anta\u00f1o era una mujer que brillaba en la corte, disfrutando de los debates con sus pares y siendo part\u00edcipe de los juegos pol\u00edticos. Era [&hellip;]\" \/>\n<meta property=\"og:url\" content=\"https:\/\/chileentinieblas.cl\/en\/pnj\/victoria-gutierrez\/\" \/>\n<meta property=\"og:site_name\" content=\"Chile en Tinieblas\" \/>\n<meta property=\"article:publisher\" content=\"https:\/\/www.facebook.com\/ChileenTinieblas\" \/>\n<meta property=\"article:modified_time\" content=\"2025-10-23T01:55:24+00:00\" \/>\n<meta property=\"og:image\" content=\"https:\/\/chileentinieblas.cl\/wp-content\/uploads\/2025\/09\/photo_5048977250837442058_y.jpg\" \/>\n\t<meta property=\"og:image:width\" content=\"735\" \/>\n\t<meta property=\"og:image:height\" content=\"1117\" \/>\n\t<meta property=\"og:image:type\" content=\"image\/jpeg\" \/>\n<meta name=\"twitter:card\" content=\"summary_large_image\" \/>\n<meta name=\"twitter:label1\" content=\"Est. reading time\" \/>\n\t<meta name=\"twitter:data1\" content=\"5 minutes\" \/>\n<script type=\"application\/ld+json\" class=\"yoast-schema-graph\">{\"@context\":\"https:\\\/\\\/schema.org\",\"@graph\":[{\"@type\":\"WebPage\",\"@id\":\"https:\\\/\\\/chileentinieblas.cl\\\/pnj\\\/victoria-gutierrez\\\/\",\"url\":\"https:\\\/\\\/chileentinieblas.cl\\\/pnj\\\/victoria-gutierrez\\\/\",\"name\":\"Victoria Guti\u00e9rrez - Chile en Tinieblas\",\"isPartOf\":{\"@id\":\"https:\\\/\\\/chileentinieblas.cl\\\/#website\"},\"primaryImageOfPage\":{\"@id\":\"https:\\\/\\\/chileentinieblas.cl\\\/pnj\\\/victoria-gutierrez\\\/#primaryimage\"},\"image\":{\"@id\":\"https:\\\/\\\/chileentinieblas.cl\\\/pnj\\\/victoria-gutierrez\\\/#primaryimage\"},\"thumbnailUrl\":\"https:\\\/\\\/chileentinieblas.cl\\\/wp-content\\\/uploads\\\/2025\\\/09\\\/photo_5048977250837442058_y.jpg\",\"datePublished\":\"2025-10-11T00:35:30+00:00\",\"dateModified\":\"2025-10-23T01:55:24+00:00\",\"breadcrumb\":{\"@id\":\"https:\\\/\\\/chileentinieblas.cl\\\/pnj\\\/victoria-gutierrez\\\/#breadcrumb\"},\"inLanguage\":\"en-US\",\"potentialAction\":[{\"@type\":\"ReadAction\",\"target\":[\"https:\\\/\\\/chileentinieblas.cl\\\/pnj\\\/victoria-gutierrez\\\/\"]}]},{\"@type\":\"ImageObject\",\"inLanguage\":\"en-US\",\"@id\":\"https:\\\/\\\/chileentinieblas.cl\\\/pnj\\\/victoria-gutierrez\\\/#primaryimage\",\"url\":\"https:\\\/\\\/chileentinieblas.cl\\\/wp-content\\\/uploads\\\/2025\\\/09\\\/photo_5048977250837442058_y.jpg\",\"contentUrl\":\"https:\\\/\\\/chileentinieblas.cl\\\/wp-content\\\/uploads\\\/2025\\\/09\\\/photo_5048977250837442058_y.jpg\",\"width\":735,\"height\":1117},{\"@type\":\"BreadcrumbList\",\"@id\":\"https:\\\/\\\/chileentinieblas.cl\\\/pnj\\\/victoria-gutierrez\\\/#breadcrumb\",\"itemListElement\":[{\"@type\":\"ListItem\",\"position\":1,\"name\":\"Portada\",\"item\":\"https:\\\/\\\/chileentinieblas.cl\\\/\"},{\"@type\":\"ListItem\",\"position\":2,\"name\":\"PNJs\",\"item\":\"https:\\\/\\\/chileentinieblas.cl\\\/pnj\\\/\"},{\"@type\":\"ListItem\",\"position\":3,\"name\":\"Victoria Guti\u00e9rrez\"}]},{\"@type\":\"WebSite\",\"@id\":\"https:\\\/\\\/chileentinieblas.cl\\\/#website\",\"url\":\"https:\\\/\\\/chileentinieblas.cl\\\/\",\"name\":\"Chile en Tinieblas\",\"description\":\"Un servidor con mesas de rol de Mundo de Tinieblas\",\"publisher\":{\"@id\":\"https:\\\/\\\/chileentinieblas.cl\\\/#organization\"},\"potentialAction\":[{\"@type\":\"SearchAction\",\"target\":{\"@type\":\"EntryPoint\",\"urlTemplate\":\"https:\\\/\\\/chileentinieblas.cl\\\/?s={search_term_string}\"},\"query-input\":{\"@type\":\"PropertyValueSpecification\",\"valueRequired\":true,\"valueName\":\"search_term_string\"}}],\"inLanguage\":\"en-US\"},{\"@type\":\"Organization\",\"@id\":\"https:\\\/\\\/chileentinieblas.cl\\\/#organization\",\"name\":\"Chile en Tinieblas\",\"url\":\"https:\\\/\\\/chileentinieblas.cl\\\/\",\"logo\":{\"@type\":\"ImageObject\",\"inLanguage\":\"en-US\",\"@id\":\"https:\\\/\\\/chileentinieblas.cl\\\/#\\\/schema\\\/logo\\\/image\\\/\",\"url\":\"https:\\\/\\\/chileentinieblas.cl\\\/wp-content\\\/uploads\\\/2021\\\/12\\\/logo-cet-claro.png\",\"contentUrl\":\"https:\\\/\\\/chileentinieblas.cl\\\/wp-content\\\/uploads\\\/2021\\\/12\\\/logo-cet-claro.png\",\"width\":1001,\"height\":1030,\"caption\":\"Chile en Tinieblas\"},\"image\":{\"@id\":\"https:\\\/\\\/chileentinieblas.cl\\\/#\\\/schema\\\/logo\\\/image\\\/\"},\"sameAs\":[\"https:\\\/\\\/www.facebook.com\\\/ChileenTinieblas\",\"https:\\\/\\\/www.instagram.com\\\/chileentinieblas\\\/\",\"https:\\\/\\\/www.youtube.com\\\/@chileentinieblas\",\"https:\\\/\\\/www.tiktok.com\\\/@chileentinieblas\"]}]}<\/script>\n<!-- \/ Yoast SEO plugin. -->","yoast_head_json":{"title":"Victoria Guti\u00e9rrez - Chile en Tinieblas","robots":{"index":"index","follow":"follow","max-snippet":"max-snippet:-1","max-image-preview":"max-image-preview:large","max-video-preview":"max-video-preview:-1"},"canonical":"https:\/\/chileentinieblas.cl\/en\/pnj\/victoria-gutierrez\/","og_locale":"en_US","og_type":"article","og_title":"Victoria Guti\u00e9rrez - Chile en Tinieblas","og_description":"Linaje:&nbsp;Sidhe de Oto\u00f1o. T\u00edtulo:&nbsp;0 (Plebeya). Casa: Abdicada Daireann. Corte:&nbsp;Oscura. Aspecto:&nbsp;Gru\u00f1on. Historia del Personaje Victoria Guti\u00e9rrez, tambi\u00e9n conocida como la Dama de Gris, fue farmac\u00e9utica y antigua baronesa de la casa Daireann. Anta\u00f1o era una mujer que brillaba en la corte, disfrutando de los debates con sus pares y siendo part\u00edcipe de los juegos pol\u00edticos. Era [&hellip;]","og_url":"https:\/\/chileentinieblas.cl\/en\/pnj\/victoria-gutierrez\/","og_site_name":"Chile en Tinieblas","article_publisher":"https:\/\/www.facebook.com\/ChileenTinieblas","article_modified_time":"2025-10-23T01:55:24+00:00","og_image":[{"width":735,"height":1117,"url":"https:\/\/chileentinieblas.cl\/wp-content\/uploads\/2025\/09\/photo_5048977250837442058_y.jpg","type":"image\/jpeg"}],"twitter_card":"summary_large_image","twitter_misc":{"Est. reading time":"5 minutes"},"schema":{"@context":"https:\/\/schema.org","@graph":[{"@type":"WebPage","@id":"https:\/\/chileentinieblas.cl\/pnj\/victoria-gutierrez\/","url":"https:\/\/chileentinieblas.cl\/pnj\/victoria-gutierrez\/","name":"Victoria Guti\u00e9rrez - Chile en Tinieblas","isPartOf":{"@id":"https:\/\/chileentinieblas.cl\/#website"},"primaryImageOfPage":{"@id":"https:\/\/chileentinieblas.cl\/pnj\/victoria-gutierrez\/#primaryimage"},"image":{"@id":"https:\/\/chileentinieblas.cl\/pnj\/victoria-gutierrez\/#primaryimage"},"thumbnailUrl":"https:\/\/chileentinieblas.cl\/wp-content\/uploads\/2025\/09\/photo_5048977250837442058_y.jpg","datePublished":"2025-10-11T00:35:30+00:00","dateModified":"2025-10-23T01:55:24+00:00","breadcrumb":{"@id":"https:\/\/chileentinieblas.cl\/pnj\/victoria-gutierrez\/#breadcrumb"},"inLanguage":"en-US","potentialAction":[{"@type":"ReadAction","target":["https:\/\/chileentinieblas.cl\/pnj\/victoria-gutierrez\/"]}]},{"@type":"ImageObject","inLanguage":"en-US","@id":"https:\/\/chileentinieblas.cl\/pnj\/victoria-gutierrez\/#primaryimage","url":"https:\/\/chileentinieblas.cl\/wp-content\/uploads\/2025\/09\/photo_5048977250837442058_y.jpg","contentUrl":"https:\/\/chileentinieblas.cl\/wp-content\/uploads\/2025\/09\/photo_5048977250837442058_y.jpg","width":735,"height":1117},{"@type":"BreadcrumbList","@id":"https:\/\/chileentinieblas.cl\/pnj\/victoria-gutierrez\/#breadcrumb","itemListElement":[{"@type":"ListItem","position":1,"name":"Portada","item":"https:\/\/chileentinieblas.cl\/"},{"@type":"ListItem","position":2,"name":"PNJs","item":"https:\/\/chileentinieblas.cl\/pnj\/"},{"@type":"ListItem","position":3,"name":"Victoria Guti\u00e9rrez"}]},{"@type":"WebSite","@id":"https:\/\/chileentinieblas.cl\/#website","url":"https:\/\/chileentinieblas.cl\/","name":"Chile en Tinieblas","description":"Un servidor con mesas de rol de Mundo de Tinieblas","publisher":{"@id":"https:\/\/chileentinieblas.cl\/#organization"},"potentialAction":[{"@type":"SearchAction","target":{"@type":"EntryPoint","urlTemplate":"https:\/\/chileentinieblas.cl\/?s={search_term_string}"},"query-input":{"@type":"PropertyValueSpecification","valueRequired":true,"valueName":"search_term_string"}}],"inLanguage":"en-US"},{"@type":"Organization","@id":"https:\/\/chileentinieblas.cl\/#organization","name":"Chile en Tinieblas","url":"https:\/\/chileentinieblas.cl\/","logo":{"@type":"ImageObject","inLanguage":"en-US","@id":"https:\/\/chileentinieblas.cl\/#\/schema\/logo\/image\/","url":"https:\/\/chileentinieblas.cl\/wp-content\/uploads\/2021\/12\/logo-cet-claro.png","contentUrl":"https:\/\/chileentinieblas.cl\/wp-content\/uploads\/2021\/12\/logo-cet-claro.png","width":1001,"height":1030,"caption":"Chile en Tinieblas"},"image":{"@id":"https:\/\/chileentinieblas.cl\/#\/schema\/logo\/image\/"},"sameAs":["https:\/\/www.facebook.com\/ChileenTinieblas","https:\/\/www.instagram.com\/chileentinieblas\/","https:\/\/www.youtube.com\/@chileentinieblas","https:\/\/www.tiktok.com\/@chileentinieblas"]}]}},"jetpack_sharing_enabled":true,"_links":{"self":[{"href":"https:\/\/chileentinieblas.cl\/en\/wp-json\/wp\/v2\/pnj\/6947","targetHints":{"allow":["GET"]}}],"collection":[{"href":"https:\/\/chileentinieblas.cl\/en\/wp-json\/wp\/v2\/pnj"}],"about":[{"href":"https:\/\/chileentinieblas.cl\/en\/wp-json\/wp\/v2\/types\/pnj"}],"author":[{"embeddable":true,"href":"https:\/\/chileentinieblas.cl\/en\/wp-json\/wp\/v2\/users\/32"}],"wp:featuredmedia":[{"embeddable":true,"href":"https:\/\/chileentinieblas.cl\/en\/wp-json\/wp\/v2\/media\/6948"}],"wp:attachment":[{"href":"https:\/\/chileentinieblas.cl\/en\/wp-json\/wp\/v2\/media?parent=6947"}],"wp:term":[{"taxonomy":"post_tag","embeddable":true,"href":"https:\/\/chileentinieblas.cl\/en\/wp-json\/wp\/v2\/tags?post=6947"},{"taxonomy":"faccion","embeddable":true,"href":"https:\/\/chileentinieblas.cl\/en\/wp-json\/wp\/v2\/faccion?post=6947"}],"curies":[{"name":"wp","href":"https:\/\/api.w.org\/{rel}","templated":true}]}}