{"id":6760,"date":"2025-08-05T03:01:59","date_gmt":"2025-08-05T03:01:59","guid":{"rendered":"https:\/\/chileentinieblas.cl\/?post_type=pnj&#038;p=6760"},"modified":"2026-08-13T05:00:24","modified_gmt":"2026-08-13T05:00:24","slug":"azareth-el-senor-del-fuego-de-la-condena","status":"publish","type":"pnj","link":"https:\/\/chileentinieblas.cl\/en\/pnj\/azareth-el-senor-del-fuego-de-la-condena\/","title":{"rendered":"Mefistofeles, Bar\u00f3n del odio."},"content":{"rendered":"<p class=\"wp-block-paragraph\">Mefistofeles, un Namaru de la faz de la Llama, fue en su tiempo un pilar de la Primera Casa, encargado de la transmutaci\u00f3n de la materia. Su rol era crucial: destruir elementos para dar paso a la creaci\u00f3n de nuevas formas, manteniendo el equilibrio perfecto en la Creaci\u00f3n. Para \u00e9l, todo deb\u00eda estar en sinton\u00eda, pues solo en el orden adecuado se dar\u00eda el contexto preciso para el despertar de la humanidad.<\/p>\n\n\n\n<p class=\"wp-block-paragraph\">Mefistofeles ve\u00eda a los humanos como los hijos predilectos de Dios, hermanos menores que deb\u00edan ser protegidos y guiados por toda la familia celestial. Si \u00e9l no pod\u00eda intervenir directamente en su destino, al menos pod\u00eda asegurarse de que el mundo estuviera perfectamente estructurado para que alcanzaran su m\u00e1ximo potencial. Su obsesi\u00f3n por la precisi\u00f3n lo hizo famoso entre los \u00e1ngeles: era un ser estricto, intolerante a los errores, convencido de que en los detalles estaba la verdadera perfecci\u00f3n.<\/p>\n\n\n\n<p class=\"wp-block-paragraph\">Pero cuando Ahmiral tuvo su visi\u00f3n prof\u00e9tica sobre el desastre futuro, la convicci\u00f3n del \u00e1ngel comenz\u00f3 a tambalearse. Su preocupaci\u00f3n se transform\u00f3 en una c\u00f3lera ardiente, y jur\u00f3 destruir a cualquiera que amenazara la existencia de la humanidad. Sin embargo, a medida que Dios guardaba silencio ante el inminente peligro, su lealtad empez\u00f3 a resquebrajarse. La incertidumbre dio paso a la paranoia y el miedo, y cuando Lucifer se alz\u00f3 en rebeli\u00f3n, Mefistofeles no dud\u00f3 en unirse. Para \u00e9l, la guerra no era una cuesti\u00f3n de libre albedr\u00edo o desobediencia, sino de supervivencia. Mientras otros ca\u00eddos buscaban preparar a la humanidad para el conflicto venidero, \u00e9l se prepar\u00f3 a s\u00ed mismo. Cuando llegara el momento de la batalla, estar\u00eda listo para luchar codo a codo con sus hermanos menores.<\/p>\n\n\n\n<p class=\"wp-block-paragraph\">Su entrenamiento lo convirti\u00f3 en uno de los guerreros m\u00e1s formidables de la rebeli\u00f3n. Se uni\u00f3 a la Legi\u00f3n de Hierro, liderada por Dagon, decidido a ser la vanguardia que proteger\u00eda a la humanidad. Pero a medida que la corrupci\u00f3n se extend\u00eda por el mundo y entre los ca\u00eddos, su furia creci\u00f3. Vio con horror c\u00f3mo la Legi\u00f3n de \u00c9bano y la Legi\u00f3n de Plata comet\u00edan atrocidades impensables, y su ira se torn\u00f3 en desprecio hacia Lucifer y el resto de los l\u00edderes rebeldes por no intervenir. Desencantado, Mefistofeles abandon\u00f3 su legi\u00f3n y forj\u00f3 su propio reino, un dominio donde \u00e9l ser\u00eda el \u00fanico juez y protector, un basti\u00f3n de fuego donde cualquier amenaza ser\u00eda calcinada en sus llamas de justicia.<\/p>\n\n\n\n<p class=\"wp-block-paragraph\">Sin embargo, la guerra continu\u00f3 deterior\u00e1ndose y la desesperaci\u00f3n lo consumi\u00f3. Su noble prop\u00f3sito de justicia se distorsion\u00f3 lentamente en un deseo de venganza implacable contra todo aquel que permitiera la injusticia. Ya no distingu\u00eda entre enemigos y aliados corruptos. Su reino dej\u00f3 de ser un refugio y se convirti\u00f3 en una m\u00e1quina de guerra, dedicada a la exterminaci\u00f3n tanto de celestiales como de rebeldes que hubieran traicionado el prop\u00f3sito original. Su soberbia lo ceg\u00f3, y se autoproclam\u00f3 se\u00f1or supremo de la guerra y la justicia. Su ambici\u00f3n lo llev\u00f3 a desear destronar a Lucifer y reunir a la hueste rebelde bajo su propio estandarte. Solo \u00e9l era digno de forjar el destino de la humanidad.<\/p>\n\n\n\n<p class=\"wp-block-paragraph\">Pero la rebeli\u00f3n cay\u00f3. El castigo de Dios fue absoluto, y cuando Mefistofeles fue encerrado en el Abismo, su orgullo se hizo trizas. Su sue\u00f1o de un reino perfecto qued\u00f3 reducido a cenizas, y la humanidad qued\u00f3 desprotegida. Durante eones, intent\u00f3 romper sus grilletes, desgarrarse de su prisi\u00f3n con toda la fuerza de su furia, pero el Abismo era m\u00e1s vasto que cualquier poder que un \u00e1ngel hubiera conocido. Su desesperaci\u00f3n se convirti\u00f3 en locura.<\/p>\n\n\n\n<p class=\"wp-block-paragraph\">Finalmente <a href=\"https:\/\/chileentinieblas.cl\/en\/pnj\/la-desesperacion-encarnada\/\">La Desesperaci\u00f3n Encarnada<\/a> lo liber\u00f3, ofreci\u00e9ndole el puesto de general de guerra, su arma definitiva de destrucci\u00f3n. En un principio, Azareth lo rechaz\u00f3 con desprecio; su ego no le permit\u00eda servir a nadie. Sus objetivos tampoco se alineaban con los del encadenado. Pero Vaelith, con su don de ver el destino, le susurr\u00f3 a su se\u00f1or que lo dejara ir. Y as\u00ed fue, Mefistofeles vag\u00f3 por el mundo, observando en lo que la humanidad se hab\u00eda convertido.<\/p>\n\n\n\n<p class=\"wp-block-paragraph\">Lo que encontr\u00f3 no fue la raza gloriosa que hab\u00eda jurado proteger, sino una sombra miserable de su antiguo esplendor. Ya no eran la esperanza de la creaci\u00f3n, sino cenizas de lo que una vez fueron. Para colmo, los humanos culpaban a los ca\u00eddos de su sufrimiento, tach\u00e1ndolos como los responsables de todas sus desgracias. Esta ingratitud lo consumi\u00f3 en un odio oscuro como el humo.<\/p>\n\n\n\n<p class=\"wp-block-paragraph\">Comprendi\u00f3, al fin, que la humanidad no era el milagro divino que alguna vez crey\u00f3. Eran el error del Creador, una aberraci\u00f3n que deb\u00eda ser erradicada para dar paso a una nueva creaci\u00f3n, una m\u00e1s grande, m\u00e1s perfecta. Y \u00e9l ser\u00eda el fuego que purgar\u00eda al mundo.<\/p>\n\n\n\n<p class=\"wp-block-paragraph\">Mefistofeles regres\u00f3 a <a href=\"https:\/\/chileentinieblas.cl\/en\/pnj\/la-desesperacion-encarnada\/\">La Desesperaci\u00f3n Encarnada<\/a>, esta vez por su propia voluntad. Su prop\u00f3sito era claro: ya no ser\u00eda el protector de la humanidad, sino su destructor. Antes de crear, hay que destruir. Y \u00e9l, el Se\u00f1or del Fuego de la Condena, ser\u00eda el dios de la destrucci\u00f3n que traer\u00eda el apocalipsis.<\/p>\n\n\n\n<p class=\"wp-block-paragraph\">Hoy, Mefistofeles es el general de los ej\u00e9rcitos de su se\u00f1or, un comandante implacable que lidera una poderosa mafia paramilitar, el arma definitiva de la aniquilaci\u00f3n. No hay piedad en su coraz\u00f3n, ni redenci\u00f3n en su mirada. Solo fuego, y el fin de todas las cosas.<\/p>\n\n\n\n<p class=\"wp-block-paragraph\"><\/p>","protected":false},"author":34,"featured_media":7975,"template":"","tags":[247],"faccion":[59,272],"class_list":["post-6760","pnj","type-pnj","status-publish","has-post-thumbnail","hentry","tag-demonio-la-caida","faccion-demonio-la-caida","faccion-conclavedelaultimanoche"],"acf":{"fecha":"","estatus":"Activo","ficha_del_personaje":"","aspecto":"","interpretacion":"","informacion_privada":"","mapa_de_kumu_u_otro_embed":""},"yoast_head":"<!-- This site is optimized with the Yoast SEO plugin v28.4 - https:\/\/yoast.com\/product\/yoast-seo-wordpress\/ -->\n<title>Mefistofeles, Bar\u00f3n del odio. - Chile en Tinieblas<\/title>\n<meta name=\"robots\" content=\"index, follow, max-snippet:-1, max-image-preview:large, max-video-preview:-1\" \/>\n<link rel=\"canonical\" href=\"https:\/\/chileentinieblas.cl\/en\/pnj\/azareth-el-senor-del-fuego-de-la-condena\/\" \/>\n<meta property=\"og:locale\" content=\"en_US\" \/>\n<meta property=\"og:type\" content=\"article\" \/>\n<meta property=\"og:title\" content=\"Mefistofeles, Bar\u00f3n del odio. - Chile en Tinieblas\" \/>\n<meta property=\"og:description\" content=\"Mefistofeles, un Namaru de la faz de la Llama, fue en su tiempo un pilar de la Primera Casa, encargado de la transmutaci\u00f3n de la materia. Su rol era crucial: destruir elementos para dar paso a la creaci\u00f3n de nuevas formas, manteniendo el equilibrio perfecto en la Creaci\u00f3n. Para \u00e9l, todo deb\u00eda estar en sinton\u00eda, [&hellip;]\" \/>\n<meta property=\"og:url\" content=\"https:\/\/chileentinieblas.cl\/en\/pnj\/azareth-el-senor-del-fuego-de-la-condena\/\" \/>\n<meta property=\"og:site_name\" content=\"Chile en Tinieblas\" \/>\n<meta property=\"article:publisher\" content=\"https:\/\/www.facebook.com\/ChileenTinieblas\" \/>\n<meta property=\"article:modified_time\" content=\"2026-08-13T05:00:24+00:00\" \/>\n<meta property=\"og:image\" content=\"https:\/\/chileentinieblas.cl\/wp-content\/uploads\/2025\/08\/Azareth-el-fuego-de-la-destruccion.jpg\" \/>\n\t<meta property=\"og:image:width\" content=\"853\" \/>\n\t<meta property=\"og:image:height\" content=\"1280\" \/>\n\t<meta property=\"og:image:type\" content=\"image\/jpeg\" \/>\n<meta name=\"twitter:card\" content=\"summary_large_image\" \/>\n<meta name=\"twitter:label1\" content=\"Est. reading time\" \/>\n\t<meta name=\"twitter:data1\" content=\"5 minutes\" \/>\n<script type=\"application\/ld+json\" class=\"yoast-schema-graph\">{\"@context\":\"https:\\\/\\\/schema.org\",\"@graph\":[{\"@type\":\"WebPage\",\"@id\":\"https:\\\/\\\/chileentinieblas.cl\\\/pnj\\\/azareth-el-senor-del-fuego-de-la-condena\\\/\",\"url\":\"https:\\\/\\\/chileentinieblas.cl\\\/pnj\\\/azareth-el-senor-del-fuego-de-la-condena\\\/\",\"name\":\"Mefistofeles, Bar\u00f3n del odio. - Chile en Tinieblas\",\"isPartOf\":{\"@id\":\"https:\\\/\\\/chileentinieblas.cl\\\/#website\"},\"primaryImageOfPage\":{\"@id\":\"https:\\\/\\\/chileentinieblas.cl\\\/pnj\\\/azareth-el-senor-del-fuego-de-la-condena\\\/#primaryimage\"},\"image\":{\"@id\":\"https:\\\/\\\/chileentinieblas.cl\\\/pnj\\\/azareth-el-senor-del-fuego-de-la-condena\\\/#primaryimage\"},\"thumbnailUrl\":\"https:\\\/\\\/chileentinieblas.cl\\\/wp-content\\\/uploads\\\/2025\\\/08\\\/Azareth-el-fuego-de-la-destruccion.jpg\",\"datePublished\":\"2025-08-05T03:01:59+00:00\",\"dateModified\":\"2026-08-13T05:00:24+00:00\",\"breadcrumb\":{\"@id\":\"https:\\\/\\\/chileentinieblas.cl\\\/pnj\\\/azareth-el-senor-del-fuego-de-la-condena\\\/#breadcrumb\"},\"inLanguage\":\"en-US\",\"potentialAction\":[{\"@type\":\"ReadAction\",\"target\":[\"https:\\\/\\\/chileentinieblas.cl\\\/pnj\\\/azareth-el-senor-del-fuego-de-la-condena\\\/\"]}]},{\"@type\":\"ImageObject\",\"inLanguage\":\"en-US\",\"@id\":\"https:\\\/\\\/chileentinieblas.cl\\\/pnj\\\/azareth-el-senor-del-fuego-de-la-condena\\\/#primaryimage\",\"url\":\"https:\\\/\\\/chileentinieblas.cl\\\/wp-content\\\/uploads\\\/2025\\\/08\\\/Azareth-el-fuego-de-la-destruccion.jpg\",\"contentUrl\":\"https:\\\/\\\/chileentinieblas.cl\\\/wp-content\\\/uploads\\\/2025\\\/08\\\/Azareth-el-fuego-de-la-destruccion.jpg\",\"width\":853,\"height\":1280},{\"@type\":\"BreadcrumbList\",\"@id\":\"https:\\\/\\\/chileentinieblas.cl\\\/pnj\\\/azareth-el-senor-del-fuego-de-la-condena\\\/#breadcrumb\",\"itemListElement\":[{\"@type\":\"ListItem\",\"position\":1,\"name\":\"Portada\",\"item\":\"https:\\\/\\\/chileentinieblas.cl\\\/\"},{\"@type\":\"ListItem\",\"position\":2,\"name\":\"PNJs\",\"item\":\"https:\\\/\\\/chileentinieblas.cl\\\/pnj\\\/\"},{\"@type\":\"ListItem\",\"position\":3,\"name\":\"Mefistofeles, Bar\u00f3n del odio.\"}]},{\"@type\":\"WebSite\",\"@id\":\"https:\\\/\\\/chileentinieblas.cl\\\/#website\",\"url\":\"https:\\\/\\\/chileentinieblas.cl\\\/\",\"name\":\"Chile en Tinieblas\",\"description\":\"Un servidor con mesas de rol de Mundo de Tinieblas\",\"publisher\":{\"@id\":\"https:\\\/\\\/chileentinieblas.cl\\\/#organization\"},\"potentialAction\":[{\"@type\":\"SearchAction\",\"target\":{\"@type\":\"EntryPoint\",\"urlTemplate\":\"https:\\\/\\\/chileentinieblas.cl\\\/?s={search_term_string}\"},\"query-input\":{\"@type\":\"PropertyValueSpecification\",\"valueRequired\":true,\"valueName\":\"search_term_string\"}}],\"inLanguage\":\"en-US\"},{\"@type\":\"Organization\",\"@id\":\"https:\\\/\\\/chileentinieblas.cl\\\/#organization\",\"name\":\"Chile en Tinieblas\",\"url\":\"https:\\\/\\\/chileentinieblas.cl\\\/\",\"logo\":{\"@type\":\"ImageObject\",\"inLanguage\":\"en-US\",\"@id\":\"https:\\\/\\\/chileentinieblas.cl\\\/#\\\/schema\\\/logo\\\/image\\\/\",\"url\":\"https:\\\/\\\/chileentinieblas.cl\\\/wp-content\\\/uploads\\\/2021\\\/12\\\/logo-cet-claro.png\",\"contentUrl\":\"https:\\\/\\\/chileentinieblas.cl\\\/wp-content\\\/uploads\\\/2021\\\/12\\\/logo-cet-claro.png\",\"width\":1001,\"height\":1030,\"caption\":\"Chile en Tinieblas\"},\"image\":{\"@id\":\"https:\\\/\\\/chileentinieblas.cl\\\/#\\\/schema\\\/logo\\\/image\\\/\"},\"sameAs\":[\"https:\\\/\\\/www.facebook.com\\\/ChileenTinieblas\",\"https:\\\/\\\/www.instagram.com\\\/chileentinieblas\\\/\",\"https:\\\/\\\/www.youtube.com\\\/@chileentinieblas\",\"https:\\\/\\\/www.tiktok.com\\\/@chileentinieblas\"]}]}<\/script>\n<!-- \/ Yoast SEO plugin. -->","yoast_head_json":{"title":"Mefistofeles, Bar\u00f3n del odio. - Chile en Tinieblas","robots":{"index":"index","follow":"follow","max-snippet":"max-snippet:-1","max-image-preview":"max-image-preview:large","max-video-preview":"max-video-preview:-1"},"canonical":"https:\/\/chileentinieblas.cl\/en\/pnj\/azareth-el-senor-del-fuego-de-la-condena\/","og_locale":"en_US","og_type":"article","og_title":"Mefistofeles, Bar\u00f3n del odio. - Chile en Tinieblas","og_description":"Mefistofeles, un Namaru de la faz de la Llama, fue en su tiempo un pilar de la Primera Casa, encargado de la transmutaci\u00f3n de la materia. Su rol era crucial: destruir elementos para dar paso a la creaci\u00f3n de nuevas formas, manteniendo el equilibrio perfecto en la Creaci\u00f3n. Para \u00e9l, todo deb\u00eda estar en sinton\u00eda, [&hellip;]","og_url":"https:\/\/chileentinieblas.cl\/en\/pnj\/azareth-el-senor-del-fuego-de-la-condena\/","og_site_name":"Chile en Tinieblas","article_publisher":"https:\/\/www.facebook.com\/ChileenTinieblas","article_modified_time":"2026-08-13T05:00:24+00:00","og_image":[{"width":853,"height":1280,"url":"https:\/\/chileentinieblas.cl\/wp-content\/uploads\/2025\/08\/Azareth-el-fuego-de-la-destruccion.jpg","type":"image\/jpeg"}],"twitter_card":"summary_large_image","twitter_misc":{"Est. reading time":"5 minutes"},"schema":{"@context":"https:\/\/schema.org","@graph":[{"@type":"WebPage","@id":"https:\/\/chileentinieblas.cl\/pnj\/azareth-el-senor-del-fuego-de-la-condena\/","url":"https:\/\/chileentinieblas.cl\/pnj\/azareth-el-senor-del-fuego-de-la-condena\/","name":"Mefistofeles, Bar\u00f3n del odio. - Chile en Tinieblas","isPartOf":{"@id":"https:\/\/chileentinieblas.cl\/#website"},"primaryImageOfPage":{"@id":"https:\/\/chileentinieblas.cl\/pnj\/azareth-el-senor-del-fuego-de-la-condena\/#primaryimage"},"image":{"@id":"https:\/\/chileentinieblas.cl\/pnj\/azareth-el-senor-del-fuego-de-la-condena\/#primaryimage"},"thumbnailUrl":"https:\/\/chileentinieblas.cl\/wp-content\/uploads\/2025\/08\/Azareth-el-fuego-de-la-destruccion.jpg","datePublished":"2025-08-05T03:01:59+00:00","dateModified":"2026-08-13T05:00:24+00:00","breadcrumb":{"@id":"https:\/\/chileentinieblas.cl\/pnj\/azareth-el-senor-del-fuego-de-la-condena\/#breadcrumb"},"inLanguage":"en-US","potentialAction":[{"@type":"ReadAction","target":["https:\/\/chileentinieblas.cl\/pnj\/azareth-el-senor-del-fuego-de-la-condena\/"]}]},{"@type":"ImageObject","inLanguage":"en-US","@id":"https:\/\/chileentinieblas.cl\/pnj\/azareth-el-senor-del-fuego-de-la-condena\/#primaryimage","url":"https:\/\/chileentinieblas.cl\/wp-content\/uploads\/2025\/08\/Azareth-el-fuego-de-la-destruccion.jpg","contentUrl":"https:\/\/chileentinieblas.cl\/wp-content\/uploads\/2025\/08\/Azareth-el-fuego-de-la-destruccion.jpg","width":853,"height":1280},{"@type":"BreadcrumbList","@id":"https:\/\/chileentinieblas.cl\/pnj\/azareth-el-senor-del-fuego-de-la-condena\/#breadcrumb","itemListElement":[{"@type":"ListItem","position":1,"name":"Portada","item":"https:\/\/chileentinieblas.cl\/"},{"@type":"ListItem","position":2,"name":"PNJs","item":"https:\/\/chileentinieblas.cl\/pnj\/"},{"@type":"ListItem","position":3,"name":"Mefistofeles, Bar\u00f3n del odio."}]},{"@type":"WebSite","@id":"https:\/\/chileentinieblas.cl\/#website","url":"https:\/\/chileentinieblas.cl\/","name":"Chile en Tinieblas","description":"Un servidor con mesas de rol de Mundo de Tinieblas","publisher":{"@id":"https:\/\/chileentinieblas.cl\/#organization"},"potentialAction":[{"@type":"SearchAction","target":{"@type":"EntryPoint","urlTemplate":"https:\/\/chileentinieblas.cl\/?s={search_term_string}"},"query-input":{"@type":"PropertyValueSpecification","valueRequired":true,"valueName":"search_term_string"}}],"inLanguage":"en-US"},{"@type":"Organization","@id":"https:\/\/chileentinieblas.cl\/#organization","name":"Chile en Tinieblas","url":"https:\/\/chileentinieblas.cl\/","logo":{"@type":"ImageObject","inLanguage":"en-US","@id":"https:\/\/chileentinieblas.cl\/#\/schema\/logo\/image\/","url":"https:\/\/chileentinieblas.cl\/wp-content\/uploads\/2021\/12\/logo-cet-claro.png","contentUrl":"https:\/\/chileentinieblas.cl\/wp-content\/uploads\/2021\/12\/logo-cet-claro.png","width":1001,"height":1030,"caption":"Chile en Tinieblas"},"image":{"@id":"https:\/\/chileentinieblas.cl\/#\/schema\/logo\/image\/"},"sameAs":["https:\/\/www.facebook.com\/ChileenTinieblas","https:\/\/www.instagram.com\/chileentinieblas\/","https:\/\/www.youtube.com\/@chileentinieblas","https:\/\/www.tiktok.com\/@chileentinieblas"]}]}},"jetpack_sharing_enabled":true,"_links":{"self":[{"href":"https:\/\/chileentinieblas.cl\/en\/wp-json\/wp\/v2\/pnj\/6760","targetHints":{"allow":["GET"]}}],"collection":[{"href":"https:\/\/chileentinieblas.cl\/en\/wp-json\/wp\/v2\/pnj"}],"about":[{"href":"https:\/\/chileentinieblas.cl\/en\/wp-json\/wp\/v2\/types\/pnj"}],"author":[{"embeddable":true,"href":"https:\/\/chileentinieblas.cl\/en\/wp-json\/wp\/v2\/users\/34"}],"wp:featuredmedia":[{"embeddable":true,"href":"https:\/\/chileentinieblas.cl\/en\/wp-json\/wp\/v2\/media\/7975"}],"wp:attachment":[{"href":"https:\/\/chileentinieblas.cl\/en\/wp-json\/wp\/v2\/media?parent=6760"}],"wp:term":[{"taxonomy":"post_tag","embeddable":true,"href":"https:\/\/chileentinieblas.cl\/en\/wp-json\/wp\/v2\/tags?post=6760"},{"taxonomy":"faccion","embeddable":true,"href":"https:\/\/chileentinieblas.cl\/en\/wp-json\/wp\/v2\/faccion?post=6760"}],"curies":[{"name":"wp","href":"https:\/\/api.w.org\/{rel}","templated":true}]}}