{"id":6680,"date":"2025-07-29T01:27:18","date_gmt":"2025-07-29T01:27:18","guid":{"rendered":"https:\/\/chileentinieblas.cl\/?post_type=pnj&#038;p=6680"},"modified":"2026-01-14T20:18:05","modified_gmt":"2026-01-14T20:18:05","slug":"elyciriam","status":"publish","type":"pnj","link":"https:\/\/chileentinieblas.cl\/en\/pnj\/elyciriam\/","title":{"rendered":"Elyciriam"},"content":{"rendered":"<p class=\"wp-block-paragraph\"><strong>Phyla: <\/strong>Ondina Florestana<\/p>\n\n\n\n<p class=\"has-text-align-left wp-block-paragraph\"><strong>T\u00edtulo:<\/strong>\u00a00 <\/p>\n\n\n\n<p class=\"wp-block-paragraph\"><strong>Corte:<\/strong>\u00a0Luminosa.<\/p>\n\n\n\n<p class=\"wp-block-paragraph\"><strong>Ancl<\/strong>a: Laguna Encantada de Vilches<\/p>\n\n\n\n<h2 class=\"wp-block-heading\" id=\"h-historia\">Historia<\/h2>\n\n\n\n<p class=\"wp-block-paragraph\">Recuerdo despertar cuando los sue\u00f1os a\u00fan eran j\u00f3venes, cuando la sangre no hab\u00eda aprendido a manchar mis aguas y la vida era simple, intacta. Recuerdo mis primeros pasos, torpes y curiosos, junto a quien nos dio un hogar.<\/p>\n\n\n\n<p class=\"wp-block-paragraph\">Cuyania\u2026 tu rostro a\u00fan vive en mi memoria, tallado en compasi\u00f3n. Tu sonrisa nos envolv\u00eda como un abrigo c\u00e1lido. Recuerdo tambi\u00e9n el dolor de partir de tu lado, ese desgarro sangrante en mi coraz\u00f3n, en el coraz\u00f3n de todos. S\u00e9 que lo comprendiste. As\u00ed como hicieron los dem\u00e1s. Diste vida a aquello que juramos proteger por razones que entonces escapaban incluso a los sue\u00f1os. Hoy, al mirar este tiempo trastornado por la banalidad, creo empezar a entender. Y aun as\u00ed dudo. Aun as\u00ed pregunto. \u00bfSab\u00edas lo que vendr\u00eda, antes incluso de que el presagio del invierno tomara forma?<\/p>\n\n\n\n<p class=\"wp-block-paragraph\">Al principio fue f\u00e1cil. \u00c9ramos puentes, no muros. Guardianes de algo que no alcanz\u00e1bamos a nombrar. Las cargas eran leves, las sombras peque\u00f1as. Hasta que lleg\u00f3 la invasi\u00f3n del Tahuantinsuyo, y nuestro mundo cambio para siempre.<\/p>\n\n\n\n<p class=\"wp-block-paragraph\">Intentamos hablar. Ofrecimos palabras antes que sangre. Quisimos proteger la herencia que t\u00fa sembraste. Y pese a nuestros esfuerzos, por primera vez, fallamos. Y entonces, con manos temblorosas, tomamos las armas.<\/p>\n\n\n\n<p class=\"wp-block-paragraph\">Luch\u00e9 junto a mis hermanos como el mar contra el cielo: tormenta tras tormenta, oleaje tras oleaje, intentando ahogar la locura. Incluso as\u00ed no fue suficiente, y fallamos por segunda vez.<\/p>\n\n\n\n<p class=\"wp-block-paragraph\">Nuestro \u00faltimo aliento fue un acto, tanto de cobard\u00eda, como de fe: ocultar tu legado de la mirada de la codicia. Yo ya hab\u00eda renunciado a salvar la tierra que nos confiaste, y esa renuncia a\u00fan pesa en m\u00ed. Fue K\u00fcdell, torpe y ardiente como una chispa joven, quien la salv\u00f3.<\/p>\n\n\n\n<p class=\"wp-block-paragraph\">A\u00fan espero, y ansi\u00f3, ver un d\u00eda su reflejo romper la superficie de mis aguas, solo para decirle gracias.<\/p>\n\n\n\n<p class=\"wp-block-paragraph\">Hoy otros rostros me observan desde el espejo l\u00edquido. Nuevas almas, nuevas cargas. Incluso tras la p\u00e9rdida de Oronia, su eco persiste, encarnado en quienes nacen de esta tierra herida y bendita.<\/p>\n\n\n\n<p class=\"wp-block-paragraph\">Como t\u00fa nos cuidaste en nuestra fr\u00e1gil primavera, yo velar\u00e9 por ellos durante el cruel invierno.<\/p>\n\n\n\n<p class=\"wp-block-paragraph\">Y mientras el agua me recuerde, mientras yo exista, nuestra historia no se perder\u00e1.<\/p>\n\n\n\n<p class=\"wp-block-paragraph\">Laguna Encantada: Version de Oto\u00f1o<\/p>\n\n\n\n<figure class=\"wp-block-image size-large\"><img fetchpriority=\"high\" decoding=\"async\" width=\"1024\" height=\"768\" src=\"https:\/\/chileentinieblas.cl\/wp-content\/uploads\/2025\/07\/Laguna-encantada-1-1024x768.jpg\" alt=\"\" class=\"wp-image-6691\" srcset=\"https:\/\/chileentinieblas.cl\/wp-content\/uploads\/2025\/07\/Laguna-encantada-1-1024x768.jpg 1024w, https:\/\/chileentinieblas.cl\/wp-content\/uploads\/2025\/07\/Laguna-encantada-1-300x225.jpg 300w, https:\/\/chileentinieblas.cl\/wp-content\/uploads\/2025\/07\/Laguna-encantada-1-768x576.jpg 768w, https:\/\/chileentinieblas.cl\/wp-content\/uploads\/2025\/07\/Laguna-encantada-1-1536x1152.jpg 1536w, https:\/\/chileentinieblas.cl\/wp-content\/uploads\/2025\/07\/Laguna-encantada-1-16x12.jpg 16w, https:\/\/chileentinieblas.cl\/wp-content\/uploads\/2025\/07\/Laguna-encantada-1.jpg 1600w\" sizes=\"(max-width: 1024px) 100vw, 1024px\" \/><\/figure>\n\n\n\n<p class=\"wp-block-paragraph\"><\/p>\n\n\n\n<p class=\"wp-block-paragraph\"><strong>Laguna Encantada: Versi\u00f3n On\u00edrica<\/strong><\/p>\n\n\n\n<p class=\"wp-block-paragraph\">Quienes son invitados a cruzar al dominio ven sus reflejos en el agua como versiones posibles de s\u00ed mismos, fragmentos de una posibilidad perdida en el Telar.<\/p>\n\n\n\n<figure class=\"wp-block-image size-large\"><img decoding=\"async\" width=\"577\" height=\"1024\" src=\"https:\/\/chileentinieblas.cl\/wp-content\/uploads\/2025\/07\/Laguna-Encantada-onirirca-577x1024.jpg\" alt=\"\" class=\"wp-image-6692\" srcset=\"https:\/\/chileentinieblas.cl\/wp-content\/uploads\/2025\/07\/Laguna-Encantada-onirirca-577x1024.jpg 577w, https:\/\/chileentinieblas.cl\/wp-content\/uploads\/2025\/07\/Laguna-Encantada-onirirca-169x300.jpg 169w, https:\/\/chileentinieblas.cl\/wp-content\/uploads\/2025\/07\/Laguna-Encantada-onirirca-7x12.jpg 7w, https:\/\/chileentinieblas.cl\/wp-content\/uploads\/2025\/07\/Laguna-Encantada-onirirca.jpg 736w\" sizes=\"(max-width: 577px) 100vw, 577px\" \/><\/figure>","protected":false},"author":33,"featured_media":6681,"template":"","tags":[163,264],"faccion":[56,266,267],"class_list":["post-6680","pnj","type-pnj","status-publish","has-post-thumbnail","hentry","tag-changeling","tag-inanimae","faccion-changeling-el-ensueno","faccion-inanimae","faccion-ondina"],"acf":{"fecha":"","estatus":"Activo","ficha_del_personaje":"","aspecto":"","interpretacion":"","informacion_privada":"<p data-start=\"110\" data-end=\"269\"><strong data-start=\"110\" data-end=\"123\">Elyciriam<\/strong> no solo es portadora de un Ancla excepcionalmente fuerte gracias al \u00c1rbol, sino que tambi\u00e9n ha recibido una bendici\u00f3n \u00fanica como su Purificadora.<\/p>\r\n<p data-start=\"271\" data-end=\"581\">Al igual que los miembros de la casa Liam, Elyciriam puede gastar un punto de Glamour para eliminar puntos de Pesadilla, as\u00ed como cualquier otra forma de corrupci\u00f3n que afecte a otros seres. Siempre que descanse en su Ancla, toda Pesadilla y Banalidad temporal que haya acumulado es eliminada al d\u00eda siguiente.<\/p>\r\n<a href=\"https:\/\/chileentinieblas.cl\/wp-content\/uploads\/2025\/07\/Elyciriam.pdf\">Elyciriam<\/a>\r\n\r\n<!-- wp:paragraph -->\r\n\r\nTitulada como <strong>\"La Purificadora de las Aguas\"<\/strong>, es capaz de ver a trav\u00e9s de estas, logrando observar cualquier cuerpo de agua conectado a los r\u00edos del <strong>Maule<\/strong>, siempre que estos se mantengan libres de corrupci\u00f3n.\r\n\r\n<!-- \/wp:paragraph --> <!-- wp:paragraph -->\r\n\r\nSu principal labor consiste en alejar a los curiosos y malintencionados de las ra\u00edces del \u00c1rbol, as\u00ed como impedir cualquier intento de alcanzarlo por medio del agua.<!-- \/wp:paragraph -->\r\n\r\n&nbsp;","mapa_de_kumu_u_otro_embed":""},"yoast_head":"<!-- This site is optimized with the Yoast SEO plugin v28.4 - https:\/\/yoast.com\/product\/yoast-seo-wordpress\/ -->\n<title>Elyciriam - Chile en Tinieblas<\/title>\n<meta name=\"robots\" content=\"index, follow, max-snippet:-1, max-image-preview:large, max-video-preview:-1\" \/>\n<link rel=\"canonical\" href=\"https:\/\/chileentinieblas.cl\/en\/pnj\/elyciriam\/\" \/>\n<meta property=\"og:locale\" content=\"en_US\" \/>\n<meta property=\"og:type\" content=\"article\" \/>\n<meta property=\"og:title\" content=\"Elyciriam - Chile en Tinieblas\" \/>\n<meta property=\"og:description\" content=\"Phyla: Ondina Florestana T\u00edtulo:\u00a00 Corte:\u00a0Luminosa. Ancla: Laguna Encantada de Vilches Historia Recuerdo despertar cuando los sue\u00f1os a\u00fan eran j\u00f3venes, cuando la sangre no hab\u00eda aprendido a manchar mis aguas y la vida era simple, intacta. Recuerdo mis primeros pasos, torpes y curiosos, junto a quien nos dio un hogar. Cuyania\u2026 tu rostro a\u00fan vive en [&hellip;]\" \/>\n<meta property=\"og:url\" content=\"https:\/\/chileentinieblas.cl\/en\/pnj\/elyciriam\/\" \/>\n<meta property=\"og:site_name\" content=\"Chile en Tinieblas\" \/>\n<meta property=\"article:publisher\" content=\"https:\/\/www.facebook.com\/ChileenTinieblas\" \/>\n<meta property=\"article:modified_time\" content=\"2026-01-14T20:18:05+00:00\" \/>\n<meta property=\"og:image\" content=\"https:\/\/chileentinieblas.cl\/wp-content\/uploads\/2025\/07\/Elyciriam.jpg\" \/>\n\t<meta property=\"og:image:width\" content=\"640\" \/>\n\t<meta property=\"og:image:height\" content=\"849\" \/>\n\t<meta property=\"og:image:type\" content=\"image\/jpeg\" \/>\n<meta name=\"twitter:card\" content=\"summary_large_image\" \/>\n<meta name=\"twitter:label1\" content=\"Est. reading time\" \/>\n\t<meta name=\"twitter:data1\" content=\"2 minutes\" \/>\n<script type=\"application\/ld+json\" class=\"yoast-schema-graph\">{\"@context\":\"https:\\\/\\\/schema.org\",\"@graph\":[{\"@type\":\"WebPage\",\"@id\":\"https:\\\/\\\/chileentinieblas.cl\\\/pnj\\\/elyciriam\\\/\",\"url\":\"https:\\\/\\\/chileentinieblas.cl\\\/pnj\\\/elyciriam\\\/\",\"name\":\"Elyciriam - Chile en Tinieblas\",\"isPartOf\":{\"@id\":\"https:\\\/\\\/chileentinieblas.cl\\\/#website\"},\"primaryImageOfPage\":{\"@id\":\"https:\\\/\\\/chileentinieblas.cl\\\/pnj\\\/elyciriam\\\/#primaryimage\"},\"image\":{\"@id\":\"https:\\\/\\\/chileentinieblas.cl\\\/pnj\\\/elyciriam\\\/#primaryimage\"},\"thumbnailUrl\":\"https:\\\/\\\/chileentinieblas.cl\\\/wp-content\\\/uploads\\\/2025\\\/07\\\/Elyciriam.jpg\",\"datePublished\":\"2025-07-29T01:27:18+00:00\",\"dateModified\":\"2026-01-14T20:18:05+00:00\",\"breadcrumb\":{\"@id\":\"https:\\\/\\\/chileentinieblas.cl\\\/pnj\\\/elyciriam\\\/#breadcrumb\"},\"inLanguage\":\"en-US\",\"potentialAction\":[{\"@type\":\"ReadAction\",\"target\":[\"https:\\\/\\\/chileentinieblas.cl\\\/pnj\\\/elyciriam\\\/\"]}]},{\"@type\":\"ImageObject\",\"inLanguage\":\"en-US\",\"@id\":\"https:\\\/\\\/chileentinieblas.cl\\\/pnj\\\/elyciriam\\\/#primaryimage\",\"url\":\"https:\\\/\\\/chileentinieblas.cl\\\/wp-content\\\/uploads\\\/2025\\\/07\\\/Elyciriam.jpg\",\"contentUrl\":\"https:\\\/\\\/chileentinieblas.cl\\\/wp-content\\\/uploads\\\/2025\\\/07\\\/Elyciriam.jpg\",\"width\":640,\"height\":849},{\"@type\":\"BreadcrumbList\",\"@id\":\"https:\\\/\\\/chileentinieblas.cl\\\/pnj\\\/elyciriam\\\/#breadcrumb\",\"itemListElement\":[{\"@type\":\"ListItem\",\"position\":1,\"name\":\"Portada\",\"item\":\"https:\\\/\\\/chileentinieblas.cl\\\/\"},{\"@type\":\"ListItem\",\"position\":2,\"name\":\"PNJs\",\"item\":\"https:\\\/\\\/chileentinieblas.cl\\\/pnj\\\/\"},{\"@type\":\"ListItem\",\"position\":3,\"name\":\"Elyciriam\"}]},{\"@type\":\"WebSite\",\"@id\":\"https:\\\/\\\/chileentinieblas.cl\\\/#website\",\"url\":\"https:\\\/\\\/chileentinieblas.cl\\\/\",\"name\":\"Chile en Tinieblas\",\"description\":\"Un servidor con mesas de rol de Mundo de Tinieblas\",\"publisher\":{\"@id\":\"https:\\\/\\\/chileentinieblas.cl\\\/#organization\"},\"potentialAction\":[{\"@type\":\"SearchAction\",\"target\":{\"@type\":\"EntryPoint\",\"urlTemplate\":\"https:\\\/\\\/chileentinieblas.cl\\\/?s={search_term_string}\"},\"query-input\":{\"@type\":\"PropertyValueSpecification\",\"valueRequired\":true,\"valueName\":\"search_term_string\"}}],\"inLanguage\":\"en-US\"},{\"@type\":\"Organization\",\"@id\":\"https:\\\/\\\/chileentinieblas.cl\\\/#organization\",\"name\":\"Chile en Tinieblas\",\"url\":\"https:\\\/\\\/chileentinieblas.cl\\\/\",\"logo\":{\"@type\":\"ImageObject\",\"inLanguage\":\"en-US\",\"@id\":\"https:\\\/\\\/chileentinieblas.cl\\\/#\\\/schema\\\/logo\\\/image\\\/\",\"url\":\"https:\\\/\\\/chileentinieblas.cl\\\/wp-content\\\/uploads\\\/2021\\\/12\\\/logo-cet-claro.png\",\"contentUrl\":\"https:\\\/\\\/chileentinieblas.cl\\\/wp-content\\\/uploads\\\/2021\\\/12\\\/logo-cet-claro.png\",\"width\":1001,\"height\":1030,\"caption\":\"Chile en Tinieblas\"},\"image\":{\"@id\":\"https:\\\/\\\/chileentinieblas.cl\\\/#\\\/schema\\\/logo\\\/image\\\/\"},\"sameAs\":[\"https:\\\/\\\/www.facebook.com\\\/ChileenTinieblas\",\"https:\\\/\\\/www.instagram.com\\\/chileentinieblas\\\/\",\"https:\\\/\\\/www.youtube.com\\\/@chileentinieblas\",\"https:\\\/\\\/www.tiktok.com\\\/@chileentinieblas\"]}]}<\/script>\n<!-- \/ Yoast SEO plugin. -->","yoast_head_json":{"title":"Elyciriam - Chile en Tinieblas","robots":{"index":"index","follow":"follow","max-snippet":"max-snippet:-1","max-image-preview":"max-image-preview:large","max-video-preview":"max-video-preview:-1"},"canonical":"https:\/\/chileentinieblas.cl\/en\/pnj\/elyciriam\/","og_locale":"en_US","og_type":"article","og_title":"Elyciriam - Chile en Tinieblas","og_description":"Phyla: Ondina Florestana T\u00edtulo:\u00a00 Corte:\u00a0Luminosa. Ancla: Laguna Encantada de Vilches Historia Recuerdo despertar cuando los sue\u00f1os a\u00fan eran j\u00f3venes, cuando la sangre no hab\u00eda aprendido a manchar mis aguas y la vida era simple, intacta. Recuerdo mis primeros pasos, torpes y curiosos, junto a quien nos dio un hogar. Cuyania\u2026 tu rostro a\u00fan vive en [&hellip;]","og_url":"https:\/\/chileentinieblas.cl\/en\/pnj\/elyciriam\/","og_site_name":"Chile en Tinieblas","article_publisher":"https:\/\/www.facebook.com\/ChileenTinieblas","article_modified_time":"2026-01-14T20:18:05+00:00","og_image":[{"width":640,"height":849,"url":"https:\/\/chileentinieblas.cl\/wp-content\/uploads\/2025\/07\/Elyciriam.jpg","type":"image\/jpeg"}],"twitter_card":"summary_large_image","twitter_misc":{"Est. reading time":"2 minutes"},"schema":{"@context":"https:\/\/schema.org","@graph":[{"@type":"WebPage","@id":"https:\/\/chileentinieblas.cl\/pnj\/elyciriam\/","url":"https:\/\/chileentinieblas.cl\/pnj\/elyciriam\/","name":"Elyciriam - Chile en Tinieblas","isPartOf":{"@id":"https:\/\/chileentinieblas.cl\/#website"},"primaryImageOfPage":{"@id":"https:\/\/chileentinieblas.cl\/pnj\/elyciriam\/#primaryimage"},"image":{"@id":"https:\/\/chileentinieblas.cl\/pnj\/elyciriam\/#primaryimage"},"thumbnailUrl":"https:\/\/chileentinieblas.cl\/wp-content\/uploads\/2025\/07\/Elyciriam.jpg","datePublished":"2025-07-29T01:27:18+00:00","dateModified":"2026-01-14T20:18:05+00:00","breadcrumb":{"@id":"https:\/\/chileentinieblas.cl\/pnj\/elyciriam\/#breadcrumb"},"inLanguage":"en-US","potentialAction":[{"@type":"ReadAction","target":["https:\/\/chileentinieblas.cl\/pnj\/elyciriam\/"]}]},{"@type":"ImageObject","inLanguage":"en-US","@id":"https:\/\/chileentinieblas.cl\/pnj\/elyciriam\/#primaryimage","url":"https:\/\/chileentinieblas.cl\/wp-content\/uploads\/2025\/07\/Elyciriam.jpg","contentUrl":"https:\/\/chileentinieblas.cl\/wp-content\/uploads\/2025\/07\/Elyciriam.jpg","width":640,"height":849},{"@type":"BreadcrumbList","@id":"https:\/\/chileentinieblas.cl\/pnj\/elyciriam\/#breadcrumb","itemListElement":[{"@type":"ListItem","position":1,"name":"Portada","item":"https:\/\/chileentinieblas.cl\/"},{"@type":"ListItem","position":2,"name":"PNJs","item":"https:\/\/chileentinieblas.cl\/pnj\/"},{"@type":"ListItem","position":3,"name":"Elyciriam"}]},{"@type":"WebSite","@id":"https:\/\/chileentinieblas.cl\/#website","url":"https:\/\/chileentinieblas.cl\/","name":"Chile en Tinieblas","description":"Un servidor con mesas de rol de Mundo de Tinieblas","publisher":{"@id":"https:\/\/chileentinieblas.cl\/#organization"},"potentialAction":[{"@type":"SearchAction","target":{"@type":"EntryPoint","urlTemplate":"https:\/\/chileentinieblas.cl\/?s={search_term_string}"},"query-input":{"@type":"PropertyValueSpecification","valueRequired":true,"valueName":"search_term_string"}}],"inLanguage":"en-US"},{"@type":"Organization","@id":"https:\/\/chileentinieblas.cl\/#organization","name":"Chile en Tinieblas","url":"https:\/\/chileentinieblas.cl\/","logo":{"@type":"ImageObject","inLanguage":"en-US","@id":"https:\/\/chileentinieblas.cl\/#\/schema\/logo\/image\/","url":"https:\/\/chileentinieblas.cl\/wp-content\/uploads\/2021\/12\/logo-cet-claro.png","contentUrl":"https:\/\/chileentinieblas.cl\/wp-content\/uploads\/2021\/12\/logo-cet-claro.png","width":1001,"height":1030,"caption":"Chile en Tinieblas"},"image":{"@id":"https:\/\/chileentinieblas.cl\/#\/schema\/logo\/image\/"},"sameAs":["https:\/\/www.facebook.com\/ChileenTinieblas","https:\/\/www.instagram.com\/chileentinieblas\/","https:\/\/www.youtube.com\/@chileentinieblas","https:\/\/www.tiktok.com\/@chileentinieblas"]}]}},"jetpack_sharing_enabled":true,"_links":{"self":[{"href":"https:\/\/chileentinieblas.cl\/en\/wp-json\/wp\/v2\/pnj\/6680","targetHints":{"allow":["GET"]}}],"collection":[{"href":"https:\/\/chileentinieblas.cl\/en\/wp-json\/wp\/v2\/pnj"}],"about":[{"href":"https:\/\/chileentinieblas.cl\/en\/wp-json\/wp\/v2\/types\/pnj"}],"author":[{"embeddable":true,"href":"https:\/\/chileentinieblas.cl\/en\/wp-json\/wp\/v2\/users\/33"}],"wp:featuredmedia":[{"embeddable":true,"href":"https:\/\/chileentinieblas.cl\/en\/wp-json\/wp\/v2\/media\/6681"}],"wp:attachment":[{"href":"https:\/\/chileentinieblas.cl\/en\/wp-json\/wp\/v2\/media?parent=6680"}],"wp:term":[{"taxonomy":"post_tag","embeddable":true,"href":"https:\/\/chileentinieblas.cl\/en\/wp-json\/wp\/v2\/tags?post=6680"},{"taxonomy":"faccion","embeddable":true,"href":"https:\/\/chileentinieblas.cl\/en\/wp-json\/wp\/v2\/faccion?post=6680"}],"curies":[{"name":"wp","href":"https:\/\/api.w.org\/{rel}","templated":true}]}}