{"id":642,"date":"2021-01-16T21:52:13","date_gmt":"2021-01-17T00:52:13","guid":{"rendered":"https:\/\/chileentinieblas.cl\/?post_type=personajes&#038;p=642"},"modified":"2024-07-27T03:56:16","modified_gmt":"2024-07-27T03:56:16","slug":"francisco-breetz","status":"publish","type":"pnj","link":"https:\/\/chileentinieblas.cl\/en\/pnj\/francisco-breetz\/","title":{"rendered":"Francisco Breetz"},"content":{"rendered":"<p class=\"wp-block-paragraph\">Actual vicepresidente del instituto de ingenieros de Chile, fue estudiante de ingenier\u00eda en Beaucheff para ser parte de su direcci\u00f3n desde el 2010 al 2014, donde aprovech\u00f3 de construir el nuevo centro de iteraci\u00f3n X para el  desarrollo de avances tecnol\u00f3gicos. Esto logr\u00f3 hacerlo bajo un acuerdo con Victoria y M\u00f3nica, quienes a cambio le pidieron un \u00e1rea para la divisi\u00f3n Q y el \u00e1rea de desarrollo para los Ingenieros del Vac\u00edo que se educaban ah\u00ed.<\/p>\n\n\n\n<p class=\"wp-block-paragraph\">Desde joven fue part\u00edcipe de las pol\u00edticas de obras p\u00fablicas del pa\u00eds, intentando aplicar los mayores avances tecnol\u00f3gicos en el area de contrucci\u00f3n p\u00fablica.<\/p>\n\n\n\n<p class=\"wp-block-paragraph\">Sin saberlo, ayud\u00f3 en la construcci\u00f3n de varios centros y talleres tecnol\u00f3gicos en el pa\u00eds de la <strong>iniciativa GOLEM<\/strong>, por lo mismo m\u00e1s tarde fue juzgado por el nuevo c\u00edrculo interior, del cual sali\u00f3 inocente, pero bajo la observaci\u00f3n minuciosa del resto de la Uni\u00f3n, para evitar un alzamiento de la convenci\u00f3n. Sabe los motivos del por qu\u00e9 cerraron varios de esos centros, pero nunca fue testigo de los experimentos ilegales, ya que solo segu\u00eda las directrices de la m\u00e1quina y nunca cuestion\u00f3 sus motivos. Todo esto y la falta de un representante de Iteraci\u00f3n X en el c\u00edrculo interior, llev\u00f3 a que tuviera cierto resentimiento contra la actual administraci\u00f3n de la Uni\u00f3n en Chile. Ahora espera que con la direcci\u00f3n general del <strong>se\u00f1or Takoda<\/strong>, Iteraci\u00f3n-X pueda volver a posicionarse como la convenci\u00f3n principal del desarrollo sustentable del pa\u00eds y fomentar su visi\u00f3n de industrializaci\u00f3n. <\/p>\n\n\n\n<p class=\"wp-block-paragraph\">Actualmente es director general del grupo de interaci\u00f3n X bajo el mando del <strong>se\u00f1or Takoda<\/strong>, quien sutilmente le instaur\u00f3 la tarea de recopilar los avances tecnol\u00f3gicos perdidos del grupo en la \u00e9poca de dictadura militar ya que en manos ajenas a la convenci\u00f3n, este conocimiento ser\u00eda muy peligroso. Frank est\u00e1 convencido que fue la influencia de las otras convenciones quienes terminaron por malversar sus recursos, apunta especialmente al Sindicato, como principal inversionista duda mucho que lo hayan hecho por un sentido altruista.<\/p>","protected":false},"author":1,"featured_media":644,"template":"","tags":[23],"faccion":[14,51,21],"class_list":["post-642","pnj","type-pnj","status-publish","has-post-thumbnail","hentry","tag-macrotecnicos","faccion-iteradores-x","faccion-mago-la-ascension","faccion-tecnocracia"],"acf":{"fecha":"1948 - Actualidad","estatus":"Activo","ficha_del_personaje":"","aspecto":"","interpretacion":"","rango":"3 - Especialista","informacion_privada":"","mapa_de_kumu_u_otro_embed":null},"yoast_head":"<!-- This site is optimized with the Yoast SEO plugin v28.4 - https:\/\/yoast.com\/product\/yoast-seo-wordpress\/ -->\n<title>Francisco Breetz - Chile en Tinieblas<\/title>\n<meta name=\"robots\" content=\"index, follow, max-snippet:-1, max-image-preview:large, max-video-preview:-1\" \/>\n<link rel=\"canonical\" href=\"https:\/\/chileentinieblas.cl\/en\/pnj\/francisco-breetz\/\" \/>\n<meta property=\"og:locale\" content=\"en_US\" \/>\n<meta property=\"og:type\" content=\"article\" \/>\n<meta property=\"og:title\" content=\"Francisco Breetz - Chile en Tinieblas\" \/>\n<meta property=\"og:description\" content=\"Actual vicepresidente del instituto de ingenieros de Chile, fue estudiante de ingenier\u00eda en Beaucheff para ser parte de su direcci\u00f3n desde el 2010 al 2014, donde aprovech\u00f3 de construir el nuevo centro de iteraci\u00f3n X para el desarrollo de avances tecnol\u00f3gicos. Esto logr\u00f3 hacerlo bajo un acuerdo con Victoria y M\u00f3nica, quienes a cambio le [&hellip;]\" \/>\n<meta property=\"og:url\" content=\"https:\/\/chileentinieblas.cl\/en\/pnj\/francisco-breetz\/\" \/>\n<meta property=\"og:site_name\" content=\"Chile en Tinieblas\" \/>\n<meta property=\"article:publisher\" content=\"https:\/\/www.facebook.com\/ChileenTinieblas\" \/>\n<meta property=\"article:modified_time\" content=\"2024-07-27T03:56:16+00:00\" \/>\n<meta property=\"og:image\" content=\"https:\/\/chileentinieblas.cl\/wp-content\/uploads\/2021\/01\/daxb81l-19e8ab8b-5394-4702-bba6-16ff75938e3b.jpg\" \/>\n\t<meta property=\"og:image:width\" content=\"698\" \/>\n\t<meta property=\"og:image:height\" content=\"1202\" \/>\n\t<meta property=\"og:image:type\" content=\"image\/jpeg\" \/>\n<meta name=\"twitter:card\" content=\"summary_large_image\" \/>\n<meta name=\"twitter:label1\" content=\"Est. reading time\" \/>\n\t<meta name=\"twitter:data1\" content=\"2 minutes\" \/>\n<script type=\"application\/ld+json\" class=\"yoast-schema-graph\">{\"@context\":\"https:\\\/\\\/schema.org\",\"@graph\":[{\"@type\":\"WebPage\",\"@id\":\"https:\\\/\\\/chileentinieblas.cl\\\/pnj\\\/francisco-breetz\\\/\",\"url\":\"https:\\\/\\\/chileentinieblas.cl\\\/pnj\\\/francisco-breetz\\\/\",\"name\":\"Francisco Breetz - Chile en Tinieblas\",\"isPartOf\":{\"@id\":\"https:\\\/\\\/chileentinieblas.cl\\\/#website\"},\"primaryImageOfPage\":{\"@id\":\"https:\\\/\\\/chileentinieblas.cl\\\/pnj\\\/francisco-breetz\\\/#primaryimage\"},\"image\":{\"@id\":\"https:\\\/\\\/chileentinieblas.cl\\\/pnj\\\/francisco-breetz\\\/#primaryimage\"},\"thumbnailUrl\":\"https:\\\/\\\/chileentinieblas.cl\\\/wp-content\\\/uploads\\\/2021\\\/01\\\/daxb81l-19e8ab8b-5394-4702-bba6-16ff75938e3b.jpg\",\"datePublished\":\"2021-01-17T00:52:13+00:00\",\"dateModified\":\"2024-07-27T03:56:16+00:00\",\"breadcrumb\":{\"@id\":\"https:\\\/\\\/chileentinieblas.cl\\\/pnj\\\/francisco-breetz\\\/#breadcrumb\"},\"inLanguage\":\"en-US\",\"potentialAction\":[{\"@type\":\"ReadAction\",\"target\":[\"https:\\\/\\\/chileentinieblas.cl\\\/pnj\\\/francisco-breetz\\\/\"]}]},{\"@type\":\"ImageObject\",\"inLanguage\":\"en-US\",\"@id\":\"https:\\\/\\\/chileentinieblas.cl\\\/pnj\\\/francisco-breetz\\\/#primaryimage\",\"url\":\"https:\\\/\\\/chileentinieblas.cl\\\/wp-content\\\/uploads\\\/2021\\\/01\\\/daxb81l-19e8ab8b-5394-4702-bba6-16ff75938e3b.jpg\",\"contentUrl\":\"https:\\\/\\\/chileentinieblas.cl\\\/wp-content\\\/uploads\\\/2021\\\/01\\\/daxb81l-19e8ab8b-5394-4702-bba6-16ff75938e3b.jpg\",\"width\":698,\"height\":1202},{\"@type\":\"BreadcrumbList\",\"@id\":\"https:\\\/\\\/chileentinieblas.cl\\\/pnj\\\/francisco-breetz\\\/#breadcrumb\",\"itemListElement\":[{\"@type\":\"ListItem\",\"position\":1,\"name\":\"Portada\",\"item\":\"https:\\\/\\\/chileentinieblas.cl\\\/\"},{\"@type\":\"ListItem\",\"position\":2,\"name\":\"PNJs\",\"item\":\"https:\\\/\\\/chileentinieblas.cl\\\/pnj\\\/\"},{\"@type\":\"ListItem\",\"position\":3,\"name\":\"Francisco Breetz\"}]},{\"@type\":\"WebSite\",\"@id\":\"https:\\\/\\\/chileentinieblas.cl\\\/#website\",\"url\":\"https:\\\/\\\/chileentinieblas.cl\\\/\",\"name\":\"Chile en Tinieblas\",\"description\":\"Un servidor con mesas de rol de Mundo de Tinieblas\",\"publisher\":{\"@id\":\"https:\\\/\\\/chileentinieblas.cl\\\/#organization\"},\"potentialAction\":[{\"@type\":\"SearchAction\",\"target\":{\"@type\":\"EntryPoint\",\"urlTemplate\":\"https:\\\/\\\/chileentinieblas.cl\\\/?s={search_term_string}\"},\"query-input\":{\"@type\":\"PropertyValueSpecification\",\"valueRequired\":true,\"valueName\":\"search_term_string\"}}],\"inLanguage\":\"en-US\"},{\"@type\":\"Organization\",\"@id\":\"https:\\\/\\\/chileentinieblas.cl\\\/#organization\",\"name\":\"Chile en Tinieblas\",\"url\":\"https:\\\/\\\/chileentinieblas.cl\\\/\",\"logo\":{\"@type\":\"ImageObject\",\"inLanguage\":\"en-US\",\"@id\":\"https:\\\/\\\/chileentinieblas.cl\\\/#\\\/schema\\\/logo\\\/image\\\/\",\"url\":\"https:\\\/\\\/chileentinieblas.cl\\\/wp-content\\\/uploads\\\/2021\\\/12\\\/logo-cet-claro.png\",\"contentUrl\":\"https:\\\/\\\/chileentinieblas.cl\\\/wp-content\\\/uploads\\\/2021\\\/12\\\/logo-cet-claro.png\",\"width\":1001,\"height\":1030,\"caption\":\"Chile en Tinieblas\"},\"image\":{\"@id\":\"https:\\\/\\\/chileentinieblas.cl\\\/#\\\/schema\\\/logo\\\/image\\\/\"},\"sameAs\":[\"https:\\\/\\\/www.facebook.com\\\/ChileenTinieblas\",\"https:\\\/\\\/www.instagram.com\\\/chileentinieblas\\\/\",\"https:\\\/\\\/www.youtube.com\\\/@chileentinieblas\",\"https:\\\/\\\/www.tiktok.com\\\/@chileentinieblas\"]}]}<\/script>\n<!-- \/ Yoast SEO plugin. -->","yoast_head_json":{"title":"Francisco Breetz - Chile en Tinieblas","robots":{"index":"index","follow":"follow","max-snippet":"max-snippet:-1","max-image-preview":"max-image-preview:large","max-video-preview":"max-video-preview:-1"},"canonical":"https:\/\/chileentinieblas.cl\/en\/pnj\/francisco-breetz\/","og_locale":"en_US","og_type":"article","og_title":"Francisco Breetz - Chile en Tinieblas","og_description":"Actual vicepresidente del instituto de ingenieros de Chile, fue estudiante de ingenier\u00eda en Beaucheff para ser parte de su direcci\u00f3n desde el 2010 al 2014, donde aprovech\u00f3 de construir el nuevo centro de iteraci\u00f3n X para el desarrollo de avances tecnol\u00f3gicos. Esto logr\u00f3 hacerlo bajo un acuerdo con Victoria y M\u00f3nica, quienes a cambio le [&hellip;]","og_url":"https:\/\/chileentinieblas.cl\/en\/pnj\/francisco-breetz\/","og_site_name":"Chile en Tinieblas","article_publisher":"https:\/\/www.facebook.com\/ChileenTinieblas","article_modified_time":"2024-07-27T03:56:16+00:00","og_image":[{"width":698,"height":1202,"url":"https:\/\/chileentinieblas.cl\/wp-content\/uploads\/2021\/01\/daxb81l-19e8ab8b-5394-4702-bba6-16ff75938e3b.jpg","type":"image\/jpeg"}],"twitter_card":"summary_large_image","twitter_misc":{"Est. reading time":"2 minutes"},"schema":{"@context":"https:\/\/schema.org","@graph":[{"@type":"WebPage","@id":"https:\/\/chileentinieblas.cl\/pnj\/francisco-breetz\/","url":"https:\/\/chileentinieblas.cl\/pnj\/francisco-breetz\/","name":"Francisco Breetz - Chile en Tinieblas","isPartOf":{"@id":"https:\/\/chileentinieblas.cl\/#website"},"primaryImageOfPage":{"@id":"https:\/\/chileentinieblas.cl\/pnj\/francisco-breetz\/#primaryimage"},"image":{"@id":"https:\/\/chileentinieblas.cl\/pnj\/francisco-breetz\/#primaryimage"},"thumbnailUrl":"https:\/\/chileentinieblas.cl\/wp-content\/uploads\/2021\/01\/daxb81l-19e8ab8b-5394-4702-bba6-16ff75938e3b.jpg","datePublished":"2021-01-17T00:52:13+00:00","dateModified":"2024-07-27T03:56:16+00:00","breadcrumb":{"@id":"https:\/\/chileentinieblas.cl\/pnj\/francisco-breetz\/#breadcrumb"},"inLanguage":"en-US","potentialAction":[{"@type":"ReadAction","target":["https:\/\/chileentinieblas.cl\/pnj\/francisco-breetz\/"]}]},{"@type":"ImageObject","inLanguage":"en-US","@id":"https:\/\/chileentinieblas.cl\/pnj\/francisco-breetz\/#primaryimage","url":"https:\/\/chileentinieblas.cl\/wp-content\/uploads\/2021\/01\/daxb81l-19e8ab8b-5394-4702-bba6-16ff75938e3b.jpg","contentUrl":"https:\/\/chileentinieblas.cl\/wp-content\/uploads\/2021\/01\/daxb81l-19e8ab8b-5394-4702-bba6-16ff75938e3b.jpg","width":698,"height":1202},{"@type":"BreadcrumbList","@id":"https:\/\/chileentinieblas.cl\/pnj\/francisco-breetz\/#breadcrumb","itemListElement":[{"@type":"ListItem","position":1,"name":"Portada","item":"https:\/\/chileentinieblas.cl\/"},{"@type":"ListItem","position":2,"name":"PNJs","item":"https:\/\/chileentinieblas.cl\/pnj\/"},{"@type":"ListItem","position":3,"name":"Francisco Breetz"}]},{"@type":"WebSite","@id":"https:\/\/chileentinieblas.cl\/#website","url":"https:\/\/chileentinieblas.cl\/","name":"Chile en Tinieblas","description":"Un servidor con mesas de rol de Mundo de Tinieblas","publisher":{"@id":"https:\/\/chileentinieblas.cl\/#organization"},"potentialAction":[{"@type":"SearchAction","target":{"@type":"EntryPoint","urlTemplate":"https:\/\/chileentinieblas.cl\/?s={search_term_string}"},"query-input":{"@type":"PropertyValueSpecification","valueRequired":true,"valueName":"search_term_string"}}],"inLanguage":"en-US"},{"@type":"Organization","@id":"https:\/\/chileentinieblas.cl\/#organization","name":"Chile en Tinieblas","url":"https:\/\/chileentinieblas.cl\/","logo":{"@type":"ImageObject","inLanguage":"en-US","@id":"https:\/\/chileentinieblas.cl\/#\/schema\/logo\/image\/","url":"https:\/\/chileentinieblas.cl\/wp-content\/uploads\/2021\/12\/logo-cet-claro.png","contentUrl":"https:\/\/chileentinieblas.cl\/wp-content\/uploads\/2021\/12\/logo-cet-claro.png","width":1001,"height":1030,"caption":"Chile en Tinieblas"},"image":{"@id":"https:\/\/chileentinieblas.cl\/#\/schema\/logo\/image\/"},"sameAs":["https:\/\/www.facebook.com\/ChileenTinieblas","https:\/\/www.instagram.com\/chileentinieblas\/","https:\/\/www.youtube.com\/@chileentinieblas","https:\/\/www.tiktok.com\/@chileentinieblas"]}]}},"jetpack_sharing_enabled":true,"_links":{"self":[{"href":"https:\/\/chileentinieblas.cl\/en\/wp-json\/wp\/v2\/pnj\/642","targetHints":{"allow":["GET"]}}],"collection":[{"href":"https:\/\/chileentinieblas.cl\/en\/wp-json\/wp\/v2\/pnj"}],"about":[{"href":"https:\/\/chileentinieblas.cl\/en\/wp-json\/wp\/v2\/types\/pnj"}],"author":[{"embeddable":true,"href":"https:\/\/chileentinieblas.cl\/en\/wp-json\/wp\/v2\/users\/1"}],"wp:featuredmedia":[{"embeddable":true,"href":"https:\/\/chileentinieblas.cl\/en\/wp-json\/wp\/v2\/media\/644"}],"wp:attachment":[{"href":"https:\/\/chileentinieblas.cl\/en\/wp-json\/wp\/v2\/media?parent=642"}],"wp:term":[{"taxonomy":"post_tag","embeddable":true,"href":"https:\/\/chileentinieblas.cl\/en\/wp-json\/wp\/v2\/tags?post=642"},{"taxonomy":"faccion","embeddable":true,"href":"https:\/\/chileentinieblas.cl\/en\/wp-json\/wp\/v2\/faccion?post=642"}],"curies":[{"name":"wp","href":"https:\/\/api.w.org\/{rel}","templated":true}]}}