{"id":6166,"date":"2025-03-31T03:08:23","date_gmt":"2025-03-31T03:08:23","guid":{"rendered":"https:\/\/chileentinieblas.cl\/?post_type=pnj&#038;p=6166"},"modified":"2025-03-31T03:08:24","modified_gmt":"2025-03-31T03:08:24","slug":"isidora-la-flaca-valdes","status":"publish","type":"pnj","link":"https:\/\/chileentinieblas.cl\/en\/pnj\/isidora-la-flaca-valdes\/","title":{"rendered":"Isidora \u201cLa Flaca\u201d Vald\u00e9s"},"content":{"rendered":"<p class=\"wp-block-paragraph\">Una bandida de los a\u00f1os 30, su alma se aferra a la zona roja que exist\u00eda cerca del ferrocarril. Lidera un peque\u00f1o grupo de wraiths renegados que buscan proteger a los fantasmas m\u00e1s j\u00f3venes de la opresi\u00f3n de Estigia.<\/p>\n\n\n\n<p class=\"wp-block-paragraph\"><strong>Vida y Muerte:<\/strong><br>Isidora Vald\u00e9s fue una mujer famosa en la d\u00e9cada de 1930 en Los \u00c1ngeles. Trabajaba en el barrio conocido como \u201cLas Canteras\u201d, una zona de bares y prost\u00edbulos que creci\u00f3 al calor del auge ferroviario. Se enamor\u00f3 de un maquinista que desapareci\u00f3 tras un accidente ferroviario en el Puente Rarinco. Se suicid\u00f3 en 1938 arroj\u00e1ndose frente a un tren de pasajeros, el Expreso del Carb\u00f3n, al enterarse de que el cuerpo de su amante nunca hab\u00eda sido encontrado.<\/p>\n\n\n\n<p class=\"wp-block-paragraph\"><strong>En el M\u00e1s All\u00e1:<\/strong><br>Isidora lidera un peque\u00f1o c\u00edrculo de Renegados que se refugian en los antiguos t\u00faneles de carga del sector R\u00edo Quilque. Se oponen a la Jerarqu\u00eda, defendiendo la libertad de los wraiths a decidir su destino. La apodan \u201cLa Flaca\u201d no s\u00f3lo por su delgadez f\u00edsica en vida, sino porque es capaz de reducir su Corpus casi a la nada para escapar a trav\u00e9s de grietas en la realidad.<\/p>\n\n\n\n<p class=\"wp-block-paragraph\"><strong>Rasgos psicol\u00f3gicos y de personalidad:<\/strong><br>Isidora es seductora y tr\u00e1gica. Su dolor no la ha doblegado, sino que la ha vuelto rebelde y emp\u00e1tica con los despose\u00eddos. Tiene un alma de libertaria rom\u00e1ntica, pero tambi\u00e9n una veta manipuladora: sabe leer las emociones ajenas y usarlas en su favor. Isidora cree que el sistema de la Jerarqu\u00eda est\u00e1 podrido y que cada wraith merece elegir su propio destino, aunque ese camino sea peligroso. Seductora, tr\u00e1gica y calculadora, busca establecer una red de Necr\u00f3polis libres, empezando por Los \u00c1ngeles.<\/p>\n\n\n\n<p class=\"wp-block-paragraph\"><strong>Acercamiento a un Wraith reci\u00e9n fallecido<\/strong>:<br>Primero, abordar\u00eda al reci\u00e9n llegado con calidez y comprensi\u00f3n. Hablar\u00eda de su p\u00e9rdida, lo escuchar\u00eda, y le har\u00eda sentir que no est\u00e1 solo en su dolor. Luego, lentamente, introducir\u00eda la idea de que no necesita someterse a nadie. Que hay una forma de &#8220;ser libre&#8221; incluso despu\u00e9s de la muerte. Si ve potencial en el wraith, puede ofrecerle un lugar en su grupo, pero siempre desde una posici\u00f3n de igual a igual.<\/p>","protected":false},"author":31,"featured_media":6167,"template":"","tags":[],"faccion":[58],"class_list":["post-6166","pnj","type-pnj","status-publish","has-post-thumbnail","hentry","faccion-wraith-el-olvido"],"acf":{"fecha":"","estatus":"Activo","ficha_del_personaje":"","aspecto":"","interpretacion":"","informacion_privada":"","mapa_de_kumu_u_otro_embed":null},"yoast_head":"<!-- This site is optimized with the Yoast SEO plugin v28.4 - https:\/\/yoast.com\/product\/yoast-seo-wordpress\/ -->\n<title>Isidora \u201cLa Flaca\u201d Vald\u00e9s - Chile en Tinieblas<\/title>\n<meta name=\"robots\" content=\"index, follow, max-snippet:-1, max-image-preview:large, max-video-preview:-1\" \/>\n<link rel=\"canonical\" href=\"https:\/\/chileentinieblas.cl\/en\/pnj\/isidora-la-flaca-valdes\/\" \/>\n<meta property=\"og:locale\" content=\"en_US\" \/>\n<meta property=\"og:type\" content=\"article\" \/>\n<meta property=\"og:title\" content=\"Isidora \u201cLa Flaca\u201d Vald\u00e9s - Chile en Tinieblas\" \/>\n<meta property=\"og:description\" content=\"Una bandida de los a\u00f1os 30, su alma se aferra a la zona roja que exist\u00eda cerca del ferrocarril. Lidera un peque\u00f1o grupo de wraiths renegados que buscan proteger a los fantasmas m\u00e1s j\u00f3venes de la opresi\u00f3n de Estigia. Vida y Muerte:Isidora Vald\u00e9s fue una mujer famosa en la d\u00e9cada de 1930 en Los \u00c1ngeles. [&hellip;]\" \/>\n<meta property=\"og:url\" content=\"https:\/\/chileentinieblas.cl\/en\/pnj\/isidora-la-flaca-valdes\/\" \/>\n<meta property=\"og:site_name\" content=\"Chile en Tinieblas\" \/>\n<meta property=\"article:publisher\" content=\"https:\/\/www.facebook.com\/ChileenTinieblas\" \/>\n<meta property=\"article:modified_time\" content=\"2025-03-31T03:08:24+00:00\" \/>\n<meta property=\"og:image\" content=\"https:\/\/chileentinieblas.cl\/wp-content\/uploads\/2025\/03\/flaca-valdez.png\" \/>\n\t<meta property=\"og:image:width\" content=\"1024\" \/>\n\t<meta property=\"og:image:height\" content=\"1024\" \/>\n\t<meta property=\"og:image:type\" content=\"image\/png\" \/>\n<meta name=\"twitter:card\" content=\"summary_large_image\" \/>\n<meta name=\"twitter:label1\" content=\"Est. reading time\" \/>\n\t<meta name=\"twitter:data1\" content=\"2 minutes\" \/>\n<script type=\"application\/ld+json\" class=\"yoast-schema-graph\">{\"@context\":\"https:\\\/\\\/schema.org\",\"@graph\":[{\"@type\":\"WebPage\",\"@id\":\"https:\\\/\\\/chileentinieblas.cl\\\/pnj\\\/isidora-la-flaca-valdes\\\/\",\"url\":\"https:\\\/\\\/chileentinieblas.cl\\\/pnj\\\/isidora-la-flaca-valdes\\\/\",\"name\":\"Isidora \u201cLa Flaca\u201d Vald\u00e9s - Chile en Tinieblas\",\"isPartOf\":{\"@id\":\"https:\\\/\\\/chileentinieblas.cl\\\/#website\"},\"primaryImageOfPage\":{\"@id\":\"https:\\\/\\\/chileentinieblas.cl\\\/pnj\\\/isidora-la-flaca-valdes\\\/#primaryimage\"},\"image\":{\"@id\":\"https:\\\/\\\/chileentinieblas.cl\\\/pnj\\\/isidora-la-flaca-valdes\\\/#primaryimage\"},\"thumbnailUrl\":\"https:\\\/\\\/chileentinieblas.cl\\\/wp-content\\\/uploads\\\/2025\\\/03\\\/flaca-valdez.png\",\"datePublished\":\"2025-03-31T03:08:23+00:00\",\"dateModified\":\"2025-03-31T03:08:24+00:00\",\"breadcrumb\":{\"@id\":\"https:\\\/\\\/chileentinieblas.cl\\\/pnj\\\/isidora-la-flaca-valdes\\\/#breadcrumb\"},\"inLanguage\":\"en-US\",\"potentialAction\":[{\"@type\":\"ReadAction\",\"target\":[\"https:\\\/\\\/chileentinieblas.cl\\\/pnj\\\/isidora-la-flaca-valdes\\\/\"]}]},{\"@type\":\"ImageObject\",\"inLanguage\":\"en-US\",\"@id\":\"https:\\\/\\\/chileentinieblas.cl\\\/pnj\\\/isidora-la-flaca-valdes\\\/#primaryimage\",\"url\":\"https:\\\/\\\/chileentinieblas.cl\\\/wp-content\\\/uploads\\\/2025\\\/03\\\/flaca-valdez.png\",\"contentUrl\":\"https:\\\/\\\/chileentinieblas.cl\\\/wp-content\\\/uploads\\\/2025\\\/03\\\/flaca-valdez.png\",\"width\":1024,\"height\":1024},{\"@type\":\"BreadcrumbList\",\"@id\":\"https:\\\/\\\/chileentinieblas.cl\\\/pnj\\\/isidora-la-flaca-valdes\\\/#breadcrumb\",\"itemListElement\":[{\"@type\":\"ListItem\",\"position\":1,\"name\":\"Portada\",\"item\":\"https:\\\/\\\/chileentinieblas.cl\\\/\"},{\"@type\":\"ListItem\",\"position\":2,\"name\":\"PNJs\",\"item\":\"https:\\\/\\\/chileentinieblas.cl\\\/pnj\\\/\"},{\"@type\":\"ListItem\",\"position\":3,\"name\":\"Isidora \u201cLa Flaca\u201d Vald\u00e9s\"}]},{\"@type\":\"WebSite\",\"@id\":\"https:\\\/\\\/chileentinieblas.cl\\\/#website\",\"url\":\"https:\\\/\\\/chileentinieblas.cl\\\/\",\"name\":\"Chile en Tinieblas\",\"description\":\"Un servidor con mesas de rol de Mundo de Tinieblas\",\"publisher\":{\"@id\":\"https:\\\/\\\/chileentinieblas.cl\\\/#organization\"},\"potentialAction\":[{\"@type\":\"SearchAction\",\"target\":{\"@type\":\"EntryPoint\",\"urlTemplate\":\"https:\\\/\\\/chileentinieblas.cl\\\/?s={search_term_string}\"},\"query-input\":{\"@type\":\"PropertyValueSpecification\",\"valueRequired\":true,\"valueName\":\"search_term_string\"}}],\"inLanguage\":\"en-US\"},{\"@type\":\"Organization\",\"@id\":\"https:\\\/\\\/chileentinieblas.cl\\\/#organization\",\"name\":\"Chile en Tinieblas\",\"url\":\"https:\\\/\\\/chileentinieblas.cl\\\/\",\"logo\":{\"@type\":\"ImageObject\",\"inLanguage\":\"en-US\",\"@id\":\"https:\\\/\\\/chileentinieblas.cl\\\/#\\\/schema\\\/logo\\\/image\\\/\",\"url\":\"https:\\\/\\\/chileentinieblas.cl\\\/wp-content\\\/uploads\\\/2021\\\/12\\\/logo-cet-claro.png\",\"contentUrl\":\"https:\\\/\\\/chileentinieblas.cl\\\/wp-content\\\/uploads\\\/2021\\\/12\\\/logo-cet-claro.png\",\"width\":1001,\"height\":1030,\"caption\":\"Chile en Tinieblas\"},\"image\":{\"@id\":\"https:\\\/\\\/chileentinieblas.cl\\\/#\\\/schema\\\/logo\\\/image\\\/\"},\"sameAs\":[\"https:\\\/\\\/www.facebook.com\\\/ChileenTinieblas\",\"https:\\\/\\\/www.instagram.com\\\/chileentinieblas\\\/\",\"https:\\\/\\\/www.youtube.com\\\/@chileentinieblas\",\"https:\\\/\\\/www.tiktok.com\\\/@chileentinieblas\"]}]}<\/script>\n<!-- \/ Yoast SEO plugin. -->","yoast_head_json":{"title":"Isidora \u201cLa Flaca\u201d Vald\u00e9s - Chile en Tinieblas","robots":{"index":"index","follow":"follow","max-snippet":"max-snippet:-1","max-image-preview":"max-image-preview:large","max-video-preview":"max-video-preview:-1"},"canonical":"https:\/\/chileentinieblas.cl\/en\/pnj\/isidora-la-flaca-valdes\/","og_locale":"en_US","og_type":"article","og_title":"Isidora \u201cLa Flaca\u201d Vald\u00e9s - Chile en Tinieblas","og_description":"Una bandida de los a\u00f1os 30, su alma se aferra a la zona roja que exist\u00eda cerca del ferrocarril. Lidera un peque\u00f1o grupo de wraiths renegados que buscan proteger a los fantasmas m\u00e1s j\u00f3venes de la opresi\u00f3n de Estigia. Vida y Muerte:Isidora Vald\u00e9s fue una mujer famosa en la d\u00e9cada de 1930 en Los \u00c1ngeles. [&hellip;]","og_url":"https:\/\/chileentinieblas.cl\/en\/pnj\/isidora-la-flaca-valdes\/","og_site_name":"Chile en Tinieblas","article_publisher":"https:\/\/www.facebook.com\/ChileenTinieblas","article_modified_time":"2025-03-31T03:08:24+00:00","og_image":[{"width":1024,"height":1024,"url":"https:\/\/chileentinieblas.cl\/wp-content\/uploads\/2025\/03\/flaca-valdez.png","type":"image\/png"}],"twitter_card":"summary_large_image","twitter_misc":{"Est. reading time":"2 minutes"},"schema":{"@context":"https:\/\/schema.org","@graph":[{"@type":"WebPage","@id":"https:\/\/chileentinieblas.cl\/pnj\/isidora-la-flaca-valdes\/","url":"https:\/\/chileentinieblas.cl\/pnj\/isidora-la-flaca-valdes\/","name":"Isidora \u201cLa Flaca\u201d Vald\u00e9s - Chile en Tinieblas","isPartOf":{"@id":"https:\/\/chileentinieblas.cl\/#website"},"primaryImageOfPage":{"@id":"https:\/\/chileentinieblas.cl\/pnj\/isidora-la-flaca-valdes\/#primaryimage"},"image":{"@id":"https:\/\/chileentinieblas.cl\/pnj\/isidora-la-flaca-valdes\/#primaryimage"},"thumbnailUrl":"https:\/\/chileentinieblas.cl\/wp-content\/uploads\/2025\/03\/flaca-valdez.png","datePublished":"2025-03-31T03:08:23+00:00","dateModified":"2025-03-31T03:08:24+00:00","breadcrumb":{"@id":"https:\/\/chileentinieblas.cl\/pnj\/isidora-la-flaca-valdes\/#breadcrumb"},"inLanguage":"en-US","potentialAction":[{"@type":"ReadAction","target":["https:\/\/chileentinieblas.cl\/pnj\/isidora-la-flaca-valdes\/"]}]},{"@type":"ImageObject","inLanguage":"en-US","@id":"https:\/\/chileentinieblas.cl\/pnj\/isidora-la-flaca-valdes\/#primaryimage","url":"https:\/\/chileentinieblas.cl\/wp-content\/uploads\/2025\/03\/flaca-valdez.png","contentUrl":"https:\/\/chileentinieblas.cl\/wp-content\/uploads\/2025\/03\/flaca-valdez.png","width":1024,"height":1024},{"@type":"BreadcrumbList","@id":"https:\/\/chileentinieblas.cl\/pnj\/isidora-la-flaca-valdes\/#breadcrumb","itemListElement":[{"@type":"ListItem","position":1,"name":"Portada","item":"https:\/\/chileentinieblas.cl\/"},{"@type":"ListItem","position":2,"name":"PNJs","item":"https:\/\/chileentinieblas.cl\/pnj\/"},{"@type":"ListItem","position":3,"name":"Isidora \u201cLa Flaca\u201d Vald\u00e9s"}]},{"@type":"WebSite","@id":"https:\/\/chileentinieblas.cl\/#website","url":"https:\/\/chileentinieblas.cl\/","name":"Chile en Tinieblas","description":"Un servidor con mesas de rol de Mundo de Tinieblas","publisher":{"@id":"https:\/\/chileentinieblas.cl\/#organization"},"potentialAction":[{"@type":"SearchAction","target":{"@type":"EntryPoint","urlTemplate":"https:\/\/chileentinieblas.cl\/?s={search_term_string}"},"query-input":{"@type":"PropertyValueSpecification","valueRequired":true,"valueName":"search_term_string"}}],"inLanguage":"en-US"},{"@type":"Organization","@id":"https:\/\/chileentinieblas.cl\/#organization","name":"Chile en Tinieblas","url":"https:\/\/chileentinieblas.cl\/","logo":{"@type":"ImageObject","inLanguage":"en-US","@id":"https:\/\/chileentinieblas.cl\/#\/schema\/logo\/image\/","url":"https:\/\/chileentinieblas.cl\/wp-content\/uploads\/2021\/12\/logo-cet-claro.png","contentUrl":"https:\/\/chileentinieblas.cl\/wp-content\/uploads\/2021\/12\/logo-cet-claro.png","width":1001,"height":1030,"caption":"Chile en Tinieblas"},"image":{"@id":"https:\/\/chileentinieblas.cl\/#\/schema\/logo\/image\/"},"sameAs":["https:\/\/www.facebook.com\/ChileenTinieblas","https:\/\/www.instagram.com\/chileentinieblas\/","https:\/\/www.youtube.com\/@chileentinieblas","https:\/\/www.tiktok.com\/@chileentinieblas"]}]}},"jetpack_sharing_enabled":true,"_links":{"self":[{"href":"https:\/\/chileentinieblas.cl\/en\/wp-json\/wp\/v2\/pnj\/6166","targetHints":{"allow":["GET"]}}],"collection":[{"href":"https:\/\/chileentinieblas.cl\/en\/wp-json\/wp\/v2\/pnj"}],"about":[{"href":"https:\/\/chileentinieblas.cl\/en\/wp-json\/wp\/v2\/types\/pnj"}],"author":[{"embeddable":true,"href":"https:\/\/chileentinieblas.cl\/en\/wp-json\/wp\/v2\/users\/31"}],"wp:featuredmedia":[{"embeddable":true,"href":"https:\/\/chileentinieblas.cl\/en\/wp-json\/wp\/v2\/media\/6167"}],"wp:attachment":[{"href":"https:\/\/chileentinieblas.cl\/en\/wp-json\/wp\/v2\/media?parent=6166"}],"wp:term":[{"taxonomy":"post_tag","embeddable":true,"href":"https:\/\/chileentinieblas.cl\/en\/wp-json\/wp\/v2\/tags?post=6166"},{"taxonomy":"faccion","embeddable":true,"href":"https:\/\/chileentinieblas.cl\/en\/wp-json\/wp\/v2\/faccion?post=6166"}],"curies":[{"name":"wp","href":"https:\/\/api.w.org\/{rel}","templated":true}]}}