{"id":607,"date":"2021-01-05T03:31:52","date_gmt":"2021-01-05T06:31:52","guid":{"rendered":"https:\/\/chileentinieblas.cl\/?post_type=personajes&#038;p=607"},"modified":"2024-07-27T03:56:16","modified_gmt":"2024-07-27T03:56:16","slug":"thomas-fontaine","status":"publish","type":"pnj","link":"https:\/\/chileentinieblas.cl\/en\/pnj\/thomas-fontaine\/","title":{"rendered":"Thomas Fontaine"},"content":{"rendered":"<p class=\"wp-block-paragraph\">Thomas fue uno de los subscritos directo de <strong>Albion Patterson<\/strong>. Su educaci\u00f3n religiosa resultaba incompatible con el punto de vista del Sindicato para el cual estaba siendo preparado, y esto generaba una oscuridad en su interior que se fue alimentando poco a poco cuando ve\u00eda la constante instauraci\u00f3n laica en la Tecnocracia globalmente.<\/p>\n\n\n\n<p class=\"wp-block-paragraph\">Fue por ello que qued\u00f3 atr\u00e1s como integrante del Sindicato. Su constante relaci\u00f3n con la religi\u00f3n cat\u00f3lica lo llev\u00f3 a buscar un punto de uni\u00f3n. Fue as\u00ed como se relacion\u00f3 en primera instancia con la Universidad Cat\u00f3lica. Siendo un alumno de ella busc\u00f3 maneras de progresar dentro de los c\u00edrculos del Sindicato, y fue ah\u00ed cuando le surgi\u00f3 la oportunidad perfecta.<\/p>\n\n\n\n<p class=\"wp-block-paragraph\"><strong>Albion Patterson<\/strong> estaba convencido que generar un punto directo de relaciones entre los miembros internacionales de la Uni\u00f3n y el Sindicato ayudar\u00eda a progresar al pa\u00eds exponencialmente. Plane\u00f3 la conexi\u00f3n con ellos desde la Universidad de Chicago y ten\u00eda intenciones de conectarla con la Universidad de Chile. Sin embargo, dada las constantes influencias de los subversores en esa universidad le fue muy dificil lograrlo, es ah\u00ed cuando Thomas toma la oportunidad de vincular la Universidad cat\u00f3lica con los planes del Sindicato y ofrece liderar el intercambio.<\/p>\n\n\n\n<p class=\"wp-block-paragraph\">Gracias a este espacio, Thomas se hizo de un gran renombre, lo que lo llev\u00f3 a conocer al culto conocido como los Mammonitas, donde encuentra el enlace perfecto entre los ideales econ\u00f3micos del sindicato, y su ferviente creencia en un ser superior.<\/p>\n\n\n\n<p class=\"wp-block-paragraph\">Esta revelaci\u00f3n lo cambi\u00f3. Su nuevo objetivo a partir de eso fue hacerse con el liderazgo del Sindicato en Chile para tener los recursos necesarios para los planes m\u00e1s retorcidos de su nuevo se\u00f1or Mammon.<\/p>\n\n\n\n<p class=\"wp-block-paragraph\">Lo logr\u00f3 bajo la fachada del cambio de paradigma econ\u00f3mico que vivi\u00f3 Chile bajo el alero de los Chicago Boys. Mientras el pa\u00eds se hac\u00eda m\u00e1s rico, \u00e9l obtendr\u00eda mayores recursos para sus propios fines.<\/p>\n\n\n\n<p class=\"wp-block-paragraph\">El poder que acumul\u00f3 con el tiempo lo llev\u00f3 incluso a ser parte del C\u00edrculo interior en 1980, para m\u00e1s adelante ser delatado y traicionado por uno de sus propios compa\u00f1eros, <strong><a href=\"https:\/\/chileentinieblas.cl\/en\/pnj\/demian-oxenius\/\" data-type=\"personajes\" data-id=\"15\">Demian Oxenius<\/a><\/strong>, quien le quitar\u00eda su puesto dentro del grupo.<\/p>\n\n\n\n<p class=\"wp-block-paragraph\">Finalmente es encerrado en la prisi\u00f3n de alta seguridad XXX en el constructo Umbral Pangea, donde termina desapareciendo despu\u00e9s de la anomal\u00eda dimensional.<\/p>","protected":false},"author":1,"featured_media":4840,"template":"","tags":[3,4],"faccion":[51,5,21],"class_list":["post-607","pnj","type-pnj","status-publish","has-post-thumbnail","hentry","tag-ex-dpe","tag-financiero","faccion-mago-la-ascension","faccion-sindicato","faccion-tecnocracia"],"acf":{"fecha":"1934 - 1999","estatus":"Desaparecido","ficha_del_personaje":"","aspecto":"","interpretacion":"","rango":"5 - C\u00edrculo interno","informacion_privada":"","mapa_de_kumu_u_otro_embed":null},"yoast_head":"<!-- This site is optimized with the Yoast SEO plugin v28.4 - https:\/\/yoast.com\/product\/yoast-seo-wordpress\/ -->\n<title>Thomas Fontaine - Chile en Tinieblas<\/title>\n<meta name=\"robots\" content=\"index, follow, max-snippet:-1, max-image-preview:large, max-video-preview:-1\" \/>\n<link rel=\"canonical\" href=\"https:\/\/chileentinieblas.cl\/en\/pnj\/thomas-fontaine\/\" \/>\n<meta property=\"og:locale\" content=\"en_US\" \/>\n<meta property=\"og:type\" content=\"article\" \/>\n<meta property=\"og:title\" content=\"Thomas Fontaine - Chile en Tinieblas\" \/>\n<meta property=\"og:description\" content=\"Thomas fue uno de los subscritos directo de Albion Patterson. Su educaci\u00f3n religiosa resultaba incompatible con el punto de vista del Sindicato para el cual estaba siendo preparado, y esto generaba una oscuridad en su interior que se fue alimentando poco a poco cuando ve\u00eda la constante instauraci\u00f3n laica en la Tecnocracia globalmente. Fue por [&hellip;]\" \/>\n<meta property=\"og:url\" content=\"https:\/\/chileentinieblas.cl\/en\/pnj\/thomas-fontaine\/\" \/>\n<meta property=\"og:site_name\" content=\"Chile en Tinieblas\" \/>\n<meta property=\"article:publisher\" content=\"https:\/\/www.facebook.com\/ChileenTinieblas\" \/>\n<meta property=\"article:modified_time\" content=\"2024-07-27T03:56:16+00:00\" \/>\n<meta property=\"og:image\" content=\"https:\/\/i.imgur.com\/TkNtIxI.jpg\" \/>\n\t<meta property=\"og:image:width\" content=\"750\" \/>\n\t<meta property=\"og:image:height\" content=\"876\" \/>\n\t<meta property=\"og:image:type\" content=\"image\/jpeg\" \/>\n<meta name=\"twitter:card\" content=\"summary_large_image\" \/>\n<meta name=\"twitter:label1\" content=\"Est. reading time\" \/>\n\t<meta name=\"twitter:data1\" content=\"2 minutes\" \/>\n<script type=\"application\/ld+json\" class=\"yoast-schema-graph\">{\"@context\":\"https:\\\/\\\/schema.org\",\"@graph\":[{\"@type\":\"WebPage\",\"@id\":\"https:\\\/\\\/chileentinieblas.cl\\\/en\\\/pnj\\\/thomas-fontaine\\\/\",\"url\":\"https:\\\/\\\/chileentinieblas.cl\\\/en\\\/pnj\\\/thomas-fontaine\\\/\",\"name\":\"Thomas Fontaine - Chile en Tinieblas\",\"isPartOf\":{\"@id\":\"https:\\\/\\\/chileentinieblas.cl\\\/#website\"},\"primaryImageOfPage\":{\"@id\":\"https:\\\/\\\/chileentinieblas.cl\\\/en\\\/pnj\\\/thomas-fontaine\\\/#primaryimage\"},\"image\":{\"@id\":\"https:\\\/\\\/chileentinieblas.cl\\\/en\\\/pnj\\\/thomas-fontaine\\\/#primaryimage\"},\"thumbnailUrl\":\"https:\\\/\\\/i.imgur.com\\\/TkNtIxI.jpg\",\"datePublished\":\"2021-01-05T06:31:52+00:00\",\"dateModified\":\"2024-07-27T03:56:16+00:00\",\"breadcrumb\":{\"@id\":\"https:\\\/\\\/chileentinieblas.cl\\\/en\\\/pnj\\\/thomas-fontaine\\\/#breadcrumb\"},\"inLanguage\":\"en-US\",\"potentialAction\":[{\"@type\":\"ReadAction\",\"target\":[\"https:\\\/\\\/chileentinieblas.cl\\\/en\\\/pnj\\\/thomas-fontaine\\\/\"]}]},{\"@type\":\"ImageObject\",\"inLanguage\":\"en-US\",\"@id\":\"https:\\\/\\\/chileentinieblas.cl\\\/en\\\/pnj\\\/thomas-fontaine\\\/#primaryimage\",\"url\":\"https:\\\/\\\/i.imgur.com\\\/TkNtIxI.jpg\",\"contentUrl\":\"https:\\\/\\\/i.imgur.com\\\/TkNtIxI.jpg\",\"width\":750,\"height\":876},{\"@type\":\"BreadcrumbList\",\"@id\":\"https:\\\/\\\/chileentinieblas.cl\\\/en\\\/pnj\\\/thomas-fontaine\\\/#breadcrumb\",\"itemListElement\":[{\"@type\":\"ListItem\",\"position\":1,\"name\":\"Portada\",\"item\":\"https:\\\/\\\/chileentinieblas.cl\\\/\"},{\"@type\":\"ListItem\",\"position\":2,\"name\":\"PNJs\",\"item\":\"https:\\\/\\\/chileentinieblas.cl\\\/pnj\\\/\"},{\"@type\":\"ListItem\",\"position\":3,\"name\":\"Thomas Fontaine\"}]},{\"@type\":\"WebSite\",\"@id\":\"https:\\\/\\\/chileentinieblas.cl\\\/#website\",\"url\":\"https:\\\/\\\/chileentinieblas.cl\\\/\",\"name\":\"Chile en Tinieblas\",\"description\":\"Un servidor con mesas de rol de Mundo de Tinieblas\",\"publisher\":{\"@id\":\"https:\\\/\\\/chileentinieblas.cl\\\/#organization\"},\"potentialAction\":[{\"@type\":\"SearchAction\",\"target\":{\"@type\":\"EntryPoint\",\"urlTemplate\":\"https:\\\/\\\/chileentinieblas.cl\\\/?s={search_term_string}\"},\"query-input\":{\"@type\":\"PropertyValueSpecification\",\"valueRequired\":true,\"valueName\":\"search_term_string\"}}],\"inLanguage\":\"en-US\"},{\"@type\":\"Organization\",\"@id\":\"https:\\\/\\\/chileentinieblas.cl\\\/#organization\",\"name\":\"Chile en Tinieblas\",\"url\":\"https:\\\/\\\/chileentinieblas.cl\\\/\",\"logo\":{\"@type\":\"ImageObject\",\"inLanguage\":\"en-US\",\"@id\":\"https:\\\/\\\/chileentinieblas.cl\\\/#\\\/schema\\\/logo\\\/image\\\/\",\"url\":\"https:\\\/\\\/chileentinieblas.cl\\\/wp-content\\\/uploads\\\/2021\\\/12\\\/logo-cet-claro.png\",\"contentUrl\":\"https:\\\/\\\/chileentinieblas.cl\\\/wp-content\\\/uploads\\\/2021\\\/12\\\/logo-cet-claro.png\",\"width\":1001,\"height\":1030,\"caption\":\"Chile en Tinieblas\"},\"image\":{\"@id\":\"https:\\\/\\\/chileentinieblas.cl\\\/#\\\/schema\\\/logo\\\/image\\\/\"},\"sameAs\":[\"https:\\\/\\\/www.facebook.com\\\/ChileenTinieblas\",\"https:\\\/\\\/www.instagram.com\\\/chileentinieblas\\\/\",\"https:\\\/\\\/www.youtube.com\\\/@chileentinieblas\",\"https:\\\/\\\/www.tiktok.com\\\/@chileentinieblas\"]}]}<\/script>\n<!-- \/ Yoast SEO plugin. -->","yoast_head_json":{"title":"Thomas Fontaine - Chile en Tinieblas","robots":{"index":"index","follow":"follow","max-snippet":"max-snippet:-1","max-image-preview":"max-image-preview:large","max-video-preview":"max-video-preview:-1"},"canonical":"https:\/\/chileentinieblas.cl\/en\/pnj\/thomas-fontaine\/","og_locale":"en_US","og_type":"article","og_title":"Thomas Fontaine - Chile en Tinieblas","og_description":"Thomas fue uno de los subscritos directo de Albion Patterson. Su educaci\u00f3n religiosa resultaba incompatible con el punto de vista del Sindicato para el cual estaba siendo preparado, y esto generaba una oscuridad en su interior que se fue alimentando poco a poco cuando ve\u00eda la constante instauraci\u00f3n laica en la Tecnocracia globalmente. Fue por [&hellip;]","og_url":"https:\/\/chileentinieblas.cl\/en\/pnj\/thomas-fontaine\/","og_site_name":"Chile en Tinieblas","article_publisher":"https:\/\/www.facebook.com\/ChileenTinieblas","article_modified_time":"2024-07-27T03:56:16+00:00","og_image":[{"width":750,"height":876,"url":"https:\/\/i.imgur.com\/TkNtIxI.jpg","type":"image\/jpeg"}],"twitter_card":"summary_large_image","twitter_misc":{"Est. reading time":"2 minutes"},"schema":{"@context":"https:\/\/schema.org","@graph":[{"@type":"WebPage","@id":"https:\/\/chileentinieblas.cl\/en\/pnj\/thomas-fontaine\/","url":"https:\/\/chileentinieblas.cl\/en\/pnj\/thomas-fontaine\/","name":"Thomas Fontaine - Chile en Tinieblas","isPartOf":{"@id":"https:\/\/chileentinieblas.cl\/#website"},"primaryImageOfPage":{"@id":"https:\/\/chileentinieblas.cl\/en\/pnj\/thomas-fontaine\/#primaryimage"},"image":{"@id":"https:\/\/chileentinieblas.cl\/en\/pnj\/thomas-fontaine\/#primaryimage"},"thumbnailUrl":"https:\/\/i.imgur.com\/TkNtIxI.jpg","datePublished":"2021-01-05T06:31:52+00:00","dateModified":"2024-07-27T03:56:16+00:00","breadcrumb":{"@id":"https:\/\/chileentinieblas.cl\/en\/pnj\/thomas-fontaine\/#breadcrumb"},"inLanguage":"en-US","potentialAction":[{"@type":"ReadAction","target":["https:\/\/chileentinieblas.cl\/en\/pnj\/thomas-fontaine\/"]}]},{"@type":"ImageObject","inLanguage":"en-US","@id":"https:\/\/chileentinieblas.cl\/en\/pnj\/thomas-fontaine\/#primaryimage","url":"https:\/\/i.imgur.com\/TkNtIxI.jpg","contentUrl":"https:\/\/i.imgur.com\/TkNtIxI.jpg","width":750,"height":876},{"@type":"BreadcrumbList","@id":"https:\/\/chileentinieblas.cl\/en\/pnj\/thomas-fontaine\/#breadcrumb","itemListElement":[{"@type":"ListItem","position":1,"name":"Portada","item":"https:\/\/chileentinieblas.cl\/"},{"@type":"ListItem","position":2,"name":"PNJs","item":"https:\/\/chileentinieblas.cl\/pnj\/"},{"@type":"ListItem","position":3,"name":"Thomas Fontaine"}]},{"@type":"WebSite","@id":"https:\/\/chileentinieblas.cl\/#website","url":"https:\/\/chileentinieblas.cl\/","name":"Chile en Tinieblas","description":"Un servidor con mesas de rol de Mundo de Tinieblas","publisher":{"@id":"https:\/\/chileentinieblas.cl\/#organization"},"potentialAction":[{"@type":"SearchAction","target":{"@type":"EntryPoint","urlTemplate":"https:\/\/chileentinieblas.cl\/?s={search_term_string}"},"query-input":{"@type":"PropertyValueSpecification","valueRequired":true,"valueName":"search_term_string"}}],"inLanguage":"en-US"},{"@type":"Organization","@id":"https:\/\/chileentinieblas.cl\/#organization","name":"Chile en Tinieblas","url":"https:\/\/chileentinieblas.cl\/","logo":{"@type":"ImageObject","inLanguage":"en-US","@id":"https:\/\/chileentinieblas.cl\/#\/schema\/logo\/image\/","url":"https:\/\/chileentinieblas.cl\/wp-content\/uploads\/2021\/12\/logo-cet-claro.png","contentUrl":"https:\/\/chileentinieblas.cl\/wp-content\/uploads\/2021\/12\/logo-cet-claro.png","width":1001,"height":1030,"caption":"Chile en Tinieblas"},"image":{"@id":"https:\/\/chileentinieblas.cl\/#\/schema\/logo\/image\/"},"sameAs":["https:\/\/www.facebook.com\/ChileenTinieblas","https:\/\/www.instagram.com\/chileentinieblas\/","https:\/\/www.youtube.com\/@chileentinieblas","https:\/\/www.tiktok.com\/@chileentinieblas"]}]}},"jetpack_sharing_enabled":true,"_links":{"self":[{"href":"https:\/\/chileentinieblas.cl\/en\/wp-json\/wp\/v2\/pnj\/607","targetHints":{"allow":["GET"]}}],"collection":[{"href":"https:\/\/chileentinieblas.cl\/en\/wp-json\/wp\/v2\/pnj"}],"about":[{"href":"https:\/\/chileentinieblas.cl\/en\/wp-json\/wp\/v2\/types\/pnj"}],"author":[{"embeddable":true,"href":"https:\/\/chileentinieblas.cl\/en\/wp-json\/wp\/v2\/users\/1"}],"wp:featuredmedia":[{"embeddable":true,"href":"https:\/\/chileentinieblas.cl\/en\/wp-json\/wp\/v2\/media\/4840"}],"wp:attachment":[{"href":"https:\/\/chileentinieblas.cl\/en\/wp-json\/wp\/v2\/media?parent=607"}],"wp:term":[{"taxonomy":"post_tag","embeddable":true,"href":"https:\/\/chileentinieblas.cl\/en\/wp-json\/wp\/v2\/tags?post=607"},{"taxonomy":"faccion","embeddable":true,"href":"https:\/\/chileentinieblas.cl\/en\/wp-json\/wp\/v2\/faccion?post=607"}],"curies":[{"name":"wp","href":"https:\/\/api.w.org\/{rel}","templated":true}]}}