{"id":5984,"date":"2025-02-20T19:31:32","date_gmt":"2025-02-20T19:31:32","guid":{"rendered":"https:\/\/chileentinieblas.cl\/?post_type=pnj&#038;p=5984"},"modified":"2025-03-24T17:53:45","modified_gmt":"2025-03-24T17:53:45","slug":"tyler-owen","status":"publish","type":"pnj","link":"https:\/\/chileentinieblas.cl\/en\/pnj\/tyler-owen\/","title":{"rendered":"Tyler Owen"},"content":{"rendered":"<h2 class=\"wp-block-heading\">Guerras Europeas<\/h2>\n\n\n\n<p class=\"wp-block-paragraph\">Han pasado muchos a\u00f1os, m\u00e1s de los que quisiera recordar, pero el hogar nunca se olvida, se lleva a todas partes, como una mochila con recuerdos, lugares, sabores y aromas, una pesada mochila con sufrimiento, perdida y muerte.<\/p>\n\n\n\n<p class=\"wp-block-paragraph\">Nac\u00ed un 27 de mayo de 1922, en una casa pobre en Barcelona, en el distrito de Las Cortes. Solo tengo recuerdos de mi madre, una mujer abatida por la vida, abandonada por mi padre, luchador y justa. Esto no fue suficiente para salvarla; muri\u00f3 el 20 de julio de 1936, a los pocos d\u00edas del golpe de Estado e inicio de la Guerra Civil Espa\u00f1ola. Solo ten\u00eda 14 a\u00f1os cuando tom\u00e9 el primer fusil y luch\u00e9 junto al bando sublevado en contra los republicanos. Yo no entend\u00eda el conflicto, solo luchaba por comida y abrigo, ten\u00eda un talento innato para sobrevivir, herencia de mi madre y de una infancia cruda y solitaria.<\/p>\n\n\n\n<p class=\"wp-block-paragraph\">Ganamos la guerra civil y perdimos la libertad, Franco se asomaba como un dictador, ya saben, la misma mierda con distinta ropa, la eterna b\u00fasqueda de poder. Escape a Francia el 21 de julio de 1939 buscando algo de paz, pero a los perros de guerra, el conflicto los persigue. Solo tuve algunos meses de tranquilidad hasta que Polonia fue invadida por los alemanes, luego, la ca\u00edda de Francia, el resto ya es historia.<\/p>\n\n\n\n<p class=\"wp-block-paragraph\">Luch\u00e9 junto la resistencia francesa, compart\u00ed el sufrimiento de mis camaradas, simpatic\u00e9 con su idololog\u00eda, conoc\u00ed el amor de una bella francesa, y record\u00e9 el amargo sabor de la perdida y la muerte. Luch\u00e9 junto a las Fuerzas Francesas Libres en la batalla de Bir Hakeim, resistiendo por 14 d\u00edas los ataques alemanes, y particip\u00e9 de la liberaci\u00f3n de la ciudad de Par\u00eds el 25 de agosto de 1944.<\/p>\n\n\n\n<p class=\"wp-block-paragraph\">\u00bfEl precio de la libertad? Mi vida. El 26 de agosto de 1944, estaba tendido en un hospital de emergencia, muchas heridas, y huesos rotos, solo escuchaba por un o\u00eddo y mis pulmones quedaron completamente colapsados. \u00bfLa causa? El proyectil de un panzer alem\u00e1n explot\u00f3 al lado m\u00edo, derrib\u00f3 un edificio que cay\u00f3 encima de m\u00ed. Lamento cada d\u00eda haber sobrevivido.<\/p>\n\n\n\n<p class=\"wp-block-paragraph\">No tengo recuerdos de cu\u00e1nto tiempo pas\u00f3. Creo que fueron varios meses, porque la gente celebr\u00f3 el fin de la guerra. En las noches recordaba a mis camaradas, a la mujer que am\u00e9 y vi morir en mis brazos. No me pod\u00eda secar las l\u00e1grimas y mi sollozo se escond\u00eda entre los tubos que me permit\u00edan respirar y me alimentaban. Yo parec\u00eda un vegetal en descomposici\u00f3n que luchaba por sobrevivir de manera instintiva, pero anhelaba la muerte. \u00bfLecci\u00f3n de vida? Hay que tener cuidado con lo que no desea.<\/p>\n\n\n\n<h2 class=\"wp-block-heading\">El Abrazo y Latinoam\u00e9rica<\/h2>\n\n\n\n<p class=\"wp-block-paragraph\">Con el pasar del tiempo, empez\u00f3 a ser recurrente una mujer. No recuerdo su nombre, nunca me lo dijo, pero tengo guardado en la retina sus ojos celestes, profundos y penetrantes como ojos de gato, su pelo casta\u00f1o, su p\u00e1lida piel, sus finos rasgos, labios siempre rojos, del mismo color que su vestido, tapado en un elegante abrigo.<\/p>\n\n\n\n<p class=\"wp-block-paragraph\">Esa mujer me visitaba seguido, extra\u00f1o si yo perd\u00ed todos mis v\u00ednculos mortales. Al principio t\u00edmida, luego interactuaba conmigo como si fu\u00e9ramos amigos de a\u00f1os. Yo solo la miraba, como si mis ojos pudieran hablar y ella entender. Sin embargo, su mirada era de lastima, como quien ve a un perro callejero moribundo y se acerca a \u00e9l solo de pena.<\/p>\n\n\n\n<p class=\"wp-block-paragraph\">Nunca supe la raz\u00f3n, pas\u00e9 a\u00f1os busc\u00e1ndola sin encontrar ning\u00fan rastro, como si hubiera simplemente desaparecido. Recuerdo muy bien la noche del 14 de diciembre de 1952; ella entr\u00f3 de alguna manera el hospital, sus ojos brillaban en la oscuridad, lentamente se acerc\u00f3 a mi o\u00eddo y me dijo con una suave voz, que apenas pudiera corriera, que escapara de Francia y de Europa, que escapara de noche y durmiera de d\u00eda, que nadie me viera comer y que ojal\u00e1 encontrara alg\u00fan d\u00eda paz. Luego me abraz\u00f3.<\/p>\n\n\n\n<p class=\"wp-block-paragraph\">Llegu\u00e9 a Argentina el 12 de abril de 1953. Aprend\u00ed a vivir con \u201cesto\u201d a punta de errores, pero un perro viejo aprende trucos nuevos. En Buenos Aires viv\u00ed por m\u00e1s de 20 a\u00f1os y como un sabueso encontr\u00e9 a los de mi clase, quienes me ense\u00f1aron lo que la calle ya me hab\u00eda mostrado. Para ser sincero, nunca encaj\u00e9 con su vida burguesa, ni con su inter\u00e9s en la pol\u00edtica ni con su b\u00fasqueda del poder; la Camarilla es una p\u00e9rdida de tiempo, dominada por unos viejos insaciables quienes usan a los v\u00e1stagos m\u00e1s d\u00e9biles para su propio beneficio. A estos no les queda otra opci\u00f3n \u00bfSabes? Solo buscan seguridad y paz, lo s\u00e9 porque yo tambi\u00e9n busqu\u00e9 bajo su amparo. Sin embargo, no entend\u00eda su odio por la humanidad, no es que yo prefiriera a los mortales, pero en realidad no nos diferenci\u00e1bamos mucho los unos a los otros, \u00e9ramos seres luchando por sobrevivir.<\/p>\n\n\n\n<p class=\"wp-block-paragraph\">Con el tiempo me volv\u00ed m\u00e1s irreverente, falto de clase para algunos, lun\u00e1tico para otro; a veces perd\u00eda cordura y despreciaba m\u00ed no vida. Busqu\u00e9 refugio en los animales en muchos casos y me aferraba a la idea de poder encontrar a la persona que me hizo esto, algunas veces pensando en vengarme, en otros momentos solo quer\u00eda agradecerle.<\/p>\n\n\n\n<p class=\"wp-block-paragraph\">Me fui de Buenos Aires el 24 de marzo de 1975, exactamente un a\u00f1o antes del golpe de Estado en dicho pa\u00eds. A los perros de guerra el conflicto los persigue y yo ya reconoc\u00eda el olor de la muerte y el sufrimiento. El panorama latinoamericano no era el mejor, siendo el nuevo tablero de las grandes potencias en el periodo de guerra fr\u00eda. El 72 en Uruguay, el 73 en Chile, el 75 en Per\u00fa, Ecuador y Argentina. Recorr\u00ed toda Latinoam\u00e9rica, vi y viv\u00ed sus dictaduras. Habl\u00e9 con la gente que pude, pocos v\u00e1stagos, muchos humanos, llenando mi mochila con nuevos recuerdos, lugares, sabores, aromas, sufrimiento, perdida, miedo y muerte.<\/p>\n\n\n\n<h2 class=\"wp-block-heading\">Chile y Dictadura<\/h2>\n\n\n\n<p class=\"wp-block-paragraph\">Sin embargo, mi destino final fue Chile. Dec\u00edan que all\u00ed la dictadura era feroz e inhumana, y no era una mentira ni una exageraci\u00f3n. En el pa\u00eds cordillerano pasaron cosas que ni el peor Pr\u00edncipe de la Camarilla permitir\u00eda. V\u00e1stagos y humanos si nos diferenci\u00e1bamos, nosotros mat\u00e1bamos y luch\u00e1bamos para sobrevivir, las escorias en Chile lo hac\u00edan por placer. Llegu\u00e9 un 6 de marzo de 1980 y no fue dif\u00edcil encontrar mi nuevo hogar.<br>A los pocos meses en Santiago de Chile, ya estaba trabajando como esp\u00eda y asesino del Frente Patri\u00f3tico Manuel Rodr\u00edguez. Nada hab\u00eda cambiado tanto, era lo que mejor sab\u00eda hacer, pelear y sobrevivir. La vida aburguesada de la Camarilla en Buenos Aires solo me causaba repulsi\u00f3n, la vida clandestina, la fraternidad y el compa\u00f1erismo eran mi zona de confort, eran mi forma de ser; aunque segu\u00eda siendo un irreverente y falto de clase. Como dec\u00edan en Chile, un roto.<\/p>\n\n\n\n<p class=\"wp-block-paragraph\">La conoc\u00ed un 8 de marzo de 1982, he inmediatamente sent\u00ed algo por ella. Su largo, negro y liso pelo oscuro, su amplia sonrisa, sus cachetes siempre rosados y una mirada profunda y melanc\u00f3lica, me hac\u00edan recordar a mi antiguo amor en Francia, pero no ese amor rom\u00e1ntico de las pel\u00edculas yankies, falso, ego\u00edsta, exclusivo, este era un amor fraternal, un compa\u00f1erismo, una hermandad. Desde ese d\u00eda nunca me separ\u00e9 de Blair Bastet\u2026 no era un nombre dif\u00edcil de olvidar, tampoco era muy chileno, pero claramente ella no pertenec\u00eda al mundo de los mortales. Ya no era el \u00fanico al cual el conflicto persegu\u00eda y hab\u00eda aprendido a sobrevivir.<\/p>\n\n\n\n<p class=\"wp-block-paragraph\">Juntos hicimos muchas misiones para el FPMR. Ella siempre fue astuta, dura y directa, era la m\u00e1s inteligente del frente pero no necesitaba liderar para alimentar su ego como el resto de los mortales. Siempre fue eficiente al actuar, sigilosa como un gato; yo en cambio me hab\u00eda forjado en las guerras de los humanos, yo era un perro rabioso, embrutecido, pero siempre fiel. La mayor\u00eda de nuestras acciones fueron victorias en contra la Dictadura, y nos volvimos expertos en escapar de la DN y de la Camarilla de Santiago. Sin embargo, no todo fue triunfo. Vimos a muchos compa\u00f1eras y compa\u00f1eros desaparecer, si ten\u00edan suerte los encontr\u00e1bamos muertos; fracas\u00e1bamos muchas misiones tambi\u00e9n, tal vez la m\u00e1s importante el 7 de septiembre de 1986.<\/p>\n\n\n\n<p class=\"wp-block-paragraph\">La Libertad lleg\u00f3 y esta vez, no me cost\u00f3 la vida. Hab\u00eda encontrado un hogar junto a Blair y tal vez un poco de paz tal como me hab\u00eda dicho la elegante mujer una noche de diciembre del 46. Chile se hab\u00eda logrado vencer la dictadura y junto a Blair seguimos de cerca el retorno de la democracia y la posterior corrupci\u00f3n liderada por los grupos pol\u00edticos.<\/p>\n\n\n\n<p class=\"wp-block-paragraph\">La dictadura no hab\u00eda terminado para los mortales. Con Blair pasamos muchos a\u00f1os ayudando desde la clandestinidad a encontrar los cuerpos de detenidos desaparecidos, forzar sapos que luego aparecieron en el Informe Rettig y haciendo un poco de justicia por mano propia a algunos asesinos uniformados. La dictadura tampoco hab\u00eda acabado para nosotros, \u00e9ramos v\u00e1stagos guachos, la clandestinidad era nuestro estilo de vida, como un gato y un perro callejero.<\/p>\n\n\n\n<p class=\"wp-block-paragraph\">Nos volvimos expertos en perseguir problema, y pasamos m\u00e1s de 18 a\u00f1os en el sur del pa\u00eds, trabajando con las comunidades mapuches, ayudando en las tomas de terrenos y combatiendo contra los pacos bastardos, todos trabajos nocturnos. Nos volvimos expertos en matar pacos, ol\u00edamos y sent\u00edamos a los m\u00e1s cochinos, violentos y psic\u00f3patas. Pero nuestros esfuerzos no eran suficientes, dos v\u00e1stagos y un pueblo revolucionario contra un Estado armado, era una pelea injusta, desproporcionada, que inevitablemente traer\u00eda muerte. Volvimos a Santiago el 24 de noviembre de 2018, diez d\u00edas despu\u00e9s de la muerte de Camilo Catrillanca, no todo era triunfo, tambi\u00e9n fracas\u00e1bamos misiones.<\/p>\n\n\n\n<p class=\"wp-block-paragraph\">Volver a Santiago a las filas Anarquistas, nos permiti\u00f3 ver con mayor claridad que el conflicto mapuche no era un hecho aislado. Chile cultiv\u00f3 un conflicto social en todo el pa\u00eds por m\u00e1s de 30 a\u00f1os. Nuevamente hay conflicto y donde hay uno, siempre habr\u00e1 un perro de guerra olfateando sufrimiento, muerte, y esta vez, un poco de esperanza y dignidad.<\/p>\n\n\n\n<h2 class=\"wp-block-heading\">Proyecto Boca del Lobo<\/h2>\n\n\n\n<p class=\"wp-block-paragraph\"><em>Fecha: diciembre 2020<\/em><\/p>\n\n\n\n<p class=\"wp-block-paragraph\">Jeanne Seriz -una mercenaria Anarquista- volvi\u00f3 a Santiago con un mensaje directo a Colmillo: Valdivia est\u00e1 libre de v\u00e1stagos. Para Colmillo sonaba una gran oportunidad para iniciar un proyecto por a\u00f1os archivado.<\/p>\n\n\n\n<ol start=\"2\" class=\"wp-block-list\">\n<li><\/li>\n<\/ol>\n\n\n\n<p class=\"wp-block-paragraph\">No es un secreto para los Anarquistas que en la regi\u00f3n de Los R\u00edos y la Selva Valdiviana est\u00e1 infestada de Lupinos pero no est\u00e1n en la ciudad, informaci\u00f3n que al parecer no maneja la Camarilla porque nunca les ha atra\u00eddo tomar Valdivia.<\/p>\n\n\n\n<p class=\"wp-block-paragraph\">Colmillo sabe que tener Valdivia significar\u00eda tener acceso al puerto de Corral y con eso, el movimiento de equipos y v\u00e1stagos por mar para evitar el desplazamiento por tierra. Tambi\u00e9n significar\u00eda tener un Estado Libre lejos de los ojos de la Camarilla y un basti\u00f3n en la boca del lobo -literalmente-.<\/p>\n\n\n\n<p class=\"wp-block-paragraph\">Escuch\u00f3 tambi\u00e9n que, en la denominada Batalla de Valdivia, estuvo presente un remanente de la Segunda Inquisici\u00f3n por lo que podr\u00edan aparecerse en la ciudad y con eso, conseguir m\u00e1s informaci\u00f3n de ellos.<\/p>\n\n\n\n<p class=\"wp-block-paragraph\">Colmillo organiza una reuni\u00f3n conmigo y Jeanne Seriz e inician juntos el proyecto \u201cBoca del Lobo\u201d. El proyecto supone que Jeanne y yo viajemos junto a un grupo de v\u00e1stagos para cumplir las siguientes misiones:<\/p>\n\n\n\n<ul class=\"wp-block-list\">\n<li><em>Bajo mundo<\/em>: Jeanne tiene nociones del manejo del bajo mundo en la ciudad. Ella junto a otros 2 v\u00e1stagos anarquistas buscaran a la persona u organizaci\u00f3n y tomaran el control de la noche de la ciudad.<\/li>\n\n\n\n<li><em>Administraci\u00f3n<\/em>: Blair se infiltrar\u00e1 en la administraci\u00f3n de la ciudad (municipalidad, CORE y similares) para encontrar los papeles que esconden al l\u00edder de la noche valdiviana y de paso organizar y limpiar los antecedentes que permitan la instalaci\u00f3n de la Baron\u00eda.<\/li>\n\n\n\n<li><em>Puerto de Corral<\/em>: Yo comenzar\u00e9 la infiltraci\u00f3n en el puerto, obtendr\u00e9 los mapas f\u00edsicos y administrativos, y ver\u00e9 quienes son los eslabones d\u00e9biles y por donde podemos controlar.<\/li>\n<\/ul>\n\n\n\n<p class=\"wp-block-paragraph\"><\/p>","protected":false},"author":32,"featured_media":5985,"template":"","tags":[100,99],"faccion":[],"class_list":["post-5984","pnj","type-pnj","status-publish","has-post-thumbnail","hentry","tag-anarquistas","tag-vampiro-la-mascarada"],"acf":{"fecha":"","estatus":"Activo","ficha_del_personaje":"","aspecto":"","interpretacion":"","informacion_privada":"","mapa_de_kumu_u_otro_embed":null},"yoast_head":"<!-- This site is optimized with the Yoast SEO plugin v28.4 - https:\/\/yoast.com\/product\/yoast-seo-wordpress\/ -->\n<title>Tyler Owen - Chile en Tinieblas<\/title>\n<meta name=\"robots\" content=\"index, follow, max-snippet:-1, max-image-preview:large, max-video-preview:-1\" \/>\n<link rel=\"canonical\" href=\"https:\/\/chileentinieblas.cl\/en\/pnj\/tyler-owen\/\" \/>\n<meta property=\"og:locale\" content=\"en_US\" \/>\n<meta property=\"og:type\" content=\"article\" \/>\n<meta property=\"og:title\" content=\"Tyler Owen - Chile en Tinieblas\" \/>\n<meta property=\"og:description\" content=\"Guerras Europeas Han pasado muchos a\u00f1os, m\u00e1s de los que quisiera recordar, pero el hogar nunca se olvida, se lleva a todas partes, como una mochila con recuerdos, lugares, sabores y aromas, una pesada mochila con sufrimiento, perdida y muerte. Nac\u00ed un 27 de mayo de 1922, en una casa pobre en Barcelona, en el [&hellip;]\" \/>\n<meta property=\"og:url\" content=\"https:\/\/chileentinieblas.cl\/en\/pnj\/tyler-owen\/\" \/>\n<meta property=\"og:site_name\" content=\"Chile en Tinieblas\" \/>\n<meta property=\"article:publisher\" content=\"https:\/\/www.facebook.com\/ChileenTinieblas\" \/>\n<meta property=\"article:modified_time\" content=\"2025-03-24T17:53:45+00:00\" \/>\n<meta property=\"og:image\" content=\"https:\/\/chileentinieblas.cl\/wp-content\/uploads\/2025\/02\/WhatsApp-Image-2025-02-19-at-17.19.07.jpeg\" \/>\n\t<meta property=\"og:image:width\" content=\"512\" \/>\n\t<meta property=\"og:image:height\" content=\"512\" \/>\n\t<meta property=\"og:image:type\" content=\"image\/jpeg\" \/>\n<meta name=\"twitter:card\" content=\"summary_large_image\" \/>\n<meta name=\"twitter:label1\" content=\"Est. reading time\" \/>\n\t<meta name=\"twitter:data1\" content=\"11 minutes\" \/>\n<script type=\"application\/ld+json\" class=\"yoast-schema-graph\">{\"@context\":\"https:\\\/\\\/schema.org\",\"@graph\":[{\"@type\":\"WebPage\",\"@id\":\"https:\\\/\\\/chileentinieblas.cl\\\/pnj\\\/tyler-owen\\\/\",\"url\":\"https:\\\/\\\/chileentinieblas.cl\\\/pnj\\\/tyler-owen\\\/\",\"name\":\"Tyler Owen - Chile en Tinieblas\",\"isPartOf\":{\"@id\":\"https:\\\/\\\/chileentinieblas.cl\\\/#website\"},\"primaryImageOfPage\":{\"@id\":\"https:\\\/\\\/chileentinieblas.cl\\\/pnj\\\/tyler-owen\\\/#primaryimage\"},\"image\":{\"@id\":\"https:\\\/\\\/chileentinieblas.cl\\\/pnj\\\/tyler-owen\\\/#primaryimage\"},\"thumbnailUrl\":\"https:\\\/\\\/chileentinieblas.cl\\\/wp-content\\\/uploads\\\/2025\\\/02\\\/WhatsApp-Image-2025-02-19-at-17.19.07.jpeg\",\"datePublished\":\"2025-02-20T19:31:32+00:00\",\"dateModified\":\"2025-03-24T17:53:45+00:00\",\"breadcrumb\":{\"@id\":\"https:\\\/\\\/chileentinieblas.cl\\\/pnj\\\/tyler-owen\\\/#breadcrumb\"},\"inLanguage\":\"en-US\",\"potentialAction\":[{\"@type\":\"ReadAction\",\"target\":[\"https:\\\/\\\/chileentinieblas.cl\\\/pnj\\\/tyler-owen\\\/\"]}]},{\"@type\":\"ImageObject\",\"inLanguage\":\"en-US\",\"@id\":\"https:\\\/\\\/chileentinieblas.cl\\\/pnj\\\/tyler-owen\\\/#primaryimage\",\"url\":\"https:\\\/\\\/chileentinieblas.cl\\\/wp-content\\\/uploads\\\/2025\\\/02\\\/WhatsApp-Image-2025-02-19-at-17.19.07.jpeg\",\"contentUrl\":\"https:\\\/\\\/chileentinieblas.cl\\\/wp-content\\\/uploads\\\/2025\\\/02\\\/WhatsApp-Image-2025-02-19-at-17.19.07.jpeg\",\"width\":512,\"height\":512},{\"@type\":\"BreadcrumbList\",\"@id\":\"https:\\\/\\\/chileentinieblas.cl\\\/pnj\\\/tyler-owen\\\/#breadcrumb\",\"itemListElement\":[{\"@type\":\"ListItem\",\"position\":1,\"name\":\"Portada\",\"item\":\"https:\\\/\\\/chileentinieblas.cl\\\/\"},{\"@type\":\"ListItem\",\"position\":2,\"name\":\"PNJs\",\"item\":\"https:\\\/\\\/chileentinieblas.cl\\\/pnj\\\/\"},{\"@type\":\"ListItem\",\"position\":3,\"name\":\"Tyler Owen\"}]},{\"@type\":\"WebSite\",\"@id\":\"https:\\\/\\\/chileentinieblas.cl\\\/#website\",\"url\":\"https:\\\/\\\/chileentinieblas.cl\\\/\",\"name\":\"Chile en Tinieblas\",\"description\":\"Un servidor con mesas de rol de Mundo de Tinieblas\",\"publisher\":{\"@id\":\"https:\\\/\\\/chileentinieblas.cl\\\/#organization\"},\"potentialAction\":[{\"@type\":\"SearchAction\",\"target\":{\"@type\":\"EntryPoint\",\"urlTemplate\":\"https:\\\/\\\/chileentinieblas.cl\\\/?s={search_term_string}\"},\"query-input\":{\"@type\":\"PropertyValueSpecification\",\"valueRequired\":true,\"valueName\":\"search_term_string\"}}],\"inLanguage\":\"en-US\"},{\"@type\":\"Organization\",\"@id\":\"https:\\\/\\\/chileentinieblas.cl\\\/#organization\",\"name\":\"Chile en Tinieblas\",\"url\":\"https:\\\/\\\/chileentinieblas.cl\\\/\",\"logo\":{\"@type\":\"ImageObject\",\"inLanguage\":\"en-US\",\"@id\":\"https:\\\/\\\/chileentinieblas.cl\\\/#\\\/schema\\\/logo\\\/image\\\/\",\"url\":\"https:\\\/\\\/chileentinieblas.cl\\\/wp-content\\\/uploads\\\/2021\\\/12\\\/logo-cet-claro.png\",\"contentUrl\":\"https:\\\/\\\/chileentinieblas.cl\\\/wp-content\\\/uploads\\\/2021\\\/12\\\/logo-cet-claro.png\",\"width\":1001,\"height\":1030,\"caption\":\"Chile en Tinieblas\"},\"image\":{\"@id\":\"https:\\\/\\\/chileentinieblas.cl\\\/#\\\/schema\\\/logo\\\/image\\\/\"},\"sameAs\":[\"https:\\\/\\\/www.facebook.com\\\/ChileenTinieblas\",\"https:\\\/\\\/www.instagram.com\\\/chileentinieblas\\\/\",\"https:\\\/\\\/www.youtube.com\\\/@chileentinieblas\",\"https:\\\/\\\/www.tiktok.com\\\/@chileentinieblas\"]}]}<\/script>\n<!-- \/ Yoast SEO plugin. -->","yoast_head_json":{"title":"Tyler Owen - Chile en Tinieblas","robots":{"index":"index","follow":"follow","max-snippet":"max-snippet:-1","max-image-preview":"max-image-preview:large","max-video-preview":"max-video-preview:-1"},"canonical":"https:\/\/chileentinieblas.cl\/en\/pnj\/tyler-owen\/","og_locale":"en_US","og_type":"article","og_title":"Tyler Owen - Chile en Tinieblas","og_description":"Guerras Europeas Han pasado muchos a\u00f1os, m\u00e1s de los que quisiera recordar, pero el hogar nunca se olvida, se lleva a todas partes, como una mochila con recuerdos, lugares, sabores y aromas, una pesada mochila con sufrimiento, perdida y muerte. Nac\u00ed un 27 de mayo de 1922, en una casa pobre en Barcelona, en el [&hellip;]","og_url":"https:\/\/chileentinieblas.cl\/en\/pnj\/tyler-owen\/","og_site_name":"Chile en Tinieblas","article_publisher":"https:\/\/www.facebook.com\/ChileenTinieblas","article_modified_time":"2025-03-24T17:53:45+00:00","og_image":[{"width":512,"height":512,"url":"https:\/\/chileentinieblas.cl\/wp-content\/uploads\/2025\/02\/WhatsApp-Image-2025-02-19-at-17.19.07.jpeg","type":"image\/jpeg"}],"twitter_card":"summary_large_image","twitter_misc":{"Est. reading time":"11 minutes"},"schema":{"@context":"https:\/\/schema.org","@graph":[{"@type":"WebPage","@id":"https:\/\/chileentinieblas.cl\/pnj\/tyler-owen\/","url":"https:\/\/chileentinieblas.cl\/pnj\/tyler-owen\/","name":"Tyler Owen - Chile en Tinieblas","isPartOf":{"@id":"https:\/\/chileentinieblas.cl\/#website"},"primaryImageOfPage":{"@id":"https:\/\/chileentinieblas.cl\/pnj\/tyler-owen\/#primaryimage"},"image":{"@id":"https:\/\/chileentinieblas.cl\/pnj\/tyler-owen\/#primaryimage"},"thumbnailUrl":"https:\/\/chileentinieblas.cl\/wp-content\/uploads\/2025\/02\/WhatsApp-Image-2025-02-19-at-17.19.07.jpeg","datePublished":"2025-02-20T19:31:32+00:00","dateModified":"2025-03-24T17:53:45+00:00","breadcrumb":{"@id":"https:\/\/chileentinieblas.cl\/pnj\/tyler-owen\/#breadcrumb"},"inLanguage":"en-US","potentialAction":[{"@type":"ReadAction","target":["https:\/\/chileentinieblas.cl\/pnj\/tyler-owen\/"]}]},{"@type":"ImageObject","inLanguage":"en-US","@id":"https:\/\/chileentinieblas.cl\/pnj\/tyler-owen\/#primaryimage","url":"https:\/\/chileentinieblas.cl\/wp-content\/uploads\/2025\/02\/WhatsApp-Image-2025-02-19-at-17.19.07.jpeg","contentUrl":"https:\/\/chileentinieblas.cl\/wp-content\/uploads\/2025\/02\/WhatsApp-Image-2025-02-19-at-17.19.07.jpeg","width":512,"height":512},{"@type":"BreadcrumbList","@id":"https:\/\/chileentinieblas.cl\/pnj\/tyler-owen\/#breadcrumb","itemListElement":[{"@type":"ListItem","position":1,"name":"Portada","item":"https:\/\/chileentinieblas.cl\/"},{"@type":"ListItem","position":2,"name":"PNJs","item":"https:\/\/chileentinieblas.cl\/pnj\/"},{"@type":"ListItem","position":3,"name":"Tyler Owen"}]},{"@type":"WebSite","@id":"https:\/\/chileentinieblas.cl\/#website","url":"https:\/\/chileentinieblas.cl\/","name":"Chile en Tinieblas","description":"Un servidor con mesas de rol de Mundo de Tinieblas","publisher":{"@id":"https:\/\/chileentinieblas.cl\/#organization"},"potentialAction":[{"@type":"SearchAction","target":{"@type":"EntryPoint","urlTemplate":"https:\/\/chileentinieblas.cl\/?s={search_term_string}"},"query-input":{"@type":"PropertyValueSpecification","valueRequired":true,"valueName":"search_term_string"}}],"inLanguage":"en-US"},{"@type":"Organization","@id":"https:\/\/chileentinieblas.cl\/#organization","name":"Chile en Tinieblas","url":"https:\/\/chileentinieblas.cl\/","logo":{"@type":"ImageObject","inLanguage":"en-US","@id":"https:\/\/chileentinieblas.cl\/#\/schema\/logo\/image\/","url":"https:\/\/chileentinieblas.cl\/wp-content\/uploads\/2021\/12\/logo-cet-claro.png","contentUrl":"https:\/\/chileentinieblas.cl\/wp-content\/uploads\/2021\/12\/logo-cet-claro.png","width":1001,"height":1030,"caption":"Chile en Tinieblas"},"image":{"@id":"https:\/\/chileentinieblas.cl\/#\/schema\/logo\/image\/"},"sameAs":["https:\/\/www.facebook.com\/ChileenTinieblas","https:\/\/www.instagram.com\/chileentinieblas\/","https:\/\/www.youtube.com\/@chileentinieblas","https:\/\/www.tiktok.com\/@chileentinieblas"]}]}},"jetpack_sharing_enabled":true,"_links":{"self":[{"href":"https:\/\/chileentinieblas.cl\/en\/wp-json\/wp\/v2\/pnj\/5984","targetHints":{"allow":["GET"]}}],"collection":[{"href":"https:\/\/chileentinieblas.cl\/en\/wp-json\/wp\/v2\/pnj"}],"about":[{"href":"https:\/\/chileentinieblas.cl\/en\/wp-json\/wp\/v2\/types\/pnj"}],"author":[{"embeddable":true,"href":"https:\/\/chileentinieblas.cl\/en\/wp-json\/wp\/v2\/users\/32"}],"wp:featuredmedia":[{"embeddable":true,"href":"https:\/\/chileentinieblas.cl\/en\/wp-json\/wp\/v2\/media\/5985"}],"wp:attachment":[{"href":"https:\/\/chileentinieblas.cl\/en\/wp-json\/wp\/v2\/media?parent=5984"}],"wp:term":[{"taxonomy":"post_tag","embeddable":true,"href":"https:\/\/chileentinieblas.cl\/en\/wp-json\/wp\/v2\/tags?post=5984"},{"taxonomy":"faccion","embeddable":true,"href":"https:\/\/chileentinieblas.cl\/en\/wp-json\/wp\/v2\/faccion?post=5984"}],"curies":[{"name":"wp","href":"https:\/\/api.w.org\/{rel}","templated":true}]}}