{"id":5927,"date":"2025-01-28T18:54:46","date_gmt":"2025-01-28T18:54:46","guid":{"rendered":"https:\/\/chileentinieblas.cl\/?post_type=pnj&#038;p=5927"},"modified":"2025-01-28T18:55:20","modified_gmt":"2025-01-28T18:55:20","slug":"akun","status":"publish","type":"pnj","link":"https:\/\/chileentinieblas.cl\/en\/pnj\/akun\/","title":{"rendered":"Akun"},"content":{"rendered":"<p class=\"wp-block-paragraph\">Akun, es un Boraro de profesi\u00f3n antrop\u00f3logo y actual profesor de historia en Oto\u00f1o. Se alej\u00f3 de su clan nativo y de la protecci\u00f3n del claro de Huilo-Huilo para poder explorar el Ensue\u00f1o, luego de conocer a Forscher, un Kithain que lo convenci\u00f3 que la mejor manera de cuidar a todos los Claros, es explorando el Ensue\u00f1o, descubriendo y anticipando las amenazas, previniendo as\u00ed los problemas.<\/p>\n\n\n\n<p class=\"wp-block-paragraph\">Aunque se acerc\u00f3 a temprana edad a la estructura de los Kithain en Valdivia, dedic\u00f3 gran parte de sus a\u00f1os de juventud a explorar junto a Forscher, hasta el d\u00eda que este se fue a un viaje de rutina y no volvi\u00f3 m\u00e1s.<\/p>\n\n\n\n<p class=\"wp-block-paragraph\">La partida de Forscher marc\u00f3 el inicio de una larga temporada de Banalidad en Akun. Su compa\u00f1erismo y amor se hab\u00eda forjado en el Ensue\u00f1o y su partida fue tan cotidiana y com\u00fan, que lo dej\u00f3 con esa sensaci\u00f3n de perdida y culpa, revisitando cada d\u00eda el momento en que se despidieron con ese beso matutino.<\/p>\n\n\n\n<p class=\"wp-block-paragraph\">Transitando a pasos agigantado hacia su aspecto gru\u00f1\u00f3n y sin ganas de explorar m\u00e1s el Ensue\u00f1o, se concentr\u00f3 en sus estudios y trabajos en Oto\u00f1o, dedicando gran parte de su d\u00eda a estudiar y a la formaci\u00f3n de j\u00f3venes en los colegios p\u00fablicos de la regi\u00f3n de Los R\u00edos. Fue en este proceso que comenz\u00f3 a conectarse nuevamente con el Ensue\u00f1o, inspirando y motivando a las mentes j\u00f3venes.<\/p>\n\n\n\n<p class=\"wp-block-paragraph\">Pasaron varios a\u00f1os, Akun comenz\u00f3 a dejar de lado su depresi\u00f3n, culpa y banalidad, para abrazar en Ensue\u00f1o mediante la formaci\u00f3n y ayuda a los dem\u00e1s frenando su cambio de aspecto. Su rostro y gestos duros y hostiles, propio de un Boraro se fueron matizando al encontrar la felicidad mediante la ayuda y formaci\u00f3n de otros.<\/p>\n\n\n\n<p class=\"wp-block-paragraph\">Se reencontr\u00f3 con el Ensue\u00f1o y comenz\u00f3 a explorarlo nuevamente cumpliendo la labor que tuvo con Forscher, tratando de buscar siempre pistas del paradero en su amor y compa\u00f1ero. En uno de sus tantos viajes, encontr\u00f3 y ayud\u00f3 a unos Kithains -miembros de los Caminantes entre La Niebla, la Casa Dannan en la regi\u00f3n de Los R\u00edos- que luego de su acto heroico, compartieron la acci\u00f3n del nativo entre las casas Kithain.<\/p>\n\n\n\n<p class=\"wp-block-paragraph\">Este hecho llev\u00f3 a la Casa Dannan, como acci\u00f3n de retribuci\u00f3n, a invitarlo a afiliarse a la casa. Akun se hab\u00eda mantenido lejos de la relaci\u00f3n con otros changelins, sobre todo los linajes europeos y no pod\u00eda volver a su clan en Huilo-Hilo al ser un paria y exiliado, as\u00ed que acept\u00f3, volviendo parte de la sociedad Kithain.<\/p>\n\n\n\n<p class=\"wp-block-paragraph\">Esto llam\u00f3 la atenci\u00f3n del resto de casas, era un ser anormal. Un Gallain exiliado por los suyos y viviendo entre las casas Kithains; un Boraro que lucha por no ser un desagradable; un mentor e inspirador de So\u00f1adores con las ideas del cuidado de los parques y santuarios; y un explorador del Ensue\u00f1o.<\/p>\n\n\n\n<p class=\"wp-block-paragraph\">Algunos Kithains lo recordaban en sus historias de juventud junto a Forscher, para otros era un completo extra\u00f1o. Esto tambi\u00e9n llev\u00f3 a que Akun fuera una persona sumamente reservada con su vida privada y siempre dispuesto a ayudar a los y las dem\u00e1s.<\/p>\n\n\n\n<p class=\"wp-block-paragraph\">Siguiendo fielmente el Pacto de Re\u00f1ihue, las casas y feudos de la regi\u00f3n de Los R\u00edos, se hacen cargo en conjunto de la formaci\u00f3n de los changelings novels hasta el bautizo, proponiendo siempre y de manera alternada, a un mentor para la elecci\u00f3n del Consejo. La casa Dannan postul\u00f3 a Akun y este fue elegido por unanimidad por su trabajo en la regi\u00f3n, siendo el primer Gallain en ostentar esta responsabilidad con la comunidad.<\/p>\n\n\n\n<p class=\"wp-block-paragraph\">Esta labor la lleva realizando los \u00faltimos a\u00f1os, ense\u00f1ando a manipular el glamour, descubrir las particularidades de cada linaje y explorando con a las cuadrillas el Ensue\u00f1o Pr\u00f3ximo de la selva Valdiviana; adem\u00e1s de ense\u00f1arle a los Changelins las formas de transitar por la ciudad, sobre todo en una \u00e9poca de alto conflicto entre v\u00e1stagos, lic\u00e1ntropos e infernalistas.<\/p>\n\n\n\n<p class=\"wp-block-paragraph\">Por su trabajo y descubrimientos en el Ensue\u00f1o, tambi\u00e9n fue invitado a pertenecer a los Exploradores On\u00edricos, el grupo al cual alguna vez perteneci\u00f3 Forscher, siguiendo su legado y misi\u00f3n para proteger el Ensue\u00f1o.<\/p>\n\n\n\n<p class=\"wp-block-paragraph\">En general, comparte algunos de sus descubrimientos con la organizaci\u00f3n, pero sabe guardar bien algunos secretos, sobre todo sus descubrimientos del Feudo perdido en Niebla y la reliquia de la Madremonte en algunos lugares de la regi\u00f3n.<\/p>\n\n\n\n<p class=\"wp-block-paragraph\">Estado Actual: Desaparecido<\/p>\n\n\n\n<p class=\"wp-block-paragraph\"><em>Viernes 30 de abril 2021<\/em><br><br>Akun se sacrific\u00f3 para salvar a una cuadrilla de hadas Novels en su primera incursi\u00f3n al Ensue\u00f1o, luego del ataque de un ente y un Firchlis\u00a0(La Leyenda de Novak. Parte 1: Perdidos en la Niebla)<\/p>\n\n\n\n<div data-wp-interactive=\"core\/file\" class=\"wp-block-file\"><object data-wp-bind--hidden=\"!state.hasPdfPreview\" hidden class=\"wp-block-file__embed\" data=\"https:\/\/chileentinieblas.cl\/wp-content\/uploads\/2025\/01\/Akun-vF-1.pdf\" type=\"application\/pdf\" style=\"width:100%;height:600px\" aria-label=\"Embed of Akun vF (1).\"><\/object><a id=\"wp-block-file--media-401818c8-bae5-47cf-b5b1-bb459b43a186\" href=\"https:\/\/chileentinieblas.cl\/wp-content\/uploads\/2025\/01\/Akun-vF-1.pdf\">Akun vF (1)<\/a><a href=\"https:\/\/chileentinieblas.cl\/wp-content\/uploads\/2025\/01\/Akun-vF-1.pdf\" class=\"wp-block-file__button wp-element-button\" download aria-describedby=\"wp-block-file--media-401818c8-bae5-47cf-b5b1-bb459b43a186\">Descarga<\/a><\/div>","protected":false},"author":32,"featured_media":5929,"template":"","tags":[],"faccion":[],"class_list":["post-5927","pnj","type-pnj","status-publish","has-post-thumbnail","hentry"],"acf":{"fecha":"2021","estatus":"Desaparecido","ficha_del_personaje":"","aspecto":"","interpretacion":"","informacion_privada":"","mapa_de_kumu_u_otro_embed":null},"yoast_head":"<!-- This site is optimized with the Yoast SEO plugin v28.4 - https:\/\/yoast.com\/product\/yoast-seo-wordpress\/ -->\n<title>Akun - Chile en Tinieblas<\/title>\n<meta name=\"robots\" content=\"index, follow, max-snippet:-1, max-image-preview:large, max-video-preview:-1\" \/>\n<link rel=\"canonical\" href=\"https:\/\/chileentinieblas.cl\/en\/pnj\/akun\/\" \/>\n<meta property=\"og:locale\" content=\"en_US\" \/>\n<meta property=\"og:type\" content=\"article\" \/>\n<meta property=\"og:title\" content=\"Akun - Chile en Tinieblas\" \/>\n<meta property=\"og:description\" content=\"Akun, es un Boraro de profesi\u00f3n antrop\u00f3logo y actual profesor de historia en Oto\u00f1o. Se alej\u00f3 de su clan nativo y de la protecci\u00f3n del claro de Huilo-Huilo para poder explorar el Ensue\u00f1o, luego de conocer a Forscher, un Kithain que lo convenci\u00f3 que la mejor manera de cuidar a todos los Claros, es explorando [&hellip;]\" \/>\n<meta property=\"og:url\" content=\"https:\/\/chileentinieblas.cl\/en\/pnj\/akun\/\" \/>\n<meta property=\"og:site_name\" content=\"Chile en Tinieblas\" \/>\n<meta property=\"article:publisher\" content=\"https:\/\/www.facebook.com\/ChileenTinieblas\" \/>\n<meta property=\"article:modified_time\" content=\"2025-01-28T18:55:20+00:00\" \/>\n<meta property=\"og:image\" content=\"https:\/\/chileentinieblas.cl\/wp-content\/uploads\/2025\/01\/WhatsApp-Image-2025-01-23-at-15.36.56.jpeg\" \/>\n\t<meta property=\"og:image:width\" content=\"1066\" \/>\n\t<meta property=\"og:image:height\" content=\"1600\" \/>\n\t<meta property=\"og:image:type\" content=\"image\/jpeg\" \/>\n<meta name=\"twitter:card\" content=\"summary_large_image\" \/>\n<meta name=\"twitter:label1\" content=\"Est. reading time\" \/>\n\t<meta name=\"twitter:data1\" content=\"4 minutes\" \/>\n<script type=\"application\/ld+json\" class=\"yoast-schema-graph\">{\"@context\":\"https:\\\/\\\/schema.org\",\"@graph\":[{\"@type\":\"WebPage\",\"@id\":\"https:\\\/\\\/chileentinieblas.cl\\\/pnj\\\/akun\\\/\",\"url\":\"https:\\\/\\\/chileentinieblas.cl\\\/pnj\\\/akun\\\/\",\"name\":\"Akun - Chile en Tinieblas\",\"isPartOf\":{\"@id\":\"https:\\\/\\\/chileentinieblas.cl\\\/#website\"},\"primaryImageOfPage\":{\"@id\":\"https:\\\/\\\/chileentinieblas.cl\\\/pnj\\\/akun\\\/#primaryimage\"},\"image\":{\"@id\":\"https:\\\/\\\/chileentinieblas.cl\\\/pnj\\\/akun\\\/#primaryimage\"},\"thumbnailUrl\":\"https:\\\/\\\/chileentinieblas.cl\\\/wp-content\\\/uploads\\\/2025\\\/01\\\/WhatsApp-Image-2025-01-23-at-15.36.56.jpeg\",\"datePublished\":\"2025-01-28T18:54:46+00:00\",\"dateModified\":\"2025-01-28T18:55:20+00:00\",\"breadcrumb\":{\"@id\":\"https:\\\/\\\/chileentinieblas.cl\\\/pnj\\\/akun\\\/#breadcrumb\"},\"inLanguage\":\"en-US\",\"potentialAction\":[{\"@type\":\"ReadAction\",\"target\":[\"https:\\\/\\\/chileentinieblas.cl\\\/pnj\\\/akun\\\/\"]}]},{\"@type\":\"ImageObject\",\"inLanguage\":\"en-US\",\"@id\":\"https:\\\/\\\/chileentinieblas.cl\\\/pnj\\\/akun\\\/#primaryimage\",\"url\":\"https:\\\/\\\/chileentinieblas.cl\\\/wp-content\\\/uploads\\\/2025\\\/01\\\/WhatsApp-Image-2025-01-23-at-15.36.56.jpeg\",\"contentUrl\":\"https:\\\/\\\/chileentinieblas.cl\\\/wp-content\\\/uploads\\\/2025\\\/01\\\/WhatsApp-Image-2025-01-23-at-15.36.56.jpeg\",\"width\":1066,\"height\":1600},{\"@type\":\"BreadcrumbList\",\"@id\":\"https:\\\/\\\/chileentinieblas.cl\\\/pnj\\\/akun\\\/#breadcrumb\",\"itemListElement\":[{\"@type\":\"ListItem\",\"position\":1,\"name\":\"Portada\",\"item\":\"https:\\\/\\\/chileentinieblas.cl\\\/\"},{\"@type\":\"ListItem\",\"position\":2,\"name\":\"PNJs\",\"item\":\"https:\\\/\\\/chileentinieblas.cl\\\/pnj\\\/\"},{\"@type\":\"ListItem\",\"position\":3,\"name\":\"Akun\"}]},{\"@type\":\"WebSite\",\"@id\":\"https:\\\/\\\/chileentinieblas.cl\\\/#website\",\"url\":\"https:\\\/\\\/chileentinieblas.cl\\\/\",\"name\":\"Chile en Tinieblas\",\"description\":\"Un servidor con mesas de rol de Mundo de Tinieblas\",\"publisher\":{\"@id\":\"https:\\\/\\\/chileentinieblas.cl\\\/#organization\"},\"potentialAction\":[{\"@type\":\"SearchAction\",\"target\":{\"@type\":\"EntryPoint\",\"urlTemplate\":\"https:\\\/\\\/chileentinieblas.cl\\\/?s={search_term_string}\"},\"query-input\":{\"@type\":\"PropertyValueSpecification\",\"valueRequired\":true,\"valueName\":\"search_term_string\"}}],\"inLanguage\":\"en-US\"},{\"@type\":\"Organization\",\"@id\":\"https:\\\/\\\/chileentinieblas.cl\\\/#organization\",\"name\":\"Chile en Tinieblas\",\"url\":\"https:\\\/\\\/chileentinieblas.cl\\\/\",\"logo\":{\"@type\":\"ImageObject\",\"inLanguage\":\"en-US\",\"@id\":\"https:\\\/\\\/chileentinieblas.cl\\\/#\\\/schema\\\/logo\\\/image\\\/\",\"url\":\"https:\\\/\\\/chileentinieblas.cl\\\/wp-content\\\/uploads\\\/2021\\\/12\\\/logo-cet-claro.png\",\"contentUrl\":\"https:\\\/\\\/chileentinieblas.cl\\\/wp-content\\\/uploads\\\/2021\\\/12\\\/logo-cet-claro.png\",\"width\":1001,\"height\":1030,\"caption\":\"Chile en Tinieblas\"},\"image\":{\"@id\":\"https:\\\/\\\/chileentinieblas.cl\\\/#\\\/schema\\\/logo\\\/image\\\/\"},\"sameAs\":[\"https:\\\/\\\/www.facebook.com\\\/ChileenTinieblas\",\"https:\\\/\\\/www.instagram.com\\\/chileentinieblas\\\/\",\"https:\\\/\\\/www.youtube.com\\\/@chileentinieblas\",\"https:\\\/\\\/www.tiktok.com\\\/@chileentinieblas\"]}]}<\/script>\n<!-- \/ Yoast SEO plugin. -->","yoast_head_json":{"title":"Akun - Chile en Tinieblas","robots":{"index":"index","follow":"follow","max-snippet":"max-snippet:-1","max-image-preview":"max-image-preview:large","max-video-preview":"max-video-preview:-1"},"canonical":"https:\/\/chileentinieblas.cl\/en\/pnj\/akun\/","og_locale":"en_US","og_type":"article","og_title":"Akun - Chile en Tinieblas","og_description":"Akun, es un Boraro de profesi\u00f3n antrop\u00f3logo y actual profesor de historia en Oto\u00f1o. Se alej\u00f3 de su clan nativo y de la protecci\u00f3n del claro de Huilo-Huilo para poder explorar el Ensue\u00f1o, luego de conocer a Forscher, un Kithain que lo convenci\u00f3 que la mejor manera de cuidar a todos los Claros, es explorando [&hellip;]","og_url":"https:\/\/chileentinieblas.cl\/en\/pnj\/akun\/","og_site_name":"Chile en Tinieblas","article_publisher":"https:\/\/www.facebook.com\/ChileenTinieblas","article_modified_time":"2025-01-28T18:55:20+00:00","og_image":[{"width":1066,"height":1600,"url":"https:\/\/chileentinieblas.cl\/wp-content\/uploads\/2025\/01\/WhatsApp-Image-2025-01-23-at-15.36.56.jpeg","type":"image\/jpeg"}],"twitter_card":"summary_large_image","twitter_misc":{"Est. reading time":"4 minutes"},"schema":{"@context":"https:\/\/schema.org","@graph":[{"@type":"WebPage","@id":"https:\/\/chileentinieblas.cl\/pnj\/akun\/","url":"https:\/\/chileentinieblas.cl\/pnj\/akun\/","name":"Akun - Chile en Tinieblas","isPartOf":{"@id":"https:\/\/chileentinieblas.cl\/#website"},"primaryImageOfPage":{"@id":"https:\/\/chileentinieblas.cl\/pnj\/akun\/#primaryimage"},"image":{"@id":"https:\/\/chileentinieblas.cl\/pnj\/akun\/#primaryimage"},"thumbnailUrl":"https:\/\/chileentinieblas.cl\/wp-content\/uploads\/2025\/01\/WhatsApp-Image-2025-01-23-at-15.36.56.jpeg","datePublished":"2025-01-28T18:54:46+00:00","dateModified":"2025-01-28T18:55:20+00:00","breadcrumb":{"@id":"https:\/\/chileentinieblas.cl\/pnj\/akun\/#breadcrumb"},"inLanguage":"en-US","potentialAction":[{"@type":"ReadAction","target":["https:\/\/chileentinieblas.cl\/pnj\/akun\/"]}]},{"@type":"ImageObject","inLanguage":"en-US","@id":"https:\/\/chileentinieblas.cl\/pnj\/akun\/#primaryimage","url":"https:\/\/chileentinieblas.cl\/wp-content\/uploads\/2025\/01\/WhatsApp-Image-2025-01-23-at-15.36.56.jpeg","contentUrl":"https:\/\/chileentinieblas.cl\/wp-content\/uploads\/2025\/01\/WhatsApp-Image-2025-01-23-at-15.36.56.jpeg","width":1066,"height":1600},{"@type":"BreadcrumbList","@id":"https:\/\/chileentinieblas.cl\/pnj\/akun\/#breadcrumb","itemListElement":[{"@type":"ListItem","position":1,"name":"Portada","item":"https:\/\/chileentinieblas.cl\/"},{"@type":"ListItem","position":2,"name":"PNJs","item":"https:\/\/chileentinieblas.cl\/pnj\/"},{"@type":"ListItem","position":3,"name":"Akun"}]},{"@type":"WebSite","@id":"https:\/\/chileentinieblas.cl\/#website","url":"https:\/\/chileentinieblas.cl\/","name":"Chile en Tinieblas","description":"Un servidor con mesas de rol de Mundo de Tinieblas","publisher":{"@id":"https:\/\/chileentinieblas.cl\/#organization"},"potentialAction":[{"@type":"SearchAction","target":{"@type":"EntryPoint","urlTemplate":"https:\/\/chileentinieblas.cl\/?s={search_term_string}"},"query-input":{"@type":"PropertyValueSpecification","valueRequired":true,"valueName":"search_term_string"}}],"inLanguage":"en-US"},{"@type":"Organization","@id":"https:\/\/chileentinieblas.cl\/#organization","name":"Chile en Tinieblas","url":"https:\/\/chileentinieblas.cl\/","logo":{"@type":"ImageObject","inLanguage":"en-US","@id":"https:\/\/chileentinieblas.cl\/#\/schema\/logo\/image\/","url":"https:\/\/chileentinieblas.cl\/wp-content\/uploads\/2021\/12\/logo-cet-claro.png","contentUrl":"https:\/\/chileentinieblas.cl\/wp-content\/uploads\/2021\/12\/logo-cet-claro.png","width":1001,"height":1030,"caption":"Chile en Tinieblas"},"image":{"@id":"https:\/\/chileentinieblas.cl\/#\/schema\/logo\/image\/"},"sameAs":["https:\/\/www.facebook.com\/ChileenTinieblas","https:\/\/www.instagram.com\/chileentinieblas\/","https:\/\/www.youtube.com\/@chileentinieblas","https:\/\/www.tiktok.com\/@chileentinieblas"]}]}},"jetpack_sharing_enabled":true,"_links":{"self":[{"href":"https:\/\/chileentinieblas.cl\/en\/wp-json\/wp\/v2\/pnj\/5927","targetHints":{"allow":["GET"]}}],"collection":[{"href":"https:\/\/chileentinieblas.cl\/en\/wp-json\/wp\/v2\/pnj"}],"about":[{"href":"https:\/\/chileentinieblas.cl\/en\/wp-json\/wp\/v2\/types\/pnj"}],"author":[{"embeddable":true,"href":"https:\/\/chileentinieblas.cl\/en\/wp-json\/wp\/v2\/users\/32"}],"wp:featuredmedia":[{"embeddable":true,"href":"https:\/\/chileentinieblas.cl\/en\/wp-json\/wp\/v2\/media\/5929"}],"wp:attachment":[{"href":"https:\/\/chileentinieblas.cl\/en\/wp-json\/wp\/v2\/media?parent=5927"}],"wp:term":[{"taxonomy":"post_tag","embeddable":true,"href":"https:\/\/chileentinieblas.cl\/en\/wp-json\/wp\/v2\/tags?post=5927"},{"taxonomy":"faccion","embeddable":true,"href":"https:\/\/chileentinieblas.cl\/en\/wp-json\/wp\/v2\/faccion?post=5927"}],"curies":[{"name":"wp","href":"https:\/\/api.w.org\/{rel}","templated":true}]}}