{"id":5709,"date":"2024-09-15T05:41:49","date_gmt":"2024-09-15T05:41:49","guid":{"rendered":"https:\/\/chileentinieblas.cl\/?post_type=pnj&#038;p=5709"},"modified":"2025-03-15T02:28:58","modified_gmt":"2025-03-15T02:28:58","slug":"ahrizandrei-heraldo-de-la-perdicion","status":"publish","type":"pnj","link":"https:\/\/chileentinieblas.cl\/en\/pnj\/ahrizandrei-heraldo-de-la-perdicion\/","title":{"rendered":"Ahrizandrei, Heraldo de la Perdici\u00f3n"},"content":{"rendered":"<h2 class=\"wp-block-heading\"><strong>Concepto General:<\/strong> <em>Enigma Mortuorio<\/em><\/h2>\n\n\n\n<p class=\"wp-block-paragraph\">En su mayor parte Ahrizandrei es un enigma, un v\u00e1stago cr\u00edptico e incapaz de comprender realmente el mundo posmoderno y a los otros, alguien desinteresado de la mayor parte de los asuntos de la estirpe y muchas veces considerado err\u00e1tico o incomprensible. Este heraldo puede ser perturvador e inhumano, con reacciones emocionales extra\u00f1as, tanto en su frecuencia como en su naturaleza, como lamentarse de conseguir sus propias metas o enfurecerse contra quienes da\u00f1an a las mariposas. Lo cierto es que nadie ha visto su rostro (que se sepa), sino la m\u00e1scara inexpresiva que siempre lleva puesta. Y si bien es conocido por compartir secretos ocultistas y nigrom\u00e1nticos con extra\u00f1a generosidad, tambi\u00e9n lo es que nadie sabe o comprende realmente su doctrina y objetivos. <\/p>\n\n\n\n<p class=\"wp-block-paragraph\">En las noches modernas, su lealtad hacia el clan H\u00e9cata es completa, pero los pocos v\u00e1stagos que se han detenido a observar su comportamiento concuerdan en que sus acciones parecen favorecer la entrop\u00eda y el caos. Las frases de Ahrizandrei no ayudan en este sentido, pues en sus palabras su misi\u00f3n consiste en acompa\u00f1ar a otros en la muerte, lo que podr\u00eda significar entregar consuelo a un moribundo, observar c\u00f3mo una ciudad se hunde en el caos sin intervenir o tomar en sus propias manos la tarea de acabar con alguien o algo.<\/p>\n\n\n\n<p class=\"wp-block-paragraph\">Muerte y renacimiento, ese es el secreto de la no-vida y los v\u00e1stagos no est\u00e1n exclu\u00eddos del orden c\u00f3smico, la muerte es en muchos sentidos el comienzo de un nuevo ciclo de la vida y la no-muerte s\u00f3lo una detenci\u00f3n temporal entre el fin de un ciclo y el comienzo de uno nuevo. Para Ahrizandrei renacer es un acto de la consciencia, algo que sucede a cada momento y la resurrecci\u00f3n a la vez un milagro y felonia que los v\u00e1stagos realizan cada noche al despertar.<\/p>\n\n\n\n<h2 class=\"wp-block-heading\"><strong>Modus Operandi:<\/strong> <em>Ladr\u00f3n de Tumbas<\/em><\/h2>\n\n\n\n<p class=\"wp-block-paragraph\">En t\u00e9rminos generales Ahrizandrei es un v\u00e1stago de baja actividad, pasa noches completas sin despertar de las catacumbas en las que toma refugio y en varias oportunidades puede levantarse s\u00f3lo para leer o estudiar un tema sin interactuar con otros v\u00e1stagos o mortales. A pesar de esto, las pocas veces que sale al mundo superior, sin excepci\u00f3n es un mal presagio, un signo de que el tiempo de algo ha llegado a su fin y un ritual f\u00fanebre que acaba de comenzar.<\/p>\n\n\n\n<p class=\"wp-block-paragraph\">El motivo m\u00e1s com\u00fan por el cual sale de su refugio consiste en la cacer\u00eda, su misi\u00f3n personal y se basa en gran medida en su don prof\u00e9tico para leer los patrones de la entrop\u00eda (Auspex 2: Defecto Fatal y Auspex 5: Clarividencia). Debido a esto, en t\u00e9rminos pr\u00e1cticos Ahrizandrei se alimenta principalmente de personas tocadas por la entrop\u00eda, ya sea alguien que acaba de fallecer en un accidente o atormentado por una enfermedad terminal, aunque beber sangre de un deudo podr\u00eda ayudarle a comprender desde otra perspectiva la muerte.<\/p>\n\n\n\n<p class=\"wp-block-paragraph\">Generalmente antes de ir a recoger un cad\u00e1ver, Ahrizandrei construye una m\u00e1scara en base a sus visiones m\u00edsticas y tras la muerte suele robar los cad\u00e1veres (los cuales una vez abandonados por el alma carecen de algo sagrado) para usarlos como siervos o agentes que siguen sus instrucciones como marionetas. Fuera de esto lo m\u00e1s com\u00fan es que se alimente de v\u00edctimas que agonizan o han fallecido recientemente por causas naturales o al menos fuera de su responsabilidad, si bien en algunos contados casos podr\u00eda ayudar a alguien a morir bebiendo toda su sangre. Siendo la muerte voluntaria un don que ni el mismo considera realmente un acto de compasi\u00f3n. <\/p>\n\n\n\n<h2 class=\"wp-block-heading\"><strong>Filosof\u00eda Personal:<\/strong> <em>Senda de la Muerte y el Alma<\/em><\/h2>\n\n\n\n<p class=\"wp-block-paragraph\"><strong>Ambici\u00f3n:<\/strong> <em>\u201cAprender los secretos de la muerte y trascender el ciclo de renacimientos&#8221;<\/em><\/p>\n\n\n\n<p class=\"wp-block-paragraph\"><strong>Metempsicosis:<\/strong> la vida y la muerte son parte de un ciclo en el que todos los seres vivos se encuentran atrapados y fatalmente condenados. La creencia de Ahrizandrei en el renacimiento lejos de ser reconfortante es una maldici\u00f3n, en \u00faltima instancia el Dios verdadero es consciencia y luz absoluta, mientras que el olvido es el germen de ignorancia que fuerza el constante renacer. Para Ahrizandrei este proceso de muerte y renacimiento no es ajeno a los cainitas, ya que la muerte es una ilusi\u00f3n metaf\u00edsica, el alma es una substancia eterna y jam\u00e1s nace o es destruida, por eso una voluntad fuerte que puede sobreponerse al olvido es capaz de recordar incontables vidas pasadas o m\u00e1scaras.<\/p>\n\n\n\n<p class=\"wp-block-paragraph\"><strong>Gnosticismo:<\/strong> Este mundo material fue creado por un dios corrupto, el Demiurgo, quien cre\u00f3 esta realidad para mantener a las almas atrapadas en el plano material, el llamado Pr\u00edncipe de este Mundo (Juan 14:30) y se hace pasar por el Dios verdadero. En esta doctrina Ca\u00edn fue la primera consciencia de este ciclo c\u00f3smico que reconoci\u00f3 abiertamente la falsedad del demiurgo y se revel\u00f3 ante \u00e9l, un primer Cristo que entreg\u00f3 la vida eterna a sus elegidos, la estirpe. Sin embargo la no-vida no es tanto salvaci\u00f3n, como una oportunidad de detener el ciclo y poder estudiar la muerte hasta romper la ignorancia metaf\u00edsica que encadena las almas al olvido. La vida eterna no es tanto algo que conseguir o alcanzar, como la verdadera naturaleza del alma.<\/p>\n\n\n\n<p class=\"wp-block-paragraph\">Para Ahrizandrei la muerte no es buena o mala, es un proceso del cual aprender, una perspectiva desde la cual observar esta misma realidad que se identifica en la doctrina con la muerte. El fin del mundo es visto por \u00e9l con la misma indiferencia metaf\u00edsica, ya que el renacimiento de este mundo es tan indeseable como renacer en este mundo condenado a la muerte, pero buscar activamente el fin del mundo es seguir el plan que el mismo Demiurgo trama con el fin de volver a sumir en el olvido a las almas y as\u00ed poder recrear un nuevo mundo sometido a su poder.<\/p>\n\n\n\n<p class=\"wp-block-paragraph\">Respecto del infernalismo, Ahrizandrei lo considera una trampa creada por el mismo Demiurgo, quien es tanto el Dios del viejo testamento como Sat\u00e1n, de esta forma el Pr\u00edncipe de este mundo confunde a las almas en una falsa lucha u oposici\u00f3n que mantiene a las consciencias enfrentadas entre s\u00ed y distanciadas del Dios verdadero y absoluto, quien reside realmente en otra dimensi\u00f3n conocida como Pleroma, que es de donde provienen todas las almas. <\/p>\n\n\n\n<h2 class=\"wp-block-heading\">Biograf\u00eda Humana y Vamp\u00edrica<\/h2>\n\n\n\n<p class=\"wp-block-paragraph\"><strong>En las profundidades de Kaymakli<\/strong><\/p>\n\n\n\n<p class=\"wp-block-paragraph\">Desterrado hace siglos en las catacumbas de de Kaymakli, Ahrizandrei y sus hermanos fueron invitados por su antediluviano, a una reuni\u00f3n familiar en donde Capadocius juzg\u00f3 a su prole y, decepcionado por lo que hab\u00eda creado, decidi\u00f3 deshacerse de todos ellos, eso fue el fest\u00edn de la locura, el origen de los Heraldos de la Calavera. Qui\u00e9n fue antes de eso, es una pregunta que ni el mismo sabe, tras ser encerrados en esas catacumbas los heraldos se vieron obligado a devorar a sus compa\u00f1eros, amigos y hermanos, cruzar el inframundo y hacer pactos con oscuras fuerzas que les ayudaron a escapar de ah\u00ed. <\/p>\n\n\n\n<p class=\"wp-block-paragraph\">De este modo Ahrizandrei olvid\u00f3 gran parte de su existencia anterior, pero hay tres recuerdos que le permitieron luchar contra el mismo olvido, conservar su identidad y no convertirse en un espectro. El primero de estos es que en alg\u00fan momento Ahrizandrei fue un sacerdote zoroastrista encargado de realizar rituales funerarios en una torre del silencio que fue progresivamente abandonada, experiencia que habr\u00eda provocado una crisis de fe que lo llev\u00f3 a explorar las doctrinas esot\u00e9ricas gnosticas y dualistas de los maniqueos, c\u00edrculos en los que termin\u00f3 por conocer al clan de la muerte y la inmortalidad. <\/p>\n\n\n\n<p class=\"wp-block-paragraph\">El segundo recuerdo consiste en que tras su abrazo Ahrizandrei se transform\u00f3 en un seguidor fan\u00e1tico del camino desarrollado de Capadocio, la Senda de los Huesos. Incluso en las noches actuales la doctrina de la Senda de la Muerte y al Alma que sigue es una herencia de aquellos tiempos en los que se dedic\u00f3 especialmente al estudio del fallecimiento y los mismos cad\u00e1veres, a los cuales utilizaba sin mucho pudor ya que <em>&#8220;con la muerte el alma abandona el cuerpo&#8221;<\/em> y por ello a su juicio no quedaba nada sagrado que profanar en un cad\u00e1ver.<\/p>\n\n\n\n<p class=\"wp-block-paragraph\">Pero por sobre eso Ahrizandrei tiene un recuerdo que lo atorment\u00f3 todos los siglos que permaneci\u00f3 en Kaymalky, el motivo de su venganza. Los relatos del fest\u00edn de la Locura pueden ser dudosos, pero casi todos concuerdan en que Capadocio hizo cuatro preguntas a su prole, \u00e9l respondi\u00f3 correctamente a todo, sin embargo Caias Koine, quien se sentaba junto a Capadocio, murmur\u00f3 a su o\u00eddo algunos rumores acerca de \u00e9l y de que <em>&#8220;a\u00fan eran muchos&#8221;. <\/em>El motivo formal de su condena fue la profanaci\u00f3n imp\u00eda de los cad\u00e1veres, sin embargo el antediluviano simplemente estaba buscando excusas o al menos eso record\u00f3 una y otra vez, durante siglos, fue parte el coraz\u00f3n de sus conversaciones y de la paranoia con los otros heraldos. Entonces esos mismos recuerdos, de tanto repetirlos, se volvieron confusos para ellos mismos, no as\u00ed el odio que sent\u00eda ante la traici\u00f3n del fundador, aquel en el que hab\u00eda confiado por sobre el mism\u00edsimo Dios y que hab\u00eda pagado su fe y amor de la forma m\u00e1s cruel que existe.<\/p>\n\n\n\n<p class=\"wp-block-paragraph\"><strong>Dentro de la Espada de Ca\u00edn<\/strong> <\/p>\n\n\n\n<p class=\"wp-block-paragraph\">Tras largos siglos los heraldos fueron contactados por el misterioso Capuchino, quien su furia a la Espada de Ca\u00edn, despu\u00e9s de todo ten\u00edan m\u00e1s razones que cualquier otro cainita para odiar a los antediluvianos. Pero, incluso antes de ser liberados, los heraldos hicieron tratos con la Mano Negra, en donde Ahrizandrei tom\u00f3 contacto con Helena, quien ten\u00eda actividades en una tierra lejana conocida como Chile y qui\u00e9n le revel\u00f3 el paradero de Lucianus Giovanni, quien, seg\u00fan Helena, diaboliz\u00f3 durante la purga del clan capadocio a la \u00fanica chiquilla de Ahrizandrei que hab\u00eda logrado sobrevivir el fest\u00edn de la locura.<\/p>\n\n\n\n<p class=\"wp-block-paragraph\">Tras ser liberados el grupo al que pertenec\u00eda fue conducido a la ciudad de M\u00e9xico, en donde tras realizar varias ceremonias y acuerdos, terminaron atravesando los ritos de creaci\u00f3n del Sabbat y convirti\u00e9ndose en miembros de la Secta. Poco despu\u00e9s de eso, en 1998, viaj\u00f3 a Valpara\u00edso durante los a\u00f1os en lo que el Sabbat ya se encontraba en la clandestinidad en el puerto. Durante aquellos primeros a\u00f1os el Sabbat, en su mayor parte, le pareci\u00f3 un grupo mediocre y corrupto que no merec\u00eda su aprecio o lealtad, con la excepci\u00f3n de la cofrad\u00eda encabezaba por De\u00efanira.<\/p>\n\n\n\n<p class=\"wp-block-paragraph\">De\u00efanira era un Obispo tzimisce quien era en ese entonces l\u00edder de la Senda de la Muerte y el Alma en Valpara\u00edso, adem\u00e1s de ser uno de los contactos entre el Sabbat y la Mano Negra, la llave para poder contactar a la esquiva Helena. De\u00efanira lideraba la Cofrad\u00eda <strong>Morscerta<\/strong> (llamada tambi\u00e9n morcherta o mortaja), quienes se arrojaban el dominio de una de las puertas al Templo Oculto de la Cueva del Chivato, puntualmente la que llevaba el lema <em>&#8220;Mors certa, sed hora incerta&#8221;<\/em>, la cual era un saludo com\u00fan entre miembros de aquel culto.<\/p>\n\n\n\n<p class=\"wp-block-paragraph\">A diferencia de otros miembros del Sabbat que buscaban ingresar a las ruinas f\u00edsicas de la cueva del Chivato, los miembros de la Morscerta buscaban acceder al reflejo en las tierras del espejo del templo oculto, cosa que era comprensible despu\u00e9s de que la Camarilla destruyera el templo oculto original en 1830. Un segundo templo, reconstru\u00eddo cien a\u00f1os despu\u00e9s, fue tambi\u00e9n parte de un ritual para adelgazar o rasgar el velo, sin embargo el proyecto fue frustrado cuando la Camarilla retom\u00f3 el poder en Valpara\u00edso, desde entonces el plan secreto de la Morscerta consist\u00eda en olvidarse del dominio f\u00edsico y concentrarse en las tierras del espejo, proyecto en el que Ahrizandrei vendr\u00eda a colaborar.<\/p>\n\n\n\n<p class=\"wp-block-paragraph\">Para muchos cainitas la agenda de la Morscerta resultaba oscura y poco pr\u00e1ctica, sin embargo detr\u00e1s de estas pr\u00e1cticas Ahrizandrei encontr\u00f3 la forma de volver a salir al exterior y alimentarse, siguiendo las costumbres de su linaje y su experiencia en ritos f\u00fanebres comenz\u00f3 a construir diferentes m\u00e1scaras con las cuales salir a la superficie, participando en la organizaci\u00f3n que De\u00efanira realizaba cada a\u00f1o del Festivo dello Extinto el cual se camufl\u00f3 en el carnaval de los mil tambores, uno de los pocos momentos en los que Ahrizandrei se mezclaba con los mortales.<\/p>\n\n\n\n<p class=\"wp-block-paragraph\"><strong>El nuevo clan de la Muerte<\/strong><\/p>\n\n\n\n<p class=\"wp-block-paragraph\">Durante los primeros a\u00f1os en Valpara\u00edso todos cre\u00edan que el fin de Ahrizandrei era eliminar a todos los miembros del clan Giovanni que estuvieran a su alcance y el primero en la lista negra era Lucianus Giovanni, quien hab\u00eda llegado a estas tierras por un acuerdo con la Camarilla. Fue en 2006 que la Morscerta consigui\u00f3 finalmente atrapar a Lucianus Giovanni y darle muerte definitiva, sin embargo lejos de extender la muerte al resto del clan, Ahrizandrei se deshizo de sus antiguos aliados del Sabbat y revel\u00f3 a sus antiguos enemigos algunos secretos anteriormente revelados a \u00e9l por el Capuchino, acompa\u00f1andoles a una reuni\u00f3n familiar en Venecia a la que se sumaron algunos miembros de la l\u00ednea de sangre Samedi recientemente llegados con la masiva migraci\u00f3n haitiana.<\/p>\n\n\n\n<p class=\"wp-block-paragraph\">Tras la reuni\u00f3n familiar convenci\u00f3 al resto del clan de sacar de su letargo al d\u00edscolo Vittorio Giovanni, a quien podr\u00eda decirse que dej\u00f3 a la cabeza de su linaje en Valpara\u00edso. Mientras que la inasistencia de Helena a la reuni\u00f3n familiar, as\u00ed como a posteriores reuniones y las progresivas noticias acerca de las actividades del SON han hecho que se distancie de su antigua aliada, la cual considera que esta continuando los proyectos perniciosos que llevaron a Capadocio al fest\u00edn de la locura.<\/p>\n\n\n\n<p class=\"wp-block-paragraph\"><strong>La M\u00e1scara de Discordia<\/strong><\/p>\n\n\n\n<p class=\"wp-block-paragraph\">Poco despu\u00e9s de la fundacion del clan Hecata, Ahrizandrei tom\u00f3 quiz\u00e1s una de las decisiones m\u00e1s cuestionadas por el clan, justificadose en profec\u00edas incomprensibles y en su deber o responsabilidad ante un experimento que considera que result\u00f3 bien o mal seg\u00fan la noche en el que se le pregunte, el hecata abraz\u00f3 a un nuevo heraldo, una hermosa joven llamada Alice Reighmann recientemente fallecida en un accidente vehicular. Seg\u00fan palabras del mismo Ahrizandrei su abrazo fue un accidente milagroso, ya que no se supon\u00eda que su sangre pudiera reanimar un nuevo v\u00e1stago, mientras que las incoherencias en sus razones se pierden y mezclan con las preguntas acerca de cual era el fin del ritual que realizaba con el cuerpo muerto de la joven.<\/p>\n\n\n\n<p class=\"wp-block-paragraph\">Del modo que sea confeccion\u00f3 para su chiquilla una m\u00e1scara y la present\u00f3 ante el resto del clan como su chiquilla, sin embargo su instrucci\u00f3n se vio interrumpida por un accidente en 2020 en donde, junto a gran parte de los otros hecata de Vi\u00f1a del Mar, quedaron atrapados en el submundo. Muchas son las dudas que razonablemente podr\u00edan realizarse sobre estos hechos, por un lado su desaparici\u00f3n coincidi\u00f3 con las guerras del hambre que sucedieron durante la pandemia y su chiquilla, Alice Reighmann, permaneci\u00f3 en Vi\u00f1a del Mar, en donde se transform\u00f3 en amante de Frederick Crass (el Pr\u00edncipe pro-tempore tras la desaparici\u00f3n de Octavia) y seg\u00fan muchos fue la causante de la ruina y locura que envolvi\u00f3 tanto al pr\u00edncipe como a la misma ciudad, el cual llev\u00f3 incluso a un casi enfrentamiento abierto entre los Hecata y la Camarilla.<\/p>\n\n\n\n<p class=\"wp-block-paragraph\">Si bien Ahrizandrei se burla de quienes le suponen una mente maestra detr\u00e1s de cada suceso en la ciudad, lo cierto es que Alice Reighmann tras causar estragos en Vi\u00f1a del Mar, viaj\u00f3 a Santiago en donde su fama entre la estirpe no hizo sino crecer y en un mal sentido. Mientras tanto sus apariciones desde aquel entonces han sido espor\u00e1dicas y si bien defiende que ni \u00e9l est\u00e1 por encima de su clan, defiende que la instrucci\u00f3n de su chiquilla no ha sido terminada y que quien se enfrente a ella estar\u00eda desafiando a la misma dama del destino, pues ella (para \u00e9l) es un agente necesario para los objetivos del clan, si bien sus excusas hallan poca comprensi\u00f3n entre sus hermanos.<\/p>","protected":false},"author":10,"featured_media":6128,"template":"","tags":[197,205,99],"faccion":[196,53],"class_list":["post-5709","pnj","type-pnj","status-publish","has-post-thumbnail","hentry","tag-hecata","tag-heraldos-de-la-calavera","tag-vampiro-la-mascarada","faccion-hecata","faccion-vampiro-la-mascarada"],"acf":{"fecha":"","estatus":"Activo","ficha_del_personaje":"","aspecto":"La apariencia de Ahrizandrei es similar al de la parca, su altura es de 1,95 mts y es extremadamente delgado, en general usa t\u00fanicas negras, con algunos tonos o detalles violetas con patrones geom\u00e9tricos.\r\n\r\nSu m\u00e1scara esta confeccionada con cobre y muestra un rostro minimalista de ojos cerrados que descansa en paz y que posee un agujero ovalado en donde pueden verse su boca carente de labios. Esta m\u00e1scara, si bien una interpretaci\u00f3n libre, parece estar inspirado en las m\u00e1scaras kollon que permanecen en el Museo de Historia Natural de Valpara\u00edso.\r\n\r\nFuera de estos detalles Ahrizandrei posee el defecto depredador manifiesto y utiliza su dominio de ofuscaci\u00f3n para ocultar su presencia ante los mortales y otros v\u00e1stagos.","interpretacion":"Ahrizandrei es un personaje extra\u00f1o y enigm\u00e1tico, su manejo del espa\u00f1ol es superficialmente completo, sin embargo cuando debe hablar cosas profundas o complejas su limitaci\u00f3n para transmitir ideas se ve limitada, tanto en espa\u00f1ol como cualquier otro idioma moderno. Debido a esto es bueno usar mal el lenguaje o palabras erroneas, dar ideas ligeramente contradictorias o mostrar una notoria confusi\u00f3n ante comportamientos comunes de los jugadores u otros PdN.\r\n\r\nEn general Ahrizandrei es callado e introvertido, pudiendo permanecer en la misma posici\u00f3n durante horas, aunque cuando comienza a hablar puede explayarse durante horas, siendo dif\u00edcil para \u00e9l interpretar correctamente las reacciones de los dem\u00e1s.\r\n\r\nAdem\u00e1s tiene el defecto arcaico, no maneja ni conf\u00eda en la tecnolog\u00eda moderna, a la cual suele entender o usar mal cuando se ve forzado a ello.","informacion_privada":"","mapa_de_kumu_u_otro_embed":null},"yoast_head":"<!-- This site is optimized with the Yoast SEO plugin v28.4 - https:\/\/yoast.com\/product\/yoast-seo-wordpress\/ -->\n<title>Ahrizandrei, Heraldo de la Perdici\u00f3n - Chile en Tinieblas<\/title>\n<meta name=\"robots\" content=\"index, follow, max-snippet:-1, max-image-preview:large, max-video-preview:-1\" \/>\n<link rel=\"canonical\" href=\"https:\/\/chileentinieblas.cl\/en\/pnj\/ahrizandrei-heraldo-de-la-perdicion\/\" \/>\n<meta property=\"og:locale\" content=\"en_US\" \/>\n<meta property=\"og:type\" content=\"article\" \/>\n<meta property=\"og:title\" content=\"Ahrizandrei, Heraldo de la Perdici\u00f3n - Chile en Tinieblas\" \/>\n<meta property=\"og:description\" content=\"Concepto General: Enigma Mortuorio En su mayor parte Ahrizandrei es un enigma, un v\u00e1stago cr\u00edptico e incapaz de comprender realmente el mundo posmoderno y a los otros, alguien desinteresado de la mayor parte de los asuntos de la estirpe y muchas veces considerado err\u00e1tico o incomprensible. Este heraldo puede ser perturvador e inhumano, con reacciones [&hellip;]\" \/>\n<meta property=\"og:url\" content=\"https:\/\/chileentinieblas.cl\/en\/pnj\/ahrizandrei-heraldo-de-la-perdicion\/\" \/>\n<meta property=\"og:site_name\" content=\"Chile en Tinieblas\" \/>\n<meta property=\"article:publisher\" content=\"https:\/\/www.facebook.com\/ChileenTinieblas\" \/>\n<meta property=\"article:modified_time\" content=\"2025-03-15T02:28:58+00:00\" \/>\n<meta property=\"og:image\" content=\"https:\/\/chileentinieblas.cl\/wp-content\/uploads\/2024\/09\/Alizandrei.png\" \/>\n\t<meta property=\"og:image:width\" content=\"1024\" \/>\n\t<meta property=\"og:image:height\" content=\"1024\" \/>\n\t<meta property=\"og:image:type\" content=\"image\/png\" \/>\n<meta name=\"twitter:card\" content=\"summary_large_image\" \/>\n<meta name=\"twitter:label1\" content=\"Est. reading time\" \/>\n\t<meta name=\"twitter:data1\" content=\"14 minutes\" \/>\n<script type=\"application\/ld+json\" class=\"yoast-schema-graph\">{\"@context\":\"https:\\\/\\\/schema.org\",\"@graph\":[{\"@type\":\"WebPage\",\"@id\":\"https:\\\/\\\/chileentinieblas.cl\\\/pnj\\\/ahrizandrei-heraldo-de-la-perdicion\\\/\",\"url\":\"https:\\\/\\\/chileentinieblas.cl\\\/pnj\\\/ahrizandrei-heraldo-de-la-perdicion\\\/\",\"name\":\"Ahrizandrei, Heraldo de la Perdici\u00f3n - Chile en Tinieblas\",\"isPartOf\":{\"@id\":\"https:\\\/\\\/chileentinieblas.cl\\\/#website\"},\"primaryImageOfPage\":{\"@id\":\"https:\\\/\\\/chileentinieblas.cl\\\/pnj\\\/ahrizandrei-heraldo-de-la-perdicion\\\/#primaryimage\"},\"image\":{\"@id\":\"https:\\\/\\\/chileentinieblas.cl\\\/pnj\\\/ahrizandrei-heraldo-de-la-perdicion\\\/#primaryimage\"},\"thumbnailUrl\":\"https:\\\/\\\/chileentinieblas.cl\\\/wp-content\\\/uploads\\\/2024\\\/09\\\/Alizandrei.png\",\"datePublished\":\"2024-09-15T05:41:49+00:00\",\"dateModified\":\"2025-03-15T02:28:58+00:00\",\"breadcrumb\":{\"@id\":\"https:\\\/\\\/chileentinieblas.cl\\\/pnj\\\/ahrizandrei-heraldo-de-la-perdicion\\\/#breadcrumb\"},\"inLanguage\":\"en-US\",\"potentialAction\":[{\"@type\":\"ReadAction\",\"target\":[\"https:\\\/\\\/chileentinieblas.cl\\\/pnj\\\/ahrizandrei-heraldo-de-la-perdicion\\\/\"]}]},{\"@type\":\"ImageObject\",\"inLanguage\":\"en-US\",\"@id\":\"https:\\\/\\\/chileentinieblas.cl\\\/pnj\\\/ahrizandrei-heraldo-de-la-perdicion\\\/#primaryimage\",\"url\":\"https:\\\/\\\/chileentinieblas.cl\\\/wp-content\\\/uploads\\\/2024\\\/09\\\/Alizandrei.png\",\"contentUrl\":\"https:\\\/\\\/chileentinieblas.cl\\\/wp-content\\\/uploads\\\/2024\\\/09\\\/Alizandrei.png\",\"width\":1024,\"height\":1024},{\"@type\":\"BreadcrumbList\",\"@id\":\"https:\\\/\\\/chileentinieblas.cl\\\/pnj\\\/ahrizandrei-heraldo-de-la-perdicion\\\/#breadcrumb\",\"itemListElement\":[{\"@type\":\"ListItem\",\"position\":1,\"name\":\"Portada\",\"item\":\"https:\\\/\\\/chileentinieblas.cl\\\/\"},{\"@type\":\"ListItem\",\"position\":2,\"name\":\"PNJs\",\"item\":\"https:\\\/\\\/chileentinieblas.cl\\\/pnj\\\/\"},{\"@type\":\"ListItem\",\"position\":3,\"name\":\"Ahrizandrei, Heraldo de la Perdici\u00f3n\"}]},{\"@type\":\"WebSite\",\"@id\":\"https:\\\/\\\/chileentinieblas.cl\\\/#website\",\"url\":\"https:\\\/\\\/chileentinieblas.cl\\\/\",\"name\":\"Chile en Tinieblas\",\"description\":\"Un servidor con mesas de rol de Mundo de Tinieblas\",\"publisher\":{\"@id\":\"https:\\\/\\\/chileentinieblas.cl\\\/#organization\"},\"potentialAction\":[{\"@type\":\"SearchAction\",\"target\":{\"@type\":\"EntryPoint\",\"urlTemplate\":\"https:\\\/\\\/chileentinieblas.cl\\\/?s={search_term_string}\"},\"query-input\":{\"@type\":\"PropertyValueSpecification\",\"valueRequired\":true,\"valueName\":\"search_term_string\"}}],\"inLanguage\":\"en-US\"},{\"@type\":\"Organization\",\"@id\":\"https:\\\/\\\/chileentinieblas.cl\\\/#organization\",\"name\":\"Chile en Tinieblas\",\"url\":\"https:\\\/\\\/chileentinieblas.cl\\\/\",\"logo\":{\"@type\":\"ImageObject\",\"inLanguage\":\"en-US\",\"@id\":\"https:\\\/\\\/chileentinieblas.cl\\\/#\\\/schema\\\/logo\\\/image\\\/\",\"url\":\"https:\\\/\\\/chileentinieblas.cl\\\/wp-content\\\/uploads\\\/2021\\\/12\\\/logo-cet-claro.png\",\"contentUrl\":\"https:\\\/\\\/chileentinieblas.cl\\\/wp-content\\\/uploads\\\/2021\\\/12\\\/logo-cet-claro.png\",\"width\":1001,\"height\":1030,\"caption\":\"Chile en Tinieblas\"},\"image\":{\"@id\":\"https:\\\/\\\/chileentinieblas.cl\\\/#\\\/schema\\\/logo\\\/image\\\/\"},\"sameAs\":[\"https:\\\/\\\/www.facebook.com\\\/ChileenTinieblas\",\"https:\\\/\\\/www.instagram.com\\\/chileentinieblas\\\/\",\"https:\\\/\\\/www.youtube.com\\\/@chileentinieblas\",\"https:\\\/\\\/www.tiktok.com\\\/@chileentinieblas\"]}]}<\/script>\n<!-- \/ Yoast SEO plugin. -->","yoast_head_json":{"title":"Ahrizandrei, Heraldo de la Perdici\u00f3n - Chile en Tinieblas","robots":{"index":"index","follow":"follow","max-snippet":"max-snippet:-1","max-image-preview":"max-image-preview:large","max-video-preview":"max-video-preview:-1"},"canonical":"https:\/\/chileentinieblas.cl\/en\/pnj\/ahrizandrei-heraldo-de-la-perdicion\/","og_locale":"en_US","og_type":"article","og_title":"Ahrizandrei, Heraldo de la Perdici\u00f3n - Chile en Tinieblas","og_description":"Concepto General: Enigma Mortuorio En su mayor parte Ahrizandrei es un enigma, un v\u00e1stago cr\u00edptico e incapaz de comprender realmente el mundo posmoderno y a los otros, alguien desinteresado de la mayor parte de los asuntos de la estirpe y muchas veces considerado err\u00e1tico o incomprensible. Este heraldo puede ser perturvador e inhumano, con reacciones [&hellip;]","og_url":"https:\/\/chileentinieblas.cl\/en\/pnj\/ahrizandrei-heraldo-de-la-perdicion\/","og_site_name":"Chile en Tinieblas","article_publisher":"https:\/\/www.facebook.com\/ChileenTinieblas","article_modified_time":"2025-03-15T02:28:58+00:00","og_image":[{"width":1024,"height":1024,"url":"https:\/\/chileentinieblas.cl\/wp-content\/uploads\/2024\/09\/Alizandrei.png","type":"image\/png"}],"twitter_card":"summary_large_image","twitter_misc":{"Est. reading time":"14 minutes"},"schema":{"@context":"https:\/\/schema.org","@graph":[{"@type":"WebPage","@id":"https:\/\/chileentinieblas.cl\/pnj\/ahrizandrei-heraldo-de-la-perdicion\/","url":"https:\/\/chileentinieblas.cl\/pnj\/ahrizandrei-heraldo-de-la-perdicion\/","name":"Ahrizandrei, Heraldo de la Perdici\u00f3n - Chile en Tinieblas","isPartOf":{"@id":"https:\/\/chileentinieblas.cl\/#website"},"primaryImageOfPage":{"@id":"https:\/\/chileentinieblas.cl\/pnj\/ahrizandrei-heraldo-de-la-perdicion\/#primaryimage"},"image":{"@id":"https:\/\/chileentinieblas.cl\/pnj\/ahrizandrei-heraldo-de-la-perdicion\/#primaryimage"},"thumbnailUrl":"https:\/\/chileentinieblas.cl\/wp-content\/uploads\/2024\/09\/Alizandrei.png","datePublished":"2024-09-15T05:41:49+00:00","dateModified":"2025-03-15T02:28:58+00:00","breadcrumb":{"@id":"https:\/\/chileentinieblas.cl\/pnj\/ahrizandrei-heraldo-de-la-perdicion\/#breadcrumb"},"inLanguage":"en-US","potentialAction":[{"@type":"ReadAction","target":["https:\/\/chileentinieblas.cl\/pnj\/ahrizandrei-heraldo-de-la-perdicion\/"]}]},{"@type":"ImageObject","inLanguage":"en-US","@id":"https:\/\/chileentinieblas.cl\/pnj\/ahrizandrei-heraldo-de-la-perdicion\/#primaryimage","url":"https:\/\/chileentinieblas.cl\/wp-content\/uploads\/2024\/09\/Alizandrei.png","contentUrl":"https:\/\/chileentinieblas.cl\/wp-content\/uploads\/2024\/09\/Alizandrei.png","width":1024,"height":1024},{"@type":"BreadcrumbList","@id":"https:\/\/chileentinieblas.cl\/pnj\/ahrizandrei-heraldo-de-la-perdicion\/#breadcrumb","itemListElement":[{"@type":"ListItem","position":1,"name":"Portada","item":"https:\/\/chileentinieblas.cl\/"},{"@type":"ListItem","position":2,"name":"PNJs","item":"https:\/\/chileentinieblas.cl\/pnj\/"},{"@type":"ListItem","position":3,"name":"Ahrizandrei, Heraldo de la Perdici\u00f3n"}]},{"@type":"WebSite","@id":"https:\/\/chileentinieblas.cl\/#website","url":"https:\/\/chileentinieblas.cl\/","name":"Chile en Tinieblas","description":"Un servidor con mesas de rol de Mundo de Tinieblas","publisher":{"@id":"https:\/\/chileentinieblas.cl\/#organization"},"potentialAction":[{"@type":"SearchAction","target":{"@type":"EntryPoint","urlTemplate":"https:\/\/chileentinieblas.cl\/?s={search_term_string}"},"query-input":{"@type":"PropertyValueSpecification","valueRequired":true,"valueName":"search_term_string"}}],"inLanguage":"en-US"},{"@type":"Organization","@id":"https:\/\/chileentinieblas.cl\/#organization","name":"Chile en Tinieblas","url":"https:\/\/chileentinieblas.cl\/","logo":{"@type":"ImageObject","inLanguage":"en-US","@id":"https:\/\/chileentinieblas.cl\/#\/schema\/logo\/image\/","url":"https:\/\/chileentinieblas.cl\/wp-content\/uploads\/2021\/12\/logo-cet-claro.png","contentUrl":"https:\/\/chileentinieblas.cl\/wp-content\/uploads\/2021\/12\/logo-cet-claro.png","width":1001,"height":1030,"caption":"Chile en Tinieblas"},"image":{"@id":"https:\/\/chileentinieblas.cl\/#\/schema\/logo\/image\/"},"sameAs":["https:\/\/www.facebook.com\/ChileenTinieblas","https:\/\/www.instagram.com\/chileentinieblas\/","https:\/\/www.youtube.com\/@chileentinieblas","https:\/\/www.tiktok.com\/@chileentinieblas"]}]}},"jetpack_sharing_enabled":true,"_links":{"self":[{"href":"https:\/\/chileentinieblas.cl\/en\/wp-json\/wp\/v2\/pnj\/5709","targetHints":{"allow":["GET"]}}],"collection":[{"href":"https:\/\/chileentinieblas.cl\/en\/wp-json\/wp\/v2\/pnj"}],"about":[{"href":"https:\/\/chileentinieblas.cl\/en\/wp-json\/wp\/v2\/types\/pnj"}],"author":[{"embeddable":true,"href":"https:\/\/chileentinieblas.cl\/en\/wp-json\/wp\/v2\/users\/10"}],"wp:featuredmedia":[{"embeddable":true,"href":"https:\/\/chileentinieblas.cl\/en\/wp-json\/wp\/v2\/media\/6128"}],"wp:attachment":[{"href":"https:\/\/chileentinieblas.cl\/en\/wp-json\/wp\/v2\/media?parent=5709"}],"wp:term":[{"taxonomy":"post_tag","embeddable":true,"href":"https:\/\/chileentinieblas.cl\/en\/wp-json\/wp\/v2\/tags?post=5709"},{"taxonomy":"faccion","embeddable":true,"href":"https:\/\/chileentinieblas.cl\/en\/wp-json\/wp\/v2\/faccion?post=5709"}],"curies":[{"name":"wp","href":"https:\/\/api.w.org\/{rel}","templated":true}]}}