{"id":5546,"date":"2024-08-02T06:21:07","date_gmt":"2024-08-02T06:21:07","guid":{"rendered":"https:\/\/chileentinieblas.cl\/?post_type=pnj&#038;p=5546"},"modified":"2024-08-02T06:45:41","modified_gmt":"2024-08-02T06:45:41","slug":"illa-nayra","status":"publish","type":"pnj","link":"https:\/\/chileentinieblas.cl\/en\/pnj\/illa-nayra\/","title":{"rendered":"Illa Nayra"},"content":{"rendered":"<p class=\"has-medium-font-size wp-block-paragraph\"><strong><em>Lider de la Sombra Siliente<\/em><\/strong><\/p>\n\n\n\n<p class=\"wp-block-paragraph\">Illa Nayra, una descendiente aymara y Alicanto de 35 a\u00f1os oriunda de Arica, estudi\u00f3 antropolog\u00eda en la Universidad de Tarapac\u00e1 de Arica. A lo largo de su vida, ha dedicado sus esfuerzos a desentra\u00f1ar los misterios de sus or\u00edgenes y el linaje changeling al que pertenece. Su pasi\u00f3n por la historia y la investigaci\u00f3n la ha llevado a descubrir una verdad amarga: la casa Eliuned, una de las m\u00e1s poderosas en Arica, siempre ha oprimido a su raza, los Alicantos, debido a su naturaleza y existencia como linaje perdido y no reconocido como kithain. Adem\u00e1s, Illa ha profundizado en el estudio de las ra\u00edces de su pueblo originario, lo que le ha permitido comprender mejor la magnitud de la opresi\u00f3n que enfrentan sus ancestros y su propio linaje.<\/p>\n\n\n\n<p class=\"wp-block-paragraph\">El viaje de Illa Nayra a Santiago de Chile fue inicialmente motivado por su deseo de obtener m\u00e1s conocimientos y artefactos relacionados con el reino de Bellaterra convirtiendola en una de las lideres de la sociedad de la Sombra Siliente.<\/p>\n\n\n\n<p class=\"wp-block-paragraph\">Durante sus investigaciones, Illa Nayra descubri\u00f3 la existencia de una &#8220;llave&#8221; m\u00edtica que podr\u00eda conducirla a un antiguo jard\u00edn perdido, mencionado solo en los textos m\u00e1s arcanos y en susurros entre los ancianos changelings. Este jard\u00edn, seg\u00fan las leyendas, alberga un poder ancestral que podr\u00eda ser la clave para restaurar el equilibrio y permitir que los linajes olvidados recuperen su lugar en el mundo.<\/p>\n\n\n\n<p class=\"wp-block-paragraph\">Para obtener m\u00e1s informaci\u00f3n sobre esta llave, Illa manda a un grupo de guerreros changelings junto a un Alicanto con una leyenda detr\u00e1s: un ser que, seg\u00fan las profec\u00edas, ser\u00e1 quien libere a su pueblo de la represi\u00f3n. Estos guerreros, de corazones tan puros que podr\u00edan acceder a secretos inaccesibles para otros, parten con la esperanza de descubrir la ubicaci\u00f3n del jard\u00edn y los misterios que esconde.<\/p>\n\n\n\n<p class=\"wp-block-paragraph\">Armada con su conocimiento, su habilidad para influir en los dem\u00e1s y su incansable determinaci\u00f3n, Illa Nayra se prepara para apoyar a sus guerreros en esta peligrosa aventura. Su objetivo no es solo descubrir los secretos del jard\u00edn, sino tambi\u00e9n utilizar su poder para desafiar a la casa Eliuned y reclamar un futuro mejor para los linajes de Bellaterra.<\/p>\n\n\n\n<p class=\"wp-block-paragraph\">Mientras avanza en su misi\u00f3n, Illa se enfrenta a una elecci\u00f3n crucial: deber\u00e1 decidir si comparte el poder del jard\u00edn con los dem\u00e1s miembros de &#8220;La Sombra Silente&#8221; o si lo utiliza exclusivamente para sus propios fines. Sabe que cualquiera que sea su decisi\u00f3n, moldear\u00e1 el futuro no solo de su linaje, sino tambi\u00e9n de todo el mundo changeling.<\/p>","protected":false},"author":23,"featured_media":5547,"template":"","tags":[163],"faccion":[56],"class_list":["post-5546","pnj","type-pnj","status-publish","has-post-thumbnail","hentry","tag-changeling","faccion-changeling-el-ensueno"],"acf":{"fecha":"","estatus":"Activo","ficha_del_personaje":"","aspecto":"","interpretacion":"<div class=\"flex-shrink-0 flex flex-col relative items-end\">\r\n<div>\r\n<div class=\"pt-0\">\r\n<div class=\"gizmo-bot-avatar flex h-8 w-8 items-center justify-center overflow-hidden rounded-full\">\r\n<div class=\"relative p-1 rounded-sm flex items-center justify-center bg-token-main-surface-primary text-token-text-primary h-8 w-8\">Illa Nayra es una mujer l\u00edder, fuerte y con convicci\u00f3n. Es manipuladora, estrat\u00e9gica y est\u00e1 decidida a luchar por la liberaci\u00f3n de su pueblo. Su car\u00e1cter decidido y su habilidad para influir en los dem\u00e1s la convierten en una figura central en la resistencia contra la opresi\u00f3n. Busca poder y conocimiento, y est\u00e1 dispuesta a tomar decisiones dif\u00edciles para lograr sus objetivos.<\/div>\r\n<\/div>\r\n<\/div>\r\n<\/div>\r\n<\/div>","informacion_privada":"Miembro activo de la SoN.","mapa_de_kumu_u_otro_embed":null},"yoast_head":"<!-- This site is optimized with the Yoast SEO plugin v28.4 - https:\/\/yoast.com\/product\/yoast-seo-wordpress\/ -->\n<title>Illa Nayra - Chile en Tinieblas<\/title>\n<meta name=\"robots\" content=\"index, follow, max-snippet:-1, max-image-preview:large, max-video-preview:-1\" \/>\n<link rel=\"canonical\" href=\"https:\/\/chileentinieblas.cl\/en\/pnj\/illa-nayra\/\" \/>\n<meta property=\"og:locale\" content=\"en_US\" \/>\n<meta property=\"og:type\" content=\"article\" \/>\n<meta property=\"og:title\" content=\"Illa Nayra - Chile en Tinieblas\" \/>\n<meta property=\"og:description\" content=\"Lider de la Sombra Siliente Illa Nayra, una descendiente aymara y Alicanto de 35 a\u00f1os oriunda de Arica, estudi\u00f3 antropolog\u00eda en la Universidad de Tarapac\u00e1 de Arica. A lo largo de su vida, ha dedicado sus esfuerzos a desentra\u00f1ar los misterios de sus or\u00edgenes y el linaje changeling al que pertenece. Su pasi\u00f3n por la [&hellip;]\" \/>\n<meta property=\"og:url\" content=\"https:\/\/chileentinieblas.cl\/en\/pnj\/illa-nayra\/\" \/>\n<meta property=\"og:site_name\" content=\"Chile en Tinieblas\" \/>\n<meta property=\"article:publisher\" content=\"https:\/\/www.facebook.com\/ChileenTinieblas\" \/>\n<meta property=\"article:modified_time\" content=\"2024-08-02T06:45:41+00:00\" \/>\n<meta property=\"og:image\" content=\"https:\/\/chileentinieblas.cl\/wp-content\/uploads\/2024\/08\/chileentinieblas_Illustration_by_Charlie_Bowater_representing_46faba36-53bd-47f0-9f28-ac2787dc3f87_2.png\" \/>\n\t<meta property=\"og:image:width\" content=\"928\" \/>\n\t<meta property=\"og:image:height\" content=\"1232\" \/>\n\t<meta property=\"og:image:type\" content=\"image\/png\" \/>\n<meta name=\"twitter:card\" content=\"summary_large_image\" \/>\n<meta name=\"twitter:label1\" content=\"Est. reading time\" \/>\n\t<meta name=\"twitter:data1\" content=\"2 minutes\" \/>\n<script type=\"application\/ld+json\" class=\"yoast-schema-graph\">{\"@context\":\"https:\\\/\\\/schema.org\",\"@graph\":[{\"@type\":\"WebPage\",\"@id\":\"https:\\\/\\\/chileentinieblas.cl\\\/pnj\\\/illa-nayra\\\/\",\"url\":\"https:\\\/\\\/chileentinieblas.cl\\\/pnj\\\/illa-nayra\\\/\",\"name\":\"Illa Nayra - Chile en Tinieblas\",\"isPartOf\":{\"@id\":\"https:\\\/\\\/chileentinieblas.cl\\\/#website\"},\"primaryImageOfPage\":{\"@id\":\"https:\\\/\\\/chileentinieblas.cl\\\/pnj\\\/illa-nayra\\\/#primaryimage\"},\"image\":{\"@id\":\"https:\\\/\\\/chileentinieblas.cl\\\/pnj\\\/illa-nayra\\\/#primaryimage\"},\"thumbnailUrl\":\"https:\\\/\\\/chileentinieblas.cl\\\/wp-content\\\/uploads\\\/2024\\\/08\\\/chileentinieblas_Illustration_by_Charlie_Bowater_representing_46faba36-53bd-47f0-9f28-ac2787dc3f87_2.png\",\"datePublished\":\"2024-08-02T06:21:07+00:00\",\"dateModified\":\"2024-08-02T06:45:41+00:00\",\"breadcrumb\":{\"@id\":\"https:\\\/\\\/chileentinieblas.cl\\\/pnj\\\/illa-nayra\\\/#breadcrumb\"},\"inLanguage\":\"en-US\",\"potentialAction\":[{\"@type\":\"ReadAction\",\"target\":[\"https:\\\/\\\/chileentinieblas.cl\\\/pnj\\\/illa-nayra\\\/\"]}]},{\"@type\":\"ImageObject\",\"inLanguage\":\"en-US\",\"@id\":\"https:\\\/\\\/chileentinieblas.cl\\\/pnj\\\/illa-nayra\\\/#primaryimage\",\"url\":\"https:\\\/\\\/chileentinieblas.cl\\\/wp-content\\\/uploads\\\/2024\\\/08\\\/chileentinieblas_Illustration_by_Charlie_Bowater_representing_46faba36-53bd-47f0-9f28-ac2787dc3f87_2.png\",\"contentUrl\":\"https:\\\/\\\/chileentinieblas.cl\\\/wp-content\\\/uploads\\\/2024\\\/08\\\/chileentinieblas_Illustration_by_Charlie_Bowater_representing_46faba36-53bd-47f0-9f28-ac2787dc3f87_2.png\",\"width\":928,\"height\":1232},{\"@type\":\"BreadcrumbList\",\"@id\":\"https:\\\/\\\/chileentinieblas.cl\\\/pnj\\\/illa-nayra\\\/#breadcrumb\",\"itemListElement\":[{\"@type\":\"ListItem\",\"position\":1,\"name\":\"Portada\",\"item\":\"https:\\\/\\\/chileentinieblas.cl\\\/\"},{\"@type\":\"ListItem\",\"position\":2,\"name\":\"PNJs\",\"item\":\"https:\\\/\\\/chileentinieblas.cl\\\/pnj\\\/\"},{\"@type\":\"ListItem\",\"position\":3,\"name\":\"Illa Nayra\"}]},{\"@type\":\"WebSite\",\"@id\":\"https:\\\/\\\/chileentinieblas.cl\\\/#website\",\"url\":\"https:\\\/\\\/chileentinieblas.cl\\\/\",\"name\":\"Chile en Tinieblas\",\"description\":\"Un servidor con mesas de rol de Mundo de Tinieblas\",\"publisher\":{\"@id\":\"https:\\\/\\\/chileentinieblas.cl\\\/#organization\"},\"potentialAction\":[{\"@type\":\"SearchAction\",\"target\":{\"@type\":\"EntryPoint\",\"urlTemplate\":\"https:\\\/\\\/chileentinieblas.cl\\\/?s={search_term_string}\"},\"query-input\":{\"@type\":\"PropertyValueSpecification\",\"valueRequired\":true,\"valueName\":\"search_term_string\"}}],\"inLanguage\":\"en-US\"},{\"@type\":\"Organization\",\"@id\":\"https:\\\/\\\/chileentinieblas.cl\\\/#organization\",\"name\":\"Chile en Tinieblas\",\"url\":\"https:\\\/\\\/chileentinieblas.cl\\\/\",\"logo\":{\"@type\":\"ImageObject\",\"inLanguage\":\"en-US\",\"@id\":\"https:\\\/\\\/chileentinieblas.cl\\\/#\\\/schema\\\/logo\\\/image\\\/\",\"url\":\"https:\\\/\\\/chileentinieblas.cl\\\/wp-content\\\/uploads\\\/2021\\\/12\\\/logo-cet-claro.png\",\"contentUrl\":\"https:\\\/\\\/chileentinieblas.cl\\\/wp-content\\\/uploads\\\/2021\\\/12\\\/logo-cet-claro.png\",\"width\":1001,\"height\":1030,\"caption\":\"Chile en Tinieblas\"},\"image\":{\"@id\":\"https:\\\/\\\/chileentinieblas.cl\\\/#\\\/schema\\\/logo\\\/image\\\/\"},\"sameAs\":[\"https:\\\/\\\/www.facebook.com\\\/ChileenTinieblas\",\"https:\\\/\\\/www.instagram.com\\\/chileentinieblas\\\/\",\"https:\\\/\\\/www.youtube.com\\\/@chileentinieblas\",\"https:\\\/\\\/www.tiktok.com\\\/@chileentinieblas\"]}]}<\/script>\n<!-- \/ Yoast SEO plugin. -->","yoast_head_json":{"title":"Illa Nayra - Chile en Tinieblas","robots":{"index":"index","follow":"follow","max-snippet":"max-snippet:-1","max-image-preview":"max-image-preview:large","max-video-preview":"max-video-preview:-1"},"canonical":"https:\/\/chileentinieblas.cl\/en\/pnj\/illa-nayra\/","og_locale":"en_US","og_type":"article","og_title":"Illa Nayra - Chile en Tinieblas","og_description":"Lider de la Sombra Siliente Illa Nayra, una descendiente aymara y Alicanto de 35 a\u00f1os oriunda de Arica, estudi\u00f3 antropolog\u00eda en la Universidad de Tarapac\u00e1 de Arica. A lo largo de su vida, ha dedicado sus esfuerzos a desentra\u00f1ar los misterios de sus or\u00edgenes y el linaje changeling al que pertenece. Su pasi\u00f3n por la [&hellip;]","og_url":"https:\/\/chileentinieblas.cl\/en\/pnj\/illa-nayra\/","og_site_name":"Chile en Tinieblas","article_publisher":"https:\/\/www.facebook.com\/ChileenTinieblas","article_modified_time":"2024-08-02T06:45:41+00:00","og_image":[{"width":928,"height":1232,"url":"https:\/\/chileentinieblas.cl\/wp-content\/uploads\/2024\/08\/chileentinieblas_Illustration_by_Charlie_Bowater_representing_46faba36-53bd-47f0-9f28-ac2787dc3f87_2.png","type":"image\/png"}],"twitter_card":"summary_large_image","twitter_misc":{"Est. reading time":"2 minutes"},"schema":{"@context":"https:\/\/schema.org","@graph":[{"@type":"WebPage","@id":"https:\/\/chileentinieblas.cl\/pnj\/illa-nayra\/","url":"https:\/\/chileentinieblas.cl\/pnj\/illa-nayra\/","name":"Illa Nayra - Chile en Tinieblas","isPartOf":{"@id":"https:\/\/chileentinieblas.cl\/#website"},"primaryImageOfPage":{"@id":"https:\/\/chileentinieblas.cl\/pnj\/illa-nayra\/#primaryimage"},"image":{"@id":"https:\/\/chileentinieblas.cl\/pnj\/illa-nayra\/#primaryimage"},"thumbnailUrl":"https:\/\/chileentinieblas.cl\/wp-content\/uploads\/2024\/08\/chileentinieblas_Illustration_by_Charlie_Bowater_representing_46faba36-53bd-47f0-9f28-ac2787dc3f87_2.png","datePublished":"2024-08-02T06:21:07+00:00","dateModified":"2024-08-02T06:45:41+00:00","breadcrumb":{"@id":"https:\/\/chileentinieblas.cl\/pnj\/illa-nayra\/#breadcrumb"},"inLanguage":"en-US","potentialAction":[{"@type":"ReadAction","target":["https:\/\/chileentinieblas.cl\/pnj\/illa-nayra\/"]}]},{"@type":"ImageObject","inLanguage":"en-US","@id":"https:\/\/chileentinieblas.cl\/pnj\/illa-nayra\/#primaryimage","url":"https:\/\/chileentinieblas.cl\/wp-content\/uploads\/2024\/08\/chileentinieblas_Illustration_by_Charlie_Bowater_representing_46faba36-53bd-47f0-9f28-ac2787dc3f87_2.png","contentUrl":"https:\/\/chileentinieblas.cl\/wp-content\/uploads\/2024\/08\/chileentinieblas_Illustration_by_Charlie_Bowater_representing_46faba36-53bd-47f0-9f28-ac2787dc3f87_2.png","width":928,"height":1232},{"@type":"BreadcrumbList","@id":"https:\/\/chileentinieblas.cl\/pnj\/illa-nayra\/#breadcrumb","itemListElement":[{"@type":"ListItem","position":1,"name":"Portada","item":"https:\/\/chileentinieblas.cl\/"},{"@type":"ListItem","position":2,"name":"PNJs","item":"https:\/\/chileentinieblas.cl\/pnj\/"},{"@type":"ListItem","position":3,"name":"Illa Nayra"}]},{"@type":"WebSite","@id":"https:\/\/chileentinieblas.cl\/#website","url":"https:\/\/chileentinieblas.cl\/","name":"Chile en Tinieblas","description":"Un servidor con mesas de rol de Mundo de Tinieblas","publisher":{"@id":"https:\/\/chileentinieblas.cl\/#organization"},"potentialAction":[{"@type":"SearchAction","target":{"@type":"EntryPoint","urlTemplate":"https:\/\/chileentinieblas.cl\/?s={search_term_string}"},"query-input":{"@type":"PropertyValueSpecification","valueRequired":true,"valueName":"search_term_string"}}],"inLanguage":"en-US"},{"@type":"Organization","@id":"https:\/\/chileentinieblas.cl\/#organization","name":"Chile en Tinieblas","url":"https:\/\/chileentinieblas.cl\/","logo":{"@type":"ImageObject","inLanguage":"en-US","@id":"https:\/\/chileentinieblas.cl\/#\/schema\/logo\/image\/","url":"https:\/\/chileentinieblas.cl\/wp-content\/uploads\/2021\/12\/logo-cet-claro.png","contentUrl":"https:\/\/chileentinieblas.cl\/wp-content\/uploads\/2021\/12\/logo-cet-claro.png","width":1001,"height":1030,"caption":"Chile en Tinieblas"},"image":{"@id":"https:\/\/chileentinieblas.cl\/#\/schema\/logo\/image\/"},"sameAs":["https:\/\/www.facebook.com\/ChileenTinieblas","https:\/\/www.instagram.com\/chileentinieblas\/","https:\/\/www.youtube.com\/@chileentinieblas","https:\/\/www.tiktok.com\/@chileentinieblas"]}]}},"jetpack_sharing_enabled":true,"_links":{"self":[{"href":"https:\/\/chileentinieblas.cl\/en\/wp-json\/wp\/v2\/pnj\/5546","targetHints":{"allow":["GET"]}}],"collection":[{"href":"https:\/\/chileentinieblas.cl\/en\/wp-json\/wp\/v2\/pnj"}],"about":[{"href":"https:\/\/chileentinieblas.cl\/en\/wp-json\/wp\/v2\/types\/pnj"}],"author":[{"embeddable":true,"href":"https:\/\/chileentinieblas.cl\/en\/wp-json\/wp\/v2\/users\/23"}],"wp:featuredmedia":[{"embeddable":true,"href":"https:\/\/chileentinieblas.cl\/en\/wp-json\/wp\/v2\/media\/5547"}],"wp:attachment":[{"href":"https:\/\/chileentinieblas.cl\/en\/wp-json\/wp\/v2\/media?parent=5546"}],"wp:term":[{"taxonomy":"post_tag","embeddable":true,"href":"https:\/\/chileentinieblas.cl\/en\/wp-json\/wp\/v2\/tags?post=5546"},{"taxonomy":"faccion","embeddable":true,"href":"https:\/\/chileentinieblas.cl\/en\/wp-json\/wp\/v2\/faccion?post=5546"}],"curies":[{"name":"wp","href":"https:\/\/api.w.org\/{rel}","templated":true}]}}