{"id":5347,"date":"2024-07-18T20:57:45","date_gmt":"2024-07-18T20:57:45","guid":{"rendered":"https:\/\/chileentinieblas.cl\/?post_type=pnj&#038;p=5347"},"modified":"2024-08-02T13:04:59","modified_gmt":"2024-08-02T13:04:59","slug":"viktor-verna","status":"publish","type":"pnj","link":"https:\/\/chileentinieblas.cl\/en\/pnj\/viktor-verna\/","title":{"rendered":"Viktor Verna"},"content":{"rendered":"<h2 class=\"wp-block-heading\">Segundo al Mando del Clan Hecata.<\/h2>\n\n\n\n<h2 class=\"wp-block-heading\">Vida mortal<\/h2>\n\n\n\n<p class=\"wp-block-paragraph\">Viktor Verna, descendiente de una familia emigrante italiana, fue el primero de su familia en nacer en Chile, en 1980. Siempre fue un ni\u00f1o introvertido y de pocos amigos, con mayor inter\u00e9s en lo esot\u00e9rico y misterioso de la mitolog\u00eda chile, que en otras cosas.<\/p>\n\n\n\n<p class=\"wp-block-paragraph\">Cuando peque\u00f1o le sucedi\u00f3 algo muy extra\u00f1o (a sus 10 a\u00f1os aproximadamente), un d\u00eda jugando en el bosque de atr\u00e1s de su casa, apreci\u00f3 una ni\u00f1a a quien no hab\u00eda visto jam\u00e1s y menos en los terrenos de su familia, vistiendo ropa muy particular, de aspecto antiguo. Mientras conversaba con la ni\u00f1a, ella le menciona que se llama Anastasia y que tiene 108 a\u00f1os Viktor no lo pod\u00eda creer \u00a1108 a\u00f1os!, adem\u00e1s le comenta que viv\u00eda ah\u00ed hace mucho tiempo y que ese era su lugar favorito para jugar. Viktor, at\u00f3nito por lo que le mencionaba la ni\u00f1a, observa que llega la madre de esta, era algo p\u00e1lida y con vestimentas negras, y que comienza a rega\u00f1ar a Anastasia por estar otra vez contando sus historias \u2013 \u201cNo le hagas caso peque\u00f1o\u201d \u2013 y Viktor pregunta \u201c\u00bfElla no tiene 108 a\u00f1os? y la se\u00f1ora retir\u00e1ndose lentamente, le responde \u201cqu\u00e9 va, ella tiene 8 o quiz\u00e1s ya no sabe cu\u00e1ntos a\u00f1os tiene, quiz\u00e1s t\u00fa tienes una imaginaci\u00f3n muy grande\u201d,<\/p>\n\n\n\n<p class=\"wp-block-paragraph\">Desde ese momento Viktor queda obsesionado con lo oculto, lo mitol\u00f3gico y teol\u00f3gico, enfocando sus estudios hacia la muerte misma, estudiando medicina con especialidad en medicina forense, para poder entender las causas de las muertes de las personas e investigar si es que se pod\u00edan \u201crevivir\u201d, tal como se dec\u00eda en las mitolog\u00edas antiguas.  <\/p>\n\n\n\n<p class=\"wp-block-paragraph\">En los a\u00f1os de estudio en la Universidad de Valpara\u00edso conoce a una Doctora llamada Emiliana Valuarte, que hasta ese momento era tan solo otra m\u00e9dica obsesionada con lo sobrenatural, al igual que Viktor (al menos eso cre\u00eda \u00e9l). En un comienzo, Viktor pens\u00f3 que solo era exc\u00e9ntrica, pero luego, cuando termin\u00f3 su carrera y comenz\u00f3 a trabajar como m\u00e9dico, la intriga se hizo presente al darse cuenta solamente tomaba turnos de noche, sin embargo, continu\u00f3 trabajando con Emilia para poder aprender de ella lo que m\u00e1s pudiera, aunque nunca le ense\u00f1o mucho, sino m\u00e1s bien, aprend\u00eda observ\u00e1ndola, viendo c\u00f3mo realizaba cirug\u00edas en personas muertas para \u201cprobar nuevas t\u00e9cnicas\u201d. A Viktor esto le parec\u00eda chistoso y extra\u00f1o a la vez, pero le serv\u00eda para aprender m\u00e1s y comprender cada d\u00eda mejor la anatom\u00eda de los muertos.<\/p>\n\n\n\n<h2 class=\"wp-block-heading\">Vida inmortal<\/h2>\n\n\n\n<p class=\"wp-block-paragraph\">Ya por el a\u00f1o 2015, Viktor sufre un accidente automovil\u00edstico, quedando con graves da\u00f1os internos, sobre todo en su coraz\u00f3n, llegando moribundo al Hospital Gustavo Fricke. Es as\u00ed como se encuentra con Emilia en urgencias, quien lo declara muerto y en la morgue ofrece abrazarlo y mostrarle lo que significa la real inmortalidad y la verdad de lo oculto. Viktor , en su lecho de muerte, analiza este ofrecimiento y finalmente lo acepta, adoptando el nombre de \u201cViktor Verna\u201d.<\/p>\n\n\n\n<p class=\"wp-block-paragraph\">Es as\u00ed es como emprende rumbo a Santiago junto a Emilia, su actual sire, quien le muestra el mundo de los Hecata, su nuevo clan y adem\u00e1s le consigue trabajo en el Instituto M\u00e9dico Legal (que pertenece a la familia). En este trabajo solo observa y trabaja intentando ser uno m\u00e1s de la familia, sin embargo, Emilia nunca le ense\u00f1a nada de Oblivion y siempre le coment\u00f3 que deb\u00eda tener bajo perfil tratando de estudiar lo que m\u00e1s pudiera y ser \u00fatil para la familia.<\/p>\n\n\n\n<p class=\"wp-block-paragraph\">En el 2020 a Viktor lo llaman para formar parte de una cuadrilla que ir\u00eda contra un familiar anciano que, al parecer, hab\u00eda traicionado a la familia haciendo tratos con Camarilla, no se sab\u00eda bien qu\u00e9 tratos. En la cuadrilla se encontraban Armando, Pietro, Freedo, Bellis, Hern\u00e1n (el rarito del clima), quienes luego de matar al anciano Rossi (antiguo Giovanni), los llamaron a conocer a la nueva cabeza de la Familia Ethienne y su nueva mesa de antiguo.<\/p>\n\n\n\n<h2 class=\"wp-block-heading\"><strong><em>La ida al Velo\u2026&nbsp;&nbsp;&nbsp;&nbsp;<\/em><\/strong><\/h2>\n\n\n\n<p class=\"wp-block-paragraph\">El viaje m\u00e1s all\u00e1 del Velo comenz\u00f3 como algo extra\u00f1o e inquietante. Nos encontramos en un Santiago antiguo, en ruinas, y descubrimos que los espectros no son simples aut\u00f3matas, sino que tienen sentimientos y nos odian, especialmente a los Giovanni. Logramos llegar al principio del laberinto casi sin problemas, pero a partir de ah\u00ed todo se volvi\u00f3 turbio.<\/p>\n\n\n\n<p class=\"wp-block-paragraph\">Las criaturas que encontramos eran horribles y trataban a los fantasmas humanos como esclavos o escoria. A medida que avanz\u00e1bamos, descubrimos la oscuridad del Abismo. En un momento, fuimos atacados por custodios del laberinto, una especie de \u00e1ngeles demon\u00edacos con espadas gigantes. Pietro logr\u00f3 matar a uno de ellos y Armando se qued\u00f3 con la espada.<\/p>\n\n\n\n<p class=\"wp-block-paragraph\">Descubrimos que nuestra disciplina Oblivion afecta directamente el espacio tras el Velo. Pasamos por muchos lugares, incluyendo una antigua ciudad tan negra que no reflejaba la luz. Sent\u00ed una presencia poderosa e imponente all\u00ed, y estoy convencido de que era Ca\u00edn, sentado en el trono de la muerte oscura.<\/p>\n\n\n\n<p class=\"wp-block-paragraph\">En el laberinto, encontramos un prado donde la madre de Freedo, Anastasia, Amanda y otra fantasma estaban siendo torturadas por un espectro. Pudimos salvar a tres de ellas, aunque una muri\u00f3. Estas fantasmas nos ayudaron a encontrar a Dante Rossi, un antiguo Giovanni. Dante quer\u00eda irse al Olvido, y lo llevamos all\u00ed. Entend\u00ed entonces que el Olvido es el final de todo y muchas almas solo quieren llegar all\u00ed.<\/p>\n\n\n\n<p class=\"wp-block-paragraph\">Dante nos revel\u00f3 que la estaca estaba fragmentada en cinco piezas:<\/p>\n\n\n\n<ul class=\"wp-block-list\">\n<li>Una pieza ya estaba en posesi\u00f3n de la familia, entregada por la Camarilla.<\/li>\n\n\n\n<li>Otra estaba guardada por Dante en el laberinto, que recuperamos.<\/li>\n\n\n\n<li>La tercera pieza la ten\u00edan los Tremere de la Camarilla.<\/li>\n\n\n\n<li>La cuarta la pose\u00eda una entidad antigua, casi un mito.<\/li>\n\n\n\n<li>La quinta pieza estaba en manos de una fuerza desconocida para Dante<\/li>\n<\/ul>\n\n\n\n<p class=\"wp-block-paragraph\"><\/p>\n\n\n\n<p class=\"wp-block-paragraph\">Escapamos del mirador del Olvido con esta informaci\u00f3n y regresamos a Santiago en ruinas. All\u00ed nos encontramos con Quilicanta, amo y se\u00f1or de Santiago tras el Velo, quien nos rob\u00f3 la estaca y rapt\u00f3 a nuestros nuevos aliados espectros. Atacamos su base, recuperamos a las espectros y la estaca, pero la madre de Freedo se sacrific\u00f3 para que pudi\u00e9ramos escapar. Salimos del laberinto, pero ya no \u00e9ramos los mismos.<\/p>\n\n\n\n<p class=\"wp-block-paragraph\">Desde que regres\u00e9, he consultado constantemente con Ethienne y mi sire, Emilia, sobre c\u00f3mo aprender m\u00e1s del Olvido. Estudi\u00e9 idiomas antiguos como Lat\u00edn, Arameo, Enoquiano y Sumerio, adem\u00e1s del espa\u00f1ol e italiano. Gan\u00e9 fama por haber vuelto del m\u00e1s all\u00e1, lo que me permiti\u00f3 acceso ilimitado a la biblioteca Hecata, donde profundic\u00e9 en el conocimiento de las sombras y el Olvido.<\/p>\n\n\n\n<h2 class=\"wp-block-heading\">Actualidad&#8230;<\/h2>\n\n\n\n<p class=\"wp-block-paragraph\">Luego de una serie de acontecimientos pasando por la derrota de Quilicanta, enfrentamiento con infernalistas, negociaciones con los Barones anarquistas y la camarilla, la casi destrucci\u00f3n del clan por parte de la segunda inquisici\u00f3n, el enfrentamiento con un demonio, momias y el mismo Clan Viktor se ha centrado en buscar y analizar posibles enemigos para el clan tanto dentro como fuera de el&#8230;.<\/p>\n\n\n\n<p class=\"wp-block-paragraph\">Viktor actualmente debe ser uno de los mayores conocedores del Olvido&#8230; <\/p>","protected":false},"author":24,"featured_media":5348,"template":"","tags":[197],"faccion":[196,53],"class_list":["post-5347","pnj","type-pnj","status-publish","has-post-thumbnail","hentry","tag-hecata","faccion-hecata","faccion-vampiro-la-mascarada"],"acf":{"fecha":"","estatus":"Activo","ficha_del_personaje":5350,"aspecto":"","interpretacion":"","informacion_privada":"Su nombre real es Vicente Verona Cambiasso\r\n\r\nPero lamentablemente en su enfrentamiento con las momias pierde la capacidad de pensar y actualmente esta dominado por su Wraith Anastasia...","mapa_de_kumu_u_otro_embed":null},"yoast_head":"<!-- This site is optimized with the Yoast SEO plugin v28.4 - https:\/\/yoast.com\/product\/yoast-seo-wordpress\/ -->\n<title>Viktor Verna - Chile en Tinieblas<\/title>\n<meta name=\"robots\" content=\"index, follow, max-snippet:-1, max-image-preview:large, max-video-preview:-1\" \/>\n<link rel=\"canonical\" href=\"https:\/\/chileentinieblas.cl\/en\/pnj\/viktor-verna\/\" \/>\n<meta property=\"og:locale\" content=\"en_US\" \/>\n<meta property=\"og:type\" content=\"article\" \/>\n<meta property=\"og:title\" content=\"Viktor Verna - Chile en Tinieblas\" \/>\n<meta property=\"og:description\" content=\"Segundo al Mando del Clan Hecata. Vida mortal Viktor Verna, descendiente de una familia emigrante italiana, fue el primero de su familia en nacer en Chile, en 1980. Siempre fue un ni\u00f1o introvertido y de pocos amigos, con mayor inter\u00e9s en lo esot\u00e9rico y misterioso de la mitolog\u00eda chile, que en otras cosas. Cuando peque\u00f1o [&hellip;]\" \/>\n<meta property=\"og:url\" content=\"https:\/\/chileentinieblas.cl\/en\/pnj\/viktor-verna\/\" \/>\n<meta property=\"og:site_name\" content=\"Chile en Tinieblas\" \/>\n<meta property=\"article:publisher\" content=\"https:\/\/www.facebook.com\/ChileenTinieblas\" \/>\n<meta property=\"article:modified_time\" content=\"2024-08-02T13:04:59+00:00\" \/>\n<meta property=\"og:image\" content=\"https:\/\/chileentinieblas.cl\/wp-content\/uploads\/2024\/07\/WhatsApp-Image-2024-02-22-at-16.11.18-1.jpeg\" \/>\n\t<meta property=\"og:image:width\" content=\"623\" \/>\n\t<meta property=\"og:image:height\" content=\"623\" \/>\n\t<meta property=\"og:image:type\" content=\"image\/jpeg\" \/>\n<meta name=\"twitter:card\" content=\"summary_large_image\" \/>\n<meta name=\"twitter:label1\" content=\"Est. reading time\" \/>\n\t<meta name=\"twitter:data1\" content=\"6 minutes\" \/>\n<script type=\"application\/ld+json\" class=\"yoast-schema-graph\">{\"@context\":\"https:\\\/\\\/schema.org\",\"@graph\":[{\"@type\":\"WebPage\",\"@id\":\"https:\\\/\\\/chileentinieblas.cl\\\/pnj\\\/viktor-verna\\\/\",\"url\":\"https:\\\/\\\/chileentinieblas.cl\\\/pnj\\\/viktor-verna\\\/\",\"name\":\"Viktor Verna - Chile en Tinieblas\",\"isPartOf\":{\"@id\":\"https:\\\/\\\/chileentinieblas.cl\\\/#website\"},\"primaryImageOfPage\":{\"@id\":\"https:\\\/\\\/chileentinieblas.cl\\\/pnj\\\/viktor-verna\\\/#primaryimage\"},\"image\":{\"@id\":\"https:\\\/\\\/chileentinieblas.cl\\\/pnj\\\/viktor-verna\\\/#primaryimage\"},\"thumbnailUrl\":\"https:\\\/\\\/chileentinieblas.cl\\\/wp-content\\\/uploads\\\/2024\\\/07\\\/WhatsApp-Image-2024-02-22-at-16.11.18-1.jpeg\",\"datePublished\":\"2024-07-18T20:57:45+00:00\",\"dateModified\":\"2024-08-02T13:04:59+00:00\",\"breadcrumb\":{\"@id\":\"https:\\\/\\\/chileentinieblas.cl\\\/pnj\\\/viktor-verna\\\/#breadcrumb\"},\"inLanguage\":\"en-US\",\"potentialAction\":[{\"@type\":\"ReadAction\",\"target\":[\"https:\\\/\\\/chileentinieblas.cl\\\/pnj\\\/viktor-verna\\\/\"]}]},{\"@type\":\"ImageObject\",\"inLanguage\":\"en-US\",\"@id\":\"https:\\\/\\\/chileentinieblas.cl\\\/pnj\\\/viktor-verna\\\/#primaryimage\",\"url\":\"https:\\\/\\\/chileentinieblas.cl\\\/wp-content\\\/uploads\\\/2024\\\/07\\\/WhatsApp-Image-2024-02-22-at-16.11.18-1.jpeg\",\"contentUrl\":\"https:\\\/\\\/chileentinieblas.cl\\\/wp-content\\\/uploads\\\/2024\\\/07\\\/WhatsApp-Image-2024-02-22-at-16.11.18-1.jpeg\",\"width\":623,\"height\":623},{\"@type\":\"BreadcrumbList\",\"@id\":\"https:\\\/\\\/chileentinieblas.cl\\\/pnj\\\/viktor-verna\\\/#breadcrumb\",\"itemListElement\":[{\"@type\":\"ListItem\",\"position\":1,\"name\":\"Portada\",\"item\":\"https:\\\/\\\/chileentinieblas.cl\\\/\"},{\"@type\":\"ListItem\",\"position\":2,\"name\":\"PNJs\",\"item\":\"https:\\\/\\\/chileentinieblas.cl\\\/pnj\\\/\"},{\"@type\":\"ListItem\",\"position\":3,\"name\":\"Viktor Verna\"}]},{\"@type\":\"WebSite\",\"@id\":\"https:\\\/\\\/chileentinieblas.cl\\\/#website\",\"url\":\"https:\\\/\\\/chileentinieblas.cl\\\/\",\"name\":\"Chile en Tinieblas\",\"description\":\"Un servidor con mesas de rol de Mundo de Tinieblas\",\"publisher\":{\"@id\":\"https:\\\/\\\/chileentinieblas.cl\\\/#organization\"},\"potentialAction\":[{\"@type\":\"SearchAction\",\"target\":{\"@type\":\"EntryPoint\",\"urlTemplate\":\"https:\\\/\\\/chileentinieblas.cl\\\/?s={search_term_string}\"},\"query-input\":{\"@type\":\"PropertyValueSpecification\",\"valueRequired\":true,\"valueName\":\"search_term_string\"}}],\"inLanguage\":\"en-US\"},{\"@type\":\"Organization\",\"@id\":\"https:\\\/\\\/chileentinieblas.cl\\\/#organization\",\"name\":\"Chile en Tinieblas\",\"url\":\"https:\\\/\\\/chileentinieblas.cl\\\/\",\"logo\":{\"@type\":\"ImageObject\",\"inLanguage\":\"en-US\",\"@id\":\"https:\\\/\\\/chileentinieblas.cl\\\/#\\\/schema\\\/logo\\\/image\\\/\",\"url\":\"https:\\\/\\\/chileentinieblas.cl\\\/wp-content\\\/uploads\\\/2021\\\/12\\\/logo-cet-claro.png\",\"contentUrl\":\"https:\\\/\\\/chileentinieblas.cl\\\/wp-content\\\/uploads\\\/2021\\\/12\\\/logo-cet-claro.png\",\"width\":1001,\"height\":1030,\"caption\":\"Chile en Tinieblas\"},\"image\":{\"@id\":\"https:\\\/\\\/chileentinieblas.cl\\\/#\\\/schema\\\/logo\\\/image\\\/\"},\"sameAs\":[\"https:\\\/\\\/www.facebook.com\\\/ChileenTinieblas\",\"https:\\\/\\\/www.instagram.com\\\/chileentinieblas\\\/\",\"https:\\\/\\\/www.youtube.com\\\/@chileentinieblas\",\"https:\\\/\\\/www.tiktok.com\\\/@chileentinieblas\"]}]}<\/script>\n<!-- \/ Yoast SEO plugin. -->","yoast_head_json":{"title":"Viktor Verna - Chile en Tinieblas","robots":{"index":"index","follow":"follow","max-snippet":"max-snippet:-1","max-image-preview":"max-image-preview:large","max-video-preview":"max-video-preview:-1"},"canonical":"https:\/\/chileentinieblas.cl\/en\/pnj\/viktor-verna\/","og_locale":"en_US","og_type":"article","og_title":"Viktor Verna - Chile en Tinieblas","og_description":"Segundo al Mando del Clan Hecata. Vida mortal Viktor Verna, descendiente de una familia emigrante italiana, fue el primero de su familia en nacer en Chile, en 1980. Siempre fue un ni\u00f1o introvertido y de pocos amigos, con mayor inter\u00e9s en lo esot\u00e9rico y misterioso de la mitolog\u00eda chile, que en otras cosas. Cuando peque\u00f1o [&hellip;]","og_url":"https:\/\/chileentinieblas.cl\/en\/pnj\/viktor-verna\/","og_site_name":"Chile en Tinieblas","article_publisher":"https:\/\/www.facebook.com\/ChileenTinieblas","article_modified_time":"2024-08-02T13:04:59+00:00","og_image":[{"width":623,"height":623,"url":"https:\/\/chileentinieblas.cl\/wp-content\/uploads\/2024\/07\/WhatsApp-Image-2024-02-22-at-16.11.18-1.jpeg","type":"image\/jpeg"}],"twitter_card":"summary_large_image","twitter_misc":{"Est. reading time":"6 minutes"},"schema":{"@context":"https:\/\/schema.org","@graph":[{"@type":"WebPage","@id":"https:\/\/chileentinieblas.cl\/pnj\/viktor-verna\/","url":"https:\/\/chileentinieblas.cl\/pnj\/viktor-verna\/","name":"Viktor Verna - Chile en Tinieblas","isPartOf":{"@id":"https:\/\/chileentinieblas.cl\/#website"},"primaryImageOfPage":{"@id":"https:\/\/chileentinieblas.cl\/pnj\/viktor-verna\/#primaryimage"},"image":{"@id":"https:\/\/chileentinieblas.cl\/pnj\/viktor-verna\/#primaryimage"},"thumbnailUrl":"https:\/\/chileentinieblas.cl\/wp-content\/uploads\/2024\/07\/WhatsApp-Image-2024-02-22-at-16.11.18-1.jpeg","datePublished":"2024-07-18T20:57:45+00:00","dateModified":"2024-08-02T13:04:59+00:00","breadcrumb":{"@id":"https:\/\/chileentinieblas.cl\/pnj\/viktor-verna\/#breadcrumb"},"inLanguage":"en-US","potentialAction":[{"@type":"ReadAction","target":["https:\/\/chileentinieblas.cl\/pnj\/viktor-verna\/"]}]},{"@type":"ImageObject","inLanguage":"en-US","@id":"https:\/\/chileentinieblas.cl\/pnj\/viktor-verna\/#primaryimage","url":"https:\/\/chileentinieblas.cl\/wp-content\/uploads\/2024\/07\/WhatsApp-Image-2024-02-22-at-16.11.18-1.jpeg","contentUrl":"https:\/\/chileentinieblas.cl\/wp-content\/uploads\/2024\/07\/WhatsApp-Image-2024-02-22-at-16.11.18-1.jpeg","width":623,"height":623},{"@type":"BreadcrumbList","@id":"https:\/\/chileentinieblas.cl\/pnj\/viktor-verna\/#breadcrumb","itemListElement":[{"@type":"ListItem","position":1,"name":"Portada","item":"https:\/\/chileentinieblas.cl\/"},{"@type":"ListItem","position":2,"name":"PNJs","item":"https:\/\/chileentinieblas.cl\/pnj\/"},{"@type":"ListItem","position":3,"name":"Viktor Verna"}]},{"@type":"WebSite","@id":"https:\/\/chileentinieblas.cl\/#website","url":"https:\/\/chileentinieblas.cl\/","name":"Chile en Tinieblas","description":"Un servidor con mesas de rol de Mundo de Tinieblas","publisher":{"@id":"https:\/\/chileentinieblas.cl\/#organization"},"potentialAction":[{"@type":"SearchAction","target":{"@type":"EntryPoint","urlTemplate":"https:\/\/chileentinieblas.cl\/?s={search_term_string}"},"query-input":{"@type":"PropertyValueSpecification","valueRequired":true,"valueName":"search_term_string"}}],"inLanguage":"en-US"},{"@type":"Organization","@id":"https:\/\/chileentinieblas.cl\/#organization","name":"Chile en Tinieblas","url":"https:\/\/chileentinieblas.cl\/","logo":{"@type":"ImageObject","inLanguage":"en-US","@id":"https:\/\/chileentinieblas.cl\/#\/schema\/logo\/image\/","url":"https:\/\/chileentinieblas.cl\/wp-content\/uploads\/2021\/12\/logo-cet-claro.png","contentUrl":"https:\/\/chileentinieblas.cl\/wp-content\/uploads\/2021\/12\/logo-cet-claro.png","width":1001,"height":1030,"caption":"Chile en Tinieblas"},"image":{"@id":"https:\/\/chileentinieblas.cl\/#\/schema\/logo\/image\/"},"sameAs":["https:\/\/www.facebook.com\/ChileenTinieblas","https:\/\/www.instagram.com\/chileentinieblas\/","https:\/\/www.youtube.com\/@chileentinieblas","https:\/\/www.tiktok.com\/@chileentinieblas"]}]}},"jetpack_sharing_enabled":true,"_links":{"self":[{"href":"https:\/\/chileentinieblas.cl\/en\/wp-json\/wp\/v2\/pnj\/5347","targetHints":{"allow":["GET"]}}],"collection":[{"href":"https:\/\/chileentinieblas.cl\/en\/wp-json\/wp\/v2\/pnj"}],"about":[{"href":"https:\/\/chileentinieblas.cl\/en\/wp-json\/wp\/v2\/types\/pnj"}],"author":[{"embeddable":true,"href":"https:\/\/chileentinieblas.cl\/en\/wp-json\/wp\/v2\/users\/24"}],"wp:featuredmedia":[{"embeddable":true,"href":"https:\/\/chileentinieblas.cl\/en\/wp-json\/wp\/v2\/media\/5348"}],"wp:attachment":[{"href":"https:\/\/chileentinieblas.cl\/en\/wp-json\/wp\/v2\/media?parent=5347"}],"wp:term":[{"taxonomy":"post_tag","embeddable":true,"href":"https:\/\/chileentinieblas.cl\/en\/wp-json\/wp\/v2\/tags?post=5347"},{"taxonomy":"faccion","embeddable":true,"href":"https:\/\/chileentinieblas.cl\/en\/wp-json\/wp\/v2\/faccion?post=5347"}],"curies":[{"name":"wp","href":"https:\/\/api.w.org\/{rel}","templated":true}]}}