{"id":5274,"date":"2024-07-27T03:56:15","date_gmt":"2024-07-27T03:56:15","guid":{"rendered":"https:\/\/chileentinieblas.cl\/?post_type=pnj&#038;p=5274"},"modified":"2026-05-04T01:58:43","modified_gmt":"2026-05-04T01:58:43","slug":"emile-dubois-el-santo-asesino","status":"publish","type":"pnj","link":"https:\/\/chileentinieblas.cl\/en\/pnj\/emile-dubois-el-santo-asesino\/","title":{"rendered":"Emile Dubois, el Santo Asesino"},"content":{"rendered":"\n<h3 class=\"wp-block-heading\" id=\"h-concepto-general-asesino-encantdor\"><strong>Concepto General:<\/strong> <em>Asesino Encantdor<\/em><\/h3>\n\n\n\n<p class=\"wp-block-paragraph\">Carism\u00e1tico, elegante y brutal, Emile Dubois el v\u00e1stago es una leyenda andante entre los suyos. Reconocido como uno de los primeros asesinos seriales de Chile, su leyenda se extiende tanto por sus cr\u00edmenes en la sombra como por su capacidad de manipular a quienes lo rodean, particularmente dentro de movimientos anarquistas y redes clandestinas.<\/p>\n\n\n\n<p class=\"wp-block-paragraph\">Su influencia se ha mantenido durante m\u00e1s de un siglo, y su capacidad de liderazgo lo convierte en un agente de cambio y caos, capaz de desafiar incluso a las autoridades m\u00e1s establecidas de la Camarilla. Su sola presencia es suficiente para inspirar lealtad o terror, y su historial como depredador le da una reputaci\u00f3n que trasciende generaciones.<\/p>\n\n\n\n<p class=\"wp-block-paragraph\">En 2015, tras la consolidaci\u00f3n de los anarquistas en Valpara\u00edso, Dubois alcanz\u00f3 el t\u00edtulo de <strong>Bar\u00f3n de Cerro C\u00e1rcel<\/strong>, luego de derrotar a la Camarilla local y asesinar al Pr\u00edncipe Andr\u00e9 Rocha. Este logro marca su posici\u00f3n como figura dominante en la ciudad, s\u00edmbolo de un poder que mezcla revoluci\u00f3n, venganza y una inteligencia estrat\u00e9gica que lo hace pr\u00e1cticamente imparable.<\/p>\n\n\n\n<h2 class=\"wp-block-heading\" id=\"h-biografia-del-personaje\">Biograf\u00eda del Personaje:<\/h2>\n\n\n\n<h3 class=\"wp-block-heading\" id=\"h-expediente-emile-dubois-de-los-archivos-clasificados-de-fast\"><strong>Expediente Emile Dubois de los Archivos Clasificados de FAST:<\/strong><\/h3>\n\n\n\n<p class=\"wp-block-paragraph\">[Expediente filtrado en la darkweb, por un grupo de hackers que difunden teor\u00edas en internet, el expediente original es muy dif\u00edcil y peligroso de conseguir, probablemente atrayendo de inmediato la atenci\u00f3n de agentes de la Segunda Inquisici\u00f3n; sin embargo su contenido es de amplio conocimiento por la estirpe local y se considera la leyenda oficial.]<\/p>\n\n\n\n<p class=\"wp-block-paragraph\"><strong>Clasificaci\u00f3n:<\/strong> SECRETO<br><strong>Asunto:<\/strong> <em>Reevaluaci\u00f3n hist\u00f3rica \u2013 Caso \u201c\u00c9mile Dubois\u201d (Chile, 1907)<\/em><br><strong>Analista responsable:<\/strong> Agente [CENSURADO]<br><strong>Fecha de emisi\u00f3n:<\/strong> [CENSURADO]<br><strong>C\u00f3digo de referencia:<\/strong> <a href=\"https:\/\/chileentinieblas.cl\/agrupaciones\/f-a-s-t\/\">FAST<\/a>\/CHL-VALP\/1907-A-\u0394<\/p>\n\n\n\n<p class=\"wp-block-paragraph\"><strong>Resumen Ejecutivo<\/strong>:<\/p>\n\n\n\n<p class=\"wp-block-paragraph\">El presente informe recopila evidencia hist\u00f3rica, m\u00e9dica y forense disponible sobre <strong><a href=\"https:\/\/en.wikipedia.org\/wiki\/%C3%89mile_Dubois_(murderer)\">\u00c9mile Dubois<\/a><\/strong>, alias de <strong>Louis Amadeo Brihier Lacroix<\/strong>, ejecutado el 26 de marzo de 1907 en Valpara\u00edso, Chile. El caso ha sido tradicionalmente catalogado como <strong>serie de homicidios con m\u00f3vil econ\u00f3mico<\/strong>, un an\u00e1lisis posterior desde el marco <a href=\"https:\/\/chileentinieblas.cl\/agrupaciones\/f-a-s-t\/\">FAST <\/a>sugiere altas probabilidades de intervenci\u00f3n de naturaleza inusual, adjudicables a lo que se ha catalogado como actividades tempranas de cuerpos neutros.<\/p>\n\n\n\n<p class=\"wp-block-paragraph\">Seg\u00fan relata el informe realizado en 1906 por el detective franc\u00e9s Jean-Baptiste Lefevre, quien era el agente t\u00e9cnico del enlace con la <a href=\"https:\/\/es.wikipedia.org\/wiki\/Polic%C3%ADa_Nacional_de_Francia\">S\u00fbret\u00e9 Nationale de Francia<\/a> y entregado al Teniente Instructor de la Polic\u00eda Fiscal de Valpara\u00edso don <a href=\"https:\/\/es.wikipedia.org\/wiki\/Carlos_Ib%C3%A1%C3%B1ez_del_Campo\">Carlos Ib\u00e1\u00f1ez del Campo<\/a>, quien tom\u00f3 posesi\u00f3n de la guarnici\u00f3n de Valpara\u00edso tr\u00e1s el <a href=\"https:\/\/es.wikipedia.org\/wiki\/Terremoto_de_Valpara%C3%ADso_de_1906\">terremoto de 1906<\/a>; el hombre que al que hab\u00edan capturado en Valpara\u00edso bajo el nombre de Emile Dubois era en realidad el ciudadano franc\u00e9s Louis Amadeo Brihier Lacroix, un estafador, ladr\u00f3n y asesino con un largo historial criminal en Europa y Latinoam\u00e9rica. El detective Lef\u00e8vre, quien hab\u00eda participado directamente en la captura de Emile Dubois antes del terremoto, relata en su informe que viene persiguiendo al criminal desde 1897, cuando asesin\u00f3 al prestamista parisino Monsieur Labordeaux, quien era el capataz de la mina en la que trabajaba en Courri\u00e8res, hurtando su fortuna y d\u00e1ndose a la fuga, situaci\u00f3n que hab\u00eda hecho que la S\u00fbret\u00e9 Nationale comenzara a perseguir su pista.<\/p>\n\n\n\n<p class=\"wp-block-paragraph\">Seg\u00fan sus indagaciones en Amiens, de donde era oriundo Lacroix, se dec\u00eda que siendo joven hab\u00eda huido tras asesinar a un hombre, un polic\u00eda retirado, tras de que este se burlase de \u00e9l por pedir la mano de su hija, una joven de buena familia. En su momento, el caso hab\u00eda sido desestimado debido al testimonio de la j\u00f3ven, quien hab\u00eda defendido a su amante, culpando a otro sospechoso. Lef\u00e8vre estaba convencido de que Lacroix era tambi\u00e9n culpable de aquel asesinato y que la joven hab\u00eda mentido por estar bajo su influencia corruptora, informaci\u00f3n que se habr\u00eda filtrado a la <em>Petit Journal<\/em> de Par\u00eds, generando que la prensa sensasionalista siguiera el caso idealizando su figura como un asesino justiciero y seductor.<\/p>\n\n\n\n<p class=\"wp-block-paragraph\">Tras escapar de la justicia, adopt\u00f3 el nombre de Emile Dubois y se uni\u00f3 una banda de ladrones de lujo que operaba en Normand\u00eda y B\u00e9lgica; la policia de Amberes habr\u00eda informado que un sujeto de nombre similar hab\u00eda sido sospechoso del asesinato de un joyero belga en 1898 y en Hamburgo se encontr\u00f3 que, tras trabajar como contable para una casa de comercio, hab\u00eda desaparecido tras estafar a su socio, lo que hab\u00eda indicado un patr\u00f3n itinerante de estafas y asesinatos. El caso para aquel entonces era materia de la <em>\u201cOficina Internacional de Polic\u00eda Criminal\u201d<\/em>, organizaci\u00f3n antecesora de la Interpol creada en 1898 en Viena y a la que el capit\u00e1n Lef\u00e8vre se hab\u00eda unido recientemente.<\/p>\n\n\n\n<p class=\"wp-block-paragraph\">Seg\u00fan hab\u00eda reconstruido Lef\u00e8vre, en la ciudad de Boyac\u00e1, Colombia, la polic\u00eda emiti\u00f3 una orden de b\u00fasqueda en su contra despu\u00e9s de seducir y escaparse con una adolescente de clase alta llamada \u00darsula Morales, con quien posteriormente en Bolivia reportes de la policia refieren que Emilde Dubois con ayuda de sus dos amantes, Ursula Morales y su amiga Catalina, habr\u00edan asesinado a un joven ingeniero peruano de apellido Neira tendiendole una trampa en el burdel de Ouro, en donde tras emborracharlo le habr\u00edan asesinado y robado sus ahorros. De all\u00ed Emile Dubois junto a Catalina habr\u00edan conseguido huir, sin embargo \u00darsula Morales, quien se hab\u00eda casado con Emile Dubois y esperaba un hijo de \u00e9l hab\u00eda sido atrapada y liberada por falta de pruebas. Lef\u00e8vre sin embargo hab\u00eda conseguido seguir la pista de \u00darsula hasta Chile, en donde la mujer planeaba reencontrarse con su esposo.<\/p>\n\n\n\n<p class=\"wp-block-paragraph\">En Chile, Lef\u00e8vre indica que Dubois habr\u00eda enviado a imprimir tarjetas de presentaci\u00f3n con el falso t\u00edtulo de ingeniero en minas y mediante el uso de vestimentas muy elegantes, finos modales y un gran carisma hab\u00eda logrado rodearse de gente de muy buena posici\u00f3n econ\u00f3mica en Valpara\u00edso y Santiago, a las que consigui\u00f3 sacarles dinero a trav\u00e9s de pr\u00e9stamos y hurtos. Momento en el que habr\u00eda comenzado la serie de asesinatos que llevaron a su captura en 1906. En su carta Lef\u00e8vre insiste sin embargo en una idea muy peculiar, la <em>Th\u00e9orie du Double Sanguin<\/em> <em>(teor\u00eda del doble de sangre)<\/em>, indicando que sospechaba que Dubois no act\u00faa solo, sino bajo la influencia de un <strong>\u201cparasite\u201d<\/strong>, una fuerza o entidad que lo gu\u00edaba, fortalec\u00eda y lo condenaba. Insiste por ello, en que si bien el franc\u00e9s es un mortal, tras ejecutarlo deben asegurarse de clavar una estaca en su coraz\u00f3n, cortar su cabeza o de preferencia quemar su cuerpo.<\/p>\n\n\n\n<p class=\"wp-block-paragraph\">Seg\u00fan pude averiguar por el informe que Lef\u00e8vre entreg\u00f3 en Francia acerca del caso, tras atrapar a Emile Dubois durante una violenta persecusi\u00f3n en los callejones de Valpara\u00edso que termin\u00f3 cercan\u00edas de plaza Anibal Pinto, tras un r\u00e1pido juicio se habr\u00eda determinado la pena capital, situaci\u00f3n que hizo que en las cercan\u00edas se reuniera una gran cantidad de lugare\u00f1os, quienes tras ver que el franc\u00e9s sobreviv\u00eda al pelot\u00f3n de fusilamiento comenzaron a protestar en las cercan\u00edas al grito de <em>&#8220;el franc\u00e9s es inocente&#8221;<\/em>, situaci\u00f3n que hizo que se pospusiera la ejecuci\u00f3n, sin embargo durante la noche de aquel d\u00eda se producir\u00eda el gran terremoto de 1906 con epicentro en Valpara\u00edso. Seg\u00fan los testimonios de la \u00e9poca, varios reos escaparon, sin embargo Emile Dubois se habr\u00eda negado a huir alegando ser inocente, cosa que gener\u00f3 un gran fervor en los pobladores de los cerros aleda\u00f1os que dec\u00edan que Dios mismo estaba con el santo asesino, hasta el punto de que varios pidieran el indulto presidencial al Presidente Pedro Montt, quien desde Europa telegrafeo un mensaje que dec\u00eda <em>&#8220;ese franc\u00e9s se muere en Chile&#8221;<\/em>, lo que llev\u00f3 a que Emile Dubois fuera ejecutado finalmente en Valpara\u00edso en 1907. <\/p>\n\n\n\n<p class=\"wp-block-paragraph\">Seg\u00fan consta en algunos cables diplom\u00e1ticos de la \u00e9poca, el detective Lef\u00e8vre se habr\u00eda marchado muy ofendido debido a las burlas del Teniente Ib\u00e1\u00f1ez y debido al extrav\u00edo del cuerpo de Emile Dubois, su informe es retomado por <em>\u201cOficina Internacional de Polic\u00eda Criminal\u201d<\/em>, quienes acuden a investigar la muerte del presidente Pedro Montt en 1910, quien falleci\u00f3 mientras viajaba en tren en la ciuda de Bremen. Pese a lo que se inform\u00f3 publicamente, el informe indicar\u00eda que ellos informaron a la Polic\u00eda Fiscal que junto a su cuerpo se hab\u00eda encontrado una carta que reinvindicaba el asesinato en nombre de la venganza del pueblo por la muerte de Emile Dubois. Sin embargo pocos meses despu\u00e9s en Santiago de Chile el vicepresidente El\u00edas Figueroa, quien hab\u00eda asumido la presidencia tras Montt, fallece igualmente en extra\u00f1as circunstancias. <\/p>\n\n\n\n<p class=\"wp-block-paragraph\">Mi investigaci\u00f3n parece apuntar a que Carlos Iba\u00f1ez del Campo, tras volverse mas\u00f3n en 1912, habr\u00eda destru\u00eddo el informe policial que Lef\u00e8vre le habr\u00eda entregado en el que detallaba Th\u00e9orie du Double Sanguin, as\u00ed como otros documentos clasificados, sin embargo otras fuentes refieren que en Valpara\u00edso varios testigos relatan haber visto al franc\u00e9s en las tabernas de la ciudad varios a\u00f1os despu\u00e9s de su supuesta ejecuci\u00f3n. Durante los siguientes a\u00f1os multitud de relatos refieren que seguidores suyos realizaban peregrinaciones a su tumba en el Cementerio de Playa Ancha, ofrecen diferentes clases de ofrendas en su honor y que su figura o nombre se ve asociado a varios grupos extremistas. Todo parece indicar que la polic\u00eda en aquellos a\u00f1os realiz\u00f3 una temprana operaci\u00f3n, de la cual no tenemos hoy mayores detalles, sin embargo como se comprender\u00e1 hay motivos consistentes y de sobra para la recalificaci\u00f3n del caso y asignaci\u00f3n del experiente a nuestra unidad.<\/p>\n\n\n\n<p class=\"wp-block-paragraph\">[secci\u00f3n final del documento editada\/ileg\u00edble]<\/p>\n\n\n\n<h2 class=\"wp-block-heading\" id=\"h-lo-poco-que-sabemos-por-geneve-reighmann-1986\">Lo poco que sabemos, por Geneve Reighmann (1986)<\/h2>\n\n\n\n<p class=\"wp-block-paragraph\">[Carta enviada por quien fue Sheriff de Valpara\u00edso entre 1961 y 2015, al entonces proclamado Pr\u00edncipe de Valpara\u00edso Andr\u00e9 Rocha en 1986, tras asumir su cargo. Informaci\u00f3n manejada por c\u00edrculos de influencia dentro de la Camarilla y los miembros bien informados dentro del movimiento anarquista]<\/p>\n\n\n\n<p class=\"wp-block-paragraph\">Al Pr\u00edncipe de los inmortales del puerto, A.R.<br>Valpara\u00edso 31 de Octubre de 1986<\/p>\n\n\n\n<p class=\"wp-block-paragraph\">Celebrando su ascenso al interior de la Torre de Marfil y en memoria de Balthazar Sobarzo, a quien guardamos a\u00fan con afecto y devoci\u00f3n en nuestra memoria, escribo estas palabras para advertir que la amenaza que acab\u00f3 con su antecesor sigue entre nosotros. Por esto debo advertirle que tenga cuidado con aquel v\u00e1stago conocido como el <em>&#8220;santo asesino&#8221;<\/em> o Emile Dubois. Efectivamente se trata del criminal que atraparon las autoridades mortales en 1906 y que junto a Harold, en aquel entonces Comisario (Sheriff), recogimos varios preocupantes antecedentes que en su oportunidad comunicamos a Arthur Wheelright.<\/p>\n\n\n\n<p class=\"wp-block-paragraph\">Seg\u00fan Harold fue abrazado en 1907 Mijail Zheria, del clan Brujah, quien hab\u00eda llegado en 1903 a Valpara\u00edso y se hab\u00eda bajo el mando del Pr\u00edncipe Arthur Wheelright, quien reclutaba v\u00e1stagos para luchar contra el Sabbat, uni\u00e9ndose a los v\u00e1stagos del club Icariano liderado por el primog\u00e9nito brujah, <a href=\"https:\/\/es.wikipedia.org\/wiki\/Antonio_Gramusset\">Antonio Gramusset.<\/a> Harold habr\u00eda advertido a Arthur Wheelright acerca de Mijail Zheria, ya que tras preguntar a algunos contactos suyos en Europa, estos le dijeron que habr\u00eda pertenecido a la Nar\u00f3dnaya Volia, una agrupaci\u00f3n revolucionaria y que seg\u00fan su contacto habr\u00eda sido abrazado alrededor de 1879, durante la ola de atentados contra el zar Alejandro II por Demetrius Kallistratos, un v\u00e1stago a quien Harold habr\u00eda conocido en Constantinopla durante la primera revuelta anarquista.<\/p>\n\n\n\n<p class=\"wp-block-paragraph\">Seg\u00fan pudimos recontruir, Mihail Zheria habr\u00eda conocido a Emile Dubois en la Corte de los Milagros en Par\u00eds, lugar a donde Mijail habr\u00eda viajado con su sire siguiendo las pistas de Irina Yevgeni, una criminal del clan tzimisce que hab\u00eda huido de Europa Oriental junto al Sabbat. No se sabe si Demetrius habr\u00eda fallecido en Par\u00eds o si entr\u00f3 en letargo, sin embargo Mijail habr\u00eda encontrado informaci\u00f3n de que la tzimisce viaj\u00f3 a sudam\u00e9rica, motivo por el que habr\u00edan viajado a Valpara\u00edso. Nuestras sospechas apuntan a que, en el puerto, Mijail habr\u00eda tomado contacto con miembros del Escuadr\u00f3n Baltimore infiltrados en el Club icariano, con quienes habr\u00eda participado en el asalto al fundo Bratovich en Casablanca all\u00e1 por 1925.<\/p>\n\n\n\n<p class=\"wp-block-paragraph\">Aquella medida creemos fue una estrategia cuidadosamente planteada para conseguir que confiaramos en ellos y a su vez al parecer el cobro de una vieja rencilla contra Irina Yevgeni, quien creemos que ser\u00eda sire de <a href=\"https:\/\/chileentinieblas.cl\/pnj\/andrei-valkav\/\">Andrei Valkav<\/a>. El aparecido Bratovich que capturamos en aquella oportunidad ten\u00eda la sospecha de que alg\u00fan miembro del clan Lasombra, quienes hab\u00edan sido enemigos suyos durante la guerra civil del Sabbat, quiz\u00e1s Benoni, estaba detr\u00e1s del chivatazo que recibimos acerca del paradero de Irina Yevgeni en Casablanca, siendo posible que aquel traidor o doble agente se reuniera con los icarianos en alguna fecha cercana o con el mismo Mijail.<\/p>\n\n\n\n<p class=\"wp-block-paragraph\">Esto lo digo a consciencia, ya que tras la sublevaci\u00f3n de los anarquistas en 1929, durante los altercados que siguieron al crack de la bolsa de Valpara\u00edso en el que la ciudad cay\u00f3 bajo las manos del Sabbat, presenci\u00e9 de primera mano el final de Arthur Wheelright. Se que usted todav\u00eda guarda muy buena estima a Alfonso Rinaldi, su hermano en sangre, sin embargo no hay duda de que fue \u00e9l quien nos traicion\u00f3 y nos entreg\u00f3 a los anarquistas sublevados, sin embargo el v\u00e1stago que esperaba a Arthur Wheelright en su asiento no era otro que don Diego Portales, quien ahora se hace llamar <a href=\"https:\/\/chileentinieblas.cl\/pnj\/antonio-del-piero\/\">Antonio del Piero<\/a> tras ser abrazado por el clan lasombra, puedo aseverar de primera mano que en esa oportunidad estaba Mijail Zheria a su lado. La lasombra antitribu Ana\u00eds D&#8217;Solei, qui\u00e9n descubri\u00f3 esa noche que siempre hab\u00eda servido a la Espada de Ca\u00edn, consigui\u00f3 que junto a <a href=\"https:\/\/chileentinieblas.cl\/pnj\/octavia-lubbina-principe-del-jardin-de-rosas\/\">Octavia<\/a>, no compartieramos el destino de Arthur o Harold, ya que pensaba en su retorcida mente que pod\u00eda atraernos junto a ella al Sabbat por los a\u00f1os de falsa amistad, para sorpresa m\u00eda fue el mismo Emile Dubois quien nos ayud\u00f3 a escapar, ya que al parecer Mijail tambi\u00e9n lo hab\u00eda de alguna forma traicionado esa noche.<\/p>\n\n\n\n<p class=\"wp-block-paragraph\">Por lo que trascendi\u00f3 tras 1929, varios miembros del Escuadr\u00f3n Baltimore rechazaron seguir a Mijail Zheria y unirse al Sabbat, entre ellos estaba Emile Dubois, sin embargo su sobrevivencia en la clandestinidad del puerto entre 1929 y 1961 probablemente se debiera sostener tratos con el <a href=\"https:\/\/chileentinieblas.cl\/pnj\/nadia-huassaff-baronesa-del-club-de-la-bohemia-portena\/\">culto de Set<\/a> y posiblemente otros grupos del Sabbat enemistados con Zheria por sus propios motivos. Lo que en nuestros t\u00e9rminos sol\u00eda significar una sola cosa, pues el \u00fanico cr\u00edmen y monstruosidad que el Sabbat no perdonaba entre los suyos era el infernalismo.<\/p>\n\n\n\n<p class=\"wp-block-paragraph\">A pesar de esto puedo afirmar que tras la recaptura de la ciudad por Balthazar Sobarzo, varios v\u00e1stagos se unieron a la estirpe y sospechamos que entre ellos hab\u00eda miembros del Escuadr\u00f3n Baltimore, entre ellos se encontraban Emile Dubois e Ignacio Silva, quien debe saber usted era el infiltrado que ten\u00eda Arhtur Wheelright entre los anarquistas y posiblemente sabe el nombre de todos los miembros anteriores a aquella fecha, sin embargo se neg\u00f3 a colaborar con Harold por disputas que manten\u00edan antes. Seg\u00fan lo que deduzco de toda esta situaci\u00f3n Mijail Zheria habr\u00eda estado involucrado sin duda en el reciente atentado contra Sobarzo. Ante la reciente incorporaci\u00f3n de Emile Dubois a la estirpe de Valpara\u00edso no puedo sino advertirle a usted lo que Harold le dijo a Arthur Wheelright sobre de Mijail Zheria, su perfil es el de un sociopata que seduce a los m\u00e1s inocentes, traiciona a sus aliados m\u00e1s cercanos, los estafa o roba sus fortunas y finalmente les entrega una muerte denigrante.<\/p>\n\n\n\n<p class=\"wp-block-paragraph\">No pienso que Emile Dubois mantenga hoy en d\u00eda contacto con su sire, sin embargo lo llamar\u00eda a que tenga extremo cuidado con \u00e9l, no es de confiar y entre m\u00e1s tiempo se mantenga en esta ciudad, m\u00e1s temprano que tarde traer\u00e1 nuevamente problemas. Despu\u00e9s de todo, \u00bfno fueron acaso los eventos relacionados a su captura por la polic\u00eda una distracci\u00f3n para que Helena, quien sabemos hoy en d\u00eda que pertene a la Mano Negra, pudiera entrar sin problemas en 1906 a la cueva del Chivato y provocar el terremoto que devast\u00f3 la ciudad? Quiz\u00e1s el culto del Chivato contin\u00faa activo hasta nuestros d\u00edas, sin embargo \u00bfde qu\u00e9 lado est\u00e1 realmente Emile Dubois?<\/p>\n\n\n\n<h2 class=\"wp-block-heading\" id=\"h-el-companero-dubois-por-valerio-nante-2011\">El Compa\u00f1ero Dubois! por Valerio Nante 2011<\/h2>\n\n\n\n<p class=\"wp-block-paragraph\">[Hilo de chat entre Valerio Nante, enviado de los <a href=\"https:\/\/whitewolf.fandom.com\/wiki\/Anarch_Free_State\">Estados Libres Anarquistas<\/a>, junto a otros v\u00e1stagos en 2011]<\/p>\n\n\n\n<p class=\"wp-block-paragraph\">[<strong>user_nantesval:<\/strong> Escribir\u00e9 aqu\u00ed todo lo que pude averiguar acerca del v\u00e1stago que llaman Emile Dubois, tras indagar un poco encontr\u00e9 en la darkweb algunos documentos llamados el <em>Expediente Dubois<\/em> que te anexo en el correo, as\u00ed como la traducci\u00f3n de la carta que Geneve Reighmann le escribi\u00f3 a Andr\u00e9 Rocha en 1986.]<\/p>\n\n\n\n<p class=\"wp-block-paragraph\">[<strong>user_cindycia: <\/strong>cualquiera se ve deforme tras el espejo curvo del punto de vista de tus enemigos declarados, Emile no es un santo, pero ninguno de nosotros lo es, no creemos que sea un monstruo m\u00e1s sanguinario de lo que es cualquier otro chiquillo de Ca\u00edn.]<\/p>\n\n\n\n<p class=\"wp-block-paragraph\">[<strong>user_nantesval:<\/strong> En Valpara\u00edso tom\u00e9 contacto con Rosario Montes, quien hered\u00f3 la conducci\u00f3n del clan en en Valpara\u00edso despu\u00e9s de que su sire acudiera al llamado. Ella me cont\u00f3 que su sire, don <a href=\"https:\/\/es.wikipedia.org\/wiki\/Antonio_Gramusset\">Antonio Gramusset<\/a>, hab\u00eda recibido a Mija\u00edl Zheria cuando lleg\u00f3 en 1903 y ambos se hab\u00edan vuelto muy cercanos, posiblemente amantes.]<\/p>\n\n\n\n<p class=\"wp-block-paragraph\">[<strong>user_nantesval:<\/strong> Seg\u00fan averigu\u00e9 el Escuadr\u00f3n original estaba compuesto por varios v\u00e1stagos notables, entre ellos Astrid Haugen la chiquilla de Harod, <a href=\"https:\/\/chileentinieblas.cl\/pnj\/elysa-starek\/\">Elysa Starek<\/a>, Ignacio Silva y el Malkavian Jerem\u00edas. Sin embargo Mija\u00edl habr\u00eda tomado control del grupo al poco tiempo de llegar]<\/p>\n\n\n\n<p class=\"wp-block-paragraph\">[<strong>user_chonchon:<\/strong> algunos nombres no sorprenden a nadie]<\/p>\n\n\n\n<p class=\"wp-block-paragraph\">[<strong>user_karstak:<\/strong> al final va resultar que Astrid hizo m\u00e1s por la causa que dubois jajaja. yo me salgo]<\/p>\n\n\n\n<p class=\"wp-block-paragraph\">[<strong>user_nantesval:<\/strong> Me cont\u00f3 que Astrid di\u00f3 testimonio ante \u00e9l, as\u00ed como otros v\u00e1stagos, seg\u00fan Rosario la estrategia consist\u00eda en abordar a otro v\u00e1stago en solitario y conseguir de \u00e9l un testimonio, un relato emotivo de los cr\u00edmenes imperdonables que otro de los nuestros, en ese momento Mijail compart\u00eda su propio testimonio y le promet\u00eda perseguir a aquel v\u00e1stago e incluirlo en su lista negra, si el v\u00e1stago con el que conversa cae en el juego ambos anotan a sus respectivos objetivos y comparten un v\u00ednculo de sangre. <\/p>\n\n\n\n<p class=\"wp-block-paragraph\">[<strong>user_nantesval:<\/strong> En aquella oportunidad Rosario me confes\u00f3 que hab\u00eda ca\u00eddo en la trampa, ella di\u00f3 testimonio contra de la <strong><a href=\"https:\/\/es.wikipedia.org\/wiki\/Pacific_Steam_Navigation_Company\">Pacific Steam Navigation Company<\/a><\/strong> responsable de la <a href=\"https:\/\/es.wikipedia.org\/wiki\/Huelga_portuaria_de_Valpara%C3%ADso_de_1903\">matanza de 1903<\/a> y Mija\u00edl lo hizo acerca de William reece y Arthur Wheelright, quienes afirm\u00f3 estaban detr\u00e1s de todo, as\u00ed se infiltr\u00f3 entre los icarianos y form\u00f3 un grupo de seguidores leales. En aquel entonces nadie conocia a\u00fan a Emile Dubpos, sin embargo seg\u00fan Rosario ambos eran muy parecidos]<\/p>\n\n\n\n<p class=\"wp-block-paragraph\">[<strong>user_cindycia: <\/strong>Eduardo Vicu\u00f1a me dijo una vez que <em>&#8220;Dubois es como Mija\u00edl con mostacho y Mija\u00edl es como Dubois, pero sucio y con olor a vodka&#8221;<\/em>, sin embargo que habr\u00e1 pensado Lef\u00e8vre acerca de m\u00ed? si yo soy legi\u00f3n]<\/p>\n\n\n\n<p class=\"wp-block-paragraph\">[<strong>user_alversat:<\/strong> las fotograf\u00edas en aquella \u00e9poca no eran comunes ni de muy buena calidad, peque\u00f1os cambios pod\u00edan conseguir resultados notables, sin contar que no eran gemelos id\u00e9nticos como algunos trasnochados nos quieren hacer creer]<\/p>\n\n\n\n<p class=\"wp-block-paragraph\">[<strong>user_nantesval:<\/strong> Mijail Zheria le entreg\u00f3 informaci\u00f3n privilegiada a Emile Dubois sobre diferentes mortales que hac\u00edan tratos con la escoria ventrue que hab\u00eda llegado desde Inglaterra, Emile Dubois se acerc\u00f3 a ellos y el resto de la historia la pueden buscar en la prensa.<\/p>\n\n\n\n<p class=\"wp-block-paragraph\">[<strong>user_cindycia: <\/strong>alversat, ahora soy una trasnochada?]<\/p>\n\n\n\n<p class=\"wp-block-paragraph\">[<strong>user_nantesval:<\/strong> Cuando Emile Dubois ingres\u00f3 a la estirpe lo hizo haciendose pasar por su sire, conoc\u00eda ya en detalle a la estirpe y acudiendo a una vieja artima\u00f1a usada en Europa, mientras Mija\u00edl hu\u00eda Dubois simulaba ser \u00e9l. Sin embargo el v\u00e1stago supongo que Mija\u00edl no sab\u00eda el impacto que iba a generar en Dubois el fervor popular que despert\u00f3 en los cerros entre los obreros y oprimidos. Rosario cree que posiblemente los asesinatos de Pedro Montt y El\u00edas Figueroa con meses de diferencia en aquella \u00e9poca posiblemente indican que mientras Dubois se qued\u00f3 en Chile, Mija\u00edl hab\u00eda viajado a Europa.<\/p>\n\n\n\n<p class=\"wp-block-paragraph\">[<strong>user_cindycia: <\/strong>le habr\u00e1n puesto El\u00edas Figueroa al estadio para molestar a Dubois?]<\/p>\n\n\n\n<p class=\"wp-block-paragraph\">[<strong>user_alversat:<\/strong> el estadio se llama as\u00ed por el futbolista, no por el vicepresidente]<\/p>\n\n\n\n<p class=\"wp-block-paragraph\">[<strong>user_nantesval:<\/strong> Rosario piensa que el v\u00e1stago que particip\u00f3 en el asalto de la hacienda Bratovich en 1924 sin duda fu\u00e9 Emile Dubois haciendose pasar por Mijail Zheria, si bien nadie nunca lo confirm\u00f3. Seg\u00fan Rosario alrededor de la figura de Emile Dubois se comenz\u00f3 a generar un genuino fervor popular y de alguna forma tuvo una experiencia iluminadora de redenci\u00f3n o eso le habr\u00eda contado antes de que Emile Dubois testificase ante ella contra Mija\u00edl Zheria. Al o\u00edr su relato Rosario descubri\u00f3 todas las mentiras que le hab\u00eda contado Zheria y los v\u00ednculos que ten\u00eda con el Sabbat, alertando a tiempo a <a href=\"https:\/\/es.wikipedia.org\/wiki\/Antonio_Gramusset\">Antonio Gramusset<\/a> , quien no logr\u00f3 alertar a Wheelright de que <a href=\"https:\/\/chileentinieblas.cl\/pnj\/antonio-del-piero\/\">Antonio del Piero<\/a> estaba detr\u00e1s del complot, ya que el primog\u00e9nito entr\u00f3 en frenes\u00ed.]<\/p>\n\n\n\n<p class=\"wp-block-paragraph\">[<strong>user_cindycia: <\/strong>mejor nos hubiera contado si Carlos Iba\u00f1ez del Campo pertenec\u00eda o no a la Logia de Lautaro]<\/p>\n\n\n\n<p class=\"wp-block-paragraph\">[<strong>user_cindycia: <\/strong>nunca sopl\u00f3n o una rata como el se\u00f1or de las palomas! ACAB, ni perd\u00f3n ni olvido]<\/p>\n\n\n\n<p class=\"wp-block-paragraph\">[<strong>user_nantesval:<\/strong> Tras la ca\u00edda de la ciudad <a href=\"https:\/\/es.wikipedia.org\/wiki\/Antonio_Gramusset\">Gramusset<\/a> recibi\u00f3 formalmente a Emile Dubois dentro del clan, aunque le exigi\u00f3 que le revelara quienes eran los v\u00e1stagos pertenecientes al Escuadr\u00f3n Baltimore. Seg\u00fan coment\u00f3 Rosario ella pensaba que le hab\u00eda entregado los nombres de aquellos que hab\u00edan desertado al Sabbat, incluyendo con ello al nosferatu Ignacio Silva, quien logr\u00f3 defenderse demostrando que incluso en infiltrarse dentro de la Espada de Ca\u00edn hab\u00eda seguido las instrucciones del mismo Wheelright, para quien siempre trabaj\u00f3 como doble agente para infiltrarse entre los anarquistas y mantenerlo informado de sus actividades. <\/p>\n\n\n\n<p class=\"wp-block-paragraph\">[<strong>user_nantesval:<\/strong> Seg\u00fan investigue entre otros v\u00e1stagos de la ciudad, Emile Dubois y <a href=\"https:\/\/es.wikipedia.org\/wiki\/Antonio_Gramusset\">Gramusset <\/a>habr\u00edan estado entre los v\u00e1stagos que recibieron a <a href=\"https:\/\/whitewolf.fandom.com\/wiki\/Salvador_Garc%C3%ADa\">Salvador Garc\u00eda<\/a> en 1939, quien tras el fin de la guerra civil espa\u00f1ola hab\u00eda llegado desde espa\u00f1a en el <a href=\"https:\/\/es.wikipedia.org\/wiki\/Viaje_del_Winnipeg_de_1939\">Winnipeg<\/a>, all\u00ed particip\u00f3 en un griter\u00edo clandestino en Valpara\u00edso en el que me enter\u00e9 que usted estuvo presente y en donde se discuti\u00f3 la posici\u00f3n que deb\u00edan tomar los v\u00e1stagos respecto del fascismo.]<\/p>\n\n\n\n<p class=\"wp-block-paragraph\">[<strong>user_chonchon:<\/strong> Santander alucinaba tanto con Neruda y Huidobro, que esa misma noche del griterio se uni\u00f3 a los anarquistas.] <\/p>\n\n\n\n<p class=\"wp-block-paragraph\">[<strong>user_nantesval:<\/strong> Tras esto encontr\u00e9 que se mencionaba a Dubois como uno de los entusiastas de la <a href=\"https:\/\/whitewolf.fandom.com\/wiki\/Anarch_Revolt#Second_Anarch_Revolt\">segunda revuelta anarquista<\/a>, de los pocos que propon\u00edan quebrar con la Camarilla. Adem\u00e1s ten\u00eda un importante rol en la red clandestina que se arm\u00f3 para resistir a la ley Maldita, en donde los anarquistas porte\u00f1os tejieron redes y alianzas con diferentes grupos entre los mortales, los cuales converger\u00edan durante los a\u00f1os 60&#8217;s en el surgimiento del MIR.<\/p>\n\n\n\n<p class=\"wp-block-paragraph\">[<strong>user_nantesval:<\/strong> Todo lo que averigu\u00e9 acerca de las actividades del compa\u00f1ero Emile Dubois me hace sentir una genuina admiraci\u00f3n, puedo asegurar que los reportes de Emile Dubois colaborando con los carteles de coca\u00edna en los a\u00f1os 50&#8217;s y 60&#8217;s, probablemente se deban a la calumna intencional de nuestros enemigos en la Camarilla o a la confusi\u00f3n con las actividades de Mijal Zheria dentro del Sabbat.<\/p>\n\n\n\n<p class=\"wp-block-paragraph\">[<strong>user_cindycia:<\/strong> <em>\u00bfY que tendr\u00eda de malo? \u00a1Por fin un v\u00e1stago que no se har\u00eda parte de la persecuci\u00f3n hacia el Ministerio!<\/em>]. <\/p>\n\n\n\n<p class=\"wp-block-paragraph\">[<strong>user_nantesval:<\/strong> Acerca de Mijail Zheria, seg\u00fan tengo entendido el v\u00e1stago habr\u00eda recibido la muerte definitiva en 1986, durante el atentado que dio muerte a Balthazar Sobarzo, sin embargo la sombra de su legado nos continuar\u00e1 pesando durante mucho tiempo, en especial al compa\u00f1ero Dubois. Seg\u00fan me coment\u00f3 Rosario Montes, en realidad Emile vive confrontado a la imagen ideal que los rumores construyeron acerca de \u00e9l y la identidad que su sire intent\u00f3 robarle durante los a\u00f1os en que trabaj\u00f3 para \u00e9l, sin embargo toma su posici\u00f3n como rostro del movimiento como una oportunidad para convertirse en la vanguardia revolucionaria que encienda el movimiento a trav\u00e9s de sus actos.<\/p>\n\n\n\n<p class=\"wp-block-paragraph\">[<strong>user_nantesval:<\/strong> Al igual que Rosario, quien se alej\u00f3 del Escuadr\u00f3n para formar el <a href=\"https:\/\/chileentinieblas.cl\/?s=CENC\">CENC<\/a>, Dubois hizo lo propio para formar su banda, a la cual llama la Revuelta Eterna, pero que no se tratar\u00eda sino de aquellos v\u00e1stagos que lo siguen].<\/p>\n\n\n\n<p class=\"wp-block-paragraph\">[<strong>user_cindycia:<\/strong> el club de fans y admiradores]<\/p>\n\n\n\n<p class=\"wp-block-paragraph\">[<strong>user_nantesval:<\/strong> Con todo lo dicho, no me parece que Emile Dubois sea un santo, por el contrario su perfil contradictorio podr\u00eda asemejarse a cualquiera de los nuestros, sus pecados los he visto en nuestro clan en todos lados, siendo el \u00e9xito en sobrevivir y organizar a los anarquistas el \u00fanico pecado que sus enemigos no le perdonan.<\/p>\n","protected":false},"author":30,"featured_media":6134,"template":"","tags":[],"faccion":[],"class_list":["post-5274","pnj","type-pnj","status-publish","has-post-thumbnail","hentry"],"acf":{"fecha":"Abrazado 1907 \/ Nacido 1868","estatus":"Activo","ficha_del_personaje":"","aspecto":"<strong data-start=\"56\" data-end=\"72\">Emile Dubois<\/strong> es un hombre de estatura media, delgado pero \u00e1gil, con rasgos refinados y elegantes, piel p\u00e1lida y ojos oscuros que reflejan una mezcla de carisma y amenaza latente. Su porte siempre impecable y su sonrisa encantadora ocultan la brutalidad que yace bajo su fachada sofisticada.","interpretacion":"<p data-start=\"137\" data-end=\"639\">Al interpretar a <strong data-start=\"154\" data-end=\"170\">Emile Dubois<\/strong>, el narrador debe enfatizar la combinaci\u00f3n de carisma y peligro que emana de cada interacci\u00f3n. Dubois nunca revela todo de s\u00ed mismo; sus gestos amables, su cortes\u00eda y su sonrisa encantadora son herramientas para manipular y observar, m\u00e1s que expresiones genuinas de afecto. Cada di\u00e1logo debe tener doble filo, sugiriendo que bajo su fachada de civilidad se oculta un depredador calculador, capaz de anticipar los movimientos de sus presas y de sus aliados por igual.<\/p>\r\n<p data-start=\"641\" data-end=\"1145\">En escenas de cacer\u00eda o confrontaci\u00f3n, el narrador puede resaltar la elegancia en su violencia: movimientos precisos, fr\u00edos y eficientes, que demuestran control absoluto sobre el entorno y sus v\u00edctimas. Al mismo tiempo, es efectivo mostrar c\u00f3mo cultiva rumores, influencia la percepci\u00f3n de terceros y manipula redes sociales o pol\u00edticas en la ciudad. Dubois no solo act\u00faa en la noche, sino que teje un tejido de miedo, respeto y fascinaci\u00f3n que mantiene su leyenda viva incluso cuando no est\u00e1 presente.<\/p>","informacion_privada":"<!-- wp:heading -->\r\n<h2><!-- wp:heading --><\/h2>\r\n<h2 id=\"h-modus-operandi-cleaver\" class=\"wp-block-heading\"><strong>Modus Operandi:<\/strong> <em>Cleaver<\/em><\/h2>\r\n<h2><!-- \/wp:heading --> <!-- wp:paragraph --><\/h2>\r\n<strong>Emile Dubois<\/strong> se mueve entre la alta sociedad y los c\u00edrculos subterr\u00e1neos con la misma facilidad, adoptando un perfil encantador y confiable que disuelve las defensas de sus presas antes de que siquiera perciban el peligro. Su m\u00e9todo principal consiste en acercarse lentamente, cultivando una relaci\u00f3n de amistad o de confianza profesional, mientras observa y analiza meticulosamente los h\u00e1bitos, debilidades y secretos de aquellos que lo rodean. Su carisma y educaci\u00f3n le permiten integrarse a distintos ambientes sin levantar sospechas, convirti\u00e9ndose en un aliado o confidente deseable.\r\n<h2><!-- \/wp:paragraph --> <!-- wp:paragraph --><\/h2>\r\nUna vez identificadas sus v\u00edctimas, Dubois planifica sus ataques con precisi\u00f3n quir\u00fargica, escogiendo momentos en que la vigilancia es m\u00ednima y los testigos son improbables. Aprovecha la noche y espacios \u00edntimos para sus cacer\u00edas, utilizando tanto su fuerza como su agilidad sobrenatural para dominar a sus objetivos r\u00e1pidamente. Su acercamiento calculado le permite crear una ilusi\u00f3n de normalidad, de modo que las desapariciones o muertes se perciban como accidentes, desgracias o actos cometidos por terceros, alejando la atenci\u00f3n de s\u00ed mismo.\r\n<h2><!-- \/wp:paragraph --> <!-- wp:paragraph --><\/h2>\r\nFinalmente, m\u00e1s all\u00e1 del acto f\u00edsico, Dubois disfruta del control psicol\u00f3gico que ejerce sobre sus v\u00edctimas y sus c\u00edrculos cercanos. Manipula informaci\u00f3n, rumores y percepciones para mantener su mito y sembrar desconfianza entre aliados y enemigos, asegurando que su influencia se extienda incluso despu\u00e9s de la cacer\u00eda. Este patr\u00f3n lo convierte en un depredador fr\u00edo y met\u00f3dico, cuya violencia est\u00e1 siempre enmascarada por la apariencia de amistad y respeto, y cuyo objetivo final es tanto la eliminaci\u00f3n de su v\u00edctima como la expansi\u00f3n de su poder y prestigio dentro de la comunidad vamp\u00edrica.\r\n<h2><!-- \/wp:paragraph --><\/h2>\r\n<h2 class=\"wp-block-heading\"><strong>Organizaciones:<\/strong><\/h2>\r\nEmile Dubois es l\u00edder del MLA-Valpo, que agrupa a varias coteries anarquistas que lo apoyan como baron. Tambi\u00e9n se puede considerar l\u00edder de la Revuelta Eterna, que es el grupo de v\u00e1stagos que lo siguen a todos lados.\r\n<h2 class=\"wp-block-heading\"><strong>Aliados y Contactos:<\/strong><\/h2>\r\n<a href=\"https:\/\/chileentinieblas.cl\/pnj\/tamara-rincon\/\">Tamara Rinc\u00f3n<\/a>, es aquel v\u00e1stago que podr\u00edas considerar la mano derecha de Emile Dubois, ella se encuentra asociada a <a href=\"https:\/\/chileentinieblas.cl\/pnj\/nuit-debaco\/\">Nuit<\/a>, una cultista del \u00e9xtasis due\u00f1a del <a href=\"https:\/\/chileentinieblas.cl\/agrupaciones\/el-mal-trago\/\">mal trago<\/a>, en donde mantiene nexos con representantes del <a href=\"https:\/\/chileentinieblas.cl\/agrupaciones\/el-pacto-sobrenatural-de-valparaiso-la-leyenda-oculta-del-puerto\/\">pacto sobrenatural<\/a>.\r\n<h2 class=\"wp-block-heading\"><strong>Enemigos:<\/strong><\/h2>\r\nOtros grupos de v\u00e1stagos: La Camarilla, el Sabbat, grupos anarquistas rivales tienen conflictos hist\u00f3ricos con \u00e9l.\r\n\r\nSegunda Inquisici\u00f3n: <a href=\"https:\/\/chileentinieblas.cl\/agrupaciones\/f-a-s-t\/\">FAST<\/a> tiene informaci\u00f3n acerca de \u00e9l y es uno de sus blancos prioritarios, ha matado agentes asociados que trataron de investigar el caso y ellos piensan que es el v\u00e1stago al que llaman \"el baron\", en Valpara\u00edso otros cuerpos neutros. La <a href=\"https:\/\/chileentinieblas.cl\/agrupaciones\/sociedad-de-san-leopoldo-sede-chilena\/\">Sociedad de Leopoldo<\/a> tambi\u00e9n lo conoce, el Vaticano envi\u00f3 un grupo de agentes en una cacer\u00eda en su contra a mediados del siglo XX, ellos creyeron haberlo eliminado en su momento.\r\n<h2 id=\"h-filosofia-personal\" class=\"wp-block-heading\"><strong>Filosof\u00eda Personal:<\/strong><\/h2>\r\n<!-- \/wp:heading --> <!-- wp:paragraph -->\r\n\r\n<strong>Ambici\u00f3n:<\/strong> <em>\u201cTomar control de la estirpe y ser exaltado, idolatrado por todos\"<\/em>\r\n\r\n<!-- \/wp:paragraph --> <!-- wp:paragraph -->\r\n\r\n<strong>Narcisismo: <\/strong>en el fondo Emile Dubois busca exaltar su propia persona. Si bien ha conseguido que muchos piensen en \u00e9l como un santo asesino que lucha por el pueblo y los d\u00e9biles, en realidad lo que m\u00e1s disfruta es la atenci\u00f3n y admiraci\u00f3n de los mortales y v\u00e1stagos que lo rodean.\r\n\r\n<!-- \/wp:paragraph --> <!-- wp:paragraph -->\r\n\r\n<strong>Nihilismo<\/strong>: en un plano profundo Emile Dubois carece de ideales o un sentido profundo de vocaci\u00f3n m\u00e1s all\u00e1 del caos, motivo por el cual para los v\u00e1stagos en realidad todo esta permitido.\r\n\r\n<!-- \/wp:paragraph -->","mapa_de_kumu_u_otro_embed":""},"yoast_head":"<!-- This site is optimized with the Yoast SEO plugin v28.4 - https:\/\/yoast.com\/product\/yoast-seo-wordpress\/ -->\n<title>Emile Dubois, el Santo Asesino - Chile en Tinieblas<\/title>\n<meta name=\"robots\" content=\"index, follow, max-snippet:-1, max-image-preview:large, max-video-preview:-1\" \/>\n<link rel=\"canonical\" href=\"https:\/\/chileentinieblas.cl\/en\/pnj\/emile-dubois-el-santo-asesino\/\" \/>\n<meta property=\"og:locale\" content=\"en_US\" \/>\n<meta property=\"og:type\" content=\"article\" \/>\n<meta property=\"og:title\" content=\"Emile Dubois, el Santo Asesino - Chile en Tinieblas\" \/>\n<meta property=\"og:description\" content=\"Concepto General: Asesino Encantdor Carism\u00e1tico, elegante y brutal, Emile Dubois el v\u00e1stago es una leyenda andante entre los suyos. Reconocido como uno de los primeros asesinos seriales de Chile, su leyenda se extiende tanto por sus cr\u00edmenes en la sombra como por su capacidad de manipular a quienes lo rodean, particularmente dentro de movimientos anarquistas [&hellip;]\" \/>\n<meta property=\"og:url\" content=\"https:\/\/chileentinieblas.cl\/en\/pnj\/emile-dubois-el-santo-asesino\/\" \/>\n<meta property=\"og:site_name\" content=\"Chile en Tinieblas\" \/>\n<meta property=\"article:publisher\" content=\"https:\/\/www.facebook.com\/ChileenTinieblas\" \/>\n<meta property=\"article:modified_time\" content=\"2026-05-04T01:58:43+00:00\" \/>\n<meta property=\"og:image\" content=\"https:\/\/chileentinieblas.cl\/wp-content\/uploads\/2024\/07\/Emile.png\" \/>\n\t<meta property=\"og:image:width\" content=\"800\" \/>\n\t<meta property=\"og:image:height\" content=\"800\" \/>\n\t<meta property=\"og:image:type\" content=\"image\/png\" \/>\n<meta name=\"twitter:card\" content=\"summary_large_image\" \/>\n<meta name=\"twitter:label1\" content=\"Est. reading time\" \/>\n\t<meta name=\"twitter:data1\" content=\"22 minutes\" \/>\n<script type=\"application\/ld+json\" class=\"yoast-schema-graph\">{\"@context\":\"https:\\\/\\\/schema.org\",\"@graph\":[{\"@type\":\"WebPage\",\"@id\":\"https:\\\/\\\/chileentinieblas.cl\\\/pnj\\\/emile-dubois-el-santo-asesino\\\/\",\"url\":\"https:\\\/\\\/chileentinieblas.cl\\\/pnj\\\/emile-dubois-el-santo-asesino\\\/\",\"name\":\"Emile Dubois, el Santo Asesino - Chile en Tinieblas\",\"isPartOf\":{\"@id\":\"https:\\\/\\\/chileentinieblas.cl\\\/#website\"},\"primaryImageOfPage\":{\"@id\":\"https:\\\/\\\/chileentinieblas.cl\\\/pnj\\\/emile-dubois-el-santo-asesino\\\/#primaryimage\"},\"image\":{\"@id\":\"https:\\\/\\\/chileentinieblas.cl\\\/pnj\\\/emile-dubois-el-santo-asesino\\\/#primaryimage\"},\"thumbnailUrl\":\"https:\\\/\\\/chileentinieblas.cl\\\/wp-content\\\/uploads\\\/2024\\\/07\\\/Emile.png\",\"datePublished\":\"2024-07-27T03:56:15+00:00\",\"dateModified\":\"2026-05-04T01:58:43+00:00\",\"breadcrumb\":{\"@id\":\"https:\\\/\\\/chileentinieblas.cl\\\/pnj\\\/emile-dubois-el-santo-asesino\\\/#breadcrumb\"},\"inLanguage\":\"en-US\",\"potentialAction\":[{\"@type\":\"ReadAction\",\"target\":[\"https:\\\/\\\/chileentinieblas.cl\\\/pnj\\\/emile-dubois-el-santo-asesino\\\/\"]}]},{\"@type\":\"ImageObject\",\"inLanguage\":\"en-US\",\"@id\":\"https:\\\/\\\/chileentinieblas.cl\\\/pnj\\\/emile-dubois-el-santo-asesino\\\/#primaryimage\",\"url\":\"https:\\\/\\\/chileentinieblas.cl\\\/wp-content\\\/uploads\\\/2024\\\/07\\\/Emile.png\",\"contentUrl\":\"https:\\\/\\\/chileentinieblas.cl\\\/wp-content\\\/uploads\\\/2024\\\/07\\\/Emile.png\",\"width\":1024,\"height\":1024},{\"@type\":\"BreadcrumbList\",\"@id\":\"https:\\\/\\\/chileentinieblas.cl\\\/pnj\\\/emile-dubois-el-santo-asesino\\\/#breadcrumb\",\"itemListElement\":[{\"@type\":\"ListItem\",\"position\":1,\"name\":\"Portada\",\"item\":\"https:\\\/\\\/chileentinieblas.cl\\\/\"},{\"@type\":\"ListItem\",\"position\":2,\"name\":\"PNJs\",\"item\":\"https:\\\/\\\/chileentinieblas.cl\\\/pnj\\\/\"},{\"@type\":\"ListItem\",\"position\":3,\"name\":\"Emile Dubois, el Santo Asesino\"}]},{\"@type\":\"WebSite\",\"@id\":\"https:\\\/\\\/chileentinieblas.cl\\\/#website\",\"url\":\"https:\\\/\\\/chileentinieblas.cl\\\/\",\"name\":\"Chile en Tinieblas\",\"description\":\"Un servidor con mesas de rol de Mundo de Tinieblas\",\"publisher\":{\"@id\":\"https:\\\/\\\/chileentinieblas.cl\\\/#organization\"},\"potentialAction\":[{\"@type\":\"SearchAction\",\"target\":{\"@type\":\"EntryPoint\",\"urlTemplate\":\"https:\\\/\\\/chileentinieblas.cl\\\/?s={search_term_string}\"},\"query-input\":{\"@type\":\"PropertyValueSpecification\",\"valueRequired\":true,\"valueName\":\"search_term_string\"}}],\"inLanguage\":\"en-US\"},{\"@type\":\"Organization\",\"@id\":\"https:\\\/\\\/chileentinieblas.cl\\\/#organization\",\"name\":\"Chile en Tinieblas\",\"url\":\"https:\\\/\\\/chileentinieblas.cl\\\/\",\"logo\":{\"@type\":\"ImageObject\",\"inLanguage\":\"en-US\",\"@id\":\"https:\\\/\\\/chileentinieblas.cl\\\/#\\\/schema\\\/logo\\\/image\\\/\",\"url\":\"https:\\\/\\\/chileentinieblas.cl\\\/wp-content\\\/uploads\\\/2021\\\/12\\\/logo-cet-claro.png\",\"contentUrl\":\"https:\\\/\\\/chileentinieblas.cl\\\/wp-content\\\/uploads\\\/2021\\\/12\\\/logo-cet-claro.png\",\"width\":1001,\"height\":1030,\"caption\":\"Chile en Tinieblas\"},\"image\":{\"@id\":\"https:\\\/\\\/chileentinieblas.cl\\\/#\\\/schema\\\/logo\\\/image\\\/\"},\"sameAs\":[\"https:\\\/\\\/www.facebook.com\\\/ChileenTinieblas\",\"https:\\\/\\\/www.instagram.com\\\/chileentinieblas\\\/\",\"https:\\\/\\\/www.youtube.com\\\/@chileentinieblas\",\"https:\\\/\\\/www.tiktok.com\\\/@chileentinieblas\"]}]}<\/script>\n<!-- \/ Yoast SEO plugin. -->","yoast_head_json":{"title":"Emile Dubois, el Santo Asesino - Chile en Tinieblas","robots":{"index":"index","follow":"follow","max-snippet":"max-snippet:-1","max-image-preview":"max-image-preview:large","max-video-preview":"max-video-preview:-1"},"canonical":"https:\/\/chileentinieblas.cl\/en\/pnj\/emile-dubois-el-santo-asesino\/","og_locale":"en_US","og_type":"article","og_title":"Emile Dubois, el Santo Asesino - Chile en Tinieblas","og_description":"Concepto General: Asesino Encantdor Carism\u00e1tico, elegante y brutal, Emile Dubois el v\u00e1stago es una leyenda andante entre los suyos. Reconocido como uno de los primeros asesinos seriales de Chile, su leyenda se extiende tanto por sus cr\u00edmenes en la sombra como por su capacidad de manipular a quienes lo rodean, particularmente dentro de movimientos anarquistas [&hellip;]","og_url":"https:\/\/chileentinieblas.cl\/en\/pnj\/emile-dubois-el-santo-asesino\/","og_site_name":"Chile en Tinieblas","article_publisher":"https:\/\/www.facebook.com\/ChileenTinieblas","article_modified_time":"2026-05-04T01:58:43+00:00","og_image":[{"url":"https:\/\/chileentinieblas.cl\/wp-content\/uploads\/2024\/07\/Emile.png","width":800,"height":800,"type":"image\/png"}],"twitter_card":"summary_large_image","twitter_misc":{"Est. reading time":"22 minutes"},"schema":{"@context":"https:\/\/schema.org","@graph":[{"@type":"WebPage","@id":"https:\/\/chileentinieblas.cl\/pnj\/emile-dubois-el-santo-asesino\/","url":"https:\/\/chileentinieblas.cl\/pnj\/emile-dubois-el-santo-asesino\/","name":"Emile Dubois, el Santo Asesino - Chile en Tinieblas","isPartOf":{"@id":"https:\/\/chileentinieblas.cl\/#website"},"primaryImageOfPage":{"@id":"https:\/\/chileentinieblas.cl\/pnj\/emile-dubois-el-santo-asesino\/#primaryimage"},"image":{"@id":"https:\/\/chileentinieblas.cl\/pnj\/emile-dubois-el-santo-asesino\/#primaryimage"},"thumbnailUrl":"https:\/\/chileentinieblas.cl\/wp-content\/uploads\/2024\/07\/Emile.png","datePublished":"2024-07-27T03:56:15+00:00","dateModified":"2026-05-04T01:58:43+00:00","breadcrumb":{"@id":"https:\/\/chileentinieblas.cl\/pnj\/emile-dubois-el-santo-asesino\/#breadcrumb"},"inLanguage":"en-US","potentialAction":[{"@type":"ReadAction","target":["https:\/\/chileentinieblas.cl\/pnj\/emile-dubois-el-santo-asesino\/"]}]},{"@type":"ImageObject","inLanguage":"en-US","@id":"https:\/\/chileentinieblas.cl\/pnj\/emile-dubois-el-santo-asesino\/#primaryimage","url":"https:\/\/chileentinieblas.cl\/wp-content\/uploads\/2024\/07\/Emile.png","contentUrl":"https:\/\/chileentinieblas.cl\/wp-content\/uploads\/2024\/07\/Emile.png","width":1024,"height":1024},{"@type":"BreadcrumbList","@id":"https:\/\/chileentinieblas.cl\/pnj\/emile-dubois-el-santo-asesino\/#breadcrumb","itemListElement":[{"@type":"ListItem","position":1,"name":"Portada","item":"https:\/\/chileentinieblas.cl\/"},{"@type":"ListItem","position":2,"name":"PNJs","item":"https:\/\/chileentinieblas.cl\/pnj\/"},{"@type":"ListItem","position":3,"name":"Emile Dubois, el Santo Asesino"}]},{"@type":"WebSite","@id":"https:\/\/chileentinieblas.cl\/#website","url":"https:\/\/chileentinieblas.cl\/","name":"Chile en Tinieblas","description":"Un servidor con mesas de rol de Mundo de Tinieblas","publisher":{"@id":"https:\/\/chileentinieblas.cl\/#organization"},"potentialAction":[{"@type":"SearchAction","target":{"@type":"EntryPoint","urlTemplate":"https:\/\/chileentinieblas.cl\/?s={search_term_string}"},"query-input":{"@type":"PropertyValueSpecification","valueRequired":true,"valueName":"search_term_string"}}],"inLanguage":"en-US"},{"@type":"Organization","@id":"https:\/\/chileentinieblas.cl\/#organization","name":"Chile en Tinieblas","url":"https:\/\/chileentinieblas.cl\/","logo":{"@type":"ImageObject","inLanguage":"en-US","@id":"https:\/\/chileentinieblas.cl\/#\/schema\/logo\/image\/","url":"https:\/\/chileentinieblas.cl\/wp-content\/uploads\/2021\/12\/logo-cet-claro.png","contentUrl":"https:\/\/chileentinieblas.cl\/wp-content\/uploads\/2021\/12\/logo-cet-claro.png","width":1001,"height":1030,"caption":"Chile en Tinieblas"},"image":{"@id":"https:\/\/chileentinieblas.cl\/#\/schema\/logo\/image\/"},"sameAs":["https:\/\/www.facebook.com\/ChileenTinieblas","https:\/\/www.instagram.com\/chileentinieblas\/","https:\/\/www.youtube.com\/@chileentinieblas","https:\/\/www.tiktok.com\/@chileentinieblas"]}]}},"jetpack_sharing_enabled":true,"_links":{"self":[{"href":"https:\/\/chileentinieblas.cl\/en\/wp-json\/wp\/v2\/pnj\/5274","targetHints":{"allow":["GET"]}}],"collection":[{"href":"https:\/\/chileentinieblas.cl\/en\/wp-json\/wp\/v2\/pnj"}],"about":[{"href":"https:\/\/chileentinieblas.cl\/en\/wp-json\/wp\/v2\/types\/pnj"}],"author":[{"embeddable":true,"href":"https:\/\/chileentinieblas.cl\/en\/wp-json\/wp\/v2\/users\/30"}],"wp:featuredmedia":[{"embeddable":true,"href":"https:\/\/chileentinieblas.cl\/en\/wp-json\/wp\/v2\/media\/6134"}],"wp:attachment":[{"href":"https:\/\/chileentinieblas.cl\/en\/wp-json\/wp\/v2\/media?parent=5274"}],"wp:term":[{"taxonomy":"post_tag","embeddable":true,"href":"https:\/\/chileentinieblas.cl\/en\/wp-json\/wp\/v2\/tags?post=5274"},{"taxonomy":"faccion","embeddable":true,"href":"https:\/\/chileentinieblas.cl\/en\/wp-json\/wp\/v2\/faccion?post=5274"}],"curies":[{"name":"wp","href":"https:\/\/api.w.org\/{rel}","templated":true}]}}