{"id":5163,"date":"2024-04-22T00:36:03","date_gmt":"2024-04-22T00:36:03","guid":{"rendered":"https:\/\/chileentinieblas.cl\/?post_type=pnj&#038;p=5163"},"modified":"2024-07-27T03:56:15","modified_gmt":"2024-07-27T03:56:15","slug":"isaias-rivera-guardian-del-eliseo","status":"publish","type":"pnj","link":"https:\/\/chileentinieblas.cl\/en\/pnj\/isaias-rivera-guardian-del-eliseo\/","title":{"rendered":"Isa\u00edas Rivera &#8211; Guardian del Eliseo"},"content":{"rendered":"<blockquote class=\"wp-block-quote is-layout-flow wp-block-quote-is-layout-flow\">\n<p class=\"wp-block-paragraph\">&#8220;<em>En la oscuridad, todos somos ciegos; solo aquellos que se atreven a cerrar los ojos pueden ver la verdad.<\/em>&#8220;<\/p>\n\n\n\n<h2 class=\"wp-block-heading\">Concepto General: <em>Arquitecto de sombras<\/em><\/h2>\n\n\n\n<p class=\"wp-block-paragraph\">Calculador, templado y oportunista, Isa\u00edas busca la chance de facilitar que otros abracen su lado oscuro para obtener ventajas sobre ellos que puede luego cambiar por favores o informaci\u00f3n.<\/p>\n<\/blockquote>\n\n\n\n<h2 class=\"wp-block-heading\">Biograf\u00eda<\/h2>\n\n\n\n<p class=\"wp-block-paragraph\">Obispo de la iglesia cat\u00f3lica en vida durante las d\u00e9cadas del 40 y 50 en la quinta regi\u00f3n, manten\u00eda una fachada de bondad que ocultaba sus perversiones y las de algunos de sus colegas, pero, de mayor importancia, es su recopilaci\u00f3n de secretos y verg\u00fcenzas de la gente, que usa para su propio beneficio.<\/p>\n\n\n\n<p class=\"wp-block-paragraph\">Su sire, miembro del clero, lo abraza al detectar su \u201cpotencial\u201d y al pasar a la no vida en 1963 ha mantenido y reforzado sus contactos dentro de la iglesia, teniendo acceso a informaci\u00f3n privilegiada en m\u00e1s de una esfera de influencia.<\/p>\n\n\n\n<p class=\"wp-block-paragraph\">Despu\u00e9s de que el sabbat deja de estar presente en Chile y que su sire responde a \u201cLa llamada\u201d a oriente, pocos a\u00f1os pasan hasta que la Camarilla toma el control. Es gracias a negocios previos con ciertos personajes de influencia en la Camarilla de Vi\u00f1a del Mar y a la utilidad de su informaci\u00f3n, que es aceptado dentro de sus filas en los \u00faltimos a\u00f1os. Nombrarlo Guardi\u00e1n del El\u00edseo pareciera ser un movimiento pol\u00edtico por parte de la pr\u00edncipe Octavia para ganar el favor de los lasombra, ya que se ha procurado un espacio seguro o \u201cneutral\u201d en el el\u00edseo como puerta de entrada a otros lasombra (u otros v\u00e1stagos) que quieran aliarse y jurar fidelidad a la Camarilla.<br><\/p>\n\n\n\n<p class=\"wp-block-paragraph\">Dentro del el\u00edseo procura el cumplimiento de las leyes, siempre atento a la fluctuaci\u00f3n del poder, regulando en medida de lo que puede las esferas de influencia en la sociedad de los v\u00e1stagos, sin embargo, los rumores de que Rioja respald\u00f3 a Isa\u00edas para asumir este cargo han causado moderadas sospechas respecto al tipo de relaci\u00f3n que tienen.<\/p>","protected":false},"author":10,"featured_media":5164,"template":"","tags":[],"faccion":[],"class_list":["post-5163","pnj","type-pnj","status-publish","has-post-thumbnail","hentry"],"acf":{"fecha":"","estatus":"Activo","ficha_del_personaje":"","aspecto":"Alto, contextura media, de tez blanca, pelo negro engominado hacia atr\u00e1s, con entradas prominentes en la frente y una vestimenta formal tradicional. Su edad aparente pareciera estar alrededor de los 45 a\u00f1os.","interpretacion":"Act\u00faas con meticulosa frialdad, analizando todo lo que ocurre a tu alrededor. Sabes que eres \u00fatil por lo que sabes, pero debes probarte ante la Camarilla y dejar los resquicios de tu pasado atr\u00e1s.","informacion_privada":"","mapa_de_kumu_u_otro_embed":null},"yoast_head":"<!-- This site is optimized with the Yoast SEO plugin v28.4 - https:\/\/yoast.com\/product\/yoast-seo-wordpress\/ -->\n<title>Isa\u00edas Rivera - Guardian del Eliseo - Chile en Tinieblas<\/title>\n<meta name=\"robots\" content=\"index, follow, max-snippet:-1, max-image-preview:large, max-video-preview:-1\" \/>\n<link rel=\"canonical\" href=\"https:\/\/chileentinieblas.cl\/en\/pnj\/isaias-rivera-guardian-del-eliseo\/\" \/>\n<meta property=\"og:locale\" content=\"en_US\" \/>\n<meta property=\"og:type\" content=\"article\" \/>\n<meta property=\"og:title\" content=\"Isa\u00edas Rivera - Guardian del Eliseo - Chile en Tinieblas\" \/>\n<meta property=\"og:description\" content=\"&#8220;En la oscuridad, todos somos ciegos; solo aquellos que se atreven a cerrar los ojos pueden ver la verdad.&#8220; Concepto General: Arquitecto de sombras Calculador, templado y oportunista, Isa\u00edas busca la chance de facilitar que otros abracen su lado oscuro para obtener ventajas sobre ellos que puede luego cambiar por favores o informaci\u00f3n. Biograf\u00eda Obispo [&hellip;]\" \/>\n<meta property=\"og:url\" content=\"https:\/\/chileentinieblas.cl\/en\/pnj\/isaias-rivera-guardian-del-eliseo\/\" \/>\n<meta property=\"og:site_name\" content=\"Chile en Tinieblas\" \/>\n<meta property=\"article:publisher\" content=\"https:\/\/www.facebook.com\/ChileenTinieblas\" \/>\n<meta property=\"article:modified_time\" content=\"2024-07-27T03:56:15+00:00\" \/>\n<meta property=\"og:image\" content=\"https:\/\/chileentinieblas.cl\/wp-content\/uploads\/2024\/04\/isaias-rivera.png\" \/>\n\t<meta property=\"og:image:width\" content=\"1024\" \/>\n\t<meta property=\"og:image:height\" content=\"1024\" \/>\n\t<meta property=\"og:image:type\" content=\"image\/png\" \/>\n<meta name=\"twitter:card\" content=\"summary_large_image\" \/>\n<meta name=\"twitter:label1\" content=\"Est. reading time\" \/>\n\t<meta name=\"twitter:data1\" content=\"2 minutes\" \/>\n<script type=\"application\/ld+json\" class=\"yoast-schema-graph\">{\"@context\":\"https:\\\/\\\/schema.org\",\"@graph\":[{\"@type\":\"WebPage\",\"@id\":\"https:\\\/\\\/chileentinieblas.cl\\\/pnj\\\/isaias-rivera-guardian-del-eliseo\\\/\",\"url\":\"https:\\\/\\\/chileentinieblas.cl\\\/pnj\\\/isaias-rivera-guardian-del-eliseo\\\/\",\"name\":\"Isa\u00edas Rivera - Guardian del Eliseo - Chile en Tinieblas\",\"isPartOf\":{\"@id\":\"https:\\\/\\\/chileentinieblas.cl\\\/#website\"},\"primaryImageOfPage\":{\"@id\":\"https:\\\/\\\/chileentinieblas.cl\\\/pnj\\\/isaias-rivera-guardian-del-eliseo\\\/#primaryimage\"},\"image\":{\"@id\":\"https:\\\/\\\/chileentinieblas.cl\\\/pnj\\\/isaias-rivera-guardian-del-eliseo\\\/#primaryimage\"},\"thumbnailUrl\":\"https:\\\/\\\/chileentinieblas.cl\\\/wp-content\\\/uploads\\\/2024\\\/04\\\/isaias-rivera.png\",\"datePublished\":\"2024-04-22T00:36:03+00:00\",\"dateModified\":\"2024-07-27T03:56:15+00:00\",\"breadcrumb\":{\"@id\":\"https:\\\/\\\/chileentinieblas.cl\\\/pnj\\\/isaias-rivera-guardian-del-eliseo\\\/#breadcrumb\"},\"inLanguage\":\"en-US\",\"potentialAction\":[{\"@type\":\"ReadAction\",\"target\":[\"https:\\\/\\\/chileentinieblas.cl\\\/pnj\\\/isaias-rivera-guardian-del-eliseo\\\/\"]}]},{\"@type\":\"ImageObject\",\"inLanguage\":\"en-US\",\"@id\":\"https:\\\/\\\/chileentinieblas.cl\\\/pnj\\\/isaias-rivera-guardian-del-eliseo\\\/#primaryimage\",\"url\":\"https:\\\/\\\/chileentinieblas.cl\\\/wp-content\\\/uploads\\\/2024\\\/04\\\/isaias-rivera.png\",\"contentUrl\":\"https:\\\/\\\/chileentinieblas.cl\\\/wp-content\\\/uploads\\\/2024\\\/04\\\/isaias-rivera.png\",\"width\":1024,\"height\":1024},{\"@type\":\"BreadcrumbList\",\"@id\":\"https:\\\/\\\/chileentinieblas.cl\\\/pnj\\\/isaias-rivera-guardian-del-eliseo\\\/#breadcrumb\",\"itemListElement\":[{\"@type\":\"ListItem\",\"position\":1,\"name\":\"Portada\",\"item\":\"https:\\\/\\\/chileentinieblas.cl\\\/\"},{\"@type\":\"ListItem\",\"position\":2,\"name\":\"PNJs\",\"item\":\"https:\\\/\\\/chileentinieblas.cl\\\/pnj\\\/\"},{\"@type\":\"ListItem\",\"position\":3,\"name\":\"Isa\u00edas Rivera &#8211; Guardian del Eliseo\"}]},{\"@type\":\"WebSite\",\"@id\":\"https:\\\/\\\/chileentinieblas.cl\\\/#website\",\"url\":\"https:\\\/\\\/chileentinieblas.cl\\\/\",\"name\":\"Chile en Tinieblas\",\"description\":\"Un servidor con mesas de rol de Mundo de Tinieblas\",\"publisher\":{\"@id\":\"https:\\\/\\\/chileentinieblas.cl\\\/#organization\"},\"potentialAction\":[{\"@type\":\"SearchAction\",\"target\":{\"@type\":\"EntryPoint\",\"urlTemplate\":\"https:\\\/\\\/chileentinieblas.cl\\\/?s={search_term_string}\"},\"query-input\":{\"@type\":\"PropertyValueSpecification\",\"valueRequired\":true,\"valueName\":\"search_term_string\"}}],\"inLanguage\":\"en-US\"},{\"@type\":\"Organization\",\"@id\":\"https:\\\/\\\/chileentinieblas.cl\\\/#organization\",\"name\":\"Chile en Tinieblas\",\"url\":\"https:\\\/\\\/chileentinieblas.cl\\\/\",\"logo\":{\"@type\":\"ImageObject\",\"inLanguage\":\"en-US\",\"@id\":\"https:\\\/\\\/chileentinieblas.cl\\\/#\\\/schema\\\/logo\\\/image\\\/\",\"url\":\"https:\\\/\\\/chileentinieblas.cl\\\/wp-content\\\/uploads\\\/2021\\\/12\\\/logo-cet-claro.png\",\"contentUrl\":\"https:\\\/\\\/chileentinieblas.cl\\\/wp-content\\\/uploads\\\/2021\\\/12\\\/logo-cet-claro.png\",\"width\":1001,\"height\":1030,\"caption\":\"Chile en Tinieblas\"},\"image\":{\"@id\":\"https:\\\/\\\/chileentinieblas.cl\\\/#\\\/schema\\\/logo\\\/image\\\/\"},\"sameAs\":[\"https:\\\/\\\/www.facebook.com\\\/ChileenTinieblas\",\"https:\\\/\\\/www.instagram.com\\\/chileentinieblas\\\/\",\"https:\\\/\\\/www.youtube.com\\\/@chileentinieblas\",\"https:\\\/\\\/www.tiktok.com\\\/@chileentinieblas\"]}]}<\/script>\n<!-- \/ Yoast SEO plugin. -->","yoast_head_json":{"title":"Isa\u00edas Rivera - Guardian del Eliseo - Chile en Tinieblas","robots":{"index":"index","follow":"follow","max-snippet":"max-snippet:-1","max-image-preview":"max-image-preview:large","max-video-preview":"max-video-preview:-1"},"canonical":"https:\/\/chileentinieblas.cl\/en\/pnj\/isaias-rivera-guardian-del-eliseo\/","og_locale":"en_US","og_type":"article","og_title":"Isa\u00edas Rivera - Guardian del Eliseo - Chile en Tinieblas","og_description":"&#8220;En la oscuridad, todos somos ciegos; solo aquellos que se atreven a cerrar los ojos pueden ver la verdad.&#8220; Concepto General: Arquitecto de sombras Calculador, templado y oportunista, Isa\u00edas busca la chance de facilitar que otros abracen su lado oscuro para obtener ventajas sobre ellos que puede luego cambiar por favores o informaci\u00f3n. Biograf\u00eda Obispo [&hellip;]","og_url":"https:\/\/chileentinieblas.cl\/en\/pnj\/isaias-rivera-guardian-del-eliseo\/","og_site_name":"Chile en Tinieblas","article_publisher":"https:\/\/www.facebook.com\/ChileenTinieblas","article_modified_time":"2024-07-27T03:56:15+00:00","og_image":[{"width":1024,"height":1024,"url":"https:\/\/chileentinieblas.cl\/wp-content\/uploads\/2024\/04\/isaias-rivera.png","type":"image\/png"}],"twitter_card":"summary_large_image","twitter_misc":{"Est. reading time":"2 minutes"},"schema":{"@context":"https:\/\/schema.org","@graph":[{"@type":"WebPage","@id":"https:\/\/chileentinieblas.cl\/pnj\/isaias-rivera-guardian-del-eliseo\/","url":"https:\/\/chileentinieblas.cl\/pnj\/isaias-rivera-guardian-del-eliseo\/","name":"Isa\u00edas Rivera - Guardian del Eliseo - Chile en Tinieblas","isPartOf":{"@id":"https:\/\/chileentinieblas.cl\/#website"},"primaryImageOfPage":{"@id":"https:\/\/chileentinieblas.cl\/pnj\/isaias-rivera-guardian-del-eliseo\/#primaryimage"},"image":{"@id":"https:\/\/chileentinieblas.cl\/pnj\/isaias-rivera-guardian-del-eliseo\/#primaryimage"},"thumbnailUrl":"https:\/\/chileentinieblas.cl\/wp-content\/uploads\/2024\/04\/isaias-rivera.png","datePublished":"2024-04-22T00:36:03+00:00","dateModified":"2024-07-27T03:56:15+00:00","breadcrumb":{"@id":"https:\/\/chileentinieblas.cl\/pnj\/isaias-rivera-guardian-del-eliseo\/#breadcrumb"},"inLanguage":"en-US","potentialAction":[{"@type":"ReadAction","target":["https:\/\/chileentinieblas.cl\/pnj\/isaias-rivera-guardian-del-eliseo\/"]}]},{"@type":"ImageObject","inLanguage":"en-US","@id":"https:\/\/chileentinieblas.cl\/pnj\/isaias-rivera-guardian-del-eliseo\/#primaryimage","url":"https:\/\/chileentinieblas.cl\/wp-content\/uploads\/2024\/04\/isaias-rivera.png","contentUrl":"https:\/\/chileentinieblas.cl\/wp-content\/uploads\/2024\/04\/isaias-rivera.png","width":1024,"height":1024},{"@type":"BreadcrumbList","@id":"https:\/\/chileentinieblas.cl\/pnj\/isaias-rivera-guardian-del-eliseo\/#breadcrumb","itemListElement":[{"@type":"ListItem","position":1,"name":"Portada","item":"https:\/\/chileentinieblas.cl\/"},{"@type":"ListItem","position":2,"name":"PNJs","item":"https:\/\/chileentinieblas.cl\/pnj\/"},{"@type":"ListItem","position":3,"name":"Isa\u00edas Rivera &#8211; Guardian del Eliseo"}]},{"@type":"WebSite","@id":"https:\/\/chileentinieblas.cl\/#website","url":"https:\/\/chileentinieblas.cl\/","name":"Chile en Tinieblas","description":"Un servidor con mesas de rol de Mundo de Tinieblas","publisher":{"@id":"https:\/\/chileentinieblas.cl\/#organization"},"potentialAction":[{"@type":"SearchAction","target":{"@type":"EntryPoint","urlTemplate":"https:\/\/chileentinieblas.cl\/?s={search_term_string}"},"query-input":{"@type":"PropertyValueSpecification","valueRequired":true,"valueName":"search_term_string"}}],"inLanguage":"en-US"},{"@type":"Organization","@id":"https:\/\/chileentinieblas.cl\/#organization","name":"Chile en Tinieblas","url":"https:\/\/chileentinieblas.cl\/","logo":{"@type":"ImageObject","inLanguage":"en-US","@id":"https:\/\/chileentinieblas.cl\/#\/schema\/logo\/image\/","url":"https:\/\/chileentinieblas.cl\/wp-content\/uploads\/2021\/12\/logo-cet-claro.png","contentUrl":"https:\/\/chileentinieblas.cl\/wp-content\/uploads\/2021\/12\/logo-cet-claro.png","width":1001,"height":1030,"caption":"Chile en Tinieblas"},"image":{"@id":"https:\/\/chileentinieblas.cl\/#\/schema\/logo\/image\/"},"sameAs":["https:\/\/www.facebook.com\/ChileenTinieblas","https:\/\/www.instagram.com\/chileentinieblas\/","https:\/\/www.youtube.com\/@chileentinieblas","https:\/\/www.tiktok.com\/@chileentinieblas"]}]}},"jetpack_sharing_enabled":true,"_links":{"self":[{"href":"https:\/\/chileentinieblas.cl\/en\/wp-json\/wp\/v2\/pnj\/5163","targetHints":{"allow":["GET"]}}],"collection":[{"href":"https:\/\/chileentinieblas.cl\/en\/wp-json\/wp\/v2\/pnj"}],"about":[{"href":"https:\/\/chileentinieblas.cl\/en\/wp-json\/wp\/v2\/types\/pnj"}],"author":[{"embeddable":true,"href":"https:\/\/chileentinieblas.cl\/en\/wp-json\/wp\/v2\/users\/10"}],"wp:featuredmedia":[{"embeddable":true,"href":"https:\/\/chileentinieblas.cl\/en\/wp-json\/wp\/v2\/media\/5164"}],"wp:attachment":[{"href":"https:\/\/chileentinieblas.cl\/en\/wp-json\/wp\/v2\/media?parent=5163"}],"wp:term":[{"taxonomy":"post_tag","embeddable":true,"href":"https:\/\/chileentinieblas.cl\/en\/wp-json\/wp\/v2\/tags?post=5163"},{"taxonomy":"faccion","embeddable":true,"href":"https:\/\/chileentinieblas.cl\/en\/wp-json\/wp\/v2\/faccion?post=5163"}],"curies":[{"name":"wp","href":"https:\/\/api.w.org\/{rel}","templated":true}]}}