{"id":5145,"date":"2024-04-18T00:44:53","date_gmt":"2024-04-18T00:44:53","guid":{"rendered":"https:\/\/chileentinieblas.cl\/?post_type=pnj&#038;p=5145"},"modified":"2024-07-27T03:56:15","modified_gmt":"2024-07-27T03:56:15","slug":"fernando-de-la-rioja-canciller-del-principado-de-las-rosas","status":"publish","type":"pnj","link":"https:\/\/chileentinieblas.cl\/en\/pnj\/fernando-de-la-rioja-canciller-del-principado-de-las-rosas\/","title":{"rendered":"\u00a0Fernando de la Rioja &#8211; Canciller del principado de las Rosas"},"content":{"rendered":"<h2 class=\"wp-block-heading\"><strong>Concepto General: <\/strong><em>Patriarca Calculador<\/em><\/h2>\n\n\n\n<p class=\"wp-block-paragraph\">Era un empresario que se transform\u00f3 en uno de los oligarcas m\u00e1s influyentes que ayud\u00f3 en la fundaci\u00f3n de la ciudad de Vi\u00f1a del Mar, siendo recompensado por el monarca Alfonso XIII con el t\u00edtulo nobiliario del condado de la Rioja de Neila en Espa\u00f1a. Tras su abrazo por parte del clan ventrue ha continuado luchado incansablemente en preservar su legado familiar.<\/p>\n\n\n\n<p class=\"wp-block-paragraph\">Rioja es reservado y anal\u00edtico. Buscar\u00e1 saber la mayor cantidad de informaci\u00f3n de aquellos que quieran hacer tratos con el. Nunca tomar\u00e1 una decisi\u00f3n&nbsp; importante si no la ha meditado lo suficiente,&nbsp; si ve que algo o alguien lo amenaza de forma directa no dudar\u00e1 en mover sus influencias para solucionar el problema.<\/p>\n\n\n\n<p class=\"wp-block-paragraph\">Se mantiene distante y prefiere nunca dar su&nbsp; opini\u00f3n a menos que esto lo amenace a \u00e9l o a sus aliados. Si le han ayudado a cumplir sus objetivos este no dudar\u00e1 en retribuir los favores concedidos.<\/p>\n\n\n\n<h2 class=\"wp-block-heading\">Biograf\u00eda<\/h2>\n\n\n\n<p class=\"wp-block-paragraph\">Cabe recordar los inicios en una bodega de finas telas en Sevilla, donde un joven abnegado sent\u00eda una pasi\u00f3n febril por los libros contables desgastados mientras buscaba una fortuna on\u00edrica. Aquel joven no solo usaba dichos conocimientos para registrar los pesares y las deudas de los v\u00e1stagos, sino tambi\u00e9n los oscuros secretos de la construcci\u00f3n de un Valpara\u00edso en crisis.<\/p>\n\n\n\n<p class=\"wp-block-paragraph\">Fernando de la Rioja lleg\u00f3 al puerto principal en 1876 gracias a la invitaci\u00f3n de un prominente comerciante, Don Francisco del R\u00edo, quien le promet\u00eda un futuro brillante si lograba \u201csuperar sus expectativas\u201d.<\/p>\n\n\n\n<p class=\"wp-block-paragraph\">Pese a las advertencias de conocidos y amigos, quienes solo mostraban una desconfianza absoluta hacia los altos c\u00edrculos de la ciudad castellana, Rioja acept\u00f3 la propuesta. Viaj\u00f3 hasta Londres para complementar sus conocimientos sobre el comercio naviero y luego se dirigi\u00f3 hacia el nuevo continente.<\/p>\n\n\n\n<p class=\"wp-block-paragraph\">Aplicando su maestr\u00eda, su elocuencia, pero sobre todo su astucia, a Don Fernando no le cost\u00f3 ganarse a las altas familias de Valpara\u00edso en menos de un a\u00f1o. No solo aument\u00f3 las arcas de su mecenas, sino que tambi\u00e9n amas\u00f3 su propia fortuna, lo que le permiti\u00f3 relacionarse con la familia Vergara.<\/p>\n\n\n\n<p class=\"wp-block-paragraph\">Francisco del R\u00edo, miembro de la primogenitura de la gran casa de los Ventrue, no revel\u00f3 su naturaleza hasta que el potencial candidato a chiquillo demostrara su val\u00eda hacia la torre de marfil. Su mayor sorpresa fue comprobar la calma y el espanto que se dibujaron en su rostro. Rioja tom\u00f3 la administraci\u00f3n de los bienes de su benefactor, a quien prometi\u00f3 lealtad absoluta.<\/p>\n\n\n\n<p class=\"wp-block-paragraph\">No fue hasta el a\u00f1o 1906, cuando el gran terremoto azot\u00f3 las bases de una naciente Vi\u00f1a del Mar, dejando decenas de muertos en la ciudad, pero sobre todo en los terrenos de &#8220;las casas de las viudas&#8221;, territorio desolado por la tragedia desde los tiempos de la conquista. Un territorio donde Rioja levantar\u00eda su m\u00e1s profundo anhelo: desde los cimientos y cad\u00e1veres de la plebe, se erigir\u00eda la verdadera fortaleza del ilustre.<\/p>\n\n\n\n<p class=\"wp-block-paragraph\">Su vida, no exenta de pomposidades y opulencia, lo posicion\u00f3 como la persona m\u00e1s acaudalada de toda la regi\u00f3n, incluso compitiendo con las grandes fortunas del pa\u00eds, como la de Thomas North.<\/p>\n\n\n\n<p class=\"wp-block-paragraph\">Su Domitor ve\u00eda con buenos ojos el crecimiento de las arcas de su vasallo, ya que servir\u00edan para pagar las crecientes deudas que este hab\u00eda adquirido en los principados de Toledo y Barcelona. Sin embargo, Rioja no supo esto hasta 1920, cuando Don Fernando Mar\u00eda de Baviera y Borb\u00f3n, Infante de la Casa Real de Espa\u00f1a y Representante Ventrue Espa\u00f1ol, vino a cobrarle por las deudas de su sire.<\/p>\n\n\n\n<p class=\"wp-block-paragraph\">En consecuencia de esta deuda millonaria, impuesta por Del R\u00edo a trav\u00e9s de t\u00e9cnicas de dominaci\u00f3n, Don Fernando casi qued\u00f3 en la quiebra, algo que nunca olvidar\u00eda y que quedar\u00eda registrado en los anales de sus libros.<\/p>\n\n\n\n<p class=\"wp-block-paragraph\">Y como si esto fuera poco castigo, Rioja, de un momento a otro, dej\u00f3 de recibir la vitae por parte de su domitor, lo que lo llev\u00f3 a una locura encolerizada que saciaba torturando o asesinando a sus empleados. Incluso lleg\u00f3 a emparedar al cochero sin raz\u00f3n aparente, con la excusa de que \u201cmir\u00f3 de mala manera a su hija\u201d.<\/p>\n\n\n\n<p class=\"wp-block-paragraph\">La muerte lo visit\u00f3 en el a\u00f1o 1922 junto con el abrazo, y mientras sal\u00eda del dominio de la bestia, Don Francisco le declar\u00f3:<\/p>\n\n\n\n<p class=\"wp-block-paragraph\">&#8220;As\u00ed como ansiabas mi sangre, debes ansiar el poder. Bienvenido a la torre de marfil, bienvenido al clan Ventrue.&#8221;<\/p>\n\n\n\n<p class=\"wp-block-paragraph\">En los a\u00f1os que siguieron, Rioja escal\u00f3 tan r\u00e1pidamente los pelda\u00f1os de la sociedad vamp\u00edrica que no le cost\u00f3 hacerse con el t\u00edtulo de Canciller y guardi\u00e1n del El\u00edseo. Promov\u00eda abiertamente la cofraternidad entre otros clanes para el bien com\u00fan de la Camarilla. Sin embargo, muchos se preguntan c\u00f3mo logr\u00f3 ganarse r\u00e1pidamente el favor de Andr\u00e9s Rocha y c\u00f3mo pudo apoyar favorablemente la uni\u00f3n de Isa\u00edas Rivera, antiguo miembro del Sabbat.<\/p>\n\n\n\n<p class=\"wp-block-paragraph\">Despu\u00e9s del ataque anarquista a las riquezas de su clan, Rioja no apoy\u00f3 la reunificaci\u00f3n de los fondos para mantener a la gran casa. A\u00fan recordaba con desprecio lo sucedido con su naciente fortuna a causa de las deudas de su sire, ahora difunto por un enfrentamiento anarquista.<\/p>\n\n\n\n<p class=\"wp-block-paragraph\">Esto trajo como consecuencia la enemistad con el primog\u00e9nito William Reece, donde en una reuni\u00f3n del clan declar\u00f3: \u201cDese\u00e1is apoyar la retoma de un puerto en ruinas cuando no pod\u00e9is asegurar primero un principado estable; ese fue el gran error del antiguo pr\u00edncipe y yo no deseo repetir sus pasos, mi querido primog\u00e9nito Reece<\/p>","protected":false},"author":30,"featured_media":5146,"template":"","tags":[],"faccion":[85,53,90],"class_list":["post-5145","pnj","type-pnj","status-publish","has-post-thumbnail","hentry","faccion-camarilla","faccion-vampiro-la-mascarada","faccion-ventrue"],"acf":{"fecha":"","estatus":"Activo","ficha_del_personaje":"","aspecto":"1.68 mts de Alto, Contextura robusta, medianamente calvo y con una prominente barba cuidadosamente peinada.\r\nSe viste con trajes de corte italiano, donde sobresale el emblema de su casa noble como s\u00edmbolo de poder. Usa un \u00fanico anillo de oro que tambi\u00e9n tiene el emblema de su familia.","interpretacion":"Has alcanzado tu posici\u00f3n con justa medida. Los V\u00e1stagos te respetan y te odian por controlar el mercado de favores, porque solo t\u00fa puedes controlar la econom\u00eda de la sangre.\r\n\r\nNo has reclamado el trono de Pr\u00edncipe porque eso te limitar\u00eda en tus movimientos sociales.\r\n\r\n&nbsp;","informacion_privada":"","mapa_de_kumu_u_otro_embed":null},"yoast_head":"<!-- This site is optimized with the Yoast SEO plugin v28.4 - https:\/\/yoast.com\/product\/yoast-seo-wordpress\/ -->\n<title>\u00a0Fernando de la Rioja - Canciller del principado de las Rosas - Chile en Tinieblas<\/title>\n<meta name=\"robots\" content=\"index, follow, max-snippet:-1, max-image-preview:large, max-video-preview:-1\" \/>\n<link rel=\"canonical\" href=\"https:\/\/chileentinieblas.cl\/en\/pnj\/fernando-de-la-rioja-canciller-del-principado-de-las-rosas\/\" \/>\n<meta property=\"og:locale\" content=\"en_US\" \/>\n<meta property=\"og:type\" content=\"article\" \/>\n<meta property=\"og:title\" content=\"\u00a0Fernando de la Rioja - Canciller del principado de las Rosas - Chile en Tinieblas\" \/>\n<meta property=\"og:description\" content=\"Concepto General: Patriarca Calculador Era un empresario que se transform\u00f3 en uno de los oligarcas m\u00e1s influyentes que ayud\u00f3 en la fundaci\u00f3n de la ciudad de Vi\u00f1a del Mar, siendo recompensado por el monarca Alfonso XIII con el t\u00edtulo nobiliario del condado de la Rioja de Neila en Espa\u00f1a. Tras su abrazo por parte del [&hellip;]\" \/>\n<meta property=\"og:url\" content=\"https:\/\/chileentinieblas.cl\/en\/pnj\/fernando-de-la-rioja-canciller-del-principado-de-las-rosas\/\" \/>\n<meta property=\"og:site_name\" content=\"Chile en Tinieblas\" \/>\n<meta property=\"article:publisher\" content=\"https:\/\/www.facebook.com\/ChileenTinieblas\" \/>\n<meta property=\"article:modified_time\" content=\"2024-07-27T03:56:15+00:00\" \/>\n<meta property=\"og:image\" content=\"https:\/\/chileentinieblas.cl\/wp-content\/uploads\/2024\/04\/fernando-de-la-rioja.png\" \/>\n\t<meta property=\"og:image:width\" content=\"1024\" \/>\n\t<meta property=\"og:image:height\" content=\"1024\" \/>\n\t<meta property=\"og:image:type\" content=\"image\/png\" \/>\n<meta name=\"twitter:card\" content=\"summary_large_image\" \/>\n<meta name=\"twitter:label1\" content=\"Est. reading time\" \/>\n\t<meta name=\"twitter:data1\" content=\"5 minutes\" \/>\n<script type=\"application\/ld+json\" class=\"yoast-schema-graph\">{\"@context\":\"https:\\\/\\\/schema.org\",\"@graph\":[{\"@type\":\"WebPage\",\"@id\":\"https:\\\/\\\/chileentinieblas.cl\\\/pnj\\\/fernando-de-la-rioja-canciller-del-principado-de-las-rosas\\\/\",\"url\":\"https:\\\/\\\/chileentinieblas.cl\\\/pnj\\\/fernando-de-la-rioja-canciller-del-principado-de-las-rosas\\\/\",\"name\":\"\u00a0Fernando de la Rioja - Canciller del principado de las Rosas - Chile en Tinieblas\",\"isPartOf\":{\"@id\":\"https:\\\/\\\/chileentinieblas.cl\\\/#website\"},\"primaryImageOfPage\":{\"@id\":\"https:\\\/\\\/chileentinieblas.cl\\\/pnj\\\/fernando-de-la-rioja-canciller-del-principado-de-las-rosas\\\/#primaryimage\"},\"image\":{\"@id\":\"https:\\\/\\\/chileentinieblas.cl\\\/pnj\\\/fernando-de-la-rioja-canciller-del-principado-de-las-rosas\\\/#primaryimage\"},\"thumbnailUrl\":\"https:\\\/\\\/chileentinieblas.cl\\\/wp-content\\\/uploads\\\/2024\\\/04\\\/fernando-de-la-rioja.png\",\"datePublished\":\"2024-04-18T00:44:53+00:00\",\"dateModified\":\"2024-07-27T03:56:15+00:00\",\"breadcrumb\":{\"@id\":\"https:\\\/\\\/chileentinieblas.cl\\\/pnj\\\/fernando-de-la-rioja-canciller-del-principado-de-las-rosas\\\/#breadcrumb\"},\"inLanguage\":\"en-US\",\"potentialAction\":[{\"@type\":\"ReadAction\",\"target\":[\"https:\\\/\\\/chileentinieblas.cl\\\/pnj\\\/fernando-de-la-rioja-canciller-del-principado-de-las-rosas\\\/\"]}]},{\"@type\":\"ImageObject\",\"inLanguage\":\"en-US\",\"@id\":\"https:\\\/\\\/chileentinieblas.cl\\\/pnj\\\/fernando-de-la-rioja-canciller-del-principado-de-las-rosas\\\/#primaryimage\",\"url\":\"https:\\\/\\\/chileentinieblas.cl\\\/wp-content\\\/uploads\\\/2024\\\/04\\\/fernando-de-la-rioja.png\",\"contentUrl\":\"https:\\\/\\\/chileentinieblas.cl\\\/wp-content\\\/uploads\\\/2024\\\/04\\\/fernando-de-la-rioja.png\",\"width\":1024,\"height\":1024},{\"@type\":\"BreadcrumbList\",\"@id\":\"https:\\\/\\\/chileentinieblas.cl\\\/pnj\\\/fernando-de-la-rioja-canciller-del-principado-de-las-rosas\\\/#breadcrumb\",\"itemListElement\":[{\"@type\":\"ListItem\",\"position\":1,\"name\":\"Portada\",\"item\":\"https:\\\/\\\/chileentinieblas.cl\\\/\"},{\"@type\":\"ListItem\",\"position\":2,\"name\":\"PNJs\",\"item\":\"https:\\\/\\\/chileentinieblas.cl\\\/pnj\\\/\"},{\"@type\":\"ListItem\",\"position\":3,\"name\":\"\u00a0Fernando de la Rioja &#8211; Canciller del principado de las Rosas\"}]},{\"@type\":\"WebSite\",\"@id\":\"https:\\\/\\\/chileentinieblas.cl\\\/#website\",\"url\":\"https:\\\/\\\/chileentinieblas.cl\\\/\",\"name\":\"Chile en Tinieblas\",\"description\":\"Un servidor con mesas de rol de Mundo de Tinieblas\",\"publisher\":{\"@id\":\"https:\\\/\\\/chileentinieblas.cl\\\/#organization\"},\"potentialAction\":[{\"@type\":\"SearchAction\",\"target\":{\"@type\":\"EntryPoint\",\"urlTemplate\":\"https:\\\/\\\/chileentinieblas.cl\\\/?s={search_term_string}\"},\"query-input\":{\"@type\":\"PropertyValueSpecification\",\"valueRequired\":true,\"valueName\":\"search_term_string\"}}],\"inLanguage\":\"en-US\"},{\"@type\":\"Organization\",\"@id\":\"https:\\\/\\\/chileentinieblas.cl\\\/#organization\",\"name\":\"Chile en Tinieblas\",\"url\":\"https:\\\/\\\/chileentinieblas.cl\\\/\",\"logo\":{\"@type\":\"ImageObject\",\"inLanguage\":\"en-US\",\"@id\":\"https:\\\/\\\/chileentinieblas.cl\\\/#\\\/schema\\\/logo\\\/image\\\/\",\"url\":\"https:\\\/\\\/chileentinieblas.cl\\\/wp-content\\\/uploads\\\/2021\\\/12\\\/logo-cet-claro.png\",\"contentUrl\":\"https:\\\/\\\/chileentinieblas.cl\\\/wp-content\\\/uploads\\\/2021\\\/12\\\/logo-cet-claro.png\",\"width\":1001,\"height\":1030,\"caption\":\"Chile en Tinieblas\"},\"image\":{\"@id\":\"https:\\\/\\\/chileentinieblas.cl\\\/#\\\/schema\\\/logo\\\/image\\\/\"},\"sameAs\":[\"https:\\\/\\\/www.facebook.com\\\/ChileenTinieblas\",\"https:\\\/\\\/www.instagram.com\\\/chileentinieblas\\\/\",\"https:\\\/\\\/www.youtube.com\\\/@chileentinieblas\",\"https:\\\/\\\/www.tiktok.com\\\/@chileentinieblas\"]}]}<\/script>\n<!-- \/ Yoast SEO plugin. -->","yoast_head_json":{"title":"\u00a0Fernando de la Rioja - Canciller del principado de las Rosas - Chile en Tinieblas","robots":{"index":"index","follow":"follow","max-snippet":"max-snippet:-1","max-image-preview":"max-image-preview:large","max-video-preview":"max-video-preview:-1"},"canonical":"https:\/\/chileentinieblas.cl\/en\/pnj\/fernando-de-la-rioja-canciller-del-principado-de-las-rosas\/","og_locale":"en_US","og_type":"article","og_title":"\u00a0Fernando de la Rioja - Canciller del principado de las Rosas - Chile en Tinieblas","og_description":"Concepto General: Patriarca Calculador Era un empresario que se transform\u00f3 en uno de los oligarcas m\u00e1s influyentes que ayud\u00f3 en la fundaci\u00f3n de la ciudad de Vi\u00f1a del Mar, siendo recompensado por el monarca Alfonso XIII con el t\u00edtulo nobiliario del condado de la Rioja de Neila en Espa\u00f1a. Tras su abrazo por parte del [&hellip;]","og_url":"https:\/\/chileentinieblas.cl\/en\/pnj\/fernando-de-la-rioja-canciller-del-principado-de-las-rosas\/","og_site_name":"Chile en Tinieblas","article_publisher":"https:\/\/www.facebook.com\/ChileenTinieblas","article_modified_time":"2024-07-27T03:56:15+00:00","og_image":[{"width":1024,"height":1024,"url":"https:\/\/chileentinieblas.cl\/wp-content\/uploads\/2024\/04\/fernando-de-la-rioja.png","type":"image\/png"}],"twitter_card":"summary_large_image","twitter_misc":{"Est. reading time":"5 minutes"},"schema":{"@context":"https:\/\/schema.org","@graph":[{"@type":"WebPage","@id":"https:\/\/chileentinieblas.cl\/pnj\/fernando-de-la-rioja-canciller-del-principado-de-las-rosas\/","url":"https:\/\/chileentinieblas.cl\/pnj\/fernando-de-la-rioja-canciller-del-principado-de-las-rosas\/","name":"\u00a0Fernando de la Rioja - Canciller del principado de las Rosas - Chile en Tinieblas","isPartOf":{"@id":"https:\/\/chileentinieblas.cl\/#website"},"primaryImageOfPage":{"@id":"https:\/\/chileentinieblas.cl\/pnj\/fernando-de-la-rioja-canciller-del-principado-de-las-rosas\/#primaryimage"},"image":{"@id":"https:\/\/chileentinieblas.cl\/pnj\/fernando-de-la-rioja-canciller-del-principado-de-las-rosas\/#primaryimage"},"thumbnailUrl":"https:\/\/chileentinieblas.cl\/wp-content\/uploads\/2024\/04\/fernando-de-la-rioja.png","datePublished":"2024-04-18T00:44:53+00:00","dateModified":"2024-07-27T03:56:15+00:00","breadcrumb":{"@id":"https:\/\/chileentinieblas.cl\/pnj\/fernando-de-la-rioja-canciller-del-principado-de-las-rosas\/#breadcrumb"},"inLanguage":"en-US","potentialAction":[{"@type":"ReadAction","target":["https:\/\/chileentinieblas.cl\/pnj\/fernando-de-la-rioja-canciller-del-principado-de-las-rosas\/"]}]},{"@type":"ImageObject","inLanguage":"en-US","@id":"https:\/\/chileentinieblas.cl\/pnj\/fernando-de-la-rioja-canciller-del-principado-de-las-rosas\/#primaryimage","url":"https:\/\/chileentinieblas.cl\/wp-content\/uploads\/2024\/04\/fernando-de-la-rioja.png","contentUrl":"https:\/\/chileentinieblas.cl\/wp-content\/uploads\/2024\/04\/fernando-de-la-rioja.png","width":1024,"height":1024},{"@type":"BreadcrumbList","@id":"https:\/\/chileentinieblas.cl\/pnj\/fernando-de-la-rioja-canciller-del-principado-de-las-rosas\/#breadcrumb","itemListElement":[{"@type":"ListItem","position":1,"name":"Portada","item":"https:\/\/chileentinieblas.cl\/"},{"@type":"ListItem","position":2,"name":"PNJs","item":"https:\/\/chileentinieblas.cl\/pnj\/"},{"@type":"ListItem","position":3,"name":"\u00a0Fernando de la Rioja &#8211; Canciller del principado de las Rosas"}]},{"@type":"WebSite","@id":"https:\/\/chileentinieblas.cl\/#website","url":"https:\/\/chileentinieblas.cl\/","name":"Chile en Tinieblas","description":"Un servidor con mesas de rol de Mundo de Tinieblas","publisher":{"@id":"https:\/\/chileentinieblas.cl\/#organization"},"potentialAction":[{"@type":"SearchAction","target":{"@type":"EntryPoint","urlTemplate":"https:\/\/chileentinieblas.cl\/?s={search_term_string}"},"query-input":{"@type":"PropertyValueSpecification","valueRequired":true,"valueName":"search_term_string"}}],"inLanguage":"en-US"},{"@type":"Organization","@id":"https:\/\/chileentinieblas.cl\/#organization","name":"Chile en Tinieblas","url":"https:\/\/chileentinieblas.cl\/","logo":{"@type":"ImageObject","inLanguage":"en-US","@id":"https:\/\/chileentinieblas.cl\/#\/schema\/logo\/image\/","url":"https:\/\/chileentinieblas.cl\/wp-content\/uploads\/2021\/12\/logo-cet-claro.png","contentUrl":"https:\/\/chileentinieblas.cl\/wp-content\/uploads\/2021\/12\/logo-cet-claro.png","width":1001,"height":1030,"caption":"Chile en Tinieblas"},"image":{"@id":"https:\/\/chileentinieblas.cl\/#\/schema\/logo\/image\/"},"sameAs":["https:\/\/www.facebook.com\/ChileenTinieblas","https:\/\/www.instagram.com\/chileentinieblas\/","https:\/\/www.youtube.com\/@chileentinieblas","https:\/\/www.tiktok.com\/@chileentinieblas"]}]}},"jetpack_sharing_enabled":true,"_links":{"self":[{"href":"https:\/\/chileentinieblas.cl\/en\/wp-json\/wp\/v2\/pnj\/5145","targetHints":{"allow":["GET"]}}],"collection":[{"href":"https:\/\/chileentinieblas.cl\/en\/wp-json\/wp\/v2\/pnj"}],"about":[{"href":"https:\/\/chileentinieblas.cl\/en\/wp-json\/wp\/v2\/types\/pnj"}],"author":[{"embeddable":true,"href":"https:\/\/chileentinieblas.cl\/en\/wp-json\/wp\/v2\/users\/30"}],"wp:featuredmedia":[{"embeddable":true,"href":"https:\/\/chileentinieblas.cl\/en\/wp-json\/wp\/v2\/media\/5146"}],"wp:attachment":[{"href":"https:\/\/chileentinieblas.cl\/en\/wp-json\/wp\/v2\/media?parent=5145"}],"wp:term":[{"taxonomy":"post_tag","embeddable":true,"href":"https:\/\/chileentinieblas.cl\/en\/wp-json\/wp\/v2\/tags?post=5145"},{"taxonomy":"faccion","embeddable":true,"href":"https:\/\/chileentinieblas.cl\/en\/wp-json\/wp\/v2\/faccion?post=5145"}],"curies":[{"name":"wp","href":"https:\/\/api.w.org\/{rel}","templated":true}]}}