{"id":5143,"date":"2024-04-18T02:20:23","date_gmt":"2024-04-18T02:20:23","guid":{"rendered":"https:\/\/chileentinieblas.cl\/?post_type=pnj&#038;p=5143"},"modified":"2024-07-27T03:56:15","modified_gmt":"2024-07-27T03:56:15","slug":"nadia-huassaff-baronesa-del-club-de-la-bohemia-portena","status":"publish","type":"pnj","link":"https:\/\/chileentinieblas.cl\/en\/pnj\/nadia-huassaff-baronesa-del-club-de-la-bohemia-portena\/","title":{"rendered":"Nadia Huassaff &#8211; Baronesa del Club de la Bohemia Porte\u00f1a"},"content":{"rendered":"<h2 class=\"wp-block-heading\"><strong>Concepto General:<\/strong> <em>Mafiosa Profesional<\/em><\/h2>\n\n\n\n<p class=\"wp-block-paragraph\">Con un talento impresionante para los negocios, la seducci\u00f3n y una presencia hist\u00f3rica en el puerto durante los a\u00f1os m\u00e1s violentos del siglo XX, Nadia ha mostrado estar a la altura de las \u00faltimas noches llegando a convertirse, a pesar de ser una neonata, en la l\u00edder indiscutida dentro del clan del Ministerio y siendo declarada como baronesa por la junta de accionistas del vicioso <em><strong><a href=\"https:\/\/chileentinieblas.cl\/en\/agrupaciones\/el-club-de-la-bohemia-portena\/\" data-type=\"link\" data-id=\"https:\/\/chileentinieblas.cl\/agrupaciones\/el-club-de-la-bohemia-portena\/\">Club de la Bohemia Porte\u00f1a<\/a>.<\/strong><\/em><\/p>\n\n\n\n<p class=\"wp-block-paragraph\">Posee una extensa red de influencias en el mundo del narcotr\u00e1fico, bohemia y la prostituci\u00f3n porte\u00f1a, liderando la directiva de los accionistas del Club, tarea no sencilla considerando que la agrupaci\u00f3n se conform\u00f3 inicialmente como una coalici\u00f3n de v\u00e1stagos autarcas que se asociaron para no rendirle cuentas a nadie. Debido a esto Nadia ha demostrado ser una experta en el uso del poder blando, seduciendo a los accionistas del Club a cooperar en base a reconocer los intereses comunes, pese a las notables diferencias que dividen a los miembros de la agrupaci\u00f3n.<\/p>\n\n\n\n<p class=\"wp-block-paragraph\">Siendo la principal responsable de organizar al clan tras la desaparici\u00f3n de su sire, su papel fue clave para que los ministros pudieran enfrentar y sobrevivir a la amenaza del Sabbat en los cerros, consiguiendo esto en gran parte por su meticuloso trabajo de alianzas y negociaciones que permitieron la integraci\u00f3n de su clan dentro del movimiento anarquista porte\u00f1o, cosa que le permiti\u00f3 pararse como un igual ante prominentes anarquistas como Emile Dubois y Lucian.<\/p>\n\n\n\n<h2 class=\"wp-block-heading\"><strong>Modus Operandi:<\/strong> <em>Reina del Ambiente<\/em><\/h2>\n\n\n\n<p class=\"wp-block-paragraph\">Moviendose por la subcultura criminal, Nadia ha llegado a ser reconocida en la subcultura ligada al mercado negro y narcotr\u00e1fico, quienes saben que a trav\u00e9s de ella pueden conseguir acceso al Club de la Bohemia Porte\u00f1a y con ello a un sinn\u00famero de beneficios que atraen a un grupo discreto de mortales suficientemente ambiciosos o desesperados para hacer tratos con ella. Este contexto es el que da pie para que consiga alimentarse de sus presas, muchas de las cuales ignoran realmente el trasfondo vamp\u00edrico de ella y la agrupaci\u00f3n que lidera.<\/p>\n\n\n\n<h2 class=\"wp-block-heading\"><strong>Filosof\u00eda Personal:<\/strong> <em>Senda del Tif\u00f3n<\/em><\/h2>\n\n\n\n<p class=\"wp-block-paragraph\"><strong>Ambici\u00f3n:<\/strong> <em>\u201cConstruir un reino de libertad en el que tanto mortales como v\u00e1stagos puedan entregarse libremente a los deseos m\u00e1s oscuros y sinceros de su coraz\u00f3n.\u201d<\/em><\/p>\n\n\n\n<p class=\"wp-block-paragraph\"><strong>Gnosticismo Ophita: <\/strong>La realidad aparente es una trampa generada por el demiurgo para mantener esclavizadas las almas humanas en esta realidad. El orden creado por el dios judeocristiano es corrupto en esencia y la \u00fanica forma de liberarse es romper radicalmente con \u00e9l cayendo en la tentaci\u00f3n y el pecado, mordiendo la manzana del \u00e1rbol sagrado que la serpiente ofrece. Por esto dentro de cada alma existe un potencial divino que la maldici\u00f3n despierta, un camino de trascendencia en donde descubrir la propia divinidad.<\/p>\n\n\n\n<p class=\"wp-block-paragraph\"><strong>Ego\u00edsmo Stirneriano: <\/strong>sin importar las excusas o pretextos cada ser humano es insuperablemente ego\u00edsta, defendiendo y luchando por sus propios intereses por m\u00e1s que se llenen la boca con palabras bonitas como altruismo y solidaridad. La consecuencia de esto es que la \u00fanica forma de ser realmente pleno es seguir y alimentar esa voluntad interior, ser due\u00f1o de s\u00ed mismo y del mundo, propiciando la autonom\u00eda e independencia a trav\u00e9s de una asociaci\u00f3n con otros egoistas, quienes se reunen en base a reconocer sus intereses mutuos.<\/p>\n\n\n\n<h2 class=\"wp-block-heading\"><strong>Biograf\u00eda Humana y Vamp\u00edrica<\/strong><\/h2>\n\n\n\n<p class=\"wp-block-paragraph\">El clan familiar de los Huassaf-Harb, fue una familia turca que emigr\u00f3 al norte de Chile y Bolivia durante principios del siglo XX y que construy\u00f3 el cartel de tr\u00e1fico de coca\u00edna m\u00e1s grande que se hubiese conocido en ese entonces. La familia compuesta por Amanda Huassaf y sus hijos Rub\u00e9n Sacre Huassaf y Ren\u00e9 Harb Huassaf, a trav\u00e9s de sus contactos con Bolivia comenz\u00f3 montando sus primeros laboratorios en Antofagasta desde donde extendieron su red de influencias de tr\u00e1fico y de manejo de prost\u00edbulos en diferentes lugares de Chile. Para 1952, el clan se hab\u00eda instalado en Valpara\u00edso, en donde manejaban el prost\u00edbulo m\u00e1s importante de la ciudad y manejaban la exportaci\u00f3n de coca\u00edna a Santiago y otras \u00e1reas de Chile, manteniendo sus laboratorios en las Zorras y Villa Alemana.&nbsp;<\/p>\n\n\n\n<p class=\"wp-block-paragraph\">C\u00f3mo muchos otros parientes y amigos de la familia, Nadia naci\u00f3 en el seno del clan familiar y desde peque\u00f1a aprendi\u00f3 a lidiar y manejar aspectos del negocio, as\u00ed como del culto a una siniestra figura que cuidaban y adoraban en secreto. Este no era sino un importante v\u00e1stago llamado Rumi Husayni, quien era el domitor del clan desde sus lejanas ra\u00edces en oriente medio, quien la hab\u00eda elegido a ella como continuadora de su linaje.<\/p>\n\n\n\n<p class=\"wp-block-paragraph\">Fue as\u00ed que ingres\u00f3 al mundo vamp\u00edrico, cuando, tras la revoluci\u00f3n cubana y la erradicaci\u00f3n de los carteles que constitu\u00edan su principal competencia internacional, su Sire viese la mayor posibilidad de expansi\u00f3n, extendiendo su red de narcotr\u00e1fico a Estados Unidos. Lamentablemente si bien el cartel alcanz\u00f3 su mayor extensi\u00f3n y poder durante estos a\u00f1os, la polic\u00eda terminar\u00eda descubriendo su infiltraci\u00f3n en la misma y terminar\u00eda por desbaratar el cartel en 1959. Para sorpresa de todos, la extinci\u00f3n del clan Husassaff-Harb, lejos de terminar con el comercio de coca\u00edna, no hizo sino volverlo m\u00e1s competitivo, descentralizado e incontrolable.<\/p>\n\n\n\n<p class=\"wp-block-paragraph\">Fue en este contexto que su sire la dej\u00f3 a cargo de sus negocios mientras viajaba al norte, siendo iniciada en los misterios del culto de kaikai por setitas m\u00e1s antiguos y poderosos, quienes llevaban desde el siglo XIX el control del tr\u00e1fico de Opio y otras sustancias en Valpara\u00edso y que eran liderados espiritualmente por Suluna, la sacerdotisa. Suluna le mostr\u00f3 este aspecto local de Set y la tom\u00f3 como protegida, favoreciendo de este modo que el clan la reconociera como l\u00edder tras la desaparici\u00f3n de su sire en los a\u00f1os 80\u2019s.<\/p>\n\n\n\n<p class=\"wp-block-paragraph\">Durante estos a\u00f1os Nadia consolid\u00f3 el poder del clan, gracias a su influencia sobre los mortales y si bien la competencia que ten\u00edan con el Sabbat por el control del narcotr\u00e1fico, especialmente por la introducci\u00f3n y control de la pasta base en los cerros, pus\u00f3 al clan en m\u00e1s de un aprieto, su larga red de contactos con v\u00e1stagos de diferentes clanes y sectas asegur\u00f3 la supervivencia del clan hasta las noches finales. Pocos saben de la gran importancia del clan para la captura de Valpara\u00edso, pero la visi\u00f3n prof\u00e9tica de Suluna llev\u00f3 a apresurar la alianza del Ministerio con Dubois y hasta cierto punto facilitar los conflictos subsiguientes que permitieron la ca\u00edda de la Camarilla en Valpara\u00edso.<\/p>\n\n\n\n<p class=\"wp-block-paragraph\">Si bien los anarquistas dudaban de aliarse con el Ministerio en sus comienzos, Nadia ha mostrado m\u00e1s que ning\u00fan otro v\u00e1stago su compromiso irremediable con la libertad de cada v\u00e1stago para hacer con su no-vida lo que le plazca mientras no afecte al resto de la estirpe. \u00bfY qu\u00e9 m\u00e1s puede decir el resto del movimiento anarquista? Hasta el momento hay pocos clanes que cumplan tan \u00edntegramente este precepto.<\/p>","protected":false},"author":30,"featured_media":5147,"template":"","tags":[],"faccion":[97,101,53],"class_list":["post-5143","pnj","type-pnj","status-publish","has-post-thumbnail","hentry","faccion-anarquistas","faccion-ministerio","faccion-vampiro-la-mascarada"],"acf":{"fecha":"Nacimiento 1933 - Abrazo 1959","estatus":"Activo","ficha_del_personaje":"","aspecto":"De marcados rasgos de medio oriente, su apariencia muestra una belleza ex\u00f3tica y misteriosa, de ojos almendrados y de un profundo color \u00e1mbar con fama de haber hipnotizado a m\u00e1s de alg\u00fan desprevenido. El aspecto m\u00e1s llamativo de su vestimenta es el descarado y, hasta cierto punto, opulento uso de joyas, en especial anillos y pulseras, adem\u00e1s de algunos piercings, sin contar un tatuaje con forma de serpiente que sutilmente recorre diferentes parte de su cuerpo.","interpretacion":"Eres la personificaci\u00f3n de la corrupci\u00f3n y buscas constantemente llevar a las otras personas a las diferentes formas del pecado sin que noten tu influencia perversa. La falsa moral de mortales y v\u00e1stagos cae f\u00e1cil a la tentaci\u00f3n y t\u00fa est\u00e1s ah\u00ed para mover los l\u00edmites sin que lo noten y hacer que accedan a formas nuevas de libertad.\r\n\r\n&nbsp;","informacion_privada":"","mapa_de_kumu_u_otro_embed":null},"yoast_head":"<!-- This site is optimized with the Yoast SEO plugin v28.4 - https:\/\/yoast.com\/product\/yoast-seo-wordpress\/ -->\n<title>Nadia Huassaff - Baronesa del Club de la Bohemia Porte\u00f1a - Chile en Tinieblas<\/title>\n<meta name=\"robots\" content=\"index, follow, max-snippet:-1, max-image-preview:large, max-video-preview:-1\" \/>\n<link rel=\"canonical\" href=\"https:\/\/chileentinieblas.cl\/en\/pnj\/nadia-huassaff-baronesa-del-club-de-la-bohemia-portena\/\" \/>\n<meta property=\"og:locale\" content=\"en_US\" \/>\n<meta property=\"og:type\" content=\"article\" \/>\n<meta property=\"og:title\" content=\"Nadia Huassaff - Baronesa del Club de la Bohemia Porte\u00f1a - Chile en Tinieblas\" \/>\n<meta property=\"og:description\" content=\"Concepto General: Mafiosa Profesional Con un talento impresionante para los negocios, la seducci\u00f3n y una presencia hist\u00f3rica en el puerto durante los a\u00f1os m\u00e1s violentos del siglo XX, Nadia ha mostrado estar a la altura de las \u00faltimas noches llegando a convertirse, a pesar de ser una neonata, en la l\u00edder indiscutida dentro del clan [&hellip;]\" \/>\n<meta property=\"og:url\" content=\"https:\/\/chileentinieblas.cl\/en\/pnj\/nadia-huassaff-baronesa-del-club-de-la-bohemia-portena\/\" \/>\n<meta property=\"og:site_name\" content=\"Chile en Tinieblas\" \/>\n<meta property=\"article:publisher\" content=\"https:\/\/www.facebook.com\/ChileenTinieblas\" \/>\n<meta property=\"article:modified_time\" content=\"2024-07-27T03:56:15+00:00\" \/>\n<meta property=\"og:image\" content=\"https:\/\/chileentinieblas.cl\/wp-content\/uploads\/2024\/04\/Nadia-Huassaff.webp\" \/>\n\t<meta property=\"og:image:width\" content=\"537\" \/>\n\t<meta property=\"og:image:height\" content=\"537\" \/>\n\t<meta property=\"og:image:type\" content=\"image\/webp\" \/>\n<meta name=\"twitter:card\" content=\"summary_large_image\" \/>\n<meta name=\"twitter:label1\" content=\"Est. reading time\" \/>\n\t<meta name=\"twitter:data1\" content=\"6 minutes\" \/>\n<script type=\"application\/ld+json\" class=\"yoast-schema-graph\">{\"@context\":\"https:\\\/\\\/schema.org\",\"@graph\":[{\"@type\":\"WebPage\",\"@id\":\"https:\\\/\\\/chileentinieblas.cl\\\/pnj\\\/nadia-huassaff-baronesa-del-club-de-la-bohemia-portena\\\/\",\"url\":\"https:\\\/\\\/chileentinieblas.cl\\\/pnj\\\/nadia-huassaff-baronesa-del-club-de-la-bohemia-portena\\\/\",\"name\":\"Nadia Huassaff - Baronesa del Club de la Bohemia Porte\u00f1a - Chile en Tinieblas\",\"isPartOf\":{\"@id\":\"https:\\\/\\\/chileentinieblas.cl\\\/#website\"},\"primaryImageOfPage\":{\"@id\":\"https:\\\/\\\/chileentinieblas.cl\\\/pnj\\\/nadia-huassaff-baronesa-del-club-de-la-bohemia-portena\\\/#primaryimage\"},\"image\":{\"@id\":\"https:\\\/\\\/chileentinieblas.cl\\\/pnj\\\/nadia-huassaff-baronesa-del-club-de-la-bohemia-portena\\\/#primaryimage\"},\"thumbnailUrl\":\"https:\\\/\\\/chileentinieblas.cl\\\/wp-content\\\/uploads\\\/2024\\\/04\\\/Nadia-Huassaff.webp\",\"datePublished\":\"2024-04-18T02:20:23+00:00\",\"dateModified\":\"2024-07-27T03:56:15+00:00\",\"breadcrumb\":{\"@id\":\"https:\\\/\\\/chileentinieblas.cl\\\/pnj\\\/nadia-huassaff-baronesa-del-club-de-la-bohemia-portena\\\/#breadcrumb\"},\"inLanguage\":\"en-US\",\"potentialAction\":[{\"@type\":\"ReadAction\",\"target\":[\"https:\\\/\\\/chileentinieblas.cl\\\/pnj\\\/nadia-huassaff-baronesa-del-club-de-la-bohemia-portena\\\/\"]}]},{\"@type\":\"ImageObject\",\"inLanguage\":\"en-US\",\"@id\":\"https:\\\/\\\/chileentinieblas.cl\\\/pnj\\\/nadia-huassaff-baronesa-del-club-de-la-bohemia-portena\\\/#primaryimage\",\"url\":\"https:\\\/\\\/chileentinieblas.cl\\\/wp-content\\\/uploads\\\/2024\\\/04\\\/Nadia-Huassaff.webp\",\"contentUrl\":\"https:\\\/\\\/chileentinieblas.cl\\\/wp-content\\\/uploads\\\/2024\\\/04\\\/Nadia-Huassaff.webp\",\"width\":537,\"height\":537},{\"@type\":\"BreadcrumbList\",\"@id\":\"https:\\\/\\\/chileentinieblas.cl\\\/pnj\\\/nadia-huassaff-baronesa-del-club-de-la-bohemia-portena\\\/#breadcrumb\",\"itemListElement\":[{\"@type\":\"ListItem\",\"position\":1,\"name\":\"Portada\",\"item\":\"https:\\\/\\\/chileentinieblas.cl\\\/\"},{\"@type\":\"ListItem\",\"position\":2,\"name\":\"PNJs\",\"item\":\"https:\\\/\\\/chileentinieblas.cl\\\/pnj\\\/\"},{\"@type\":\"ListItem\",\"position\":3,\"name\":\"Nadia Huassaff &#8211; Baronesa del Club de la Bohemia Porte\u00f1a\"}]},{\"@type\":\"WebSite\",\"@id\":\"https:\\\/\\\/chileentinieblas.cl\\\/#website\",\"url\":\"https:\\\/\\\/chileentinieblas.cl\\\/\",\"name\":\"Chile en Tinieblas\",\"description\":\"Un servidor con mesas de rol de Mundo de Tinieblas\",\"publisher\":{\"@id\":\"https:\\\/\\\/chileentinieblas.cl\\\/#organization\"},\"potentialAction\":[{\"@type\":\"SearchAction\",\"target\":{\"@type\":\"EntryPoint\",\"urlTemplate\":\"https:\\\/\\\/chileentinieblas.cl\\\/?s={search_term_string}\"},\"query-input\":{\"@type\":\"PropertyValueSpecification\",\"valueRequired\":true,\"valueName\":\"search_term_string\"}}],\"inLanguage\":\"en-US\"},{\"@type\":\"Organization\",\"@id\":\"https:\\\/\\\/chileentinieblas.cl\\\/#organization\",\"name\":\"Chile en Tinieblas\",\"url\":\"https:\\\/\\\/chileentinieblas.cl\\\/\",\"logo\":{\"@type\":\"ImageObject\",\"inLanguage\":\"en-US\",\"@id\":\"https:\\\/\\\/chileentinieblas.cl\\\/#\\\/schema\\\/logo\\\/image\\\/\",\"url\":\"https:\\\/\\\/chileentinieblas.cl\\\/wp-content\\\/uploads\\\/2021\\\/12\\\/logo-cet-claro.png\",\"contentUrl\":\"https:\\\/\\\/chileentinieblas.cl\\\/wp-content\\\/uploads\\\/2021\\\/12\\\/logo-cet-claro.png\",\"width\":1001,\"height\":1030,\"caption\":\"Chile en Tinieblas\"},\"image\":{\"@id\":\"https:\\\/\\\/chileentinieblas.cl\\\/#\\\/schema\\\/logo\\\/image\\\/\"},\"sameAs\":[\"https:\\\/\\\/www.facebook.com\\\/ChileenTinieblas\",\"https:\\\/\\\/www.instagram.com\\\/chileentinieblas\\\/\",\"https:\\\/\\\/www.youtube.com\\\/@chileentinieblas\",\"https:\\\/\\\/www.tiktok.com\\\/@chileentinieblas\"]}]}<\/script>\n<!-- \/ Yoast SEO plugin. -->","yoast_head_json":{"title":"Nadia Huassaff - Baronesa del Club de la Bohemia Porte\u00f1a - Chile en Tinieblas","robots":{"index":"index","follow":"follow","max-snippet":"max-snippet:-1","max-image-preview":"max-image-preview:large","max-video-preview":"max-video-preview:-1"},"canonical":"https:\/\/chileentinieblas.cl\/en\/pnj\/nadia-huassaff-baronesa-del-club-de-la-bohemia-portena\/","og_locale":"en_US","og_type":"article","og_title":"Nadia Huassaff - Baronesa del Club de la Bohemia Porte\u00f1a - Chile en Tinieblas","og_description":"Concepto General: Mafiosa Profesional Con un talento impresionante para los negocios, la seducci\u00f3n y una presencia hist\u00f3rica en el puerto durante los a\u00f1os m\u00e1s violentos del siglo XX, Nadia ha mostrado estar a la altura de las \u00faltimas noches llegando a convertirse, a pesar de ser una neonata, en la l\u00edder indiscutida dentro del clan [&hellip;]","og_url":"https:\/\/chileentinieblas.cl\/en\/pnj\/nadia-huassaff-baronesa-del-club-de-la-bohemia-portena\/","og_site_name":"Chile en Tinieblas","article_publisher":"https:\/\/www.facebook.com\/ChileenTinieblas","article_modified_time":"2024-07-27T03:56:15+00:00","og_image":[{"width":537,"height":537,"url":"https:\/\/chileentinieblas.cl\/wp-content\/uploads\/2024\/04\/Nadia-Huassaff.webp","type":"image\/webp"}],"twitter_card":"summary_large_image","twitter_misc":{"Est. reading time":"6 minutes"},"schema":{"@context":"https:\/\/schema.org","@graph":[{"@type":"WebPage","@id":"https:\/\/chileentinieblas.cl\/pnj\/nadia-huassaff-baronesa-del-club-de-la-bohemia-portena\/","url":"https:\/\/chileentinieblas.cl\/pnj\/nadia-huassaff-baronesa-del-club-de-la-bohemia-portena\/","name":"Nadia Huassaff - Baronesa del Club de la Bohemia Porte\u00f1a - Chile en Tinieblas","isPartOf":{"@id":"https:\/\/chileentinieblas.cl\/#website"},"primaryImageOfPage":{"@id":"https:\/\/chileentinieblas.cl\/pnj\/nadia-huassaff-baronesa-del-club-de-la-bohemia-portena\/#primaryimage"},"image":{"@id":"https:\/\/chileentinieblas.cl\/pnj\/nadia-huassaff-baronesa-del-club-de-la-bohemia-portena\/#primaryimage"},"thumbnailUrl":"https:\/\/chileentinieblas.cl\/wp-content\/uploads\/2024\/04\/Nadia-Huassaff.webp","datePublished":"2024-04-18T02:20:23+00:00","dateModified":"2024-07-27T03:56:15+00:00","breadcrumb":{"@id":"https:\/\/chileentinieblas.cl\/pnj\/nadia-huassaff-baronesa-del-club-de-la-bohemia-portena\/#breadcrumb"},"inLanguage":"en-US","potentialAction":[{"@type":"ReadAction","target":["https:\/\/chileentinieblas.cl\/pnj\/nadia-huassaff-baronesa-del-club-de-la-bohemia-portena\/"]}]},{"@type":"ImageObject","inLanguage":"en-US","@id":"https:\/\/chileentinieblas.cl\/pnj\/nadia-huassaff-baronesa-del-club-de-la-bohemia-portena\/#primaryimage","url":"https:\/\/chileentinieblas.cl\/wp-content\/uploads\/2024\/04\/Nadia-Huassaff.webp","contentUrl":"https:\/\/chileentinieblas.cl\/wp-content\/uploads\/2024\/04\/Nadia-Huassaff.webp","width":537,"height":537},{"@type":"BreadcrumbList","@id":"https:\/\/chileentinieblas.cl\/pnj\/nadia-huassaff-baronesa-del-club-de-la-bohemia-portena\/#breadcrumb","itemListElement":[{"@type":"ListItem","position":1,"name":"Portada","item":"https:\/\/chileentinieblas.cl\/"},{"@type":"ListItem","position":2,"name":"PNJs","item":"https:\/\/chileentinieblas.cl\/pnj\/"},{"@type":"ListItem","position":3,"name":"Nadia Huassaff &#8211; Baronesa del Club de la Bohemia Porte\u00f1a"}]},{"@type":"WebSite","@id":"https:\/\/chileentinieblas.cl\/#website","url":"https:\/\/chileentinieblas.cl\/","name":"Chile en Tinieblas","description":"Un servidor con mesas de rol de Mundo de Tinieblas","publisher":{"@id":"https:\/\/chileentinieblas.cl\/#organization"},"potentialAction":[{"@type":"SearchAction","target":{"@type":"EntryPoint","urlTemplate":"https:\/\/chileentinieblas.cl\/?s={search_term_string}"},"query-input":{"@type":"PropertyValueSpecification","valueRequired":true,"valueName":"search_term_string"}}],"inLanguage":"en-US"},{"@type":"Organization","@id":"https:\/\/chileentinieblas.cl\/#organization","name":"Chile en Tinieblas","url":"https:\/\/chileentinieblas.cl\/","logo":{"@type":"ImageObject","inLanguage":"en-US","@id":"https:\/\/chileentinieblas.cl\/#\/schema\/logo\/image\/","url":"https:\/\/chileentinieblas.cl\/wp-content\/uploads\/2021\/12\/logo-cet-claro.png","contentUrl":"https:\/\/chileentinieblas.cl\/wp-content\/uploads\/2021\/12\/logo-cet-claro.png","width":1001,"height":1030,"caption":"Chile en Tinieblas"},"image":{"@id":"https:\/\/chileentinieblas.cl\/#\/schema\/logo\/image\/"},"sameAs":["https:\/\/www.facebook.com\/ChileenTinieblas","https:\/\/www.instagram.com\/chileentinieblas\/","https:\/\/www.youtube.com\/@chileentinieblas","https:\/\/www.tiktok.com\/@chileentinieblas"]}]}},"jetpack_sharing_enabled":true,"_links":{"self":[{"href":"https:\/\/chileentinieblas.cl\/en\/wp-json\/wp\/v2\/pnj\/5143","targetHints":{"allow":["GET"]}}],"collection":[{"href":"https:\/\/chileentinieblas.cl\/en\/wp-json\/wp\/v2\/pnj"}],"about":[{"href":"https:\/\/chileentinieblas.cl\/en\/wp-json\/wp\/v2\/types\/pnj"}],"author":[{"embeddable":true,"href":"https:\/\/chileentinieblas.cl\/en\/wp-json\/wp\/v2\/users\/30"}],"wp:featuredmedia":[{"embeddable":true,"href":"https:\/\/chileentinieblas.cl\/en\/wp-json\/wp\/v2\/media\/5147"}],"wp:attachment":[{"href":"https:\/\/chileentinieblas.cl\/en\/wp-json\/wp\/v2\/media?parent=5143"}],"wp:term":[{"taxonomy":"post_tag","embeddable":true,"href":"https:\/\/chileentinieblas.cl\/en\/wp-json\/wp\/v2\/tags?post=5143"},{"taxonomy":"faccion","embeddable":true,"href":"https:\/\/chileentinieblas.cl\/en\/wp-json\/wp\/v2\/faccion?post=5143"}],"curies":[{"name":"wp","href":"https:\/\/api.w.org\/{rel}","templated":true}]}}