{"id":4541,"date":"2023-09-06T17:25:00","date_gmt":"2023-09-06T17:25:00","guid":{"rendered":"https:\/\/chileentinieblas.cl\/?post_type=pnj&#038;p=4541"},"modified":"2024-07-27T03:56:16","modified_gmt":"2024-07-27T03:56:16","slug":"kuyenray-pelki-flor-que-clava","status":"publish","type":"pnj","link":"https:\/\/chileentinieblas.cl\/en\/pnj\/kuyenray-pelki-flor-que-clava\/","title":{"rendered":"Kuyenray Pelki, &#8220;Flor-que-clava&#8221;"},"content":{"rendered":"<h2 class=\"wp-block-heading\">Atrapa Verdades<\/h2>\n\n\n\n<p class=\"wp-block-paragraph\">La Philodox Furia Negra que se hizo una r\u00e1pida fama junto a su manada conformada por guerreras de distintas partes de Sudam\u00e9rica. En algun momento fue aprendiz de Machi pero pasado su primer cambio tuvo una necesidad creciente por comprender el mundo mas all\u00e1 de las fronteras, en b\u00fasqueda de la justicia de Gaia. fue as\u00ed como conoci\u00f3 al resto de su manada, en una aventura que duro varios a\u00f1os y las vio pasar por distintos campos de batalla, como lo fue en su momento, la guerra del amazonas.<\/p>\n\n\n\n<p class=\"wp-block-paragraph\">Al volver a Chile descubre lo ocurrido con Pie-Rojo, el antiguo alfa del Clan de la Serpiente, asi que decide apoyar a los Uktena venidos de Chilo\u00e9, determinando en juicio un castigo justo. Fue asi como la manada junto a Kuyenray se quedaron protegiendo este t\u00famulo antiguo junto a la gran cicatriz putrida que es la ciudad de Santiago.<\/p>\n\n\n\n<p class=\"wp-block-paragraph\">En poco tiempo demostr\u00f3 su determinaci\u00f3n y pensamiento femenino enfrentandose a los 3 Theurge lideres, lo cual tendi\u00f3 a equilibrar los asuntos de pol\u00edticas Garou en el Clan, mostr\u00e1ndose fiel y tolerante pero dura e impactante a la hora de castigar, fue honrada con el cargo de Atrapa Verdades del clan de la Serpiente del Caj\u00f3n.<\/p>","protected":false},"author":8,"featured_media":4542,"template":"","tags":[122],"faccion":[156,52,68],"class_list":["post-4541","pnj","type-pnj","status-publish","has-post-thumbnail","hentry","tag-clan-de-la-serpiente-del-cajon","faccion-furias-negras","faccion-hombre-lobo-el-apocalipsis","faccion-nacion-garou"],"acf":{"fecha":"1982 - Presente","estatus":"Activo","ficha_del_personaje":"","aspecto":"Con claras vestimentas y pinturas mapuches y de otras etnias latinoamericanas, una capa emplumada y sumamente atractiva, de 1,75 aprox, su estado fisico tonificado y algunas cicatrices en sus hombros como mordeduras.","interpretacion":"Sin duda una Garou directa y al grano cuando es hora de tomar decisiones, tiende a ser mucho mas divertida y apacible durante las celebraciones, pero cuando su deber esta en acci\u00f3n se vuelve una l\u00edder de alto nivel a la hora de cuidar a su manada y defenderse de las criaturas del wyrm.","informacion_privada":"","mapa_de_kumu_u_otro_embed":null},"yoast_head":"<!-- This site is optimized with the Yoast SEO plugin v28.4 - https:\/\/yoast.com\/product\/yoast-seo-wordpress\/ -->\n<title>Kuyenray Pelki, &quot;Flor-que-clava&quot; - Chile en Tinieblas<\/title>\n<meta name=\"robots\" content=\"index, follow, max-snippet:-1, max-image-preview:large, max-video-preview:-1\" \/>\n<link rel=\"canonical\" href=\"https:\/\/chileentinieblas.cl\/en\/pnj\/kuyenray-pelki-flor-que-clava\/\" \/>\n<meta property=\"og:locale\" content=\"en_US\" \/>\n<meta property=\"og:type\" content=\"article\" \/>\n<meta property=\"og:title\" content=\"Kuyenray Pelki, &quot;Flor-que-clava&quot; - Chile en Tinieblas\" \/>\n<meta property=\"og:description\" content=\"Atrapa Verdades La Philodox Furia Negra que se hizo una r\u00e1pida fama junto a su manada conformada por guerreras de distintas partes de Sudam\u00e9rica. En algun momento fue aprendiz de Machi pero pasado su primer cambio tuvo una necesidad creciente por comprender el mundo mas all\u00e1 de las fronteras, en b\u00fasqueda de la justicia de [&hellip;]\" \/>\n<meta property=\"og:url\" content=\"https:\/\/chileentinieblas.cl\/en\/pnj\/kuyenray-pelki-flor-que-clava\/\" \/>\n<meta property=\"og:site_name\" content=\"Chile en Tinieblas\" \/>\n<meta property=\"article:publisher\" content=\"https:\/\/www.facebook.com\/ChileenTinieblas\" \/>\n<meta property=\"article:modified_time\" content=\"2024-07-27T03:56:16+00:00\" \/>\n<meta property=\"og:image\" content=\"https:\/\/chileentinieblas.cl\/wp-content\/uploads\/2023\/09\/chileentinieblas_Cinematic_shot_Mapuche_woman_with_feather_cape_0986a28e-d87a-4d40-be15-d607bac25db8.png\" \/>\n\t<meta property=\"og:image:width\" content=\"1344\" \/>\n\t<meta property=\"og:image:height\" content=\"896\" \/>\n\t<meta property=\"og:image:type\" content=\"image\/png\" \/>\n<meta name=\"twitter:card\" content=\"summary_large_image\" \/>\n<meta name=\"twitter:label1\" content=\"Est. reading time\" \/>\n\t<meta name=\"twitter:data1\" content=\"1 minute\" \/>\n<script type=\"application\/ld+json\" class=\"yoast-schema-graph\">{\"@context\":\"https:\\\/\\\/schema.org\",\"@graph\":[{\"@type\":\"WebPage\",\"@id\":\"https:\\\/\\\/chileentinieblas.cl\\\/pnj\\\/kuyenray-pelki-flor-que-clava\\\/\",\"url\":\"https:\\\/\\\/chileentinieblas.cl\\\/pnj\\\/kuyenray-pelki-flor-que-clava\\\/\",\"name\":\"Kuyenray Pelki, \\\"Flor-que-clava\\\" - Chile en Tinieblas\",\"isPartOf\":{\"@id\":\"https:\\\/\\\/chileentinieblas.cl\\\/#website\"},\"primaryImageOfPage\":{\"@id\":\"https:\\\/\\\/chileentinieblas.cl\\\/pnj\\\/kuyenray-pelki-flor-que-clava\\\/#primaryimage\"},\"image\":{\"@id\":\"https:\\\/\\\/chileentinieblas.cl\\\/pnj\\\/kuyenray-pelki-flor-que-clava\\\/#primaryimage\"},\"thumbnailUrl\":\"https:\\\/\\\/chileentinieblas.cl\\\/wp-content\\\/uploads\\\/2023\\\/09\\\/chileentinieblas_Cinematic_shot_Mapuche_woman_with_feather_cape_0986a28e-d87a-4d40-be15-d607bac25db8.png\",\"datePublished\":\"2023-09-06T17:25:00+00:00\",\"dateModified\":\"2024-07-27T03:56:16+00:00\",\"breadcrumb\":{\"@id\":\"https:\\\/\\\/chileentinieblas.cl\\\/pnj\\\/kuyenray-pelki-flor-que-clava\\\/#breadcrumb\"},\"inLanguage\":\"en-US\",\"potentialAction\":[{\"@type\":\"ReadAction\",\"target\":[\"https:\\\/\\\/chileentinieblas.cl\\\/pnj\\\/kuyenray-pelki-flor-que-clava\\\/\"]}]},{\"@type\":\"ImageObject\",\"inLanguage\":\"en-US\",\"@id\":\"https:\\\/\\\/chileentinieblas.cl\\\/pnj\\\/kuyenray-pelki-flor-que-clava\\\/#primaryimage\",\"url\":\"https:\\\/\\\/chileentinieblas.cl\\\/wp-content\\\/uploads\\\/2023\\\/09\\\/chileentinieblas_Cinematic_shot_Mapuche_woman_with_feather_cape_0986a28e-d87a-4d40-be15-d607bac25db8.png\",\"contentUrl\":\"https:\\\/\\\/chileentinieblas.cl\\\/wp-content\\\/uploads\\\/2023\\\/09\\\/chileentinieblas_Cinematic_shot_Mapuche_woman_with_feather_cape_0986a28e-d87a-4d40-be15-d607bac25db8.png\",\"width\":1344,\"height\":896},{\"@type\":\"BreadcrumbList\",\"@id\":\"https:\\\/\\\/chileentinieblas.cl\\\/pnj\\\/kuyenray-pelki-flor-que-clava\\\/#breadcrumb\",\"itemListElement\":[{\"@type\":\"ListItem\",\"position\":1,\"name\":\"Portada\",\"item\":\"https:\\\/\\\/chileentinieblas.cl\\\/\"},{\"@type\":\"ListItem\",\"position\":2,\"name\":\"PNJs\",\"item\":\"https:\\\/\\\/chileentinieblas.cl\\\/pnj\\\/\"},{\"@type\":\"ListItem\",\"position\":3,\"name\":\"Kuyenray Pelki, \u00abFlor-que-clava\u00bb\"}]},{\"@type\":\"WebSite\",\"@id\":\"https:\\\/\\\/chileentinieblas.cl\\\/#website\",\"url\":\"https:\\\/\\\/chileentinieblas.cl\\\/\",\"name\":\"Chile en Tinieblas\",\"description\":\"Un servidor con mesas de rol de Mundo de Tinieblas\",\"publisher\":{\"@id\":\"https:\\\/\\\/chileentinieblas.cl\\\/#organization\"},\"potentialAction\":[{\"@type\":\"SearchAction\",\"target\":{\"@type\":\"EntryPoint\",\"urlTemplate\":\"https:\\\/\\\/chileentinieblas.cl\\\/?s={search_term_string}\"},\"query-input\":{\"@type\":\"PropertyValueSpecification\",\"valueRequired\":true,\"valueName\":\"search_term_string\"}}],\"inLanguage\":\"en-US\"},{\"@type\":\"Organization\",\"@id\":\"https:\\\/\\\/chileentinieblas.cl\\\/#organization\",\"name\":\"Chile en Tinieblas\",\"url\":\"https:\\\/\\\/chileentinieblas.cl\\\/\",\"logo\":{\"@type\":\"ImageObject\",\"inLanguage\":\"en-US\",\"@id\":\"https:\\\/\\\/chileentinieblas.cl\\\/#\\\/schema\\\/logo\\\/image\\\/\",\"url\":\"https:\\\/\\\/chileentinieblas.cl\\\/wp-content\\\/uploads\\\/2021\\\/12\\\/logo-cet-claro.png\",\"contentUrl\":\"https:\\\/\\\/chileentinieblas.cl\\\/wp-content\\\/uploads\\\/2021\\\/12\\\/logo-cet-claro.png\",\"width\":1001,\"height\":1030,\"caption\":\"Chile en Tinieblas\"},\"image\":{\"@id\":\"https:\\\/\\\/chileentinieblas.cl\\\/#\\\/schema\\\/logo\\\/image\\\/\"},\"sameAs\":[\"https:\\\/\\\/www.facebook.com\\\/ChileenTinieblas\",\"https:\\\/\\\/www.instagram.com\\\/chileentinieblas\\\/\",\"https:\\\/\\\/www.youtube.com\\\/@chileentinieblas\",\"https:\\\/\\\/www.tiktok.com\\\/@chileentinieblas\"]}]}<\/script>\n<!-- \/ Yoast SEO plugin. -->","yoast_head_json":{"title":"Kuyenray Pelki, \"Flor-que-clava\" - Chile en Tinieblas","robots":{"index":"index","follow":"follow","max-snippet":"max-snippet:-1","max-image-preview":"max-image-preview:large","max-video-preview":"max-video-preview:-1"},"canonical":"https:\/\/chileentinieblas.cl\/en\/pnj\/kuyenray-pelki-flor-que-clava\/","og_locale":"en_US","og_type":"article","og_title":"Kuyenray Pelki, \"Flor-que-clava\" - Chile en Tinieblas","og_description":"Atrapa Verdades La Philodox Furia Negra que se hizo una r\u00e1pida fama junto a su manada conformada por guerreras de distintas partes de Sudam\u00e9rica. En algun momento fue aprendiz de Machi pero pasado su primer cambio tuvo una necesidad creciente por comprender el mundo mas all\u00e1 de las fronteras, en b\u00fasqueda de la justicia de [&hellip;]","og_url":"https:\/\/chileentinieblas.cl\/en\/pnj\/kuyenray-pelki-flor-que-clava\/","og_site_name":"Chile en Tinieblas","article_publisher":"https:\/\/www.facebook.com\/ChileenTinieblas","article_modified_time":"2024-07-27T03:56:16+00:00","og_image":[{"width":1344,"height":896,"url":"https:\/\/chileentinieblas.cl\/wp-content\/uploads\/2023\/09\/chileentinieblas_Cinematic_shot_Mapuche_woman_with_feather_cape_0986a28e-d87a-4d40-be15-d607bac25db8.png","type":"image\/png"}],"twitter_card":"summary_large_image","twitter_misc":{"Est. reading time":"1 minute"},"schema":{"@context":"https:\/\/schema.org","@graph":[{"@type":"WebPage","@id":"https:\/\/chileentinieblas.cl\/pnj\/kuyenray-pelki-flor-que-clava\/","url":"https:\/\/chileentinieblas.cl\/pnj\/kuyenray-pelki-flor-que-clava\/","name":"Kuyenray Pelki, \"Flor-que-clava\" - Chile en Tinieblas","isPartOf":{"@id":"https:\/\/chileentinieblas.cl\/#website"},"primaryImageOfPage":{"@id":"https:\/\/chileentinieblas.cl\/pnj\/kuyenray-pelki-flor-que-clava\/#primaryimage"},"image":{"@id":"https:\/\/chileentinieblas.cl\/pnj\/kuyenray-pelki-flor-que-clava\/#primaryimage"},"thumbnailUrl":"https:\/\/chileentinieblas.cl\/wp-content\/uploads\/2023\/09\/chileentinieblas_Cinematic_shot_Mapuche_woman_with_feather_cape_0986a28e-d87a-4d40-be15-d607bac25db8.png","datePublished":"2023-09-06T17:25:00+00:00","dateModified":"2024-07-27T03:56:16+00:00","breadcrumb":{"@id":"https:\/\/chileentinieblas.cl\/pnj\/kuyenray-pelki-flor-que-clava\/#breadcrumb"},"inLanguage":"en-US","potentialAction":[{"@type":"ReadAction","target":["https:\/\/chileentinieblas.cl\/pnj\/kuyenray-pelki-flor-que-clava\/"]}]},{"@type":"ImageObject","inLanguage":"en-US","@id":"https:\/\/chileentinieblas.cl\/pnj\/kuyenray-pelki-flor-que-clava\/#primaryimage","url":"https:\/\/chileentinieblas.cl\/wp-content\/uploads\/2023\/09\/chileentinieblas_Cinematic_shot_Mapuche_woman_with_feather_cape_0986a28e-d87a-4d40-be15-d607bac25db8.png","contentUrl":"https:\/\/chileentinieblas.cl\/wp-content\/uploads\/2023\/09\/chileentinieblas_Cinematic_shot_Mapuche_woman_with_feather_cape_0986a28e-d87a-4d40-be15-d607bac25db8.png","width":1344,"height":896},{"@type":"BreadcrumbList","@id":"https:\/\/chileentinieblas.cl\/pnj\/kuyenray-pelki-flor-que-clava\/#breadcrumb","itemListElement":[{"@type":"ListItem","position":1,"name":"Portada","item":"https:\/\/chileentinieblas.cl\/"},{"@type":"ListItem","position":2,"name":"PNJs","item":"https:\/\/chileentinieblas.cl\/pnj\/"},{"@type":"ListItem","position":3,"name":"Kuyenray Pelki, \u00abFlor-que-clava\u00bb"}]},{"@type":"WebSite","@id":"https:\/\/chileentinieblas.cl\/#website","url":"https:\/\/chileentinieblas.cl\/","name":"Chile en Tinieblas","description":"Un servidor con mesas de rol de Mundo de Tinieblas","publisher":{"@id":"https:\/\/chileentinieblas.cl\/#organization"},"potentialAction":[{"@type":"SearchAction","target":{"@type":"EntryPoint","urlTemplate":"https:\/\/chileentinieblas.cl\/?s={search_term_string}"},"query-input":{"@type":"PropertyValueSpecification","valueRequired":true,"valueName":"search_term_string"}}],"inLanguage":"en-US"},{"@type":"Organization","@id":"https:\/\/chileentinieblas.cl\/#organization","name":"Chile en Tinieblas","url":"https:\/\/chileentinieblas.cl\/","logo":{"@type":"ImageObject","inLanguage":"en-US","@id":"https:\/\/chileentinieblas.cl\/#\/schema\/logo\/image\/","url":"https:\/\/chileentinieblas.cl\/wp-content\/uploads\/2021\/12\/logo-cet-claro.png","contentUrl":"https:\/\/chileentinieblas.cl\/wp-content\/uploads\/2021\/12\/logo-cet-claro.png","width":1001,"height":1030,"caption":"Chile en Tinieblas"},"image":{"@id":"https:\/\/chileentinieblas.cl\/#\/schema\/logo\/image\/"},"sameAs":["https:\/\/www.facebook.com\/ChileenTinieblas","https:\/\/www.instagram.com\/chileentinieblas\/","https:\/\/www.youtube.com\/@chileentinieblas","https:\/\/www.tiktok.com\/@chileentinieblas"]}]}},"jetpack_sharing_enabled":true,"_links":{"self":[{"href":"https:\/\/chileentinieblas.cl\/en\/wp-json\/wp\/v2\/pnj\/4541","targetHints":{"allow":["GET"]}}],"collection":[{"href":"https:\/\/chileentinieblas.cl\/en\/wp-json\/wp\/v2\/pnj"}],"about":[{"href":"https:\/\/chileentinieblas.cl\/en\/wp-json\/wp\/v2\/types\/pnj"}],"author":[{"embeddable":true,"href":"https:\/\/chileentinieblas.cl\/en\/wp-json\/wp\/v2\/users\/8"}],"wp:featuredmedia":[{"embeddable":true,"href":"https:\/\/chileentinieblas.cl\/en\/wp-json\/wp\/v2\/media\/4542"}],"wp:attachment":[{"href":"https:\/\/chileentinieblas.cl\/en\/wp-json\/wp\/v2\/media?parent=4541"}],"wp:term":[{"taxonomy":"post_tag","embeddable":true,"href":"https:\/\/chileentinieblas.cl\/en\/wp-json\/wp\/v2\/tags?post=4541"},{"taxonomy":"faccion","embeddable":true,"href":"https:\/\/chileentinieblas.cl\/en\/wp-json\/wp\/v2\/faccion?post=4541"}],"curies":[{"name":"wp","href":"https:\/\/api.w.org\/{rel}","templated":true}]}}