{"id":4482,"date":"2023-08-25T16:12:55","date_gmt":"2023-08-25T16:12:55","guid":{"rendered":"https:\/\/chileentinieblas.cl\/?post_type=pnj&#038;p=4482"},"modified":"2026-04-13T19:57:04","modified_gmt":"2026-04-13T19:57:04","slug":"adrian-torres","status":"publish","type":"pnj","link":"https:\/\/chileentinieblas.cl\/en\/pnj\/adrian-torres\/","title":{"rendered":"Adrian Torres"},"content":{"rendered":"\n<p class=\"wp-block-paragraph\">Detective de la PDI que constantemente lo mueven de cuadrante debido a su actitud por insistir en que hay cosas m\u00e1s all\u00e1 de lo que los polic\u00edas ven. Es el \u00fanico que nota que hay pruebas que desaparecen, videos que son eliminados y reportes que describen cosas distintas a las que ha visto en alguno de los casos que ha participado, todos donde es testigo de algo sobrenatural.<\/p>\n\n\n\n<p class=\"wp-block-paragraph\">El detective es resistente al delirio, pudiendo recordar algunas cosas levemente, lo que lo mantiene en una constante paranoia de creer que hay una conspiraci\u00f3n detr\u00e1s de la instituci\u00f3n intentando ocultar las pruebas que sus equipos han logrado capturar. Ha sido testigo de ataques garou y otros eventos m\u00e1gicos m\u00e1s extra\u00f1os, pero nunca ha podido confirmar los hechos despu\u00e9s de eso. Si su solicitud se vuelve muy insistente, sus superiores terminan cambi\u00e1ndolo de cuadrante para que deje de molestar. El resto de sus compa\u00f1eros incluso se burla de sus desvar\u00edos, los que lo rodean solo esperan a que se jubile para que deje de interferir con sus locuras, pero su perspicacia y persistencia se mantienen a pesar de todo.<\/p>\n\n\n\n<h2 class=\"wp-block-heading\">Historial de traslado y reputaci\u00f3n del investigador Adri\u00e1n Torres<\/h2>\n\n\n\n<p class=\"wp-block-paragraph\">En marzo de 2021, tras una d\u00e9cada y media de servicio marcado por investigaciones at\u00edpicas, el detective Adri\u00e1n Torres fue reasignado a la Prefectura de Valpara\u00edso. Su historial de traslados \u2014producto de su insistencia en que tras ciertos casos exist\u00eda algo m\u00e1s all\u00e1 de lo visible\u2014 lo hab\u00eda convertido en un \u201cagente problem\u00e1tico\u201d para sus superiores, pero tambi\u00e9n en el investigador m\u00e1s capacitado para enfrentar fen\u00f3menos FAST (Fuerza Ataque Sorpresiva Temprana).<\/p>\n\n\n\n<p class=\"wp-block-paragraph\">Las razones de su traslado a Valpara\u00edso fueron claras:<\/p>\n\n\n\n<ol class=\"wp-block-list\">\n<li><strong>Alta frecuencia de anomal\u00edas.<\/strong> Informes internos de la PDI y reportes comunitarios \u2014respaldados por perfecto de la V regi\u00f3n  \u2014 situaban en Valpara\u00edso una concentraci\u00f3n inusitada de sucesos paranormales: desapariciones en el Tranque La Luz, \u201cluces err\u00e1ticas\u201d sobre los cerros y susurros desde t\u00faneles subterr\u00e1neos.<\/li>\n\n\n\n<li><strong>Impacto social y medi\u00e1tico.<\/strong> Esa costa y sus barrios hist\u00f3ricos hab\u00edan sido escenario de titulares alternativos que pon\u00edan en jaque la confianza ciudadana. Los medios libres hab\u00edan recogido testimonios de testigos cuyas grabaciones eran sistem\u00e1ticamente extraviadas o manipuladas.<\/li>\n\n\n\n<li><strong>Infraestructura estrat\u00e9gica.<\/strong> Valpara\u00edso contaba con laboratorios forenses de \u00faltima generaci\u00f3n y brigadas especializadas llave en mano, capaces de montar una respuesta \u00e1gil. Concentrar all\u00ed a Torres implicaba optimizar los recursos t\u00e9cnicos y humanos ya disponibles.<\/li>\n\n\n\n<li><strong>Poblaci\u00f3n vulnerable.<\/strong> Los cerros y barrios portuarios albergan comunidades expuestas \u2014desde pescadores hasta estudiantes\u2014 cuyas historias de avistamientos y desapariciones requer\u00edan protecci\u00f3n activa.<\/li>\n<\/ol>\n\n\n\n<p class=\"wp-block-paragraph\"><\/p>\n\n\n\n<p class=\"wp-block-paragraph\">Sin embargo, para que Torres no volviera a ser desplazado a otro cuadrante, era necesario darle un marco institucional que blindara sus investigaciones. En ese contexto, el Perfecto General <strong>Felipe Ib\u00e1\u00f1ez<\/strong>, al mando de la secci\u00f3n de Investigaci\u00f3n y Criminal\u00edstica de la PDI (en secreto uno de los altos mando de la F.A.S.T.), present\u00f3 a comienzos de Enero un informe (luego que incidente de Octubre cerro la ballena y el Caso de cuerpos deshidratados [Susurro del Dios Olvidado]) ante la Subdirecci\u00f3n de Inteligencia de la PDI y La Agencia Nacional de Inteligencia (ANI). En \u00e9l, propon\u00eda:<\/p>\n\n\n\n<p class=\"wp-block-paragraph\"><\/p>\n\n\n\n<ul class=\"wp-block-list\">\n<li>La <strong>creaci\u00f3n oficial<\/strong> de la <strong>Brigada de Investigaci\u00f3n Especial (BIE)<\/strong>, una unidad aut\u00f3noma dentro de la PDI enfocada en fen\u00f3menos extra\u00f1os, con protocolos, equipamiento y presupuesto propios.<\/li>\n\n\n\n<li>La <strong>designaci\u00f3n<\/strong> de Torres como su primer jefe operativo, garantizando as\u00ed continuidad y especializaci\u00f3n en sus casos.<\/li>\n\n\n\n<li>El <strong>financiamiento<\/strong> necesario para equipar a la BIE con detectores EMF, c\u00e1maras termogr\u00e1ficas, grabadoras EVP y la formaci\u00f3n en protocolos FAST ya validados en Chile y en la Coalici\u00f3n ya estaban aprobados de antemano pero no sin una pelea burocracia, hab\u00eda que guardar apariencias.<\/li>\n<\/ul>\n\n\n\n<p class=\"wp-block-paragraph\"><\/p>\n\n\n\n<p class=\"wp-block-paragraph\">Apoyado en datos duros \u2014frecuencia de incidentes, informes p\u00fablicos y potencial de riesgo para la ciudadan\u00eda\u2014, Ib\u00e1\u00f1ez logr\u00f3 que en la <strong>Primera Semana de marzo de 2021<\/strong> se firmara la resoluci\u00f3n interna que autorizaba la constituci\u00f3n de la BIE. A partir de ese momento, Adri\u00e1n Torres dej\u00f3 de ser un agente itinerante y se convirti\u00f3 en el comandante de la nueva brigada, con plena potestad para investigar, documentar y neutralizar cualquier fen\u00f3meno que la PDI catalogara como peligroso en toda la regi\u00f3n de Valpara\u00edso, Adri\u00e1n responde a la Prefectura de Valpara\u00edso y Subdirecci\u00f3n de Inteligencia de la PDI [no sabe que son informes van directo a Felipe Ib\u00e1\u00f1ez].<\/p>\n\n\n\n<p class=\"wp-block-paragraph\"><\/p>\n","protected":false},"author":24,"featured_media":7944,"template":"","tags":[],"faccion":[54],"class_list":["post-4482","pnj","type-pnj","status-publish","has-post-thumbnail","hentry","faccion-cazador-la-venganza"],"acf":{"fecha":"1958 - Actualidad","estatus":"Activo","ficha_del_personaje":"","aspecto":"Canoso, desgastado, y algo de sobrepeso por alimentarse mal entre misi\u00f3n y misi\u00f3n. No se preocupa mucho m\u00e1s de lo necesario por su aspecto personal, siempre usa camisa y la chaqueta de detective PDI que le permite ocultar sus armas de servicio.","interpretacion":"Lleva muchos a\u00f1os viendo la mierda de la ciudad, pero \u00faltimamente le hace sentido las cosas extra\u00f1as con las que se ha topado, cree que detr\u00e1s de cada caso extra\u00f1o hay cosas que ni sus supervisores ni los medios quieren mostrar, pero con dedicaci\u00f3n lograr\u00e1 juntar las piezas suficientes y a las personas adecuadas para demostrarle a la gente de Chile quienes son los verdaderos culpables de su miseria.","informacion_privada":"","mapa_de_kumu_u_otro_embed":""},"yoast_head":"<!-- This site is optimized with the Yoast SEO plugin v28.4 - https:\/\/yoast.com\/product\/yoast-seo-wordpress\/ -->\n<title>Adrian Torres - Chile en Tinieblas<\/title>\n<meta name=\"robots\" content=\"index, follow, max-snippet:-1, max-image-preview:large, max-video-preview:-1\" \/>\n<link rel=\"canonical\" href=\"https:\/\/chileentinieblas.cl\/en\/pnj\/adrian-torres\/\" \/>\n<meta property=\"og:locale\" content=\"en_US\" \/>\n<meta property=\"og:type\" content=\"article\" \/>\n<meta property=\"og:title\" content=\"Adrian Torres - Chile en Tinieblas\" \/>\n<meta property=\"og:description\" content=\"Detective de la PDI que constantemente lo mueven de cuadrante debido a su actitud por insistir en que hay cosas m\u00e1s all\u00e1 de lo que los polic\u00edas ven. Es el \u00fanico que nota que hay pruebas que desaparecen, videos que son eliminados y reportes que describen cosas distintas a las que ha visto en alguno [&hellip;]\" \/>\n<meta property=\"og:url\" content=\"https:\/\/chileentinieblas.cl\/en\/pnj\/adrian-torres\/\" \/>\n<meta property=\"og:site_name\" content=\"Chile en Tinieblas\" \/>\n<meta property=\"article:publisher\" content=\"https:\/\/www.facebook.com\/ChileenTinieblas\" \/>\n<meta property=\"article:modified_time\" content=\"2026-04-13T19:57:04+00:00\" \/>\n<meta property=\"og:image\" content=\"https:\/\/chileentinieblas.cl\/wp-content\/uploads\/2023\/08\/5161e4d2-d609-49e2-9123-7abeb57ba9dd-683x1024.png\" \/>\n\t<meta property=\"og:image:width\" content=\"683\" \/>\n\t<meta property=\"og:image:height\" content=\"1024\" \/>\n\t<meta property=\"og:image:type\" content=\"image\/png\" \/>\n<meta name=\"twitter:card\" content=\"summary_large_image\" \/>\n<meta name=\"twitter:label1\" content=\"Est. reading time\" \/>\n\t<meta name=\"twitter:data1\" content=\"4 minutes\" \/>\n<script type=\"application\/ld+json\" class=\"yoast-schema-graph\">{\"@context\":\"https:\\\/\\\/schema.org\",\"@graph\":[{\"@type\":\"WebPage\",\"@id\":\"https:\\\/\\\/chileentinieblas.cl\\\/pnj\\\/adrian-torres\\\/\",\"url\":\"https:\\\/\\\/chileentinieblas.cl\\\/pnj\\\/adrian-torres\\\/\",\"name\":\"Adrian Torres - Chile en Tinieblas\",\"isPartOf\":{\"@id\":\"https:\\\/\\\/chileentinieblas.cl\\\/#website\"},\"primaryImageOfPage\":{\"@id\":\"https:\\\/\\\/chileentinieblas.cl\\\/pnj\\\/adrian-torres\\\/#primaryimage\"},\"image\":{\"@id\":\"https:\\\/\\\/chileentinieblas.cl\\\/pnj\\\/adrian-torres\\\/#primaryimage\"},\"thumbnailUrl\":\"https:\\\/\\\/chileentinieblas.cl\\\/wp-content\\\/uploads\\\/2023\\\/08\\\/5161e4d2-d609-49e2-9123-7abeb57ba9dd.png\",\"datePublished\":\"2023-08-25T16:12:55+00:00\",\"dateModified\":\"2026-04-13T19:57:04+00:00\",\"breadcrumb\":{\"@id\":\"https:\\\/\\\/chileentinieblas.cl\\\/pnj\\\/adrian-torres\\\/#breadcrumb\"},\"inLanguage\":\"en-US\",\"potentialAction\":[{\"@type\":\"ReadAction\",\"target\":[\"https:\\\/\\\/chileentinieblas.cl\\\/pnj\\\/adrian-torres\\\/\"]}]},{\"@type\":\"ImageObject\",\"inLanguage\":\"en-US\",\"@id\":\"https:\\\/\\\/chileentinieblas.cl\\\/pnj\\\/adrian-torres\\\/#primaryimage\",\"url\":\"https:\\\/\\\/chileentinieblas.cl\\\/wp-content\\\/uploads\\\/2023\\\/08\\\/5161e4d2-d609-49e2-9123-7abeb57ba9dd.png\",\"contentUrl\":\"https:\\\/\\\/chileentinieblas.cl\\\/wp-content\\\/uploads\\\/2023\\\/08\\\/5161e4d2-d609-49e2-9123-7abeb57ba9dd.png\",\"width\":1024,\"height\":1536},{\"@type\":\"BreadcrumbList\",\"@id\":\"https:\\\/\\\/chileentinieblas.cl\\\/pnj\\\/adrian-torres\\\/#breadcrumb\",\"itemListElement\":[{\"@type\":\"ListItem\",\"position\":1,\"name\":\"Portada\",\"item\":\"https:\\\/\\\/chileentinieblas.cl\\\/\"},{\"@type\":\"ListItem\",\"position\":2,\"name\":\"PNJs\",\"item\":\"https:\\\/\\\/chileentinieblas.cl\\\/pnj\\\/\"},{\"@type\":\"ListItem\",\"position\":3,\"name\":\"Adrian Torres\"}]},{\"@type\":\"WebSite\",\"@id\":\"https:\\\/\\\/chileentinieblas.cl\\\/#website\",\"url\":\"https:\\\/\\\/chileentinieblas.cl\\\/\",\"name\":\"Chile en Tinieblas\",\"description\":\"Un servidor con mesas de rol de Mundo de Tinieblas\",\"publisher\":{\"@id\":\"https:\\\/\\\/chileentinieblas.cl\\\/#organization\"},\"potentialAction\":[{\"@type\":\"SearchAction\",\"target\":{\"@type\":\"EntryPoint\",\"urlTemplate\":\"https:\\\/\\\/chileentinieblas.cl\\\/?s={search_term_string}\"},\"query-input\":{\"@type\":\"PropertyValueSpecification\",\"valueRequired\":true,\"valueName\":\"search_term_string\"}}],\"inLanguage\":\"en-US\"},{\"@type\":\"Organization\",\"@id\":\"https:\\\/\\\/chileentinieblas.cl\\\/#organization\",\"name\":\"Chile en Tinieblas\",\"url\":\"https:\\\/\\\/chileentinieblas.cl\\\/\",\"logo\":{\"@type\":\"ImageObject\",\"inLanguage\":\"en-US\",\"@id\":\"https:\\\/\\\/chileentinieblas.cl\\\/#\\\/schema\\\/logo\\\/image\\\/\",\"url\":\"https:\\\/\\\/chileentinieblas.cl\\\/wp-content\\\/uploads\\\/2021\\\/12\\\/logo-cet-claro.png\",\"contentUrl\":\"https:\\\/\\\/chileentinieblas.cl\\\/wp-content\\\/uploads\\\/2021\\\/12\\\/logo-cet-claro.png\",\"width\":1001,\"height\":1030,\"caption\":\"Chile en Tinieblas\"},\"image\":{\"@id\":\"https:\\\/\\\/chileentinieblas.cl\\\/#\\\/schema\\\/logo\\\/image\\\/\"},\"sameAs\":[\"https:\\\/\\\/www.facebook.com\\\/ChileenTinieblas\",\"https:\\\/\\\/www.instagram.com\\\/chileentinieblas\\\/\",\"https:\\\/\\\/www.youtube.com\\\/@chileentinieblas\",\"https:\\\/\\\/www.tiktok.com\\\/@chileentinieblas\"]}]}<\/script>\n<!-- \/ Yoast SEO plugin. -->","yoast_head_json":{"title":"Adrian Torres - Chile en Tinieblas","robots":{"index":"index","follow":"follow","max-snippet":"max-snippet:-1","max-image-preview":"max-image-preview:large","max-video-preview":"max-video-preview:-1"},"canonical":"https:\/\/chileentinieblas.cl\/en\/pnj\/adrian-torres\/","og_locale":"en_US","og_type":"article","og_title":"Adrian Torres - Chile en Tinieblas","og_description":"Detective de la PDI que constantemente lo mueven de cuadrante debido a su actitud por insistir en que hay cosas m\u00e1s all\u00e1 de lo que los polic\u00edas ven. Es el \u00fanico que nota que hay pruebas que desaparecen, videos que son eliminados y reportes que describen cosas distintas a las que ha visto en alguno [&hellip;]","og_url":"https:\/\/chileentinieblas.cl\/en\/pnj\/adrian-torres\/","og_site_name":"Chile en Tinieblas","article_publisher":"https:\/\/www.facebook.com\/ChileenTinieblas","article_modified_time":"2026-04-13T19:57:04+00:00","og_image":[{"width":683,"height":1024,"url":"https:\/\/chileentinieblas.cl\/wp-content\/uploads\/2023\/08\/5161e4d2-d609-49e2-9123-7abeb57ba9dd-683x1024.png","type":"image\/png"}],"twitter_card":"summary_large_image","twitter_misc":{"Est. reading time":"4 minutes"},"schema":{"@context":"https:\/\/schema.org","@graph":[{"@type":"WebPage","@id":"https:\/\/chileentinieblas.cl\/pnj\/adrian-torres\/","url":"https:\/\/chileentinieblas.cl\/pnj\/adrian-torres\/","name":"Adrian Torres - Chile en Tinieblas","isPartOf":{"@id":"https:\/\/chileentinieblas.cl\/#website"},"primaryImageOfPage":{"@id":"https:\/\/chileentinieblas.cl\/pnj\/adrian-torres\/#primaryimage"},"image":{"@id":"https:\/\/chileentinieblas.cl\/pnj\/adrian-torres\/#primaryimage"},"thumbnailUrl":"https:\/\/chileentinieblas.cl\/wp-content\/uploads\/2023\/08\/5161e4d2-d609-49e2-9123-7abeb57ba9dd.png","datePublished":"2023-08-25T16:12:55+00:00","dateModified":"2026-04-13T19:57:04+00:00","breadcrumb":{"@id":"https:\/\/chileentinieblas.cl\/pnj\/adrian-torres\/#breadcrumb"},"inLanguage":"en-US","potentialAction":[{"@type":"ReadAction","target":["https:\/\/chileentinieblas.cl\/pnj\/adrian-torres\/"]}]},{"@type":"ImageObject","inLanguage":"en-US","@id":"https:\/\/chileentinieblas.cl\/pnj\/adrian-torres\/#primaryimage","url":"https:\/\/chileentinieblas.cl\/wp-content\/uploads\/2023\/08\/5161e4d2-d609-49e2-9123-7abeb57ba9dd.png","contentUrl":"https:\/\/chileentinieblas.cl\/wp-content\/uploads\/2023\/08\/5161e4d2-d609-49e2-9123-7abeb57ba9dd.png","width":1024,"height":1536},{"@type":"BreadcrumbList","@id":"https:\/\/chileentinieblas.cl\/pnj\/adrian-torres\/#breadcrumb","itemListElement":[{"@type":"ListItem","position":1,"name":"Portada","item":"https:\/\/chileentinieblas.cl\/"},{"@type":"ListItem","position":2,"name":"PNJs","item":"https:\/\/chileentinieblas.cl\/pnj\/"},{"@type":"ListItem","position":3,"name":"Adrian Torres"}]},{"@type":"WebSite","@id":"https:\/\/chileentinieblas.cl\/#website","url":"https:\/\/chileentinieblas.cl\/","name":"Chile en Tinieblas","description":"Un servidor con mesas de rol de Mundo de Tinieblas","publisher":{"@id":"https:\/\/chileentinieblas.cl\/#organization"},"potentialAction":[{"@type":"SearchAction","target":{"@type":"EntryPoint","urlTemplate":"https:\/\/chileentinieblas.cl\/?s={search_term_string}"},"query-input":{"@type":"PropertyValueSpecification","valueRequired":true,"valueName":"search_term_string"}}],"inLanguage":"en-US"},{"@type":"Organization","@id":"https:\/\/chileentinieblas.cl\/#organization","name":"Chile en Tinieblas","url":"https:\/\/chileentinieblas.cl\/","logo":{"@type":"ImageObject","inLanguage":"en-US","@id":"https:\/\/chileentinieblas.cl\/#\/schema\/logo\/image\/","url":"https:\/\/chileentinieblas.cl\/wp-content\/uploads\/2021\/12\/logo-cet-claro.png","contentUrl":"https:\/\/chileentinieblas.cl\/wp-content\/uploads\/2021\/12\/logo-cet-claro.png","width":1001,"height":1030,"caption":"Chile en Tinieblas"},"image":{"@id":"https:\/\/chileentinieblas.cl\/#\/schema\/logo\/image\/"},"sameAs":["https:\/\/www.facebook.com\/ChileenTinieblas","https:\/\/www.instagram.com\/chileentinieblas\/","https:\/\/www.youtube.com\/@chileentinieblas","https:\/\/www.tiktok.com\/@chileentinieblas"]}]}},"jetpack_sharing_enabled":true,"_links":{"self":[{"href":"https:\/\/chileentinieblas.cl\/en\/wp-json\/wp\/v2\/pnj\/4482","targetHints":{"allow":["GET"]}}],"collection":[{"href":"https:\/\/chileentinieblas.cl\/en\/wp-json\/wp\/v2\/pnj"}],"about":[{"href":"https:\/\/chileentinieblas.cl\/en\/wp-json\/wp\/v2\/types\/pnj"}],"author":[{"embeddable":true,"href":"https:\/\/chileentinieblas.cl\/en\/wp-json\/wp\/v2\/users\/24"}],"wp:featuredmedia":[{"embeddable":true,"href":"https:\/\/chileentinieblas.cl\/en\/wp-json\/wp\/v2\/media\/7944"}],"wp:attachment":[{"href":"https:\/\/chileentinieblas.cl\/en\/wp-json\/wp\/v2\/media?parent=4482"}],"wp:term":[{"taxonomy":"post_tag","embeddable":true,"href":"https:\/\/chileentinieblas.cl\/en\/wp-json\/wp\/v2\/tags?post=4482"},{"taxonomy":"faccion","embeddable":true,"href":"https:\/\/chileentinieblas.cl\/en\/wp-json\/wp\/v2\/faccion?post=4482"}],"curies":[{"name":"wp","href":"https:\/\/api.w.org\/{rel}","templated":true}]}}