{"id":4383,"date":"2023-08-24T02:17:25","date_gmt":"2023-08-24T02:17:25","guid":{"rendered":"https:\/\/chileentinieblas.cl\/?post_type=pnj&#038;p=4383"},"modified":"2025-01-26T14:04:30","modified_gmt":"2025-01-26T14:04:30","slug":"morwen","status":"publish","type":"pnj","link":"https:\/\/chileentinieblas.cl\/en\/pnj\/morwen\/","title":{"rendered":"Morwen"},"content":{"rendered":"<p class=\"wp-block-paragraph\"><strong>Linaje:<\/strong> Sidhe de Oto\u00f1o.<\/p>\n\n\n\n<p class=\"wp-block-paragraph\"><strong>T\u00edtulo:<\/strong> 1 (Escudero)<\/p>\n\n\n\n<p class=\"wp-block-paragraph\"><strong>Casa:<\/strong> Antiguo Eiluned.<\/p>\n\n\n\n<p class=\"wp-block-paragraph\"><strong>Corte:<\/strong> Oscura.<\/p>\n\n\n\n<p class=\"wp-block-paragraph\"><strong>Aspecto:<\/strong> Rebelde.<\/p>","protected":false},"author":20,"featured_media":4707,"template":"","tags":[163,168],"faccion":[56,154],"class_list":["post-4383","pnj","type-pnj","status-publish","has-post-thumbnail","hentry","tag-changeling","tag-sidhe-de-otono","faccion-changeling-el-ensueno","faccion-daunthain"],"acf":{"fecha":"","estatus":"Desaparecido","ficha_del_personaje":4384,"aspecto":"","interpretacion":"","informacion_privada":"<!-- wp:heading -->\r\n<h2 class=\"wp-block-heading\">Actualidad en el Oto\u00f1o<\/h2>\r\n<!-- \/wp:heading --> <!-- wp:paragraph -->\r\n\r\nBajo el nombre actual de <strong>Javier Mendoza<\/strong> se encargaba de la adquisici\u00f3n de empresas en el rubro de la gastronom\u00eda.\r\n\r\n<!-- \/wp:paragraph --> <!-- wp:heading -->\r\n<h2 class=\"wp-block-heading\">Vida Fe\u00e9rica<\/h2>\r\n<!-- \/wp:heading --> <!-- wp:paragraph -->\r\n\r\nAntiguo escudero de la casa Eiluned que se dedicaba a buscar reliquias y entender el ensue\u00f1o. Dentro de los descubrimientos que encuentra, se entera de un antiguo objeto quim\u00e9rico llamado \u201cEl C\u00e1liz de las pesadillas\u201d.\r\n\r\n<!-- \/wp:paragraph --> <!-- wp:paragraph -->\r\n\r\nCuando logra dar con el paradero de tan poderoso descubrimiento, empieza a escuchar una voz desde el interior del c\u00e1liz ofreci\u00e9ndole poder el poder suficiente para acabar con la barrera de lo onirico y el oto\u00f1o, pero inicialmente es capaz de resistir la tentaci\u00f3n. Un d\u00eda entra en un estado mental de paranoia causada por el desequilibrio y mata a toda su cuadrilla, desde ahi maldice al ensue\u00f1o por la culpabilidad.\r\n\r\n<!-- \/wp:paragraph --> <!-- wp:paragraph -->\r\n\r\nEsta decisi\u00f3n, lo lleva a aceptar la voz proveniente del c\u00e1liz (esencia de F\u00f3betor) y con sus poderes, logra acabar primero con la hoguera de la casa Eiluned y luego con los residentes del feudo. Desde ese momento, el ensue\u00f1o lo rompe y lo castiga como un Daunthain.\r\n\r\n<!-- \/wp:paragraph --> <!-- wp:paragraph -->\r\n\r\nCorrompido y ahora abandonado por el ensue\u00f1o, dedica su vida siempre que reencarna en acabar con los protectores de esta entidad.\r\n\r\n<!-- \/wp:paragraph --> <!-- wp:heading -->\r\n<h2 class=\"wp-block-heading\">Cronolog\u00eda del Personaje<\/h2>\r\n<!-- \/wp:heading --> <!-- wp:paragraph -->\r\n\r\nA\u00f1o 1857: Inscribe una casa a la entrada del pueblo de Pomaire a nombre de <strong>Javier Mendoza<\/strong>.\r\n\r\n<!-- \/wp:paragraph --> <!-- wp:paragraph -->\r\n\r\nA\u00f1o 1902: Se deshacer debido a la banalidad del lugar.\r\n\r\n<!-- \/wp:paragraph --> <!-- wp:paragraph -->\r\n\r\nA\u00f1o 1920: Reencarna nuevamente, bajo el nombre de <strong>Javier Mendoza<\/strong>.\r\n\r\n<!-- \/wp:paragraph --> <!-- wp:paragraph -->\r\n\r\nA\u00f1o 1930: Publica un libro llamado \"<strong>Historia Fe\u00e9rica y Espiritual de Pomaire<\/strong>\".\r\n\r\n<!-- \/wp:paragraph --> <!-- wp:paragraph -->\r\n\r\nA\u00f1o 1935: Se vuelve a deshacer debido a la banalidad.\r\n\r\n<!-- \/wp:paragraph --> <!-- wp:paragraph -->\r\n\r\nA\u00f1o 1970: Reencarna nuevamente, bajo el nombre de <strong>Javier Mendoza<\/strong>.\r\n\r\n<!-- \/wp:paragraph --> <!-- wp:paragraph -->\r\n\r\nA\u00f1o 1973: Tras varios a\u00f1os de b\u00fasqueda, se hace con el C\u00e1liz de las Pesadillas e inspira a un artesano de greda llamado Don Salvador, logrando materializar el C\u00e1liz en el Mundo de Oto\u00f1o. Durante ese mismo a\u00f1o, entra a un estado de confusi\u00f3n y aniquila a su cuadrilla, culpando al ensue\u00f1o y se convierte en Daunthain.\r\n\r\n<!-- \/wp:paragraph --> <!-- wp:paragraph -->\r\n\r\nA\u00f1o 1974: Se deshace en un enfrentamiento directo con los inanimaes locales junto con la casa Dougal.\r\n\r\n<!-- \/wp:paragraph --> <!-- wp:paragraph -->\r\n\r\nA\u00f1o 2020: Reencarna nuevamente, bajo el nombre de <strong>Javier Mendoza<\/strong>.\r\n\r\n<!-- \/wp:paragraph --> <!-- wp:paragraph -->\r\n\r\nA\u00f1o 2021: Encuentra nuevamente el C\u00e1liz de las Pesadillas y lo utiliza para sus banales fines, sin embargo, es detenido por los inanimaes locales, lo que termina por \"deshacerlo\".\r\n\r\n<!-- \/wp:paragraph -->","mapa_de_kumu_u_otro_embed":null},"yoast_head":"<!-- This site is optimized with the Yoast SEO plugin v28.4 - https:\/\/yoast.com\/product\/yoast-seo-wordpress\/ -->\n<title>Morwen - Chile en Tinieblas<\/title>\n<meta name=\"robots\" content=\"index, follow, max-snippet:-1, max-image-preview:large, max-video-preview:-1\" \/>\n<link rel=\"canonical\" href=\"https:\/\/chileentinieblas.cl\/en\/pnj\/morwen\/\" \/>\n<meta property=\"og:locale\" content=\"en_US\" \/>\n<meta property=\"og:type\" content=\"article\" \/>\n<meta property=\"og:title\" content=\"Morwen - Chile en Tinieblas\" \/>\n<meta property=\"og:description\" content=\"Linaje: Sidhe de Oto\u00f1o. T\u00edtulo: 1 (Escudero) Casa: Antiguo Eiluned. Corte: Oscura. Aspecto: Rebelde.\" \/>\n<meta property=\"og:url\" content=\"https:\/\/chileentinieblas.cl\/en\/pnj\/morwen\/\" \/>\n<meta property=\"og:site_name\" content=\"Chile en Tinieblas\" \/>\n<meta property=\"article:publisher\" content=\"https:\/\/www.facebook.com\/ChileenTinieblas\" \/>\n<meta property=\"article:modified_time\" content=\"2025-01-26T14:04:30+00:00\" \/>\n<meta property=\"og:image\" content=\"https:\/\/chileentinieblas.cl\/wp-content\/uploads\/2023\/08\/Morwen-final-1.png\" \/>\n\t<meta property=\"og:image:width\" content=\"1024\" \/>\n\t<meta property=\"og:image:height\" content=\"1024\" \/>\n\t<meta property=\"og:image:type\" content=\"image\/png\" \/>\n<meta name=\"twitter:card\" content=\"summary_large_image\" \/>\n<script type=\"application\/ld+json\" class=\"yoast-schema-graph\">{\"@context\":\"https:\\\/\\\/schema.org\",\"@graph\":[{\"@type\":\"WebPage\",\"@id\":\"https:\\\/\\\/chileentinieblas.cl\\\/pnj\\\/morwen\\\/\",\"url\":\"https:\\\/\\\/chileentinieblas.cl\\\/pnj\\\/morwen\\\/\",\"name\":\"Morwen - Chile en Tinieblas\",\"isPartOf\":{\"@id\":\"https:\\\/\\\/chileentinieblas.cl\\\/#website\"},\"primaryImageOfPage\":{\"@id\":\"https:\\\/\\\/chileentinieblas.cl\\\/pnj\\\/morwen\\\/#primaryimage\"},\"image\":{\"@id\":\"https:\\\/\\\/chileentinieblas.cl\\\/pnj\\\/morwen\\\/#primaryimage\"},\"thumbnailUrl\":\"https:\\\/\\\/chileentinieblas.cl\\\/wp-content\\\/uploads\\\/2023\\\/08\\\/Morwen-final-1.png\",\"datePublished\":\"2023-08-24T02:17:25+00:00\",\"dateModified\":\"2025-01-26T14:04:30+00:00\",\"breadcrumb\":{\"@id\":\"https:\\\/\\\/chileentinieblas.cl\\\/pnj\\\/morwen\\\/#breadcrumb\"},\"inLanguage\":\"en-US\",\"potentialAction\":[{\"@type\":\"ReadAction\",\"target\":[\"https:\\\/\\\/chileentinieblas.cl\\\/pnj\\\/morwen\\\/\"]}]},{\"@type\":\"ImageObject\",\"inLanguage\":\"en-US\",\"@id\":\"https:\\\/\\\/chileentinieblas.cl\\\/pnj\\\/morwen\\\/#primaryimage\",\"url\":\"https:\\\/\\\/chileentinieblas.cl\\\/wp-content\\\/uploads\\\/2023\\\/08\\\/Morwen-final-1.png\",\"contentUrl\":\"https:\\\/\\\/chileentinieblas.cl\\\/wp-content\\\/uploads\\\/2023\\\/08\\\/Morwen-final-1.png\",\"width\":1024,\"height\":1024},{\"@type\":\"BreadcrumbList\",\"@id\":\"https:\\\/\\\/chileentinieblas.cl\\\/pnj\\\/morwen\\\/#breadcrumb\",\"itemListElement\":[{\"@type\":\"ListItem\",\"position\":1,\"name\":\"Portada\",\"item\":\"https:\\\/\\\/chileentinieblas.cl\\\/\"},{\"@type\":\"ListItem\",\"position\":2,\"name\":\"PNJs\",\"item\":\"https:\\\/\\\/chileentinieblas.cl\\\/pnj\\\/\"},{\"@type\":\"ListItem\",\"position\":3,\"name\":\"Morwen\"}]},{\"@type\":\"WebSite\",\"@id\":\"https:\\\/\\\/chileentinieblas.cl\\\/#website\",\"url\":\"https:\\\/\\\/chileentinieblas.cl\\\/\",\"name\":\"Chile en Tinieblas\",\"description\":\"Un servidor con mesas de rol de Mundo de Tinieblas\",\"publisher\":{\"@id\":\"https:\\\/\\\/chileentinieblas.cl\\\/#organization\"},\"potentialAction\":[{\"@type\":\"SearchAction\",\"target\":{\"@type\":\"EntryPoint\",\"urlTemplate\":\"https:\\\/\\\/chileentinieblas.cl\\\/?s={search_term_string}\"},\"query-input\":{\"@type\":\"PropertyValueSpecification\",\"valueRequired\":true,\"valueName\":\"search_term_string\"}}],\"inLanguage\":\"en-US\"},{\"@type\":\"Organization\",\"@id\":\"https:\\\/\\\/chileentinieblas.cl\\\/#organization\",\"name\":\"Chile en Tinieblas\",\"url\":\"https:\\\/\\\/chileentinieblas.cl\\\/\",\"logo\":{\"@type\":\"ImageObject\",\"inLanguage\":\"en-US\",\"@id\":\"https:\\\/\\\/chileentinieblas.cl\\\/#\\\/schema\\\/logo\\\/image\\\/\",\"url\":\"https:\\\/\\\/chileentinieblas.cl\\\/wp-content\\\/uploads\\\/2021\\\/12\\\/logo-cet-claro.png\",\"contentUrl\":\"https:\\\/\\\/chileentinieblas.cl\\\/wp-content\\\/uploads\\\/2021\\\/12\\\/logo-cet-claro.png\",\"width\":1001,\"height\":1030,\"caption\":\"Chile en Tinieblas\"},\"image\":{\"@id\":\"https:\\\/\\\/chileentinieblas.cl\\\/#\\\/schema\\\/logo\\\/image\\\/\"},\"sameAs\":[\"https:\\\/\\\/www.facebook.com\\\/ChileenTinieblas\",\"https:\\\/\\\/www.instagram.com\\\/chileentinieblas\\\/\",\"https:\\\/\\\/www.youtube.com\\\/@chileentinieblas\",\"https:\\\/\\\/www.tiktok.com\\\/@chileentinieblas\"]}]}<\/script>\n<!-- \/ Yoast SEO plugin. -->","yoast_head_json":{"title":"Morwen - Chile en Tinieblas","robots":{"index":"index","follow":"follow","max-snippet":"max-snippet:-1","max-image-preview":"max-image-preview:large","max-video-preview":"max-video-preview:-1"},"canonical":"https:\/\/chileentinieblas.cl\/en\/pnj\/morwen\/","og_locale":"en_US","og_type":"article","og_title":"Morwen - Chile en Tinieblas","og_description":"Linaje: Sidhe de Oto\u00f1o. T\u00edtulo: 1 (Escudero) Casa: Antiguo Eiluned. Corte: Oscura. Aspecto: Rebelde.","og_url":"https:\/\/chileentinieblas.cl\/en\/pnj\/morwen\/","og_site_name":"Chile en Tinieblas","article_publisher":"https:\/\/www.facebook.com\/ChileenTinieblas","article_modified_time":"2025-01-26T14:04:30+00:00","og_image":[{"width":1024,"height":1024,"url":"https:\/\/chileentinieblas.cl\/wp-content\/uploads\/2023\/08\/Morwen-final-1.png","type":"image\/png"}],"twitter_card":"summary_large_image","schema":{"@context":"https:\/\/schema.org","@graph":[{"@type":"WebPage","@id":"https:\/\/chileentinieblas.cl\/pnj\/morwen\/","url":"https:\/\/chileentinieblas.cl\/pnj\/morwen\/","name":"Morwen - Chile en Tinieblas","isPartOf":{"@id":"https:\/\/chileentinieblas.cl\/#website"},"primaryImageOfPage":{"@id":"https:\/\/chileentinieblas.cl\/pnj\/morwen\/#primaryimage"},"image":{"@id":"https:\/\/chileentinieblas.cl\/pnj\/morwen\/#primaryimage"},"thumbnailUrl":"https:\/\/chileentinieblas.cl\/wp-content\/uploads\/2023\/08\/Morwen-final-1.png","datePublished":"2023-08-24T02:17:25+00:00","dateModified":"2025-01-26T14:04:30+00:00","breadcrumb":{"@id":"https:\/\/chileentinieblas.cl\/pnj\/morwen\/#breadcrumb"},"inLanguage":"en-US","potentialAction":[{"@type":"ReadAction","target":["https:\/\/chileentinieblas.cl\/pnj\/morwen\/"]}]},{"@type":"ImageObject","inLanguage":"en-US","@id":"https:\/\/chileentinieblas.cl\/pnj\/morwen\/#primaryimage","url":"https:\/\/chileentinieblas.cl\/wp-content\/uploads\/2023\/08\/Morwen-final-1.png","contentUrl":"https:\/\/chileentinieblas.cl\/wp-content\/uploads\/2023\/08\/Morwen-final-1.png","width":1024,"height":1024},{"@type":"BreadcrumbList","@id":"https:\/\/chileentinieblas.cl\/pnj\/morwen\/#breadcrumb","itemListElement":[{"@type":"ListItem","position":1,"name":"Portada","item":"https:\/\/chileentinieblas.cl\/"},{"@type":"ListItem","position":2,"name":"PNJs","item":"https:\/\/chileentinieblas.cl\/pnj\/"},{"@type":"ListItem","position":3,"name":"Morwen"}]},{"@type":"WebSite","@id":"https:\/\/chileentinieblas.cl\/#website","url":"https:\/\/chileentinieblas.cl\/","name":"Chile en Tinieblas","description":"Un servidor con mesas de rol de Mundo de Tinieblas","publisher":{"@id":"https:\/\/chileentinieblas.cl\/#organization"},"potentialAction":[{"@type":"SearchAction","target":{"@type":"EntryPoint","urlTemplate":"https:\/\/chileentinieblas.cl\/?s={search_term_string}"},"query-input":{"@type":"PropertyValueSpecification","valueRequired":true,"valueName":"search_term_string"}}],"inLanguage":"en-US"},{"@type":"Organization","@id":"https:\/\/chileentinieblas.cl\/#organization","name":"Chile en Tinieblas","url":"https:\/\/chileentinieblas.cl\/","logo":{"@type":"ImageObject","inLanguage":"en-US","@id":"https:\/\/chileentinieblas.cl\/#\/schema\/logo\/image\/","url":"https:\/\/chileentinieblas.cl\/wp-content\/uploads\/2021\/12\/logo-cet-claro.png","contentUrl":"https:\/\/chileentinieblas.cl\/wp-content\/uploads\/2021\/12\/logo-cet-claro.png","width":1001,"height":1030,"caption":"Chile en Tinieblas"},"image":{"@id":"https:\/\/chileentinieblas.cl\/#\/schema\/logo\/image\/"},"sameAs":["https:\/\/www.facebook.com\/ChileenTinieblas","https:\/\/www.instagram.com\/chileentinieblas\/","https:\/\/www.youtube.com\/@chileentinieblas","https:\/\/www.tiktok.com\/@chileentinieblas"]}]}},"jetpack_sharing_enabled":true,"_links":{"self":[{"href":"https:\/\/chileentinieblas.cl\/en\/wp-json\/wp\/v2\/pnj\/4383","targetHints":{"allow":["GET"]}}],"collection":[{"href":"https:\/\/chileentinieblas.cl\/en\/wp-json\/wp\/v2\/pnj"}],"about":[{"href":"https:\/\/chileentinieblas.cl\/en\/wp-json\/wp\/v2\/types\/pnj"}],"author":[{"embeddable":true,"href":"https:\/\/chileentinieblas.cl\/en\/wp-json\/wp\/v2\/users\/20"}],"wp:featuredmedia":[{"embeddable":true,"href":"https:\/\/chileentinieblas.cl\/en\/wp-json\/wp\/v2\/media\/4707"}],"wp:attachment":[{"href":"https:\/\/chileentinieblas.cl\/en\/wp-json\/wp\/v2\/media?parent=4383"}],"wp:term":[{"taxonomy":"post_tag","embeddable":true,"href":"https:\/\/chileentinieblas.cl\/en\/wp-json\/wp\/v2\/tags?post=4383"},{"taxonomy":"faccion","embeddable":true,"href":"https:\/\/chileentinieblas.cl\/en\/wp-json\/wp\/v2\/faccion?post=4383"}],"curies":[{"name":"wp","href":"https:\/\/api.w.org\/{rel}","templated":true}]}}