{"id":4362,"date":"2023-07-17T03:52:31","date_gmt":"2023-07-17T03:52:31","guid":{"rendered":"https:\/\/chileentinieblas.cl\/?post_type=pnj&#038;p=4362"},"modified":"2024-07-27T03:56:16","modified_gmt":"2024-07-27T03:56:16","slug":"emmanuel-encalada-de-los-pozos","status":"publish","type":"pnj","link":"https:\/\/chileentinieblas.cl\/en\/pnj\/emmanuel-encalada-de-los-pozos\/","title":{"rendered":"Emmanuel Encalada de los Pozos"},"content":{"rendered":"<h2 class=\"wp-block-heading\">El No-Muerto Redimido<\/h2>\n\n\n\n<p class=\"has-text-align-center wp-block-paragraph\"><em>&#8220;Todas las pasiones son buenas mientras uno es due\u00f1o de ellas, y todas son malas cuando nos esclavizan&#8221;<\/em><br><br>Jean-Jacques Rousseau (1712-1778)<\/p>\n\n\n\n<h2 class=\"wp-block-heading\">Vida Mortal<\/h2>\n\n\n\n<p class=\"wp-block-paragraph\">En el a\u00f1o 1520, en el peque\u00f1o pueblo de Covarrubias, Espa\u00f1a, naci\u00f3 Diego de C\u00f3rdoba. Proveniente de una familia campesina, su infancia transcurri\u00f3 entre los campos y las labores del hogar. A medida que crec\u00eda, su esp\u00edritu compasivo y su astucia le permitieron destacarse como un mercader local.<\/p>\n\n\n\n<h2 class=\"wp-block-heading\">No-Vida<\/h2>\n\n\n\n<h3 class=\"wp-block-heading\">Abrazo y peregrinaci\u00f3n<\/h3>\n\n\n\n<h5 class=\"wp-block-heading\">1562<\/h5>\n\n\n\n<p class=\"wp-block-paragraph\">Diego es abrazado por Isabella Encalada de los Pozos durante un frenes\u00ed. Para expiar sus culpas, la Salubri arist\u00f3crata ense\u00f1a a su neonato las disciplinas vamp\u00edricas y la importancia de los valores \u00e9ticos. Es entonces cuando Diego decide fingir su muerte y adoptar la m\u00e1scara de Emmanuel Encalada de los Pozos.<\/p>\n\n\n\n<h5 class=\"wp-block-heading\">1600 &#8211; 1800<\/h5>\n\n\n\n<p class=\"wp-block-paragraph\">Emmanuel deambula por los reinos europeos, en un viaje personal hacia lo que su sire denomin\u00f3 Golconda. El contraste ideol\u00f3gico entre la fuerte presencia de la Iglesia Cat\u00f3lica en el continente y las ideas ilustradas vanguardistas lo llevaron a desarrollar un fuerte ideal \u00e9tico, que termin\u00f3 por alejarlo cada vez m\u00e1s de la sociedad vamp\u00edrica.<\/p>\n\n\n\n<h3 class=\"wp-block-heading\">Viaje al Nuevo Mundo<\/h3>\n\n\n\n<h5 class=\"wp-block-heading\">1830<\/h5>\n\n\n\n<p class=\"wp-block-paragraph\">Culmina su larga peregrinaci\u00f3n, atravesando el Atl\u00e1ntico hacia el Nuevo Mundo.<br>Decide asentarse en Chile, atra\u00eddo por su belleza natural y conocimientos antiguos. Adem\u00e1s, al tratarse de un pa\u00eds naciente, podr\u00eda mantenerse lejos de la fuerte presencia de v\u00e1stagos en el Viejo Mundo.<\/p>\n\n\n\n<h5 class=\"wp-block-heading\">1832<\/h5>\n\n\n\n<p class=\"wp-block-paragraph\">Encuentra una antigua propiedad de varias hect\u00e1reas en Pirque, abandonada y en ruinas. Tras contactarse con sus due\u00f1os, los cuales atravesaban problemas financieros, Emmanuel resuelve adquirir los terrenos y sus alrededores con los fondos heredados de la fortuna Encalada.<\/p>\n\n\n\n<h5 class=\"wp-block-heading\">1850 &#8211; 1900<\/h5>\n\n\n\n<p class=\"wp-block-paragraph\">S\u00f3lo existe un hecho conocido en la vida de Emmanuel durante este per\u00edodo. En los confines de su propiedad en Pirque, a trav\u00e9s de m\u00e9todos misteriosos y ocultos, el Salubri logr\u00f3 alcanzar la tan anhelada Golconda, un estado de redenci\u00f3n y pureza espiritual que pocos vampiros alcanzan en su existencia eterna. <\/p>\n\n\n\n<h3 class=\"wp-block-heading\">Inconnu y protecci\u00f3n de Santiago<\/h3>\n\n\n\n<h5 class=\"wp-block-heading\">1905<\/h5>\n\n\n\n<p class=\"wp-block-paragraph\">Tras d\u00e9cadas viviendo en Chile, irremediablemente es contactado por la sociedad de v\u00e1stagos local. As\u00ed conoce a uno de sus integrantes m\u00e1s antiguos e influyentes, Heliodoro Salfredo, alias &#8220;Nariz&#8221;. Al compartir ideales \u00e9ticos, ambos deciden integrar el Inconnu con el fin de proteger Santiago y a sus habitantes de los peligros de la noche.<\/p>\n\n\n\n<h5 class=\"wp-block-heading\">1962<\/h5>\n\n\n\n<p class=\"wp-block-paragraph\">A trav\u00e9s de los contactos de Nariz, Emmanuel y Helena son presentados.<br>En un inicio, su convivencia fue armoniosa, unidos por la b\u00fasqueda de la redenci\u00f3n y el deseo de enmendar los errores cometidos por los v\u00e1stagos.<br>Sin embargo, el v\u00ednculo entre ambos se quebr\u00f3 durante un enfrentamiento con un grupo de vampiros renegados. Mientras Emmanuel intentaba perdonarles y ense\u00f1arles los caminos de la redenci\u00f3n, Helena se aferraba a la creencia de que estos vampiros en particular eran criaturas irredimibles y merec\u00edan ser destruidos.<br>Tras este hecho, cort\u00f3 toda comunicaci\u00f3n con la v\u00e1stago nigromante.<\/p>\n\n\n\n<h5 class=\"wp-block-heading\">Actualidad<\/h5>\n\n\n\n<p class=\"wp-block-paragraph\">Desde entonces, Emmanuel vigila y protege a los desvalidos de Santiago desde las sombras. Ubicado en la comuna de Pirque, aprovecha los contactos de Nariz para infiltrarse en la ciudad y detener las acciones de v\u00e1stagos que \u00e9l considera, pueden ser perdonados.<\/p>","protected":false},"author":9,"featured_media":4363,"template":"","tags":[152,153,151,99],"faccion":[150,53],"class_list":["post-4362","pnj","type-pnj","status-publish","has-post-thumbnail","hentry","tag-golconda","tag-ojo-de-saulot","tag-salubri","tag-vampiro-la-mascarada","faccion-inconnu","faccion-vampiro-la-mascarada"],"acf":{"fecha":"","estatus":"Activo","ficha_del_personaje":"","aspecto":"","interpretacion":"","informacion_privada":"","mapa_de_kumu_u_otro_embed":null},"yoast_head":"<!-- This site is optimized with the Yoast SEO plugin v28.4 - https:\/\/yoast.com\/product\/yoast-seo-wordpress\/ -->\n<title>Emmanuel Encalada de los Pozos - Chile en Tinieblas<\/title>\n<meta name=\"robots\" content=\"index, follow, max-snippet:-1, max-image-preview:large, max-video-preview:-1\" \/>\n<link rel=\"canonical\" href=\"https:\/\/chileentinieblas.cl\/en\/pnj\/emmanuel-encalada-de-los-pozos\/\" \/>\n<meta property=\"og:locale\" content=\"en_US\" \/>\n<meta property=\"og:type\" content=\"article\" \/>\n<meta property=\"og:title\" content=\"Emmanuel Encalada de los Pozos - Chile en Tinieblas\" \/>\n<meta property=\"og:description\" content=\"El No-Muerto Redimido &#8220;Todas las pasiones son buenas mientras uno es due\u00f1o de ellas, y todas son malas cuando nos esclavizan&#8221; Jean-Jacques Rousseau (1712-1778) Vida Mortal En el a\u00f1o 1520, en el peque\u00f1o pueblo de Covarrubias, Espa\u00f1a, naci\u00f3 Diego de C\u00f3rdoba. Proveniente de una familia campesina, su infancia transcurri\u00f3 entre los campos y las labores [&hellip;]\" \/>\n<meta property=\"og:url\" content=\"https:\/\/chileentinieblas.cl\/en\/pnj\/emmanuel-encalada-de-los-pozos\/\" \/>\n<meta property=\"og:site_name\" content=\"Chile en Tinieblas\" \/>\n<meta property=\"article:publisher\" content=\"https:\/\/www.facebook.com\/ChileenTinieblas\" \/>\n<meta property=\"article:modified_time\" content=\"2024-07-27T03:56:16+00:00\" \/>\n<meta property=\"og:image\" content=\"https:\/\/chileentinieblas.cl\/wp-content\/uploads\/2023\/07\/salubri-ojo-de-saulot.jpeg\" \/>\n\t<meta property=\"og:image:width\" content=\"1024\" \/>\n\t<meta property=\"og:image:height\" content=\"1024\" \/>\n\t<meta property=\"og:image:type\" content=\"image\/jpeg\" \/>\n<meta name=\"twitter:card\" content=\"summary_large_image\" \/>\n<meta name=\"twitter:label1\" content=\"Est. reading time\" \/>\n\t<meta name=\"twitter:data1\" content=\"3 minutes\" \/>\n<script type=\"application\/ld+json\" class=\"yoast-schema-graph\">{\"@context\":\"https:\\\/\\\/schema.org\",\"@graph\":[{\"@type\":\"WebPage\",\"@id\":\"https:\\\/\\\/chileentinieblas.cl\\\/pnj\\\/emmanuel-encalada-de-los-pozos\\\/\",\"url\":\"https:\\\/\\\/chileentinieblas.cl\\\/pnj\\\/emmanuel-encalada-de-los-pozos\\\/\",\"name\":\"Emmanuel Encalada de los Pozos - Chile en Tinieblas\",\"isPartOf\":{\"@id\":\"https:\\\/\\\/chileentinieblas.cl\\\/#website\"},\"primaryImageOfPage\":{\"@id\":\"https:\\\/\\\/chileentinieblas.cl\\\/pnj\\\/emmanuel-encalada-de-los-pozos\\\/#primaryimage\"},\"image\":{\"@id\":\"https:\\\/\\\/chileentinieblas.cl\\\/pnj\\\/emmanuel-encalada-de-los-pozos\\\/#primaryimage\"},\"thumbnailUrl\":\"https:\\\/\\\/chileentinieblas.cl\\\/wp-content\\\/uploads\\\/2023\\\/07\\\/salubri-ojo-de-saulot.jpeg\",\"datePublished\":\"2023-07-17T03:52:31+00:00\",\"dateModified\":\"2024-07-27T03:56:16+00:00\",\"breadcrumb\":{\"@id\":\"https:\\\/\\\/chileentinieblas.cl\\\/pnj\\\/emmanuel-encalada-de-los-pozos\\\/#breadcrumb\"},\"inLanguage\":\"en-US\",\"potentialAction\":[{\"@type\":\"ReadAction\",\"target\":[\"https:\\\/\\\/chileentinieblas.cl\\\/pnj\\\/emmanuel-encalada-de-los-pozos\\\/\"]}]},{\"@type\":\"ImageObject\",\"inLanguage\":\"en-US\",\"@id\":\"https:\\\/\\\/chileentinieblas.cl\\\/pnj\\\/emmanuel-encalada-de-los-pozos\\\/#primaryimage\",\"url\":\"https:\\\/\\\/chileentinieblas.cl\\\/wp-content\\\/uploads\\\/2023\\\/07\\\/salubri-ojo-de-saulot.jpeg\",\"contentUrl\":\"https:\\\/\\\/chileentinieblas.cl\\\/wp-content\\\/uploads\\\/2023\\\/07\\\/salubri-ojo-de-saulot.jpeg\",\"width\":1024,\"height\":1024},{\"@type\":\"BreadcrumbList\",\"@id\":\"https:\\\/\\\/chileentinieblas.cl\\\/pnj\\\/emmanuel-encalada-de-los-pozos\\\/#breadcrumb\",\"itemListElement\":[{\"@type\":\"ListItem\",\"position\":1,\"name\":\"Portada\",\"item\":\"https:\\\/\\\/chileentinieblas.cl\\\/\"},{\"@type\":\"ListItem\",\"position\":2,\"name\":\"PNJs\",\"item\":\"https:\\\/\\\/chileentinieblas.cl\\\/pnj\\\/\"},{\"@type\":\"ListItem\",\"position\":3,\"name\":\"Emmanuel Encalada de los Pozos\"}]},{\"@type\":\"WebSite\",\"@id\":\"https:\\\/\\\/chileentinieblas.cl\\\/#website\",\"url\":\"https:\\\/\\\/chileentinieblas.cl\\\/\",\"name\":\"Chile en Tinieblas\",\"description\":\"Un servidor con mesas de rol de Mundo de Tinieblas\",\"publisher\":{\"@id\":\"https:\\\/\\\/chileentinieblas.cl\\\/#organization\"},\"potentialAction\":[{\"@type\":\"SearchAction\",\"target\":{\"@type\":\"EntryPoint\",\"urlTemplate\":\"https:\\\/\\\/chileentinieblas.cl\\\/?s={search_term_string}\"},\"query-input\":{\"@type\":\"PropertyValueSpecification\",\"valueRequired\":true,\"valueName\":\"search_term_string\"}}],\"inLanguage\":\"en-US\"},{\"@type\":\"Organization\",\"@id\":\"https:\\\/\\\/chileentinieblas.cl\\\/#organization\",\"name\":\"Chile en Tinieblas\",\"url\":\"https:\\\/\\\/chileentinieblas.cl\\\/\",\"logo\":{\"@type\":\"ImageObject\",\"inLanguage\":\"en-US\",\"@id\":\"https:\\\/\\\/chileentinieblas.cl\\\/#\\\/schema\\\/logo\\\/image\\\/\",\"url\":\"https:\\\/\\\/chileentinieblas.cl\\\/wp-content\\\/uploads\\\/2021\\\/12\\\/logo-cet-claro.png\",\"contentUrl\":\"https:\\\/\\\/chileentinieblas.cl\\\/wp-content\\\/uploads\\\/2021\\\/12\\\/logo-cet-claro.png\",\"width\":1001,\"height\":1030,\"caption\":\"Chile en Tinieblas\"},\"image\":{\"@id\":\"https:\\\/\\\/chileentinieblas.cl\\\/#\\\/schema\\\/logo\\\/image\\\/\"},\"sameAs\":[\"https:\\\/\\\/www.facebook.com\\\/ChileenTinieblas\",\"https:\\\/\\\/www.instagram.com\\\/chileentinieblas\\\/\",\"https:\\\/\\\/www.youtube.com\\\/@chileentinieblas\",\"https:\\\/\\\/www.tiktok.com\\\/@chileentinieblas\"]}]}<\/script>\n<!-- \/ Yoast SEO plugin. -->","yoast_head_json":{"title":"Emmanuel Encalada de los Pozos - Chile en Tinieblas","robots":{"index":"index","follow":"follow","max-snippet":"max-snippet:-1","max-image-preview":"max-image-preview:large","max-video-preview":"max-video-preview:-1"},"canonical":"https:\/\/chileentinieblas.cl\/en\/pnj\/emmanuel-encalada-de-los-pozos\/","og_locale":"en_US","og_type":"article","og_title":"Emmanuel Encalada de los Pozos - Chile en Tinieblas","og_description":"El No-Muerto Redimido &#8220;Todas las pasiones son buenas mientras uno es due\u00f1o de ellas, y todas son malas cuando nos esclavizan&#8221; Jean-Jacques Rousseau (1712-1778) Vida Mortal En el a\u00f1o 1520, en el peque\u00f1o pueblo de Covarrubias, Espa\u00f1a, naci\u00f3 Diego de C\u00f3rdoba. Proveniente de una familia campesina, su infancia transcurri\u00f3 entre los campos y las labores [&hellip;]","og_url":"https:\/\/chileentinieblas.cl\/en\/pnj\/emmanuel-encalada-de-los-pozos\/","og_site_name":"Chile en Tinieblas","article_publisher":"https:\/\/www.facebook.com\/ChileenTinieblas","article_modified_time":"2024-07-27T03:56:16+00:00","og_image":[{"width":1024,"height":1024,"url":"https:\/\/chileentinieblas.cl\/wp-content\/uploads\/2023\/07\/salubri-ojo-de-saulot.jpeg","type":"image\/jpeg"}],"twitter_card":"summary_large_image","twitter_misc":{"Est. reading time":"3 minutes"},"schema":{"@context":"https:\/\/schema.org","@graph":[{"@type":"WebPage","@id":"https:\/\/chileentinieblas.cl\/pnj\/emmanuel-encalada-de-los-pozos\/","url":"https:\/\/chileentinieblas.cl\/pnj\/emmanuel-encalada-de-los-pozos\/","name":"Emmanuel Encalada de los Pozos - Chile en Tinieblas","isPartOf":{"@id":"https:\/\/chileentinieblas.cl\/#website"},"primaryImageOfPage":{"@id":"https:\/\/chileentinieblas.cl\/pnj\/emmanuel-encalada-de-los-pozos\/#primaryimage"},"image":{"@id":"https:\/\/chileentinieblas.cl\/pnj\/emmanuel-encalada-de-los-pozos\/#primaryimage"},"thumbnailUrl":"https:\/\/chileentinieblas.cl\/wp-content\/uploads\/2023\/07\/salubri-ojo-de-saulot.jpeg","datePublished":"2023-07-17T03:52:31+00:00","dateModified":"2024-07-27T03:56:16+00:00","breadcrumb":{"@id":"https:\/\/chileentinieblas.cl\/pnj\/emmanuel-encalada-de-los-pozos\/#breadcrumb"},"inLanguage":"en-US","potentialAction":[{"@type":"ReadAction","target":["https:\/\/chileentinieblas.cl\/pnj\/emmanuel-encalada-de-los-pozos\/"]}]},{"@type":"ImageObject","inLanguage":"en-US","@id":"https:\/\/chileentinieblas.cl\/pnj\/emmanuel-encalada-de-los-pozos\/#primaryimage","url":"https:\/\/chileentinieblas.cl\/wp-content\/uploads\/2023\/07\/salubri-ojo-de-saulot.jpeg","contentUrl":"https:\/\/chileentinieblas.cl\/wp-content\/uploads\/2023\/07\/salubri-ojo-de-saulot.jpeg","width":1024,"height":1024},{"@type":"BreadcrumbList","@id":"https:\/\/chileentinieblas.cl\/pnj\/emmanuel-encalada-de-los-pozos\/#breadcrumb","itemListElement":[{"@type":"ListItem","position":1,"name":"Portada","item":"https:\/\/chileentinieblas.cl\/"},{"@type":"ListItem","position":2,"name":"PNJs","item":"https:\/\/chileentinieblas.cl\/pnj\/"},{"@type":"ListItem","position":3,"name":"Emmanuel Encalada de los Pozos"}]},{"@type":"WebSite","@id":"https:\/\/chileentinieblas.cl\/#website","url":"https:\/\/chileentinieblas.cl\/","name":"Chile en Tinieblas","description":"Un servidor con mesas de rol de Mundo de Tinieblas","publisher":{"@id":"https:\/\/chileentinieblas.cl\/#organization"},"potentialAction":[{"@type":"SearchAction","target":{"@type":"EntryPoint","urlTemplate":"https:\/\/chileentinieblas.cl\/?s={search_term_string}"},"query-input":{"@type":"PropertyValueSpecification","valueRequired":true,"valueName":"search_term_string"}}],"inLanguage":"en-US"},{"@type":"Organization","@id":"https:\/\/chileentinieblas.cl\/#organization","name":"Chile en Tinieblas","url":"https:\/\/chileentinieblas.cl\/","logo":{"@type":"ImageObject","inLanguage":"en-US","@id":"https:\/\/chileentinieblas.cl\/#\/schema\/logo\/image\/","url":"https:\/\/chileentinieblas.cl\/wp-content\/uploads\/2021\/12\/logo-cet-claro.png","contentUrl":"https:\/\/chileentinieblas.cl\/wp-content\/uploads\/2021\/12\/logo-cet-claro.png","width":1001,"height":1030,"caption":"Chile en Tinieblas"},"image":{"@id":"https:\/\/chileentinieblas.cl\/#\/schema\/logo\/image\/"},"sameAs":["https:\/\/www.facebook.com\/ChileenTinieblas","https:\/\/www.instagram.com\/chileentinieblas\/","https:\/\/www.youtube.com\/@chileentinieblas","https:\/\/www.tiktok.com\/@chileentinieblas"]}]}},"jetpack_sharing_enabled":true,"_links":{"self":[{"href":"https:\/\/chileentinieblas.cl\/en\/wp-json\/wp\/v2\/pnj\/4362","targetHints":{"allow":["GET"]}}],"collection":[{"href":"https:\/\/chileentinieblas.cl\/en\/wp-json\/wp\/v2\/pnj"}],"about":[{"href":"https:\/\/chileentinieblas.cl\/en\/wp-json\/wp\/v2\/types\/pnj"}],"author":[{"embeddable":true,"href":"https:\/\/chileentinieblas.cl\/en\/wp-json\/wp\/v2\/users\/9"}],"wp:featuredmedia":[{"embeddable":true,"href":"https:\/\/chileentinieblas.cl\/en\/wp-json\/wp\/v2\/media\/4363"}],"wp:attachment":[{"href":"https:\/\/chileentinieblas.cl\/en\/wp-json\/wp\/v2\/media?parent=4362"}],"wp:term":[{"taxonomy":"post_tag","embeddable":true,"href":"https:\/\/chileentinieblas.cl\/en\/wp-json\/wp\/v2\/tags?post=4362"},{"taxonomy":"faccion","embeddable":true,"href":"https:\/\/chileentinieblas.cl\/en\/wp-json\/wp\/v2\/faccion?post=4362"}],"curies":[{"name":"wp","href":"https:\/\/api.w.org\/{rel}","templated":true}]}}