{"id":4202,"date":"2023-06-12T06:11:23","date_gmt":"2023-06-12T06:11:23","guid":{"rendered":"https:\/\/chileentinieblas.cl\/?post_type=pnj&#038;p=4202"},"modified":"2024-07-30T01:06:00","modified_gmt":"2024-07-30T01:06:00","slug":"amadeus-beltran","status":"publish","type":"pnj","link":"https:\/\/chileentinieblas.cl\/en\/pnj\/amadeus-beltran\/","title":{"rendered":"Amadeus Beltr\u00e1n"},"content":{"rendered":"<p class=\"wp-block-paragraph\">Uno de los grandes genios que Tatiana tiene en el norte, a cargo de la administraci\u00f3n, desarrollo e investigaci\u00f3n tecnol\u00f3gica de las empresas extractoras de litio. Su expertise con los minerales y materiales brutos de la tierra lo ha llevado a ser el Director regional de <strong>Albermale Corporation<\/strong> que es parte del conglomerado Diggman inc.<\/p>\n\n\n\n<p class=\"wp-block-paragraph\">Amadeus sin embargo posee una pasi\u00f3n sin igual por los materiales preciosos, especialmente aquellos que no tienen origen terrenal. Ha estudiado incluso los reinos espirituales en b\u00fasqueda de m\u00e1s y nuevos componentes extra\u00f1os que sirvan para sus proyectos personales.<\/p>","protected":false},"author":1,"featured_media":4203,"template":"","tags":[],"faccion":[40,51,27],"class_list":["post-4202","pnj","type-pnj","status-publish","has-post-thumbnail","hentry","faccion-eteritas","faccion-mago-la-ascension","faccion-tradiciones"],"acf":{"fecha":"1962 - Actualidad","estatus":"Activo","ficha_del_personaje":"","aspecto":"","interpretacion":"","rango_mago":"5 - Adepto","informacion_privada":"<!-- wp:paragraph -->\r\n<h2 class=\"wp-block-heading\">Infancia<\/h2>\r\n<!-- \/wp:heading --> <!-- wp:paragraph -->\r\n\r\nDe peque\u00f1o que gustaba coleccionar piedras preciosas, le fascinaba las formas y colores que estas pod\u00edan adaptar. Sus padres, ingenieros en minas, le dieron todos los recursos y la educaci\u00f3n necesaria para ser el alumno m\u00e1s destacado de su clase. Su habilidad innata en la qu\u00edmica le permiti\u00f3 ponerse por sobre el resto de su clase. Pero eso no era lo \u00fanico que amaba, tambi\u00e9n le llamaba la atenci\u00f3n las historias sobre mundos ajenos a la tierra, y los supuestos descubrimientos de tierras secretas ante los ojos de la gente com\u00fan y corriente. So\u00f1aba con conocer las piedras de otros mundos.\r\n\r\n<!-- \/wp:paragraph --> <!-- wp:heading -->\r\n<h2 class=\"wp-block-heading\">1981 - Despertar<\/h2>\r\n<!-- \/wp:heading --> <!-- wp:paragraph -->\r\n\r\nNo fue sino a sus 27 a\u00f1os, tomando un doctorado en el extranjero, que su avatar despert\u00f3, luego de estudiar el trabajo hecho por un grupo de eteritas dispuestos a ense\u00f1arle lo que \u00e9l siempre supo: Los otros mundos existen. Este hecho revolucion\u00f3 a Amadeus, quien con un conocimiento completamente nuevo viaja de vuelta a Chile despu\u00e9s de terminar su doctorado.\r\n\r\n<!-- \/wp:paragraph --> <!-- wp:heading -->\r\n<h2 class=\"wp-block-heading\">1982 - De vuelta en el pa\u00eds<\/h2>\r\n<!-- \/wp:heading --> <!-- wp:paragraph -->\r\n\r\nSin embargo, la situaci\u00f3n en la que vio su pa\u00eds de origen gener\u00f3 un impacto del que no volver\u00eda a recuperarse. Sus padres llevaban un tiempo sin trabajo debido a la privatizaci\u00f3n de las empresas del pa\u00eds y la llegada de compa\u00f1\u00edas extranjeras, durante a\u00f1os vivieron en estado total de pobreza. Cuando Amadeus vuelve, su padre hab\u00eda muerto de c\u00e1ncer pulmonar. Decidido a recuperar lo que era suyo, entra a trabajar como ge\u00f3grafo en Diggman Inc. donde r\u00e1pidamente descubre a representantes de la Sociedad del \u00c9ter dentro de la empresa.\r\n\r\n<!-- \/wp:paragraph --> <!-- wp:paragraph -->\r\n\r\nEsto le dio la ventaja de ascender r\u00e1pidamente en el \u00e1rea de investigaci\u00f3n dentro de la empresa lo que hace que termine trabajando en Antofagasta, en uno de los laboratorios principales del conglomerado, bajo la fachada de la empresa Arbermale Corp.\r\n\r\n<!-- \/wp:paragraph --> <!-- wp:heading -->\r\n<h2 class=\"wp-block-heading\">1999 - Fundaci\u00f3n de los hijos del Abismo<\/h2>\r\n<!-- \/wp:heading --> <!-- wp:paragraph -->\r\n\r\nPas\u00f3 a\u00f1os desarrollando tecnolog\u00eda para la sociedad del \u00c9ter y la empresa de Tatiana Diggman, siempre sorprendido por la capacidad de la ni\u00f1a, mucho m\u00e1s grande que la de \u00e9l, sin embargo descubri\u00f3 que la empresa le ocultaba cosas. Dada su fascinaci\u00f3n con los otros mundos, comenz\u00f3 a compartir con otros miembros de las tradiciones que encontrara en el norte. Uno de ellos le habl\u00f3 de distintos reinos a los que se pod\u00eda acceder en Chile, desde la tierra hueca a la m\u00edtica isla Friendship. Le dijo sin embargo que esos secretos estaban intencionalmente ocultos dentro de la familia Diggman.\r\n\r\n<!-- \/wp:paragraph --> <!-- wp:paragraph -->\r\n\r\nFue as\u00ed, como poco a poco fue juntando disidentes en secreto para intentar encontrar los secretos que estaban dentro del conglomerado, eso hizo que descubriera la historia de un antiguo explorador que aseguraba haber descubierto otros mundos. Con esa informaci\u00f3n en mano y el apoyo de una prestigiosa familia herm\u00e9tica (Los Carleone) fund\u00f3 a los \"hijos del abismo\", una agrupaci\u00f3n secreta encargada de explorar los territorios prohibidos por los Diggman.\r\n\r\n<!-- \/wp:paragraph --> <!-- wp:heading -->\r\n<h2 class=\"wp-block-heading\">2010 - Pistas de Friendship<\/h2>\r\n<!-- \/wp:heading --> <!-- wp:paragraph -->\r\n\r\nTodas las historias que hab\u00eda escuchado, investigado y le\u00eddo en cuentos y mitos finalmente dieron frutos, cuando encontraron una isla abandonada, en medio del oc\u00e9ano al sur de Chile, que conten\u00eda extra\u00f1os experimentos y notas sobre avances tecnol\u00f3gicos muy superiores a los de ellos. Dentro de lo poco que pudieron rescatar, encontraron una f\u00f3rmula capaz de crear un material milagroso. El problema es para construirlo necesitaban materiales que en el consenso actual no exist\u00edan, al parecer esta tecnolog\u00eda respond\u00eda a una raza alien\u00edgena, una entidad espiritual que buscaba inspirar a la humanidad a un nuevo futuro. Beltr\u00e1n y los hijos del Abismo nunca supieron que pas\u00f3 con los integrantes de ese laboratorio, todos completamente desaparecidos.\r\n\r\n<!-- \/wp:paragraph --> <!-- wp:heading -->\r\n<h2 class=\"wp-block-heading\">2020 - Primera muestra del Sagrarium<\/h2>\r\n<!-- \/wp:heading --> <!-- wp:paragraph -->\r\n\r\nDespu\u00e9s de presentarle los descubrimientos a Tatiana y su equipo, ellos decidieron limitar el acceso a las pruebas de Amadeus Beltr\u00e1n y le exigieron reportar todo resultado de las pruebas para algo tan peligroso.\r\n\r\n<!-- \/wp:paragraph -->","mapa_de_kumu_u_otro_embed":null},"yoast_head":"<!-- This site is optimized with the Yoast SEO plugin v28.4 - https:\/\/yoast.com\/product\/yoast-seo-wordpress\/ -->\n<title>Amadeus Beltr\u00e1n - Chile en Tinieblas<\/title>\n<meta name=\"robots\" content=\"index, follow, max-snippet:-1, max-image-preview:large, max-video-preview:-1\" \/>\n<link rel=\"canonical\" href=\"https:\/\/chileentinieblas.cl\/en\/pnj\/amadeus-beltran\/\" \/>\n<meta property=\"og:locale\" content=\"en_US\" \/>\n<meta property=\"og:type\" content=\"article\" \/>\n<meta property=\"og:title\" content=\"Amadeus Beltr\u00e1n - Chile en Tinieblas\" \/>\n<meta property=\"og:description\" content=\"Uno de los grandes genios que Tatiana tiene en el norte, a cargo de la administraci\u00f3n, desarrollo e investigaci\u00f3n tecnol\u00f3gica de las empresas extractoras de litio. Su expertise con los minerales y materiales brutos de la tierra lo ha llevado a ser el Director regional de Albermale Corporation que es parte del conglomerado Diggman inc. [&hellip;]\" \/>\n<meta property=\"og:url\" content=\"https:\/\/chileentinieblas.cl\/en\/pnj\/amadeus-beltran\/\" \/>\n<meta property=\"og:site_name\" content=\"Chile en Tinieblas\" \/>\n<meta property=\"article:publisher\" content=\"https:\/\/www.facebook.com\/ChileenTinieblas\" \/>\n<meta property=\"article:modified_time\" content=\"2024-07-30T01:06:00+00:00\" \/>\n<meta property=\"og:image\" content=\"https:\/\/chileentinieblas.cl\/wp-content\/uploads\/2023\/06\/Captura-de-pantalla-2023-06-12-a-las-01.27.10.png\" \/>\n\t<meta property=\"og:image:width\" content=\"670\" \/>\n\t<meta property=\"og:image:height\" content=\"970\" \/>\n\t<meta property=\"og:image:type\" content=\"image\/png\" \/>\n<meta name=\"twitter:card\" content=\"summary_large_image\" \/>\n<meta name=\"twitter:label1\" content=\"Est. reading time\" \/>\n\t<meta name=\"twitter:data1\" content=\"1 minute\" \/>\n<script type=\"application\/ld+json\" class=\"yoast-schema-graph\">{\"@context\":\"https:\\\/\\\/schema.org\",\"@graph\":[{\"@type\":\"WebPage\",\"@id\":\"https:\\\/\\\/chileentinieblas.cl\\\/pnj\\\/amadeus-beltran\\\/\",\"url\":\"https:\\\/\\\/chileentinieblas.cl\\\/pnj\\\/amadeus-beltran\\\/\",\"name\":\"Amadeus Beltr\u00e1n - Chile en Tinieblas\",\"isPartOf\":{\"@id\":\"https:\\\/\\\/chileentinieblas.cl\\\/#website\"},\"primaryImageOfPage\":{\"@id\":\"https:\\\/\\\/chileentinieblas.cl\\\/pnj\\\/amadeus-beltran\\\/#primaryimage\"},\"image\":{\"@id\":\"https:\\\/\\\/chileentinieblas.cl\\\/pnj\\\/amadeus-beltran\\\/#primaryimage\"},\"thumbnailUrl\":\"https:\\\/\\\/chileentinieblas.cl\\\/wp-content\\\/uploads\\\/2023\\\/06\\\/Captura-de-pantalla-2023-06-12-a-las-01.27.10.png\",\"datePublished\":\"2023-06-12T06:11:23+00:00\",\"dateModified\":\"2024-07-30T01:06:00+00:00\",\"breadcrumb\":{\"@id\":\"https:\\\/\\\/chileentinieblas.cl\\\/pnj\\\/amadeus-beltran\\\/#breadcrumb\"},\"inLanguage\":\"en-US\",\"potentialAction\":[{\"@type\":\"ReadAction\",\"target\":[\"https:\\\/\\\/chileentinieblas.cl\\\/pnj\\\/amadeus-beltran\\\/\"]}]},{\"@type\":\"ImageObject\",\"inLanguage\":\"en-US\",\"@id\":\"https:\\\/\\\/chileentinieblas.cl\\\/pnj\\\/amadeus-beltran\\\/#primaryimage\",\"url\":\"https:\\\/\\\/chileentinieblas.cl\\\/wp-content\\\/uploads\\\/2023\\\/06\\\/Captura-de-pantalla-2023-06-12-a-las-01.27.10.png\",\"contentUrl\":\"https:\\\/\\\/chileentinieblas.cl\\\/wp-content\\\/uploads\\\/2023\\\/06\\\/Captura-de-pantalla-2023-06-12-a-las-01.27.10.png\",\"width\":670,\"height\":970},{\"@type\":\"BreadcrumbList\",\"@id\":\"https:\\\/\\\/chileentinieblas.cl\\\/pnj\\\/amadeus-beltran\\\/#breadcrumb\",\"itemListElement\":[{\"@type\":\"ListItem\",\"position\":1,\"name\":\"Portada\",\"item\":\"https:\\\/\\\/chileentinieblas.cl\\\/\"},{\"@type\":\"ListItem\",\"position\":2,\"name\":\"PNJs\",\"item\":\"https:\\\/\\\/chileentinieblas.cl\\\/pnj\\\/\"},{\"@type\":\"ListItem\",\"position\":3,\"name\":\"Amadeus Beltr\u00e1n\"}]},{\"@type\":\"WebSite\",\"@id\":\"https:\\\/\\\/chileentinieblas.cl\\\/#website\",\"url\":\"https:\\\/\\\/chileentinieblas.cl\\\/\",\"name\":\"Chile en Tinieblas\",\"description\":\"Un servidor con mesas de rol de Mundo de Tinieblas\",\"publisher\":{\"@id\":\"https:\\\/\\\/chileentinieblas.cl\\\/#organization\"},\"potentialAction\":[{\"@type\":\"SearchAction\",\"target\":{\"@type\":\"EntryPoint\",\"urlTemplate\":\"https:\\\/\\\/chileentinieblas.cl\\\/?s={search_term_string}\"},\"query-input\":{\"@type\":\"PropertyValueSpecification\",\"valueRequired\":true,\"valueName\":\"search_term_string\"}}],\"inLanguage\":\"en-US\"},{\"@type\":\"Organization\",\"@id\":\"https:\\\/\\\/chileentinieblas.cl\\\/#organization\",\"name\":\"Chile en Tinieblas\",\"url\":\"https:\\\/\\\/chileentinieblas.cl\\\/\",\"logo\":{\"@type\":\"ImageObject\",\"inLanguage\":\"en-US\",\"@id\":\"https:\\\/\\\/chileentinieblas.cl\\\/#\\\/schema\\\/logo\\\/image\\\/\",\"url\":\"https:\\\/\\\/chileentinieblas.cl\\\/wp-content\\\/uploads\\\/2021\\\/12\\\/logo-cet-claro.png\",\"contentUrl\":\"https:\\\/\\\/chileentinieblas.cl\\\/wp-content\\\/uploads\\\/2021\\\/12\\\/logo-cet-claro.png\",\"width\":1001,\"height\":1030,\"caption\":\"Chile en Tinieblas\"},\"image\":{\"@id\":\"https:\\\/\\\/chileentinieblas.cl\\\/#\\\/schema\\\/logo\\\/image\\\/\"},\"sameAs\":[\"https:\\\/\\\/www.facebook.com\\\/ChileenTinieblas\",\"https:\\\/\\\/www.instagram.com\\\/chileentinieblas\\\/\",\"https:\\\/\\\/www.youtube.com\\\/@chileentinieblas\",\"https:\\\/\\\/www.tiktok.com\\\/@chileentinieblas\"]}]}<\/script>\n<!-- \/ Yoast SEO plugin. -->","yoast_head_json":{"title":"Amadeus Beltr\u00e1n - Chile en Tinieblas","robots":{"index":"index","follow":"follow","max-snippet":"max-snippet:-1","max-image-preview":"max-image-preview:large","max-video-preview":"max-video-preview:-1"},"canonical":"https:\/\/chileentinieblas.cl\/en\/pnj\/amadeus-beltran\/","og_locale":"en_US","og_type":"article","og_title":"Amadeus Beltr\u00e1n - Chile en Tinieblas","og_description":"Uno de los grandes genios que Tatiana tiene en el norte, a cargo de la administraci\u00f3n, desarrollo e investigaci\u00f3n tecnol\u00f3gica de las empresas extractoras de litio. Su expertise con los minerales y materiales brutos de la tierra lo ha llevado a ser el Director regional de Albermale Corporation que es parte del conglomerado Diggman inc. [&hellip;]","og_url":"https:\/\/chileentinieblas.cl\/en\/pnj\/amadeus-beltran\/","og_site_name":"Chile en Tinieblas","article_publisher":"https:\/\/www.facebook.com\/ChileenTinieblas","article_modified_time":"2024-07-30T01:06:00+00:00","og_image":[{"width":670,"height":970,"url":"https:\/\/chileentinieblas.cl\/wp-content\/uploads\/2023\/06\/Captura-de-pantalla-2023-06-12-a-las-01.27.10.png","type":"image\/png"}],"twitter_card":"summary_large_image","twitter_misc":{"Est. reading time":"1 minute"},"schema":{"@context":"https:\/\/schema.org","@graph":[{"@type":"WebPage","@id":"https:\/\/chileentinieblas.cl\/pnj\/amadeus-beltran\/","url":"https:\/\/chileentinieblas.cl\/pnj\/amadeus-beltran\/","name":"Amadeus Beltr\u00e1n - Chile en Tinieblas","isPartOf":{"@id":"https:\/\/chileentinieblas.cl\/#website"},"primaryImageOfPage":{"@id":"https:\/\/chileentinieblas.cl\/pnj\/amadeus-beltran\/#primaryimage"},"image":{"@id":"https:\/\/chileentinieblas.cl\/pnj\/amadeus-beltran\/#primaryimage"},"thumbnailUrl":"https:\/\/chileentinieblas.cl\/wp-content\/uploads\/2023\/06\/Captura-de-pantalla-2023-06-12-a-las-01.27.10.png","datePublished":"2023-06-12T06:11:23+00:00","dateModified":"2024-07-30T01:06:00+00:00","breadcrumb":{"@id":"https:\/\/chileentinieblas.cl\/pnj\/amadeus-beltran\/#breadcrumb"},"inLanguage":"en-US","potentialAction":[{"@type":"ReadAction","target":["https:\/\/chileentinieblas.cl\/pnj\/amadeus-beltran\/"]}]},{"@type":"ImageObject","inLanguage":"en-US","@id":"https:\/\/chileentinieblas.cl\/pnj\/amadeus-beltran\/#primaryimage","url":"https:\/\/chileentinieblas.cl\/wp-content\/uploads\/2023\/06\/Captura-de-pantalla-2023-06-12-a-las-01.27.10.png","contentUrl":"https:\/\/chileentinieblas.cl\/wp-content\/uploads\/2023\/06\/Captura-de-pantalla-2023-06-12-a-las-01.27.10.png","width":670,"height":970},{"@type":"BreadcrumbList","@id":"https:\/\/chileentinieblas.cl\/pnj\/amadeus-beltran\/#breadcrumb","itemListElement":[{"@type":"ListItem","position":1,"name":"Portada","item":"https:\/\/chileentinieblas.cl\/"},{"@type":"ListItem","position":2,"name":"PNJs","item":"https:\/\/chileentinieblas.cl\/pnj\/"},{"@type":"ListItem","position":3,"name":"Amadeus Beltr\u00e1n"}]},{"@type":"WebSite","@id":"https:\/\/chileentinieblas.cl\/#website","url":"https:\/\/chileentinieblas.cl\/","name":"Chile en Tinieblas","description":"Un servidor con mesas de rol de Mundo de Tinieblas","publisher":{"@id":"https:\/\/chileentinieblas.cl\/#organization"},"potentialAction":[{"@type":"SearchAction","target":{"@type":"EntryPoint","urlTemplate":"https:\/\/chileentinieblas.cl\/?s={search_term_string}"},"query-input":{"@type":"PropertyValueSpecification","valueRequired":true,"valueName":"search_term_string"}}],"inLanguage":"en-US"},{"@type":"Organization","@id":"https:\/\/chileentinieblas.cl\/#organization","name":"Chile en Tinieblas","url":"https:\/\/chileentinieblas.cl\/","logo":{"@type":"ImageObject","inLanguage":"en-US","@id":"https:\/\/chileentinieblas.cl\/#\/schema\/logo\/image\/","url":"https:\/\/chileentinieblas.cl\/wp-content\/uploads\/2021\/12\/logo-cet-claro.png","contentUrl":"https:\/\/chileentinieblas.cl\/wp-content\/uploads\/2021\/12\/logo-cet-claro.png","width":1001,"height":1030,"caption":"Chile en Tinieblas"},"image":{"@id":"https:\/\/chileentinieblas.cl\/#\/schema\/logo\/image\/"},"sameAs":["https:\/\/www.facebook.com\/ChileenTinieblas","https:\/\/www.instagram.com\/chileentinieblas\/","https:\/\/www.youtube.com\/@chileentinieblas","https:\/\/www.tiktok.com\/@chileentinieblas"]}]}},"jetpack_sharing_enabled":true,"_links":{"self":[{"href":"https:\/\/chileentinieblas.cl\/en\/wp-json\/wp\/v2\/pnj\/4202","targetHints":{"allow":["GET"]}}],"collection":[{"href":"https:\/\/chileentinieblas.cl\/en\/wp-json\/wp\/v2\/pnj"}],"about":[{"href":"https:\/\/chileentinieblas.cl\/en\/wp-json\/wp\/v2\/types\/pnj"}],"author":[{"embeddable":true,"href":"https:\/\/chileentinieblas.cl\/en\/wp-json\/wp\/v2\/users\/1"}],"wp:featuredmedia":[{"embeddable":true,"href":"https:\/\/chileentinieblas.cl\/en\/wp-json\/wp\/v2\/media\/4203"}],"wp:attachment":[{"href":"https:\/\/chileentinieblas.cl\/en\/wp-json\/wp\/v2\/media?parent=4202"}],"wp:term":[{"taxonomy":"post_tag","embeddable":true,"href":"https:\/\/chileentinieblas.cl\/en\/wp-json\/wp\/v2\/tags?post=4202"},{"taxonomy":"faccion","embeddable":true,"href":"https:\/\/chileentinieblas.cl\/en\/wp-json\/wp\/v2\/faccion?post=4202"}],"curies":[{"name":"wp","href":"https:\/\/api.w.org\/{rel}","templated":true}]}}