{"id":3942,"date":"2023-05-18T23:09:43","date_gmt":"2023-05-18T23:09:43","guid":{"rendered":"https:\/\/chileentinieblas.cl\/?post_type=pnj&#038;p=3942"},"modified":"2026-02-18T06:01:55","modified_gmt":"2026-02-18T06:01:55","slug":"isabel-maturana","status":"publish","type":"pnj","link":"https:\/\/chileentinieblas.cl\/en\/pnj\/isabel-maturana\/","title":{"rendered":"Isabel Maturana"},"content":{"rendered":"<p class=\"wp-block-paragraph\">Isabel Maturana es la cient\u00edfica m\u00e1s destacada en Chile sobre teor\u00eda de la relatividad, espacios cu\u00e1nticos de incertidumbre, manipulaci\u00f3n de taquiones y principio de causalidad. Estos estudios son simplemente una capa de lo que realmente le interesa: El estudio del efecto de tiempo en nuestra realidad. Despert\u00f3 hace algunos a\u00f1os mientras se acercaba a la sociedad del \u00e9ter para involucrarse con sus teor\u00edas m\u00e1s alocadas, cuando en verdad lo que encontr\u00f3 fueron respuestas.<\/p>\n\n\n\n<p class=\"wp-block-paragraph\">En 2020 logra la autorizaci\u00f3n de las tradiciones y el financiamiento de un inversionista Eterita internacional para levantar su proyecto principal: <strong>El laboratorio de estudios crononautas.<\/strong><\/p>\n\n\n\n<p class=\"wp-block-paragraph\">Si bien Tatiana Digmann como representante eterita la conoce, no trabaja con ella directamente ya el inversor con el que trabajan es parte de la competencia de sus empresas Diggman Inc.<\/p>\n\n\n\n<p class=\"wp-block-paragraph\">Su supervisor e inversionista, el se\u00f1or <strong>Gustavo Sotomayor<\/strong>, gerente general de las empresas <strong>Iritech Technologies<\/strong>, es conocido por forjar herramientas poco convencionales para defender a las tradiciones de la tecnocracia alrededor del globo y tener algunos negocios con la defensa del estado. La mayor\u00eda de esta tecnolog\u00eda son herramientas y no son letales, excepto por algunos productos espec\u00edficos que deben usar para &#8220;cuando las cosas se ponen feas&#8221;.<\/p>\n\n\n\n<p class=\"wp-block-paragraph\">Al conocer el trabajo de Isabel, le inst\u00f3 para que desarrollara una m\u00e1quina capaz de observar fen\u00f3menos y transposicionar elementos a trav\u00e9s del tiempo sin un gran riesgo de paradoja, a lo que llam\u00f3 el &#8220;fen\u00f3meno de causalidad inversa&#8221;. Es por ello que Isabel se vuelve una becada de su empresa y trabaja en los l\u00edmites del consenso, usando diversas teor\u00edas de relatividad que prueba en la m\u00e1quina.<\/p>\n\n\n\n<p class=\"wp-block-paragraph\">En octubre del 2020, cuando las primeras pruebas de su proyecto estaban listas y daba los primeros resultados, un grupo de H\u00fasares de la muerte, usa la m\u00e1quina en fase de prototipo a la fuerza para forzar una distorsi\u00f3n en el espacio tiempo, destruy\u00e9ndola en el proceso. Su equipo apenas logr\u00f3 salvar algo de ella que sirvi\u00f3 para traer a algunos aliados de vuelta, pero hasta el d\u00eda de hoy busca los recursos y materiales para intentar volver a armar la m\u00e1quina, sin embargo los materiales son tan escasos que se ha vuelto una tarea demasiado dif\u00edcil, haciendo que el laboratorio contraiga una deuda enorme. Mientras tanto, para apalear la deuda con su inversionista, ha arrendado parte del equipo del lugar a esa empresa para crear tecnolog\u00eda de combate y seguridad.<\/p>","protected":false},"author":1,"featured_media":3943,"template":"","tags":[],"faccion":[40,51,27],"class_list":["post-3942","pnj","type-pnj","status-publish","has-post-thumbnail","hentry","faccion-eteritas","faccion-mago-la-ascension","faccion-tradiciones"],"acf":{"fecha":"1974 - Actualidad","estatus":"Activo","ficha_del_personaje":"","aspecto":"Morena, latina, pelo risado, siempre parece estar algo desordenada ya que su traje de cient\u00edfica lo combina con herramientas. Le gusta tanto formular algoritmos como meterse en la mec\u00e1nica de su trabajo, por lo que siempre lleva herramientas de distinto tipo consigo.","interpretacion":"","rango_mago":"5 - Adepto","informacion_privada":"","mapa_de_kumu_u_otro_embed":""},"yoast_head":"<!-- This site is optimized with the Yoast SEO plugin v28.4 - https:\/\/yoast.com\/product\/yoast-seo-wordpress\/ -->\n<title>Isabel Maturana - Chile en Tinieblas<\/title>\n<meta name=\"robots\" content=\"index, follow, max-snippet:-1, max-image-preview:large, max-video-preview:-1\" \/>\n<link rel=\"canonical\" href=\"https:\/\/chileentinieblas.cl\/en\/pnj\/isabel-maturana\/\" \/>\n<meta property=\"og:locale\" content=\"en_US\" \/>\n<meta property=\"og:type\" content=\"article\" \/>\n<meta property=\"og:title\" content=\"Isabel Maturana - Chile en Tinieblas\" \/>\n<meta property=\"og:description\" content=\"Isabel Maturana es la cient\u00edfica m\u00e1s destacada en Chile sobre teor\u00eda de la relatividad, espacios cu\u00e1nticos de incertidumbre, manipulaci\u00f3n de taquiones y principio de causalidad. Estos estudios son simplemente una capa de lo que realmente le interesa: El estudio del efecto de tiempo en nuestra realidad. Despert\u00f3 hace algunos a\u00f1os mientras se acercaba a la [&hellip;]\" \/>\n<meta property=\"og:url\" content=\"https:\/\/chileentinieblas.cl\/en\/pnj\/isabel-maturana\/\" \/>\n<meta property=\"og:site_name\" content=\"Chile en Tinieblas\" \/>\n<meta property=\"article:publisher\" content=\"https:\/\/www.facebook.com\/ChileenTinieblas\" \/>\n<meta property=\"article:modified_time\" content=\"2026-02-18T06:01:55+00:00\" \/>\n<meta property=\"og:image\" content=\"https:\/\/chileentinieblas.cl\/wp-content\/uploads\/2023\/05\/isabel-maturana.png\" \/>\n\t<meta property=\"og:image:width\" content=\"1000\" \/>\n\t<meta property=\"og:image:height\" content=\"1000\" \/>\n\t<meta property=\"og:image:type\" content=\"image\/png\" \/>\n<meta name=\"twitter:card\" content=\"summary_large_image\" \/>\n<meta name=\"twitter:label1\" content=\"Est. reading time\" \/>\n\t<meta name=\"twitter:data1\" content=\"2 minutes\" \/>\n<script type=\"application\/ld+json\" class=\"yoast-schema-graph\">{\"@context\":\"https:\\\/\\\/schema.org\",\"@graph\":[{\"@type\":\"WebPage\",\"@id\":\"https:\\\/\\\/chileentinieblas.cl\\\/pnj\\\/isabel-maturana\\\/\",\"url\":\"https:\\\/\\\/chileentinieblas.cl\\\/pnj\\\/isabel-maturana\\\/\",\"name\":\"Isabel Maturana - Chile en Tinieblas\",\"isPartOf\":{\"@id\":\"https:\\\/\\\/chileentinieblas.cl\\\/#website\"},\"primaryImageOfPage\":{\"@id\":\"https:\\\/\\\/chileentinieblas.cl\\\/pnj\\\/isabel-maturana\\\/#primaryimage\"},\"image\":{\"@id\":\"https:\\\/\\\/chileentinieblas.cl\\\/pnj\\\/isabel-maturana\\\/#primaryimage\"},\"thumbnailUrl\":\"https:\\\/\\\/chileentinieblas.cl\\\/wp-content\\\/uploads\\\/2023\\\/05\\\/isabel-maturana.png\",\"datePublished\":\"2023-05-18T23:09:43+00:00\",\"dateModified\":\"2026-02-18T06:01:55+00:00\",\"breadcrumb\":{\"@id\":\"https:\\\/\\\/chileentinieblas.cl\\\/pnj\\\/isabel-maturana\\\/#breadcrumb\"},\"inLanguage\":\"en-US\",\"potentialAction\":[{\"@type\":\"ReadAction\",\"target\":[\"https:\\\/\\\/chileentinieblas.cl\\\/pnj\\\/isabel-maturana\\\/\"]}]},{\"@type\":\"ImageObject\",\"inLanguage\":\"en-US\",\"@id\":\"https:\\\/\\\/chileentinieblas.cl\\\/pnj\\\/isabel-maturana\\\/#primaryimage\",\"url\":\"https:\\\/\\\/chileentinieblas.cl\\\/wp-content\\\/uploads\\\/2023\\\/05\\\/isabel-maturana.png\",\"contentUrl\":\"https:\\\/\\\/chileentinieblas.cl\\\/wp-content\\\/uploads\\\/2023\\\/05\\\/isabel-maturana.png\",\"width\":1000,\"height\":1000},{\"@type\":\"BreadcrumbList\",\"@id\":\"https:\\\/\\\/chileentinieblas.cl\\\/pnj\\\/isabel-maturana\\\/#breadcrumb\",\"itemListElement\":[{\"@type\":\"ListItem\",\"position\":1,\"name\":\"Portada\",\"item\":\"https:\\\/\\\/chileentinieblas.cl\\\/\"},{\"@type\":\"ListItem\",\"position\":2,\"name\":\"PNJs\",\"item\":\"https:\\\/\\\/chileentinieblas.cl\\\/pnj\\\/\"},{\"@type\":\"ListItem\",\"position\":3,\"name\":\"Isabel Maturana\"}]},{\"@type\":\"WebSite\",\"@id\":\"https:\\\/\\\/chileentinieblas.cl\\\/#website\",\"url\":\"https:\\\/\\\/chileentinieblas.cl\\\/\",\"name\":\"Chile en Tinieblas\",\"description\":\"Un servidor con mesas de rol de Mundo de Tinieblas\",\"publisher\":{\"@id\":\"https:\\\/\\\/chileentinieblas.cl\\\/#organization\"},\"potentialAction\":[{\"@type\":\"SearchAction\",\"target\":{\"@type\":\"EntryPoint\",\"urlTemplate\":\"https:\\\/\\\/chileentinieblas.cl\\\/?s={search_term_string}\"},\"query-input\":{\"@type\":\"PropertyValueSpecification\",\"valueRequired\":true,\"valueName\":\"search_term_string\"}}],\"inLanguage\":\"en-US\"},{\"@type\":\"Organization\",\"@id\":\"https:\\\/\\\/chileentinieblas.cl\\\/#organization\",\"name\":\"Chile en Tinieblas\",\"url\":\"https:\\\/\\\/chileentinieblas.cl\\\/\",\"logo\":{\"@type\":\"ImageObject\",\"inLanguage\":\"en-US\",\"@id\":\"https:\\\/\\\/chileentinieblas.cl\\\/#\\\/schema\\\/logo\\\/image\\\/\",\"url\":\"https:\\\/\\\/chileentinieblas.cl\\\/wp-content\\\/uploads\\\/2021\\\/12\\\/logo-cet-claro.png\",\"contentUrl\":\"https:\\\/\\\/chileentinieblas.cl\\\/wp-content\\\/uploads\\\/2021\\\/12\\\/logo-cet-claro.png\",\"width\":1001,\"height\":1030,\"caption\":\"Chile en Tinieblas\"},\"image\":{\"@id\":\"https:\\\/\\\/chileentinieblas.cl\\\/#\\\/schema\\\/logo\\\/image\\\/\"},\"sameAs\":[\"https:\\\/\\\/www.facebook.com\\\/ChileenTinieblas\",\"https:\\\/\\\/www.instagram.com\\\/chileentinieblas\\\/\",\"https:\\\/\\\/www.youtube.com\\\/@chileentinieblas\",\"https:\\\/\\\/www.tiktok.com\\\/@chileentinieblas\"]}]}<\/script>\n<!-- \/ Yoast SEO plugin. -->","yoast_head_json":{"title":"Isabel Maturana - Chile en Tinieblas","robots":{"index":"index","follow":"follow","max-snippet":"max-snippet:-1","max-image-preview":"max-image-preview:large","max-video-preview":"max-video-preview:-1"},"canonical":"https:\/\/chileentinieblas.cl\/en\/pnj\/isabel-maturana\/","og_locale":"en_US","og_type":"article","og_title":"Isabel Maturana - Chile en Tinieblas","og_description":"Isabel Maturana es la cient\u00edfica m\u00e1s destacada en Chile sobre teor\u00eda de la relatividad, espacios cu\u00e1nticos de incertidumbre, manipulaci\u00f3n de taquiones y principio de causalidad. Estos estudios son simplemente una capa de lo que realmente le interesa: El estudio del efecto de tiempo en nuestra realidad. Despert\u00f3 hace algunos a\u00f1os mientras se acercaba a la [&hellip;]","og_url":"https:\/\/chileentinieblas.cl\/en\/pnj\/isabel-maturana\/","og_site_name":"Chile en Tinieblas","article_publisher":"https:\/\/www.facebook.com\/ChileenTinieblas","article_modified_time":"2026-02-18T06:01:55+00:00","og_image":[{"width":1000,"height":1000,"url":"https:\/\/chileentinieblas.cl\/wp-content\/uploads\/2023\/05\/isabel-maturana.png","type":"image\/png"}],"twitter_card":"summary_large_image","twitter_misc":{"Est. reading time":"2 minutes"},"schema":{"@context":"https:\/\/schema.org","@graph":[{"@type":"WebPage","@id":"https:\/\/chileentinieblas.cl\/pnj\/isabel-maturana\/","url":"https:\/\/chileentinieblas.cl\/pnj\/isabel-maturana\/","name":"Isabel Maturana - Chile en Tinieblas","isPartOf":{"@id":"https:\/\/chileentinieblas.cl\/#website"},"primaryImageOfPage":{"@id":"https:\/\/chileentinieblas.cl\/pnj\/isabel-maturana\/#primaryimage"},"image":{"@id":"https:\/\/chileentinieblas.cl\/pnj\/isabel-maturana\/#primaryimage"},"thumbnailUrl":"https:\/\/chileentinieblas.cl\/wp-content\/uploads\/2023\/05\/isabel-maturana.png","datePublished":"2023-05-18T23:09:43+00:00","dateModified":"2026-02-18T06:01:55+00:00","breadcrumb":{"@id":"https:\/\/chileentinieblas.cl\/pnj\/isabel-maturana\/#breadcrumb"},"inLanguage":"en-US","potentialAction":[{"@type":"ReadAction","target":["https:\/\/chileentinieblas.cl\/pnj\/isabel-maturana\/"]}]},{"@type":"ImageObject","inLanguage":"en-US","@id":"https:\/\/chileentinieblas.cl\/pnj\/isabel-maturana\/#primaryimage","url":"https:\/\/chileentinieblas.cl\/wp-content\/uploads\/2023\/05\/isabel-maturana.png","contentUrl":"https:\/\/chileentinieblas.cl\/wp-content\/uploads\/2023\/05\/isabel-maturana.png","width":1000,"height":1000},{"@type":"BreadcrumbList","@id":"https:\/\/chileentinieblas.cl\/pnj\/isabel-maturana\/#breadcrumb","itemListElement":[{"@type":"ListItem","position":1,"name":"Portada","item":"https:\/\/chileentinieblas.cl\/"},{"@type":"ListItem","position":2,"name":"PNJs","item":"https:\/\/chileentinieblas.cl\/pnj\/"},{"@type":"ListItem","position":3,"name":"Isabel Maturana"}]},{"@type":"WebSite","@id":"https:\/\/chileentinieblas.cl\/#website","url":"https:\/\/chileentinieblas.cl\/","name":"Chile en Tinieblas","description":"Un servidor con mesas de rol de Mundo de Tinieblas","publisher":{"@id":"https:\/\/chileentinieblas.cl\/#organization"},"potentialAction":[{"@type":"SearchAction","target":{"@type":"EntryPoint","urlTemplate":"https:\/\/chileentinieblas.cl\/?s={search_term_string}"},"query-input":{"@type":"PropertyValueSpecification","valueRequired":true,"valueName":"search_term_string"}}],"inLanguage":"en-US"},{"@type":"Organization","@id":"https:\/\/chileentinieblas.cl\/#organization","name":"Chile en Tinieblas","url":"https:\/\/chileentinieblas.cl\/","logo":{"@type":"ImageObject","inLanguage":"en-US","@id":"https:\/\/chileentinieblas.cl\/#\/schema\/logo\/image\/","url":"https:\/\/chileentinieblas.cl\/wp-content\/uploads\/2021\/12\/logo-cet-claro.png","contentUrl":"https:\/\/chileentinieblas.cl\/wp-content\/uploads\/2021\/12\/logo-cet-claro.png","width":1001,"height":1030,"caption":"Chile en Tinieblas"},"image":{"@id":"https:\/\/chileentinieblas.cl\/#\/schema\/logo\/image\/"},"sameAs":["https:\/\/www.facebook.com\/ChileenTinieblas","https:\/\/www.instagram.com\/chileentinieblas\/","https:\/\/www.youtube.com\/@chileentinieblas","https:\/\/www.tiktok.com\/@chileentinieblas"]}]}},"jetpack_sharing_enabled":true,"_links":{"self":[{"href":"https:\/\/chileentinieblas.cl\/en\/wp-json\/wp\/v2\/pnj\/3942","targetHints":{"allow":["GET"]}}],"collection":[{"href":"https:\/\/chileentinieblas.cl\/en\/wp-json\/wp\/v2\/pnj"}],"about":[{"href":"https:\/\/chileentinieblas.cl\/en\/wp-json\/wp\/v2\/types\/pnj"}],"author":[{"embeddable":true,"href":"https:\/\/chileentinieblas.cl\/en\/wp-json\/wp\/v2\/users\/1"}],"wp:featuredmedia":[{"embeddable":true,"href":"https:\/\/chileentinieblas.cl\/en\/wp-json\/wp\/v2\/media\/3943"}],"wp:attachment":[{"href":"https:\/\/chileentinieblas.cl\/en\/wp-json\/wp\/v2\/media?parent=3942"}],"wp:term":[{"taxonomy":"post_tag","embeddable":true,"href":"https:\/\/chileentinieblas.cl\/en\/wp-json\/wp\/v2\/tags?post=3942"},{"taxonomy":"faccion","embeddable":true,"href":"https:\/\/chileentinieblas.cl\/en\/wp-json\/wp\/v2\/faccion?post=3942"}],"curies":[{"name":"wp","href":"https:\/\/api.w.org\/{rel}","templated":true}]}}