{"id":3490,"date":"2023-03-18T00:06:56","date_gmt":"2023-03-18T00:06:56","guid":{"rendered":"https:\/\/chileentinieblas.cl\/?post_type=pnj&#038;p=3490"},"modified":"2024-07-29T19:41:08","modified_gmt":"2024-07-29T19:41:08","slug":"maestro-sifu-kun","status":"publish","type":"pnj","link":"https:\/\/chileentinieblas.cl\/en\/pnj\/maestro-sifu-kun\/","title":{"rendered":"Maestro Sifu &#8211; Kun Tang"},"content":{"rendered":"<p class=\"wp-block-paragraph\">Miembro retirado de la antigua Orden de Jade que lleg\u00f3 a Valdivia el a\u00f1o 81 cuando ten\u00eda 19 a\u00f1os. Despu\u00e9s de estar unos a\u00f1os vagando junto al resto de sus miembros, sus discusiones sobre lo que acababa de pasar se volvieron m\u00e1s intensas. Estando ac\u00e1 enfrentando a la tecnocracia notaron que en medio del conflicto era mejor desaparecer sin dejar rastro, su misi\u00f3n hab\u00eda fallado bajo su propio orgullo, y no pod\u00edan dejar que otros miembros de la orden cayeran bajo los secuestros de la tecnocracia.En <\/p>\n\n\n\n<p class=\"wp-block-paragraph\">En 1981, en valdivia, su aspecto extranjero y su extra\u00f1a historia del pescador que los encontr\u00f3, hicieron que los locatarios desconfiaran de ellos, claramente su origen y su aspecto oriental eran mal vistos, por lo que fueron discriminados. No fue hasta que una familia coreana, due\u00f1a de unos restaurantes en el lugar los recibi\u00f3, los aliment\u00f3 y les dio un lugar para descansar. Los hijos de esta familia se volvieron cercanos al grupo y escuchaban sus historias, hasta que un d\u00eda la dictadura golpe\u00f3 sus puertas acus\u00e1ndolos de robar mercanc\u00eda. El grupo tuvo que esconderse, apenas lo lograron, pero el momento fue terror\u00edfico para la familia.<\/p>\n\n\n\n<p class=\"wp-block-paragraph\">De ese entonces que el grupo opt\u00f3 por irse de ah\u00ed y vagar para evitar poner a la gente en peligro y darse un momento para pensar en qu\u00e9 har\u00e1n.<\/p>\n\n\n\n<h2 class=\"wp-block-heading\">1982 &#8211; la separaci\u00f3n definitiva<\/h2>\n\n\n\n<p class=\"wp-block-paragraph\">Movi\u00e9ndose de pueblo en pueblo, las diferencias de opini\u00f3n de su grupo solo se acentuaban, Kun consideraba que Huang cada vez se volv\u00eda m\u00e1s extremista y que las pesadillas que lo aquejaban lo fueron da\u00f1ando poco a poco. Ve\u00eda que la presencia de lo que quedaba de la Orden ah\u00ed solo pon\u00eda en riesgo a quienes los rodeaban, cre\u00eda que el triste intento de su l\u00edder, Han, no ten\u00eda sentido en tierras extranjeras donde ni siquiera se entend\u00eda su idioma ni su filosof\u00eda, los antiguos designios de la Orden deb\u00edan desaparecer, tal como lo defini\u00f3 la corte de las bestias, en tierras que sucumb\u00edan a la visi\u00f3n de la Uni\u00f3n en ese momento. Tanto fueron las discusiones de ese momento que Kun decidi\u00f3 irse para buscar su propio camino, aisl\u00e1ndose del resto como un extra\u00f1o visitante a la deriva. Fue as\u00ed como el grupo inevitablemente se separ\u00f3, sin volverse a ver.<\/p>\n\n\n\n<h2 class=\"wp-block-heading\">2000 &#8211; Tormenta de avatares<\/h2>\n\n\n\n<p class=\"wp-block-paragraph\">Para mantener su balance interno con todos sus cuestionamientos, Kun se aisl\u00f3 solo en medio de la naturaleza, no pasaba mucho rato hasta que se cambiaba a un nuevo lugar, sobreviv\u00eda cazando y a veces haciendo de mercenario para causas menores de los locatarios, pero no fue sino hasta que los vientos de la tormenta de avatar se hicieron presente que Kun se interes\u00f3 en conectar con otros, la p\u00e9rdida que tuvo con muchos esp\u00edritus y la conexi\u00f3n con algunos ancestros en los registros ak\u00e1shicos lo oblig\u00f3 a moverse por distintas ciudades, donde aprendi\u00f3 de las costumbres chilenas y decidi\u00f3 tomar una nueva vida en el camino del Do.<\/p>\n\n\n\n<h2 class=\"wp-block-heading\">2018 &#8211; Llega a Santiago<\/h2>\n\n\n\n<p class=\"wp-block-paragraph\">No pas\u00f3 tanto tiempo hasta que lo encuentra un viejo amigo, el padre de la familia de Corea que los hab\u00eda recibido. \u00c9l le pide, antes de morir, que cuide a su nieto en Santiago, que muestra se\u00f1ales similares a lo que le contaban en el pasado, hizo que se lo prometiera, lo que ha hecho que retome su misi\u00f3n como maestro al entrenar a su nieto <strong>Seong Jin<\/strong>.<\/p>\n\n\n\n<p class=\"wp-block-paragraph\">Actualidad<\/p>\n\n\n\n<p class=\"wp-block-paragraph\">Kun Tang se mantiene como un vagabundo en Santiago, bajo perfil, para no llamar la atenci\u00f3n. Hace unos meses lo descubri\u00f3 Han, el mayor ya anciano, de la antigua orden de Jade, dici\u00e9ndole que tiene la sospecha de que el grupo que combatieron en China ahora est\u00e1 en estas tierras, dado que en el pasado descubri\u00f3 algunas cosas, y ahora al parecer la amenaza ha vuelto a aparecer, cuando re\u00fana a los antiguos guerreros les iba a contar m\u00e1s informaci\u00f3n. Han le pidi\u00f3 que lo acompa\u00f1ara, pero se neg\u00f3. Despu\u00e9s de eso no volvi\u00f3 a saber de \u00e9l.<\/p>\n\n\n\n<p class=\"wp-block-paragraph\">La mam\u00e1 de <strong>Seong<\/strong>, <strong>Suni Jin<\/strong>, es la ni\u00f1a que conoci\u00f3 cuando peque\u00f1o, ahora ya una mujer adulta que hizo una familia junto a su marido chileno Est\u00e9ban, ambos siguen el negocio familiar pero su hijo ha sido un problema. A pesar de que cada uno hizo su vida, sigue habiendo cierta tensi\u00f3n entre ambos hasta el dia de hoy.<\/p>","protected":false},"author":1,"featured_media":3491,"template":"","tags":[130],"faccion":[44,51,27],"class_list":["post-3490","pnj","type-pnj","status-publish","has-post-thumbnail","hentry","tag-guerreros-de-jade","faccion-hermandad-akashica","faccion-mago-la-ascension","faccion-tradiciones"],"acf":{"fecha":"1962 - Actualidad","estatus":"Activo","ficha_del_personaje":"","aspecto":"Pordiosero, ha hecho un incre\u00edble esfuerzo para mantenerse oculto y evita el contacto con las comodidades materiales, lo que lo ha llevado varias veces a compartir refugio con otros vagabundos que abundan en el centro de la ciudad. Lleva constantemente su rostro cubierto por un poler\u00f3n y trajes largos que evitan que se vean sus facciones de guerrero, hasta que es muy tarde.","interpretacion":"Kun lleva a\u00f1os congelado sin poder reconciliar su pasado y la herencia de los guerreros de Jade, eso lo ha llevado a no poder seguir ascediendo en su camino del Do, sin embargo, entrena todos los d\u00edas y calma su mente para no perder lo que ya ha aprendido. Es tremendamente precavido, pac\u00edfico a menos que la violencia sea la \u00fanica opci\u00f3n, y rechaza todo concepto de retomar o seguir la misi\u00f3n de los guerreros de Jade, cree que su obtusa visi\u00f3n y las locuras de su l\u00edder fue lo que los llev\u00f3 a su ca\u00edda. No habla de su pasado, casi nunca, a menos que sea importante, pero si lo hace, se desequilibra y debe darse un tiempo a solas.\r\n\r\nSolitario, t\u00edmido, aprendi\u00f3 a vivir como vagabundo, come de las sobras que le ofrecen sus amigos asi\u00e1ticos gracias a sus restaurantes, de vez en cuando los ayuda cuando alguien los molesta, pero siempre con mucho cuidado.","rango_mago":"6 - Maestro","informacion_privada":"","mapa_de_kumu_u_otro_embed":null},"yoast_head":"<!-- This site is optimized with the Yoast SEO plugin v28.4 - https:\/\/yoast.com\/product\/yoast-seo-wordpress\/ -->\n<title>Maestro Sifu - Kun Tang - Chile en Tinieblas<\/title>\n<meta name=\"robots\" content=\"index, follow, max-snippet:-1, max-image-preview:large, max-video-preview:-1\" \/>\n<link rel=\"canonical\" href=\"https:\/\/chileentinieblas.cl\/en\/pnj\/maestro-sifu-kun\/\" \/>\n<meta property=\"og:locale\" content=\"en_US\" \/>\n<meta property=\"og:type\" content=\"article\" \/>\n<meta property=\"og:title\" content=\"Maestro Sifu - Kun Tang - Chile en Tinieblas\" \/>\n<meta property=\"og:description\" content=\"Miembro retirado de la antigua Orden de Jade que lleg\u00f3 a Valdivia el a\u00f1o 81 cuando ten\u00eda 19 a\u00f1os. Despu\u00e9s de estar unos a\u00f1os vagando junto al resto de sus miembros, sus discusiones sobre lo que acababa de pasar se volvieron m\u00e1s intensas. Estando ac\u00e1 enfrentando a la tecnocracia notaron que en medio del conflicto [&hellip;]\" \/>\n<meta property=\"og:url\" content=\"https:\/\/chileentinieblas.cl\/en\/pnj\/maestro-sifu-kun\/\" \/>\n<meta property=\"og:site_name\" content=\"Chile en Tinieblas\" \/>\n<meta property=\"article:publisher\" content=\"https:\/\/www.facebook.com\/ChileenTinieblas\" \/>\n<meta property=\"article:modified_time\" content=\"2024-07-29T19:41:08+00:00\" \/>\n<meta property=\"og:image\" content=\"https:\/\/i.pinimg.com\/564x\/13\/5a\/31\/135a313bc0928ff05833f32f2a99845f.jpg\" \/>\n\t<meta property=\"og:image:width\" content=\"564\" \/>\n\t<meta property=\"og:image:height\" content=\"739\" \/>\n\t<meta property=\"og:image:type\" content=\"image\/jpeg\" \/>\n<meta name=\"twitter:card\" content=\"summary_large_image\" \/>\n<meta name=\"twitter:label1\" content=\"Est. reading time\" \/>\n\t<meta name=\"twitter:data1\" content=\"4 minutes\" \/>\n<script type=\"application\/ld+json\" class=\"yoast-schema-graph\">{\"@context\":\"https:\\\/\\\/schema.org\",\"@graph\":[{\"@type\":\"WebPage\",\"@id\":\"https:\\\/\\\/chileentinieblas.cl\\\/pnj\\\/maestro-sifu-kun\\\/\",\"url\":\"https:\\\/\\\/chileentinieblas.cl\\\/pnj\\\/maestro-sifu-kun\\\/\",\"name\":\"Maestro Sifu - Kun Tang - Chile en Tinieblas\",\"isPartOf\":{\"@id\":\"https:\\\/\\\/chileentinieblas.cl\\\/#website\"},\"primaryImageOfPage\":{\"@id\":\"https:\\\/\\\/chileentinieblas.cl\\\/pnj\\\/maestro-sifu-kun\\\/#primaryimage\"},\"image\":{\"@id\":\"https:\\\/\\\/chileentinieblas.cl\\\/pnj\\\/maestro-sifu-kun\\\/#primaryimage\"},\"thumbnailUrl\":\"https:\\\/\\\/i.pinimg.com\\\/564x\\\/13\\\/5a\\\/31\\\/135a313bc0928ff05833f32f2a99845f.jpg\",\"datePublished\":\"2023-03-18T00:06:56+00:00\",\"dateModified\":\"2024-07-29T19:41:08+00:00\",\"breadcrumb\":{\"@id\":\"https:\\\/\\\/chileentinieblas.cl\\\/pnj\\\/maestro-sifu-kun\\\/#breadcrumb\"},\"inLanguage\":\"en-US\",\"potentialAction\":[{\"@type\":\"ReadAction\",\"target\":[\"https:\\\/\\\/chileentinieblas.cl\\\/pnj\\\/maestro-sifu-kun\\\/\"]}]},{\"@type\":\"ImageObject\",\"inLanguage\":\"en-US\",\"@id\":\"https:\\\/\\\/chileentinieblas.cl\\\/pnj\\\/maestro-sifu-kun\\\/#primaryimage\",\"url\":\"https:\\\/\\\/i.pinimg.com\\\/564x\\\/13\\\/5a\\\/31\\\/135a313bc0928ff05833f32f2a99845f.jpg\",\"contentUrl\":\"https:\\\/\\\/i.pinimg.com\\\/564x\\\/13\\\/5a\\\/31\\\/135a313bc0928ff05833f32f2a99845f.jpg\",\"width\":564,\"height\":739},{\"@type\":\"BreadcrumbList\",\"@id\":\"https:\\\/\\\/chileentinieblas.cl\\\/pnj\\\/maestro-sifu-kun\\\/#breadcrumb\",\"itemListElement\":[{\"@type\":\"ListItem\",\"position\":1,\"name\":\"Portada\",\"item\":\"https:\\\/\\\/chileentinieblas.cl\\\/\"},{\"@type\":\"ListItem\",\"position\":2,\"name\":\"PNJs\",\"item\":\"https:\\\/\\\/chileentinieblas.cl\\\/pnj\\\/\"},{\"@type\":\"ListItem\",\"position\":3,\"name\":\"Maestro Sifu &#8211; Kun Tang\"}]},{\"@type\":\"WebSite\",\"@id\":\"https:\\\/\\\/chileentinieblas.cl\\\/#website\",\"url\":\"https:\\\/\\\/chileentinieblas.cl\\\/\",\"name\":\"Chile en Tinieblas\",\"description\":\"Un servidor con mesas de rol de Mundo de Tinieblas\",\"publisher\":{\"@id\":\"https:\\\/\\\/chileentinieblas.cl\\\/#organization\"},\"potentialAction\":[{\"@type\":\"SearchAction\",\"target\":{\"@type\":\"EntryPoint\",\"urlTemplate\":\"https:\\\/\\\/chileentinieblas.cl\\\/?s={search_term_string}\"},\"query-input\":{\"@type\":\"PropertyValueSpecification\",\"valueRequired\":true,\"valueName\":\"search_term_string\"}}],\"inLanguage\":\"en-US\"},{\"@type\":\"Organization\",\"@id\":\"https:\\\/\\\/chileentinieblas.cl\\\/#organization\",\"name\":\"Chile en Tinieblas\",\"url\":\"https:\\\/\\\/chileentinieblas.cl\\\/\",\"logo\":{\"@type\":\"ImageObject\",\"inLanguage\":\"en-US\",\"@id\":\"https:\\\/\\\/chileentinieblas.cl\\\/#\\\/schema\\\/logo\\\/image\\\/\",\"url\":\"https:\\\/\\\/chileentinieblas.cl\\\/wp-content\\\/uploads\\\/2021\\\/12\\\/logo-cet-claro.png\",\"contentUrl\":\"https:\\\/\\\/chileentinieblas.cl\\\/wp-content\\\/uploads\\\/2021\\\/12\\\/logo-cet-claro.png\",\"width\":1001,\"height\":1030,\"caption\":\"Chile en Tinieblas\"},\"image\":{\"@id\":\"https:\\\/\\\/chileentinieblas.cl\\\/#\\\/schema\\\/logo\\\/image\\\/\"},\"sameAs\":[\"https:\\\/\\\/www.facebook.com\\\/ChileenTinieblas\",\"https:\\\/\\\/www.instagram.com\\\/chileentinieblas\\\/\",\"https:\\\/\\\/www.youtube.com\\\/@chileentinieblas\",\"https:\\\/\\\/www.tiktok.com\\\/@chileentinieblas\"]}]}<\/script>\n<!-- \/ Yoast SEO plugin. -->","yoast_head_json":{"title":"Maestro Sifu - Kun Tang - Chile en Tinieblas","robots":{"index":"index","follow":"follow","max-snippet":"max-snippet:-1","max-image-preview":"max-image-preview:large","max-video-preview":"max-video-preview:-1"},"canonical":"https:\/\/chileentinieblas.cl\/en\/pnj\/maestro-sifu-kun\/","og_locale":"en_US","og_type":"article","og_title":"Maestro Sifu - Kun Tang - Chile en Tinieblas","og_description":"Miembro retirado de la antigua Orden de Jade que lleg\u00f3 a Valdivia el a\u00f1o 81 cuando ten\u00eda 19 a\u00f1os. Despu\u00e9s de estar unos a\u00f1os vagando junto al resto de sus miembros, sus discusiones sobre lo que acababa de pasar se volvieron m\u00e1s intensas. Estando ac\u00e1 enfrentando a la tecnocracia notaron que en medio del conflicto [&hellip;]","og_url":"https:\/\/chileentinieblas.cl\/en\/pnj\/maestro-sifu-kun\/","og_site_name":"Chile en Tinieblas","article_publisher":"https:\/\/www.facebook.com\/ChileenTinieblas","article_modified_time":"2024-07-29T19:41:08+00:00","og_image":[{"width":564,"height":739,"url":"https:\/\/i.pinimg.com\/564x\/13\/5a\/31\/135a313bc0928ff05833f32f2a99845f.jpg","type":"image\/jpeg"}],"twitter_card":"summary_large_image","twitter_misc":{"Est. reading time":"4 minutes"},"schema":{"@context":"https:\/\/schema.org","@graph":[{"@type":"WebPage","@id":"https:\/\/chileentinieblas.cl\/pnj\/maestro-sifu-kun\/","url":"https:\/\/chileentinieblas.cl\/pnj\/maestro-sifu-kun\/","name":"Maestro Sifu - Kun Tang - Chile en Tinieblas","isPartOf":{"@id":"https:\/\/chileentinieblas.cl\/#website"},"primaryImageOfPage":{"@id":"https:\/\/chileentinieblas.cl\/pnj\/maestro-sifu-kun\/#primaryimage"},"image":{"@id":"https:\/\/chileentinieblas.cl\/pnj\/maestro-sifu-kun\/#primaryimage"},"thumbnailUrl":"https:\/\/i.pinimg.com\/564x\/13\/5a\/31\/135a313bc0928ff05833f32f2a99845f.jpg","datePublished":"2023-03-18T00:06:56+00:00","dateModified":"2024-07-29T19:41:08+00:00","breadcrumb":{"@id":"https:\/\/chileentinieblas.cl\/pnj\/maestro-sifu-kun\/#breadcrumb"},"inLanguage":"en-US","potentialAction":[{"@type":"ReadAction","target":["https:\/\/chileentinieblas.cl\/pnj\/maestro-sifu-kun\/"]}]},{"@type":"ImageObject","inLanguage":"en-US","@id":"https:\/\/chileentinieblas.cl\/pnj\/maestro-sifu-kun\/#primaryimage","url":"https:\/\/i.pinimg.com\/564x\/13\/5a\/31\/135a313bc0928ff05833f32f2a99845f.jpg","contentUrl":"https:\/\/i.pinimg.com\/564x\/13\/5a\/31\/135a313bc0928ff05833f32f2a99845f.jpg","width":564,"height":739},{"@type":"BreadcrumbList","@id":"https:\/\/chileentinieblas.cl\/pnj\/maestro-sifu-kun\/#breadcrumb","itemListElement":[{"@type":"ListItem","position":1,"name":"Portada","item":"https:\/\/chileentinieblas.cl\/"},{"@type":"ListItem","position":2,"name":"PNJs","item":"https:\/\/chileentinieblas.cl\/pnj\/"},{"@type":"ListItem","position":3,"name":"Maestro Sifu &#8211; Kun Tang"}]},{"@type":"WebSite","@id":"https:\/\/chileentinieblas.cl\/#website","url":"https:\/\/chileentinieblas.cl\/","name":"Chile en Tinieblas","description":"Un servidor con mesas de rol de Mundo de Tinieblas","publisher":{"@id":"https:\/\/chileentinieblas.cl\/#organization"},"potentialAction":[{"@type":"SearchAction","target":{"@type":"EntryPoint","urlTemplate":"https:\/\/chileentinieblas.cl\/?s={search_term_string}"},"query-input":{"@type":"PropertyValueSpecification","valueRequired":true,"valueName":"search_term_string"}}],"inLanguage":"en-US"},{"@type":"Organization","@id":"https:\/\/chileentinieblas.cl\/#organization","name":"Chile en Tinieblas","url":"https:\/\/chileentinieblas.cl\/","logo":{"@type":"ImageObject","inLanguage":"en-US","@id":"https:\/\/chileentinieblas.cl\/#\/schema\/logo\/image\/","url":"https:\/\/chileentinieblas.cl\/wp-content\/uploads\/2021\/12\/logo-cet-claro.png","contentUrl":"https:\/\/chileentinieblas.cl\/wp-content\/uploads\/2021\/12\/logo-cet-claro.png","width":1001,"height":1030,"caption":"Chile en Tinieblas"},"image":{"@id":"https:\/\/chileentinieblas.cl\/#\/schema\/logo\/image\/"},"sameAs":["https:\/\/www.facebook.com\/ChileenTinieblas","https:\/\/www.instagram.com\/chileentinieblas\/","https:\/\/www.youtube.com\/@chileentinieblas","https:\/\/www.tiktok.com\/@chileentinieblas"]}]}},"jetpack_sharing_enabled":true,"_links":{"self":[{"href":"https:\/\/chileentinieblas.cl\/en\/wp-json\/wp\/v2\/pnj\/3490","targetHints":{"allow":["GET"]}}],"collection":[{"href":"https:\/\/chileentinieblas.cl\/en\/wp-json\/wp\/v2\/pnj"}],"about":[{"href":"https:\/\/chileentinieblas.cl\/en\/wp-json\/wp\/v2\/types\/pnj"}],"author":[{"embeddable":true,"href":"https:\/\/chileentinieblas.cl\/en\/wp-json\/wp\/v2\/users\/1"}],"wp:featuredmedia":[{"embeddable":true,"href":"https:\/\/chileentinieblas.cl\/en\/wp-json\/wp\/v2\/media\/3491"}],"wp:attachment":[{"href":"https:\/\/chileentinieblas.cl\/en\/wp-json\/wp\/v2\/media?parent=3490"}],"wp:term":[{"taxonomy":"post_tag","embeddable":true,"href":"https:\/\/chileentinieblas.cl\/en\/wp-json\/wp\/v2\/tags?post=3490"},{"taxonomy":"faccion","embeddable":true,"href":"https:\/\/chileentinieblas.cl\/en\/wp-json\/wp\/v2\/faccion?post=3490"}],"curies":[{"name":"wp","href":"https:\/\/api.w.org\/{rel}","templated":true}]}}