{"id":3463,"date":"2023-02-26T04:42:23","date_gmt":"2023-02-26T04:42:23","guid":{"rendered":"https:\/\/chileentinieblas.cl\/?post_type=pnj&#038;p=3463"},"modified":"2024-08-16T05:32:04","modified_gmt":"2024-08-16T05:32:04","slug":"ordmund-fata","status":"publish","type":"pnj","link":"https:\/\/chileentinieblas.cl\/en\/pnj\/ordmund-fata\/","title":{"rendered":"Ordmund Fata"},"content":{"rendered":"<h1 class=\"wp-block-heading\">Resumen<\/h1>\n\n\n\n<p class=\"wp-block-paragraph\">Un m\u00e9dium m\u00e1s viejo de lo que parece, nacido por all\u00e1 por 1950 en Inglaterra y que tras pasar por el control de una v\u00e1stago por muchos a\u00f1os, termin\u00f3 en Chile y, m\u00e1s tarde, bajo un control forzado por F.A.S.T., lugar donde sirvi\u00f3 como unidad de apoyo a diferentes cazadores hasta que logr\u00f3 escapar.<br><br>Pero m\u00e1s tarde y debido a un chip subcut\u00e1neo bajo el cuello, obra del equipo m\u00e9dico de la Segunda Inquisici\u00f3n, debi\u00f3 refugiarse bajo el brazo corrupto pero seguro de las tres familias m\u00e1s poderosas de Bajos de Mena, el cual ser\u00eda su \u00faltimo hogar antes de encontrar la ayuda de una Cazadora con habilidades m\u00e9dicas inigualables, la cual logr\u00f3 quitarle el aparato y as\u00ed permitirle, finalmente, escapar de las garras de V\u00e1stagos y de F.A.S.T. por igual.<br><br>Este NPC parti\u00f3 originalmente como personaje en la mesa que dio nacimiento a la actual temida Segunda  Inquisici\u00f3n y m\u00e1s tarde, se transform\u00f3 en un NPC como tal al servicio de otras cr\u00f3nicas. Para aquellos que lo conocen, es un t\u00e9trico ps\u00edquico con poderosas conexiones con los muertos y las sombras, pero para quienes apenas lo han visto un par de veces, es poco m\u00e1s que un loco.<\/p>\n\n\n\n<h1 class=\"wp-block-heading\">1943<\/h1>\n\n\n\n<p class=\"wp-block-paragraph\"><strong>Oliver Losthill<\/strong>, nacido (1 de noviembre 1943) en un peque\u00f1o pueblo de Inglaterra, vivi\u00f3 la mayor parte de su vida en hogares problem\u00e1ticos, pasando de un grupo familiar a otro mientras su familia se destruye por diferencias de opini\u00f3n, enfermedades y una mala crianza.<br>Sumado a esto, la extra\u00f1a capacidad innata de siempre percibir en parte ese algo m\u00e1s a su alrededor, aquella sombra al final del pasillo o aquella voz sin origen, confluyeron en la formaci\u00f3n de una persona relativamente aproblemada y algo incapaz de relacionarse del todo bien con sus pares, centr\u00e1ndose en general en s\u00ed mismo y aquel \u201csegundo grupo familiar\u201d, el de los no f\u00edsicamente presentes.<\/p>\n\n\n\n<p class=\"wp-block-paragraph\">Por suerte o infortunio del destino, pasa buena parte de sus \u00faltimos a\u00f1os escolares y los primeros de adulto joven en los cementerios cercanos, llamando la atenci\u00f3n de alg\u00fan v\u00e1stago interesado en los muertos. Y lo que comienza como una agradable amistad de intereses similares, r\u00e1pidamente se transforma en una t\u00f3xica relaci\u00f3n de amor y odio, producto de la vitae, aquel dulce n\u00e9ctar de infinito poder y placer.<br>Pero ya comandado por una mente ajena, pierde todos los restantes estribos de su vida al quedar bajo las \u00f3rdenes de las bestias nocturnas, entes que se preocupan de fomentar las capacidades innatas de Oliver con respecto a los muertos, de alejarlo de su vida anterior al renombrarlo <strong>Ordmund Fate<\/strong> y acostumbrarlo a la muerte al mantenerlo al servicio de entes sombr\u00edos, dados a las sombras y una extra\u00f1a \u201cidea\u201d o lugar, llamado <strong>Olvido<\/strong>.<br>Su maestra, una \u201c<strong>Lasombra<\/strong>\u201d de nombre, <strong>Edda Wood<\/strong>, una mujer directa y de pocas palabras, poco genio, pero convincente voz, aunque sin revelarle demasiado de su naturaleza o del pol\u00edtico mundo que ahora habitaba, lo obliga a viajar por todo todos sitios. En parte cuidando de ella por los d\u00edas y sirviendo de alimento durante las noches en que la caza escasea, cuesti\u00f3n que se vuelve a\u00fan m\u00e1s presente a finales del <strong>2012<\/strong>, cuando temiendo alg\u00fan final aciago sobre diferentes aspectos de <strong>Londres<\/strong>, decide moverse fuera del continente y m\u00e1s espec\u00edficamente a Latinoam\u00e9rica, al pa\u00eds de Chile.<\/p>\n\n\n\n<p class=\"wp-block-paragraph\">Con la obligaci\u00f3n de aprender el idioma para lidiar con los mortales de la tumultuosa tierra que ahora pisaba, eventualmente se encontr\u00f3 con una voz diferente a todas las dem\u00e1s, una voz como de ultratumba, sabia y muy recurrente, una especie de ente familiar, como si lo hubiera seguido por toda su vida, pero al mismo tiempo nueva, al nunca haberla escuchado antes. Esta especie de <strong>gu\u00eda<\/strong> poco regida por cuestiones de moral, se transforma en una especie de mon\u00f3logo interno en la mente de Ordmund. Conversar seguido del mundo de los muertos como del de los vivos, lo impulsa a buscar m\u00e1s esp\u00edritus a\u00fan presentes, a desear saber m\u00e1s por parte de ellos, conocer de primera mano las desgracias y testimonio que los idos tienen para dejar, pero tambi\u00e9n a respetar su esencia. Esto despierta una especie de hambre, una suerte de motivaci\u00f3n personal por desear existir todav\u00eda y no simplemente limitarse a seguir a una maestra silenciosa.<\/p>\n\n\n\n<p class=\"wp-block-paragraph\">Pero, como nada viene gratis, las ense\u00f1anzas de su nuevo gu\u00eda implican una clase de retorno, la recreaci\u00f3n de ritos ajenos a su comprensi\u00f3n, as\u00ed como acarrear mensajes de un lugar a otro o entretenerla con historias del mundo de los vivos. Tareas que aunque simple, obviamente esconder una especie de plan secreto muy extra\u00f1o, pero para Ordmund, quien ha aprendido a apreciar lo que puede encontrar en aquellos entes deseosos de mantenerlo vivo, no se molesta nunca en objetar respecto a dichas peticiones, despu\u00e9s de todo, la ayuda de esta voz resulta instrumental en el bienestar de su psiquis en esta tierra tan ca\u00f3tico y aquella vida tan llena de manipulaciones.<\/p>\n\n\n\n<p class=\"wp-block-paragraph\">Guiado eventualmente por la misteriosa voz y por su maestra no muerta, interceptan una noche, un extra\u00f1o cargamento de libros dedicados a la muerte. Interesantes lecturas con que ahonda en su comprensi\u00f3n y dominio sobre la extra\u00f1a naturaleza de la muerte en quienes recientemente han partido, pero la respuesta, que no tarda m\u00e1s de un par de semanas en llegar, transforma el misterioso plan de Edda con respecto a los muertos, en una inc\u00f3gnita infinita, al acabar ella desaparecida por una incre\u00edble fuerza de choque humana (F.A.S.T.) que acaba con su refugio y provoca el escape de los servidores de la vampiresa, Ordmund incluido.<\/p>\n\n\n\n<p class=\"wp-block-paragraph\">Las inc\u00f3gnitas son muchas en las noches m\u00e1s recientes. La sed tambi\u00e9n lo es por aquello de lo que se le es despojado tan forzosamente, pero de no ser por la convincente voz en su cabeza y una primera aparici\u00f3n formal como esp\u00edritu de los muertos por parte de su gu\u00eda, demostr\u00e1ndose como la misma <strong>Edda<\/strong>, aunque solo en forma. De identidad refiri\u00e9ndose a s\u00ed misma como \u201c<strong>Odilia Wood<\/strong>\u201d, aparente gemela de su maestra supuestamente muerta, Ordmund queda convencido de que debe seguir sobreviviendo y buscando sangre, de un modo u otro, para buscar alg\u00fan prop\u00f3sito mayor<strong>.<\/strong><\/p>\n\n\n\n<h1 class=\"wp-block-heading\">2020<\/h1>\n\n\n\n<p class=\"wp-block-paragraph\">Tras haber seguido el rastro de la lectura prohibida, a ra\u00edz de los encuentros en el pasado con la Fuerza de Ataque Secreta Temprana (F.A.S.T.), descubri\u00f3 una maravillosa fuente de conocimiento respecto a las v\u00edas nigrom\u00e1nticas, a las que logr\u00f3 tener acceso limitado por un tiempo. Pero la respuesta, dura y r\u00e1pida, acab\u00f3 por capturarlo en una redada al domicilio en el que se alojaba por aquella \u00e9poca (a mediados de 2020).<\/p>\n\n\n\n<p class=\"wp-block-paragraph\">Mancera y su equipo especializado lo tomaron como prisionero destacado. Tras monitorearlo, qued\u00f3 decidido emplearlo con correa y bajo amenaza de muerte. Pasando as\u00ed entonces de escapar de una esclavitud inmortal a una nueva forma de servicio forzado.<\/p>\n\n\n\n<p class=\"wp-block-paragraph\">Su labor de esta manera durar\u00eda hasta finales de 2020, siendo testigo por todo ese tiempo de las secretas operaciones inhumanas de la organizaci\u00f3n. De su actuar despiadado y falto de alma, totalmente genocida y violento con lo desconocido.<\/p>\n\n\n\n<h1 class=\"wp-block-heading\">2021<\/h1>\n\n\n\n<p class=\"wp-block-paragraph\">Actualmente, tras innumerables intentos de escape de entre los que uno dio \u00e9xito, reside en relativa calma y libertad por Bajos de Mena, al servicio de Los Far\u00edas con sus servicios de medium a cambio de sangre, de la que este ghoul sin v\u00e1stago a\u00fan depende para sobrevivir.<\/p>\n\n\n\n<p class=\"wp-block-paragraph\">Un acuerdo secreto, en todo caso, lo fuerza a permanecer en la zona hasta poder encontrar a alg\u00fan admirable cirujano que le pueda extraer cierto rastreador que posee en el cuello. Una de las m\u00e1s inhumanas medidas de FAST, creada para mantener bajo vigilancia a sus m\u00e1s \u00fatiles mascotas.<\/p>\n\n\n\n<p class=\"wp-block-paragraph\">Es a finales de agosto del mismo a\u00f1o, que gracias a una mujer de nombre &#8220;Isabel&#8221; (cazadora, jugadora), logra deshacerse del chip de F.A.S.T., tras lo cual y sin perder tiempo, se dio a la fuga, finalmente libre del rastro que dejaba y cualquier responsabilidad con cualquier familia.<br><br>Antes de irse en cualquier caso, le dej\u00f3 su diario personal, en ingl\u00e9s y en espa\u00f1ol, con todas su vida, conocimientos del mundo vamp\u00edrico, de su tiempo en F.A.S.T., del mundo de los muertos, de c\u00f3mo contactarlos y los detalles de la incre\u00edblemente secreta senda de hechicer\u00eda, Via Nicromantiae, que La Sociedad de Leopoldo tanto resguarda en sus bibliotecas m\u00e1s secretas&#8230; Pero que, por descuido de Isabel, acabar\u00eda por terminar en manos del Clan Hecata.<\/p>\n\n\n\n<p class=\"wp-block-paragraph\">Nadie sabe a d\u00eda de hoy d\u00f3nde est\u00e1 Ordmund realmente o siquiera si es que sigue en el mundo de los vivos&#8230; O los muertos.<\/p>","protected":false},"author":19,"featured_media":3464,"template":"","tags":[],"faccion":[54,55],"class_list":["post-3463","pnj","type-pnj","status-publish","has-post-thumbnail","hentry","faccion-cazador-la-venganza","faccion-cazadores-cazados"],"acf":{"fecha":"","estatus":"Desaparecido","ficha_del_personaje":"","aspecto":"Desalineado, como sin sentido de la propia imagen personal y con poca idea de la mejor combinaci\u00f3n de colores en lo que a ropa respecta, vemos a una persona despeinada, con una barba de varios d\u00edas y probablemente algo sucio por el polvo y la tierra tan presentes por los sitios por los que suele andar.\r\n\r\nPoco ayuda que el olor de los muertos no sea normalmente el mejor, quedando una parte de este en su andar y a veces olvidando los beneficios del perfume (cuestiones poco \u00fatiles en su vida pasada).Y pese a su edad, diversas arrugas o marcas de piel inundan su rostro, quiz\u00e1s la cercan\u00eda a la muerte lo ha llevado a desarrollar marcas que superan al efecto de la vitae por su cuerpo.\r\n\r\nPor lo dem\u00e1s, es una persona delgada y en apariencia, bien ligera. De cabello liso negro y relativamente suelo, lentes de contacto, y de una altura no superior al metro ochenta, quiz\u00e1s en torno a los setenta. Piel, aunque bien clara por naturaleza, algo oscurecida por aquella permanente capa de suciedad\u2026 O quiz\u00e1s por aquel aspecto sobrenatural de su sombra que ocasionalmente pareciera no corresponderse con la luz presente. Definitivamente, alguien de aspecto cansado y afectado por alg\u00fan mal poco evidente.","interpretacion":"","informacion_privada":"<!-- wp:list -->\r\n<ul class=\"wp-block-list\">\r\n \t<li style=\"list-style-type: none\">\r\n<ul class=\"wp-block-list\"><!-- wp:list-item -->\r\n \t<li><strong>N\u00famina Ps\u00edquica:<\/strong> Shadow. Ghost Hunters.<\/li>\r\n<\/ul>\r\n<\/li>\r\n<\/ul>\r\n<!-- \/wp:list-item --> <!-- wp:list-item -->\r\n<ul class=\"wp-block-list\">\r\n \t<li style=\"list-style-type: none\">\r\n<ul class=\"wp-block-list\">\r\n \t<li><strong>Rituales de control fantasmal: <\/strong>Ghost Hunters.<\/li>\r\n<\/ul>\r\n<\/li>\r\n<\/ul>\r\n<!-- \/wp:list-item --> <!-- wp:list-item -->\r\n<ul class=\"wp-block-list\">\r\n \t<li style=\"list-style-type: none\">\r\n<ul class=\"wp-block-list\">\r\n \t<li><strong>Numina m\u00e1gica: <\/strong>Via Necromantiae. Hunters Hunted II.<\/li>\r\n<\/ul>\r\n<\/li>\r\n<\/ul>\r\n<!-- \/wp:list-item --> <!-- wp:list-item -->\r\n<ul class=\"wp-block-list\">\r\n \t<li style=\"list-style-type: none\">\r\n<ul class=\"wp-block-list\">\r\n \t<li><strong>Ghoul: <\/strong>Adicto a la vitae. 77 a\u00f1os aproximadamente.<\/li>\r\n<\/ul>\r\n<\/li>\r\n<\/ul>\r\n<!-- \/wp:list-item -->\r\n\r\n<!-- \/wp:list --> <!-- wp:heading -->\r\n\r\n&nbsp;\r\n\r\n<strong>Informaci\u00f3n Especial<\/strong>\r\n\r\n<!-- wp:heading -->\r\n<ul class=\"wp-block-list\">\r\n \t<li style=\"list-style-type: none\">\r\n<ul class=\"wp-block-list\">\r\n \t<li><strong>\u00bfQu\u00e9 motiva a Ordmund Fata y por qu\u00e9? <\/strong>El deseo de comprender el concepto de la muerte a trav\u00e9s de los propios testimonios de aquellos seres que la experimentan d\u00eda a d\u00eda, ya sea porque est\u00e1n muertos, porque est\u00e1n rodeados de aquello con frecuencia o por vivir una \u201cno-vida\u201d en s\u00ed misma.\r\nEsto, por la continua presencia del elemento en su vida y el revigorizado inter\u00e9s que <strong>Odilia<\/strong> despert\u00f3 en \u00e9l.<\/li>\r\n<\/ul>\r\n<\/li>\r\n<\/ul>\r\n<!-- \/wp:heading --> <!-- wp:list-item -->\r\n<ul class=\"wp-block-list\">\r\n \t<li style=\"list-style-type: none\">\r\n<ul class=\"wp-block-list\">\r\n \t<li><strong>\u00bfQu\u00e9 caracter\u00edsticas lo describen? <\/strong>Lo primero probablemente sea su poco sentido de la permanencia en el mundo, su desapego por lo material y su fatalismo en alg\u00fan nivel. En s\u00ed, no es traicionero, pero la confianza en un beneficio ganado a partir de las acciones y el tiempo, no de las palabras.\r\nLo segundo, y bien destacable, es su impasibilidad ante la muerte. En general, ni una persona arroj\u00e1ndose al olvido, ni tampoco un campo lleno de ca\u00eddos perturbar\u00e1n su visi\u00f3n, pues al estar rodeado de esp\u00edritus, dif\u00edcil es a la larga demostrarse sorprendido por su presencia, aunque claro, eso no implica a un guerrero o a alguien bien dado a los conflictos, cuestiones de las cuales tratar\u00e1 de huir en principio, pues aunque est\u00e9 acostumbrado a otros siguiendo el sendero de la destrucci\u00f3n, \u00e9l no tiene ning\u00fan inter\u00e9s por explorar ese sendero \u00e9l mismo.\r\nY lo \u00faltimo, esa curiosidad siempre presente, quiz\u00e1s hasta peligrosa en s\u00ed misma, de explorar los aspectos del saber y el conocimiento de las fuentes directas capaces de hablarlas. Siempre, m\u00e1s interesante ser\u00e1n, las voces de quienes experimentan estos extra\u00f1os estados del ser, que aquellos libros m\u00e1s dedicados a las materias desde un punto de vista externo.<\/li>\r\n<\/ul>\r\n<\/li>\r\n<\/ul>\r\n<!-- \/wp:list-item --> <!-- wp:list-item -->\r\n<ul class=\"wp-block-list\">\r\n \t<li style=\"list-style-type: none\">\r\n<ul class=\"wp-block-list\">\r\n \t<li><strong>\u00bfCu\u00e1l es su secreto m\u00e1s oscuro? <\/strong>Una vida tan complicada no se termina tan solo resolviendo el asunto del vampiro mat\u00e1ndolo. Ese n\u00e9ctar que seres como ellos proveen, demuestra ser demasiado bueno y hasta \"necesario\", como para simplemente rechazarlo sin m\u00e1s, \u00bfy qu\u00e9 decir de los beneficios?\r\nPero claro, mejor guardarse esas opiniones\u2026 Para cuando es posible disfrutarla sin ojos ajenos sobre uno mismo.<\/li>\r\n<\/ul>\r\n<\/li>\r\n<\/ul>\r\n<!-- \/wp:list-item --> <!-- wp:list-item -->\r\n<ul class=\"wp-block-list\">\r\n \t<li style=\"list-style-type: none\">\r\n<ul class=\"wp-block-list\">\r\n \t<li><strong>\u00bfCu\u00e1l es su mayor miedo? <\/strong>Siendo sinceros, simplemente llegar a odiar o tener alg\u00fan sentimiento de claro rencor hacia <strong>Edda<\/strong> u otros entes como ella es imposible. De no haber sido por su influencia, Ordmund jam\u00e1s habr\u00eda escapado a esa condenada existencia de desdicha\u2026 Pero esa p\u00e9rdida de agencia personal, de transformarse en un esclavo para las peticiones del resto, el exilio del individualismo.\r\nLos beneficios de la vitae y de las influencias vamp\u00edricas son innegables, el poder detr\u00e1s de la sangre puede permitirle a uno ejercer parte de los poderes que los v\u00e1stagos emplean durante la noche, pero tambi\u00e9n pueden hacer que uno se pierda en convencimientos personales de que servir no es tan malo\u2026 Y ese sencillo pensamiento es el comienzo del fin para todo ser vivo en esta tierra.<\/li>\r\n<\/ul>\r\n<\/li>\r\n<\/ul>\r\n<!-- \/wp:list-item --> <!-- wp:list-item -->\r\n<ul class=\"wp-block-list\">\r\n \t<li style=\"list-style-type: none\">\r\n<ul class=\"wp-block-list\">\r\n \t<li><strong>\u00bfCu\u00e1l es su mayor tragedia? <\/strong>Las sombras son un poderoso y claro elemento de la vida del personaje, pero haber tenido que aprender de una experta en un arte tan\u2026 Cuestionable, no deja ni al m\u00e1s insensible, sin reconocer los costos de tales aprendizajes.\r\nNo estuvo Edda conforme con su mentor\u00eda, sino hasta que las sombras de Ordmund enloquecieron y rompieron a una persona\u2026 Un sujeto de pruebas, una simple pieza de un \u201creba\u00f1o\u201d m\u00e1s grande, pero algo del todo incorrecto, un recordatorio de que blandir las fuerzas del universo con descaro, puede tener graves consecuencias en las personas cercanas.<\/li>\r\n<\/ul>\r\n<\/li>\r\n<\/ul>\r\n<!-- \/wp:list-item --> <!-- wp:list-item -->\r\n<ul class=\"wp-block-list\">\r\n \t<li style=\"list-style-type: none\">\r\n<ul class=\"wp-block-list\">\r\n \t<li><strong>\u00bfD\u00f3nde creci\u00f3 y c\u00f3mo era el ambiente? <\/strong>En una peque\u00f1a localidad inglesa, pasando por grupos familiares disfuncionales, llenos de peleas, vicios y discusiones, con pocas personas con las que hablar o desarrollar buenas relaciones interpersonales\u2026 Al menos con los vivos. Y eventualmente con Edda Wood, pasando m\u00e1s tiempo por ciudades y lidiando con personas traicioneras, otros entes m\u00e1s peligrosos y casi nunca con personas confiables.<\/li>\r\n<\/ul>\r\n<\/li>\r\n<\/ul>\r\n<!-- \/wp:list-item --> <!-- wp:list-item -->\r\n<ul class=\"wp-block-list\">\r\n \t<li style=\"list-style-type: none\">\r\n<ul class=\"wp-block-list\">\r\n \t<li><strong>\u00bfQu\u00e9 es de su familia? <\/strong>Aunque el apellido Losthill se perdi\u00f3 con el tiempo en diferentes sitios, posiblemente primos y familiares que hubiese tenido, habr\u00edan acabado en las drogas, relaciones turbulentas y cosas similares, aunque tampoco ser\u00eda de extra\u00f1ar que algunas almas m\u00e1s j\u00f3venes terminaran en alguna instituci\u00f3n religiosa, tanto queriendo alejarse de los males de una familia tan t\u00f3xica, como simplemente acabando en un orfanato de tales caracter\u00edsticas y comenzando una vida en dedicaci\u00f3n a la Fe.\r\nSea como fuere, Ordmund desconoce el final de su antigua familia.\r\nInteresante s\u00ed, es ver quiz\u00e1s a sus nuevos contactos entre los vivos y los muertos como a nuevas conexiones algo m\u00e1s familiares. Posee un contacto en el cementerio general, un abuelo de familia\u2026 Del siglo pasado, don <strong>Roberto Anta\u00f1o<\/strong> fue alguna vez alguien de familia, siempre presente, pero de esas personas que nunca pudieron continuar una vez muertos por temer respecto al buen vivir de su familia. Habr\u00eda sido por alguna de esas antiguas visitas al cementerio, que Ordmund habr\u00eda conocido al esp\u00edritu y encontrado en este sujeto, una extra\u00f1a figura familiar que nunca conoci\u00f3 antes (fuera de Odilia). A \u00e9l recurre seg\u00fan puede para conversar y hallar consejo, conversar de la vida y preguntarse por el futuro, y aunque claro est\u00e1 que eventualmente el viejo quiera algo por su tiempo, no lo ha hecho presente.<\/li>\r\n<\/ul>\r\n<\/li>\r\n<\/ul>\r\n<!-- \/wp:list-item --> <!-- wp:list-item -->\r\n<ul class=\"wp-block-list\">\r\n \t<li style=\"list-style-type: none\">\r\n<ul class=\"wp-block-list\">\r\n \t<li><strong>\u00bfAlg\u00fan odio? <\/strong>En un mundo tan lleno de almas complicadas, existen aquellos que eligen despreciar lo que no conocen o comprenden en vez de entenderlo o acercarse a ello, entes que con el poder de hablar con esp\u00edritus o tratar con ellos, eligen en vez eso, atacarlos y destruirlos como si fueran simplemente monstruos.\r\nCuando ya has pasado tiempo entre \u201cverdaderos\u201d monstruos y has visto como las mismas complicaciones humanas plagan sus mentes pese a la presencia de alguna sombra del pensamiento bajo esa aparente humanidad, no puedes evitar ver al \u201cmonstruo\u201d, en el soldado que emplea el miedo y la ignorancia como fundamentos permanentes de su actuar.<\/li>\r\n<\/ul>\r\n<\/li>\r\n<\/ul>\r\n<!-- \/wp:list-item --> <!-- wp:list-item -->\r\n<ul class=\"wp-block-list\">\r\n \t<li style=\"list-style-type: none\">\r\n<ul class=\"wp-block-list\">\r\n \t<li><strong>\u00bfVicios o gustos extra\u00f1os? <\/strong>Perturbar las sombras a voluntad, levantar muertos o encontrarlos para hablar con ellos y perturbar personas molestas con su extra\u00f1a naturaleza. No son pasatiempos del todo sanos, pero esa reafirmaci\u00f3n de poder afectar al mundo a su alrededor y de que su propia persona es capaz de hacerse sentir por el mundo, tienden a reconfortarlo a veces.<\/li>\r\n<\/ul>\r\n<\/li>\r\n<\/ul>\r\n<!-- \/wp:list-item --> <!-- wp:list-item -->\r\n<ul class=\"wp-block-list\">\r\n \t<li style=\"list-style-type: none\">\r\n<ul class=\"wp-block-list\">\r\n \t<li><strong>\u00bfCu\u00e1l es su posesi\u00f3n m\u00e1s preciada? <\/strong>Una peque\u00f1a libreta que conserva entre sus ropas, donde tiende a escribir las historias que los fantasmas le cuentan, algunas de sus vivencias y donde transcribi\u00f3 parte de los documentos robados para no olvidar su contenido.\r\nDentro, en ingl\u00e9s, es posible encontrar datos que realmente querr\u00eda olvidar de su persona, cosas como su nombre y lugar de origen, pero tanto tiempo ha pasado con \u00e9l y tanto ha escrito en ella con letra tan peque\u00f1a, que simplemente deshacerse de una parte de \u00e9l como esa, ser\u00eda da\u00f1ino.<\/li>\r\n<\/ul>\r\n<\/li>\r\n<\/ul>\r\n<!-- \/wp:list-item -->\r\n\r\n<!-- \/wp:heading -->\r\n\r\n<!-- \/wp:paragraph -->","mapa_de_kumu_u_otro_embed":null},"yoast_head":"<!-- This site is optimized with the Yoast SEO plugin v28.4 - https:\/\/yoast.com\/product\/yoast-seo-wordpress\/ -->\n<title>Ordmund Fata - Chile en Tinieblas<\/title>\n<meta name=\"robots\" content=\"index, follow, max-snippet:-1, max-image-preview:large, max-video-preview:-1\" \/>\n<link rel=\"canonical\" href=\"https:\/\/chileentinieblas.cl\/en\/pnj\/ordmund-fata\/\" \/>\n<meta property=\"og:locale\" content=\"en_US\" \/>\n<meta property=\"og:type\" content=\"article\" \/>\n<meta property=\"og:title\" content=\"Ordmund Fata - Chile en Tinieblas\" \/>\n<meta property=\"og:description\" content=\"Resumen Un m\u00e9dium m\u00e1s viejo de lo que parece, nacido por all\u00e1 por 1950 en Inglaterra y que tras pasar por el control de una v\u00e1stago por muchos a\u00f1os, termin\u00f3 en Chile y, m\u00e1s tarde, bajo un control forzado por F.A.S.T., lugar donde sirvi\u00f3 como unidad de apoyo a diferentes cazadores hasta que logr\u00f3 escapar. [&hellip;]\" \/>\n<meta property=\"og:url\" content=\"https:\/\/chileentinieblas.cl\/en\/pnj\/ordmund-fata\/\" \/>\n<meta property=\"og:site_name\" content=\"Chile en Tinieblas\" \/>\n<meta property=\"article:publisher\" content=\"https:\/\/www.facebook.com\/ChileenTinieblas\" \/>\n<meta property=\"article:modified_time\" content=\"2024-08-16T05:32:04+00:00\" \/>\n<meta property=\"og:image\" content=\"https:\/\/chileentinieblas.cl\/wp-content\/uploads\/2023\/02\/ordmun-editar.png\" \/>\n\t<meta property=\"og:image:width\" content=\"655\" \/>\n\t<meta property=\"og:image:height\" content=\"876\" \/>\n\t<meta property=\"og:image:type\" content=\"image\/png\" \/>\n<meta name=\"twitter:card\" content=\"summary_large_image\" \/>\n<meta name=\"twitter:label1\" content=\"Est. reading time\" \/>\n\t<meta name=\"twitter:data1\" content=\"8 minutes\" \/>\n<script type=\"application\/ld+json\" class=\"yoast-schema-graph\">{\"@context\":\"https:\\\/\\\/schema.org\",\"@graph\":[{\"@type\":\"WebPage\",\"@id\":\"https:\\\/\\\/chileentinieblas.cl\\\/pnj\\\/ordmund-fata\\\/\",\"url\":\"https:\\\/\\\/chileentinieblas.cl\\\/pnj\\\/ordmund-fata\\\/\",\"name\":\"Ordmund Fata - Chile en Tinieblas\",\"isPartOf\":{\"@id\":\"https:\\\/\\\/chileentinieblas.cl\\\/#website\"},\"primaryImageOfPage\":{\"@id\":\"https:\\\/\\\/chileentinieblas.cl\\\/pnj\\\/ordmund-fata\\\/#primaryimage\"},\"image\":{\"@id\":\"https:\\\/\\\/chileentinieblas.cl\\\/pnj\\\/ordmund-fata\\\/#primaryimage\"},\"thumbnailUrl\":\"https:\\\/\\\/chileentinieblas.cl\\\/wp-content\\\/uploads\\\/2023\\\/02\\\/ordmun-editar.png\",\"datePublished\":\"2023-02-26T04:42:23+00:00\",\"dateModified\":\"2024-08-16T05:32:04+00:00\",\"breadcrumb\":{\"@id\":\"https:\\\/\\\/chileentinieblas.cl\\\/pnj\\\/ordmund-fata\\\/#breadcrumb\"},\"inLanguage\":\"en-US\",\"potentialAction\":[{\"@type\":\"ReadAction\",\"target\":[\"https:\\\/\\\/chileentinieblas.cl\\\/pnj\\\/ordmund-fata\\\/\"]}]},{\"@type\":\"ImageObject\",\"inLanguage\":\"en-US\",\"@id\":\"https:\\\/\\\/chileentinieblas.cl\\\/pnj\\\/ordmund-fata\\\/#primaryimage\",\"url\":\"https:\\\/\\\/chileentinieblas.cl\\\/wp-content\\\/uploads\\\/2023\\\/02\\\/ordmun-editar.png\",\"contentUrl\":\"https:\\\/\\\/chileentinieblas.cl\\\/wp-content\\\/uploads\\\/2023\\\/02\\\/ordmun-editar.png\",\"width\":655,\"height\":876},{\"@type\":\"BreadcrumbList\",\"@id\":\"https:\\\/\\\/chileentinieblas.cl\\\/pnj\\\/ordmund-fata\\\/#breadcrumb\",\"itemListElement\":[{\"@type\":\"ListItem\",\"position\":1,\"name\":\"Portada\",\"item\":\"https:\\\/\\\/chileentinieblas.cl\\\/\"},{\"@type\":\"ListItem\",\"position\":2,\"name\":\"PNJs\",\"item\":\"https:\\\/\\\/chileentinieblas.cl\\\/pnj\\\/\"},{\"@type\":\"ListItem\",\"position\":3,\"name\":\"Ordmund Fata\"}]},{\"@type\":\"WebSite\",\"@id\":\"https:\\\/\\\/chileentinieblas.cl\\\/#website\",\"url\":\"https:\\\/\\\/chileentinieblas.cl\\\/\",\"name\":\"Chile en Tinieblas\",\"description\":\"Un servidor con mesas de rol de Mundo de Tinieblas\",\"publisher\":{\"@id\":\"https:\\\/\\\/chileentinieblas.cl\\\/#organization\"},\"potentialAction\":[{\"@type\":\"SearchAction\",\"target\":{\"@type\":\"EntryPoint\",\"urlTemplate\":\"https:\\\/\\\/chileentinieblas.cl\\\/?s={search_term_string}\"},\"query-input\":{\"@type\":\"PropertyValueSpecification\",\"valueRequired\":true,\"valueName\":\"search_term_string\"}}],\"inLanguage\":\"en-US\"},{\"@type\":\"Organization\",\"@id\":\"https:\\\/\\\/chileentinieblas.cl\\\/#organization\",\"name\":\"Chile en Tinieblas\",\"url\":\"https:\\\/\\\/chileentinieblas.cl\\\/\",\"logo\":{\"@type\":\"ImageObject\",\"inLanguage\":\"en-US\",\"@id\":\"https:\\\/\\\/chileentinieblas.cl\\\/#\\\/schema\\\/logo\\\/image\\\/\",\"url\":\"https:\\\/\\\/chileentinieblas.cl\\\/wp-content\\\/uploads\\\/2021\\\/12\\\/logo-cet-claro.png\",\"contentUrl\":\"https:\\\/\\\/chileentinieblas.cl\\\/wp-content\\\/uploads\\\/2021\\\/12\\\/logo-cet-claro.png\",\"width\":1001,\"height\":1030,\"caption\":\"Chile en Tinieblas\"},\"image\":{\"@id\":\"https:\\\/\\\/chileentinieblas.cl\\\/#\\\/schema\\\/logo\\\/image\\\/\"},\"sameAs\":[\"https:\\\/\\\/www.facebook.com\\\/ChileenTinieblas\",\"https:\\\/\\\/www.instagram.com\\\/chileentinieblas\\\/\",\"https:\\\/\\\/www.youtube.com\\\/@chileentinieblas\",\"https:\\\/\\\/www.tiktok.com\\\/@chileentinieblas\"]}]}<\/script>\n<!-- \/ Yoast SEO plugin. -->","yoast_head_json":{"title":"Ordmund Fata - Chile en Tinieblas","robots":{"index":"index","follow":"follow","max-snippet":"max-snippet:-1","max-image-preview":"max-image-preview:large","max-video-preview":"max-video-preview:-1"},"canonical":"https:\/\/chileentinieblas.cl\/en\/pnj\/ordmund-fata\/","og_locale":"en_US","og_type":"article","og_title":"Ordmund Fata - Chile en Tinieblas","og_description":"Resumen Un m\u00e9dium m\u00e1s viejo de lo que parece, nacido por all\u00e1 por 1950 en Inglaterra y que tras pasar por el control de una v\u00e1stago por muchos a\u00f1os, termin\u00f3 en Chile y, m\u00e1s tarde, bajo un control forzado por F.A.S.T., lugar donde sirvi\u00f3 como unidad de apoyo a diferentes cazadores hasta que logr\u00f3 escapar. [&hellip;]","og_url":"https:\/\/chileentinieblas.cl\/en\/pnj\/ordmund-fata\/","og_site_name":"Chile en Tinieblas","article_publisher":"https:\/\/www.facebook.com\/ChileenTinieblas","article_modified_time":"2024-08-16T05:32:04+00:00","og_image":[{"width":655,"height":876,"url":"https:\/\/chileentinieblas.cl\/wp-content\/uploads\/2023\/02\/ordmun-editar.png","type":"image\/png"}],"twitter_card":"summary_large_image","twitter_misc":{"Est. reading time":"8 minutes"},"schema":{"@context":"https:\/\/schema.org","@graph":[{"@type":"WebPage","@id":"https:\/\/chileentinieblas.cl\/pnj\/ordmund-fata\/","url":"https:\/\/chileentinieblas.cl\/pnj\/ordmund-fata\/","name":"Ordmund Fata - Chile en Tinieblas","isPartOf":{"@id":"https:\/\/chileentinieblas.cl\/#website"},"primaryImageOfPage":{"@id":"https:\/\/chileentinieblas.cl\/pnj\/ordmund-fata\/#primaryimage"},"image":{"@id":"https:\/\/chileentinieblas.cl\/pnj\/ordmund-fata\/#primaryimage"},"thumbnailUrl":"https:\/\/chileentinieblas.cl\/wp-content\/uploads\/2023\/02\/ordmun-editar.png","datePublished":"2023-02-26T04:42:23+00:00","dateModified":"2024-08-16T05:32:04+00:00","breadcrumb":{"@id":"https:\/\/chileentinieblas.cl\/pnj\/ordmund-fata\/#breadcrumb"},"inLanguage":"en-US","potentialAction":[{"@type":"ReadAction","target":["https:\/\/chileentinieblas.cl\/pnj\/ordmund-fata\/"]}]},{"@type":"ImageObject","inLanguage":"en-US","@id":"https:\/\/chileentinieblas.cl\/pnj\/ordmund-fata\/#primaryimage","url":"https:\/\/chileentinieblas.cl\/wp-content\/uploads\/2023\/02\/ordmun-editar.png","contentUrl":"https:\/\/chileentinieblas.cl\/wp-content\/uploads\/2023\/02\/ordmun-editar.png","width":655,"height":876},{"@type":"BreadcrumbList","@id":"https:\/\/chileentinieblas.cl\/pnj\/ordmund-fata\/#breadcrumb","itemListElement":[{"@type":"ListItem","position":1,"name":"Portada","item":"https:\/\/chileentinieblas.cl\/"},{"@type":"ListItem","position":2,"name":"PNJs","item":"https:\/\/chileentinieblas.cl\/pnj\/"},{"@type":"ListItem","position":3,"name":"Ordmund Fata"}]},{"@type":"WebSite","@id":"https:\/\/chileentinieblas.cl\/#website","url":"https:\/\/chileentinieblas.cl\/","name":"Chile en Tinieblas","description":"Un servidor con mesas de rol de Mundo de Tinieblas","publisher":{"@id":"https:\/\/chileentinieblas.cl\/#organization"},"potentialAction":[{"@type":"SearchAction","target":{"@type":"EntryPoint","urlTemplate":"https:\/\/chileentinieblas.cl\/?s={search_term_string}"},"query-input":{"@type":"PropertyValueSpecification","valueRequired":true,"valueName":"search_term_string"}}],"inLanguage":"en-US"},{"@type":"Organization","@id":"https:\/\/chileentinieblas.cl\/#organization","name":"Chile en Tinieblas","url":"https:\/\/chileentinieblas.cl\/","logo":{"@type":"ImageObject","inLanguage":"en-US","@id":"https:\/\/chileentinieblas.cl\/#\/schema\/logo\/image\/","url":"https:\/\/chileentinieblas.cl\/wp-content\/uploads\/2021\/12\/logo-cet-claro.png","contentUrl":"https:\/\/chileentinieblas.cl\/wp-content\/uploads\/2021\/12\/logo-cet-claro.png","width":1001,"height":1030,"caption":"Chile en Tinieblas"},"image":{"@id":"https:\/\/chileentinieblas.cl\/#\/schema\/logo\/image\/"},"sameAs":["https:\/\/www.facebook.com\/ChileenTinieblas","https:\/\/www.instagram.com\/chileentinieblas\/","https:\/\/www.youtube.com\/@chileentinieblas","https:\/\/www.tiktok.com\/@chileentinieblas"]}]}},"jetpack_sharing_enabled":true,"_links":{"self":[{"href":"https:\/\/chileentinieblas.cl\/en\/wp-json\/wp\/v2\/pnj\/3463","targetHints":{"allow":["GET"]}}],"collection":[{"href":"https:\/\/chileentinieblas.cl\/en\/wp-json\/wp\/v2\/pnj"}],"about":[{"href":"https:\/\/chileentinieblas.cl\/en\/wp-json\/wp\/v2\/types\/pnj"}],"author":[{"embeddable":true,"href":"https:\/\/chileentinieblas.cl\/en\/wp-json\/wp\/v2\/users\/19"}],"wp:featuredmedia":[{"embeddable":true,"href":"https:\/\/chileentinieblas.cl\/en\/wp-json\/wp\/v2\/media\/3464"}],"wp:attachment":[{"href":"https:\/\/chileentinieblas.cl\/en\/wp-json\/wp\/v2\/media?parent=3463"}],"wp:term":[{"taxonomy":"post_tag","embeddable":true,"href":"https:\/\/chileentinieblas.cl\/en\/wp-json\/wp\/v2\/tags?post=3463"},{"taxonomy":"faccion","embeddable":true,"href":"https:\/\/chileentinieblas.cl\/en\/wp-json\/wp\/v2\/faccion?post=3463"}],"curies":[{"name":"wp","href":"https:\/\/api.w.org\/{rel}","templated":true}]}}