{"id":3446,"date":"2023-02-23T03:44:20","date_gmt":"2023-02-23T03:44:20","guid":{"rendered":"https:\/\/chileentinieblas.cl\/?post_type=pnj&#038;p=3446"},"modified":"2026-06-11T04:46:55","modified_gmt":"2026-06-11T04:46:55","slug":"primogenito-cornelius-fasce","status":"publish","type":"pnj","link":"https:\/\/chileentinieblas.cl\/en\/pnj\/primogenito-cornelius-fasce\/","title":{"rendered":"Primogenito Cornelius Fasce"},"content":{"rendered":"<h2 class=\"wp-block-heading\">Clan Toreador<\/h2>\n\n\n\n<h3 class=\"wp-block-heading\">Vida Mortal<\/h3>\n\n\n\n<p class=\"wp-block-paragraph\">Cornelius Fasce naci\u00f3 en 1910 en Santiago de Chile, dentro de la \u00e9lite aristocr\u00e1tica del pa\u00eds. Su familia era prominente en la sociedad y la pol\u00edtica, con su padre siendo uno de los fundadores de los primeros partidos pol\u00edticos de Chile. Esto proporcion\u00f3 a Cornelius una vida de privilegios, rodeado de lujo y poder desde su nacimiento. Destac\u00f3 por su carisma y elegancia, desarrollando un gusto refinado por la moda y el arte, y se educ\u00f3 en las mejores instituciones, participando activamente en eventos culturales y sociales de alto perfil.<\/p>\n\n\n\n<p class=\"wp-block-paragraph\">Su transformaci\u00f3n en vampiro ocurri\u00f3 durante una lujosa org\u00eda en una mansi\u00f3n oculta en Valpara\u00edso, cuando fue abrazado por el misterioso y encantador Francisco de la Granada, un vampiro Toreador que qued\u00f3 fascinado por la belleza y el encanto de Cornelius.<\/p>\n\n\n\n<h3 class=\"wp-block-heading\">Vida Inmortal<\/h3>\n\n\n\n<p class=\"wp-block-paragraph\">Adapt\u00e1ndose r\u00e1pidamente a su nueva existencia como Toreador, Cornelius utiliz\u00f3 su carisma y conocimientos pol\u00edticos para escalar posiciones dentro de la Camarilla. Se hizo un nombre como arp\u00eda, manipulando la informaci\u00f3n y las percepciones en la corte vamp\u00edrica con su aguda inteligencia y su impecable sentido de la est\u00e9tica.<\/p>\n\n\n\n<p class=\"wp-block-paragraph\">La muerte de la anterior primog\u00e9nito Toreador, Chloe, a manos de la organizaci\u00f3n de cazadores FAST, le abri\u00f3 el camino para ascender a\u00fan m\u00e1s. Con una estrategia meticulosa, Cornelius asumi\u00f3 el papel de primog\u00e9nito de los Toreador, comprometi\u00e9ndose a vengar la muerte de Chloe y a reforzar las defensas de su clan. A pesar de su apariencia a veces fr\u00edvola y su obsesi\u00f3n por la est\u00e9tica, Cornelius es un l\u00edder astuto y calculador. Es venerado y temido en la comunidad vamp\u00edrica, conocido tanto por su dedicaci\u00f3n a las artes como por su disposici\u00f3n a utilizar su influencia para eliminar a cualquier amenaza contra su estatus o la seguridad de su clan.<\/p>","protected":false},"author":29,"featured_media":3455,"template":"","tags":[127,99],"faccion":[85,126,53],"class_list":["post-3446","pnj","type-pnj","status-publish","has-post-thumbnail","hentry","tag-camarilla","tag-vampiro-la-mascarada","faccion-camarilla","faccion-toreador","faccion-vampiro-la-mascarada"],"acf":{"fecha":"Abrazado 1930 - Nacido 1910 ","estatus":"Desconocido","ficha_del_personaje":"","aspecto":"Con ropa de marca y un pelo rubio y corto con lentes de sol rojo circulares, Cornelius exala estilo al caminar","interpretacion":"Con un constante tono sarc\u00e1stico y voz suave, tiende a tener una postura pasivo agresiva, siempre buscando dejar en verguenza a alguien, mas a\u00fan si tiene algo que ganar","informacion_privada":"","mapa_de_kumu_u_otro_embed":""},"yoast_head":"<!-- This site is optimized with the Yoast SEO plugin v28.4 - https:\/\/yoast.com\/product\/yoast-seo-wordpress\/ -->\n<title>Primogenito Cornelius Fasce - Chile en Tinieblas<\/title>\n<meta name=\"robots\" content=\"index, follow, max-snippet:-1, max-image-preview:large, max-video-preview:-1\" \/>\n<link rel=\"canonical\" href=\"https:\/\/chileentinieblas.cl\/en\/pnj\/primogenito-cornelius-fasce\/\" \/>\n<meta property=\"og:locale\" content=\"en_US\" \/>\n<meta property=\"og:type\" content=\"article\" \/>\n<meta property=\"og:title\" content=\"Primogenito Cornelius Fasce - Chile en Tinieblas\" \/>\n<meta property=\"og:description\" content=\"Clan Toreador Vida Mortal Cornelius Fasce naci\u00f3 en 1910 en Santiago de Chile, dentro de la \u00e9lite aristocr\u00e1tica del pa\u00eds. Su familia era prominente en la sociedad y la pol\u00edtica, con su padre siendo uno de los fundadores de los primeros partidos pol\u00edticos de Chile. Esto proporcion\u00f3 a Cornelius una vida de privilegios, rodeado de [&hellip;]\" \/>\n<meta property=\"og:url\" content=\"https:\/\/chileentinieblas.cl\/en\/pnj\/primogenito-cornelius-fasce\/\" \/>\n<meta property=\"og:site_name\" content=\"Chile en Tinieblas\" \/>\n<meta property=\"article:publisher\" content=\"https:\/\/www.facebook.com\/ChileenTinieblas\" \/>\n<meta property=\"article:modified_time\" content=\"2026-06-11T04:46:55+00:00\" \/>\n<meta property=\"og:image\" content=\"https:\/\/chileentinieblas.cl\/wp-content\/uploads\/2023\/02\/Cornelius-Fasce.jpg\" \/>\n\t<meta property=\"og:image:width\" content=\"564\" \/>\n\t<meta property=\"og:image:height\" content=\"846\" \/>\n\t<meta property=\"og:image:type\" content=\"image\/jpeg\" \/>\n<meta name=\"twitter:card\" content=\"summary_large_image\" \/>\n<meta name=\"twitter:label1\" content=\"Est. reading time\" \/>\n\t<meta name=\"twitter:data1\" content=\"2 minutes\" \/>\n<script type=\"application\/ld+json\" class=\"yoast-schema-graph\">{\"@context\":\"https:\\\/\\\/schema.org\",\"@graph\":[{\"@type\":\"WebPage\",\"@id\":\"https:\\\/\\\/chileentinieblas.cl\\\/pnj\\\/primogenito-cornelius-fasce\\\/\",\"url\":\"https:\\\/\\\/chileentinieblas.cl\\\/pnj\\\/primogenito-cornelius-fasce\\\/\",\"name\":\"Primogenito Cornelius Fasce - Chile en Tinieblas\",\"isPartOf\":{\"@id\":\"https:\\\/\\\/chileentinieblas.cl\\\/#website\"},\"primaryImageOfPage\":{\"@id\":\"https:\\\/\\\/chileentinieblas.cl\\\/pnj\\\/primogenito-cornelius-fasce\\\/#primaryimage\"},\"image\":{\"@id\":\"https:\\\/\\\/chileentinieblas.cl\\\/pnj\\\/primogenito-cornelius-fasce\\\/#primaryimage\"},\"thumbnailUrl\":\"https:\\\/\\\/chileentinieblas.cl\\\/wp-content\\\/uploads\\\/2023\\\/02\\\/Cornelius-Fasce.jpg\",\"datePublished\":\"2023-02-23T03:44:20+00:00\",\"dateModified\":\"2026-06-11T04:46:55+00:00\",\"breadcrumb\":{\"@id\":\"https:\\\/\\\/chileentinieblas.cl\\\/pnj\\\/primogenito-cornelius-fasce\\\/#breadcrumb\"},\"inLanguage\":\"en-US\",\"potentialAction\":[{\"@type\":\"ReadAction\",\"target\":[\"https:\\\/\\\/chileentinieblas.cl\\\/pnj\\\/primogenito-cornelius-fasce\\\/\"]}]},{\"@type\":\"ImageObject\",\"inLanguage\":\"en-US\",\"@id\":\"https:\\\/\\\/chileentinieblas.cl\\\/pnj\\\/primogenito-cornelius-fasce\\\/#primaryimage\",\"url\":\"https:\\\/\\\/chileentinieblas.cl\\\/wp-content\\\/uploads\\\/2023\\\/02\\\/Cornelius-Fasce.jpg\",\"contentUrl\":\"https:\\\/\\\/chileentinieblas.cl\\\/wp-content\\\/uploads\\\/2023\\\/02\\\/Cornelius-Fasce.jpg\",\"width\":564,\"height\":846},{\"@type\":\"BreadcrumbList\",\"@id\":\"https:\\\/\\\/chileentinieblas.cl\\\/pnj\\\/primogenito-cornelius-fasce\\\/#breadcrumb\",\"itemListElement\":[{\"@type\":\"ListItem\",\"position\":1,\"name\":\"Portada\",\"item\":\"https:\\\/\\\/chileentinieblas.cl\\\/\"},{\"@type\":\"ListItem\",\"position\":2,\"name\":\"PNJs\",\"item\":\"https:\\\/\\\/chileentinieblas.cl\\\/pnj\\\/\"},{\"@type\":\"ListItem\",\"position\":3,\"name\":\"Primogenito Cornelius Fasce\"}]},{\"@type\":\"WebSite\",\"@id\":\"https:\\\/\\\/chileentinieblas.cl\\\/#website\",\"url\":\"https:\\\/\\\/chileentinieblas.cl\\\/\",\"name\":\"Chile en Tinieblas\",\"description\":\"Un servidor con mesas de rol de Mundo de Tinieblas\",\"publisher\":{\"@id\":\"https:\\\/\\\/chileentinieblas.cl\\\/#organization\"},\"potentialAction\":[{\"@type\":\"SearchAction\",\"target\":{\"@type\":\"EntryPoint\",\"urlTemplate\":\"https:\\\/\\\/chileentinieblas.cl\\\/?s={search_term_string}\"},\"query-input\":{\"@type\":\"PropertyValueSpecification\",\"valueRequired\":true,\"valueName\":\"search_term_string\"}}],\"inLanguage\":\"en-US\"},{\"@type\":\"Organization\",\"@id\":\"https:\\\/\\\/chileentinieblas.cl\\\/#organization\",\"name\":\"Chile en Tinieblas\",\"url\":\"https:\\\/\\\/chileentinieblas.cl\\\/\",\"logo\":{\"@type\":\"ImageObject\",\"inLanguage\":\"en-US\",\"@id\":\"https:\\\/\\\/chileentinieblas.cl\\\/#\\\/schema\\\/logo\\\/image\\\/\",\"url\":\"https:\\\/\\\/chileentinieblas.cl\\\/wp-content\\\/uploads\\\/2021\\\/12\\\/logo-cet-claro.png\",\"contentUrl\":\"https:\\\/\\\/chileentinieblas.cl\\\/wp-content\\\/uploads\\\/2021\\\/12\\\/logo-cet-claro.png\",\"width\":1001,\"height\":1030,\"caption\":\"Chile en Tinieblas\"},\"image\":{\"@id\":\"https:\\\/\\\/chileentinieblas.cl\\\/#\\\/schema\\\/logo\\\/image\\\/\"},\"sameAs\":[\"https:\\\/\\\/www.facebook.com\\\/ChileenTinieblas\",\"https:\\\/\\\/www.instagram.com\\\/chileentinieblas\\\/\",\"https:\\\/\\\/www.youtube.com\\\/@chileentinieblas\",\"https:\\\/\\\/www.tiktok.com\\\/@chileentinieblas\"]}]}<\/script>\n<!-- \/ Yoast SEO plugin. -->","yoast_head_json":{"title":"Primogenito Cornelius Fasce - Chile en Tinieblas","robots":{"index":"index","follow":"follow","max-snippet":"max-snippet:-1","max-image-preview":"max-image-preview:large","max-video-preview":"max-video-preview:-1"},"canonical":"https:\/\/chileentinieblas.cl\/en\/pnj\/primogenito-cornelius-fasce\/","og_locale":"en_US","og_type":"article","og_title":"Primogenito Cornelius Fasce - Chile en Tinieblas","og_description":"Clan Toreador Vida Mortal Cornelius Fasce naci\u00f3 en 1910 en Santiago de Chile, dentro de la \u00e9lite aristocr\u00e1tica del pa\u00eds. Su familia era prominente en la sociedad y la pol\u00edtica, con su padre siendo uno de los fundadores de los primeros partidos pol\u00edticos de Chile. Esto proporcion\u00f3 a Cornelius una vida de privilegios, rodeado de [&hellip;]","og_url":"https:\/\/chileentinieblas.cl\/en\/pnj\/primogenito-cornelius-fasce\/","og_site_name":"Chile en Tinieblas","article_publisher":"https:\/\/www.facebook.com\/ChileenTinieblas","article_modified_time":"2026-06-11T04:46:55+00:00","og_image":[{"width":564,"height":846,"url":"https:\/\/chileentinieblas.cl\/wp-content\/uploads\/2023\/02\/Cornelius-Fasce.jpg","type":"image\/jpeg"}],"twitter_card":"summary_large_image","twitter_misc":{"Est. reading time":"2 minutes"},"schema":{"@context":"https:\/\/schema.org","@graph":[{"@type":"WebPage","@id":"https:\/\/chileentinieblas.cl\/pnj\/primogenito-cornelius-fasce\/","url":"https:\/\/chileentinieblas.cl\/pnj\/primogenito-cornelius-fasce\/","name":"Primogenito Cornelius Fasce - Chile en Tinieblas","isPartOf":{"@id":"https:\/\/chileentinieblas.cl\/#website"},"primaryImageOfPage":{"@id":"https:\/\/chileentinieblas.cl\/pnj\/primogenito-cornelius-fasce\/#primaryimage"},"image":{"@id":"https:\/\/chileentinieblas.cl\/pnj\/primogenito-cornelius-fasce\/#primaryimage"},"thumbnailUrl":"https:\/\/chileentinieblas.cl\/wp-content\/uploads\/2023\/02\/Cornelius-Fasce.jpg","datePublished":"2023-02-23T03:44:20+00:00","dateModified":"2026-06-11T04:46:55+00:00","breadcrumb":{"@id":"https:\/\/chileentinieblas.cl\/pnj\/primogenito-cornelius-fasce\/#breadcrumb"},"inLanguage":"en-US","potentialAction":[{"@type":"ReadAction","target":["https:\/\/chileentinieblas.cl\/pnj\/primogenito-cornelius-fasce\/"]}]},{"@type":"ImageObject","inLanguage":"en-US","@id":"https:\/\/chileentinieblas.cl\/pnj\/primogenito-cornelius-fasce\/#primaryimage","url":"https:\/\/chileentinieblas.cl\/wp-content\/uploads\/2023\/02\/Cornelius-Fasce.jpg","contentUrl":"https:\/\/chileentinieblas.cl\/wp-content\/uploads\/2023\/02\/Cornelius-Fasce.jpg","width":564,"height":846},{"@type":"BreadcrumbList","@id":"https:\/\/chileentinieblas.cl\/pnj\/primogenito-cornelius-fasce\/#breadcrumb","itemListElement":[{"@type":"ListItem","position":1,"name":"Portada","item":"https:\/\/chileentinieblas.cl\/"},{"@type":"ListItem","position":2,"name":"PNJs","item":"https:\/\/chileentinieblas.cl\/pnj\/"},{"@type":"ListItem","position":3,"name":"Primogenito Cornelius Fasce"}]},{"@type":"WebSite","@id":"https:\/\/chileentinieblas.cl\/#website","url":"https:\/\/chileentinieblas.cl\/","name":"Chile en Tinieblas","description":"Un servidor con mesas de rol de Mundo de Tinieblas","publisher":{"@id":"https:\/\/chileentinieblas.cl\/#organization"},"potentialAction":[{"@type":"SearchAction","target":{"@type":"EntryPoint","urlTemplate":"https:\/\/chileentinieblas.cl\/?s={search_term_string}"},"query-input":{"@type":"PropertyValueSpecification","valueRequired":true,"valueName":"search_term_string"}}],"inLanguage":"en-US"},{"@type":"Organization","@id":"https:\/\/chileentinieblas.cl\/#organization","name":"Chile en Tinieblas","url":"https:\/\/chileentinieblas.cl\/","logo":{"@type":"ImageObject","inLanguage":"en-US","@id":"https:\/\/chileentinieblas.cl\/#\/schema\/logo\/image\/","url":"https:\/\/chileentinieblas.cl\/wp-content\/uploads\/2021\/12\/logo-cet-claro.png","contentUrl":"https:\/\/chileentinieblas.cl\/wp-content\/uploads\/2021\/12\/logo-cet-claro.png","width":1001,"height":1030,"caption":"Chile en Tinieblas"},"image":{"@id":"https:\/\/chileentinieblas.cl\/#\/schema\/logo\/image\/"},"sameAs":["https:\/\/www.facebook.com\/ChileenTinieblas","https:\/\/www.instagram.com\/chileentinieblas\/","https:\/\/www.youtube.com\/@chileentinieblas","https:\/\/www.tiktok.com\/@chileentinieblas"]}]}},"jetpack_sharing_enabled":true,"_links":{"self":[{"href":"https:\/\/chileentinieblas.cl\/en\/wp-json\/wp\/v2\/pnj\/3446","targetHints":{"allow":["GET"]}}],"collection":[{"href":"https:\/\/chileentinieblas.cl\/en\/wp-json\/wp\/v2\/pnj"}],"about":[{"href":"https:\/\/chileentinieblas.cl\/en\/wp-json\/wp\/v2\/types\/pnj"}],"author":[{"embeddable":true,"href":"https:\/\/chileentinieblas.cl\/en\/wp-json\/wp\/v2\/users\/29"}],"wp:featuredmedia":[{"embeddable":true,"href":"https:\/\/chileentinieblas.cl\/en\/wp-json\/wp\/v2\/media\/3455"}],"wp:attachment":[{"href":"https:\/\/chileentinieblas.cl\/en\/wp-json\/wp\/v2\/media?parent=3446"}],"wp:term":[{"taxonomy":"post_tag","embeddable":true,"href":"https:\/\/chileentinieblas.cl\/en\/wp-json\/wp\/v2\/tags?post=3446"},{"taxonomy":"faccion","embeddable":true,"href":"https:\/\/chileentinieblas.cl\/en\/wp-json\/wp\/v2\/faccion?post=3446"}],"curies":[{"name":"wp","href":"https:\/\/api.w.org\/{rel}","templated":true}]}}