{"id":3428,"date":"2023-01-29T21:19:11","date_gmt":"2023-01-29T21:19:11","guid":{"rendered":"https:\/\/chileentinieblas.cl\/?post_type=pnj&#038;p=3428"},"modified":"2024-07-30T00:41:10","modified_gmt":"2024-07-30T00:41:10","slug":"horacio-garza-el-agente-caido","status":"publish","type":"pnj","link":"https:\/\/chileentinieblas.cl\/en\/pnj\/horacio-garza-el-agente-caido\/","title":{"rendered":"Horacio Garza, el Agente Ca\u00eddo"},"content":{"rendered":"<p class=\"wp-block-paragraph\">Agente veterano <mark style=\"background-color:#000000\" class=\"has-inline-color\">oficialmente<\/mark> ca\u00eddo durante el a\u00f1o 1999, en la popularmente conocida <mark style=\"background-color:#000000\" class=\"has-inline-color\">&#8220;semana de las pesadillas&#8221;<\/mark>.<\/p>\n\n\n\n<p class=\"wp-block-paragraph\"><\/p>","protected":false},"author":19,"featured_media":3429,"template":"","tags":[],"faccion":[8,51,21],"class_list":["post-3428","pnj","type-pnj","status-publish","has-post-thumbnail","hentry","faccion-ingeniero","faccion-mago-la-ascension","faccion-tecnocracia"],"acf":{"fecha":"Actual","estatus":"Activo","ficha_del_personaje":"","aspecto":"oficialmente","interpretacion":"Posee tres mejoras (implantes cibern\u00e9ticos) narrativamente importantes.\r\n<ul>\r\n \t<li>Asistente Lector: Un asistente automatizado de lectura, que junto con ayudar a leer cualquier texto, puede detectar diferentes fluctuaciones de datos, traduci\u00e9ndose en una asertiva interpretaci\u00f3n de amenazas y catalogaci\u00f3n de individuos. Ver auras e identificar objetivos registrados dentro de la Tecnocracia o de manera legal.<\/li>\r\n \t<li>Pan-Detector de Onda Corta: Un sensor permanente que detecta agentes pan-dimensionales en un radio de 3 metros, especialmente \u00fatil en zonas de celos\u00eda d\u00e9bil o al enfrentar amenazas que entran y salen de la umbra.<\/li>\r\n \t<li>Rectificador de Realidad: Un sistema automatizado que recuerda al agente cuando est\u00e1 por realizar procedimientos contrarios al consenso. Una modificaci\u00f3n de uso com\u00fan en Ingenieros del Vac\u00edo que pasan mucho tiempo en el espacio.<\/li>\r\n<\/ul>\r\nAparte de lo anterior, Horacio es una persona muy reservada y buena manipulando a otras personas para incrementar la posible cooperaci\u00f3n en la eliminaci\u00f3n de amenazas, lo cual suele representarse en la imagen de \"un agente misterioso pero tan dispuesto a ayudar que de pronto olvidas que podr\u00eda ser otra cosa\".\r\n\r\nY aunque no es muy bueno en la acci\u00f3n misma, suele emplear armas laser o procedimientos lentos pero poderosos, para eliminar o neutralizar a las amenazas que enfrente.","rango":"3 - Especialista","informacion_privada":"<!-- wp:paragraph -->\r\n\r\nOficialmente muerto el 99, durante la Tormenta de Avatares, tras todo un historial ejemplar al servicio de la Uni\u00f3n y la fuerza de los ingenieros del Vac\u00edo. Horacio, lleva una vida secreta a\u00fan a tan alta edad, como un agente secreto ya dentro de la secreta organizaci\u00f3n que es la Tecnocracia.\r\n\r\n<!-- \/wp:paragraph --> <!-- wp:paragraph -->\r\n\r\nSecretamente ascendido y reasignado los Especialistas en Neutralizaci\u00f3n, grupo interno de los Ingenieros especializados en enfrentar todas aquellas amenazas que han superado a las dem\u00e1s fuerzas y equipos sin levantar sospechas, ha actuado durante los \u00faltimos 20 a\u00f1os como un agente ejemplar en la investigaci\u00f3n y neutralizaci\u00f3n de toda clase de amenazas, aunque a trav\u00e9s de m\u00e9todos muy poco ortodoxos para el agente tecn\u00f3crata promedio.\r\n\r\n<!-- \/wp:paragraph --> <!-- wp:paragraph -->\r\n\r\nHoracio no tiene problema alguno en emplear la ayuda de otros seres sobrenaturales o jugar con favores mientras eso le permita continuar con su trabajo de mantener las mayores amenazas a la humanidad a raya, tales como grupos nefandos, visitantes alien\u00edgenas incomprensibles o la mism\u00edsima Amenaza Nula, de la cual, ning\u00fan agente externo a los Ingenieros del Vac\u00edo deber\u00eda jam\u00e1s saber.\r\n\r\n<!-- \/wp:paragraph --> <!-- wp:paragraph -->\r\n\r\nDurante una de sus \u00faltimas misiones, lleg\u00f3 a unir fuerzas con un grupo de Hu\u00e9rfanos para hacer frente a un nefando descontrolado que amenazaba a la Quinta Regi\u00f3n. Su fr\u00e1gil alianza se rompi\u00f3 cuando, al final de dicho encuentro, un ataque dimensional arroj\u00f3 a todos contendientes a diferentes sectores lejanos de la umbra. Perdi\u00e9ndolos de vista totalmente.\r\n\r\n<!-- \/wp:paragraph --> <!-- wp:paragraph -->\r\n\r\nHoy en d\u00eda, permanece oculto y en perpetua investigaci\u00f3n de la mayor amenaza para la Uni\u00f3n desde su punto de vista, La Sociedad del Buen Vino, la cual parece tener influencias y haber dejado huella en casi todos sus objetivos anteriores, estableci\u00e9ndose como un punto obsesiva investigaci\u00f3n central entre todas sus dem\u00e1s investigaciones.\r\n\r\n<!-- \/wp:paragraph --> <!-- wp:separator -->\r\n\r\n<hr class=\"wp-block-separator has-alpha-channel-opacity\" \/>\r\n\r\n<!-- \/wp:separator --> <!-- wp:paragraph -->\r\n\r\n<strong>Otros Datos<\/strong>\r\n\r\n<!-- \/wp:paragraph --> <!-- wp:paragraph -->\r\n\r\nNace en enero 3 de 1956. Teniendo 64 a\u00f1os en 2020.\r\nSe ilumina en 1974, ya trabajando dentro de la Uni\u00f3n y durante un enfrentamiento directo con nefandos.\r\n\r\n<!-- \/wp:paragraph --> <!-- wp:paragraph -->\r\n\r\nTiene experiencia de campo en el espacio y ha superado un par de silencios que lo afectaron en su juventud con la ayuda del Instituto Descartes.\r\n\r\n<!-- \/wp:paragraph --> <!-- wp:paragraph -->\r\n\r\nSu Genio es una voz o intuici\u00f3n constante que se presenta con frecuencia, a veces mientras piensa en voz alta.\r\n\r\n<!-- \/wp:paragraph --> <!-- wp:paragraph -->\r\n\r\nNunca emplea su verdadero nombre. Y en cualquier caso, utilizarlo dar\u00eda con una identidad oficialmente fallecida. En vez de eso utiliza una serie de nombres de \"uso oficial\" que tienen asignados cierto acceso a recursos y equipo especial de la Uni\u00f3n.\r\n\r\n<!-- \/wp:paragraph --> <!-- wp:paragraph -->\r\n\r\nEs una persona muy reservada y con esto, m\u00e1s su experiencia, no suele desacreditar otras creencias o los m\u00e9todos de otros seres sobrenaturales, es gracias a esto que puede a veces darse el lujo de aliados inusuales.\r\n\r\n<!-- \/wp:paragraph -->","mapa_de_kumu_u_otro_embed":null},"yoast_head":"<!-- This site is optimized with the Yoast SEO plugin v28.4 - https:\/\/yoast.com\/product\/yoast-seo-wordpress\/ -->\n<title>Horacio Garza, el Agente Ca\u00eddo - Chile en Tinieblas<\/title>\n<meta name=\"robots\" content=\"index, follow, max-snippet:-1, max-image-preview:large, max-video-preview:-1\" \/>\n<link rel=\"canonical\" href=\"https:\/\/chileentinieblas.cl\/en\/pnj\/horacio-garza-el-agente-caido\/\" \/>\n<meta property=\"og:locale\" content=\"en_US\" \/>\n<meta property=\"og:type\" content=\"article\" \/>\n<meta property=\"og:title\" content=\"Horacio Garza, el Agente Ca\u00eddo - Chile en Tinieblas\" \/>\n<meta property=\"og:description\" content=\"Agente veterano oficialmente ca\u00eddo durante el a\u00f1o 1999, en la popularmente conocida &#8220;semana de las pesadillas&#8221;.\" \/>\n<meta property=\"og:url\" content=\"https:\/\/chileentinieblas.cl\/en\/pnj\/horacio-garza-el-agente-caido\/\" \/>\n<meta property=\"og:site_name\" content=\"Chile en Tinieblas\" \/>\n<meta property=\"article:publisher\" content=\"https:\/\/www.facebook.com\/ChileenTinieblas\" \/>\n<meta property=\"article:modified_time\" content=\"2024-07-30T00:41:10+00:00\" \/>\n<meta property=\"og:image\" content=\"https:\/\/chileentinieblas.cl\/wp-content\/uploads\/2023\/01\/Horacio-Garza.jpg\" \/>\n\t<meta property=\"og:image:width\" content=\"564\" \/>\n\t<meta property=\"og:image:height\" content=\"807\" \/>\n\t<meta property=\"og:image:type\" content=\"image\/jpeg\" \/>\n<meta name=\"twitter:card\" content=\"summary_large_image\" \/>\n<script type=\"application\/ld+json\" class=\"yoast-schema-graph\">{\"@context\":\"https:\\\/\\\/schema.org\",\"@graph\":[{\"@type\":\"WebPage\",\"@id\":\"https:\\\/\\\/chileentinieblas.cl\\\/pnj\\\/horacio-garza-el-agente-caido\\\/\",\"url\":\"https:\\\/\\\/chileentinieblas.cl\\\/pnj\\\/horacio-garza-el-agente-caido\\\/\",\"name\":\"Horacio Garza, el Agente Ca\u00eddo - Chile en Tinieblas\",\"isPartOf\":{\"@id\":\"https:\\\/\\\/chileentinieblas.cl\\\/#website\"},\"primaryImageOfPage\":{\"@id\":\"https:\\\/\\\/chileentinieblas.cl\\\/pnj\\\/horacio-garza-el-agente-caido\\\/#primaryimage\"},\"image\":{\"@id\":\"https:\\\/\\\/chileentinieblas.cl\\\/pnj\\\/horacio-garza-el-agente-caido\\\/#primaryimage\"},\"thumbnailUrl\":\"https:\\\/\\\/chileentinieblas.cl\\\/wp-content\\\/uploads\\\/2023\\\/01\\\/Horacio-Garza.jpg\",\"datePublished\":\"2023-01-29T21:19:11+00:00\",\"dateModified\":\"2024-07-30T00:41:10+00:00\",\"breadcrumb\":{\"@id\":\"https:\\\/\\\/chileentinieblas.cl\\\/pnj\\\/horacio-garza-el-agente-caido\\\/#breadcrumb\"},\"inLanguage\":\"en-US\",\"potentialAction\":[{\"@type\":\"ReadAction\",\"target\":[\"https:\\\/\\\/chileentinieblas.cl\\\/pnj\\\/horacio-garza-el-agente-caido\\\/\"]}]},{\"@type\":\"ImageObject\",\"inLanguage\":\"en-US\",\"@id\":\"https:\\\/\\\/chileentinieblas.cl\\\/pnj\\\/horacio-garza-el-agente-caido\\\/#primaryimage\",\"url\":\"https:\\\/\\\/chileentinieblas.cl\\\/wp-content\\\/uploads\\\/2023\\\/01\\\/Horacio-Garza.jpg\",\"contentUrl\":\"https:\\\/\\\/chileentinieblas.cl\\\/wp-content\\\/uploads\\\/2023\\\/01\\\/Horacio-Garza.jpg\",\"width\":564,\"height\":807},{\"@type\":\"BreadcrumbList\",\"@id\":\"https:\\\/\\\/chileentinieblas.cl\\\/pnj\\\/horacio-garza-el-agente-caido\\\/#breadcrumb\",\"itemListElement\":[{\"@type\":\"ListItem\",\"position\":1,\"name\":\"Portada\",\"item\":\"https:\\\/\\\/chileentinieblas.cl\\\/\"},{\"@type\":\"ListItem\",\"position\":2,\"name\":\"PNJs\",\"item\":\"https:\\\/\\\/chileentinieblas.cl\\\/pnj\\\/\"},{\"@type\":\"ListItem\",\"position\":3,\"name\":\"Horacio Garza, el Agente Ca\u00eddo\"}]},{\"@type\":\"WebSite\",\"@id\":\"https:\\\/\\\/chileentinieblas.cl\\\/#website\",\"url\":\"https:\\\/\\\/chileentinieblas.cl\\\/\",\"name\":\"Chile en Tinieblas\",\"description\":\"Un servidor con mesas de rol de Mundo de Tinieblas\",\"publisher\":{\"@id\":\"https:\\\/\\\/chileentinieblas.cl\\\/#organization\"},\"potentialAction\":[{\"@type\":\"SearchAction\",\"target\":{\"@type\":\"EntryPoint\",\"urlTemplate\":\"https:\\\/\\\/chileentinieblas.cl\\\/?s={search_term_string}\"},\"query-input\":{\"@type\":\"PropertyValueSpecification\",\"valueRequired\":true,\"valueName\":\"search_term_string\"}}],\"inLanguage\":\"en-US\"},{\"@type\":\"Organization\",\"@id\":\"https:\\\/\\\/chileentinieblas.cl\\\/#organization\",\"name\":\"Chile en Tinieblas\",\"url\":\"https:\\\/\\\/chileentinieblas.cl\\\/\",\"logo\":{\"@type\":\"ImageObject\",\"inLanguage\":\"en-US\",\"@id\":\"https:\\\/\\\/chileentinieblas.cl\\\/#\\\/schema\\\/logo\\\/image\\\/\",\"url\":\"https:\\\/\\\/chileentinieblas.cl\\\/wp-content\\\/uploads\\\/2021\\\/12\\\/logo-cet-claro.png\",\"contentUrl\":\"https:\\\/\\\/chileentinieblas.cl\\\/wp-content\\\/uploads\\\/2021\\\/12\\\/logo-cet-claro.png\",\"width\":1001,\"height\":1030,\"caption\":\"Chile en Tinieblas\"},\"image\":{\"@id\":\"https:\\\/\\\/chileentinieblas.cl\\\/#\\\/schema\\\/logo\\\/image\\\/\"},\"sameAs\":[\"https:\\\/\\\/www.facebook.com\\\/ChileenTinieblas\",\"https:\\\/\\\/www.instagram.com\\\/chileentinieblas\\\/\",\"https:\\\/\\\/www.youtube.com\\\/@chileentinieblas\",\"https:\\\/\\\/www.tiktok.com\\\/@chileentinieblas\"]}]}<\/script>\n<!-- \/ Yoast SEO plugin. -->","yoast_head_json":{"title":"Horacio Garza, el Agente Ca\u00eddo - Chile en Tinieblas","robots":{"index":"index","follow":"follow","max-snippet":"max-snippet:-1","max-image-preview":"max-image-preview:large","max-video-preview":"max-video-preview:-1"},"canonical":"https:\/\/chileentinieblas.cl\/en\/pnj\/horacio-garza-el-agente-caido\/","og_locale":"en_US","og_type":"article","og_title":"Horacio Garza, el Agente Ca\u00eddo - Chile en Tinieblas","og_description":"Agente veterano oficialmente ca\u00eddo durante el a\u00f1o 1999, en la popularmente conocida &#8220;semana de las pesadillas&#8221;.","og_url":"https:\/\/chileentinieblas.cl\/en\/pnj\/horacio-garza-el-agente-caido\/","og_site_name":"Chile en Tinieblas","article_publisher":"https:\/\/www.facebook.com\/ChileenTinieblas","article_modified_time":"2024-07-30T00:41:10+00:00","og_image":[{"width":564,"height":807,"url":"https:\/\/chileentinieblas.cl\/wp-content\/uploads\/2023\/01\/Horacio-Garza.jpg","type":"image\/jpeg"}],"twitter_card":"summary_large_image","schema":{"@context":"https:\/\/schema.org","@graph":[{"@type":"WebPage","@id":"https:\/\/chileentinieblas.cl\/pnj\/horacio-garza-el-agente-caido\/","url":"https:\/\/chileentinieblas.cl\/pnj\/horacio-garza-el-agente-caido\/","name":"Horacio Garza, el Agente Ca\u00eddo - Chile en Tinieblas","isPartOf":{"@id":"https:\/\/chileentinieblas.cl\/#website"},"primaryImageOfPage":{"@id":"https:\/\/chileentinieblas.cl\/pnj\/horacio-garza-el-agente-caido\/#primaryimage"},"image":{"@id":"https:\/\/chileentinieblas.cl\/pnj\/horacio-garza-el-agente-caido\/#primaryimage"},"thumbnailUrl":"https:\/\/chileentinieblas.cl\/wp-content\/uploads\/2023\/01\/Horacio-Garza.jpg","datePublished":"2023-01-29T21:19:11+00:00","dateModified":"2024-07-30T00:41:10+00:00","breadcrumb":{"@id":"https:\/\/chileentinieblas.cl\/pnj\/horacio-garza-el-agente-caido\/#breadcrumb"},"inLanguage":"en-US","potentialAction":[{"@type":"ReadAction","target":["https:\/\/chileentinieblas.cl\/pnj\/horacio-garza-el-agente-caido\/"]}]},{"@type":"ImageObject","inLanguage":"en-US","@id":"https:\/\/chileentinieblas.cl\/pnj\/horacio-garza-el-agente-caido\/#primaryimage","url":"https:\/\/chileentinieblas.cl\/wp-content\/uploads\/2023\/01\/Horacio-Garza.jpg","contentUrl":"https:\/\/chileentinieblas.cl\/wp-content\/uploads\/2023\/01\/Horacio-Garza.jpg","width":564,"height":807},{"@type":"BreadcrumbList","@id":"https:\/\/chileentinieblas.cl\/pnj\/horacio-garza-el-agente-caido\/#breadcrumb","itemListElement":[{"@type":"ListItem","position":1,"name":"Portada","item":"https:\/\/chileentinieblas.cl\/"},{"@type":"ListItem","position":2,"name":"PNJs","item":"https:\/\/chileentinieblas.cl\/pnj\/"},{"@type":"ListItem","position":3,"name":"Horacio Garza, el Agente Ca\u00eddo"}]},{"@type":"WebSite","@id":"https:\/\/chileentinieblas.cl\/#website","url":"https:\/\/chileentinieblas.cl\/","name":"Chile en Tinieblas","description":"Un servidor con mesas de rol de Mundo de Tinieblas","publisher":{"@id":"https:\/\/chileentinieblas.cl\/#organization"},"potentialAction":[{"@type":"SearchAction","target":{"@type":"EntryPoint","urlTemplate":"https:\/\/chileentinieblas.cl\/?s={search_term_string}"},"query-input":{"@type":"PropertyValueSpecification","valueRequired":true,"valueName":"search_term_string"}}],"inLanguage":"en-US"},{"@type":"Organization","@id":"https:\/\/chileentinieblas.cl\/#organization","name":"Chile en Tinieblas","url":"https:\/\/chileentinieblas.cl\/","logo":{"@type":"ImageObject","inLanguage":"en-US","@id":"https:\/\/chileentinieblas.cl\/#\/schema\/logo\/image\/","url":"https:\/\/chileentinieblas.cl\/wp-content\/uploads\/2021\/12\/logo-cet-claro.png","contentUrl":"https:\/\/chileentinieblas.cl\/wp-content\/uploads\/2021\/12\/logo-cet-claro.png","width":1001,"height":1030,"caption":"Chile en Tinieblas"},"image":{"@id":"https:\/\/chileentinieblas.cl\/#\/schema\/logo\/image\/"},"sameAs":["https:\/\/www.facebook.com\/ChileenTinieblas","https:\/\/www.instagram.com\/chileentinieblas\/","https:\/\/www.youtube.com\/@chileentinieblas","https:\/\/www.tiktok.com\/@chileentinieblas"]}]}},"jetpack_sharing_enabled":true,"_links":{"self":[{"href":"https:\/\/chileentinieblas.cl\/en\/wp-json\/wp\/v2\/pnj\/3428","targetHints":{"allow":["GET"]}}],"collection":[{"href":"https:\/\/chileentinieblas.cl\/en\/wp-json\/wp\/v2\/pnj"}],"about":[{"href":"https:\/\/chileentinieblas.cl\/en\/wp-json\/wp\/v2\/types\/pnj"}],"author":[{"embeddable":true,"href":"https:\/\/chileentinieblas.cl\/en\/wp-json\/wp\/v2\/users\/19"}],"wp:featuredmedia":[{"embeddable":true,"href":"https:\/\/chileentinieblas.cl\/en\/wp-json\/wp\/v2\/media\/3429"}],"wp:attachment":[{"href":"https:\/\/chileentinieblas.cl\/en\/wp-json\/wp\/v2\/media?parent=3428"}],"wp:term":[{"taxonomy":"post_tag","embeddable":true,"href":"https:\/\/chileentinieblas.cl\/en\/wp-json\/wp\/v2\/tags?post=3428"},{"taxonomy":"faccion","embeddable":true,"href":"https:\/\/chileentinieblas.cl\/en\/wp-json\/wp\/v2\/faccion?post=3428"}],"curies":[{"name":"wp","href":"https:\/\/api.w.org\/{rel}","templated":true}]}}