{"id":3424,"date":"2023-01-09T06:44:02","date_gmt":"2023-01-09T06:44:02","guid":{"rendered":"https:\/\/chileentinieblas.cl\/?post_type=pnj&#038;p=3424"},"modified":"2026-07-08T17:53:34","modified_gmt":"2026-07-08T17:53:34","slug":"mirna-screen","status":"publish","type":"pnj","link":"https:\/\/chileentinieblas.cl\/en\/pnj\/mirna-screen\/","title":{"rendered":"Mirna &#8220;Screen&#8221;"},"content":{"rendered":"<p class=\"wp-block-paragraph\">Misteriosa figura de la Uni\u00f3n Tecnocr\u00e1tica a cargo de diferentes unidades de vigilancia terrestre de cuerpos de los Ingenieros del Vac\u00edo. Se sacrifico destruyendo la estaci\u00f3n Gerantos para prevenir que cayera en manos enemigas<\/p>","protected":false},"author":1,"featured_media":3425,"template":"","tags":[],"faccion":[8,51,21],"class_list":["post-3424","pnj","type-pnj","status-publish","has-post-thumbnail","hentry","faccion-ingeniero","faccion-mago-la-ascension","faccion-tecnocracia"],"acf":{"fecha":"","estatus":"Muerto","ficha_del_personaje":"","aspecto":"","interpretacion":"Mirna es una persona directa y dura.\r\nNo tiene tiempo para moralidades o conversaciones filos\u00f3ficas que ralenticen su misi\u00f3n.\r\nEs la clase de persona que ha visto de todo y ya no se sorprende por nada, quiz\u00e1s sea por eso que alguien de su edad mantiene su puesto.\r\n\r\nMirna no puede nunca estar en el mundo material normal, solo comunicarse a distancia y a trav\u00e9s de las umbras o utilizando alguna m\u00e1quina como t\u00edtere, pero esto \u00faltimo es algo inusual.\r\n\r\n<strong>M\u00e9todos de rastreo sobrenatural<\/strong> empleados para encontrarla deber\u00edan apuntar al cielo (las estrellas) y a alg\u00fan lugar perdido por las umbras, un sitio \"demasiado lejano\" como para llegar y acceder a \u00e9l as\u00ed nada m\u00e1s.","rango":"5 - C\u00edrculo interno","informacion_privada":"L\u00edder y jefa directa del \"Protocolo: Limpieza\", la amalgama experimental de contraespionaje e interceptaci\u00f3n de invasores dimensionales.\r\n\r\nHay muchos misterios en torno a su figura, edad y ubicaci\u00f3n, pues siempre suele actuar y comunicarse a trav\u00e9s de terceros o proyecciones hologr\u00e1ficas.\r\n\r\nPocas personas saben de su identidad o conocen su rostro. Solo su amalgama y los agentes con las credenciales adecuadas dentro de los Ingenieros del Vac\u00edo tienen contacto con ella.\r\n\r\nEn cualquier caso, su ubicaci\u00f3n real radica en un constructo satelital oculto en una \u00f3rbita a baja altura, un espacio completamente pensado para monitorear su proyecto actual.","mapa_de_kumu_u_otro_embed":""},"yoast_head":"<!-- This site is optimized with the Yoast SEO plugin v28.4 - https:\/\/yoast.com\/product\/yoast-seo-wordpress\/ -->\n<title>Mirna &quot;Screen&quot; - Chile en Tinieblas<\/title>\n<meta name=\"robots\" content=\"index, follow, max-snippet:-1, max-image-preview:large, max-video-preview:-1\" \/>\n<link rel=\"canonical\" href=\"https:\/\/chileentinieblas.cl\/en\/pnj\/mirna-screen\/\" \/>\n<meta property=\"og:locale\" content=\"en_US\" \/>\n<meta property=\"og:type\" content=\"article\" \/>\n<meta property=\"og:title\" content=\"Mirna &quot;Screen&quot; - Chile en Tinieblas\" \/>\n<meta property=\"og:description\" content=\"Misteriosa figura de la Uni\u00f3n Tecnocr\u00e1tica a cargo de diferentes unidades de vigilancia terrestre de cuerpos de los Ingenieros del Vac\u00edo. Se sacrifico destruyendo la estaci\u00f3n Gerantos para prevenir que cayera en manos enemigas\" \/>\n<meta property=\"og:url\" content=\"https:\/\/chileentinieblas.cl\/en\/pnj\/mirna-screen\/\" \/>\n<meta property=\"og:site_name\" content=\"Chile en Tinieblas\" \/>\n<meta property=\"article:publisher\" content=\"https:\/\/www.facebook.com\/ChileenTinieblas\" \/>\n<meta property=\"article:modified_time\" content=\"2026-07-08T17:53:34+00:00\" \/>\n<meta property=\"og:image\" content=\"https:\/\/chileentinieblas.cl\/wp-content\/uploads\/2023\/01\/Mirna-Screen-.jpeg\" \/>\n\t<meta property=\"og:image:width\" content=\"853\" \/>\n\t<meta property=\"og:image:height\" content=\"1280\" \/>\n\t<meta property=\"og:image:type\" content=\"image\/jpeg\" \/>\n<meta name=\"twitter:card\" content=\"summary_large_image\" \/>\n<script type=\"application\/ld+json\" class=\"yoast-schema-graph\">{\"@context\":\"https:\\\/\\\/schema.org\",\"@graph\":[{\"@type\":\"WebPage\",\"@id\":\"https:\\\/\\\/chileentinieblas.cl\\\/pnj\\\/mirna-screen\\\/\",\"url\":\"https:\\\/\\\/chileentinieblas.cl\\\/pnj\\\/mirna-screen\\\/\",\"name\":\"Mirna \\\"Screen\\\" - Chile en Tinieblas\",\"isPartOf\":{\"@id\":\"https:\\\/\\\/chileentinieblas.cl\\\/#website\"},\"primaryImageOfPage\":{\"@id\":\"https:\\\/\\\/chileentinieblas.cl\\\/pnj\\\/mirna-screen\\\/#primaryimage\"},\"image\":{\"@id\":\"https:\\\/\\\/chileentinieblas.cl\\\/pnj\\\/mirna-screen\\\/#primaryimage\"},\"thumbnailUrl\":\"https:\\\/\\\/chileentinieblas.cl\\\/wp-content\\\/uploads\\\/2023\\\/01\\\/Mirna-Screen-.jpeg\",\"datePublished\":\"2023-01-09T06:44:02+00:00\",\"dateModified\":\"2026-07-08T17:53:34+00:00\",\"breadcrumb\":{\"@id\":\"https:\\\/\\\/chileentinieblas.cl\\\/pnj\\\/mirna-screen\\\/#breadcrumb\"},\"inLanguage\":\"en-US\",\"potentialAction\":[{\"@type\":\"ReadAction\",\"target\":[\"https:\\\/\\\/chileentinieblas.cl\\\/pnj\\\/mirna-screen\\\/\"]}]},{\"@type\":\"ImageObject\",\"inLanguage\":\"en-US\",\"@id\":\"https:\\\/\\\/chileentinieblas.cl\\\/pnj\\\/mirna-screen\\\/#primaryimage\",\"url\":\"https:\\\/\\\/chileentinieblas.cl\\\/wp-content\\\/uploads\\\/2023\\\/01\\\/Mirna-Screen-.jpeg\",\"contentUrl\":\"https:\\\/\\\/chileentinieblas.cl\\\/wp-content\\\/uploads\\\/2023\\\/01\\\/Mirna-Screen-.jpeg\",\"width\":853,\"height\":1280},{\"@type\":\"BreadcrumbList\",\"@id\":\"https:\\\/\\\/chileentinieblas.cl\\\/pnj\\\/mirna-screen\\\/#breadcrumb\",\"itemListElement\":[{\"@type\":\"ListItem\",\"position\":1,\"name\":\"Portada\",\"item\":\"https:\\\/\\\/chileentinieblas.cl\\\/\"},{\"@type\":\"ListItem\",\"position\":2,\"name\":\"PNJs\",\"item\":\"https:\\\/\\\/chileentinieblas.cl\\\/pnj\\\/\"},{\"@type\":\"ListItem\",\"position\":3,\"name\":\"Mirna \u00abScreen\u00bb\"}]},{\"@type\":\"WebSite\",\"@id\":\"https:\\\/\\\/chileentinieblas.cl\\\/#website\",\"url\":\"https:\\\/\\\/chileentinieblas.cl\\\/\",\"name\":\"Chile en Tinieblas\",\"description\":\"Un servidor con mesas de rol de Mundo de Tinieblas\",\"publisher\":{\"@id\":\"https:\\\/\\\/chileentinieblas.cl\\\/#organization\"},\"potentialAction\":[{\"@type\":\"SearchAction\",\"target\":{\"@type\":\"EntryPoint\",\"urlTemplate\":\"https:\\\/\\\/chileentinieblas.cl\\\/?s={search_term_string}\"},\"query-input\":{\"@type\":\"PropertyValueSpecification\",\"valueRequired\":true,\"valueName\":\"search_term_string\"}}],\"inLanguage\":\"en-US\"},{\"@type\":\"Organization\",\"@id\":\"https:\\\/\\\/chileentinieblas.cl\\\/#organization\",\"name\":\"Chile en Tinieblas\",\"url\":\"https:\\\/\\\/chileentinieblas.cl\\\/\",\"logo\":{\"@type\":\"ImageObject\",\"inLanguage\":\"en-US\",\"@id\":\"https:\\\/\\\/chileentinieblas.cl\\\/#\\\/schema\\\/logo\\\/image\\\/\",\"url\":\"https:\\\/\\\/chileentinieblas.cl\\\/wp-content\\\/uploads\\\/2021\\\/12\\\/logo-cet-claro.png\",\"contentUrl\":\"https:\\\/\\\/chileentinieblas.cl\\\/wp-content\\\/uploads\\\/2021\\\/12\\\/logo-cet-claro.png\",\"width\":1001,\"height\":1030,\"caption\":\"Chile en Tinieblas\"},\"image\":{\"@id\":\"https:\\\/\\\/chileentinieblas.cl\\\/#\\\/schema\\\/logo\\\/image\\\/\"},\"sameAs\":[\"https:\\\/\\\/www.facebook.com\\\/ChileenTinieblas\",\"https:\\\/\\\/www.instagram.com\\\/chileentinieblas\\\/\",\"https:\\\/\\\/www.youtube.com\\\/@chileentinieblas\",\"https:\\\/\\\/www.tiktok.com\\\/@chileentinieblas\"]}]}<\/script>\n<!-- \/ Yoast SEO plugin. -->","yoast_head_json":{"title":"Mirna \"Screen\" - Chile en Tinieblas","robots":{"index":"index","follow":"follow","max-snippet":"max-snippet:-1","max-image-preview":"max-image-preview:large","max-video-preview":"max-video-preview:-1"},"canonical":"https:\/\/chileentinieblas.cl\/en\/pnj\/mirna-screen\/","og_locale":"en_US","og_type":"article","og_title":"Mirna \"Screen\" - Chile en Tinieblas","og_description":"Misteriosa figura de la Uni\u00f3n Tecnocr\u00e1tica a cargo de diferentes unidades de vigilancia terrestre de cuerpos de los Ingenieros del Vac\u00edo. Se sacrifico destruyendo la estaci\u00f3n Gerantos para prevenir que cayera en manos enemigas","og_url":"https:\/\/chileentinieblas.cl\/en\/pnj\/mirna-screen\/","og_site_name":"Chile en Tinieblas","article_publisher":"https:\/\/www.facebook.com\/ChileenTinieblas","article_modified_time":"2026-07-08T17:53:34+00:00","og_image":[{"width":853,"height":1280,"url":"https:\/\/chileentinieblas.cl\/wp-content\/uploads\/2023\/01\/Mirna-Screen-.jpeg","type":"image\/jpeg"}],"twitter_card":"summary_large_image","schema":{"@context":"https:\/\/schema.org","@graph":[{"@type":"WebPage","@id":"https:\/\/chileentinieblas.cl\/pnj\/mirna-screen\/","url":"https:\/\/chileentinieblas.cl\/pnj\/mirna-screen\/","name":"Mirna \"Screen\" - Chile en Tinieblas","isPartOf":{"@id":"https:\/\/chileentinieblas.cl\/#website"},"primaryImageOfPage":{"@id":"https:\/\/chileentinieblas.cl\/pnj\/mirna-screen\/#primaryimage"},"image":{"@id":"https:\/\/chileentinieblas.cl\/pnj\/mirna-screen\/#primaryimage"},"thumbnailUrl":"https:\/\/chileentinieblas.cl\/wp-content\/uploads\/2023\/01\/Mirna-Screen-.jpeg","datePublished":"2023-01-09T06:44:02+00:00","dateModified":"2026-07-08T17:53:34+00:00","breadcrumb":{"@id":"https:\/\/chileentinieblas.cl\/pnj\/mirna-screen\/#breadcrumb"},"inLanguage":"en-US","potentialAction":[{"@type":"ReadAction","target":["https:\/\/chileentinieblas.cl\/pnj\/mirna-screen\/"]}]},{"@type":"ImageObject","inLanguage":"en-US","@id":"https:\/\/chileentinieblas.cl\/pnj\/mirna-screen\/#primaryimage","url":"https:\/\/chileentinieblas.cl\/wp-content\/uploads\/2023\/01\/Mirna-Screen-.jpeg","contentUrl":"https:\/\/chileentinieblas.cl\/wp-content\/uploads\/2023\/01\/Mirna-Screen-.jpeg","width":853,"height":1280},{"@type":"BreadcrumbList","@id":"https:\/\/chileentinieblas.cl\/pnj\/mirna-screen\/#breadcrumb","itemListElement":[{"@type":"ListItem","position":1,"name":"Portada","item":"https:\/\/chileentinieblas.cl\/"},{"@type":"ListItem","position":2,"name":"PNJs","item":"https:\/\/chileentinieblas.cl\/pnj\/"},{"@type":"ListItem","position":3,"name":"Mirna \u00abScreen\u00bb"}]},{"@type":"WebSite","@id":"https:\/\/chileentinieblas.cl\/#website","url":"https:\/\/chileentinieblas.cl\/","name":"Chile en Tinieblas","description":"Un servidor con mesas de rol de Mundo de Tinieblas","publisher":{"@id":"https:\/\/chileentinieblas.cl\/#organization"},"potentialAction":[{"@type":"SearchAction","target":{"@type":"EntryPoint","urlTemplate":"https:\/\/chileentinieblas.cl\/?s={search_term_string}"},"query-input":{"@type":"PropertyValueSpecification","valueRequired":true,"valueName":"search_term_string"}}],"inLanguage":"en-US"},{"@type":"Organization","@id":"https:\/\/chileentinieblas.cl\/#organization","name":"Chile en Tinieblas","url":"https:\/\/chileentinieblas.cl\/","logo":{"@type":"ImageObject","inLanguage":"en-US","@id":"https:\/\/chileentinieblas.cl\/#\/schema\/logo\/image\/","url":"https:\/\/chileentinieblas.cl\/wp-content\/uploads\/2021\/12\/logo-cet-claro.png","contentUrl":"https:\/\/chileentinieblas.cl\/wp-content\/uploads\/2021\/12\/logo-cet-claro.png","width":1001,"height":1030,"caption":"Chile en Tinieblas"},"image":{"@id":"https:\/\/chileentinieblas.cl\/#\/schema\/logo\/image\/"},"sameAs":["https:\/\/www.facebook.com\/ChileenTinieblas","https:\/\/www.instagram.com\/chileentinieblas\/","https:\/\/www.youtube.com\/@chileentinieblas","https:\/\/www.tiktok.com\/@chileentinieblas"]}]}},"jetpack_sharing_enabled":true,"_links":{"self":[{"href":"https:\/\/chileentinieblas.cl\/en\/wp-json\/wp\/v2\/pnj\/3424","targetHints":{"allow":["GET"]}}],"collection":[{"href":"https:\/\/chileentinieblas.cl\/en\/wp-json\/wp\/v2\/pnj"}],"about":[{"href":"https:\/\/chileentinieblas.cl\/en\/wp-json\/wp\/v2\/types\/pnj"}],"author":[{"embeddable":true,"href":"https:\/\/chileentinieblas.cl\/en\/wp-json\/wp\/v2\/users\/1"}],"wp:featuredmedia":[{"embeddable":true,"href":"https:\/\/chileentinieblas.cl\/en\/wp-json\/wp\/v2\/media\/3425"}],"wp:attachment":[{"href":"https:\/\/chileentinieblas.cl\/en\/wp-json\/wp\/v2\/media?parent=3424"}],"wp:term":[{"taxonomy":"post_tag","embeddable":true,"href":"https:\/\/chileentinieblas.cl\/en\/wp-json\/wp\/v2\/tags?post=3424"},{"taxonomy":"faccion","embeddable":true,"href":"https:\/\/chileentinieblas.cl\/en\/wp-json\/wp\/v2\/faccion?post=3424"}],"curies":[{"name":"wp","href":"https:\/\/api.w.org\/{rel}","templated":true}]}}