{"id":3149,"date":"2022-09-23T06:06:21","date_gmt":"2022-09-23T06:06:21","guid":{"rendered":"https:\/\/chileentinieblas.cl\/?post_type=pnj&#038;p=3149"},"modified":"2026-03-27T00:37:42","modified_gmt":"2026-03-27T00:37:42","slug":"sofia-guerrero","status":"publish","type":"pnj","link":"https:\/\/chileentinieblas.cl\/en\/pnj\/sofia-guerrero\/","title":{"rendered":"Sof\u00eda Guerrero"},"content":{"rendered":"<h2 class=\"wp-block-heading\" id=\"h-origen\">Origen<\/h2>\n\n\n\n<p class=\"wp-block-paragraph\">La agente guerrero, a diferencia de muchos otros miembros del Sindicato, naci\u00f3 pobre, en un barrio marginal de Calama. La indiferencia y problemas alcoh\u00f3licos de su padre la marcaron desde peque\u00f1a, volvi\u00e9ndola una ni\u00f1a muy violenta en el colegio y oblig\u00e1ndola a pasar m\u00e1s tiempo en la calle que en su casa. Creci\u00f3 de colegio en colegio, y su brutalidad se empezaba a hacer conocida en su barrio, meti\u00e9ndose en negocios ilegales y formando parte de algunas bandas, era un caso perdido hasta que un profesor le recomend\u00f3 canalizar esa rabia en una actividad f\u00edsica. Eligi\u00f3 el Taekwondo, donde su sensei la instruy\u00f3 para ser mejor persona y alumna. Durante ese camino fue poco a poco dejando su familia y la calle, hasta que al cumplir 18 a\u00f1os termina y\u00e9ndose de ah\u00ed y de Calama.<\/p>\n\n\n\n<h2 class=\"wp-block-heading\" id=\"h-vida-nueva-en-antofagasta\">Vida nueva en Antofagasta<\/h2>\n\n\n\n<p class=\"wp-block-paragraph\">Para pagar las clases de taekwondo, tuvo que trabajar en lo que sea, fue entonces d\u00f3nde conoci\u00f3 a <strong><a href=\"https:\/\/chileentinieblas.cl\/en\/pnj\/fabio-gonzalez\/\" data-type=\"pnj\" data-id=\"3047\">Fabio Gonz\u00e1les<\/a><\/strong> en Antofagasta, cuando hizo de camarera en un hotel donde se daba una conferencia de energ\u00edas renovables. Mientras serv\u00eda el cattering en el sal\u00f3n de invitados, not\u00f3 con una agudeza anormal, que entre la multitud hab\u00eda un sujeto extra\u00f1o que no le quitaba los ojos a Fabio, y cuando not\u00f3 que se acercaba a \u00e9l, aprovech\u00f3 de neutralizarlo y quitarle una daga de madera con la que intent\u00f3 matarlo. Fabio sorprendido de c\u00f3mo esta chica previ\u00f3 la situaci\u00f3n, a diferencia de sus guardias personales, la invit\u00f3 a que fuera parte de su equipo de seguridad, le pag\u00f3 la universidad y sus clases de artes marciales. Con el tiempo adem\u00e1s recibi\u00f3 un &#8220;entrenamiento especial&#8221; que le explic\u00f3 las verdaderas amenazas de la humanidad, convirti\u00e9ndola en un agente especialmente dedicada, d\u00e1ndole un lugar dentro del Sindicato. Desde ese momento nunca m\u00e1s se separ\u00f3 de Fabio.<\/p>\n\n\n\n<h2 class=\"wp-block-heading\" id=\"h-actualidad\">Actualidad<\/h2>\n\n\n\n<p class=\"wp-block-paragraph\">Con el tiempo, se fue involucrando en todos los negocios y movimientos que Fabio hac\u00eda, se volvi\u00f3 su mano derecha y experta en armas. A ella le tocaba el trabajo sucio, pero su trasfondo en las calles le permiti\u00f3 cumplir este papel sin mayores problemas. Con el tiempo se fue endureciendo y ganando fama entre los delincuentes y algunas criaturas sobrenaturales, la apodaron la &#8220;agente guerra&#8221; por sus m\u00e9todos violentos.<\/p>","protected":false},"author":1,"featured_media":7901,"template":"","tags":[22],"faccion":[51,5,21],"class_list":["post-3149","pnj","type-pnj","status-publish","has-post-thumbnail","hentry","tag-protectores","faccion-mago-la-ascension","faccion-sindicato","faccion-tecnocracia"],"acf":{"fecha":"","estatus":"Activo","ficha_del_personaje":"","aspecto":"","interpretacion":"","rango":"2 - Agente iluminado","informacion_privada":"","mapa_de_kumu_u_otro_embed":""},"yoast_head":"<!-- This site is optimized with the Yoast SEO plugin v28.4 - https:\/\/yoast.com\/product\/yoast-seo-wordpress\/ -->\n<title>Sof\u00eda Guerrero - Chile en Tinieblas<\/title>\n<meta name=\"robots\" content=\"index, follow, max-snippet:-1, max-image-preview:large, max-video-preview:-1\" \/>\n<link rel=\"canonical\" href=\"https:\/\/chileentinieblas.cl\/en\/pnj\/sofia-guerrero\/\" \/>\n<meta property=\"og:locale\" content=\"en_US\" \/>\n<meta property=\"og:type\" content=\"article\" \/>\n<meta property=\"og:title\" content=\"Sof\u00eda Guerrero - Chile en Tinieblas\" \/>\n<meta property=\"og:description\" content=\"Origen La agente guerrero, a diferencia de muchos otros miembros del Sindicato, naci\u00f3 pobre, en un barrio marginal de Calama. La indiferencia y problemas alcoh\u00f3licos de su padre la marcaron desde peque\u00f1a, volvi\u00e9ndola una ni\u00f1a muy violenta en el colegio y oblig\u00e1ndola a pasar m\u00e1s tiempo en la calle que en su casa. Creci\u00f3 de [&hellip;]\" \/>\n<meta property=\"og:url\" content=\"https:\/\/chileentinieblas.cl\/en\/pnj\/sofia-guerrero\/\" \/>\n<meta property=\"og:site_name\" content=\"Chile en Tinieblas\" \/>\n<meta property=\"article:publisher\" content=\"https:\/\/www.facebook.com\/ChileenTinieblas\" \/>\n<meta property=\"article:modified_time\" content=\"2026-03-27T00:37:42+00:00\" \/>\n<meta property=\"og:image\" content=\"https:\/\/chileentinieblas.cl\/wp-content\/uploads\/2022\/09\/sofia-guerrero.png\" \/>\n\t<meta property=\"og:image:width\" content=\"1024\" \/>\n\t<meta property=\"og:image:height\" content=\"1024\" \/>\n\t<meta property=\"og:image:type\" content=\"image\/png\" \/>\n<meta name=\"twitter:card\" content=\"summary_large_image\" \/>\n<meta name=\"twitter:label1\" content=\"Est. reading time\" \/>\n\t<meta name=\"twitter:data1\" content=\"2 minutes\" \/>\n<script type=\"application\/ld+json\" class=\"yoast-schema-graph\">{\"@context\":\"https:\\\/\\\/schema.org\",\"@graph\":[{\"@type\":\"WebPage\",\"@id\":\"https:\\\/\\\/chileentinieblas.cl\\\/pnj\\\/sofia-guerrero\\\/\",\"url\":\"https:\\\/\\\/chileentinieblas.cl\\\/pnj\\\/sofia-guerrero\\\/\",\"name\":\"Sof\u00eda Guerrero - Chile en Tinieblas\",\"isPartOf\":{\"@id\":\"https:\\\/\\\/chileentinieblas.cl\\\/#website\"},\"primaryImageOfPage\":{\"@id\":\"https:\\\/\\\/chileentinieblas.cl\\\/pnj\\\/sofia-guerrero\\\/#primaryimage\"},\"image\":{\"@id\":\"https:\\\/\\\/chileentinieblas.cl\\\/pnj\\\/sofia-guerrero\\\/#primaryimage\"},\"thumbnailUrl\":\"https:\\\/\\\/chileentinieblas.cl\\\/wp-content\\\/uploads\\\/2022\\\/09\\\/sofia-guerrero.png\",\"datePublished\":\"2022-09-23T06:06:21+00:00\",\"dateModified\":\"2026-03-27T00:37:42+00:00\",\"breadcrumb\":{\"@id\":\"https:\\\/\\\/chileentinieblas.cl\\\/pnj\\\/sofia-guerrero\\\/#breadcrumb\"},\"inLanguage\":\"en-US\",\"potentialAction\":[{\"@type\":\"ReadAction\",\"target\":[\"https:\\\/\\\/chileentinieblas.cl\\\/pnj\\\/sofia-guerrero\\\/\"]}]},{\"@type\":\"ImageObject\",\"inLanguage\":\"en-US\",\"@id\":\"https:\\\/\\\/chileentinieblas.cl\\\/pnj\\\/sofia-guerrero\\\/#primaryimage\",\"url\":\"https:\\\/\\\/chileentinieblas.cl\\\/wp-content\\\/uploads\\\/2022\\\/09\\\/sofia-guerrero.png\",\"contentUrl\":\"https:\\\/\\\/chileentinieblas.cl\\\/wp-content\\\/uploads\\\/2022\\\/09\\\/sofia-guerrero.png\",\"width\":1024,\"height\":1024},{\"@type\":\"BreadcrumbList\",\"@id\":\"https:\\\/\\\/chileentinieblas.cl\\\/pnj\\\/sofia-guerrero\\\/#breadcrumb\",\"itemListElement\":[{\"@type\":\"ListItem\",\"position\":1,\"name\":\"Portada\",\"item\":\"https:\\\/\\\/chileentinieblas.cl\\\/\"},{\"@type\":\"ListItem\",\"position\":2,\"name\":\"PNJs\",\"item\":\"https:\\\/\\\/chileentinieblas.cl\\\/pnj\\\/\"},{\"@type\":\"ListItem\",\"position\":3,\"name\":\"Sof\u00eda Guerrero\"}]},{\"@type\":\"WebSite\",\"@id\":\"https:\\\/\\\/chileentinieblas.cl\\\/#website\",\"url\":\"https:\\\/\\\/chileentinieblas.cl\\\/\",\"name\":\"Chile en Tinieblas\",\"description\":\"Un servidor con mesas de rol de Mundo de Tinieblas\",\"publisher\":{\"@id\":\"https:\\\/\\\/chileentinieblas.cl\\\/#organization\"},\"potentialAction\":[{\"@type\":\"SearchAction\",\"target\":{\"@type\":\"EntryPoint\",\"urlTemplate\":\"https:\\\/\\\/chileentinieblas.cl\\\/?s={search_term_string}\"},\"query-input\":{\"@type\":\"PropertyValueSpecification\",\"valueRequired\":true,\"valueName\":\"search_term_string\"}}],\"inLanguage\":\"en-US\"},{\"@type\":\"Organization\",\"@id\":\"https:\\\/\\\/chileentinieblas.cl\\\/#organization\",\"name\":\"Chile en Tinieblas\",\"url\":\"https:\\\/\\\/chileentinieblas.cl\\\/\",\"logo\":{\"@type\":\"ImageObject\",\"inLanguage\":\"en-US\",\"@id\":\"https:\\\/\\\/chileentinieblas.cl\\\/#\\\/schema\\\/logo\\\/image\\\/\",\"url\":\"https:\\\/\\\/chileentinieblas.cl\\\/wp-content\\\/uploads\\\/2021\\\/12\\\/logo-cet-claro.png\",\"contentUrl\":\"https:\\\/\\\/chileentinieblas.cl\\\/wp-content\\\/uploads\\\/2021\\\/12\\\/logo-cet-claro.png\",\"width\":1001,\"height\":1030,\"caption\":\"Chile en Tinieblas\"},\"image\":{\"@id\":\"https:\\\/\\\/chileentinieblas.cl\\\/#\\\/schema\\\/logo\\\/image\\\/\"},\"sameAs\":[\"https:\\\/\\\/www.facebook.com\\\/ChileenTinieblas\",\"https:\\\/\\\/www.instagram.com\\\/chileentinieblas\\\/\",\"https:\\\/\\\/www.youtube.com\\\/@chileentinieblas\",\"https:\\\/\\\/www.tiktok.com\\\/@chileentinieblas\"]}]}<\/script>\n<!-- \/ Yoast SEO plugin. -->","yoast_head_json":{"title":"Sof\u00eda Guerrero - Chile en Tinieblas","robots":{"index":"index","follow":"follow","max-snippet":"max-snippet:-1","max-image-preview":"max-image-preview:large","max-video-preview":"max-video-preview:-1"},"canonical":"https:\/\/chileentinieblas.cl\/en\/pnj\/sofia-guerrero\/","og_locale":"en_US","og_type":"article","og_title":"Sof\u00eda Guerrero - Chile en Tinieblas","og_description":"Origen La agente guerrero, a diferencia de muchos otros miembros del Sindicato, naci\u00f3 pobre, en un barrio marginal de Calama. La indiferencia y problemas alcoh\u00f3licos de su padre la marcaron desde peque\u00f1a, volvi\u00e9ndola una ni\u00f1a muy violenta en el colegio y oblig\u00e1ndola a pasar m\u00e1s tiempo en la calle que en su casa. Creci\u00f3 de [&hellip;]","og_url":"https:\/\/chileentinieblas.cl\/en\/pnj\/sofia-guerrero\/","og_site_name":"Chile en Tinieblas","article_publisher":"https:\/\/www.facebook.com\/ChileenTinieblas","article_modified_time":"2026-03-27T00:37:42+00:00","og_image":[{"width":1024,"height":1024,"url":"https:\/\/chileentinieblas.cl\/wp-content\/uploads\/2022\/09\/sofia-guerrero.png","type":"image\/png"}],"twitter_card":"summary_large_image","twitter_misc":{"Est. reading time":"2 minutes"},"schema":{"@context":"https:\/\/schema.org","@graph":[{"@type":"WebPage","@id":"https:\/\/chileentinieblas.cl\/pnj\/sofia-guerrero\/","url":"https:\/\/chileentinieblas.cl\/pnj\/sofia-guerrero\/","name":"Sof\u00eda Guerrero - Chile en Tinieblas","isPartOf":{"@id":"https:\/\/chileentinieblas.cl\/#website"},"primaryImageOfPage":{"@id":"https:\/\/chileentinieblas.cl\/pnj\/sofia-guerrero\/#primaryimage"},"image":{"@id":"https:\/\/chileentinieblas.cl\/pnj\/sofia-guerrero\/#primaryimage"},"thumbnailUrl":"https:\/\/chileentinieblas.cl\/wp-content\/uploads\/2022\/09\/sofia-guerrero.png","datePublished":"2022-09-23T06:06:21+00:00","dateModified":"2026-03-27T00:37:42+00:00","breadcrumb":{"@id":"https:\/\/chileentinieblas.cl\/pnj\/sofia-guerrero\/#breadcrumb"},"inLanguage":"en-US","potentialAction":[{"@type":"ReadAction","target":["https:\/\/chileentinieblas.cl\/pnj\/sofia-guerrero\/"]}]},{"@type":"ImageObject","inLanguage":"en-US","@id":"https:\/\/chileentinieblas.cl\/pnj\/sofia-guerrero\/#primaryimage","url":"https:\/\/chileentinieblas.cl\/wp-content\/uploads\/2022\/09\/sofia-guerrero.png","contentUrl":"https:\/\/chileentinieblas.cl\/wp-content\/uploads\/2022\/09\/sofia-guerrero.png","width":1024,"height":1024},{"@type":"BreadcrumbList","@id":"https:\/\/chileentinieblas.cl\/pnj\/sofia-guerrero\/#breadcrumb","itemListElement":[{"@type":"ListItem","position":1,"name":"Portada","item":"https:\/\/chileentinieblas.cl\/"},{"@type":"ListItem","position":2,"name":"PNJs","item":"https:\/\/chileentinieblas.cl\/pnj\/"},{"@type":"ListItem","position":3,"name":"Sof\u00eda Guerrero"}]},{"@type":"WebSite","@id":"https:\/\/chileentinieblas.cl\/#website","url":"https:\/\/chileentinieblas.cl\/","name":"Chile en Tinieblas","description":"Un servidor con mesas de rol de Mundo de Tinieblas","publisher":{"@id":"https:\/\/chileentinieblas.cl\/#organization"},"potentialAction":[{"@type":"SearchAction","target":{"@type":"EntryPoint","urlTemplate":"https:\/\/chileentinieblas.cl\/?s={search_term_string}"},"query-input":{"@type":"PropertyValueSpecification","valueRequired":true,"valueName":"search_term_string"}}],"inLanguage":"en-US"},{"@type":"Organization","@id":"https:\/\/chileentinieblas.cl\/#organization","name":"Chile en Tinieblas","url":"https:\/\/chileentinieblas.cl\/","logo":{"@type":"ImageObject","inLanguage":"en-US","@id":"https:\/\/chileentinieblas.cl\/#\/schema\/logo\/image\/","url":"https:\/\/chileentinieblas.cl\/wp-content\/uploads\/2021\/12\/logo-cet-claro.png","contentUrl":"https:\/\/chileentinieblas.cl\/wp-content\/uploads\/2021\/12\/logo-cet-claro.png","width":1001,"height":1030,"caption":"Chile en Tinieblas"},"image":{"@id":"https:\/\/chileentinieblas.cl\/#\/schema\/logo\/image\/"},"sameAs":["https:\/\/www.facebook.com\/ChileenTinieblas","https:\/\/www.instagram.com\/chileentinieblas\/","https:\/\/www.youtube.com\/@chileentinieblas","https:\/\/www.tiktok.com\/@chileentinieblas"]}]}},"jetpack_sharing_enabled":true,"_links":{"self":[{"href":"https:\/\/chileentinieblas.cl\/en\/wp-json\/wp\/v2\/pnj\/3149","targetHints":{"allow":["GET"]}}],"collection":[{"href":"https:\/\/chileentinieblas.cl\/en\/wp-json\/wp\/v2\/pnj"}],"about":[{"href":"https:\/\/chileentinieblas.cl\/en\/wp-json\/wp\/v2\/types\/pnj"}],"author":[{"embeddable":true,"href":"https:\/\/chileentinieblas.cl\/en\/wp-json\/wp\/v2\/users\/1"}],"wp:featuredmedia":[{"embeddable":true,"href":"https:\/\/chileentinieblas.cl\/en\/wp-json\/wp\/v2\/media\/7901"}],"wp:attachment":[{"href":"https:\/\/chileentinieblas.cl\/en\/wp-json\/wp\/v2\/media?parent=3149"}],"wp:term":[{"taxonomy":"post_tag","embeddable":true,"href":"https:\/\/chileentinieblas.cl\/en\/wp-json\/wp\/v2\/tags?post=3149"},{"taxonomy":"faccion","embeddable":true,"href":"https:\/\/chileentinieblas.cl\/en\/wp-json\/wp\/v2\/faccion?post=3149"}],"curies":[{"name":"wp","href":"https:\/\/api.w.org\/{rel}","templated":true}]}}