{"id":2587,"date":"2022-06-05T01:52:31","date_gmt":"2022-06-05T01:52:31","guid":{"rendered":"https:\/\/chileentinieblas.cl\/?post_type=pnj&#038;p=2587"},"modified":"2025-09-23T20:21:08","modified_gmt":"2025-09-23T20:21:08","slug":"colmillo","status":"publish","type":"pnj","link":"https:\/\/chileentinieblas.cl\/en\/pnj\/colmillo\/","title":{"rendered":"Colmillo"},"content":{"rendered":"<h2 class=\"wp-block-heading\">Bar\u00f3n de Pudahuel<\/h2>\n\n\n\n<h2 class=\"wp-block-heading\">Vida Mortal<\/h2>\n\n\n\n<p class=\"wp-block-paragraph\">Aunque el tiempo ha borrado el nombre de Colmillo, su memoria a\u00fan conserva los recuerdos de una vida pasada. En su juventud, Carlos Gallados era un marinero astuto y audaz que se uni\u00f3 a la tripulaci\u00f3n de la Goleta de Ancud en la toma de posesi\u00f3n del estrecho de Magallanes. A sus apenas 16 a\u00f1os, dej\u00f3 atr\u00e1s a su familia y se embarc\u00f3 en una aventura que le cambiar\u00eda la vida para siempre.<\/p>\n\n\n\n<p class=\"wp-block-paragraph\">La expedici\u00f3n tuvo muchos sobresaltos, pero a pesar de los peligros, Carlos logr\u00f3 obtener una valiosa experiencia. Durante la construcci\u00f3n del fuerte Bulnes, la tripulaci\u00f3n comenz\u00f3 a enfrentar conflictos con los buques franceses que deambulaban por la zona. Era bien sabido que Francia ten\u00eda un gran inter\u00e9s en hacerse con esos territorios, pero las tropas chilenas resistieron valientemente, impidiendo su avance.<\/p>\n\n\n\n<p class=\"wp-block-paragraph\"><br>Hasta que un misterioso franc\u00e9s, decidi\u00f3 acelerar las cosas&#8230;<\/p>\n\n\n\n<p class=\"wp-block-paragraph\">En la oscuridad de la noche, la criatura se infiltr\u00f3 en el fort\u00edn hasta los aposentos del comandante del lugar. Succion\u00f3 toda su sangre hasta que le arrebat\u00f3 la vida de su cuerpo. Es en este momento, en donde fue sorprendido por Carlos. Este, r\u00e1pidamente se abalanz\u00f3 sobre la criatura y solo con el uso de una botella y una vela, logro sobreponerse a los embates fren\u00e9ticos de esta. La habilidad y osad\u00eda de Carlos, sobrepasaron a la bestia, la cual sali\u00f3 corriendo por la ventana de la fortaleza. <\/p>\n\n\n\n<p class=\"wp-block-paragraph\">Pero Carlos no se rindi\u00f3<\/p>\n\n\n\n<p class=\"wp-block-paragraph\">Tras la feroz lucha, Carlos logr\u00f3 darle alcance al asesino por segunda vez. A pesar del cansancio y el dolor, se abalanz\u00f3 sobre \u00e9l con una determinaci\u00f3n implacable. Sin embargo, el asesino no se mostraba asustado ni dispuesto a darse por vencido. En cambio, sorprendi\u00f3 a Carlos con un fuerte golpe que le atraves\u00f3 el pecho.<\/p>\n\n\n\n<p class=\"wp-block-paragraph\">A pesar de estar herido de muerte, Carlos se aferr\u00f3 a su atacante con todas sus fuerzas y juntos rodaron por el suelo. El asesino parec\u00eda admirar la tenacidad del joven marinero y, en un momento de sorprendente humanidad, decidi\u00f3 llevarlo consigo a lo profundo del bosque. All\u00ed, lejos de la civilizaci\u00f3n, Carlos experiment\u00f3 algo que nunca antes hab\u00eda imaginado: la transformaci\u00f3n en un ser eterno y poderoso, cuyos recuerdos y habilidades como humano se mantendr\u00edan intactos en su mente para siempre. As\u00ed, Colmillo, como decidi\u00f3 llamarse a s\u00ed mismo en su nueva vida, inici\u00f3 un camino de descubrimiento y aprendizaje sobre la naturaleza humana y su propia existencia vamp\u00edrica.<\/p>\n\n\n\n<h2 class=\"wp-block-heading\">Vida Inmortal<\/h2>\n\n\n\n<p class=\"wp-block-paragraph\">El atacante, el Nosferatu Louis Martin, era un pervertido noble franc\u00e9s que hab\u00eda sido abrazado por un Nosferatu envidioso. O eso era lo que \u00e9l dec\u00eda. Los primeros d\u00edas, Louis intent\u00f3 cuidar a Colmillo, pero la desfiguraci\u00f3n y el hambre constante eran demasiado fuertes. Esto no era diferente a lo que experimentaba cualquier Nosferatu, pero Colmillo no era cualquier Nosferatu. El hecho de haber perdido su libertad fue un golpe duro. Podr\u00eda haber escogido ser vampiro, la idea no le era particularmente repulsiva, pero la libertad de decidirlo era fundamental.<\/p>\n\n\n\n<p class=\"wp-block-paragraph\">El odio fue creciendo en las semanas posteriores a su conversi\u00f3n. Las tropas del fuerte asumieron que \u00e9l era un traidor y que hab\u00eda asesinado al general, lo cual, al llegar a sus o\u00eddos, fue un detonante de su furia. Aguantando las primeras luces del d\u00eda y las heridas flagelantes del sol, arroj\u00f3 a Louis durmiendo a la intemperie para que el sol administrara el m\u00e1ximo castigo que la l\u00ednea de Ca\u00edn pod\u00eda recibir.<\/p>\n\n\n\n<p class=\"wp-block-paragraph\">De ah\u00ed, Colmillo comenz\u00f3 a intentar retomar un ligero sentido de libertad. Ya no pod\u00eda volver a sus tierras, prefer\u00eda que la sonrisa de sus padres quedara con la idea de un joven aventurero que una bestia apresada, por lo que decidi\u00f3 intentar llegar al centro del pa\u00eds. En 1849 logr\u00f3 llegar a la capital y se instal\u00f3 en el sector de Barrancas, un predio alejado de la sociedad y un lugar libre para poder alimentarse. Sin embargo, su tranquilidad dur\u00f3 poco al encontrarse envuelto en una guerra devastadora entre la Camarilla y el Sabbat. La Camarilla, que estaba haciendo sus primeras incursiones, se present\u00f3 ante Colmillo buscando ingreso a la ciudad, mientras que el Sabbat tambi\u00e9n lleg\u00f3 a Barrancas con el objetivo de subyugar el lugar. Por supuesto, Colmillo no estuvo de acuerdo con ello.<\/p>\n\n\n\n<p class=\"wp-block-paragraph\">La Camarilla logr\u00f3 la simpat\u00eda de Colmillo y este, la simpat\u00eda del pr\u00edncipe Ventrue Frederick Muller. A pesar de que muchos Sabbats, en particular el arzobispo de Santiago, el Lasombra Mateo de la Cruz, intent\u00f3 hacerle ver a Colmillo la opresi\u00f3n que generaba la Camarilla en su propia naturaleza, lo despiadado de sus pr\u00e1cticas y la facilidad con la que robaban la vida de los mortales, le era repulsiva.<\/p>\n\n\n\n<p class=\"wp-block-paragraph\">En 1897, Pudahuel se forma como comuna y Colmillo se vuelve experto en cada uno de sus recovecos. Su habilidad en la guerra fue vista con buenos ojos por Frederick, quien despu\u00e9s de su implacable desempe\u00f1o en la derrota de Valpara\u00edso contra el Sabbat, donde logr\u00f3 rescatar a muchos vampiros de las hordas cainitas, fue nombrado Sheriff de Santiago.<\/p>\n\n\n\n<p class=\"wp-block-paragraph\">En 1929 vendr\u00eda el primer problema para Colmillo. La depresi\u00f3n del 29 gener\u00f3 una gran migraci\u00f3n de mortales y vampiros a la capital. Mantener la Mascarada era complejo y el poder sostener a tanto vampiro, una tarea virtualmente imposible. La plaga de tuberculosis fue la gota que rebals\u00f3 el vaso y que gener\u00f3 que la Camarilla se enfocara en mantener los ingresos de sangre hacia los m\u00e1s antiguos, alegando &#8220;sabidur\u00eda&#8221;. El resto de los vampiros fue dejado a morir o a ser controlado con la espada para disminuir el consumo. El desd\u00e9n de las c\u00fapulas de la Camarilla, de las que Colmillo se daba cuenta que era parte, fue un golpe importante para todo lo que \u00e9l cre\u00eda.<\/p>\n\n\n\n<p class=\"wp-block-paragraph\">En 1930, Colmillo abandona el cargo de Sheriff.<\/p>\n\n\n\n<p class=\"wp-block-paragraph\">Colmillo continu\u00f3 apoyando a la Camarilla, mientras formaba y alojaba a todo vampiro confundido y d\u00e9bil que encontraba. Estas acciones generaron dos elementos muy importantes:<\/p>\n\n\n\n<ol class=\"wp-block-list\">\n<li>La lealtad hacia Colmillo, casi ciega.<\/li>\n\n\n\n<li>Grupos de combate que no estaban insertos en la Camarilla y por ende, m\u00e1s sigilosos.<\/li>\n<\/ol>\n\n\n\n<p class=\"wp-block-paragraph\">En 1970, cuando el Sabbat participa en el ox\u00edmoron y la Camarilla cae, los grupos de Colmillo que hab\u00edan pasado desapercibidos fueron vitales en organizar la resistencia. Colmillo, sin sentirse de la Camarilla, no pod\u00eda aceptar al Sabbat al poder, por lo que pele\u00f3 con todas sus fuerzas para mantener la esperanza viva. Como guerrilla, atac\u00f3 sectores claves del Sabbat y de otras criaturas con tal de devolver la libertad a la ciudad.<\/p>\n\n\n\n<p class=\"wp-block-paragraph\">Al llegar la democracia, y la Camarilla ganar a los degenerados del Sabbat, Colmillo se declara como independiente, manteniendo buenas relaciones con sus antiguos compa\u00f1eros, pero sin ser parte de ellos. Muchos V\u00e1stagos decidieron seguirlo.<\/p>\n\n\n\n<p class=\"wp-block-paragraph\">Durante 10 a\u00f1os, Colmillo y su gente se dedicaron a cazar Sabbats, hasta que una serie de asesinatos comenzaron a ocurrir en sus territorios. Una manada de lupinos se hab\u00eda alojado en los t\u00faneles de Pudahuel y estaban proliferando. La pelea era dura, y cada cierto tiempo, los lupinos desaparec\u00edan para volver de nuevo con m\u00e1s fuerza. Colmillo comenz\u00f3 a volverse duro y m\u00e1s extremista, pero la aparici\u00f3n de sangres d\u00e9biles y una en particular llamada Emma D\u00edaz (quien se convirti\u00f3 en su primer lazo de sangre) lograron enfocar de nuevo a Colmillo y dar nuevos br\u00edos a su lucha de 20 a\u00f1os contra los lupinos.<\/p>\n\n\n\n<p class=\"wp-block-paragraph\">En la noche de las garras sangrientas (2019), Colmillo logr\u00f3 reunir a casi todos los anarquistas de la ciudad y erradic\u00f3 el nido de lupinos.<\/p>\n\n\n\n<p class=\"wp-block-paragraph\">En las noches actuales, Colmillo sigue atento a las amenazas de los lupinos. Las noticias de la Camarilla acerca de otros nidos lo han mantenido inquieto, m\u00e1s a\u00fan con todos los barones intentando saltar a las gargantas de los dem\u00e1s<\/p>","protected":false},"author":21,"featured_media":6939,"template":"","tags":[100,99],"faccion":[97,91,53],"class_list":["post-2587","pnj","type-pnj","status-publish","has-post-thumbnail","hentry","tag-anarquistas","tag-vampiro-la-mascarada","faccion-anarquistas","faccion-nosferatu","faccion-vampiro-la-mascarada"],"acf":{"fecha":"Abrazado 1844 \/ Nacido 1827","estatus":"Activo","ficha_del_personaje":"","aspecto":"Colmillo no se llama as\u00ed por simple casualidad. Tiene un colmillo grande que casi le llega al ojo. Tiene escaso pelo y orejas deformadas. Se viste a lo que obedezca la moda masculina de la \u00e9poca, siempre intentando mezclarse. Su voz es muy grave y carraspeada. Su altura intimida.","interpretacion":"Colmillo es muy paciente, pero es un amante de la libertad. Nunca lo veras perdiendo los estribos y siempre tendr\u00e1 una palabra ingeniosa para debatir al resto, en particular cuando encuentra que lo dicho es rid\u00edculo. Tiene un coraz\u00f3n gentil y siempre ayudara a todo aquel o aquella que este en necesidad. No ocupa la violencia, a menos que sea totalmente necesario. Siempre esta rodeado de gente que estar\u00eda dispuesta a morir por el y a matar en el mismo lugar.","informacion_privada":"","mapa_de_kumu_u_otro_embed":""},"yoast_head":"<!-- This site is optimized with the Yoast SEO plugin v28.4 - https:\/\/yoast.com\/product\/yoast-seo-wordpress\/ -->\n<title>Colmillo - Chile en Tinieblas<\/title>\n<meta name=\"robots\" content=\"index, follow, max-snippet:-1, max-image-preview:large, max-video-preview:-1\" \/>\n<link rel=\"canonical\" href=\"https:\/\/chileentinieblas.cl\/en\/pnj\/colmillo\/\" \/>\n<meta property=\"og:locale\" content=\"en_US\" \/>\n<meta property=\"og:type\" content=\"article\" \/>\n<meta property=\"og:title\" content=\"Colmillo - Chile en Tinieblas\" \/>\n<meta property=\"og:description\" content=\"Bar\u00f3n de Pudahuel Vida Mortal Aunque el tiempo ha borrado el nombre de Colmillo, su memoria a\u00fan conserva los recuerdos de una vida pasada. En su juventud, Carlos Gallados era un marinero astuto y audaz que se uni\u00f3 a la tripulaci\u00f3n de la Goleta de Ancud en la toma de posesi\u00f3n del estrecho de Magallanes. [&hellip;]\" \/>\n<meta property=\"og:url\" content=\"https:\/\/chileentinieblas.cl\/en\/pnj\/colmillo\/\" \/>\n<meta property=\"og:site_name\" content=\"Chile en Tinieblas\" \/>\n<meta property=\"article:publisher\" content=\"https:\/\/www.facebook.com\/ChileenTinieblas\" \/>\n<meta property=\"article:modified_time\" content=\"2025-09-23T20:21:08+00:00\" \/>\n<meta property=\"og:image\" content=\"https:\/\/chileentinieblas.cl\/wp-content\/uploads\/2022\/06\/WhatsApp-Image-2025-09-23-at-16.23.12.jpeg\" \/>\n\t<meta property=\"og:image:width\" content=\"1024\" \/>\n\t<meta property=\"og:image:height\" content=\"1024\" \/>\n\t<meta property=\"og:image:type\" content=\"image\/jpeg\" \/>\n<meta name=\"twitter:card\" content=\"summary_large_image\" \/>\n<meta name=\"twitter:label1\" content=\"Est. reading time\" \/>\n\t<meta name=\"twitter:data1\" content=\"7 minutes\" \/>\n<script type=\"application\/ld+json\" class=\"yoast-schema-graph\">{\"@context\":\"https:\\\/\\\/schema.org\",\"@graph\":[{\"@type\":\"WebPage\",\"@id\":\"https:\\\/\\\/chileentinieblas.cl\\\/pnj\\\/colmillo\\\/\",\"url\":\"https:\\\/\\\/chileentinieblas.cl\\\/pnj\\\/colmillo\\\/\",\"name\":\"Colmillo - Chile en Tinieblas\",\"isPartOf\":{\"@id\":\"https:\\\/\\\/chileentinieblas.cl\\\/#website\"},\"primaryImageOfPage\":{\"@id\":\"https:\\\/\\\/chileentinieblas.cl\\\/pnj\\\/colmillo\\\/#primaryimage\"},\"image\":{\"@id\":\"https:\\\/\\\/chileentinieblas.cl\\\/pnj\\\/colmillo\\\/#primaryimage\"},\"thumbnailUrl\":\"https:\\\/\\\/chileentinieblas.cl\\\/wp-content\\\/uploads\\\/2022\\\/06\\\/WhatsApp-Image-2025-09-23-at-16.23.12.jpeg\",\"datePublished\":\"2022-06-05T01:52:31+00:00\",\"dateModified\":\"2025-09-23T20:21:08+00:00\",\"breadcrumb\":{\"@id\":\"https:\\\/\\\/chileentinieblas.cl\\\/pnj\\\/colmillo\\\/#breadcrumb\"},\"inLanguage\":\"en-US\",\"potentialAction\":[{\"@type\":\"ReadAction\",\"target\":[\"https:\\\/\\\/chileentinieblas.cl\\\/pnj\\\/colmillo\\\/\"]}]},{\"@type\":\"ImageObject\",\"inLanguage\":\"en-US\",\"@id\":\"https:\\\/\\\/chileentinieblas.cl\\\/pnj\\\/colmillo\\\/#primaryimage\",\"url\":\"https:\\\/\\\/chileentinieblas.cl\\\/wp-content\\\/uploads\\\/2022\\\/06\\\/WhatsApp-Image-2025-09-23-at-16.23.12.jpeg\",\"contentUrl\":\"https:\\\/\\\/chileentinieblas.cl\\\/wp-content\\\/uploads\\\/2022\\\/06\\\/WhatsApp-Image-2025-09-23-at-16.23.12.jpeg\",\"width\":1024,\"height\":1024},{\"@type\":\"BreadcrumbList\",\"@id\":\"https:\\\/\\\/chileentinieblas.cl\\\/pnj\\\/colmillo\\\/#breadcrumb\",\"itemListElement\":[{\"@type\":\"ListItem\",\"position\":1,\"name\":\"Portada\",\"item\":\"https:\\\/\\\/chileentinieblas.cl\\\/\"},{\"@type\":\"ListItem\",\"position\":2,\"name\":\"PNJs\",\"item\":\"https:\\\/\\\/chileentinieblas.cl\\\/pnj\\\/\"},{\"@type\":\"ListItem\",\"position\":3,\"name\":\"Colmillo\"}]},{\"@type\":\"WebSite\",\"@id\":\"https:\\\/\\\/chileentinieblas.cl\\\/#website\",\"url\":\"https:\\\/\\\/chileentinieblas.cl\\\/\",\"name\":\"Chile en Tinieblas\",\"description\":\"Un servidor con mesas de rol de Mundo de Tinieblas\",\"publisher\":{\"@id\":\"https:\\\/\\\/chileentinieblas.cl\\\/#organization\"},\"potentialAction\":[{\"@type\":\"SearchAction\",\"target\":{\"@type\":\"EntryPoint\",\"urlTemplate\":\"https:\\\/\\\/chileentinieblas.cl\\\/?s={search_term_string}\"},\"query-input\":{\"@type\":\"PropertyValueSpecification\",\"valueRequired\":true,\"valueName\":\"search_term_string\"}}],\"inLanguage\":\"en-US\"},{\"@type\":\"Organization\",\"@id\":\"https:\\\/\\\/chileentinieblas.cl\\\/#organization\",\"name\":\"Chile en Tinieblas\",\"url\":\"https:\\\/\\\/chileentinieblas.cl\\\/\",\"logo\":{\"@type\":\"ImageObject\",\"inLanguage\":\"en-US\",\"@id\":\"https:\\\/\\\/chileentinieblas.cl\\\/#\\\/schema\\\/logo\\\/image\\\/\",\"url\":\"https:\\\/\\\/chileentinieblas.cl\\\/wp-content\\\/uploads\\\/2021\\\/12\\\/logo-cet-claro.png\",\"contentUrl\":\"https:\\\/\\\/chileentinieblas.cl\\\/wp-content\\\/uploads\\\/2021\\\/12\\\/logo-cet-claro.png\",\"width\":1001,\"height\":1030,\"caption\":\"Chile en Tinieblas\"},\"image\":{\"@id\":\"https:\\\/\\\/chileentinieblas.cl\\\/#\\\/schema\\\/logo\\\/image\\\/\"},\"sameAs\":[\"https:\\\/\\\/www.facebook.com\\\/ChileenTinieblas\",\"https:\\\/\\\/www.instagram.com\\\/chileentinieblas\\\/\",\"https:\\\/\\\/www.youtube.com\\\/@chileentinieblas\",\"https:\\\/\\\/www.tiktok.com\\\/@chileentinieblas\"]}]}<\/script>\n<!-- \/ Yoast SEO plugin. -->","yoast_head_json":{"title":"Colmillo - Chile en Tinieblas","robots":{"index":"index","follow":"follow","max-snippet":"max-snippet:-1","max-image-preview":"max-image-preview:large","max-video-preview":"max-video-preview:-1"},"canonical":"https:\/\/chileentinieblas.cl\/en\/pnj\/colmillo\/","og_locale":"en_US","og_type":"article","og_title":"Colmillo - Chile en Tinieblas","og_description":"Bar\u00f3n de Pudahuel Vida Mortal Aunque el tiempo ha borrado el nombre de Colmillo, su memoria a\u00fan conserva los recuerdos de una vida pasada. En su juventud, Carlos Gallados era un marinero astuto y audaz que se uni\u00f3 a la tripulaci\u00f3n de la Goleta de Ancud en la toma de posesi\u00f3n del estrecho de Magallanes. [&hellip;]","og_url":"https:\/\/chileentinieblas.cl\/en\/pnj\/colmillo\/","og_site_name":"Chile en Tinieblas","article_publisher":"https:\/\/www.facebook.com\/ChileenTinieblas","article_modified_time":"2025-09-23T20:21:08+00:00","og_image":[{"width":1024,"height":1024,"url":"https:\/\/chileentinieblas.cl\/wp-content\/uploads\/2022\/06\/WhatsApp-Image-2025-09-23-at-16.23.12.jpeg","type":"image\/jpeg"}],"twitter_card":"summary_large_image","twitter_misc":{"Est. reading time":"7 minutes"},"schema":{"@context":"https:\/\/schema.org","@graph":[{"@type":"WebPage","@id":"https:\/\/chileentinieblas.cl\/pnj\/colmillo\/","url":"https:\/\/chileentinieblas.cl\/pnj\/colmillo\/","name":"Colmillo - Chile en Tinieblas","isPartOf":{"@id":"https:\/\/chileentinieblas.cl\/#website"},"primaryImageOfPage":{"@id":"https:\/\/chileentinieblas.cl\/pnj\/colmillo\/#primaryimage"},"image":{"@id":"https:\/\/chileentinieblas.cl\/pnj\/colmillo\/#primaryimage"},"thumbnailUrl":"https:\/\/chileentinieblas.cl\/wp-content\/uploads\/2022\/06\/WhatsApp-Image-2025-09-23-at-16.23.12.jpeg","datePublished":"2022-06-05T01:52:31+00:00","dateModified":"2025-09-23T20:21:08+00:00","breadcrumb":{"@id":"https:\/\/chileentinieblas.cl\/pnj\/colmillo\/#breadcrumb"},"inLanguage":"en-US","potentialAction":[{"@type":"ReadAction","target":["https:\/\/chileentinieblas.cl\/pnj\/colmillo\/"]}]},{"@type":"ImageObject","inLanguage":"en-US","@id":"https:\/\/chileentinieblas.cl\/pnj\/colmillo\/#primaryimage","url":"https:\/\/chileentinieblas.cl\/wp-content\/uploads\/2022\/06\/WhatsApp-Image-2025-09-23-at-16.23.12.jpeg","contentUrl":"https:\/\/chileentinieblas.cl\/wp-content\/uploads\/2022\/06\/WhatsApp-Image-2025-09-23-at-16.23.12.jpeg","width":1024,"height":1024},{"@type":"BreadcrumbList","@id":"https:\/\/chileentinieblas.cl\/pnj\/colmillo\/#breadcrumb","itemListElement":[{"@type":"ListItem","position":1,"name":"Portada","item":"https:\/\/chileentinieblas.cl\/"},{"@type":"ListItem","position":2,"name":"PNJs","item":"https:\/\/chileentinieblas.cl\/pnj\/"},{"@type":"ListItem","position":3,"name":"Colmillo"}]},{"@type":"WebSite","@id":"https:\/\/chileentinieblas.cl\/#website","url":"https:\/\/chileentinieblas.cl\/","name":"Chile en Tinieblas","description":"Un servidor con mesas de rol de Mundo de Tinieblas","publisher":{"@id":"https:\/\/chileentinieblas.cl\/#organization"},"potentialAction":[{"@type":"SearchAction","target":{"@type":"EntryPoint","urlTemplate":"https:\/\/chileentinieblas.cl\/?s={search_term_string}"},"query-input":{"@type":"PropertyValueSpecification","valueRequired":true,"valueName":"search_term_string"}}],"inLanguage":"en-US"},{"@type":"Organization","@id":"https:\/\/chileentinieblas.cl\/#organization","name":"Chile en Tinieblas","url":"https:\/\/chileentinieblas.cl\/","logo":{"@type":"ImageObject","inLanguage":"en-US","@id":"https:\/\/chileentinieblas.cl\/#\/schema\/logo\/image\/","url":"https:\/\/chileentinieblas.cl\/wp-content\/uploads\/2021\/12\/logo-cet-claro.png","contentUrl":"https:\/\/chileentinieblas.cl\/wp-content\/uploads\/2021\/12\/logo-cet-claro.png","width":1001,"height":1030,"caption":"Chile en Tinieblas"},"image":{"@id":"https:\/\/chileentinieblas.cl\/#\/schema\/logo\/image\/"},"sameAs":["https:\/\/www.facebook.com\/ChileenTinieblas","https:\/\/www.instagram.com\/chileentinieblas\/","https:\/\/www.youtube.com\/@chileentinieblas","https:\/\/www.tiktok.com\/@chileentinieblas"]}]}},"jetpack_sharing_enabled":true,"_links":{"self":[{"href":"https:\/\/chileentinieblas.cl\/en\/wp-json\/wp\/v2\/pnj\/2587","targetHints":{"allow":["GET"]}}],"collection":[{"href":"https:\/\/chileentinieblas.cl\/en\/wp-json\/wp\/v2\/pnj"}],"about":[{"href":"https:\/\/chileentinieblas.cl\/en\/wp-json\/wp\/v2\/types\/pnj"}],"author":[{"embeddable":true,"href":"https:\/\/chileentinieblas.cl\/en\/wp-json\/wp\/v2\/users\/21"}],"wp:featuredmedia":[{"embeddable":true,"href":"https:\/\/chileentinieblas.cl\/en\/wp-json\/wp\/v2\/media\/6939"}],"wp:attachment":[{"href":"https:\/\/chileentinieblas.cl\/en\/wp-json\/wp\/v2\/media?parent=2587"}],"wp:term":[{"taxonomy":"post_tag","embeddable":true,"href":"https:\/\/chileentinieblas.cl\/en\/wp-json\/wp\/v2\/tags?post=2587"},{"taxonomy":"faccion","embeddable":true,"href":"https:\/\/chileentinieblas.cl\/en\/wp-json\/wp\/v2\/faccion?post=2587"}],"curies":[{"name":"wp","href":"https:\/\/api.w.org\/{rel}","templated":true}]}}