{"id":2584,"date":"2022-06-05T01:32:47","date_gmt":"2022-06-05T01:32:47","guid":{"rendered":"https:\/\/chileentinieblas.cl\/?post_type=pnj&#038;p=2584"},"modified":"2024-07-31T22:58:23","modified_gmt":"2024-07-31T22:58:23","slug":"emma-diaz","status":"publish","type":"pnj","link":"https:\/\/chileentinieblas.cl\/en\/pnj\/emma-diaz\/","title":{"rendered":"Emma D\u00edaz"},"content":{"rendered":"<h2 class=\"wp-block-heading\">Baronesa de Lo prado, Renca, Cerro Navia y Quilicura &#8211; Movimiento por la inclusi\u00f3n<\/h2>\n\n\n\n<h2 class=\"wp-block-heading\">Vida Mortal<\/h2>\n\n\n\n<p class=\"wp-block-paragraph\">Emma D\u00edaz era una joven prodigio del circo. Desde los 5 a\u00f1os, su padre la llevaba con \u00e9l al circo, donde ella demostr\u00f3 un gran talento en acrobacias a\u00e9reas, tanto en la tela como en la lira. A pesar del riguroso entrenamiento, a los 18 a\u00f1os, Emma ya ense\u00f1aba a las j\u00f3venes promesas y se hab\u00eda convertido en una figura destacada en la escena circense.<\/p>\n\n\n\n<p class=\"wp-block-paragraph\">Una noche, en un peculiar bar en Quinta Normal llamado &#8220;El Hitler Ebrio&#8221;, un grupo armado irrumpi\u00f3 y dispar\u00f3 indiscriminadamente, dejando numerosos heridos y muertos. Emma no se percat\u00f3 de que una bala hab\u00eda atravesado su garganta y estaba perdiendo mucha sangre. Desesperada, intentaba frenar la hemorragia cuando una enigm\u00e1tica mujer alta y rubia, de hombros anchos y pecho prominente, se acerc\u00f3 a ella y la mordi\u00f3, convirti\u00e9ndola en vampiro.<\/p>\n\n\n\n<h2 class=\"wp-block-heading\">Vida Inmortal<\/h2>\n\n\n\n<p class=\"wp-block-paragraph\">La misteriosa mujer era Gilda M\u00fcller, una Caitiff que nunca hab\u00eda tenido chiquillos, pero no pudo resistirse a salvar a Emma de una muerte segura. Esa misma noche, Gilda abraz\u00f3 tambi\u00e9n a otros dos mortales heridos, Felipe y Marcela. Los tres comenzaron a aprender lo que significaba ser vampiro y descubrieron que la Camarilla los estaba cazando, en particular a ellos, los Sangre D\u00e9bil.<\/p>\n\n\n\n<p class=\"wp-block-paragraph\">Un inquietante Malkavian llamado Harold van der Graaf los investigaba, buscando la enigm\u00e1tica &#8220;Marca de la Luna&#8221;, una supuesta se\u00f1al que auguraba el advenimiento de la Gehena. Al dejarse capturar, Emma, Felipe y Marcela pudieron acercarse a Harold y asesinarlo durante el d\u00eda, destruyendo su siniestro laboratorio y rescatando a los desdichados Sangre D\u00e9bil, tambi\u00e9n conocidos como Mercurianos, que hab\u00edan sido sometidos a terribles experimentos.<\/p>\n\n\n\n<p class=\"wp-block-paragraph\">Juntos, los tres chiquillos de Gilda forjaron un fuerte lazo de camarader\u00eda y lucha, decididos a enfrentarse a los desaf\u00edos que se les presentaran como vampiros Sangre D\u00e9bil en un mundo oscuro y peligroso.<br><\/p>\n\n\n\n<p class=\"wp-block-paragraph\">A diferencia de Emma, Felipe se volvi\u00f3 mucho m\u00e1s radical en su enfoque. Desarroll\u00f3 un profundo odio hacia la Camarilla, los Antiguos y tambi\u00e9n hacia los Anarquistas. De alguna manera, Felipe descubri\u00f3 una f\u00f3rmula alqu\u00edmica para crear &#8220;Ash&#8221;, una droga hecha con cenizas de vampiros que otorgaba gran fuerza a quienes la consum\u00edan, pero al mismo tiempo, era profundamente adictiva.<\/p>\n\n\n\n<p class=\"wp-block-paragraph\">Felipe entren\u00f3 a varios Mercurianos y fund\u00f3 el Movimiento por la Liberaci\u00f3n Mercuriana, comenzando a cazar tanto a miembros de la Camarilla como a Anarquistas. Aunque Emma no sent\u00eda simpat\u00eda por la Camarilla, se preocup\u00f3 por los Mercurianos adictos y debilitados por la droga, pues se volv\u00edan cada vez m\u00e1s peligrosos. Intent\u00f3 detener a Felipe, apelando a su amistad, pero \u00e9l estaba decidido a ver arder la ciudad, sin importar el costo.<\/p>\n\n\n\n<p class=\"wp-block-paragraph\">Emma, junto a un grupo de Mercurianos, se organiz\u00f3 y logr\u00f3 desmantelar las operaciones de producci\u00f3n y distribuci\u00f3n de la droga en Quilicura. Lamentablemente, debido a la violencia de Felipe, se vieron obligados a enfrentarlo y finalmente matarlo. La defensa firme de los vampiros por parte de Emma y su evidente liderazgo la convirtieron en la portavoz de la inclusi\u00f3n Mercuriana, acogiendo a todos los vampiros y convirti\u00e9ndose en la Baronesa de Lo Prado y Quilicura.<\/p>\n\n\n\n<p class=\"wp-block-paragraph\">Recientemente, Emma ha estado preocupada por la creciente presencia de hombres lobo y los conflictos entre los Barones en la ciudad. Sus excelentes relaciones con Colmillo, con quien se rumorea que mantiene una relaci\u00f3n, han fortalecido el movimiento anarquista en el sector norte de Santiago. Juntos, Emma y Colmillo han trabajado para establecer una resistencia unificada y efectiva contra las fuerzas opresoras, tanto internas como externas, protegiendo a aquellos marginados por la sociedad vamp\u00edrica y luchando por la igualdad y la justicia en Santiago<\/p>","protected":false},"author":23,"featured_media":5534,"template":"","tags":[100,99],"faccion":[97,104,53],"class_list":["post-2584","pnj","type-pnj","status-publish","has-post-thumbnail","hentry","tag-anarquistas","tag-vampiro-la-mascarada","faccion-anarquistas","faccion-crepusculares","faccion-vampiro-la-mascarada"],"acf":{"fecha":"Abrazada 2015 \/ Nacida 1997","estatus":"Activo","ficha_del_personaje":"","aspecto":"Emma es una mujer de 1,50, con una voz muy suave y una tez muy blanca. Sus ojos son hermosos y tiene una gracia carism\u00e1tica y cercana. Generalmente anda con unos pantalones muy sueltos y un top. Sus aros son grandes y anda con un collar de cuarzo donde guarda pociones alqu\u00edmicas.","interpretacion":"Ella siempre es conciliadora, siempre aboga al dialogo, pero es muy apasionada para defender a aquellos que son despose\u00eddos, al punto de dar la vida por ellos. No escatimara en gastos si encuentra que la causa lo vale.","informacion_privada":"","mapa_de_kumu_u_otro_embed":null},"yoast_head":"<!-- This site is optimized with the Yoast SEO plugin v28.4 - https:\/\/yoast.com\/product\/yoast-seo-wordpress\/ -->\n<title>Emma D\u00edaz - Chile en Tinieblas<\/title>\n<meta name=\"robots\" content=\"index, follow, max-snippet:-1, max-image-preview:large, max-video-preview:-1\" \/>\n<link rel=\"canonical\" href=\"https:\/\/chileentinieblas.cl\/en\/pnj\/emma-diaz\/\" \/>\n<meta property=\"og:locale\" content=\"en_US\" \/>\n<meta property=\"og:type\" content=\"article\" \/>\n<meta property=\"og:title\" content=\"Emma D\u00edaz - Chile en Tinieblas\" \/>\n<meta property=\"og:description\" content=\"Baronesa de Lo prado, Renca, Cerro Navia y Quilicura &#8211; Movimiento por la inclusi\u00f3n Vida Mortal Emma D\u00edaz era una joven prodigio del circo. Desde los 5 a\u00f1os, su padre la llevaba con \u00e9l al circo, donde ella demostr\u00f3 un gran talento en acrobacias a\u00e9reas, tanto en la tela como en la lira. A pesar [&hellip;]\" \/>\n<meta property=\"og:url\" content=\"https:\/\/chileentinieblas.cl\/en\/pnj\/emma-diaz\/\" \/>\n<meta property=\"og:site_name\" content=\"Chile en Tinieblas\" \/>\n<meta property=\"article:publisher\" content=\"https:\/\/www.facebook.com\/ChileenTinieblas\" \/>\n<meta property=\"article:modified_time\" content=\"2024-07-31T22:58:23+00:00\" \/>\n<meta property=\"og:image\" content=\"https:\/\/chileentinieblas.cl\/wp-content\/uploads\/2022\/06\/Imagen-de-WhatsApp-2024-07-30-a-las-20.38.44_a7b92f6d.jpg\" \/>\n\t<meta property=\"og:image:width\" content=\"928\" \/>\n\t<meta property=\"og:image:height\" content=\"1232\" \/>\n\t<meta property=\"og:image:type\" content=\"image\/jpeg\" \/>\n<meta name=\"twitter:card\" content=\"summary_large_image\" \/>\n<meta name=\"twitter:label1\" content=\"Est. reading time\" \/>\n\t<meta name=\"twitter:data1\" content=\"3 minutes\" \/>\n<script type=\"application\/ld+json\" class=\"yoast-schema-graph\">{\"@context\":\"https:\\\/\\\/schema.org\",\"@graph\":[{\"@type\":\"WebPage\",\"@id\":\"https:\\\/\\\/chileentinieblas.cl\\\/pnj\\\/emma-diaz\\\/\",\"url\":\"https:\\\/\\\/chileentinieblas.cl\\\/pnj\\\/emma-diaz\\\/\",\"name\":\"Emma D\u00edaz - Chile en Tinieblas\",\"isPartOf\":{\"@id\":\"https:\\\/\\\/chileentinieblas.cl\\\/#website\"},\"primaryImageOfPage\":{\"@id\":\"https:\\\/\\\/chileentinieblas.cl\\\/pnj\\\/emma-diaz\\\/#primaryimage\"},\"image\":{\"@id\":\"https:\\\/\\\/chileentinieblas.cl\\\/pnj\\\/emma-diaz\\\/#primaryimage\"},\"thumbnailUrl\":\"https:\\\/\\\/chileentinieblas.cl\\\/wp-content\\\/uploads\\\/2022\\\/06\\\/Imagen-de-WhatsApp-2024-07-30-a-las-20.38.44_a7b92f6d.jpg\",\"datePublished\":\"2022-06-05T01:32:47+00:00\",\"dateModified\":\"2024-07-31T22:58:23+00:00\",\"breadcrumb\":{\"@id\":\"https:\\\/\\\/chileentinieblas.cl\\\/pnj\\\/emma-diaz\\\/#breadcrumb\"},\"inLanguage\":\"en-US\",\"potentialAction\":[{\"@type\":\"ReadAction\",\"target\":[\"https:\\\/\\\/chileentinieblas.cl\\\/pnj\\\/emma-diaz\\\/\"]}]},{\"@type\":\"ImageObject\",\"inLanguage\":\"en-US\",\"@id\":\"https:\\\/\\\/chileentinieblas.cl\\\/pnj\\\/emma-diaz\\\/#primaryimage\",\"url\":\"https:\\\/\\\/chileentinieblas.cl\\\/wp-content\\\/uploads\\\/2022\\\/06\\\/Imagen-de-WhatsApp-2024-07-30-a-las-20.38.44_a7b92f6d.jpg\",\"contentUrl\":\"https:\\\/\\\/chileentinieblas.cl\\\/wp-content\\\/uploads\\\/2022\\\/06\\\/Imagen-de-WhatsApp-2024-07-30-a-las-20.38.44_a7b92f6d.jpg\",\"width\":928,\"height\":1232},{\"@type\":\"BreadcrumbList\",\"@id\":\"https:\\\/\\\/chileentinieblas.cl\\\/pnj\\\/emma-diaz\\\/#breadcrumb\",\"itemListElement\":[{\"@type\":\"ListItem\",\"position\":1,\"name\":\"Portada\",\"item\":\"https:\\\/\\\/chileentinieblas.cl\\\/\"},{\"@type\":\"ListItem\",\"position\":2,\"name\":\"PNJs\",\"item\":\"https:\\\/\\\/chileentinieblas.cl\\\/pnj\\\/\"},{\"@type\":\"ListItem\",\"position\":3,\"name\":\"Emma D\u00edaz\"}]},{\"@type\":\"WebSite\",\"@id\":\"https:\\\/\\\/chileentinieblas.cl\\\/#website\",\"url\":\"https:\\\/\\\/chileentinieblas.cl\\\/\",\"name\":\"Chile en Tinieblas\",\"description\":\"Un servidor con mesas de rol de Mundo de Tinieblas\",\"publisher\":{\"@id\":\"https:\\\/\\\/chileentinieblas.cl\\\/#organization\"},\"potentialAction\":[{\"@type\":\"SearchAction\",\"target\":{\"@type\":\"EntryPoint\",\"urlTemplate\":\"https:\\\/\\\/chileentinieblas.cl\\\/?s={search_term_string}\"},\"query-input\":{\"@type\":\"PropertyValueSpecification\",\"valueRequired\":true,\"valueName\":\"search_term_string\"}}],\"inLanguage\":\"en-US\"},{\"@type\":\"Organization\",\"@id\":\"https:\\\/\\\/chileentinieblas.cl\\\/#organization\",\"name\":\"Chile en Tinieblas\",\"url\":\"https:\\\/\\\/chileentinieblas.cl\\\/\",\"logo\":{\"@type\":\"ImageObject\",\"inLanguage\":\"en-US\",\"@id\":\"https:\\\/\\\/chileentinieblas.cl\\\/#\\\/schema\\\/logo\\\/image\\\/\",\"url\":\"https:\\\/\\\/chileentinieblas.cl\\\/wp-content\\\/uploads\\\/2021\\\/12\\\/logo-cet-claro.png\",\"contentUrl\":\"https:\\\/\\\/chileentinieblas.cl\\\/wp-content\\\/uploads\\\/2021\\\/12\\\/logo-cet-claro.png\",\"width\":1001,\"height\":1030,\"caption\":\"Chile en Tinieblas\"},\"image\":{\"@id\":\"https:\\\/\\\/chileentinieblas.cl\\\/#\\\/schema\\\/logo\\\/image\\\/\"},\"sameAs\":[\"https:\\\/\\\/www.facebook.com\\\/ChileenTinieblas\",\"https:\\\/\\\/www.instagram.com\\\/chileentinieblas\\\/\",\"https:\\\/\\\/www.youtube.com\\\/@chileentinieblas\",\"https:\\\/\\\/www.tiktok.com\\\/@chileentinieblas\"]}]}<\/script>\n<!-- \/ Yoast SEO plugin. -->","yoast_head_json":{"title":"Emma D\u00edaz - Chile en Tinieblas","robots":{"index":"index","follow":"follow","max-snippet":"max-snippet:-1","max-image-preview":"max-image-preview:large","max-video-preview":"max-video-preview:-1"},"canonical":"https:\/\/chileentinieblas.cl\/en\/pnj\/emma-diaz\/","og_locale":"en_US","og_type":"article","og_title":"Emma D\u00edaz - Chile en Tinieblas","og_description":"Baronesa de Lo prado, Renca, Cerro Navia y Quilicura &#8211; Movimiento por la inclusi\u00f3n Vida Mortal Emma D\u00edaz era una joven prodigio del circo. Desde los 5 a\u00f1os, su padre la llevaba con \u00e9l al circo, donde ella demostr\u00f3 un gran talento en acrobacias a\u00e9reas, tanto en la tela como en la lira. A pesar [&hellip;]","og_url":"https:\/\/chileentinieblas.cl\/en\/pnj\/emma-diaz\/","og_site_name":"Chile en Tinieblas","article_publisher":"https:\/\/www.facebook.com\/ChileenTinieblas","article_modified_time":"2024-07-31T22:58:23+00:00","og_image":[{"width":928,"height":1232,"url":"https:\/\/chileentinieblas.cl\/wp-content\/uploads\/2022\/06\/Imagen-de-WhatsApp-2024-07-30-a-las-20.38.44_a7b92f6d.jpg","type":"image\/jpeg"}],"twitter_card":"summary_large_image","twitter_misc":{"Est. reading time":"3 minutes"},"schema":{"@context":"https:\/\/schema.org","@graph":[{"@type":"WebPage","@id":"https:\/\/chileentinieblas.cl\/pnj\/emma-diaz\/","url":"https:\/\/chileentinieblas.cl\/pnj\/emma-diaz\/","name":"Emma D\u00edaz - Chile en Tinieblas","isPartOf":{"@id":"https:\/\/chileentinieblas.cl\/#website"},"primaryImageOfPage":{"@id":"https:\/\/chileentinieblas.cl\/pnj\/emma-diaz\/#primaryimage"},"image":{"@id":"https:\/\/chileentinieblas.cl\/pnj\/emma-diaz\/#primaryimage"},"thumbnailUrl":"https:\/\/chileentinieblas.cl\/wp-content\/uploads\/2022\/06\/Imagen-de-WhatsApp-2024-07-30-a-las-20.38.44_a7b92f6d.jpg","datePublished":"2022-06-05T01:32:47+00:00","dateModified":"2024-07-31T22:58:23+00:00","breadcrumb":{"@id":"https:\/\/chileentinieblas.cl\/pnj\/emma-diaz\/#breadcrumb"},"inLanguage":"en-US","potentialAction":[{"@type":"ReadAction","target":["https:\/\/chileentinieblas.cl\/pnj\/emma-diaz\/"]}]},{"@type":"ImageObject","inLanguage":"en-US","@id":"https:\/\/chileentinieblas.cl\/pnj\/emma-diaz\/#primaryimage","url":"https:\/\/chileentinieblas.cl\/wp-content\/uploads\/2022\/06\/Imagen-de-WhatsApp-2024-07-30-a-las-20.38.44_a7b92f6d.jpg","contentUrl":"https:\/\/chileentinieblas.cl\/wp-content\/uploads\/2022\/06\/Imagen-de-WhatsApp-2024-07-30-a-las-20.38.44_a7b92f6d.jpg","width":928,"height":1232},{"@type":"BreadcrumbList","@id":"https:\/\/chileentinieblas.cl\/pnj\/emma-diaz\/#breadcrumb","itemListElement":[{"@type":"ListItem","position":1,"name":"Portada","item":"https:\/\/chileentinieblas.cl\/"},{"@type":"ListItem","position":2,"name":"PNJs","item":"https:\/\/chileentinieblas.cl\/pnj\/"},{"@type":"ListItem","position":3,"name":"Emma D\u00edaz"}]},{"@type":"WebSite","@id":"https:\/\/chileentinieblas.cl\/#website","url":"https:\/\/chileentinieblas.cl\/","name":"Chile en Tinieblas","description":"Un servidor con mesas de rol de Mundo de Tinieblas","publisher":{"@id":"https:\/\/chileentinieblas.cl\/#organization"},"potentialAction":[{"@type":"SearchAction","target":{"@type":"EntryPoint","urlTemplate":"https:\/\/chileentinieblas.cl\/?s={search_term_string}"},"query-input":{"@type":"PropertyValueSpecification","valueRequired":true,"valueName":"search_term_string"}}],"inLanguage":"en-US"},{"@type":"Organization","@id":"https:\/\/chileentinieblas.cl\/#organization","name":"Chile en Tinieblas","url":"https:\/\/chileentinieblas.cl\/","logo":{"@type":"ImageObject","inLanguage":"en-US","@id":"https:\/\/chileentinieblas.cl\/#\/schema\/logo\/image\/","url":"https:\/\/chileentinieblas.cl\/wp-content\/uploads\/2021\/12\/logo-cet-claro.png","contentUrl":"https:\/\/chileentinieblas.cl\/wp-content\/uploads\/2021\/12\/logo-cet-claro.png","width":1001,"height":1030,"caption":"Chile en Tinieblas"},"image":{"@id":"https:\/\/chileentinieblas.cl\/#\/schema\/logo\/image\/"},"sameAs":["https:\/\/www.facebook.com\/ChileenTinieblas","https:\/\/www.instagram.com\/chileentinieblas\/","https:\/\/www.youtube.com\/@chileentinieblas","https:\/\/www.tiktok.com\/@chileentinieblas"]}]}},"jetpack_sharing_enabled":true,"_links":{"self":[{"href":"https:\/\/chileentinieblas.cl\/en\/wp-json\/wp\/v2\/pnj\/2584","targetHints":{"allow":["GET"]}}],"collection":[{"href":"https:\/\/chileentinieblas.cl\/en\/wp-json\/wp\/v2\/pnj"}],"about":[{"href":"https:\/\/chileentinieblas.cl\/en\/wp-json\/wp\/v2\/types\/pnj"}],"author":[{"embeddable":true,"href":"https:\/\/chileentinieblas.cl\/en\/wp-json\/wp\/v2\/users\/23"}],"wp:featuredmedia":[{"embeddable":true,"href":"https:\/\/chileentinieblas.cl\/en\/wp-json\/wp\/v2\/media\/5534"}],"wp:attachment":[{"href":"https:\/\/chileentinieblas.cl\/en\/wp-json\/wp\/v2\/media?parent=2584"}],"wp:term":[{"taxonomy":"post_tag","embeddable":true,"href":"https:\/\/chileentinieblas.cl\/en\/wp-json\/wp\/v2\/tags?post=2584"},{"taxonomy":"faccion","embeddable":true,"href":"https:\/\/chileentinieblas.cl\/en\/wp-json\/wp\/v2\/faccion?post=2584"}],"curies":[{"name":"wp","href":"https:\/\/api.w.org\/{rel}","templated":true}]}}