{"id":2578,"date":"2022-06-05T01:22:12","date_gmt":"2022-06-05T01:22:12","guid":{"rendered":"https:\/\/chileentinieblas.cl\/?post_type=pnj&#038;p=2578"},"modified":"2024-07-27T03:56:16","modified_gmt":"2024-07-27T03:56:16","slug":"kuyen","status":"publish","type":"pnj","link":"https:\/\/chileentinieblas.cl\/en\/pnj\/kuyen\/","title":{"rendered":"Kuy\u00e9n"},"content":{"rendered":"<h2 class=\"wp-block-heading\">Baronesa Barrio Bellavista, Independencia, Estaci\u00f3n central, Pedro Aguirre Cerda y Cerrillos<\/h2>\n\n\n\n<h2 class=\"wp-block-heading\">Vida mortal<\/h2>\n\n\n\n<p class=\"wp-block-paragraph\">En los oscuros recovecos de la historia, donde la memoria humana se desvanece y los registros se pierden, yace el enigma de la vida mortal de Kuyen. Se sabe que habitaba en un pueblo escondido en los bosques del sur de Chile, un lugar donde los \u00e1rboles susurraban secretos y las sombras guardaban rituales ancestrales. Entrenada para ser machi en una \u00e9poca en que tal honor estaba reservado para muy pocas mujeres, Kuyen era un esp\u00edritu indomable. Pero incluso los esp\u00edritus indomables buscan pruebas, y fue en una de esas aventuras solitarias en las monta\u00f1as donde la noche la engull\u00f3, transform\u00e1ndola en una criatura de oscuridad.<\/p>\n\n\n\n<h2 class=\"wp-block-heading\">Vida inmortal<\/h2>\n\n\n\n<p class=\"wp-block-paragraph\">Despu\u00e9s de su transformaci\u00f3n, Kuyen se convirti\u00f3 en una sombra errante en los bosques que una vez llam\u00f3 hogar. Desde la distancia, observ\u00f3 c\u00f3mo su familia se desvanec\u00eda con el tiempo, sus vidas ef\u00edmeras extingui\u00e9ndose como estrellas fugaces en la inmensidad del cielo nocturno. Aunque su gente la considerar\u00eda un &#8220;kalku,&#8221; un esp\u00edritu mal\u00e9volo, ella encontr\u00f3 un prop\u00f3sito m\u00e1s grande: mantener el equilibrio espiritual del bosque, su nuevo dominio y prisi\u00f3n.<\/p>\n\n\n\n<p class=\"wp-block-paragraph\">La masacre de su gente en 1850 por el ej\u00e9rcito chileno durante la &#8220;Pacificaci\u00f3n de la Araucan\u00eda&#8221; fue una herida que no cicatrizar\u00eda. La sangre derramada en la tierra que ella consideraba sagrada se convirti\u00f3 en un grito de guerra que reson\u00f3 en lo m\u00e1s profundo de su ser. Luch\u00f3 junto a otras criaturas de la noche, desatando una venganza tan feroz como in\u00fatil. La muerte de los suyos no se alivi\u00f3 con m\u00e1s muerte, y Kuyen se encontr\u00f3 atrapada en un ciclo de violencia y desesperaci\u00f3n.<\/p>\n\n\n\n<p class=\"wp-block-paragraph\">Desilusionada pero no derrotada, Kuyen vag\u00f3 por las ciudades del sur, explorando las complejidades de la Camarilla y encontr\u00e1ndolas insuficientes, incluso repugnantes. Su esp\u00edritu rebelde la llev\u00f3 a Valpara\u00edso en 1891, donde se uni\u00f3 a los anarquistas en una lucha que se extender\u00eda por d\u00e9cadas. Resisti\u00f3 contra el Sabbat en la dictadura de 1973 y contra la Camarilla en los a\u00f1os de transici\u00f3n democr\u00e1tica. Aunque se uni\u00f3 a Elysa Starek en la toma de Santiago en 2019, las diferencias ideol\u00f3gicas entre ambas se convirtieron en un abismo insalvable. Ahora, en una relaci\u00f3n tensa con Elysa, Kuyen sigue buscando su propio camino en un mundo que raramente se ajusta a sus ideales.<\/p>","protected":false},"author":9,"featured_media":2579,"template":"","tags":[100,99],"faccion":[97,102,53],"class_list":["post-2578","pnj","type-pnj","status-publish","has-post-thumbnail","hentry","tag-anarquistas","tag-vampiro-la-mascarada","faccion-anarquistas","faccion-gangrel","faccion-vampiro-la-mascarada"],"acf":{"fecha":"Abrazada 1820 \/ Nacida 1795","estatus":"Activo","ficha_del_personaje":"","aspecto":"Kuyen se ve como una persona muy delgada y p\u00e1lida, con una sonrisa c\u00f3mplice. Vestida con una chaqueta con la bandera mapuche en la espalda y siempre acompa\u00f1ada con un perro negro grande, con una bandana de collar.","interpretacion":"Kuyen oscila entre el extremismo y la conciliaci\u00f3n. En ocasiones se muestra agresiva pero inmediatamente intenta conciliar. Su historia de cierta forma la atormenta, entre sus a\u00f1os de violencia y sus a\u00f1os de conciliaci\u00f3n. Se muestra muy agradable con todos, pero su m\u00e1xima es poder unir a todos bajo la misma bandera de la liberaci\u00f3n.","informacion_privada":"","mapa_de_kumu_u_otro_embed":null},"yoast_head":"<!-- This site is optimized with the Yoast SEO plugin v28.4 - https:\/\/yoast.com\/product\/yoast-seo-wordpress\/ -->\n<title>Kuy\u00e9n - Chile en Tinieblas<\/title>\n<meta name=\"robots\" content=\"index, follow, max-snippet:-1, max-image-preview:large, max-video-preview:-1\" \/>\n<link rel=\"canonical\" href=\"https:\/\/chileentinieblas.cl\/en\/pnj\/kuyen\/\" \/>\n<meta property=\"og:locale\" content=\"en_US\" \/>\n<meta property=\"og:type\" content=\"article\" \/>\n<meta property=\"og:title\" content=\"Kuy\u00e9n - Chile en Tinieblas\" \/>\n<meta property=\"og:description\" content=\"Baronesa Barrio Bellavista, Independencia, Estaci\u00f3n central, Pedro Aguirre Cerda y Cerrillos Vida mortal En los oscuros recovecos de la historia, donde la memoria humana se desvanece y los registros se pierden, yace el enigma de la vida mortal de Kuyen. Se sabe que habitaba en un pueblo escondido en los bosques del sur de Chile, [&hellip;]\" \/>\n<meta property=\"og:url\" content=\"https:\/\/chileentinieblas.cl\/en\/pnj\/kuyen\/\" \/>\n<meta property=\"og:site_name\" content=\"Chile en Tinieblas\" \/>\n<meta property=\"article:publisher\" content=\"https:\/\/www.facebook.com\/ChileenTinieblas\" \/>\n<meta property=\"article:modified_time\" content=\"2024-07-27T03:56:16+00:00\" \/>\n<meta property=\"og:image\" content=\"https:\/\/chileentinieblas.cl\/wp-content\/uploads\/2022\/06\/Kuyen.jpg\" \/>\n\t<meta property=\"og:image:width\" content=\"560\" \/>\n\t<meta property=\"og:image:height\" content=\"560\" \/>\n\t<meta property=\"og:image:type\" content=\"image\/jpeg\" \/>\n<meta name=\"twitter:card\" content=\"summary_large_image\" \/>\n<meta name=\"twitter:label1\" content=\"Est. reading time\" \/>\n\t<meta name=\"twitter:data1\" content=\"2 minutes\" \/>\n<script type=\"application\/ld+json\" class=\"yoast-schema-graph\">{\"@context\":\"https:\\\/\\\/schema.org\",\"@graph\":[{\"@type\":\"WebPage\",\"@id\":\"https:\\\/\\\/chileentinieblas.cl\\\/pnj\\\/kuyen\\\/\",\"url\":\"https:\\\/\\\/chileentinieblas.cl\\\/pnj\\\/kuyen\\\/\",\"name\":\"Kuy\u00e9n - Chile en Tinieblas\",\"isPartOf\":{\"@id\":\"https:\\\/\\\/chileentinieblas.cl\\\/#website\"},\"primaryImageOfPage\":{\"@id\":\"https:\\\/\\\/chileentinieblas.cl\\\/pnj\\\/kuyen\\\/#primaryimage\"},\"image\":{\"@id\":\"https:\\\/\\\/chileentinieblas.cl\\\/pnj\\\/kuyen\\\/#primaryimage\"},\"thumbnailUrl\":\"https:\\\/\\\/chileentinieblas.cl\\\/wp-content\\\/uploads\\\/2022\\\/06\\\/Kuyen.jpg\",\"datePublished\":\"2022-06-05T01:22:12+00:00\",\"dateModified\":\"2024-07-27T03:56:16+00:00\",\"breadcrumb\":{\"@id\":\"https:\\\/\\\/chileentinieblas.cl\\\/pnj\\\/kuyen\\\/#breadcrumb\"},\"inLanguage\":\"en-US\",\"potentialAction\":[{\"@type\":\"ReadAction\",\"target\":[\"https:\\\/\\\/chileentinieblas.cl\\\/pnj\\\/kuyen\\\/\"]}]},{\"@type\":\"ImageObject\",\"inLanguage\":\"en-US\",\"@id\":\"https:\\\/\\\/chileentinieblas.cl\\\/pnj\\\/kuyen\\\/#primaryimage\",\"url\":\"https:\\\/\\\/chileentinieblas.cl\\\/wp-content\\\/uploads\\\/2022\\\/06\\\/Kuyen.jpg\",\"contentUrl\":\"https:\\\/\\\/chileentinieblas.cl\\\/wp-content\\\/uploads\\\/2022\\\/06\\\/Kuyen.jpg\",\"width\":560,\"height\":560},{\"@type\":\"BreadcrumbList\",\"@id\":\"https:\\\/\\\/chileentinieblas.cl\\\/pnj\\\/kuyen\\\/#breadcrumb\",\"itemListElement\":[{\"@type\":\"ListItem\",\"position\":1,\"name\":\"Portada\",\"item\":\"https:\\\/\\\/chileentinieblas.cl\\\/\"},{\"@type\":\"ListItem\",\"position\":2,\"name\":\"PNJs\",\"item\":\"https:\\\/\\\/chileentinieblas.cl\\\/pnj\\\/\"},{\"@type\":\"ListItem\",\"position\":3,\"name\":\"Kuy\u00e9n\"}]},{\"@type\":\"WebSite\",\"@id\":\"https:\\\/\\\/chileentinieblas.cl\\\/#website\",\"url\":\"https:\\\/\\\/chileentinieblas.cl\\\/\",\"name\":\"Chile en Tinieblas\",\"description\":\"Un servidor con mesas de rol de Mundo de Tinieblas\",\"publisher\":{\"@id\":\"https:\\\/\\\/chileentinieblas.cl\\\/#organization\"},\"potentialAction\":[{\"@type\":\"SearchAction\",\"target\":{\"@type\":\"EntryPoint\",\"urlTemplate\":\"https:\\\/\\\/chileentinieblas.cl\\\/?s={search_term_string}\"},\"query-input\":{\"@type\":\"PropertyValueSpecification\",\"valueRequired\":true,\"valueName\":\"search_term_string\"}}],\"inLanguage\":\"en-US\"},{\"@type\":\"Organization\",\"@id\":\"https:\\\/\\\/chileentinieblas.cl\\\/#organization\",\"name\":\"Chile en Tinieblas\",\"url\":\"https:\\\/\\\/chileentinieblas.cl\\\/\",\"logo\":{\"@type\":\"ImageObject\",\"inLanguage\":\"en-US\",\"@id\":\"https:\\\/\\\/chileentinieblas.cl\\\/#\\\/schema\\\/logo\\\/image\\\/\",\"url\":\"https:\\\/\\\/chileentinieblas.cl\\\/wp-content\\\/uploads\\\/2021\\\/12\\\/logo-cet-claro.png\",\"contentUrl\":\"https:\\\/\\\/chileentinieblas.cl\\\/wp-content\\\/uploads\\\/2021\\\/12\\\/logo-cet-claro.png\",\"width\":1001,\"height\":1030,\"caption\":\"Chile en Tinieblas\"},\"image\":{\"@id\":\"https:\\\/\\\/chileentinieblas.cl\\\/#\\\/schema\\\/logo\\\/image\\\/\"},\"sameAs\":[\"https:\\\/\\\/www.facebook.com\\\/ChileenTinieblas\",\"https:\\\/\\\/www.instagram.com\\\/chileentinieblas\\\/\",\"https:\\\/\\\/www.youtube.com\\\/@chileentinieblas\",\"https:\\\/\\\/www.tiktok.com\\\/@chileentinieblas\"]}]}<\/script>\n<!-- \/ Yoast SEO plugin. -->","yoast_head_json":{"title":"Kuy\u00e9n - Chile en Tinieblas","robots":{"index":"index","follow":"follow","max-snippet":"max-snippet:-1","max-image-preview":"max-image-preview:large","max-video-preview":"max-video-preview:-1"},"canonical":"https:\/\/chileentinieblas.cl\/en\/pnj\/kuyen\/","og_locale":"en_US","og_type":"article","og_title":"Kuy\u00e9n - Chile en Tinieblas","og_description":"Baronesa Barrio Bellavista, Independencia, Estaci\u00f3n central, Pedro Aguirre Cerda y Cerrillos Vida mortal En los oscuros recovecos de la historia, donde la memoria humana se desvanece y los registros se pierden, yace el enigma de la vida mortal de Kuyen. Se sabe que habitaba en un pueblo escondido en los bosques del sur de Chile, [&hellip;]","og_url":"https:\/\/chileentinieblas.cl\/en\/pnj\/kuyen\/","og_site_name":"Chile en Tinieblas","article_publisher":"https:\/\/www.facebook.com\/ChileenTinieblas","article_modified_time":"2024-07-27T03:56:16+00:00","og_image":[{"width":560,"height":560,"url":"https:\/\/chileentinieblas.cl\/wp-content\/uploads\/2022\/06\/Kuyen.jpg","type":"image\/jpeg"}],"twitter_card":"summary_large_image","twitter_misc":{"Est. reading time":"2 minutes"},"schema":{"@context":"https:\/\/schema.org","@graph":[{"@type":"WebPage","@id":"https:\/\/chileentinieblas.cl\/pnj\/kuyen\/","url":"https:\/\/chileentinieblas.cl\/pnj\/kuyen\/","name":"Kuy\u00e9n - Chile en Tinieblas","isPartOf":{"@id":"https:\/\/chileentinieblas.cl\/#website"},"primaryImageOfPage":{"@id":"https:\/\/chileentinieblas.cl\/pnj\/kuyen\/#primaryimage"},"image":{"@id":"https:\/\/chileentinieblas.cl\/pnj\/kuyen\/#primaryimage"},"thumbnailUrl":"https:\/\/chileentinieblas.cl\/wp-content\/uploads\/2022\/06\/Kuyen.jpg","datePublished":"2022-06-05T01:22:12+00:00","dateModified":"2024-07-27T03:56:16+00:00","breadcrumb":{"@id":"https:\/\/chileentinieblas.cl\/pnj\/kuyen\/#breadcrumb"},"inLanguage":"en-US","potentialAction":[{"@type":"ReadAction","target":["https:\/\/chileentinieblas.cl\/pnj\/kuyen\/"]}]},{"@type":"ImageObject","inLanguage":"en-US","@id":"https:\/\/chileentinieblas.cl\/pnj\/kuyen\/#primaryimage","url":"https:\/\/chileentinieblas.cl\/wp-content\/uploads\/2022\/06\/Kuyen.jpg","contentUrl":"https:\/\/chileentinieblas.cl\/wp-content\/uploads\/2022\/06\/Kuyen.jpg","width":560,"height":560},{"@type":"BreadcrumbList","@id":"https:\/\/chileentinieblas.cl\/pnj\/kuyen\/#breadcrumb","itemListElement":[{"@type":"ListItem","position":1,"name":"Portada","item":"https:\/\/chileentinieblas.cl\/"},{"@type":"ListItem","position":2,"name":"PNJs","item":"https:\/\/chileentinieblas.cl\/pnj\/"},{"@type":"ListItem","position":3,"name":"Kuy\u00e9n"}]},{"@type":"WebSite","@id":"https:\/\/chileentinieblas.cl\/#website","url":"https:\/\/chileentinieblas.cl\/","name":"Chile en Tinieblas","description":"Un servidor con mesas de rol de Mundo de Tinieblas","publisher":{"@id":"https:\/\/chileentinieblas.cl\/#organization"},"potentialAction":[{"@type":"SearchAction","target":{"@type":"EntryPoint","urlTemplate":"https:\/\/chileentinieblas.cl\/?s={search_term_string}"},"query-input":{"@type":"PropertyValueSpecification","valueRequired":true,"valueName":"search_term_string"}}],"inLanguage":"en-US"},{"@type":"Organization","@id":"https:\/\/chileentinieblas.cl\/#organization","name":"Chile en Tinieblas","url":"https:\/\/chileentinieblas.cl\/","logo":{"@type":"ImageObject","inLanguage":"en-US","@id":"https:\/\/chileentinieblas.cl\/#\/schema\/logo\/image\/","url":"https:\/\/chileentinieblas.cl\/wp-content\/uploads\/2021\/12\/logo-cet-claro.png","contentUrl":"https:\/\/chileentinieblas.cl\/wp-content\/uploads\/2021\/12\/logo-cet-claro.png","width":1001,"height":1030,"caption":"Chile en Tinieblas"},"image":{"@id":"https:\/\/chileentinieblas.cl\/#\/schema\/logo\/image\/"},"sameAs":["https:\/\/www.facebook.com\/ChileenTinieblas","https:\/\/www.instagram.com\/chileentinieblas\/","https:\/\/www.youtube.com\/@chileentinieblas","https:\/\/www.tiktok.com\/@chileentinieblas"]}]}},"jetpack_sharing_enabled":true,"_links":{"self":[{"href":"https:\/\/chileentinieblas.cl\/en\/wp-json\/wp\/v2\/pnj\/2578","targetHints":{"allow":["GET"]}}],"collection":[{"href":"https:\/\/chileentinieblas.cl\/en\/wp-json\/wp\/v2\/pnj"}],"about":[{"href":"https:\/\/chileentinieblas.cl\/en\/wp-json\/wp\/v2\/types\/pnj"}],"author":[{"embeddable":true,"href":"https:\/\/chileentinieblas.cl\/en\/wp-json\/wp\/v2\/users\/9"}],"wp:featuredmedia":[{"embeddable":true,"href":"https:\/\/chileentinieblas.cl\/en\/wp-json\/wp\/v2\/media\/2579"}],"wp:attachment":[{"href":"https:\/\/chileentinieblas.cl\/en\/wp-json\/wp\/v2\/media?parent=2578"}],"wp:term":[{"taxonomy":"post_tag","embeddable":true,"href":"https:\/\/chileentinieblas.cl\/en\/wp-json\/wp\/v2\/tags?post=2578"},{"taxonomy":"faccion","embeddable":true,"href":"https:\/\/chileentinieblas.cl\/en\/wp-json\/wp\/v2\/faccion?post=2578"}],"curies":[{"name":"wp","href":"https:\/\/api.w.org\/{rel}","templated":true}]}}