{"id":2575,"date":"2022-06-05T01:12:34","date_gmt":"2022-06-05T01:12:34","guid":{"rendered":"https:\/\/chileentinieblas.cl\/?post_type=pnj&#038;p=2575"},"modified":"2024-07-31T00:29:30","modified_gmt":"2024-07-31T00:29:30","slug":"elysa-starek","status":"publish","type":"pnj","link":"https:\/\/chileentinieblas.cl\/en\/pnj\/elysa-starek\/","title":{"rendered":"Elysa Starek"},"content":{"rendered":"<h2 class=\"wp-block-heading\">Baronesa de Santiago Centro<\/h2>\n\n\n\n<h2 class=\"wp-block-heading\">Vida mortal<\/h2>\n\n\n\n<p class=\"wp-block-paragraph\">Elysa Starek, nacida como Elisia Mart\u00ednez en 1832 en el norte de Chile, vivi\u00f3 una vida marcada por la pobreza y la explotaci\u00f3n en las salitreras de la \u00e9poca. Durante esos a\u00f1os, Chile experimentaba una econom\u00eda en auge gracias a la explotaci\u00f3n del salitre, pero a costa del sufrimiento de trabajadores como Elisia. Abusada desde temprana edad por los patrones de las salitreras, su vida cambi\u00f3 dr\u00e1sticamente a los 24 a\u00f1os cuando mat\u00f3 a uno de sus explotadores. Capturada y condenada a muerte, su destino tom\u00f3 un giro inesperado cuando fue rescatada de la prisi\u00f3n, justo antes de su fusilamiento, por una vampira llamada Clarice Starek.<\/p>\n\n\n\n<h2 class=\"wp-block-heading\">Vida Inmortal<\/h2>\n\n\n\n<p class=\"wp-block-paragraph\">Bajo la tutela de Clarice, Elysa pas\u00f3 varios a\u00f1os entrenando y liberando a distintos grupos de trabajadores de las salitreras. Su sed de justicia la llev\u00f3 a luchar contra el ej\u00e9rcito de Chile en la Guerra del Pac\u00edfico. Sin embargo, con el tiempo se dio cuenta de que Clarice, su sire, segu\u00eda siendo una marioneta de intereses multinacionales. Desilusionada, su relaci\u00f3n con la Camarilla se volvi\u00f3 tensa cuando se mud\u00f3 a Santiago en 1900. Aunque en muchas ocasiones simpatiz\u00f3 con la ideolog\u00eda Sabbat, nunca se uni\u00f3 completamente a ellos.<\/p>\n\n\n\n<p class=\"wp-block-paragraph\">Despu\u00e9s del pr\u00f3domo de 1973, Elysa dej\u00f3 Chile y pas\u00f3 varios a\u00f1os bajo la tutela de otra vampira, tambi\u00e9n llamada Elysa Starek. Durante este tiempo, se nutri\u00f3 de ideales anarquistas que moldear\u00edan su futuro. Al regresar a Chile en 1996, particip\u00f3 activamente en las revueltas anarquistas en Valpara\u00edso. Su papel en la toma de Santiago en 2018 la catapult\u00f3 como una figura clave en el movimiento anarquista durante el estallido social, lo que finalmente llev\u00f3 a la derrota de la Camarilla.<\/p>\n\n\n\n<p class=\"wp-block-paragraph\">Tras su victoria, Elysa se convirti\u00f3 en la Baronesa de Santiago Centro, gan\u00e1ndose una reputaci\u00f3n como la m\u00e1s importante y violenta de las baronesas. Su liderazgo no solo se basa en la fuerza, sino tambi\u00e9n en su profundo compromiso con los ideales anarquistas que adopt\u00f3 durante su tiempo fuera del pa\u00eds. Ahora, como una figura dominante en la pol\u00edtica vamp\u00edrica de la regi\u00f3n, Elysa busca expandir su influencia y continuar su lucha por la justicia y la igualdad, tanto para los mortales como para su propia especie.<\/p>","protected":false},"author":23,"featured_media":5531,"template":"","tags":[100,99],"faccion":[97,53,90],"class_list":["post-2575","pnj","type-pnj","status-publish","has-post-thumbnail","hentry","tag-anarquistas","tag-vampiro-la-mascarada","faccion-anarquistas","faccion-vampiro-la-mascarada","faccion-ventrue"],"acf":{"fecha":"Abrazada 1856 \/ Nacida 1832","estatus":"Activo","ficha_del_personaje":"","aspecto":"Elysa siempre esta vestida con ropas que representan contracultura, cambiando en funci\u00f3n de los tiempos. Su pelo de color rubio, la a estigmatizado entre anarquistas m\u00e1s tradicionalistas, pero lo lleva con orgullo ti\u00f1iendose de rojo algunas puntas cada cierto tiempo. Mide alrededor de 160 cm","interpretacion":"Elysa es de trato duro y muy apasionada. Agresiva contra todos los que estan en su contra y muy autoritaria, lo cual la ha confundido con la camarilla, pero nadie que haya dicho eso sigue vivo. Su extremismo es admirado por algunes y detestado por otres","informacion_privada":"","mapa_de_kumu_u_otro_embed":null},"yoast_head":"<!-- This site is optimized with the Yoast SEO plugin v28.4 - https:\/\/yoast.com\/product\/yoast-seo-wordpress\/ -->\n<title>Elysa Starek - Chile en Tinieblas<\/title>\n<meta name=\"robots\" content=\"index, follow, max-snippet:-1, max-image-preview:large, max-video-preview:-1\" \/>\n<link rel=\"canonical\" href=\"https:\/\/chileentinieblas.cl\/en\/pnj\/elysa-starek\/\" \/>\n<meta property=\"og:locale\" content=\"en_US\" \/>\n<meta property=\"og:type\" content=\"article\" \/>\n<meta property=\"og:title\" content=\"Elysa Starek - Chile en Tinieblas\" \/>\n<meta property=\"og:description\" content=\"Baronesa de Santiago Centro Vida mortal Elysa Starek, nacida como Elisia Mart\u00ednez en 1832 en el norte de Chile, vivi\u00f3 una vida marcada por la pobreza y la explotaci\u00f3n en las salitreras de la \u00e9poca. Durante esos a\u00f1os, Chile experimentaba una econom\u00eda en auge gracias a la explotaci\u00f3n del salitre, pero a costa del sufrimiento [&hellip;]\" \/>\n<meta property=\"og:url\" content=\"https:\/\/chileentinieblas.cl\/en\/pnj\/elysa-starek\/\" \/>\n<meta property=\"og:site_name\" content=\"Chile en Tinieblas\" \/>\n<meta property=\"article:publisher\" content=\"https:\/\/www.facebook.com\/ChileenTinieblas\" \/>\n<meta property=\"article:modified_time\" content=\"2024-07-31T00:29:30+00:00\" \/>\n<meta property=\"og:image\" content=\"https:\/\/chileentinieblas.cl\/wp-content\/uploads\/2022\/06\/Imagen-de-WhatsApp-2024-07-30-a-las-18.44.29_11e35656.jpg\" \/>\n\t<meta property=\"og:image:width\" content=\"928\" \/>\n\t<meta property=\"og:image:height\" content=\"1232\" \/>\n\t<meta property=\"og:image:type\" content=\"image\/jpeg\" \/>\n<meta name=\"twitter:card\" content=\"summary_large_image\" \/>\n<meta name=\"twitter:label1\" content=\"Est. reading time\" \/>\n\t<meta name=\"twitter:data1\" content=\"2 minutes\" \/>\n<script type=\"application\/ld+json\" class=\"yoast-schema-graph\">{\"@context\":\"https:\\\/\\\/schema.org\",\"@graph\":[{\"@type\":\"WebPage\",\"@id\":\"https:\\\/\\\/chileentinieblas.cl\\\/pnj\\\/elysa-starek\\\/\",\"url\":\"https:\\\/\\\/chileentinieblas.cl\\\/pnj\\\/elysa-starek\\\/\",\"name\":\"Elysa Starek - Chile en Tinieblas\",\"isPartOf\":{\"@id\":\"https:\\\/\\\/chileentinieblas.cl\\\/#website\"},\"primaryImageOfPage\":{\"@id\":\"https:\\\/\\\/chileentinieblas.cl\\\/pnj\\\/elysa-starek\\\/#primaryimage\"},\"image\":{\"@id\":\"https:\\\/\\\/chileentinieblas.cl\\\/pnj\\\/elysa-starek\\\/#primaryimage\"},\"thumbnailUrl\":\"https:\\\/\\\/chileentinieblas.cl\\\/wp-content\\\/uploads\\\/2022\\\/06\\\/Imagen-de-WhatsApp-2024-07-30-a-las-18.44.29_11e35656.jpg\",\"datePublished\":\"2022-06-05T01:12:34+00:00\",\"dateModified\":\"2024-07-31T00:29:30+00:00\",\"breadcrumb\":{\"@id\":\"https:\\\/\\\/chileentinieblas.cl\\\/pnj\\\/elysa-starek\\\/#breadcrumb\"},\"inLanguage\":\"en-US\",\"potentialAction\":[{\"@type\":\"ReadAction\",\"target\":[\"https:\\\/\\\/chileentinieblas.cl\\\/pnj\\\/elysa-starek\\\/\"]}]},{\"@type\":\"ImageObject\",\"inLanguage\":\"en-US\",\"@id\":\"https:\\\/\\\/chileentinieblas.cl\\\/pnj\\\/elysa-starek\\\/#primaryimage\",\"url\":\"https:\\\/\\\/chileentinieblas.cl\\\/wp-content\\\/uploads\\\/2022\\\/06\\\/Imagen-de-WhatsApp-2024-07-30-a-las-18.44.29_11e35656.jpg\",\"contentUrl\":\"https:\\\/\\\/chileentinieblas.cl\\\/wp-content\\\/uploads\\\/2022\\\/06\\\/Imagen-de-WhatsApp-2024-07-30-a-las-18.44.29_11e35656.jpg\",\"width\":928,\"height\":1232},{\"@type\":\"BreadcrumbList\",\"@id\":\"https:\\\/\\\/chileentinieblas.cl\\\/pnj\\\/elysa-starek\\\/#breadcrumb\",\"itemListElement\":[{\"@type\":\"ListItem\",\"position\":1,\"name\":\"Portada\",\"item\":\"https:\\\/\\\/chileentinieblas.cl\\\/\"},{\"@type\":\"ListItem\",\"position\":2,\"name\":\"PNJs\",\"item\":\"https:\\\/\\\/chileentinieblas.cl\\\/pnj\\\/\"},{\"@type\":\"ListItem\",\"position\":3,\"name\":\"Elysa Starek\"}]},{\"@type\":\"WebSite\",\"@id\":\"https:\\\/\\\/chileentinieblas.cl\\\/#website\",\"url\":\"https:\\\/\\\/chileentinieblas.cl\\\/\",\"name\":\"Chile en Tinieblas\",\"description\":\"Un servidor con mesas de rol de Mundo de Tinieblas\",\"publisher\":{\"@id\":\"https:\\\/\\\/chileentinieblas.cl\\\/#organization\"},\"potentialAction\":[{\"@type\":\"SearchAction\",\"target\":{\"@type\":\"EntryPoint\",\"urlTemplate\":\"https:\\\/\\\/chileentinieblas.cl\\\/?s={search_term_string}\"},\"query-input\":{\"@type\":\"PropertyValueSpecification\",\"valueRequired\":true,\"valueName\":\"search_term_string\"}}],\"inLanguage\":\"en-US\"},{\"@type\":\"Organization\",\"@id\":\"https:\\\/\\\/chileentinieblas.cl\\\/#organization\",\"name\":\"Chile en Tinieblas\",\"url\":\"https:\\\/\\\/chileentinieblas.cl\\\/\",\"logo\":{\"@type\":\"ImageObject\",\"inLanguage\":\"en-US\",\"@id\":\"https:\\\/\\\/chileentinieblas.cl\\\/#\\\/schema\\\/logo\\\/image\\\/\",\"url\":\"https:\\\/\\\/chileentinieblas.cl\\\/wp-content\\\/uploads\\\/2021\\\/12\\\/logo-cet-claro.png\",\"contentUrl\":\"https:\\\/\\\/chileentinieblas.cl\\\/wp-content\\\/uploads\\\/2021\\\/12\\\/logo-cet-claro.png\",\"width\":1001,\"height\":1030,\"caption\":\"Chile en Tinieblas\"},\"image\":{\"@id\":\"https:\\\/\\\/chileentinieblas.cl\\\/#\\\/schema\\\/logo\\\/image\\\/\"},\"sameAs\":[\"https:\\\/\\\/www.facebook.com\\\/ChileenTinieblas\",\"https:\\\/\\\/www.instagram.com\\\/chileentinieblas\\\/\",\"https:\\\/\\\/www.youtube.com\\\/@chileentinieblas\",\"https:\\\/\\\/www.tiktok.com\\\/@chileentinieblas\"]}]}<\/script>\n<!-- \/ Yoast SEO plugin. -->","yoast_head_json":{"title":"Elysa Starek - Chile en Tinieblas","robots":{"index":"index","follow":"follow","max-snippet":"max-snippet:-1","max-image-preview":"max-image-preview:large","max-video-preview":"max-video-preview:-1"},"canonical":"https:\/\/chileentinieblas.cl\/en\/pnj\/elysa-starek\/","og_locale":"en_US","og_type":"article","og_title":"Elysa Starek - Chile en Tinieblas","og_description":"Baronesa de Santiago Centro Vida mortal Elysa Starek, nacida como Elisia Mart\u00ednez en 1832 en el norte de Chile, vivi\u00f3 una vida marcada por la pobreza y la explotaci\u00f3n en las salitreras de la \u00e9poca. Durante esos a\u00f1os, Chile experimentaba una econom\u00eda en auge gracias a la explotaci\u00f3n del salitre, pero a costa del sufrimiento [&hellip;]","og_url":"https:\/\/chileentinieblas.cl\/en\/pnj\/elysa-starek\/","og_site_name":"Chile en Tinieblas","article_publisher":"https:\/\/www.facebook.com\/ChileenTinieblas","article_modified_time":"2024-07-31T00:29:30+00:00","og_image":[{"width":928,"height":1232,"url":"https:\/\/chileentinieblas.cl\/wp-content\/uploads\/2022\/06\/Imagen-de-WhatsApp-2024-07-30-a-las-18.44.29_11e35656.jpg","type":"image\/jpeg"}],"twitter_card":"summary_large_image","twitter_misc":{"Est. reading time":"2 minutes"},"schema":{"@context":"https:\/\/schema.org","@graph":[{"@type":"WebPage","@id":"https:\/\/chileentinieblas.cl\/pnj\/elysa-starek\/","url":"https:\/\/chileentinieblas.cl\/pnj\/elysa-starek\/","name":"Elysa Starek - Chile en Tinieblas","isPartOf":{"@id":"https:\/\/chileentinieblas.cl\/#website"},"primaryImageOfPage":{"@id":"https:\/\/chileentinieblas.cl\/pnj\/elysa-starek\/#primaryimage"},"image":{"@id":"https:\/\/chileentinieblas.cl\/pnj\/elysa-starek\/#primaryimage"},"thumbnailUrl":"https:\/\/chileentinieblas.cl\/wp-content\/uploads\/2022\/06\/Imagen-de-WhatsApp-2024-07-30-a-las-18.44.29_11e35656.jpg","datePublished":"2022-06-05T01:12:34+00:00","dateModified":"2024-07-31T00:29:30+00:00","breadcrumb":{"@id":"https:\/\/chileentinieblas.cl\/pnj\/elysa-starek\/#breadcrumb"},"inLanguage":"en-US","potentialAction":[{"@type":"ReadAction","target":["https:\/\/chileentinieblas.cl\/pnj\/elysa-starek\/"]}]},{"@type":"ImageObject","inLanguage":"en-US","@id":"https:\/\/chileentinieblas.cl\/pnj\/elysa-starek\/#primaryimage","url":"https:\/\/chileentinieblas.cl\/wp-content\/uploads\/2022\/06\/Imagen-de-WhatsApp-2024-07-30-a-las-18.44.29_11e35656.jpg","contentUrl":"https:\/\/chileentinieblas.cl\/wp-content\/uploads\/2022\/06\/Imagen-de-WhatsApp-2024-07-30-a-las-18.44.29_11e35656.jpg","width":928,"height":1232},{"@type":"BreadcrumbList","@id":"https:\/\/chileentinieblas.cl\/pnj\/elysa-starek\/#breadcrumb","itemListElement":[{"@type":"ListItem","position":1,"name":"Portada","item":"https:\/\/chileentinieblas.cl\/"},{"@type":"ListItem","position":2,"name":"PNJs","item":"https:\/\/chileentinieblas.cl\/pnj\/"},{"@type":"ListItem","position":3,"name":"Elysa Starek"}]},{"@type":"WebSite","@id":"https:\/\/chileentinieblas.cl\/#website","url":"https:\/\/chileentinieblas.cl\/","name":"Chile en Tinieblas","description":"Un servidor con mesas de rol de Mundo de Tinieblas","publisher":{"@id":"https:\/\/chileentinieblas.cl\/#organization"},"potentialAction":[{"@type":"SearchAction","target":{"@type":"EntryPoint","urlTemplate":"https:\/\/chileentinieblas.cl\/?s={search_term_string}"},"query-input":{"@type":"PropertyValueSpecification","valueRequired":true,"valueName":"search_term_string"}}],"inLanguage":"en-US"},{"@type":"Organization","@id":"https:\/\/chileentinieblas.cl\/#organization","name":"Chile en Tinieblas","url":"https:\/\/chileentinieblas.cl\/","logo":{"@type":"ImageObject","inLanguage":"en-US","@id":"https:\/\/chileentinieblas.cl\/#\/schema\/logo\/image\/","url":"https:\/\/chileentinieblas.cl\/wp-content\/uploads\/2021\/12\/logo-cet-claro.png","contentUrl":"https:\/\/chileentinieblas.cl\/wp-content\/uploads\/2021\/12\/logo-cet-claro.png","width":1001,"height":1030,"caption":"Chile en Tinieblas"},"image":{"@id":"https:\/\/chileentinieblas.cl\/#\/schema\/logo\/image\/"},"sameAs":["https:\/\/www.facebook.com\/ChileenTinieblas","https:\/\/www.instagram.com\/chileentinieblas\/","https:\/\/www.youtube.com\/@chileentinieblas","https:\/\/www.tiktok.com\/@chileentinieblas"]}]}},"jetpack_sharing_enabled":true,"_links":{"self":[{"href":"https:\/\/chileentinieblas.cl\/en\/wp-json\/wp\/v2\/pnj\/2575","targetHints":{"allow":["GET"]}}],"collection":[{"href":"https:\/\/chileentinieblas.cl\/en\/wp-json\/wp\/v2\/pnj"}],"about":[{"href":"https:\/\/chileentinieblas.cl\/en\/wp-json\/wp\/v2\/types\/pnj"}],"author":[{"embeddable":true,"href":"https:\/\/chileentinieblas.cl\/en\/wp-json\/wp\/v2\/users\/23"}],"wp:featuredmedia":[{"embeddable":true,"href":"https:\/\/chileentinieblas.cl\/en\/wp-json\/wp\/v2\/media\/5531"}],"wp:attachment":[{"href":"https:\/\/chileentinieblas.cl\/en\/wp-json\/wp\/v2\/media?parent=2575"}],"wp:term":[{"taxonomy":"post_tag","embeddable":true,"href":"https:\/\/chileentinieblas.cl\/en\/wp-json\/wp\/v2\/tags?post=2575"},{"taxonomy":"faccion","embeddable":true,"href":"https:\/\/chileentinieblas.cl\/en\/wp-json\/wp\/v2\/faccion?post=2575"}],"curies":[{"name":"wp","href":"https:\/\/api.w.org\/{rel}","templated":true}]}}