{"id":2569,"date":"2022-06-05T01:04:20","date_gmt":"2022-06-05T01:04:20","guid":{"rendered":"https:\/\/chileentinieblas.cl\/?post_type=pnj&#038;p=2569"},"modified":"2026-06-11T04:50:47","modified_gmt":"2026-06-11T04:50:47","slug":"javiera-pereira","status":"publish","type":"pnj","link":"https:\/\/chileentinieblas.cl\/en\/pnj\/javiera-pereira\/","title":{"rendered":"Javiera Pereira"},"content":{"rendered":"<p class=\"wp-block-paragraph\">Guardiana de Estaci\u00f3n central, Pedro Aguirre Cerda y Cerrillos<\/p>\n\n\n\n<h2 class=\"wp-block-heading\">Vida Mortal<\/h2>\n\n\n<p>Javiera Pereira naci\u00f3 en una cuna acomodada y cat\u00f3lica en los sectores de Providencia de la regi\u00f3n metropolitana. Al momento del golpe de estado, Javiera era muy peque\u00f1a para entender lo que suced\u00eda, sin embargo, el ambiente pol\u00edtico de represi\u00f3n ser\u00eda una expresi\u00f3n m\u00e1s en la historia de su vida. La historia de rebeld\u00eda de Javiera comienza en su adolescencia. Los toques de queda restring\u00edan el movimiento y los deseos de descubrir lo que hab\u00eda mas all\u00e1 solo se incentivaban. Su historia con la iglesia cat\u00f3lica se fue destruyendo a medida que iba leyendo filosof\u00eda y generando la idea que, la construcci\u00f3n de la instituci\u00f3n religiosa era altamente machista y ficticia.<\/p>\n<p><!-- \/wp:post-content --><!-- wp:paragraph --><\/p>\n<p>Pronto, comenz\u00f3 a escaparse de su casa para poder festejar con sus amigos, hasta que, en una de las celebraciones, fueron emboscados por carabineros y detenidos. Su apellido (desconocido hasta ahora) la salvo de quedarse y solo fue devuelta a su casa, pero dos de sus amigos no tuvieron tanta suerte. Sea<br \/>real o no, pero afiliaciones con movimientos extremistas, les costaron su desaparici\u00f3n. Javiera nunca m\u00e1s los vio. Esto lleno de angustia y agon\u00eda su coraz\u00f3n e intensifico su participaci\u00f3n en contra de la dictadura.<\/p>\n<p>Participo en las primeras protestas y se convirti\u00f3 en una mujer importante en las campa\u00f1as por el \u201cNO\u201d a los 17 a\u00f1os, convocando m\u00e1s personas a la causa. Cada d\u00eda que pasaba, m\u00e1s se alejaba de su familia hasta que un d\u00eda, solo no volvi\u00f3 m\u00e1s a casa.<\/p>\n<p>En 1988, en las celebraciones, uno de los gestores de la campa\u00f1a por el &#8220;NO&#8221;, se le acerco con una propuesta, una que la llevar\u00eda a llevar su pasi\u00f3n a nuevos niveles.<\/p>\n<p><!-- \/wp:paragraph --><\/p>\n<p><!-- wp:heading --><\/p>\n<h2>Vida Inmortal<\/h2>\n<p><!-- \/wp:heading --><\/p>\n<p><!-- wp:paragraph --><\/p>\n<p><!-- \/wp:paragraph --><\/p>\n<p><!-- wp:paragraph --><\/p>\n<p>Su abrazo fue t\u00e1n r\u00e1pido como su furia pol\u00edtica. Acompa\u00f1o a su sire a esta nueva forma de ver la sociedad, donde la pol\u00edtica se hab\u00eda convertido en un asunto con tonos inmortales. Eugenio, su mentor, tuvo un trato diferente con ella y en vez de visualizarla como alguien inferior, la trat\u00f3 como un igual. Discutian fervientemente sobre el significado de la camarilla y las revoluciones anarquistas del pasado, asunto que siempre la llevo a preguntarse porqu\u00e9 el clan se encontraba en la camarilla. En el 2012, cuando los brujahs abandonan la torre, ella rapidamente busc\u00f3 comenzar la revoluci\u00f3n. Lo primero que hizo fue viajar a Valpara\u00edso, a conocer a la rebelde anarquistas Elysa Starek, con la cu\u00e1l conspiraria para formar un ej\u00e9rcito y liberar santiago. Es ah\u00ed donde conoce a su amada amiga Kuyen y al mismo tiempo, conocer\u00eda los modos inusuales de Elysa para entender el anarquismo. <\/p>\n<p><!-- \/wp:paragraph --><\/p>\n<p><!-- wp:paragraph --><\/p>\n<p>Sus diferencias de opini\u00f3n, en funci\u00f3n de la pol\u00edtica de permitir o no ghouls en los terrenos liberados, la hizo abandonar a Starek despu\u00e9s de la toma de Santiago centro. Su popularidad dentro del anarquismo le dio suficiente poder pol\u00edtico para ser nombrada dirigenta de los territorios de PAC, estaci\u00f3n central y cerrillos. <\/p>\n<p><!-- \/wp:paragraph --><\/p>\n<p><!-- wp:paragraph --><\/p>\n<p>Actualmente, pelea contra la corrupci\u00f3n ejercida por la iglesia de la serpiente y contra los barones mas extremistas de la ciudad.<\/p>\n<p><!-- \/wp:paragraph --><\/p>","protected":false},"author":29,"featured_media":2570,"template":"","tags":[100,99],"faccion":[97,103,53],"class_list":["post-2569","pnj","type-pnj","status-publish","has-post-thumbnail","hentry","tag-anarquistas","tag-vampiro-la-mascarada","faccion-anarquistas","faccion-brujah","faccion-vampiro-la-mascarada"],"acf":{"fecha":"Abrazada 1988 \/ Nacida 1967","estatus":"Retirado","ficha_del_personaje":"","aspecto":"Javiera le gusta vestir bien, pero con un estilo marcadamente urbano de los 90'. Lleva jeans negro y un top morado, con cadenas a los costados y una peque\u00f1a chaqueta negra, por ejemplo. Su pelo es largo y negro y a pesar de su imagen parca, es muy sociable.","interpretacion":"Es apasionada con la pol\u00edtica y considera todas las opiniones v\u00e1lidas, excepto las posiciones extremistas, en las que hacen que ella se vuelva extremista y violenta, al punto de poder matar a alguien que tenga opiniones extremas en contra de extranjeros, pobres o fascistas.","informacion_privada":"Marcada para morir.","mapa_de_kumu_u_otro_embed":""},"yoast_head":"<!-- This site is optimized with the Yoast SEO plugin v28.4 - https:\/\/yoast.com\/product\/yoast-seo-wordpress\/ -->\n<title>Javiera Pereira - Chile en Tinieblas<\/title>\n<meta name=\"robots\" content=\"index, follow, max-snippet:-1, max-image-preview:large, max-video-preview:-1\" \/>\n<link rel=\"canonical\" href=\"https:\/\/chileentinieblas.cl\/en\/pnj\/javiera-pereira\/\" \/>\n<meta property=\"og:locale\" content=\"en_US\" \/>\n<meta property=\"og:type\" content=\"article\" \/>\n<meta property=\"og:title\" content=\"Javiera Pereira - Chile en Tinieblas\" \/>\n<meta property=\"og:description\" content=\"Guardiana de Estaci\u00f3n central, Pedro Aguirre Cerda y Cerrillos Vida Mortal Javiera Pereira naci\u00f3 en una cuna acomodada y cat\u00f3lica en los sectores de Providencia de la regi\u00f3n metropolitana. Al momento del golpe de estado, Javiera era muy peque\u00f1a para entender lo que suced\u00eda, sin embargo, el ambiente pol\u00edtico de represi\u00f3n ser\u00eda una expresi\u00f3n m\u00e1s [&hellip;]\" \/>\n<meta property=\"og:url\" content=\"https:\/\/chileentinieblas.cl\/en\/pnj\/javiera-pereira\/\" \/>\n<meta property=\"og:site_name\" content=\"Chile en Tinieblas\" \/>\n<meta property=\"article:publisher\" content=\"https:\/\/www.facebook.com\/ChileenTinieblas\" \/>\n<meta property=\"article:modified_time\" content=\"2026-06-11T04:50:47+00:00\" \/>\n<meta property=\"og:image\" content=\"https:\/\/chileentinieblas.cl\/wp-content\/uploads\/2022\/06\/Javiera-Pereira.jpg\" \/>\n\t<meta property=\"og:image:width\" content=\"409\" \/>\n\t<meta property=\"og:image:height\" content=\"640\" \/>\n\t<meta property=\"og:image:type\" content=\"image\/jpeg\" \/>\n<meta name=\"twitter:card\" content=\"summary_large_image\" \/>\n<meta name=\"twitter:label1\" content=\"Est. reading time\" \/>\n\t<meta name=\"twitter:data1\" content=\"3 minutes\" \/>\n<script type=\"application\/ld+json\" class=\"yoast-schema-graph\">{\"@context\":\"https:\\\/\\\/schema.org\",\"@graph\":[{\"@type\":\"WebPage\",\"@id\":\"https:\\\/\\\/chileentinieblas.cl\\\/pnj\\\/javiera-pereira\\\/\",\"url\":\"https:\\\/\\\/chileentinieblas.cl\\\/pnj\\\/javiera-pereira\\\/\",\"name\":\"Javiera Pereira - Chile en Tinieblas\",\"isPartOf\":{\"@id\":\"https:\\\/\\\/chileentinieblas.cl\\\/#website\"},\"primaryImageOfPage\":{\"@id\":\"https:\\\/\\\/chileentinieblas.cl\\\/pnj\\\/javiera-pereira\\\/#primaryimage\"},\"image\":{\"@id\":\"https:\\\/\\\/chileentinieblas.cl\\\/pnj\\\/javiera-pereira\\\/#primaryimage\"},\"thumbnailUrl\":\"https:\\\/\\\/chileentinieblas.cl\\\/wp-content\\\/uploads\\\/2022\\\/06\\\/Javiera-Pereira.jpg\",\"datePublished\":\"2022-06-05T01:04:20+00:00\",\"dateModified\":\"2026-06-11T04:50:47+00:00\",\"breadcrumb\":{\"@id\":\"https:\\\/\\\/chileentinieblas.cl\\\/pnj\\\/javiera-pereira\\\/#breadcrumb\"},\"inLanguage\":\"en-US\",\"potentialAction\":[{\"@type\":\"ReadAction\",\"target\":[\"https:\\\/\\\/chileentinieblas.cl\\\/pnj\\\/javiera-pereira\\\/\"]}]},{\"@type\":\"ImageObject\",\"inLanguage\":\"en-US\",\"@id\":\"https:\\\/\\\/chileentinieblas.cl\\\/pnj\\\/javiera-pereira\\\/#primaryimage\",\"url\":\"https:\\\/\\\/chileentinieblas.cl\\\/wp-content\\\/uploads\\\/2022\\\/06\\\/Javiera-Pereira.jpg\",\"contentUrl\":\"https:\\\/\\\/chileentinieblas.cl\\\/wp-content\\\/uploads\\\/2022\\\/06\\\/Javiera-Pereira.jpg\",\"width\":409,\"height\":640},{\"@type\":\"BreadcrumbList\",\"@id\":\"https:\\\/\\\/chileentinieblas.cl\\\/pnj\\\/javiera-pereira\\\/#breadcrumb\",\"itemListElement\":[{\"@type\":\"ListItem\",\"position\":1,\"name\":\"Portada\",\"item\":\"https:\\\/\\\/chileentinieblas.cl\\\/\"},{\"@type\":\"ListItem\",\"position\":2,\"name\":\"PNJs\",\"item\":\"https:\\\/\\\/chileentinieblas.cl\\\/pnj\\\/\"},{\"@type\":\"ListItem\",\"position\":3,\"name\":\"Javiera Pereira\"}]},{\"@type\":\"WebSite\",\"@id\":\"https:\\\/\\\/chileentinieblas.cl\\\/#website\",\"url\":\"https:\\\/\\\/chileentinieblas.cl\\\/\",\"name\":\"Chile en Tinieblas\",\"description\":\"Un servidor con mesas de rol de Mundo de Tinieblas\",\"publisher\":{\"@id\":\"https:\\\/\\\/chileentinieblas.cl\\\/#organization\"},\"potentialAction\":[{\"@type\":\"SearchAction\",\"target\":{\"@type\":\"EntryPoint\",\"urlTemplate\":\"https:\\\/\\\/chileentinieblas.cl\\\/?s={search_term_string}\"},\"query-input\":{\"@type\":\"PropertyValueSpecification\",\"valueRequired\":true,\"valueName\":\"search_term_string\"}}],\"inLanguage\":\"en-US\"},{\"@type\":\"Organization\",\"@id\":\"https:\\\/\\\/chileentinieblas.cl\\\/#organization\",\"name\":\"Chile en Tinieblas\",\"url\":\"https:\\\/\\\/chileentinieblas.cl\\\/\",\"logo\":{\"@type\":\"ImageObject\",\"inLanguage\":\"en-US\",\"@id\":\"https:\\\/\\\/chileentinieblas.cl\\\/#\\\/schema\\\/logo\\\/image\\\/\",\"url\":\"https:\\\/\\\/chileentinieblas.cl\\\/wp-content\\\/uploads\\\/2021\\\/12\\\/logo-cet-claro.png\",\"contentUrl\":\"https:\\\/\\\/chileentinieblas.cl\\\/wp-content\\\/uploads\\\/2021\\\/12\\\/logo-cet-claro.png\",\"width\":1001,\"height\":1030,\"caption\":\"Chile en Tinieblas\"},\"image\":{\"@id\":\"https:\\\/\\\/chileentinieblas.cl\\\/#\\\/schema\\\/logo\\\/image\\\/\"},\"sameAs\":[\"https:\\\/\\\/www.facebook.com\\\/ChileenTinieblas\",\"https:\\\/\\\/www.instagram.com\\\/chileentinieblas\\\/\",\"https:\\\/\\\/www.youtube.com\\\/@chileentinieblas\",\"https:\\\/\\\/www.tiktok.com\\\/@chileentinieblas\"]}]}<\/script>\n<!-- \/ Yoast SEO plugin. -->","yoast_head_json":{"title":"Javiera Pereira - Chile en Tinieblas","robots":{"index":"index","follow":"follow","max-snippet":"max-snippet:-1","max-image-preview":"max-image-preview:large","max-video-preview":"max-video-preview:-1"},"canonical":"https:\/\/chileentinieblas.cl\/en\/pnj\/javiera-pereira\/","og_locale":"en_US","og_type":"article","og_title":"Javiera Pereira - Chile en Tinieblas","og_description":"Guardiana de Estaci\u00f3n central, Pedro Aguirre Cerda y Cerrillos Vida Mortal Javiera Pereira naci\u00f3 en una cuna acomodada y cat\u00f3lica en los sectores de Providencia de la regi\u00f3n metropolitana. Al momento del golpe de estado, Javiera era muy peque\u00f1a para entender lo que suced\u00eda, sin embargo, el ambiente pol\u00edtico de represi\u00f3n ser\u00eda una expresi\u00f3n m\u00e1s [&hellip;]","og_url":"https:\/\/chileentinieblas.cl\/en\/pnj\/javiera-pereira\/","og_site_name":"Chile en Tinieblas","article_publisher":"https:\/\/www.facebook.com\/ChileenTinieblas","article_modified_time":"2026-06-11T04:50:47+00:00","og_image":[{"width":409,"height":640,"url":"https:\/\/chileentinieblas.cl\/wp-content\/uploads\/2022\/06\/Javiera-Pereira.jpg","type":"image\/jpeg"}],"twitter_card":"summary_large_image","twitter_misc":{"Est. reading time":"3 minutes"},"schema":{"@context":"https:\/\/schema.org","@graph":[{"@type":"WebPage","@id":"https:\/\/chileentinieblas.cl\/pnj\/javiera-pereira\/","url":"https:\/\/chileentinieblas.cl\/pnj\/javiera-pereira\/","name":"Javiera Pereira - Chile en Tinieblas","isPartOf":{"@id":"https:\/\/chileentinieblas.cl\/#website"},"primaryImageOfPage":{"@id":"https:\/\/chileentinieblas.cl\/pnj\/javiera-pereira\/#primaryimage"},"image":{"@id":"https:\/\/chileentinieblas.cl\/pnj\/javiera-pereira\/#primaryimage"},"thumbnailUrl":"https:\/\/chileentinieblas.cl\/wp-content\/uploads\/2022\/06\/Javiera-Pereira.jpg","datePublished":"2022-06-05T01:04:20+00:00","dateModified":"2026-06-11T04:50:47+00:00","breadcrumb":{"@id":"https:\/\/chileentinieblas.cl\/pnj\/javiera-pereira\/#breadcrumb"},"inLanguage":"en-US","potentialAction":[{"@type":"ReadAction","target":["https:\/\/chileentinieblas.cl\/pnj\/javiera-pereira\/"]}]},{"@type":"ImageObject","inLanguage":"en-US","@id":"https:\/\/chileentinieblas.cl\/pnj\/javiera-pereira\/#primaryimage","url":"https:\/\/chileentinieblas.cl\/wp-content\/uploads\/2022\/06\/Javiera-Pereira.jpg","contentUrl":"https:\/\/chileentinieblas.cl\/wp-content\/uploads\/2022\/06\/Javiera-Pereira.jpg","width":409,"height":640},{"@type":"BreadcrumbList","@id":"https:\/\/chileentinieblas.cl\/pnj\/javiera-pereira\/#breadcrumb","itemListElement":[{"@type":"ListItem","position":1,"name":"Portada","item":"https:\/\/chileentinieblas.cl\/"},{"@type":"ListItem","position":2,"name":"PNJs","item":"https:\/\/chileentinieblas.cl\/pnj\/"},{"@type":"ListItem","position":3,"name":"Javiera Pereira"}]},{"@type":"WebSite","@id":"https:\/\/chileentinieblas.cl\/#website","url":"https:\/\/chileentinieblas.cl\/","name":"Chile en Tinieblas","description":"Un servidor con mesas de rol de Mundo de Tinieblas","publisher":{"@id":"https:\/\/chileentinieblas.cl\/#organization"},"potentialAction":[{"@type":"SearchAction","target":{"@type":"EntryPoint","urlTemplate":"https:\/\/chileentinieblas.cl\/?s={search_term_string}"},"query-input":{"@type":"PropertyValueSpecification","valueRequired":true,"valueName":"search_term_string"}}],"inLanguage":"en-US"},{"@type":"Organization","@id":"https:\/\/chileentinieblas.cl\/#organization","name":"Chile en Tinieblas","url":"https:\/\/chileentinieblas.cl\/","logo":{"@type":"ImageObject","inLanguage":"en-US","@id":"https:\/\/chileentinieblas.cl\/#\/schema\/logo\/image\/","url":"https:\/\/chileentinieblas.cl\/wp-content\/uploads\/2021\/12\/logo-cet-claro.png","contentUrl":"https:\/\/chileentinieblas.cl\/wp-content\/uploads\/2021\/12\/logo-cet-claro.png","width":1001,"height":1030,"caption":"Chile en Tinieblas"},"image":{"@id":"https:\/\/chileentinieblas.cl\/#\/schema\/logo\/image\/"},"sameAs":["https:\/\/www.facebook.com\/ChileenTinieblas","https:\/\/www.instagram.com\/chileentinieblas\/","https:\/\/www.youtube.com\/@chileentinieblas","https:\/\/www.tiktok.com\/@chileentinieblas"]}]}},"jetpack_sharing_enabled":true,"_links":{"self":[{"href":"https:\/\/chileentinieblas.cl\/en\/wp-json\/wp\/v2\/pnj\/2569","targetHints":{"allow":["GET"]}}],"collection":[{"href":"https:\/\/chileentinieblas.cl\/en\/wp-json\/wp\/v2\/pnj"}],"about":[{"href":"https:\/\/chileentinieblas.cl\/en\/wp-json\/wp\/v2\/types\/pnj"}],"author":[{"embeddable":true,"href":"https:\/\/chileentinieblas.cl\/en\/wp-json\/wp\/v2\/users\/29"}],"wp:featuredmedia":[{"embeddable":true,"href":"https:\/\/chileentinieblas.cl\/en\/wp-json\/wp\/v2\/media\/2570"}],"wp:attachment":[{"href":"https:\/\/chileentinieblas.cl\/en\/wp-json\/wp\/v2\/media?parent=2569"}],"wp:term":[{"taxonomy":"post_tag","embeddable":true,"href":"https:\/\/chileentinieblas.cl\/en\/wp-json\/wp\/v2\/tags?post=2569"},{"taxonomy":"faccion","embeddable":true,"href":"https:\/\/chileentinieblas.cl\/en\/wp-json\/wp\/v2\/faccion?post=2569"}],"curies":[{"name":"wp","href":"https:\/\/api.w.org\/{rel}","templated":true}]}}