{"id":2563,"date":"2022-06-04T23:38:46","date_gmt":"2022-06-04T23:38:46","guid":{"rendered":"https:\/\/chileentinieblas.cl\/?post_type=pnj&#038;p=2563"},"modified":"2024-07-31T00:30:04","modified_gmt":"2024-07-31T00:30:04","slug":"sol-miralles","status":"publish","type":"pnj","link":"https:\/\/chileentinieblas.cl\/en\/pnj\/sol-miralles\/","title":{"rendered":"Sol Miralles"},"content":{"rendered":"<h2 class=\"wp-block-heading\">Baronesa de La granja, San Miguel, San Joaqu\u00edn, San Ram\u00f3n<\/h2>\n\n\n\n<h2 class=\"wp-block-heading\">Vida mortal<\/h2>\n\n\n\n<p class=\"wp-block-paragraph\">Sol Miralles naci\u00f3 en la regi\u00f3n de la Araucan\u00eda, en el pueblo de Lonquimay. Sus padres, de origen humilde, trabajaban en un peque\u00f1o predio a cargo de la familia Puelma. A sus siete a\u00f1os, comenz\u00f3 a asistir a un colegio autogestionado por una de las campesinas que hab\u00eda tenido la suerte de ser educada por uno de los patrones. Sin embargo, esto r\u00e1pidamente termin\u00f3 al llegar la crisis del 29, donde la inflaci\u00f3n golpe\u00f3 duramente y el precio del trigo lleg\u00f3 a aumentar cinco veces su valor. Las presiones en la producci\u00f3n llevo a su padre y madre casi al borde del colapso y junto a sus 4 hermanos, dejaron todo lo que no fuera trabajar. Afortunadamente, se les entrego autonom\u00eda sobre sus tierras, lo cual los llevo a generar sindicatos agr\u00edcolas con otros campesinos. La gesti\u00f3n de sus tierras les ayudo a sostener la crisis y Sol pudo observar de primera mano, la eficiencia de la autoorganizaci\u00f3n. Lamentablemente, el sue\u00f1o dur\u00f3 solo un par de a\u00f1os. En 1932, bajo el gobierno de Alessandri, la entrega de tierras se congel\u00f3 y comenz\u00f3 el desalojo de los campesinos quienes se convirtieron en ocupantes ilegales de la tierra. Sol a los 12 a\u00f1os, vio a su padre y muchos otros campesinos y mineros, tomar las armas y tomarse el lugar, declarando a la regi\u00f3n como de su dominio y como territorio aut\u00f3nomo del estado de Chile. Sin embargo, Alessandri reprimi\u00f3 el intento de independencia con toda su fuerza y ordeno a un contingente de carabineros terminar con la represi\u00f3n de inmediato. Despu\u00e9s de rodearlos, los carabineros inundaron la zona y asesinaron a todos los que estaban en el lugar, asesinando a m\u00e1s de 500 personas. Sol logro escapar gracias al sacrificio de su padre y, madre y se fue corriendo lo m\u00e1s lejos posible del lugar. Se uni\u00f3 a distintos grupos subversivos de la \u00e9poca y aprovechando las migraciones a la ciudad se traslada a Santiago, buscando el poder vengarse de aquellos que hab\u00edan terminado el sue\u00f1o ut\u00f3pico. Sin embargo, su afiliaci\u00f3n a distintos grupos subversivos la puso en la lista roja de las fuerzas de carabineros, donde se refugi\u00f3 en los bosques aleda\u00f1os a Santiago. Es ah\u00ed, donde conocer\u00e1 a la persona que le cambiaria la vida. Un sujeto misterioso, que se hab\u00eda alejado de la sociedad le brindo refugio y le ense\u00f1o formas de sobrevivir en el bosque y eludir a sus perseguidores. Al momento en que ella ya se fue volviendo autosuficiente, su misterioso maestro revelo su naturaleza y en un momento a otro, la ataco.<\/p>\n\n\n\n<h2 class=\"wp-block-heading\">Vida inmortal<\/h2>\n\n\n\n<p class=\"wp-block-paragraph\">Sol despert\u00f3 sola en los alrededores de Santiago, con una inmensa hambre y sin conocimiento de lo que hab\u00eda pasado despu\u00e9s de su ataque. Tuvo que aprender por si sola que significaba ser una vampiresa y sobrevivir a las distintas amenazas que la fueron rodeando. Paso alrededor de 10 a\u00f1os recluida en los bosques, intentando refrenar su instinto asesino, hasta que una noche nublada, el ser que la hab\u00eda atacado volvi\u00f3. Despu\u00e9s de una pelea intensa en la que su sire casi muere, le explico la situaci\u00f3n y que ahora pod\u00eda ser recibida por el resto del clan. Esta fue la primera vez que Sol conoci\u00f3 a otros como ella y autom\u00e1ticamente le trajo recuerdos de su infancia. Un peque\u00f1o grupo, con una gran idea, pero altamente desorganizados. Su antigua venganza paso a segundo plano al saber de la muerte de Alessandri y cambio a salvar a este grupo de su inevitable condena. Sol era un alma libre y vengativa, pero la nostalgia era mayor. A pesar de sus diferencias con los principios de la Camarilla, lucho junto al sheriff Pedro Ram\u00edrez hasta que, en el 1973, una coalici\u00f3n de criaturas comenz\u00f3 una purga de la Camarilla. Sol se enfrent\u00f3 por primera vez a personas con habilidades extra\u00f1as que exterminaron a la torre de Santiago. Sin embargo, no abandono la ciudad y contin\u00fao peleando con un pu\u00f1ado de Gangrels y Brujahs ofreciendo resistencia al Sabbat. Su estancia con los Brujahs la lleno de esa filosof\u00eda anarquista y pudo al fin, tener un poco m\u00e1s de orden en su cabeza. Sangr\u00f3 en distintas peleas junto a sus camaradas Brujahs y sent\u00f3 la base de operaciones cuando el resto de la Camarilla volvi\u00f3 para dar un golpe de vuelta. A medida que los Sabbat iban desapareciendo y la Camarilla se pudo instalar, fue r\u00e1pidamente nombrada primog\u00e9nita y junto al primog\u00e9nito Pedro, llevaron a la torre al control total de Santiago para 1995. Sin embargo, la sensaci\u00f3n de tropas de choque que iba quedando en los dos clanes, iba en aumento y en el momento que se supo del alzamiento de los Brujah en la \u00faltima convenci\u00f3n de la Camarilla, ella vio su salida y llevo a los Gangrels a vivir el sue\u00f1o anarquista.<\/p>\n\n\n\n<p class=\"wp-block-paragraph\">\u00daltimamente, est\u00e1 enfocada en vengar el asesinato de su hermano de armas Pedro Ram\u00edrez y extinguir a la segunda inquisici\u00f3n.<\/p>","protected":false},"author":23,"featured_media":5532,"template":"","tags":[100,99],"faccion":[97,102,53],"class_list":["post-2563","pnj","type-pnj","status-publish","has-post-thumbnail","hentry","tag-anarquistas","tag-vampiro-la-mascarada","faccion-anarquistas","faccion-gangrel","faccion-vampiro-la-mascarada"],"acf":{"fecha":"Abrazada 1940 \/ Nacida 1922","estatus":"Activo","ficha_del_personaje":"","aspecto":"Sol es de baja estatura y de pelo largo y negro. Su tez es morena y tiene unos tiernos e intensos ojos negros. Sus hombros anchos siempre se acompa\u00f1an con alguna de sus chaquetas negras que cubren sus poleras de siempre distinto color. Lleva unas zapatillas grandes de monta\u00f1ismo junto a unos flexibles jeans negros.","interpretacion":"Sol es extremadamente inteligente y estrat\u00e9gica. En rara ocasi\u00f3n perder\u00e1 los estribos. Ha tenido que lidiar con vampiros salvajes mucho tiempo y los ha logrado organizar, por lo que su capacidad de liderazgo es sobresaliente, probablemente la mejor de todos los barones y baronesas de Santiago. Pero en el mismo sentido, su agresividad tambi\u00e9n es su mejor carta contra la sublevaci\u00f3n y no dudara ni un solo momento en decapitar a cualquiera si pone en riesgo su visi\u00f3n a largo plazo... Derrotar a la segunda inquisici\u00f3n.","informacion_privada":"","mapa_de_kumu_u_otro_embed":null},"yoast_head":"<!-- This site is optimized with the Yoast SEO plugin v28.4 - https:\/\/yoast.com\/product\/yoast-seo-wordpress\/ -->\n<title>Sol Miralles - Chile en Tinieblas<\/title>\n<meta name=\"robots\" content=\"index, follow, max-snippet:-1, max-image-preview:large, max-video-preview:-1\" \/>\n<link rel=\"canonical\" href=\"https:\/\/chileentinieblas.cl\/en\/pnj\/sol-miralles\/\" \/>\n<meta property=\"og:locale\" content=\"en_US\" \/>\n<meta property=\"og:type\" content=\"article\" \/>\n<meta property=\"og:title\" content=\"Sol Miralles - Chile en Tinieblas\" \/>\n<meta property=\"og:description\" content=\"Baronesa de La granja, San Miguel, San Joaqu\u00edn, San Ram\u00f3n Vida mortal Sol Miralles naci\u00f3 en la regi\u00f3n de la Araucan\u00eda, en el pueblo de Lonquimay. Sus padres, de origen humilde, trabajaban en un peque\u00f1o predio a cargo de la familia Puelma. A sus siete a\u00f1os, comenz\u00f3 a asistir a un colegio autogestionado por una [&hellip;]\" \/>\n<meta property=\"og:url\" content=\"https:\/\/chileentinieblas.cl\/en\/pnj\/sol-miralles\/\" \/>\n<meta property=\"og:site_name\" content=\"Chile en Tinieblas\" \/>\n<meta property=\"article:publisher\" content=\"https:\/\/www.facebook.com\/ChileenTinieblas\" \/>\n<meta property=\"article:modified_time\" content=\"2024-07-31T00:30:04+00:00\" \/>\n<meta property=\"og:image\" content=\"https:\/\/chileentinieblas.cl\/wp-content\/uploads\/2022\/06\/Imagen-de-WhatsApp-2024-07-30-a-las-19.16.50_b2382d1e.jpg\" \/>\n\t<meta property=\"og:image:width\" content=\"928\" \/>\n\t<meta property=\"og:image:height\" content=\"1079\" \/>\n\t<meta property=\"og:image:type\" content=\"image\/jpeg\" \/>\n<meta name=\"twitter:card\" content=\"summary_large_image\" \/>\n<meta name=\"twitter:label1\" content=\"Est. reading time\" \/>\n\t<meta name=\"twitter:data1\" content=\"4 minutes\" \/>\n<script type=\"application\/ld+json\" class=\"yoast-schema-graph\">{\"@context\":\"https:\\\/\\\/schema.org\",\"@graph\":[{\"@type\":\"WebPage\",\"@id\":\"https:\\\/\\\/chileentinieblas.cl\\\/pnj\\\/sol-miralles\\\/\",\"url\":\"https:\\\/\\\/chileentinieblas.cl\\\/pnj\\\/sol-miralles\\\/\",\"name\":\"Sol Miralles - Chile en Tinieblas\",\"isPartOf\":{\"@id\":\"https:\\\/\\\/chileentinieblas.cl\\\/#website\"},\"primaryImageOfPage\":{\"@id\":\"https:\\\/\\\/chileentinieblas.cl\\\/pnj\\\/sol-miralles\\\/#primaryimage\"},\"image\":{\"@id\":\"https:\\\/\\\/chileentinieblas.cl\\\/pnj\\\/sol-miralles\\\/#primaryimage\"},\"thumbnailUrl\":\"https:\\\/\\\/chileentinieblas.cl\\\/wp-content\\\/uploads\\\/2022\\\/06\\\/Imagen-de-WhatsApp-2024-07-30-a-las-19.16.50_b2382d1e.jpg\",\"datePublished\":\"2022-06-04T23:38:46+00:00\",\"dateModified\":\"2024-07-31T00:30:04+00:00\",\"breadcrumb\":{\"@id\":\"https:\\\/\\\/chileentinieblas.cl\\\/pnj\\\/sol-miralles\\\/#breadcrumb\"},\"inLanguage\":\"en-US\",\"potentialAction\":[{\"@type\":\"ReadAction\",\"target\":[\"https:\\\/\\\/chileentinieblas.cl\\\/pnj\\\/sol-miralles\\\/\"]}]},{\"@type\":\"ImageObject\",\"inLanguage\":\"en-US\",\"@id\":\"https:\\\/\\\/chileentinieblas.cl\\\/pnj\\\/sol-miralles\\\/#primaryimage\",\"url\":\"https:\\\/\\\/chileentinieblas.cl\\\/wp-content\\\/uploads\\\/2022\\\/06\\\/Imagen-de-WhatsApp-2024-07-30-a-las-19.16.50_b2382d1e.jpg\",\"contentUrl\":\"https:\\\/\\\/chileentinieblas.cl\\\/wp-content\\\/uploads\\\/2022\\\/06\\\/Imagen-de-WhatsApp-2024-07-30-a-las-19.16.50_b2382d1e.jpg\",\"width\":928,\"height\":1079},{\"@type\":\"BreadcrumbList\",\"@id\":\"https:\\\/\\\/chileentinieblas.cl\\\/pnj\\\/sol-miralles\\\/#breadcrumb\",\"itemListElement\":[{\"@type\":\"ListItem\",\"position\":1,\"name\":\"Portada\",\"item\":\"https:\\\/\\\/chileentinieblas.cl\\\/\"},{\"@type\":\"ListItem\",\"position\":2,\"name\":\"PNJs\",\"item\":\"https:\\\/\\\/chileentinieblas.cl\\\/pnj\\\/\"},{\"@type\":\"ListItem\",\"position\":3,\"name\":\"Sol Miralles\"}]},{\"@type\":\"WebSite\",\"@id\":\"https:\\\/\\\/chileentinieblas.cl\\\/#website\",\"url\":\"https:\\\/\\\/chileentinieblas.cl\\\/\",\"name\":\"Chile en Tinieblas\",\"description\":\"Un servidor con mesas de rol de Mundo de Tinieblas\",\"publisher\":{\"@id\":\"https:\\\/\\\/chileentinieblas.cl\\\/#organization\"},\"potentialAction\":[{\"@type\":\"SearchAction\",\"target\":{\"@type\":\"EntryPoint\",\"urlTemplate\":\"https:\\\/\\\/chileentinieblas.cl\\\/?s={search_term_string}\"},\"query-input\":{\"@type\":\"PropertyValueSpecification\",\"valueRequired\":true,\"valueName\":\"search_term_string\"}}],\"inLanguage\":\"en-US\"},{\"@type\":\"Organization\",\"@id\":\"https:\\\/\\\/chileentinieblas.cl\\\/#organization\",\"name\":\"Chile en Tinieblas\",\"url\":\"https:\\\/\\\/chileentinieblas.cl\\\/\",\"logo\":{\"@type\":\"ImageObject\",\"inLanguage\":\"en-US\",\"@id\":\"https:\\\/\\\/chileentinieblas.cl\\\/#\\\/schema\\\/logo\\\/image\\\/\",\"url\":\"https:\\\/\\\/chileentinieblas.cl\\\/wp-content\\\/uploads\\\/2021\\\/12\\\/logo-cet-claro.png\",\"contentUrl\":\"https:\\\/\\\/chileentinieblas.cl\\\/wp-content\\\/uploads\\\/2021\\\/12\\\/logo-cet-claro.png\",\"width\":1001,\"height\":1030,\"caption\":\"Chile en Tinieblas\"},\"image\":{\"@id\":\"https:\\\/\\\/chileentinieblas.cl\\\/#\\\/schema\\\/logo\\\/image\\\/\"},\"sameAs\":[\"https:\\\/\\\/www.facebook.com\\\/ChileenTinieblas\",\"https:\\\/\\\/www.instagram.com\\\/chileentinieblas\\\/\",\"https:\\\/\\\/www.youtube.com\\\/@chileentinieblas\",\"https:\\\/\\\/www.tiktok.com\\\/@chileentinieblas\"]}]}<\/script>\n<!-- \/ Yoast SEO plugin. -->","yoast_head_json":{"title":"Sol Miralles - Chile en Tinieblas","robots":{"index":"index","follow":"follow","max-snippet":"max-snippet:-1","max-image-preview":"max-image-preview:large","max-video-preview":"max-video-preview:-1"},"canonical":"https:\/\/chileentinieblas.cl\/en\/pnj\/sol-miralles\/","og_locale":"en_US","og_type":"article","og_title":"Sol Miralles - Chile en Tinieblas","og_description":"Baronesa de La granja, San Miguel, San Joaqu\u00edn, San Ram\u00f3n Vida mortal Sol Miralles naci\u00f3 en la regi\u00f3n de la Araucan\u00eda, en el pueblo de Lonquimay. Sus padres, de origen humilde, trabajaban en un peque\u00f1o predio a cargo de la familia Puelma. A sus siete a\u00f1os, comenz\u00f3 a asistir a un colegio autogestionado por una [&hellip;]","og_url":"https:\/\/chileentinieblas.cl\/en\/pnj\/sol-miralles\/","og_site_name":"Chile en Tinieblas","article_publisher":"https:\/\/www.facebook.com\/ChileenTinieblas","article_modified_time":"2024-07-31T00:30:04+00:00","og_image":[{"width":928,"height":1079,"url":"https:\/\/chileentinieblas.cl\/wp-content\/uploads\/2022\/06\/Imagen-de-WhatsApp-2024-07-30-a-las-19.16.50_b2382d1e.jpg","type":"image\/jpeg"}],"twitter_card":"summary_large_image","twitter_misc":{"Est. reading time":"4 minutes"},"schema":{"@context":"https:\/\/schema.org","@graph":[{"@type":"WebPage","@id":"https:\/\/chileentinieblas.cl\/pnj\/sol-miralles\/","url":"https:\/\/chileentinieblas.cl\/pnj\/sol-miralles\/","name":"Sol Miralles - Chile en Tinieblas","isPartOf":{"@id":"https:\/\/chileentinieblas.cl\/#website"},"primaryImageOfPage":{"@id":"https:\/\/chileentinieblas.cl\/pnj\/sol-miralles\/#primaryimage"},"image":{"@id":"https:\/\/chileentinieblas.cl\/pnj\/sol-miralles\/#primaryimage"},"thumbnailUrl":"https:\/\/chileentinieblas.cl\/wp-content\/uploads\/2022\/06\/Imagen-de-WhatsApp-2024-07-30-a-las-19.16.50_b2382d1e.jpg","datePublished":"2022-06-04T23:38:46+00:00","dateModified":"2024-07-31T00:30:04+00:00","breadcrumb":{"@id":"https:\/\/chileentinieblas.cl\/pnj\/sol-miralles\/#breadcrumb"},"inLanguage":"en-US","potentialAction":[{"@type":"ReadAction","target":["https:\/\/chileentinieblas.cl\/pnj\/sol-miralles\/"]}]},{"@type":"ImageObject","inLanguage":"en-US","@id":"https:\/\/chileentinieblas.cl\/pnj\/sol-miralles\/#primaryimage","url":"https:\/\/chileentinieblas.cl\/wp-content\/uploads\/2022\/06\/Imagen-de-WhatsApp-2024-07-30-a-las-19.16.50_b2382d1e.jpg","contentUrl":"https:\/\/chileentinieblas.cl\/wp-content\/uploads\/2022\/06\/Imagen-de-WhatsApp-2024-07-30-a-las-19.16.50_b2382d1e.jpg","width":928,"height":1079},{"@type":"BreadcrumbList","@id":"https:\/\/chileentinieblas.cl\/pnj\/sol-miralles\/#breadcrumb","itemListElement":[{"@type":"ListItem","position":1,"name":"Portada","item":"https:\/\/chileentinieblas.cl\/"},{"@type":"ListItem","position":2,"name":"PNJs","item":"https:\/\/chileentinieblas.cl\/pnj\/"},{"@type":"ListItem","position":3,"name":"Sol Miralles"}]},{"@type":"WebSite","@id":"https:\/\/chileentinieblas.cl\/#website","url":"https:\/\/chileentinieblas.cl\/","name":"Chile en Tinieblas","description":"Un servidor con mesas de rol de Mundo de Tinieblas","publisher":{"@id":"https:\/\/chileentinieblas.cl\/#organization"},"potentialAction":[{"@type":"SearchAction","target":{"@type":"EntryPoint","urlTemplate":"https:\/\/chileentinieblas.cl\/?s={search_term_string}"},"query-input":{"@type":"PropertyValueSpecification","valueRequired":true,"valueName":"search_term_string"}}],"inLanguage":"en-US"},{"@type":"Organization","@id":"https:\/\/chileentinieblas.cl\/#organization","name":"Chile en Tinieblas","url":"https:\/\/chileentinieblas.cl\/","logo":{"@type":"ImageObject","inLanguage":"en-US","@id":"https:\/\/chileentinieblas.cl\/#\/schema\/logo\/image\/","url":"https:\/\/chileentinieblas.cl\/wp-content\/uploads\/2021\/12\/logo-cet-claro.png","contentUrl":"https:\/\/chileentinieblas.cl\/wp-content\/uploads\/2021\/12\/logo-cet-claro.png","width":1001,"height":1030,"caption":"Chile en Tinieblas"},"image":{"@id":"https:\/\/chileentinieblas.cl\/#\/schema\/logo\/image\/"},"sameAs":["https:\/\/www.facebook.com\/ChileenTinieblas","https:\/\/www.instagram.com\/chileentinieblas\/","https:\/\/www.youtube.com\/@chileentinieblas","https:\/\/www.tiktok.com\/@chileentinieblas"]}]}},"jetpack_sharing_enabled":true,"_links":{"self":[{"href":"https:\/\/chileentinieblas.cl\/en\/wp-json\/wp\/v2\/pnj\/2563","targetHints":{"allow":["GET"]}}],"collection":[{"href":"https:\/\/chileentinieblas.cl\/en\/wp-json\/wp\/v2\/pnj"}],"about":[{"href":"https:\/\/chileentinieblas.cl\/en\/wp-json\/wp\/v2\/types\/pnj"}],"author":[{"embeddable":true,"href":"https:\/\/chileentinieblas.cl\/en\/wp-json\/wp\/v2\/users\/23"}],"wp:featuredmedia":[{"embeddable":true,"href":"https:\/\/chileentinieblas.cl\/en\/wp-json\/wp\/v2\/media\/5532"}],"wp:attachment":[{"href":"https:\/\/chileentinieblas.cl\/en\/wp-json\/wp\/v2\/media?parent=2563"}],"wp:term":[{"taxonomy":"post_tag","embeddable":true,"href":"https:\/\/chileentinieblas.cl\/en\/wp-json\/wp\/v2\/tags?post=2563"},{"taxonomy":"faccion","embeddable":true,"href":"https:\/\/chileentinieblas.cl\/en\/wp-json\/wp\/v2\/faccion?post=2563"}],"curies":[{"name":"wp","href":"https:\/\/api.w.org\/{rel}","templated":true}]}}