{"id":2557,"date":"2022-06-04T23:18:16","date_gmt":"2022-06-04T23:18:16","guid":{"rendered":"https:\/\/chileentinieblas.cl\/?post_type=pnj&#038;p=2557"},"modified":"2026-03-26T02:23:23","modified_gmt":"2026-03-26T02:23:23","slug":"ricco-alves-segundo","status":"publish","type":"pnj","link":"https:\/\/chileentinieblas.cl\/en\/pnj\/ricco-alves-segundo\/","title":{"rendered":"Ricco Alv\u00e9s Segundo"},"content":{"rendered":"<h2 class=\"wp-block-heading\">Baron de la Pintana<\/h2>\n\n\n\n<h2 class=\"wp-block-heading\">Vida Mortal<\/h2>\n\n\n\n<p class=\"wp-block-paragraph\">Federico Alv\u00e9s tuvo una infancia problem\u00e1tica. A los 8 a\u00f1os ya hab\u00eda cometido su primer asesinato. Hijo de un padre narcotraficante y de una madre alcoh\u00f3lica, careci\u00f3 de cualquier tipo de afecto. La \u00fanica atenci\u00f3n que pod\u00eda recibir era la de desempe\u00f1arse como una buena herramienta para su padre. A los 13, ya estaba reconocido como un sicario bajo el apodo del &#8220;Cara de bebe&#8221;. Es en esta edad en la que descubre que su padre, realmente no era el que ten\u00eda el poder, si no que respond\u00eda a otra figura, alguien llamado Ricco. A los 15 a\u00f1os, es contactado por Ricco para un trabajo. Este consist\u00eda en matar a una mujer que estaba vendiendo influencias dentro de los territorios. A Federico le llamaba la atenci\u00f3n lo especifico de estacar a la v\u00edctima. Su sorpresa fue grande cuando esa noche, en la casa de la v\u00edctima, esta arremeti\u00f3 con velocidad inhumana, logrando desarmarlo, pero por alguna raz\u00f3n, titubeo antes de asestar el golpe mortal, momento preciso para que &#8220;el cara de bebe&#8221; asestara con la estaca en el pecho de la mujer. Mas tarde sabr\u00eda que Valeria, la persona que hab\u00eda &#8220;asesinado&#8221;, ten\u00eda una historia con un hijo que hab\u00eda perdido que se parec\u00eda mucho a \u00e9l. A pesar de lo perturbador que fue para Federico, contin\u00fao trabajando a ordenes de Ricco e intentando saber un poco m\u00e1s sobre las habilidades que casi le costaron la vida a manos de su enemiga. Tanto insisti\u00f3, que Ricco lo convirti\u00f3 en su ghoul, lo cual solo impulso la habilidad para la violencia que manifestaba Federico. Al poco tiempo, y como pago por sus sobresalientes acciones para acabar con los enemigos de Ricco, fue convertido en vampiro.<\/p>\n\n\n\n<h2 class=\"wp-block-heading\">Vida Inmortal<\/h2>\n\n\n\n<p class=\"wp-block-paragraph\">Como vampiro dentro del clan del ministerio, asumi\u00f3 como guardaespaldas personal de Ricco y como su mano derecha. La figura paterna que ve\u00eda en Ricco, siempre lo forz\u00f3 a estar a su lado, incluso cuando los lazos de sangre ya no exist\u00edan. Federico se sent\u00eda c\u00f3modo. Sin embargo, en el a\u00f1o 2020, Ricco fue brutalmente asesinado a manos de la segunda inquisici\u00f3n y fue el momento en el que Federico tuvo que ascender. R\u00e1pidamente, y con el fin de no levantar sospechas ante sus enemigos en el negocio de la droga, asumi\u00f3 el nombre de Ricco y se hizo cargo como el nuevo bar\u00f3n de la Pintana. Sin embargo, el hecho de ser ahora su propia figura paterna fue demasiado perturbador para \u00e9l. La aparici\u00f3n del se\u00f1or D, fue su salvaci\u00f3n. A pesar de verse independiente, fuerte y violento, ahora su lealtad completa esta con su nueva figura paterna, el bar\u00f3n de puente alto y la florida.<\/p>","protected":false},"author":1,"featured_media":5333,"template":"","tags":[100,99],"faccion":[97,101,53],"class_list":["post-2557","pnj","type-pnj","status-publish","has-post-thumbnail","hentry","tag-anarquistas","tag-vampiro-la-mascarada","faccion-anarquistas","faccion-ministerio","faccion-vampiro-la-mascarada"],"acf":{"fecha":"Abrazado 1995 \/ Nacido 1976","estatus":"Muerto","ficha_del_personaje":"","aspecto":"Rico es alto y delgado. Es de test canela y viste con poleras sin mangas y pantalones abajo, donde solo se asoma su ropa interior y su inseparable pistola de plata.","interpretacion":"Ricco habla un coa formal, o intenta hacerlo. R\u00e1pidamente pierde la compostura y las amenazas son su forma de tratar. Si alguien lo acusa en alg\u00fan sentido de que es d\u00e9bil, probablemente mate a esa persona. No es tan devoto a su clan pero es un genio en el negocio de llevar a que la gente se pierda en el placer.","informacion_privada":"","mapa_de_kumu_u_otro_embed":""},"yoast_head":"<!-- This site is optimized with the Yoast SEO plugin v28.4 - https:\/\/yoast.com\/product\/yoast-seo-wordpress\/ -->\n<title>Ricco Alv\u00e9s Segundo - Chile en Tinieblas<\/title>\n<meta name=\"robots\" content=\"index, follow, max-snippet:-1, max-image-preview:large, max-video-preview:-1\" \/>\n<link rel=\"canonical\" href=\"https:\/\/chileentinieblas.cl\/en\/pnj\/ricco-alves-segundo\/\" \/>\n<meta property=\"og:locale\" content=\"en_US\" \/>\n<meta property=\"og:type\" content=\"article\" \/>\n<meta property=\"og:title\" content=\"Ricco Alv\u00e9s Segundo - Chile en Tinieblas\" \/>\n<meta property=\"og:description\" content=\"Baron de la Pintana Vida Mortal Federico Alv\u00e9s tuvo una infancia problem\u00e1tica. A los 8 a\u00f1os ya hab\u00eda cometido su primer asesinato. Hijo de un padre narcotraficante y de una madre alcoh\u00f3lica, careci\u00f3 de cualquier tipo de afecto. La \u00fanica atenci\u00f3n que pod\u00eda recibir era la de desempe\u00f1arse como una buena herramienta para su padre. [&hellip;]\" \/>\n<meta property=\"og:url\" content=\"https:\/\/chileentinieblas.cl\/en\/pnj\/ricco-alves-segundo\/\" \/>\n<meta property=\"og:site_name\" content=\"Chile en Tinieblas\" \/>\n<meta property=\"article:publisher\" content=\"https:\/\/www.facebook.com\/ChileenTinieblas\" \/>\n<meta property=\"article:modified_time\" content=\"2026-03-26T02:23:23+00:00\" \/>\n<meta property=\"og:image\" content=\"https:\/\/chileentinieblas.cl\/wp-content\/uploads\/2022\/06\/chileentinieblas_httpss.mj_.run-IAP-1of_Y_httpss.mj_.runT-h3Fs_2951de3b-3233-4473-bbb0-10e8f0a73257_0.png\" \/>\n\t<meta property=\"og:image:width\" content=\"896\" \/>\n\t<meta property=\"og:image:height\" content=\"1344\" \/>\n\t<meta property=\"og:image:type\" content=\"image\/png\" \/>\n<meta name=\"twitter:card\" content=\"summary_large_image\" \/>\n<meta name=\"twitter:label1\" content=\"Est. reading time\" \/>\n\t<meta name=\"twitter:data1\" content=\"2 minutes\" \/>\n<script type=\"application\/ld+json\" class=\"yoast-schema-graph\">{\"@context\":\"https:\\\/\\\/schema.org\",\"@graph\":[{\"@type\":\"WebPage\",\"@id\":\"https:\\\/\\\/chileentinieblas.cl\\\/pnj\\\/ricco-alves-segundo\\\/\",\"url\":\"https:\\\/\\\/chileentinieblas.cl\\\/pnj\\\/ricco-alves-segundo\\\/\",\"name\":\"Ricco Alv\u00e9s Segundo - Chile en Tinieblas\",\"isPartOf\":{\"@id\":\"https:\\\/\\\/chileentinieblas.cl\\\/#website\"},\"primaryImageOfPage\":{\"@id\":\"https:\\\/\\\/chileentinieblas.cl\\\/pnj\\\/ricco-alves-segundo\\\/#primaryimage\"},\"image\":{\"@id\":\"https:\\\/\\\/chileentinieblas.cl\\\/pnj\\\/ricco-alves-segundo\\\/#primaryimage\"},\"thumbnailUrl\":\"https:\\\/\\\/chileentinieblas.cl\\\/wp-content\\\/uploads\\\/2022\\\/06\\\/chileentinieblas_httpss.mj_.run-IAP-1of_Y_httpss.mj_.runT-h3Fs_2951de3b-3233-4473-bbb0-10e8f0a73257_0.png\",\"datePublished\":\"2022-06-04T23:18:16+00:00\",\"dateModified\":\"2026-03-26T02:23:23+00:00\",\"breadcrumb\":{\"@id\":\"https:\\\/\\\/chileentinieblas.cl\\\/pnj\\\/ricco-alves-segundo\\\/#breadcrumb\"},\"inLanguage\":\"en-US\",\"potentialAction\":[{\"@type\":\"ReadAction\",\"target\":[\"https:\\\/\\\/chileentinieblas.cl\\\/pnj\\\/ricco-alves-segundo\\\/\"]}]},{\"@type\":\"ImageObject\",\"inLanguage\":\"en-US\",\"@id\":\"https:\\\/\\\/chileentinieblas.cl\\\/pnj\\\/ricco-alves-segundo\\\/#primaryimage\",\"url\":\"https:\\\/\\\/chileentinieblas.cl\\\/wp-content\\\/uploads\\\/2022\\\/06\\\/chileentinieblas_httpss.mj_.run-IAP-1of_Y_httpss.mj_.runT-h3Fs_2951de3b-3233-4473-bbb0-10e8f0a73257_0.png\",\"contentUrl\":\"https:\\\/\\\/chileentinieblas.cl\\\/wp-content\\\/uploads\\\/2022\\\/06\\\/chileentinieblas_httpss.mj_.run-IAP-1of_Y_httpss.mj_.runT-h3Fs_2951de3b-3233-4473-bbb0-10e8f0a73257_0.png\",\"width\":896,\"height\":1344},{\"@type\":\"BreadcrumbList\",\"@id\":\"https:\\\/\\\/chileentinieblas.cl\\\/pnj\\\/ricco-alves-segundo\\\/#breadcrumb\",\"itemListElement\":[{\"@type\":\"ListItem\",\"position\":1,\"name\":\"Portada\",\"item\":\"https:\\\/\\\/chileentinieblas.cl\\\/\"},{\"@type\":\"ListItem\",\"position\":2,\"name\":\"PNJs\",\"item\":\"https:\\\/\\\/chileentinieblas.cl\\\/pnj\\\/\"},{\"@type\":\"ListItem\",\"position\":3,\"name\":\"Ricco Alv\u00e9s Segundo\"}]},{\"@type\":\"WebSite\",\"@id\":\"https:\\\/\\\/chileentinieblas.cl\\\/#website\",\"url\":\"https:\\\/\\\/chileentinieblas.cl\\\/\",\"name\":\"Chile en Tinieblas\",\"description\":\"Un servidor con mesas de rol de Mundo de Tinieblas\",\"publisher\":{\"@id\":\"https:\\\/\\\/chileentinieblas.cl\\\/#organization\"},\"potentialAction\":[{\"@type\":\"SearchAction\",\"target\":{\"@type\":\"EntryPoint\",\"urlTemplate\":\"https:\\\/\\\/chileentinieblas.cl\\\/?s={search_term_string}\"},\"query-input\":{\"@type\":\"PropertyValueSpecification\",\"valueRequired\":true,\"valueName\":\"search_term_string\"}}],\"inLanguage\":\"en-US\"},{\"@type\":\"Organization\",\"@id\":\"https:\\\/\\\/chileentinieblas.cl\\\/#organization\",\"name\":\"Chile en Tinieblas\",\"url\":\"https:\\\/\\\/chileentinieblas.cl\\\/\",\"logo\":{\"@type\":\"ImageObject\",\"inLanguage\":\"en-US\",\"@id\":\"https:\\\/\\\/chileentinieblas.cl\\\/#\\\/schema\\\/logo\\\/image\\\/\",\"url\":\"https:\\\/\\\/chileentinieblas.cl\\\/wp-content\\\/uploads\\\/2021\\\/12\\\/logo-cet-claro.png\",\"contentUrl\":\"https:\\\/\\\/chileentinieblas.cl\\\/wp-content\\\/uploads\\\/2021\\\/12\\\/logo-cet-claro.png\",\"width\":1001,\"height\":1030,\"caption\":\"Chile en Tinieblas\"},\"image\":{\"@id\":\"https:\\\/\\\/chileentinieblas.cl\\\/#\\\/schema\\\/logo\\\/image\\\/\"},\"sameAs\":[\"https:\\\/\\\/www.facebook.com\\\/ChileenTinieblas\",\"https:\\\/\\\/www.instagram.com\\\/chileentinieblas\\\/\",\"https:\\\/\\\/www.youtube.com\\\/@chileentinieblas\",\"https:\\\/\\\/www.tiktok.com\\\/@chileentinieblas\"]}]}<\/script>\n<!-- \/ Yoast SEO plugin. -->","yoast_head_json":{"title":"Ricco Alv\u00e9s Segundo - Chile en Tinieblas","robots":{"index":"index","follow":"follow","max-snippet":"max-snippet:-1","max-image-preview":"max-image-preview:large","max-video-preview":"max-video-preview:-1"},"canonical":"https:\/\/chileentinieblas.cl\/en\/pnj\/ricco-alves-segundo\/","og_locale":"en_US","og_type":"article","og_title":"Ricco Alv\u00e9s Segundo - Chile en Tinieblas","og_description":"Baron de la Pintana Vida Mortal Federico Alv\u00e9s tuvo una infancia problem\u00e1tica. A los 8 a\u00f1os ya hab\u00eda cometido su primer asesinato. Hijo de un padre narcotraficante y de una madre alcoh\u00f3lica, careci\u00f3 de cualquier tipo de afecto. La \u00fanica atenci\u00f3n que pod\u00eda recibir era la de desempe\u00f1arse como una buena herramienta para su padre. [&hellip;]","og_url":"https:\/\/chileentinieblas.cl\/en\/pnj\/ricco-alves-segundo\/","og_site_name":"Chile en Tinieblas","article_publisher":"https:\/\/www.facebook.com\/ChileenTinieblas","article_modified_time":"2026-03-26T02:23:23+00:00","og_image":[{"width":896,"height":1344,"url":"https:\/\/chileentinieblas.cl\/wp-content\/uploads\/2022\/06\/chileentinieblas_httpss.mj_.run-IAP-1of_Y_httpss.mj_.runT-h3Fs_2951de3b-3233-4473-bbb0-10e8f0a73257_0.png","type":"image\/png"}],"twitter_card":"summary_large_image","twitter_misc":{"Est. reading time":"2 minutes"},"schema":{"@context":"https:\/\/schema.org","@graph":[{"@type":"WebPage","@id":"https:\/\/chileentinieblas.cl\/pnj\/ricco-alves-segundo\/","url":"https:\/\/chileentinieblas.cl\/pnj\/ricco-alves-segundo\/","name":"Ricco Alv\u00e9s Segundo - Chile en Tinieblas","isPartOf":{"@id":"https:\/\/chileentinieblas.cl\/#website"},"primaryImageOfPage":{"@id":"https:\/\/chileentinieblas.cl\/pnj\/ricco-alves-segundo\/#primaryimage"},"image":{"@id":"https:\/\/chileentinieblas.cl\/pnj\/ricco-alves-segundo\/#primaryimage"},"thumbnailUrl":"https:\/\/chileentinieblas.cl\/wp-content\/uploads\/2022\/06\/chileentinieblas_httpss.mj_.run-IAP-1of_Y_httpss.mj_.runT-h3Fs_2951de3b-3233-4473-bbb0-10e8f0a73257_0.png","datePublished":"2022-06-04T23:18:16+00:00","dateModified":"2026-03-26T02:23:23+00:00","breadcrumb":{"@id":"https:\/\/chileentinieblas.cl\/pnj\/ricco-alves-segundo\/#breadcrumb"},"inLanguage":"en-US","potentialAction":[{"@type":"ReadAction","target":["https:\/\/chileentinieblas.cl\/pnj\/ricco-alves-segundo\/"]}]},{"@type":"ImageObject","inLanguage":"en-US","@id":"https:\/\/chileentinieblas.cl\/pnj\/ricco-alves-segundo\/#primaryimage","url":"https:\/\/chileentinieblas.cl\/wp-content\/uploads\/2022\/06\/chileentinieblas_httpss.mj_.run-IAP-1of_Y_httpss.mj_.runT-h3Fs_2951de3b-3233-4473-bbb0-10e8f0a73257_0.png","contentUrl":"https:\/\/chileentinieblas.cl\/wp-content\/uploads\/2022\/06\/chileentinieblas_httpss.mj_.run-IAP-1of_Y_httpss.mj_.runT-h3Fs_2951de3b-3233-4473-bbb0-10e8f0a73257_0.png","width":896,"height":1344},{"@type":"BreadcrumbList","@id":"https:\/\/chileentinieblas.cl\/pnj\/ricco-alves-segundo\/#breadcrumb","itemListElement":[{"@type":"ListItem","position":1,"name":"Portada","item":"https:\/\/chileentinieblas.cl\/"},{"@type":"ListItem","position":2,"name":"PNJs","item":"https:\/\/chileentinieblas.cl\/pnj\/"},{"@type":"ListItem","position":3,"name":"Ricco Alv\u00e9s Segundo"}]},{"@type":"WebSite","@id":"https:\/\/chileentinieblas.cl\/#website","url":"https:\/\/chileentinieblas.cl\/","name":"Chile en Tinieblas","description":"Un servidor con mesas de rol de Mundo de Tinieblas","publisher":{"@id":"https:\/\/chileentinieblas.cl\/#organization"},"potentialAction":[{"@type":"SearchAction","target":{"@type":"EntryPoint","urlTemplate":"https:\/\/chileentinieblas.cl\/?s={search_term_string}"},"query-input":{"@type":"PropertyValueSpecification","valueRequired":true,"valueName":"search_term_string"}}],"inLanguage":"en-US"},{"@type":"Organization","@id":"https:\/\/chileentinieblas.cl\/#organization","name":"Chile en Tinieblas","url":"https:\/\/chileentinieblas.cl\/","logo":{"@type":"ImageObject","inLanguage":"en-US","@id":"https:\/\/chileentinieblas.cl\/#\/schema\/logo\/image\/","url":"https:\/\/chileentinieblas.cl\/wp-content\/uploads\/2021\/12\/logo-cet-claro.png","contentUrl":"https:\/\/chileentinieblas.cl\/wp-content\/uploads\/2021\/12\/logo-cet-claro.png","width":1001,"height":1030,"caption":"Chile en Tinieblas"},"image":{"@id":"https:\/\/chileentinieblas.cl\/#\/schema\/logo\/image\/"},"sameAs":["https:\/\/www.facebook.com\/ChileenTinieblas","https:\/\/www.instagram.com\/chileentinieblas\/","https:\/\/www.youtube.com\/@chileentinieblas","https:\/\/www.tiktok.com\/@chileentinieblas"]}]}},"jetpack_sharing_enabled":true,"_links":{"self":[{"href":"https:\/\/chileentinieblas.cl\/en\/wp-json\/wp\/v2\/pnj\/2557","targetHints":{"allow":["GET"]}}],"collection":[{"href":"https:\/\/chileentinieblas.cl\/en\/wp-json\/wp\/v2\/pnj"}],"about":[{"href":"https:\/\/chileentinieblas.cl\/en\/wp-json\/wp\/v2\/types\/pnj"}],"author":[{"embeddable":true,"href":"https:\/\/chileentinieblas.cl\/en\/wp-json\/wp\/v2\/users\/1"}],"wp:featuredmedia":[{"embeddable":true,"href":"https:\/\/chileentinieblas.cl\/en\/wp-json\/wp\/v2\/media\/5333"}],"wp:attachment":[{"href":"https:\/\/chileentinieblas.cl\/en\/wp-json\/wp\/v2\/media?parent=2557"}],"wp:term":[{"taxonomy":"post_tag","embeddable":true,"href":"https:\/\/chileentinieblas.cl\/en\/wp-json\/wp\/v2\/tags?post=2557"},{"taxonomy":"faccion","embeddable":true,"href":"https:\/\/chileentinieblas.cl\/en\/wp-json\/wp\/v2\/faccion?post=2557"}],"curies":[{"name":"wp","href":"https:\/\/api.w.org\/{rel}","templated":true}]}}