{"id":2549,"date":"2022-05-23T00:33:45","date_gmt":"2022-05-23T00:33:45","guid":{"rendered":"https:\/\/chileentinieblas.cl\/?post_type=pnj&#038;p=2549"},"modified":"2024-07-29T19:41:08","modified_gmt":"2024-07-29T19:41:08","slug":"vladimir-carleone-bani-fortunae","status":"publish","type":"pnj","link":"https:\/\/chileentinieblas.cl\/en\/pnj\/vladimir-carleone-bani-fortunae\/","title":{"rendered":"Vladimir Carleone bani Fortunae"},"content":{"rendered":"<p class=\"wp-block-paragraph\">Antiguo miembro de la Orden de Hermes, viaja a Chile por \u00f3rdenes de su maestro cuando descubren que sudam\u00e9rica poco a poco se hab\u00eda vuelto un basti\u00f3n de poder m\u00e1gico que la tecnocracia hab\u00eda menospreciado.<\/p>\n\n\n\n<p class=\"wp-block-paragraph\">Aqu\u00ed conoci\u00f3 un antiguo maestro del cual la Orden hab\u00eda perdido rastro desde la \u00e9poca de la conquista, al que llamaban &#8220;el biblotecario&#8221;, sin embargo no pas\u00f3 mucho tiempo hasta que entendi\u00f3 que su posici\u00f3n frente a la guerra de la ascensi\u00f3n no servir\u00eda de nada para los prop\u00f3sitos de la Orden, de todas maneras, su colecci\u00f3n de libros y grimorios le permiti\u00f3 mantenerse como miembro a los ojos de Vladimir.<\/p>\n\n\n\n<p class=\"wp-block-paragraph\">Junto a otros miembros, Vladimir contribuy\u00f3 con los movimientos esot\u00e9ricos del pa\u00eds mientras intentaba rescatar todo conocimiento m\u00e1gico de las culturas asediadas por la colonia y la reciente &#8220;Pacificaci\u00f3n de la Araucan\u00eda&#8221;. Sin embargo, con el tiempo sus esfuerzos se centraron en formar un brazo unificado de la Orden y trabaj\u00f3 junto a las otras casas para formar logias e infiltrarse en varias de las universidades a manos de la tecnocracia. As\u00ed fue como conoci\u00f3 la recientemente formada casa Fortunae.<\/p>\n\n\n\n<p class=\"wp-block-paragraph\">Como representante extranjero, decide formar parte de la casa cuando ve que el poder econ\u00f3mico del pa\u00eds estaba tambaleando. Con sus pr\u00e1cticas logra servir de apoyo econ\u00f3mico para otros grupos m\u00e1gicos y con ello formar una presi\u00f3n econ\u00f3mica con la que influenciar incluso al mismo estado. Estas influencias le hicieron ganar poder e influencia en los c\u00edrculos pol\u00edticos y econ\u00f3micos del pa\u00eds, mientras manten\u00eda una fachada de intelectual y asesor financiero, lo que le permiti\u00f3 contribuir a la creaci\u00f3n de una de las academias elementales de magia que se formaban en sudam\u00e9rica para los futuros miembros de la Orden en el continente.<\/p>\n\n\n\n<p class=\"wp-block-paragraph\">Pero todo cambi\u00f3 con el pogromo tecn\u00f3crata en la d\u00e9cada del 73. En ese momento, el fuerte golpe que sufri\u00f3 el pa\u00eds afect\u00f3 tambi\u00e9n a m\u00faltiples fortalezas y capillas m\u00e1gicas que la Orden usaba en ese tiempo. Logias fueron perseguidas y destruidas, y la academia tuvo que defenderse. En ese momento se volvi\u00f3 un soldado activo contra la tecnocracia, ofreciendo refugio para los miembros de las tradiciones que se pusieran bajo el liderazgo de la Orden de Hermes, pidiendo a cambio cualquier recurso necesario para combatir a la Uni\u00f3n.<\/p>\n\n\n\n<p class=\"wp-block-paragraph\">La academia sobrevivi\u00f3 y se ocult\u00f3 a\u00fan m\u00e1s en lo profundo de la Umbra, pero a medida que la guerra se intensificaba, aparecieron miembros que intentaron corromper a los alumnos de esta, lo que provoc\u00f3 un conflicto interno donde conoci\u00f3 a su actual mujer, Alicia &#8220;&#8230;&#8221; una miembro menor de la academia que lo ayud\u00f3 a enfrentarse al mal que crec\u00eda entre la Orden. Cuando el conflicto amain\u00f3, y la situaci\u00f3n pol\u00edtica del pa\u00eds se apacigu\u00f3, Vladimir desapareci\u00f3 del dominio p\u00fablico para dedicarse a guerra desde otros frentes. Secretamente ha estado buscando nuevo conocimiento que pueda usar contra la Tecnocracia.<\/p>\n\n\n\n<p class=\"wp-block-paragraph\">Despu\u00e9s de que Doissetep desapareciera y Horizonte se destruyera, Vladimir volvi\u00f3 a su trabajo local en el pa\u00eds, este reencuentro con Alicia llev\u00f3 a que tuvieran un hijo, Aluk, a quien fue poco a poco introduciendo a la magia.<\/p>\n\n\n\n<p class=\"wp-block-paragraph\">Actualmente, luego de la tormenta de avatares, Vladimir, junto a los otros miembros de la Orden en el pa\u00eds, buscan activamente cualquier conocimiento perdido que les permita liberar al pa\u00eds de las garras de la Uni\u00f3n y su consenso neoliberal.<\/p>\n\n\n\n<p class=\"wp-block-paragraph\"><\/p>","protected":false},"author":1,"featured_media":2550,"template":"","tags":[96],"faccion":[51,26,27],"class_list":["post-2549","pnj","type-pnj","status-publish","has-post-thumbnail","hentry","tag-casa-fortunae","faccion-mago-la-ascension","faccion-orden-de-hermes","faccion-tradiciones"],"acf":{"fecha":"Desconocida","estatus":"Activo","ficha_del_personaje":"","aspecto":"","interpretacion":"","rango_mago":"8 - Archimago","informacion_privada":"","mapa_de_kumu_u_otro_embed":null},"yoast_head":"<!-- This site is optimized with the Yoast SEO plugin v28.4 - https:\/\/yoast.com\/product\/yoast-seo-wordpress\/ -->\n<title>Vladimir Carleone bani Fortunae - Chile en Tinieblas<\/title>\n<meta name=\"robots\" content=\"index, follow, max-snippet:-1, max-image-preview:large, max-video-preview:-1\" \/>\n<link rel=\"canonical\" href=\"https:\/\/chileentinieblas.cl\/en\/pnj\/vladimir-carleone-bani-fortunae\/\" \/>\n<meta property=\"og:locale\" content=\"en_US\" \/>\n<meta property=\"og:type\" content=\"article\" \/>\n<meta property=\"og:title\" content=\"Vladimir Carleone bani Fortunae - Chile en Tinieblas\" \/>\n<meta property=\"og:description\" content=\"Antiguo miembro de la Orden de Hermes, viaja a Chile por \u00f3rdenes de su maestro cuando descubren que sudam\u00e9rica poco a poco se hab\u00eda vuelto un basti\u00f3n de poder m\u00e1gico que la tecnocracia hab\u00eda menospreciado. Aqu\u00ed conoci\u00f3 un antiguo maestro del cual la Orden hab\u00eda perdido rastro desde la \u00e9poca de la conquista, al que [&hellip;]\" \/>\n<meta property=\"og:url\" content=\"https:\/\/chileentinieblas.cl\/en\/pnj\/vladimir-carleone-bani-fortunae\/\" \/>\n<meta property=\"og:site_name\" content=\"Chile en Tinieblas\" \/>\n<meta property=\"article:publisher\" content=\"https:\/\/www.facebook.com\/ChileenTinieblas\" \/>\n<meta property=\"article:modified_time\" content=\"2024-07-29T19:41:08+00:00\" \/>\n<meta property=\"og:image\" content=\"https:\/\/chileentinieblas.cl\/wp-content\/uploads\/2022\/05\/bella-bergolts-allessio-portrait-fin.jpg\" \/>\n\t<meta property=\"og:image:width\" content=\"1920\" \/>\n\t<meta property=\"og:image:height\" content=\"2365\" \/>\n\t<meta property=\"og:image:type\" content=\"image\/jpeg\" \/>\n<meta name=\"twitter:card\" content=\"summary_large_image\" \/>\n<meta name=\"twitter:label1\" content=\"Est. reading time\" \/>\n\t<meta name=\"twitter:data1\" content=\"3 minutes\" \/>\n<script type=\"application\/ld+json\" class=\"yoast-schema-graph\">{\"@context\":\"https:\\\/\\\/schema.org\",\"@graph\":[{\"@type\":\"WebPage\",\"@id\":\"https:\\\/\\\/chileentinieblas.cl\\\/pnj\\\/vladimir-carleone-bani-fortunae\\\/\",\"url\":\"https:\\\/\\\/chileentinieblas.cl\\\/pnj\\\/vladimir-carleone-bani-fortunae\\\/\",\"name\":\"Vladimir Carleone bani Fortunae - Chile en Tinieblas\",\"isPartOf\":{\"@id\":\"https:\\\/\\\/chileentinieblas.cl\\\/#website\"},\"primaryImageOfPage\":{\"@id\":\"https:\\\/\\\/chileentinieblas.cl\\\/pnj\\\/vladimir-carleone-bani-fortunae\\\/#primaryimage\"},\"image\":{\"@id\":\"https:\\\/\\\/chileentinieblas.cl\\\/pnj\\\/vladimir-carleone-bani-fortunae\\\/#primaryimage\"},\"thumbnailUrl\":\"https:\\\/\\\/chileentinieblas.cl\\\/wp-content\\\/uploads\\\/2022\\\/05\\\/bella-bergolts-allessio-portrait-fin.jpg\",\"datePublished\":\"2022-05-23T00:33:45+00:00\",\"dateModified\":\"2024-07-29T19:41:08+00:00\",\"breadcrumb\":{\"@id\":\"https:\\\/\\\/chileentinieblas.cl\\\/pnj\\\/vladimir-carleone-bani-fortunae\\\/#breadcrumb\"},\"inLanguage\":\"en-US\",\"potentialAction\":[{\"@type\":\"ReadAction\",\"target\":[\"https:\\\/\\\/chileentinieblas.cl\\\/pnj\\\/vladimir-carleone-bani-fortunae\\\/\"]}]},{\"@type\":\"ImageObject\",\"inLanguage\":\"en-US\",\"@id\":\"https:\\\/\\\/chileentinieblas.cl\\\/pnj\\\/vladimir-carleone-bani-fortunae\\\/#primaryimage\",\"url\":\"https:\\\/\\\/chileentinieblas.cl\\\/wp-content\\\/uploads\\\/2022\\\/05\\\/bella-bergolts-allessio-portrait-fin.jpg\",\"contentUrl\":\"https:\\\/\\\/chileentinieblas.cl\\\/wp-content\\\/uploads\\\/2022\\\/05\\\/bella-bergolts-allessio-portrait-fin.jpg\",\"width\":1920,\"height\":2365},{\"@type\":\"BreadcrumbList\",\"@id\":\"https:\\\/\\\/chileentinieblas.cl\\\/pnj\\\/vladimir-carleone-bani-fortunae\\\/#breadcrumb\",\"itemListElement\":[{\"@type\":\"ListItem\",\"position\":1,\"name\":\"Portada\",\"item\":\"https:\\\/\\\/chileentinieblas.cl\\\/\"},{\"@type\":\"ListItem\",\"position\":2,\"name\":\"PNJs\",\"item\":\"https:\\\/\\\/chileentinieblas.cl\\\/pnj\\\/\"},{\"@type\":\"ListItem\",\"position\":3,\"name\":\"Vladimir Carleone bani Fortunae\"}]},{\"@type\":\"WebSite\",\"@id\":\"https:\\\/\\\/chileentinieblas.cl\\\/#website\",\"url\":\"https:\\\/\\\/chileentinieblas.cl\\\/\",\"name\":\"Chile en Tinieblas\",\"description\":\"Un servidor con mesas de rol de Mundo de Tinieblas\",\"publisher\":{\"@id\":\"https:\\\/\\\/chileentinieblas.cl\\\/#organization\"},\"potentialAction\":[{\"@type\":\"SearchAction\",\"target\":{\"@type\":\"EntryPoint\",\"urlTemplate\":\"https:\\\/\\\/chileentinieblas.cl\\\/?s={search_term_string}\"},\"query-input\":{\"@type\":\"PropertyValueSpecification\",\"valueRequired\":true,\"valueName\":\"search_term_string\"}}],\"inLanguage\":\"en-US\"},{\"@type\":\"Organization\",\"@id\":\"https:\\\/\\\/chileentinieblas.cl\\\/#organization\",\"name\":\"Chile en Tinieblas\",\"url\":\"https:\\\/\\\/chileentinieblas.cl\\\/\",\"logo\":{\"@type\":\"ImageObject\",\"inLanguage\":\"en-US\",\"@id\":\"https:\\\/\\\/chileentinieblas.cl\\\/#\\\/schema\\\/logo\\\/image\\\/\",\"url\":\"https:\\\/\\\/chileentinieblas.cl\\\/wp-content\\\/uploads\\\/2021\\\/12\\\/logo-cet-claro.png\",\"contentUrl\":\"https:\\\/\\\/chileentinieblas.cl\\\/wp-content\\\/uploads\\\/2021\\\/12\\\/logo-cet-claro.png\",\"width\":1001,\"height\":1030,\"caption\":\"Chile en Tinieblas\"},\"image\":{\"@id\":\"https:\\\/\\\/chileentinieblas.cl\\\/#\\\/schema\\\/logo\\\/image\\\/\"},\"sameAs\":[\"https:\\\/\\\/www.facebook.com\\\/ChileenTinieblas\",\"https:\\\/\\\/www.instagram.com\\\/chileentinieblas\\\/\",\"https:\\\/\\\/www.youtube.com\\\/@chileentinieblas\",\"https:\\\/\\\/www.tiktok.com\\\/@chileentinieblas\"]}]}<\/script>\n<!-- \/ Yoast SEO plugin. -->","yoast_head_json":{"title":"Vladimir Carleone bani Fortunae - Chile en Tinieblas","robots":{"index":"index","follow":"follow","max-snippet":"max-snippet:-1","max-image-preview":"max-image-preview:large","max-video-preview":"max-video-preview:-1"},"canonical":"https:\/\/chileentinieblas.cl\/en\/pnj\/vladimir-carleone-bani-fortunae\/","og_locale":"en_US","og_type":"article","og_title":"Vladimir Carleone bani Fortunae - Chile en Tinieblas","og_description":"Antiguo miembro de la Orden de Hermes, viaja a Chile por \u00f3rdenes de su maestro cuando descubren que sudam\u00e9rica poco a poco se hab\u00eda vuelto un basti\u00f3n de poder m\u00e1gico que la tecnocracia hab\u00eda menospreciado. Aqu\u00ed conoci\u00f3 un antiguo maestro del cual la Orden hab\u00eda perdido rastro desde la \u00e9poca de la conquista, al que [&hellip;]","og_url":"https:\/\/chileentinieblas.cl\/en\/pnj\/vladimir-carleone-bani-fortunae\/","og_site_name":"Chile en Tinieblas","article_publisher":"https:\/\/www.facebook.com\/ChileenTinieblas","article_modified_time":"2024-07-29T19:41:08+00:00","og_image":[{"width":1920,"height":2365,"url":"https:\/\/chileentinieblas.cl\/wp-content\/uploads\/2022\/05\/bella-bergolts-allessio-portrait-fin.jpg","type":"image\/jpeg"}],"twitter_card":"summary_large_image","twitter_misc":{"Est. reading time":"3 minutes"},"schema":{"@context":"https:\/\/schema.org","@graph":[{"@type":"WebPage","@id":"https:\/\/chileentinieblas.cl\/pnj\/vladimir-carleone-bani-fortunae\/","url":"https:\/\/chileentinieblas.cl\/pnj\/vladimir-carleone-bani-fortunae\/","name":"Vladimir Carleone bani Fortunae - Chile en Tinieblas","isPartOf":{"@id":"https:\/\/chileentinieblas.cl\/#website"},"primaryImageOfPage":{"@id":"https:\/\/chileentinieblas.cl\/pnj\/vladimir-carleone-bani-fortunae\/#primaryimage"},"image":{"@id":"https:\/\/chileentinieblas.cl\/pnj\/vladimir-carleone-bani-fortunae\/#primaryimage"},"thumbnailUrl":"https:\/\/chileentinieblas.cl\/wp-content\/uploads\/2022\/05\/bella-bergolts-allessio-portrait-fin.jpg","datePublished":"2022-05-23T00:33:45+00:00","dateModified":"2024-07-29T19:41:08+00:00","breadcrumb":{"@id":"https:\/\/chileentinieblas.cl\/pnj\/vladimir-carleone-bani-fortunae\/#breadcrumb"},"inLanguage":"en-US","potentialAction":[{"@type":"ReadAction","target":["https:\/\/chileentinieblas.cl\/pnj\/vladimir-carleone-bani-fortunae\/"]}]},{"@type":"ImageObject","inLanguage":"en-US","@id":"https:\/\/chileentinieblas.cl\/pnj\/vladimir-carleone-bani-fortunae\/#primaryimage","url":"https:\/\/chileentinieblas.cl\/wp-content\/uploads\/2022\/05\/bella-bergolts-allessio-portrait-fin.jpg","contentUrl":"https:\/\/chileentinieblas.cl\/wp-content\/uploads\/2022\/05\/bella-bergolts-allessio-portrait-fin.jpg","width":1920,"height":2365},{"@type":"BreadcrumbList","@id":"https:\/\/chileentinieblas.cl\/pnj\/vladimir-carleone-bani-fortunae\/#breadcrumb","itemListElement":[{"@type":"ListItem","position":1,"name":"Portada","item":"https:\/\/chileentinieblas.cl\/"},{"@type":"ListItem","position":2,"name":"PNJs","item":"https:\/\/chileentinieblas.cl\/pnj\/"},{"@type":"ListItem","position":3,"name":"Vladimir Carleone bani Fortunae"}]},{"@type":"WebSite","@id":"https:\/\/chileentinieblas.cl\/#website","url":"https:\/\/chileentinieblas.cl\/","name":"Chile en Tinieblas","description":"Un servidor con mesas de rol de Mundo de Tinieblas","publisher":{"@id":"https:\/\/chileentinieblas.cl\/#organization"},"potentialAction":[{"@type":"SearchAction","target":{"@type":"EntryPoint","urlTemplate":"https:\/\/chileentinieblas.cl\/?s={search_term_string}"},"query-input":{"@type":"PropertyValueSpecification","valueRequired":true,"valueName":"search_term_string"}}],"inLanguage":"en-US"},{"@type":"Organization","@id":"https:\/\/chileentinieblas.cl\/#organization","name":"Chile en Tinieblas","url":"https:\/\/chileentinieblas.cl\/","logo":{"@type":"ImageObject","inLanguage":"en-US","@id":"https:\/\/chileentinieblas.cl\/#\/schema\/logo\/image\/","url":"https:\/\/chileentinieblas.cl\/wp-content\/uploads\/2021\/12\/logo-cet-claro.png","contentUrl":"https:\/\/chileentinieblas.cl\/wp-content\/uploads\/2021\/12\/logo-cet-claro.png","width":1001,"height":1030,"caption":"Chile en Tinieblas"},"image":{"@id":"https:\/\/chileentinieblas.cl\/#\/schema\/logo\/image\/"},"sameAs":["https:\/\/www.facebook.com\/ChileenTinieblas","https:\/\/www.instagram.com\/chileentinieblas\/","https:\/\/www.youtube.com\/@chileentinieblas","https:\/\/www.tiktok.com\/@chileentinieblas"]}]}},"jetpack_sharing_enabled":true,"_links":{"self":[{"href":"https:\/\/chileentinieblas.cl\/en\/wp-json\/wp\/v2\/pnj\/2549","targetHints":{"allow":["GET"]}}],"collection":[{"href":"https:\/\/chileentinieblas.cl\/en\/wp-json\/wp\/v2\/pnj"}],"about":[{"href":"https:\/\/chileentinieblas.cl\/en\/wp-json\/wp\/v2\/types\/pnj"}],"author":[{"embeddable":true,"href":"https:\/\/chileentinieblas.cl\/en\/wp-json\/wp\/v2\/users\/1"}],"wp:featuredmedia":[{"embeddable":true,"href":"https:\/\/chileentinieblas.cl\/en\/wp-json\/wp\/v2\/media\/2550"}],"wp:attachment":[{"href":"https:\/\/chileentinieblas.cl\/en\/wp-json\/wp\/v2\/media?parent=2549"}],"wp:term":[{"taxonomy":"post_tag","embeddable":true,"href":"https:\/\/chileentinieblas.cl\/en\/wp-json\/wp\/v2\/tags?post=2549"},{"taxonomy":"faccion","embeddable":true,"href":"https:\/\/chileentinieblas.cl\/en\/wp-json\/wp\/v2\/faccion?post=2549"}],"curies":[{"name":"wp","href":"https:\/\/api.w.org\/{rel}","templated":true}]}}