{"id":2540,"date":"2022-04-20T00:06:32","date_gmt":"2022-04-20T00:06:32","guid":{"rendered":"https:\/\/chileentinieblas.cl\/?post_type=pnj&#038;p=2540"},"modified":"2026-05-07T17:39:32","modified_gmt":"2026-05-07T17:39:32","slug":"selena-montero","status":"publish","type":"pnj","link":"https:\/\/chileentinieblas.cl\/en\/pnj\/selena-montero\/","title":{"rendered":"Selena Montero"},"content":{"rendered":"<p class=\"wp-block-paragraph\">Selena es la representante de la casa Carna en Santiago de los Tremere y un recurso fundamental para atacar a la agencia FAST. Gracias a sus logros a obtenido un mejor puesto en la pir\u00e1mide Tremere en Santiago, pero su ambici\u00f3n la empuja constantemente a alcanzar el liderazgo de los Tremere en la regi\u00f3n, algo que todav\u00eda est\u00e1 por verse.<\/p>\n\n\n\n<p class=\"wp-block-paragraph\"><\/p>","protected":false},"author":1,"featured_media":2541,"template":"","tags":[95],"faccion":[67,53],"class_list":["post-2540","pnj","type-pnj","status-publish","has-post-thumbnail","hentry","tag-casa-carna","faccion-tremere","faccion-vampiro-la-mascarada"],"acf":{"fecha":"1895 - Actualidad","estatus":"Activo","ficha_del_personaje":"","aspecto":"","interpretacion":"","informacion_privada":"<!-- wp:heading -->\r\n<h2 class=\"wp-block-heading\">1920 - Or\u00edgenes<\/h2>\r\n<!-- \/wp:heading --> <!-- wp:paragraph -->\r\n\r\nSeguidora desde muy joven de las artes oscuras y perteneciente al culto de las baharis, fue una hechicera que se ganaba la vida realizando males de ojos, amarres y otros tipos de maldiciones sencillas, lo que llam\u00f3 la atenci\u00f3n del Tremere (nombre pendiente) quien, logrando ir en contra de las obligaciones de su clan, la abraz\u00f3 despu\u00e9s de conocer el caso de Corina Rojas e investigar a quien hab\u00eda acudido para el asesinato que cometi\u00f3.\r\n\r\n<!-- \/wp:paragraph --> <!-- wp:heading -->\r\n<h2 class=\"wp-block-heading\">1948 - Esclavizada por los Tremere<\/h2>\r\n<!-- \/wp:heading --> <!-- wp:paragraph -->\r\n\r\nLa relaci\u00f3n con su sire la aleja durante bastantes a\u00f1os del culto Bahari, r\u00e1pidamente se enamoraron y durante a\u00f1os compartieron conocimiento para potenciar sus artes por medio de la hechicer\u00eda de sangre, pero no pudieron mantener oculta esta relaci\u00f3n por mucho tiempo, en 1948, el l\u00edder de la casa Tremere termina destruyendo a su Sire por desacato y castiga a Selena a servir al clan Tremere mientras carga con el peso de la muerte de su amado.\r\n\r\n<!-- \/wp:paragraph --> <!-- wp:paragraph -->\r\n\r\nBajo la sombra de su servidumbre, vuelve a contactarse con el culto Bahari, esta vez con la intenci\u00f3n de entregarse completamente al camino de Lilith, mientras prepara su venganza personal.\r\n\r\n<!-- \/wp:paragraph --> <!-- wp:heading -->\r\n<h2 class=\"wp-block-heading\">El progromo del 73<\/h2>\r\n<!-- \/wp:heading --> <!-- wp:paragraph -->\r\n\r\nCongelada en su rol como servidora del clan Tremere, su suerte cambi\u00f3 cuando la actual pir\u00e1mide se desmoron\u00f3 a causa de la dictadura y la posterior caza de los seres sobrenaturales del pa\u00eds. La camarilla y el clan en ese entonces terminaron separ\u00e1ndose y buscando refugio para sobrevivir. Selena gracias a su conexi\u00f3n con el culto Bahari logr\u00f3 escapar de la caza de brujas de ese entonces.\r\n\r\n<!-- \/wp:paragraph --> <!-- wp:paragraph -->\r\n\r\n&nbsp;\r\n\r\n<!-- \/wp:paragraph --> <!-- wp:heading -->\r\n<h2 class=\"wp-block-heading\">1997 - Conoce a Solandis<\/h2>\r\n<!-- \/wp:heading --> <!-- wp:paragraph -->\r\n\r\nEn 1998, en uno de los viajes que hace con el culto, encuentra seguidores en Vichuqu\u00e9n, donde logra identificar, gracias a sus artes de adivinaci\u00f3n, a una poderosa maga apodada \"<a href=\"https:\/\/chileentinieblas.cl\/pnj\/madre-solandis\/\" data-type=\"pnj\" data-id=\"1248\">Solandis<\/a>\" capaz de escuchar los susurros de una entidad que Selena aseguraba que era la misma Lilith. Usando sus encantos, termina convenci\u00e9ndola para que se una a las Baharis y explote todo su potencial.\r\n\r\n<!-- \/wp:paragraph --> <!-- wp:heading -->\r\n<h2 class=\"wp-block-heading\">2001 - Regreso a Santiago<\/h2>\r\n<!-- \/wp:heading --> <!-- wp:paragraph -->\r\n\r\nMientras deja a Solandis con el culto Bahari, vuelve a Santiago para retomar un cargo en la nueva estructura del clan Tremere, esta vez como miembro de la casa Carna, quien la recibe despu\u00e9s del injusto trato que hab\u00eda tenido durante d\u00e9cadas, lo que le permite retomar su plan y desplazar a Bratovich, el nuevo regente, en un futuro cercano.\r\n\r\n<!-- \/wp:paragraph --> <!-- wp:heading -->\r\n<h2 class=\"wp-block-heading\">2015 - Solandis renace<\/h2>\r\n<!-- \/wp:heading --> <!-- wp:paragraph -->\r\n\r\nMientras Selena se manten\u00eda en Santiago, Solandis hace el sacrificio final, lo que le permite navegar hacia los jardines de Lilith m\u00e1s all\u00e1 de la umbra. Luego de eso, desde el m\u00e1s all\u00e1 se comunica con los dem\u00e1s miembros del culto por medio de canales reflectantes como el agua o espejos, para imponerse como la nueva Madre que los guiar\u00e1 en sus objetivos. Selena, orgullosa de ella, ve que ese nuevo poder le permitir\u00eda avanzar en su plan, por lo que intenta comunicarse con ella pero no la encuentra, as\u00ed que comienza a reunir a las Baharis en Santiago con la esperanza de recibir su visita.\r\n\r\n<!-- \/wp:paragraph --> <!-- wp:heading -->\r\n<h2 class=\"wp-block-heading\">2020 Ataques a las Baharis<\/h2>\r\n<!-- \/wp:heading --> <!-- wp:paragraph -->\r\n\r\nSelena recibe un golpe directo de la segunda inquisici\u00f3n cuando la agencia F.A.S.T. descubre a miembros de su culto y capturan a una de sus hermanas. Esto pone en alerta a Selena quien se mantiene infiltrada en el clan Tremere desde entonces, hasta que un d\u00eda Solandis se contacta con ella, con el cargo de \"Madre del culto\", quien le indica que si quiere ayuda, deber\u00e1 ayudarla a deshacerse de los enemigos del culto y de Lilith.\r\n\r\n<!-- \/wp:paragraph --> <!-- wp:heading -->\r\n<h2 class=\"wp-block-heading\">Actualidad<\/h2>\r\n<!-- \/wp:heading --> <!-- wp:paragraph -->\r\n\r\nActualmente Selena es la representante de la casa Carna en Santiago de los Tremere y usa sus recursos para ayudar indirectamente al culto Bahari, con refugio, comunicaci\u00f3n y log\u00edstica para que puedan celebrar sus misas y llevar a cabo sus planes. A cambio, el culto le provee de oportunidades para atacar a la agencia FAST y obtener un mejor puesto en la pir\u00e1mide Tremere en Santiago y desde dentro destruirlos, apropi\u00e1ndose de sus conocimientos y cumplir la venganza que indica el camino de Lilith.\r\n\r\n<!-- \/wp:paragraph --> <!-- wp:paragraph -->\r\n\r\nPor pedido de Madre Solandis, ahora cuenta con su chiquilla <a href=\"https:\/\/chileentinieblas.cl\/pnj\/aurora\/\" data-type=\"pnj\" data-id=\"1918\">Aurora<\/a>, quien es el puente entre ella y el culto en Santiago.\r\n\r\n<!-- \/wp:paragraph -->","mapa_de_kumu_u_otro_embed":""},"yoast_head":"<!-- This site is optimized with the Yoast SEO plugin v28.4 - https:\/\/yoast.com\/product\/yoast-seo-wordpress\/ -->\n<title>Selena Montero - Chile en Tinieblas<\/title>\n<meta name=\"robots\" content=\"index, follow, max-snippet:-1, max-image-preview:large, max-video-preview:-1\" \/>\n<link rel=\"canonical\" href=\"https:\/\/chileentinieblas.cl\/en\/pnj\/selena-montero\/\" \/>\n<meta property=\"og:locale\" content=\"en_US\" \/>\n<meta property=\"og:type\" content=\"article\" \/>\n<meta property=\"og:title\" content=\"Selena Montero - Chile en Tinieblas\" \/>\n<meta property=\"og:description\" content=\"Selena es la representante de la casa Carna en Santiago de los Tremere y un recurso fundamental para atacar a la agencia FAST. Gracias a sus logros a obtenido un mejor puesto en la pir\u00e1mide Tremere en Santiago, pero su ambici\u00f3n la empuja constantemente a alcanzar el liderazgo de los Tremere en la regi\u00f3n, algo [&hellip;]\" \/>\n<meta property=\"og:url\" content=\"https:\/\/chileentinieblas.cl\/en\/pnj\/selena-montero\/\" \/>\n<meta property=\"og:site_name\" content=\"Chile en Tinieblas\" \/>\n<meta property=\"article:publisher\" content=\"https:\/\/www.facebook.com\/ChileenTinieblas\" \/>\n<meta property=\"article:modified_time\" content=\"2026-05-07T17:39:32+00:00\" \/>\n<meta property=\"og:image\" content=\"https:\/\/i.pinimg.com\/564x\/de\/1a\/bc\/de1abce5db832d24ae4764b2406c8bdf.jpg\" \/>\n\t<meta property=\"og:image:width\" content=\"563\" \/>\n\t<meta property=\"og:image:height\" content=\"861\" \/>\n\t<meta property=\"og:image:type\" content=\"image\/jpeg\" \/>\n<meta name=\"twitter:card\" content=\"summary_large_image\" \/>\n<script type=\"application\/ld+json\" class=\"yoast-schema-graph\">{\"@context\":\"https:\\\/\\\/schema.org\",\"@graph\":[{\"@type\":\"WebPage\",\"@id\":\"https:\\\/\\\/chileentinieblas.cl\\\/pnj\\\/selena-montero\\\/\",\"url\":\"https:\\\/\\\/chileentinieblas.cl\\\/pnj\\\/selena-montero\\\/\",\"name\":\"Selena Montero - Chile en Tinieblas\",\"isPartOf\":{\"@id\":\"https:\\\/\\\/chileentinieblas.cl\\\/#website\"},\"primaryImageOfPage\":{\"@id\":\"https:\\\/\\\/chileentinieblas.cl\\\/pnj\\\/selena-montero\\\/#primaryimage\"},\"image\":{\"@id\":\"https:\\\/\\\/chileentinieblas.cl\\\/pnj\\\/selena-montero\\\/#primaryimage\"},\"thumbnailUrl\":\"https:\\\/\\\/i.pinimg.com\\\/564x\\\/de\\\/1a\\\/bc\\\/de1abce5db832d24ae4764b2406c8bdf.jpg\",\"datePublished\":\"2022-04-20T00:06:32+00:00\",\"dateModified\":\"2026-05-07T17:39:32+00:00\",\"breadcrumb\":{\"@id\":\"https:\\\/\\\/chileentinieblas.cl\\\/pnj\\\/selena-montero\\\/#breadcrumb\"},\"inLanguage\":\"en-US\",\"potentialAction\":[{\"@type\":\"ReadAction\",\"target\":[\"https:\\\/\\\/chileentinieblas.cl\\\/pnj\\\/selena-montero\\\/\"]}]},{\"@type\":\"ImageObject\",\"inLanguage\":\"en-US\",\"@id\":\"https:\\\/\\\/chileentinieblas.cl\\\/pnj\\\/selena-montero\\\/#primaryimage\",\"url\":\"https:\\\/\\\/i.pinimg.com\\\/564x\\\/de\\\/1a\\\/bc\\\/de1abce5db832d24ae4764b2406c8bdf.jpg\",\"contentUrl\":\"https:\\\/\\\/i.pinimg.com\\\/564x\\\/de\\\/1a\\\/bc\\\/de1abce5db832d24ae4764b2406c8bdf.jpg\",\"width\":563,\"height\":861},{\"@type\":\"BreadcrumbList\",\"@id\":\"https:\\\/\\\/chileentinieblas.cl\\\/pnj\\\/selena-montero\\\/#breadcrumb\",\"itemListElement\":[{\"@type\":\"ListItem\",\"position\":1,\"name\":\"Portada\",\"item\":\"https:\\\/\\\/chileentinieblas.cl\\\/\"},{\"@type\":\"ListItem\",\"position\":2,\"name\":\"PNJs\",\"item\":\"https:\\\/\\\/chileentinieblas.cl\\\/pnj\\\/\"},{\"@type\":\"ListItem\",\"position\":3,\"name\":\"Selena Montero\"}]},{\"@type\":\"WebSite\",\"@id\":\"https:\\\/\\\/chileentinieblas.cl\\\/#website\",\"url\":\"https:\\\/\\\/chileentinieblas.cl\\\/\",\"name\":\"Chile en Tinieblas\",\"description\":\"Un servidor con mesas de rol de Mundo de Tinieblas\",\"publisher\":{\"@id\":\"https:\\\/\\\/chileentinieblas.cl\\\/#organization\"},\"potentialAction\":[{\"@type\":\"SearchAction\",\"target\":{\"@type\":\"EntryPoint\",\"urlTemplate\":\"https:\\\/\\\/chileentinieblas.cl\\\/?s={search_term_string}\"},\"query-input\":{\"@type\":\"PropertyValueSpecification\",\"valueRequired\":true,\"valueName\":\"search_term_string\"}}],\"inLanguage\":\"en-US\"},{\"@type\":\"Organization\",\"@id\":\"https:\\\/\\\/chileentinieblas.cl\\\/#organization\",\"name\":\"Chile en Tinieblas\",\"url\":\"https:\\\/\\\/chileentinieblas.cl\\\/\",\"logo\":{\"@type\":\"ImageObject\",\"inLanguage\":\"en-US\",\"@id\":\"https:\\\/\\\/chileentinieblas.cl\\\/#\\\/schema\\\/logo\\\/image\\\/\",\"url\":\"https:\\\/\\\/chileentinieblas.cl\\\/wp-content\\\/uploads\\\/2021\\\/12\\\/logo-cet-claro.png\",\"contentUrl\":\"https:\\\/\\\/chileentinieblas.cl\\\/wp-content\\\/uploads\\\/2021\\\/12\\\/logo-cet-claro.png\",\"width\":1001,\"height\":1030,\"caption\":\"Chile en Tinieblas\"},\"image\":{\"@id\":\"https:\\\/\\\/chileentinieblas.cl\\\/#\\\/schema\\\/logo\\\/image\\\/\"},\"sameAs\":[\"https:\\\/\\\/www.facebook.com\\\/ChileenTinieblas\",\"https:\\\/\\\/www.instagram.com\\\/chileentinieblas\\\/\",\"https:\\\/\\\/www.youtube.com\\\/@chileentinieblas\",\"https:\\\/\\\/www.tiktok.com\\\/@chileentinieblas\"]}]}<\/script>\n<!-- \/ Yoast SEO plugin. -->","yoast_head_json":{"title":"Selena Montero - Chile en Tinieblas","robots":{"index":"index","follow":"follow","max-snippet":"max-snippet:-1","max-image-preview":"max-image-preview:large","max-video-preview":"max-video-preview:-1"},"canonical":"https:\/\/chileentinieblas.cl\/en\/pnj\/selena-montero\/","og_locale":"en_US","og_type":"article","og_title":"Selena Montero - Chile en Tinieblas","og_description":"Selena es la representante de la casa Carna en Santiago de los Tremere y un recurso fundamental para atacar a la agencia FAST. Gracias a sus logros a obtenido un mejor puesto en la pir\u00e1mide Tremere en Santiago, pero su ambici\u00f3n la empuja constantemente a alcanzar el liderazgo de los Tremere en la regi\u00f3n, algo [&hellip;]","og_url":"https:\/\/chileentinieblas.cl\/en\/pnj\/selena-montero\/","og_site_name":"Chile en Tinieblas","article_publisher":"https:\/\/www.facebook.com\/ChileenTinieblas","article_modified_time":"2026-05-07T17:39:32+00:00","og_image":[{"width":563,"height":861,"url":"https:\/\/i.pinimg.com\/564x\/de\/1a\/bc\/de1abce5db832d24ae4764b2406c8bdf.jpg","type":"image\/jpeg"}],"twitter_card":"summary_large_image","schema":{"@context":"https:\/\/schema.org","@graph":[{"@type":"WebPage","@id":"https:\/\/chileentinieblas.cl\/pnj\/selena-montero\/","url":"https:\/\/chileentinieblas.cl\/pnj\/selena-montero\/","name":"Selena Montero - Chile en Tinieblas","isPartOf":{"@id":"https:\/\/chileentinieblas.cl\/#website"},"primaryImageOfPage":{"@id":"https:\/\/chileentinieblas.cl\/pnj\/selena-montero\/#primaryimage"},"image":{"@id":"https:\/\/chileentinieblas.cl\/pnj\/selena-montero\/#primaryimage"},"thumbnailUrl":"https:\/\/i.pinimg.com\/564x\/de\/1a\/bc\/de1abce5db832d24ae4764b2406c8bdf.jpg","datePublished":"2022-04-20T00:06:32+00:00","dateModified":"2026-05-07T17:39:32+00:00","breadcrumb":{"@id":"https:\/\/chileentinieblas.cl\/pnj\/selena-montero\/#breadcrumb"},"inLanguage":"en-US","potentialAction":[{"@type":"ReadAction","target":["https:\/\/chileentinieblas.cl\/pnj\/selena-montero\/"]}]},{"@type":"ImageObject","inLanguage":"en-US","@id":"https:\/\/chileentinieblas.cl\/pnj\/selena-montero\/#primaryimage","url":"https:\/\/i.pinimg.com\/564x\/de\/1a\/bc\/de1abce5db832d24ae4764b2406c8bdf.jpg","contentUrl":"https:\/\/i.pinimg.com\/564x\/de\/1a\/bc\/de1abce5db832d24ae4764b2406c8bdf.jpg","width":563,"height":861},{"@type":"BreadcrumbList","@id":"https:\/\/chileentinieblas.cl\/pnj\/selena-montero\/#breadcrumb","itemListElement":[{"@type":"ListItem","position":1,"name":"Portada","item":"https:\/\/chileentinieblas.cl\/"},{"@type":"ListItem","position":2,"name":"PNJs","item":"https:\/\/chileentinieblas.cl\/pnj\/"},{"@type":"ListItem","position":3,"name":"Selena Montero"}]},{"@type":"WebSite","@id":"https:\/\/chileentinieblas.cl\/#website","url":"https:\/\/chileentinieblas.cl\/","name":"Chile en Tinieblas","description":"Un servidor con mesas de rol de Mundo de Tinieblas","publisher":{"@id":"https:\/\/chileentinieblas.cl\/#organization"},"potentialAction":[{"@type":"SearchAction","target":{"@type":"EntryPoint","urlTemplate":"https:\/\/chileentinieblas.cl\/?s={search_term_string}"},"query-input":{"@type":"PropertyValueSpecification","valueRequired":true,"valueName":"search_term_string"}}],"inLanguage":"en-US"},{"@type":"Organization","@id":"https:\/\/chileentinieblas.cl\/#organization","name":"Chile en Tinieblas","url":"https:\/\/chileentinieblas.cl\/","logo":{"@type":"ImageObject","inLanguage":"en-US","@id":"https:\/\/chileentinieblas.cl\/#\/schema\/logo\/image\/","url":"https:\/\/chileentinieblas.cl\/wp-content\/uploads\/2021\/12\/logo-cet-claro.png","contentUrl":"https:\/\/chileentinieblas.cl\/wp-content\/uploads\/2021\/12\/logo-cet-claro.png","width":1001,"height":1030,"caption":"Chile en Tinieblas"},"image":{"@id":"https:\/\/chileentinieblas.cl\/#\/schema\/logo\/image\/"},"sameAs":["https:\/\/www.facebook.com\/ChileenTinieblas","https:\/\/www.instagram.com\/chileentinieblas\/","https:\/\/www.youtube.com\/@chileentinieblas","https:\/\/www.tiktok.com\/@chileentinieblas"]}]}},"jetpack_sharing_enabled":true,"_links":{"self":[{"href":"https:\/\/chileentinieblas.cl\/en\/wp-json\/wp\/v2\/pnj\/2540","targetHints":{"allow":["GET"]}}],"collection":[{"href":"https:\/\/chileentinieblas.cl\/en\/wp-json\/wp\/v2\/pnj"}],"about":[{"href":"https:\/\/chileentinieblas.cl\/en\/wp-json\/wp\/v2\/types\/pnj"}],"author":[{"embeddable":true,"href":"https:\/\/chileentinieblas.cl\/en\/wp-json\/wp\/v2\/users\/1"}],"wp:featuredmedia":[{"embeddable":true,"href":"https:\/\/chileentinieblas.cl\/en\/wp-json\/wp\/v2\/media\/2541"}],"wp:attachment":[{"href":"https:\/\/chileentinieblas.cl\/en\/wp-json\/wp\/v2\/media?parent=2540"}],"wp:term":[{"taxonomy":"post_tag","embeddable":true,"href":"https:\/\/chileentinieblas.cl\/en\/wp-json\/wp\/v2\/tags?post=2540"},{"taxonomy":"faccion","embeddable":true,"href":"https:\/\/chileentinieblas.cl\/en\/wp-json\/wp\/v2\/faccion?post=2540"}],"curies":[{"name":"wp","href":"https:\/\/api.w.org\/{rel}","templated":true}]}}