{"id":2537,"date":"2022-04-16T01:56:34","date_gmt":"2022-04-16T01:56:34","guid":{"rendered":"https:\/\/chileentinieblas.cl\/?post_type=pnj&#038;p=2537"},"modified":"2024-07-29T19:41:08","modified_gmt":"2024-07-29T19:41:08","slug":"edgar-gonzalez","status":"publish","type":"pnj","link":"https:\/\/chileentinieblas.cl\/en\/pnj\/edgar-gonzalez\/","title":{"rendered":"Edgar Gonzalez, &#8220;el Tatita&#8221;"},"content":{"rendered":"<p class=\"wp-block-paragraph\">L\u00edder de la divisi\u00f3n extralegal de los protectores, se encarga del dinero que se mueve en los c\u00edrculos bajos de la ciudad, poniendo un especial ojo a Bajos de Menas. Su influencia en inmobiliarias le permiti\u00f3 entrar a los barrios m\u00e1s peligrosos de la ciudad, a los lugares donde nadie m\u00e1s se atrev\u00eda a hacer negocios.<\/p>\n\n\n\n<!--more-->\n\n\n\n<h2 class=\"wp-block-heading\">Origen<\/h2>\n\n\n\n<p class=\"wp-block-paragraph\">Creci\u00f3 en Cerro Navia gran parte de su infancia y juventud, su familia era conocida entre los vecinos y esa fama le permit\u00eda cierta protecci\u00f3n para andar con tranquilidad en las calles de su poblaci\u00f3n, sus padres le inculcaron el valor de ser parte de una familia, no hab\u00eda nada m\u00e1s importante que eso.<\/p>\n\n\n\n<p class=\"wp-block-paragraph\">Con el tiempo aprendi\u00f3 del negocio de sus padres, una pareja de traficantes de marihuana que gracias a sus negocios ofrec\u00eda protecci\u00f3n y contactos para sus vecinos, de manera que su territorio se manten\u00eda relativamente estable, usando los recursos que ganaba para mejorar las cosas en su villa.<\/p>\n\n\n\n<p class=\"wp-block-paragraph\">Las mejores caracter\u00edsticas las hered\u00f3 de sus padres, sigui\u00f3 su negocio y de vez en cuando le tocaba hacer la parte sucia y dif\u00edcil. Al mismo tiempo entr\u00f3 a estudiar administraci\u00f3n de empresas en la Universidad de Santiago y usaba su conocimiento para expandir su influencia, pero todo cambi\u00f3 cuando el 83 sus padres fueron asesinados por criaturas sobrenaturales.<\/p>\n\n\n\n<h2 class=\"wp-block-heading\">1983, Asesinato<\/h2>\n\n\n\n<p class=\"wp-block-paragraph\">El 83 las autoridades dijeron que fue el ataque de una banda enemiga, pero Edgar logr\u00f3 reconocer en el patr\u00f3n del ataque otra cosa, conoc\u00eda su barrio y sab\u00eda que ese ataque fue producto de algo m\u00e1s, criaturas, monstruos sin piedad que asesinaron a una serie de personas esa noche, desde ese momento decidi\u00f3 aprender m\u00e1s al respecto.<\/p>\n\n\n\n<p class=\"wp-block-paragraph\">Durante 2 a\u00f1os logr\u00f3 tomar el control del negocio de sus padres, mientras comenzaba a meterse en el negocio de las inmobiliarias, lo que le permit\u00eda expandir su influencia poniendo lugares de venta &#8220;seguros&#8221; relacionado a sus proyectos inmobiliarios, claro que esto solo pod\u00eda hacerlo en ciertos sectores m\u00e1s marginados. Mientras trabajaba en eso aprendi\u00f3 que las calles estaban dominadas por m\u00e1s cosas que humanos, y de vez en cuando sus planes se vieron frustrados por culpa de ello. Cada vez m\u00e1s crec\u00eda su resentimiento hacia estos grupos.<\/p>\n\n\n\n<h2 class=\"wp-block-heading\">1985 &#8211; Terremoto y cambio de paradigma<\/h2>\n\n\n\n<p class=\"wp-block-paragraph\">El 3 de marzo de 1985, el terremoto que azot\u00f3 a la zona central tir\u00f3 abajo mucho de sus planes, varias de sus inversiones se vinieron abajo y estuvo a punto de caer en quiebra, hasta que conoci\u00f3 a alguien en el plan de &#8220;Chile ayuda a Chile&#8221; que lo instruy\u00f3 en la verdad iluminada de la Uni\u00f3n. M\u00f3nica Campbell lo apadrin\u00f3 y lo hizo su mano derecha para los negocios informales y &#8220;extra-legales&#8221; del Sindicato, su experiencia y su manera de ver los negocios como una gran familia le fueron muy \u00fatiles para desarrollar la metodolog\u00eda de los protectores en Santiago. Con esto Edgar se meti\u00f3 de lleno en la guerra de la ascensi\u00f3n y el conflicto con los guerrilleros que estaban en contra de la dictadura, infiltr\u00f3 informaci\u00f3n a los grupos ante c\u00e9lulas claves de la Uni\u00f3n nefanda, para que \u00e9l y M\u00f3nica se hiciesen de los espacios vac\u00edos que quedaban.<\/p>\n\n\n\n<h2 class=\"wp-block-heading\">1995 &#8211; Bajos de Mena<\/h2>\n\n\n\n<p class=\"wp-block-paragraph\">Con la democracia de vuelta, encontr\u00f3 mayor libertad para hacer negocios, siempre en los per\u00edmetros de la ciudad, pero le llam\u00f3 especial atenci\u00f3n lo que estaba pasando en Bajos de Mena. Tras el fracaso del estado para desarrollar viviendas sociales, se dio cuenta que el lugar se estaba convirtiendo r\u00e1pidamente en un gueto que concentraba lo peor de Santiago, muchas bandas se enfrentaban en el lugar y pon\u00edan en serios problemas a la gente que sobreviv\u00eda en el lugar, lo que era peor es que muchas de estas bandas estaban secuestradas por criaturas de la noche, as\u00ed que ide\u00f3 un plan para poner algo de orden en el lugar.<\/p>\n\n\n\n<p class=\"wp-block-paragraph\">Bajo la fachada de una de sus empresas inmobiliaria, entr\u00f3 al territorio y comenz\u00f3 a negociar acuerdos entre las distintas bandas, convirtiendo a bajos de mena en un espacio para actividades ilegales o al margen de las leyes del pa\u00eds, a cambio de darle paz y esperanza a las personas que no ten\u00edan otro lugar para vivir. Con el tiempo, el sistema trajo mucho beneficios para los que viven en el sector y defini\u00f3 un delicado equilibro entre las bandas, que finalmente se agruparon en 4 familias, a las que Edgar se refiere como &#8220;La gran familia&#8221;.<\/p>\n\n\n\n<p class=\"wp-block-paragraph\"><\/p>\n\n\n\n<h2 class=\"wp-block-heading\">Asociados<\/h2>\n\n\n\n<p class=\"wp-block-paragraph\">El Tatita trabaja con mucha gente en las oficinas que est\u00e1n en el edificio de la entrada de Bajos de Mena, pero solo su c\u00edrculo m\u00e1s \u00edntimo sabe realmente para quien trabaja realmente<\/p>\n\n\n\n<h3 class=\"wp-block-heading\">Ciudadanos extraordinarios<\/h3>\n\n\n\n<div class=\"wp-block-media-text is-stacked-on-mobile is-vertically-aligned-top\" style=\"grid-template-columns:20% auto\"><figure class=\"wp-block-media-text__media\"><img fetchpriority=\"high\" decoding=\"async\" width=\"212\" height=\"278\" src=\"https:\/\/chileentinieblas.cl\/wp-content\/uploads\/2022\/09\/barraz.jpg\" alt=\"\" class=\"wp-image-3154 size-full\"\/><\/figure><div class=\"wp-block-media-text__content\">\n<h4 class=\"wp-block-heading\">Eugenio Barraza &#8220;Cosaco&#8221;<\/h4>\n\n\n\n<p class=\"wp-block-paragraph\"><strong>Guardaespalda, jefe de seguridad<\/strong><\/p>\n\n\n\n<p class=\"wp-block-paragraph\">HitMark 5 de los a\u00f1os posteriores al terremoto, completamente personalizado, Edgar le pag\u00f3 a Francisco Breetz para que eliminara todo rastro de conexi\u00f3n con iteraci\u00f3n X y dejara solo los par\u00e1metros b\u00e1sicos para recibir informaci\u00f3n desde la Uni\u00f3n, est\u00e1 programado para ser fiel al ideal de Edgar. Originalmente era un chico violento rescatado del terremoto despu\u00e9s de que su casa se desmoronara.<\/p>\n<\/div><\/div>\n\n\n\n<div class=\"wp-block-media-text is-stacked-on-mobile is-vertically-aligned-top\" style=\"grid-template-columns:20% auto\"><figure class=\"wp-block-media-text__media\"><img decoding=\"async\" width=\"563\" height=\"798\" src=\"https:\/\/chileentinieblas.cl\/wp-content\/uploads\/2022\/09\/4d50b313170a4bec4852dd569a4dd229.jpg\" alt=\"\" class=\"wp-image-3156 size-full\" srcset=\"https:\/\/chileentinieblas.cl\/wp-content\/uploads\/2022\/09\/4d50b313170a4bec4852dd569a4dd229.jpg 563w, https:\/\/chileentinieblas.cl\/wp-content\/uploads\/2022\/09\/4d50b313170a4bec4852dd569a4dd229-212x300.jpg 212w\" sizes=\"(max-width: 563px) 100vw, 563px\" \/><\/figure><div class=\"wp-block-media-text__content\">\n<h4 class=\"wp-block-heading\">Emma Sandoval<\/h4>\n\n\n\n<p class=\"wp-block-paragraph\"><strong>Secretaria, especialista en equipo de vigilancia<\/strong><\/p>\n\n\n\n<p class=\"wp-block-paragraph\">De ascendencia africana, Emma se cri\u00f3 siempre discriminada por su color de piel, lo que le forj\u00f3 car\u00e1cter. Tiene un problema de constante ansiedad que aplaca fumando y trabajando en exceso, gracias a eso y su curiosidad por la tecnolog\u00eda, se volvi\u00f3 una ciudadana extraordinaria a cargo de los sistemas hipertecnol\u00f3gicos en la oficina del Tatita.<\/p>\n<\/div><\/div>\n\n\n\n<div class=\"wp-block-media-text is-stacked-on-mobile is-vertically-aligned-top\" style=\"grid-template-columns:20% auto\"><figure class=\"wp-block-media-text__media\"><img decoding=\"async\" width=\"564\" height=\"564\" src=\"https:\/\/chileentinieblas.cl\/wp-content\/uploads\/2022\/09\/4db90632572ad24dd01bb76a462e0599.jpg\" alt=\"\" class=\"wp-image-3157 size-full\" srcset=\"https:\/\/chileentinieblas.cl\/wp-content\/uploads\/2022\/09\/4db90632572ad24dd01bb76a462e0599.jpg 564w, https:\/\/chileentinieblas.cl\/wp-content\/uploads\/2022\/09\/4db90632572ad24dd01bb76a462e0599-300x300.jpg 300w, https:\/\/chileentinieblas.cl\/wp-content\/uploads\/2022\/09\/4db90632572ad24dd01bb76a462e0599-150x150.jpg 150w\" sizes=\"(max-width: 564px) 100vw, 564px\" \/><\/figure><div class=\"wp-block-media-text__content\">\n<h4 class=\"wp-block-heading\">Jeremy Ramos<\/h4>\n\n\n\n<p class=\"wp-block-paragraph\"><strong>Asistente personal, Informante, asociado<\/strong><\/p>\n\n\n\n<p class=\"wp-block-paragraph\">Ramos lleg\u00f3 hace 5 a\u00f1os como inmigrante ilegal colombiano, su familia intentaba alejarse de la banda criminal conocida como &#8220;los sangrientos&#8221; y huy\u00f3 hasta Chile, creyendo que ser\u00eda un lugar m\u00e1s seguro. Lo es para ellos, al menos por ahora, pero Jeremy tiene sospechas de que los sangrientos intentan meterse en el negocio de bajos de Mena, pasando a llevar el c\u00f3digo de la gran familia.<\/p>\n\n\n\n<p class=\"wp-block-paragraph\">Posee un liderazgo innato y una constante necesidad de enfrentarse a las autoridades, sobretodo cuando ve injusticia y corrupci\u00f3n de lo m\u00e1s bajo, aunque entiende las reglas de la calle. Aunque su car\u00e1cter siempre choca con el reconciliador de Edgar, se ha vuelto su asociado m\u00e1s preciado.<\/p>\n<\/div><\/div>\n\n\n\n<p class=\"wp-block-paragraph\"><\/p>","protected":false},"author":1,"featured_media":2538,"template":"","tags":[22],"faccion":[51,5,21],"class_list":["post-2537","pnj","type-pnj","status-publish","has-post-thumbnail","hentry","tag-protectores","faccion-mago-la-ascension","faccion-sindicato","faccion-tecnocracia"],"acf":{"fecha":"1961 - Actualidad","estatus":"Activo","ficha_del_personaje":"","aspecto":"","interpretacion":"","rango":"2 - Agente iluminado","informacion_privada":"","mapa_de_kumu_u_otro_embed":null},"yoast_head":"<!-- This site is optimized with the Yoast SEO plugin v28.4 - https:\/\/yoast.com\/product\/yoast-seo-wordpress\/ -->\n<title>Edgar Gonzalez, &quot;el Tatita&quot; - Chile en Tinieblas<\/title>\n<meta name=\"robots\" content=\"index, follow, max-snippet:-1, max-image-preview:large, max-video-preview:-1\" \/>\n<link rel=\"canonical\" href=\"https:\/\/chileentinieblas.cl\/en\/pnj\/edgar-gonzalez\/\" \/>\n<meta property=\"og:locale\" content=\"en_US\" \/>\n<meta property=\"og:type\" content=\"article\" \/>\n<meta property=\"og:title\" content=\"Edgar Gonzalez, &quot;el Tatita&quot; - Chile en Tinieblas\" \/>\n<meta property=\"og:description\" content=\"L\u00edder de la divisi\u00f3n extralegal de los protectores, se encarga del dinero que se mueve en los c\u00edrculos bajos de la ciudad, poniendo un especial ojo a Bajos de Menas. Su influencia en inmobiliarias le permiti\u00f3 entrar a los barrios m\u00e1s peligrosos de la ciudad, a los lugares donde nadie m\u00e1s se atrev\u00eda a hacer [&hellip;]\" \/>\n<meta property=\"og:url\" content=\"https:\/\/chileentinieblas.cl\/en\/pnj\/edgar-gonzalez\/\" \/>\n<meta property=\"og:site_name\" content=\"Chile en Tinieblas\" \/>\n<meta property=\"article:publisher\" content=\"https:\/\/www.facebook.com\/ChileenTinieblas\" \/>\n<meta property=\"article:modified_time\" content=\"2024-07-29T19:41:08+00:00\" \/>\n<meta property=\"og:image\" content=\"https:\/\/chileentinieblas.cl\/wp-content\/uploads\/2022\/04\/zmYuasw.jpeg\" \/>\n\t<meta property=\"og:image:width\" content=\"540\" \/>\n\t<meta property=\"og:image:height\" content=\"668\" \/>\n\t<meta property=\"og:image:type\" content=\"image\/jpeg\" \/>\n<meta name=\"twitter:card\" content=\"summary_large_image\" \/>\n<meta name=\"twitter:label1\" content=\"Est. reading time\" \/>\n\t<meta name=\"twitter:data1\" content=\"5 minutes\" \/>\n<script type=\"application\/ld+json\" class=\"yoast-schema-graph\">{\"@context\":\"https:\\\/\\\/schema.org\",\"@graph\":[{\"@type\":\"WebPage\",\"@id\":\"https:\\\/\\\/chileentinieblas.cl\\\/pnj\\\/edgar-gonzalez\\\/\",\"url\":\"https:\\\/\\\/chileentinieblas.cl\\\/pnj\\\/edgar-gonzalez\\\/\",\"name\":\"Edgar Gonzalez, \\\"el Tatita\\\" - Chile en Tinieblas\",\"isPartOf\":{\"@id\":\"https:\\\/\\\/chileentinieblas.cl\\\/#website\"},\"primaryImageOfPage\":{\"@id\":\"https:\\\/\\\/chileentinieblas.cl\\\/pnj\\\/edgar-gonzalez\\\/#primaryimage\"},\"image\":{\"@id\":\"https:\\\/\\\/chileentinieblas.cl\\\/pnj\\\/edgar-gonzalez\\\/#primaryimage\"},\"thumbnailUrl\":\"https:\\\/\\\/chileentinieblas.cl\\\/wp-content\\\/uploads\\\/2022\\\/04\\\/zmYuasw.jpeg\",\"datePublished\":\"2022-04-16T01:56:34+00:00\",\"dateModified\":\"2024-07-29T19:41:08+00:00\",\"breadcrumb\":{\"@id\":\"https:\\\/\\\/chileentinieblas.cl\\\/pnj\\\/edgar-gonzalez\\\/#breadcrumb\"},\"inLanguage\":\"en-US\",\"potentialAction\":[{\"@type\":\"ReadAction\",\"target\":[\"https:\\\/\\\/chileentinieblas.cl\\\/pnj\\\/edgar-gonzalez\\\/\"]}]},{\"@type\":\"ImageObject\",\"inLanguage\":\"en-US\",\"@id\":\"https:\\\/\\\/chileentinieblas.cl\\\/pnj\\\/edgar-gonzalez\\\/#primaryimage\",\"url\":\"https:\\\/\\\/chileentinieblas.cl\\\/wp-content\\\/uploads\\\/2022\\\/04\\\/zmYuasw.jpeg\",\"contentUrl\":\"https:\\\/\\\/chileentinieblas.cl\\\/wp-content\\\/uploads\\\/2022\\\/04\\\/zmYuasw.jpeg\",\"width\":540,\"height\":668},{\"@type\":\"BreadcrumbList\",\"@id\":\"https:\\\/\\\/chileentinieblas.cl\\\/pnj\\\/edgar-gonzalez\\\/#breadcrumb\",\"itemListElement\":[{\"@type\":\"ListItem\",\"position\":1,\"name\":\"Portada\",\"item\":\"https:\\\/\\\/chileentinieblas.cl\\\/\"},{\"@type\":\"ListItem\",\"position\":2,\"name\":\"PNJs\",\"item\":\"https:\\\/\\\/chileentinieblas.cl\\\/pnj\\\/\"},{\"@type\":\"ListItem\",\"position\":3,\"name\":\"Edgar Gonzalez, &#8220;el Tatita&#8221;\"}]},{\"@type\":\"WebSite\",\"@id\":\"https:\\\/\\\/chileentinieblas.cl\\\/#website\",\"url\":\"https:\\\/\\\/chileentinieblas.cl\\\/\",\"name\":\"Chile en Tinieblas\",\"description\":\"Un servidor con mesas de rol de Mundo de Tinieblas\",\"publisher\":{\"@id\":\"https:\\\/\\\/chileentinieblas.cl\\\/#organization\"},\"potentialAction\":[{\"@type\":\"SearchAction\",\"target\":{\"@type\":\"EntryPoint\",\"urlTemplate\":\"https:\\\/\\\/chileentinieblas.cl\\\/?s={search_term_string}\"},\"query-input\":{\"@type\":\"PropertyValueSpecification\",\"valueRequired\":true,\"valueName\":\"search_term_string\"}}],\"inLanguage\":\"en-US\"},{\"@type\":\"Organization\",\"@id\":\"https:\\\/\\\/chileentinieblas.cl\\\/#organization\",\"name\":\"Chile en Tinieblas\",\"url\":\"https:\\\/\\\/chileentinieblas.cl\\\/\",\"logo\":{\"@type\":\"ImageObject\",\"inLanguage\":\"en-US\",\"@id\":\"https:\\\/\\\/chileentinieblas.cl\\\/#\\\/schema\\\/logo\\\/image\\\/\",\"url\":\"https:\\\/\\\/chileentinieblas.cl\\\/wp-content\\\/uploads\\\/2021\\\/12\\\/logo-cet-claro.png\",\"contentUrl\":\"https:\\\/\\\/chileentinieblas.cl\\\/wp-content\\\/uploads\\\/2021\\\/12\\\/logo-cet-claro.png\",\"width\":1001,\"height\":1030,\"caption\":\"Chile en Tinieblas\"},\"image\":{\"@id\":\"https:\\\/\\\/chileentinieblas.cl\\\/#\\\/schema\\\/logo\\\/image\\\/\"},\"sameAs\":[\"https:\\\/\\\/www.facebook.com\\\/ChileenTinieblas\",\"https:\\\/\\\/www.instagram.com\\\/chileentinieblas\\\/\",\"https:\\\/\\\/www.youtube.com\\\/@chileentinieblas\",\"https:\\\/\\\/www.tiktok.com\\\/@chileentinieblas\"]}]}<\/script>\n<!-- \/ Yoast SEO plugin. -->","yoast_head_json":{"title":"Edgar Gonzalez, \"el Tatita\" - Chile en Tinieblas","robots":{"index":"index","follow":"follow","max-snippet":"max-snippet:-1","max-image-preview":"max-image-preview:large","max-video-preview":"max-video-preview:-1"},"canonical":"https:\/\/chileentinieblas.cl\/en\/pnj\/edgar-gonzalez\/","og_locale":"en_US","og_type":"article","og_title":"Edgar Gonzalez, \"el Tatita\" - Chile en Tinieblas","og_description":"L\u00edder de la divisi\u00f3n extralegal de los protectores, se encarga del dinero que se mueve en los c\u00edrculos bajos de la ciudad, poniendo un especial ojo a Bajos de Menas. Su influencia en inmobiliarias le permiti\u00f3 entrar a los barrios m\u00e1s peligrosos de la ciudad, a los lugares donde nadie m\u00e1s se atrev\u00eda a hacer [&hellip;]","og_url":"https:\/\/chileentinieblas.cl\/en\/pnj\/edgar-gonzalez\/","og_site_name":"Chile en Tinieblas","article_publisher":"https:\/\/www.facebook.com\/ChileenTinieblas","article_modified_time":"2024-07-29T19:41:08+00:00","og_image":[{"width":540,"height":668,"url":"https:\/\/chileentinieblas.cl\/wp-content\/uploads\/2022\/04\/zmYuasw.jpeg","type":"image\/jpeg"}],"twitter_card":"summary_large_image","twitter_misc":{"Est. reading time":"5 minutes"},"schema":{"@context":"https:\/\/schema.org","@graph":[{"@type":"WebPage","@id":"https:\/\/chileentinieblas.cl\/pnj\/edgar-gonzalez\/","url":"https:\/\/chileentinieblas.cl\/pnj\/edgar-gonzalez\/","name":"Edgar Gonzalez, \"el Tatita\" - Chile en Tinieblas","isPartOf":{"@id":"https:\/\/chileentinieblas.cl\/#website"},"primaryImageOfPage":{"@id":"https:\/\/chileentinieblas.cl\/pnj\/edgar-gonzalez\/#primaryimage"},"image":{"@id":"https:\/\/chileentinieblas.cl\/pnj\/edgar-gonzalez\/#primaryimage"},"thumbnailUrl":"https:\/\/chileentinieblas.cl\/wp-content\/uploads\/2022\/04\/zmYuasw.jpeg","datePublished":"2022-04-16T01:56:34+00:00","dateModified":"2024-07-29T19:41:08+00:00","breadcrumb":{"@id":"https:\/\/chileentinieblas.cl\/pnj\/edgar-gonzalez\/#breadcrumb"},"inLanguage":"en-US","potentialAction":[{"@type":"ReadAction","target":["https:\/\/chileentinieblas.cl\/pnj\/edgar-gonzalez\/"]}]},{"@type":"ImageObject","inLanguage":"en-US","@id":"https:\/\/chileentinieblas.cl\/pnj\/edgar-gonzalez\/#primaryimage","url":"https:\/\/chileentinieblas.cl\/wp-content\/uploads\/2022\/04\/zmYuasw.jpeg","contentUrl":"https:\/\/chileentinieblas.cl\/wp-content\/uploads\/2022\/04\/zmYuasw.jpeg","width":540,"height":668},{"@type":"BreadcrumbList","@id":"https:\/\/chileentinieblas.cl\/pnj\/edgar-gonzalez\/#breadcrumb","itemListElement":[{"@type":"ListItem","position":1,"name":"Portada","item":"https:\/\/chileentinieblas.cl\/"},{"@type":"ListItem","position":2,"name":"PNJs","item":"https:\/\/chileentinieblas.cl\/pnj\/"},{"@type":"ListItem","position":3,"name":"Edgar Gonzalez, &#8220;el Tatita&#8221;"}]},{"@type":"WebSite","@id":"https:\/\/chileentinieblas.cl\/#website","url":"https:\/\/chileentinieblas.cl\/","name":"Chile en Tinieblas","description":"Un servidor con mesas de rol de Mundo de Tinieblas","publisher":{"@id":"https:\/\/chileentinieblas.cl\/#organization"},"potentialAction":[{"@type":"SearchAction","target":{"@type":"EntryPoint","urlTemplate":"https:\/\/chileentinieblas.cl\/?s={search_term_string}"},"query-input":{"@type":"PropertyValueSpecification","valueRequired":true,"valueName":"search_term_string"}}],"inLanguage":"en-US"},{"@type":"Organization","@id":"https:\/\/chileentinieblas.cl\/#organization","name":"Chile en Tinieblas","url":"https:\/\/chileentinieblas.cl\/","logo":{"@type":"ImageObject","inLanguage":"en-US","@id":"https:\/\/chileentinieblas.cl\/#\/schema\/logo\/image\/","url":"https:\/\/chileentinieblas.cl\/wp-content\/uploads\/2021\/12\/logo-cet-claro.png","contentUrl":"https:\/\/chileentinieblas.cl\/wp-content\/uploads\/2021\/12\/logo-cet-claro.png","width":1001,"height":1030,"caption":"Chile en Tinieblas"},"image":{"@id":"https:\/\/chileentinieblas.cl\/#\/schema\/logo\/image\/"},"sameAs":["https:\/\/www.facebook.com\/ChileenTinieblas","https:\/\/www.instagram.com\/chileentinieblas\/","https:\/\/www.youtube.com\/@chileentinieblas","https:\/\/www.tiktok.com\/@chileentinieblas"]}]}},"jetpack_sharing_enabled":true,"_links":{"self":[{"href":"https:\/\/chileentinieblas.cl\/en\/wp-json\/wp\/v2\/pnj\/2537","targetHints":{"allow":["GET"]}}],"collection":[{"href":"https:\/\/chileentinieblas.cl\/en\/wp-json\/wp\/v2\/pnj"}],"about":[{"href":"https:\/\/chileentinieblas.cl\/en\/wp-json\/wp\/v2\/types\/pnj"}],"author":[{"embeddable":true,"href":"https:\/\/chileentinieblas.cl\/en\/wp-json\/wp\/v2\/users\/1"}],"wp:featuredmedia":[{"embeddable":true,"href":"https:\/\/chileentinieblas.cl\/en\/wp-json\/wp\/v2\/media\/2538"}],"wp:attachment":[{"href":"https:\/\/chileentinieblas.cl\/en\/wp-json\/wp\/v2\/media?parent=2537"}],"wp:term":[{"taxonomy":"post_tag","embeddable":true,"href":"https:\/\/chileentinieblas.cl\/en\/wp-json\/wp\/v2\/tags?post=2537"},{"taxonomy":"faccion","embeddable":true,"href":"https:\/\/chileentinieblas.cl\/en\/wp-json\/wp\/v2\/faccion?post=2537"}],"curies":[{"name":"wp","href":"https:\/\/api.w.org\/{rel}","templated":true}]}}