{"id":2423,"date":"2022-03-15T01:02:13","date_gmt":"2022-03-15T01:02:13","guid":{"rendered":"https:\/\/chileentinieblas.cl\/?post_type=pnj&#038;p=2423"},"modified":"2024-07-27T03:56:16","modified_gmt":"2024-07-27T03:56:16","slug":"bradford-ellison-thiel","status":"publish","type":"pnj","link":"https:\/\/chileentinieblas.cl\/en\/pnj\/bradford-ellison-thiel\/","title":{"rendered":"Pr\u00edncipe Bradford Ellison Thiel"},"content":{"rendered":"<h2 class=\"wp-block-heading\">Vida mortal<\/h2>\n\n\n\n<p class=\"wp-block-paragraph\">Nacido bajo el nombre de Frederick Levy, viene de una familia jud\u00eda pobre, instalada en un peque\u00f1o pueblo en EEUU. Su infancia fue bastante infeliz, porque era exclu\u00eddo en el colegio por ser jud\u00edo y regordete. Esto lo convirti\u00f3 en un adolescente resentido, que odiaba la pobreza de su familia y su pasado. Poseedor de una mente brillante, se gradu\u00f3 tempranamente a los 16 y fue aceptado en Harvard, donde tom\u00f3 cursos de econom\u00eda y se titul\u00f3 de abogado. Nunca m\u00e1s volvi\u00f3 a hablar con sus padres y abandon\u00f3 completamente la religi\u00f3n.&nbsp;&nbsp;<\/p>\n\n\n\n<p class=\"wp-block-paragraph\">En la universidad se destac\u00f3 como ajedrecista y form\u00f3 parte del Club Porcel\u00e1nico, un exclusivo club solo para hombres. All\u00ed form\u00f3 nexos que le ayudaron a escalar en la sociedad, y ya para 1914, a los 24 a\u00f1os, era socio de uno de los bufetes de abogados m\u00e1s importantes de Boston, especializ\u00e1ndose en derecho comercial, espec\u00edficamente en creaci\u00f3n de empresas y movimientos burs\u00e1tiles. Fue reclutado para el esfuerzo de la Gran Guerra, pero con sus conexiones logr\u00f3 evitar el servicio.&nbsp;<\/p>\n\n\n\n<p class=\"wp-block-paragraph\">Era conocido como un joven fr\u00edo, carente de gusto por placeres mundanos como el alcohol y el sexo. A pesar de que asist\u00eda a eventos sociales, su conducta lejana y abstemia le vali\u00f3 el sobrenombre del El Iceberg.&nbsp;<\/p>\n\n\n\n<p class=\"wp-block-paragraph\">A los 32 a\u00f1os contrajo matrimonio con Elizabeth Gould, nieta de Jay Gould, magnate de los ferrocarriles, quien era 15 a\u00f1os mayor que \u00e9l. Ella, de qui\u00e9n Frederick asegur\u00f3 que sufr\u00eda de episodios man\u00edaco depresivos, se quit\u00f3 la vida a los pocos a\u00f1os de matrimonio, heredando \u00e9l una considerable fortuna. <\/p>\n\n\n\n<p class=\"wp-block-paragraph\">Frederick continu\u00f3 su trabajo como abogado e inversionista hasta los 60 a\u00f1os, amasando una considerable fortuna y una red de contactos importante. La Segunda Guerra y la Guerra Fr\u00eda le hicieron despreciar toda doctrina totalitaria, puesto que las ve como ideolog\u00edas poco estables y malas para los negocios, contrarias a su mentalidad capitalista y de libre mercado.<\/p>\n\n\n\n<h2 class=\"wp-block-heading\">Inmortalidad<\/h2>\n\n\n\n<p class=\"wp-block-paragraph\">Eventualmente llam\u00f3 la atenci\u00f3n de Kingsley Sterling Mountbatten III, un recluso millonario emparentado con la realeza inglesa, quien era en realidad un ambicioso joven ventrue que buscaba establecer en Boston su dominio. Sin saberlo, entr\u00f3 en una relaci\u00f3n de ghoul\/domitor con \u00e9l, y dos a\u00f1os despu\u00e9s fue abrazado. Durante a\u00f1os sirvi\u00f3 a su sire. La relaci\u00f3n entre ambos parti\u00f3 como una de mentor y pupilo, pero las d\u00e9cadas la convirtieron en una amarga rivalidad. Tras el abrazo, en un intento de abandonar su pasado, cambi\u00f3 su nombre a Bradford Ellison Thiel.<\/p>\n\n\n\n<p class=\"wp-block-paragraph\">Por lo mismo, Bradford, a principios de la d\u00e9cada de los 90, comenz\u00f3 a buscar lugares para emigrar y puso su ojo en latinoam\u00e9rica, donde vi\u00f3 espacio para crecer sin la presi\u00f3n de los antiguos. \u00c9l ve el continente como un lugar con potencial, pero con v\u00e1stagos pendencieros y carentes de visi\u00f3n a largo plazo. Eligi\u00f3 Chile como el territorio a conquistar, por considerarlo el pa\u00eds m\u00e1s econ\u00f3micamente estable.<\/p>\n\n\n\n<p class=\"wp-block-paragraph\">Dedic\u00f3 dos d\u00e9cadas a comenzar a financiar mineras y start ups en el pa\u00eds, para tejer una red que le permitiese llegar e instalarse con holgura. Llega a Santiago en el 2017, manteniendo un bajo perfil durante unos a\u00f1os, mientras estudiaba el principado de Alejandro Sanchez y al resto de la corte.&nbsp;<\/p>\n\n\n\n<p class=\"wp-block-paragraph\">En 2019 comienza una serie de movimientos para tomar el control de Santiago, quedando con el poder en el 2020, cuando logra destituir a Alejandro.&nbsp;<\/p>\n\n\n\n<p class=\"wp-block-paragraph\">Actualmente sirve como Pr\u00edncipe de la ciudad bajo el eslogan \u201cSoy el escudo de la Camarilla\u201d. Sus principales preocupaciones son recuperar el territorio que est\u00e1 en manos de los Anarquistas y asegurar la estabilidad al interior de la Torre de Marfil.&nbsp;<\/p>","protected":false},"author":9,"featured_media":5369,"template":"","tags":[87],"faccion":[85,53,90],"class_list":["post-2423","pnj","type-pnj","status-publish","has-post-thumbnail","hentry","tag-magadon","faccion-camarilla","faccion-vampiro-la-mascarada","faccion-ventrue"],"acf":{"fecha":"Abrazado 1950 | Nacido 1890","estatus":"Activo","ficha_del_personaje":"","aspecto":"<b>\u00a0<\/b><span style=\"font-weight: 400\">Mide 1,82 y pesa 91 kilos. Se ve como un hombre mayor, con el pelo rubio casi plateado por las canas y siempre impecablemente peinado con gomina. Tiene las extremidades flacas, una ligera panza y las manos gruesas. Su voz es poderosa y tiene una autoridad en ella, la de un hombre acostumbrado a dominar la sala siempre. Rara vez sube el tono, prefiriendo hablar entre las pausas de los otros. Su voz es fr\u00eda y mon\u00f3tona, demostrando muy pocas emociones. <\/span>","interpretacion":"<span style=\"font-weight: 400\">Bradford es un personaje arrogante y altanero, pero le suele demostrar un grado m\u00ednimo de respeto a todos quienes se encuentran con \u00e9l. Muy rara vez demuestra emociones, prefiriendo mantener una fachada estoica y lejana. Sus discursos son anal\u00edticos y suele preferir, en debates, citar a sus oponentes para dar vuelta sus discursos a las figuras literarias muy elaboradas. Suele hacer referencias al ajedrez. En interacciones con miembros de la Camarilla, suele usar su eslogan de \u201cYo soy el escudo de la Camarilla\u201d a forma de defensa y terminar discusiones. Conf\u00eda en muy pocas personas, pero siempre est\u00e1 dispuesto a dejar que otros se prueben frente a \u00e9l. Detesta el fracaso y no soporta las excusas. Solo le interesan los resultados de las acciones, los m\u00e9todos que lleven a ella le parecen irrelevantes, a menos que rompan sus leyes o pongan en peligro la Mascarada.<\/span>","informacion_privada":"","mapa_de_kumu_u_otro_embed":null},"yoast_head":"<!-- This site is optimized with the Yoast SEO plugin v28.4 - https:\/\/yoast.com\/product\/yoast-seo-wordpress\/ -->\n<title>Pr\u00edncipe Bradford Ellison Thiel - Chile en Tinieblas<\/title>\n<meta name=\"robots\" content=\"index, follow, max-snippet:-1, max-image-preview:large, max-video-preview:-1\" \/>\n<link rel=\"canonical\" href=\"https:\/\/chileentinieblas.cl\/en\/pnj\/bradford-ellison-thiel\/\" \/>\n<meta property=\"og:locale\" content=\"en_US\" \/>\n<meta property=\"og:type\" content=\"article\" \/>\n<meta property=\"og:title\" content=\"Pr\u00edncipe Bradford Ellison Thiel - Chile en Tinieblas\" \/>\n<meta property=\"og:description\" content=\"Vida mortal Nacido bajo el nombre de Frederick Levy, viene de una familia jud\u00eda pobre, instalada en un peque\u00f1o pueblo en EEUU. Su infancia fue bastante infeliz, porque era exclu\u00eddo en el colegio por ser jud\u00edo y regordete. Esto lo convirti\u00f3 en un adolescente resentido, que odiaba la pobreza de su familia y su pasado. [&hellip;]\" \/>\n<meta property=\"og:url\" content=\"https:\/\/chileentinieblas.cl\/en\/pnj\/bradford-ellison-thiel\/\" \/>\n<meta property=\"og:site_name\" content=\"Chile en Tinieblas\" \/>\n<meta property=\"article:publisher\" content=\"https:\/\/www.facebook.com\/ChileenTinieblas\" \/>\n<meta property=\"article:modified_time\" content=\"2024-07-27T03:56:16+00:00\" \/>\n<meta property=\"og:image\" content=\"https:\/\/chileentinieblas.cl\/wp-content\/uploads\/2022\/03\/Bradford.png\" \/>\n\t<meta property=\"og:image:width\" content=\"1024\" \/>\n\t<meta property=\"og:image:height\" content=\"1024\" \/>\n\t<meta property=\"og:image:type\" content=\"image\/png\" \/>\n<meta name=\"twitter:card\" content=\"summary_large_image\" \/>\n<meta name=\"twitter:label1\" content=\"Est. reading time\" \/>\n\t<meta name=\"twitter:data1\" content=\"3 minutes\" \/>\n<script type=\"application\/ld+json\" class=\"yoast-schema-graph\">{\"@context\":\"https:\\\/\\\/schema.org\",\"@graph\":[{\"@type\":\"WebPage\",\"@id\":\"https:\\\/\\\/chileentinieblas.cl\\\/pnj\\\/bradford-ellison-thiel\\\/\",\"url\":\"https:\\\/\\\/chileentinieblas.cl\\\/pnj\\\/bradford-ellison-thiel\\\/\",\"name\":\"Pr\u00edncipe Bradford Ellison Thiel - Chile en Tinieblas\",\"isPartOf\":{\"@id\":\"https:\\\/\\\/chileentinieblas.cl\\\/#website\"},\"primaryImageOfPage\":{\"@id\":\"https:\\\/\\\/chileentinieblas.cl\\\/pnj\\\/bradford-ellison-thiel\\\/#primaryimage\"},\"image\":{\"@id\":\"https:\\\/\\\/chileentinieblas.cl\\\/pnj\\\/bradford-ellison-thiel\\\/#primaryimage\"},\"thumbnailUrl\":\"https:\\\/\\\/chileentinieblas.cl\\\/wp-content\\\/uploads\\\/2022\\\/03\\\/Bradford.png\",\"datePublished\":\"2022-03-15T01:02:13+00:00\",\"dateModified\":\"2024-07-27T03:56:16+00:00\",\"breadcrumb\":{\"@id\":\"https:\\\/\\\/chileentinieblas.cl\\\/pnj\\\/bradford-ellison-thiel\\\/#breadcrumb\"},\"inLanguage\":\"en-US\",\"potentialAction\":[{\"@type\":\"ReadAction\",\"target\":[\"https:\\\/\\\/chileentinieblas.cl\\\/pnj\\\/bradford-ellison-thiel\\\/\"]}]},{\"@type\":\"ImageObject\",\"inLanguage\":\"en-US\",\"@id\":\"https:\\\/\\\/chileentinieblas.cl\\\/pnj\\\/bradford-ellison-thiel\\\/#primaryimage\",\"url\":\"https:\\\/\\\/chileentinieblas.cl\\\/wp-content\\\/uploads\\\/2022\\\/03\\\/Bradford.png\",\"contentUrl\":\"https:\\\/\\\/chileentinieblas.cl\\\/wp-content\\\/uploads\\\/2022\\\/03\\\/Bradford.png\",\"width\":1024,\"height\":1024},{\"@type\":\"BreadcrumbList\",\"@id\":\"https:\\\/\\\/chileentinieblas.cl\\\/pnj\\\/bradford-ellison-thiel\\\/#breadcrumb\",\"itemListElement\":[{\"@type\":\"ListItem\",\"position\":1,\"name\":\"Portada\",\"item\":\"https:\\\/\\\/chileentinieblas.cl\\\/\"},{\"@type\":\"ListItem\",\"position\":2,\"name\":\"PNJs\",\"item\":\"https:\\\/\\\/chileentinieblas.cl\\\/pnj\\\/\"},{\"@type\":\"ListItem\",\"position\":3,\"name\":\"Pr\u00edncipe Bradford Ellison Thiel\"}]},{\"@type\":\"WebSite\",\"@id\":\"https:\\\/\\\/chileentinieblas.cl\\\/#website\",\"url\":\"https:\\\/\\\/chileentinieblas.cl\\\/\",\"name\":\"Chile en Tinieblas\",\"description\":\"Un servidor con mesas de rol de Mundo de Tinieblas\",\"publisher\":{\"@id\":\"https:\\\/\\\/chileentinieblas.cl\\\/#organization\"},\"potentialAction\":[{\"@type\":\"SearchAction\",\"target\":{\"@type\":\"EntryPoint\",\"urlTemplate\":\"https:\\\/\\\/chileentinieblas.cl\\\/?s={search_term_string}\"},\"query-input\":{\"@type\":\"PropertyValueSpecification\",\"valueRequired\":true,\"valueName\":\"search_term_string\"}}],\"inLanguage\":\"en-US\"},{\"@type\":\"Organization\",\"@id\":\"https:\\\/\\\/chileentinieblas.cl\\\/#organization\",\"name\":\"Chile en Tinieblas\",\"url\":\"https:\\\/\\\/chileentinieblas.cl\\\/\",\"logo\":{\"@type\":\"ImageObject\",\"inLanguage\":\"en-US\",\"@id\":\"https:\\\/\\\/chileentinieblas.cl\\\/#\\\/schema\\\/logo\\\/image\\\/\",\"url\":\"https:\\\/\\\/chileentinieblas.cl\\\/wp-content\\\/uploads\\\/2021\\\/12\\\/logo-cet-claro.png\",\"contentUrl\":\"https:\\\/\\\/chileentinieblas.cl\\\/wp-content\\\/uploads\\\/2021\\\/12\\\/logo-cet-claro.png\",\"width\":1001,\"height\":1030,\"caption\":\"Chile en Tinieblas\"},\"image\":{\"@id\":\"https:\\\/\\\/chileentinieblas.cl\\\/#\\\/schema\\\/logo\\\/image\\\/\"},\"sameAs\":[\"https:\\\/\\\/www.facebook.com\\\/ChileenTinieblas\",\"https:\\\/\\\/www.instagram.com\\\/chileentinieblas\\\/\",\"https:\\\/\\\/www.youtube.com\\\/@chileentinieblas\",\"https:\\\/\\\/www.tiktok.com\\\/@chileentinieblas\"]}]}<\/script>\n<!-- \/ Yoast SEO plugin. -->","yoast_head_json":{"title":"Pr\u00edncipe Bradford Ellison Thiel - Chile en Tinieblas","robots":{"index":"index","follow":"follow","max-snippet":"max-snippet:-1","max-image-preview":"max-image-preview:large","max-video-preview":"max-video-preview:-1"},"canonical":"https:\/\/chileentinieblas.cl\/en\/pnj\/bradford-ellison-thiel\/","og_locale":"en_US","og_type":"article","og_title":"Pr\u00edncipe Bradford Ellison Thiel - Chile en Tinieblas","og_description":"Vida mortal Nacido bajo el nombre de Frederick Levy, viene de una familia jud\u00eda pobre, instalada en un peque\u00f1o pueblo en EEUU. Su infancia fue bastante infeliz, porque era exclu\u00eddo en el colegio por ser jud\u00edo y regordete. Esto lo convirti\u00f3 en un adolescente resentido, que odiaba la pobreza de su familia y su pasado. [&hellip;]","og_url":"https:\/\/chileentinieblas.cl\/en\/pnj\/bradford-ellison-thiel\/","og_site_name":"Chile en Tinieblas","article_publisher":"https:\/\/www.facebook.com\/ChileenTinieblas","article_modified_time":"2024-07-27T03:56:16+00:00","og_image":[{"width":1024,"height":1024,"url":"https:\/\/chileentinieblas.cl\/wp-content\/uploads\/2022\/03\/Bradford.png","type":"image\/png"}],"twitter_card":"summary_large_image","twitter_misc":{"Est. reading time":"3 minutes"},"schema":{"@context":"https:\/\/schema.org","@graph":[{"@type":"WebPage","@id":"https:\/\/chileentinieblas.cl\/pnj\/bradford-ellison-thiel\/","url":"https:\/\/chileentinieblas.cl\/pnj\/bradford-ellison-thiel\/","name":"Pr\u00edncipe Bradford Ellison Thiel - Chile en Tinieblas","isPartOf":{"@id":"https:\/\/chileentinieblas.cl\/#website"},"primaryImageOfPage":{"@id":"https:\/\/chileentinieblas.cl\/pnj\/bradford-ellison-thiel\/#primaryimage"},"image":{"@id":"https:\/\/chileentinieblas.cl\/pnj\/bradford-ellison-thiel\/#primaryimage"},"thumbnailUrl":"https:\/\/chileentinieblas.cl\/wp-content\/uploads\/2022\/03\/Bradford.png","datePublished":"2022-03-15T01:02:13+00:00","dateModified":"2024-07-27T03:56:16+00:00","breadcrumb":{"@id":"https:\/\/chileentinieblas.cl\/pnj\/bradford-ellison-thiel\/#breadcrumb"},"inLanguage":"en-US","potentialAction":[{"@type":"ReadAction","target":["https:\/\/chileentinieblas.cl\/pnj\/bradford-ellison-thiel\/"]}]},{"@type":"ImageObject","inLanguage":"en-US","@id":"https:\/\/chileentinieblas.cl\/pnj\/bradford-ellison-thiel\/#primaryimage","url":"https:\/\/chileentinieblas.cl\/wp-content\/uploads\/2022\/03\/Bradford.png","contentUrl":"https:\/\/chileentinieblas.cl\/wp-content\/uploads\/2022\/03\/Bradford.png","width":1024,"height":1024},{"@type":"BreadcrumbList","@id":"https:\/\/chileentinieblas.cl\/pnj\/bradford-ellison-thiel\/#breadcrumb","itemListElement":[{"@type":"ListItem","position":1,"name":"Portada","item":"https:\/\/chileentinieblas.cl\/"},{"@type":"ListItem","position":2,"name":"PNJs","item":"https:\/\/chileentinieblas.cl\/pnj\/"},{"@type":"ListItem","position":3,"name":"Pr\u00edncipe Bradford Ellison Thiel"}]},{"@type":"WebSite","@id":"https:\/\/chileentinieblas.cl\/#website","url":"https:\/\/chileentinieblas.cl\/","name":"Chile en Tinieblas","description":"Un servidor con mesas de rol de Mundo de Tinieblas","publisher":{"@id":"https:\/\/chileentinieblas.cl\/#organization"},"potentialAction":[{"@type":"SearchAction","target":{"@type":"EntryPoint","urlTemplate":"https:\/\/chileentinieblas.cl\/?s={search_term_string}"},"query-input":{"@type":"PropertyValueSpecification","valueRequired":true,"valueName":"search_term_string"}}],"inLanguage":"en-US"},{"@type":"Organization","@id":"https:\/\/chileentinieblas.cl\/#organization","name":"Chile en Tinieblas","url":"https:\/\/chileentinieblas.cl\/","logo":{"@type":"ImageObject","inLanguage":"en-US","@id":"https:\/\/chileentinieblas.cl\/#\/schema\/logo\/image\/","url":"https:\/\/chileentinieblas.cl\/wp-content\/uploads\/2021\/12\/logo-cet-claro.png","contentUrl":"https:\/\/chileentinieblas.cl\/wp-content\/uploads\/2021\/12\/logo-cet-claro.png","width":1001,"height":1030,"caption":"Chile en Tinieblas"},"image":{"@id":"https:\/\/chileentinieblas.cl\/#\/schema\/logo\/image\/"},"sameAs":["https:\/\/www.facebook.com\/ChileenTinieblas","https:\/\/www.instagram.com\/chileentinieblas\/","https:\/\/www.youtube.com\/@chileentinieblas","https:\/\/www.tiktok.com\/@chileentinieblas"]}]}},"jetpack_sharing_enabled":true,"_links":{"self":[{"href":"https:\/\/chileentinieblas.cl\/en\/wp-json\/wp\/v2\/pnj\/2423","targetHints":{"allow":["GET"]}}],"collection":[{"href":"https:\/\/chileentinieblas.cl\/en\/wp-json\/wp\/v2\/pnj"}],"about":[{"href":"https:\/\/chileentinieblas.cl\/en\/wp-json\/wp\/v2\/types\/pnj"}],"author":[{"embeddable":true,"href":"https:\/\/chileentinieblas.cl\/en\/wp-json\/wp\/v2\/users\/9"}],"wp:featuredmedia":[{"embeddable":true,"href":"https:\/\/chileentinieblas.cl\/en\/wp-json\/wp\/v2\/media\/5369"}],"wp:attachment":[{"href":"https:\/\/chileentinieblas.cl\/en\/wp-json\/wp\/v2\/media?parent=2423"}],"wp:term":[{"taxonomy":"post_tag","embeddable":true,"href":"https:\/\/chileentinieblas.cl\/en\/wp-json\/wp\/v2\/tags?post=2423"},{"taxonomy":"faccion","embeddable":true,"href":"https:\/\/chileentinieblas.cl\/en\/wp-json\/wp\/v2\/faccion?post=2423"}],"curies":[{"name":"wp","href":"https:\/\/api.w.org\/{rel}","templated":true}]}}