{"id":2413,"date":"2022-03-11T15:19:36","date_gmt":"2022-03-11T15:19:36","guid":{"rendered":"https:\/\/chileentinieblas.cl\/?post_type=pnj&#038;p=2413"},"modified":"2024-07-27T03:56:16","modified_gmt":"2024-07-27T03:56:16","slug":"guillermo-cervantes-el-jefe-crudo","status":"publish","type":"pnj","link":"https:\/\/chileentinieblas.cl\/en\/pnj\/guillermo-cervantes-el-jefe-crudo\/","title":{"rendered":"Guillermo Cervantes El-Jefe-Crudo"},"content":{"rendered":"<h2 class=\"wp-block-heading\">Alfa del Clan, Maestro del Desaf\u00edo<\/h2>\n\n\n\n<p class=\"wp-block-paragraph\">Cervantes, como sus socios hom\u00ednidos llaman se ha forjado una reputaci\u00f3n de envergadura a trav\u00e9s de su historia. Uno de los pocos pero temidos Se\u00f1ores de las Sombras que aun conserva lazos familiares con los encomendados de las primeras Colonias, actualmente se desarrolla como empresario y accionista de diversas empresas privadas y espa\u00f1olas que han ido tomando parte en las licitaciones de la zona central. As\u00ed, con la ferocidad y juicio de las primeras manadas que formo en Chile, logr\u00f3 exterminar a distintos agentes de la corrupci\u00f3n en lugares clave del territorio, como tambien junto a los Moradores del Cristal presentes en Santiago, comprar gran parte del territorio de lo que hoy llaman &#8220;El Clan de la Torre Vigilante&#8221;. Despu\u00e9s de a\u00f1os de seguir creciendo y eliminando a sus enemigos financieros, ya sea con pol\u00edtica, dinero o simple pero efectiva violencia, escalo hasta el Alfato del Clan, siendo reconocido como el Adren encargado de liderarlos. Muchos Roehuesos vieron esto como un gesto suspicaz y sospechoso frente a la reputaci\u00f3n de aquella tribu, algunos incluso dimitiendo del Clan, pero esto no detuvo los grandes planes que El-Jefe tiene para manejar el territorio que tanto han recuperado en pleno centro de la ciudad, as\u00ed como mantener la influencia del wyrm a raya frente a todos los posibles enemigos que ofrece la ciudad de Santiago.<\/p>","protected":false},"author":8,"featured_media":5215,"template":"","tags":[89],"faccion":[52,68,88],"class_list":["post-2413","pnj","type-pnj","status-publish","has-post-thumbnail","hentry","tag-clan-de-la-torre-vigilante","faccion-hombre-lobo-el-apocalipsis","faccion-nacion-garou","faccion-senores-de-las-sombras"],"acf":{"fecha":"1967 - Presente","estatus":"Activo","ficha_del_personaje":2523,"aspecto":"En horas de trabajo viste formal con ropa gris negra y a veces tonos de purpura, en forma hominida es un sujeto de estatura media pero espalda y cara ancha, barba afeitada pero no muy prolija, cabello negro bien peinado, ojos grandes y una cicatriz en la mejilla, tiene apariencia de adulto de 40 a\u00f1os, usa anillos y fuma bastante. En forma Crinos su aspecto es temible, con un fulgor rojo dentro de sus ojos y colmillos prominentes, bastante muscular pero conservando sus vestimentas vinculadas. siempre porta una klaive peque\u00f1a al interior de su chaqueta, pocos la han visto pero dicen que en su empu\u00f1adura unas piedras negras gritan al activar el fetiche.","interpretacion":"Serio y con cara de pocos amigos, pero si tienes humor negro lograras sacarle una sonrisa sarcastica, un tipo duro pero con mucha inteligencia para elegir sus palabras, miradas dirigidas en momentos decisivos y con un temperamento templado. pocas veces se le ha visto alterado, pero los mas antiguos del clan dicen que cuando la rabia lo ha dominado es un Garou determinado a tomar las medidas que sea necesarias para eliminar a quien sea su enemigo, incluso si estos son Garou.","informacion_privada":"","mapa_de_kumu_u_otro_embed":null},"yoast_head":"<!-- This site is optimized with the Yoast SEO plugin v28.4 - https:\/\/yoast.com\/product\/yoast-seo-wordpress\/ -->\n<title>Guillermo Cervantes El-Jefe-Crudo - Chile en Tinieblas<\/title>\n<meta name=\"robots\" content=\"index, follow, max-snippet:-1, max-image-preview:large, max-video-preview:-1\" \/>\n<link rel=\"canonical\" href=\"https:\/\/chileentinieblas.cl\/en\/pnj\/guillermo-cervantes-el-jefe-crudo\/\" \/>\n<meta property=\"og:locale\" content=\"en_US\" \/>\n<meta property=\"og:type\" content=\"article\" \/>\n<meta property=\"og:title\" content=\"Guillermo Cervantes El-Jefe-Crudo - Chile en Tinieblas\" \/>\n<meta property=\"og:description\" content=\"Alfa del Clan, Maestro del Desaf\u00edo Cervantes, como sus socios hom\u00ednidos llaman se ha forjado una reputaci\u00f3n de envergadura a trav\u00e9s de su historia. Uno de los pocos pero temidos Se\u00f1ores de las Sombras que aun conserva lazos familiares con los encomendados de las primeras Colonias, actualmente se desarrolla como empresario y accionista de diversas [&hellip;]\" \/>\n<meta property=\"og:url\" content=\"https:\/\/chileentinieblas.cl\/en\/pnj\/guillermo-cervantes-el-jefe-crudo\/\" \/>\n<meta property=\"og:site_name\" content=\"Chile en Tinieblas\" \/>\n<meta property=\"article:publisher\" content=\"https:\/\/www.facebook.com\/ChileenTinieblas\" \/>\n<meta property=\"article:modified_time\" content=\"2024-07-27T03:56:16+00:00\" \/>\n<meta property=\"og:image\" content=\"https:\/\/chileentinieblas.cl\/wp-content\/uploads\/2022\/03\/chileentinieblas_mean_looking_though_chilean_executive_with_bea_957c0733-239c-4cf8-b9f9-e12febe74ca4.png\" \/>\n\t<meta property=\"og:image:width\" content=\"1024\" \/>\n\t<meta property=\"og:image:height\" content=\"1024\" \/>\n\t<meta property=\"og:image:type\" content=\"image\/png\" \/>\n<meta name=\"twitter:card\" content=\"summary_large_image\" \/>\n<meta name=\"twitter:label1\" content=\"Est. reading time\" \/>\n\t<meta name=\"twitter:data1\" content=\"1 minute\" \/>\n<script type=\"application\/ld+json\" class=\"yoast-schema-graph\">{\"@context\":\"https:\\\/\\\/schema.org\",\"@graph\":[{\"@type\":\"WebPage\",\"@id\":\"https:\\\/\\\/chileentinieblas.cl\\\/pnj\\\/guillermo-cervantes-el-jefe-crudo\\\/\",\"url\":\"https:\\\/\\\/chileentinieblas.cl\\\/pnj\\\/guillermo-cervantes-el-jefe-crudo\\\/\",\"name\":\"Guillermo Cervantes El-Jefe-Crudo - Chile en Tinieblas\",\"isPartOf\":{\"@id\":\"https:\\\/\\\/chileentinieblas.cl\\\/#website\"},\"primaryImageOfPage\":{\"@id\":\"https:\\\/\\\/chileentinieblas.cl\\\/pnj\\\/guillermo-cervantes-el-jefe-crudo\\\/#primaryimage\"},\"image\":{\"@id\":\"https:\\\/\\\/chileentinieblas.cl\\\/pnj\\\/guillermo-cervantes-el-jefe-crudo\\\/#primaryimage\"},\"thumbnailUrl\":\"https:\\\/\\\/chileentinieblas.cl\\\/wp-content\\\/uploads\\\/2022\\\/03\\\/chileentinieblas_mean_looking_though_chilean_executive_with_bea_957c0733-239c-4cf8-b9f9-e12febe74ca4.png\",\"datePublished\":\"2022-03-11T15:19:36+00:00\",\"dateModified\":\"2024-07-27T03:56:16+00:00\",\"breadcrumb\":{\"@id\":\"https:\\\/\\\/chileentinieblas.cl\\\/pnj\\\/guillermo-cervantes-el-jefe-crudo\\\/#breadcrumb\"},\"inLanguage\":\"en-US\",\"potentialAction\":[{\"@type\":\"ReadAction\",\"target\":[\"https:\\\/\\\/chileentinieblas.cl\\\/pnj\\\/guillermo-cervantes-el-jefe-crudo\\\/\"]}]},{\"@type\":\"ImageObject\",\"inLanguage\":\"en-US\",\"@id\":\"https:\\\/\\\/chileentinieblas.cl\\\/pnj\\\/guillermo-cervantes-el-jefe-crudo\\\/#primaryimage\",\"url\":\"https:\\\/\\\/chileentinieblas.cl\\\/wp-content\\\/uploads\\\/2022\\\/03\\\/chileentinieblas_mean_looking_though_chilean_executive_with_bea_957c0733-239c-4cf8-b9f9-e12febe74ca4.png\",\"contentUrl\":\"https:\\\/\\\/chileentinieblas.cl\\\/wp-content\\\/uploads\\\/2022\\\/03\\\/chileentinieblas_mean_looking_though_chilean_executive_with_bea_957c0733-239c-4cf8-b9f9-e12febe74ca4.png\",\"width\":1024,\"height\":1024},{\"@type\":\"BreadcrumbList\",\"@id\":\"https:\\\/\\\/chileentinieblas.cl\\\/pnj\\\/guillermo-cervantes-el-jefe-crudo\\\/#breadcrumb\",\"itemListElement\":[{\"@type\":\"ListItem\",\"position\":1,\"name\":\"Portada\",\"item\":\"https:\\\/\\\/chileentinieblas.cl\\\/\"},{\"@type\":\"ListItem\",\"position\":2,\"name\":\"PNJs\",\"item\":\"https:\\\/\\\/chileentinieblas.cl\\\/pnj\\\/\"},{\"@type\":\"ListItem\",\"position\":3,\"name\":\"Guillermo Cervantes El-Jefe-Crudo\"}]},{\"@type\":\"WebSite\",\"@id\":\"https:\\\/\\\/chileentinieblas.cl\\\/#website\",\"url\":\"https:\\\/\\\/chileentinieblas.cl\\\/\",\"name\":\"Chile en Tinieblas\",\"description\":\"Un servidor con mesas de rol de Mundo de Tinieblas\",\"publisher\":{\"@id\":\"https:\\\/\\\/chileentinieblas.cl\\\/#organization\"},\"potentialAction\":[{\"@type\":\"SearchAction\",\"target\":{\"@type\":\"EntryPoint\",\"urlTemplate\":\"https:\\\/\\\/chileentinieblas.cl\\\/?s={search_term_string}\"},\"query-input\":{\"@type\":\"PropertyValueSpecification\",\"valueRequired\":true,\"valueName\":\"search_term_string\"}}],\"inLanguage\":\"en-US\"},{\"@type\":\"Organization\",\"@id\":\"https:\\\/\\\/chileentinieblas.cl\\\/#organization\",\"name\":\"Chile en Tinieblas\",\"url\":\"https:\\\/\\\/chileentinieblas.cl\\\/\",\"logo\":{\"@type\":\"ImageObject\",\"inLanguage\":\"en-US\",\"@id\":\"https:\\\/\\\/chileentinieblas.cl\\\/#\\\/schema\\\/logo\\\/image\\\/\",\"url\":\"https:\\\/\\\/chileentinieblas.cl\\\/wp-content\\\/uploads\\\/2021\\\/12\\\/logo-cet-claro.png\",\"contentUrl\":\"https:\\\/\\\/chileentinieblas.cl\\\/wp-content\\\/uploads\\\/2021\\\/12\\\/logo-cet-claro.png\",\"width\":1001,\"height\":1030,\"caption\":\"Chile en Tinieblas\"},\"image\":{\"@id\":\"https:\\\/\\\/chileentinieblas.cl\\\/#\\\/schema\\\/logo\\\/image\\\/\"},\"sameAs\":[\"https:\\\/\\\/www.facebook.com\\\/ChileenTinieblas\",\"https:\\\/\\\/www.instagram.com\\\/chileentinieblas\\\/\",\"https:\\\/\\\/www.youtube.com\\\/@chileentinieblas\",\"https:\\\/\\\/www.tiktok.com\\\/@chileentinieblas\"]}]}<\/script>\n<!-- \/ Yoast SEO plugin. -->","yoast_head_json":{"title":"Guillermo Cervantes El-Jefe-Crudo - Chile en Tinieblas","robots":{"index":"index","follow":"follow","max-snippet":"max-snippet:-1","max-image-preview":"max-image-preview:large","max-video-preview":"max-video-preview:-1"},"canonical":"https:\/\/chileentinieblas.cl\/en\/pnj\/guillermo-cervantes-el-jefe-crudo\/","og_locale":"en_US","og_type":"article","og_title":"Guillermo Cervantes El-Jefe-Crudo - Chile en Tinieblas","og_description":"Alfa del Clan, Maestro del Desaf\u00edo Cervantes, como sus socios hom\u00ednidos llaman se ha forjado una reputaci\u00f3n de envergadura a trav\u00e9s de su historia. Uno de los pocos pero temidos Se\u00f1ores de las Sombras que aun conserva lazos familiares con los encomendados de las primeras Colonias, actualmente se desarrolla como empresario y accionista de diversas [&hellip;]","og_url":"https:\/\/chileentinieblas.cl\/en\/pnj\/guillermo-cervantes-el-jefe-crudo\/","og_site_name":"Chile en Tinieblas","article_publisher":"https:\/\/www.facebook.com\/ChileenTinieblas","article_modified_time":"2024-07-27T03:56:16+00:00","og_image":[{"width":1024,"height":1024,"url":"https:\/\/chileentinieblas.cl\/wp-content\/uploads\/2022\/03\/chileentinieblas_mean_looking_though_chilean_executive_with_bea_957c0733-239c-4cf8-b9f9-e12febe74ca4.png","type":"image\/png"}],"twitter_card":"summary_large_image","twitter_misc":{"Est. reading time":"1 minute"},"schema":{"@context":"https:\/\/schema.org","@graph":[{"@type":"WebPage","@id":"https:\/\/chileentinieblas.cl\/pnj\/guillermo-cervantes-el-jefe-crudo\/","url":"https:\/\/chileentinieblas.cl\/pnj\/guillermo-cervantes-el-jefe-crudo\/","name":"Guillermo Cervantes El-Jefe-Crudo - Chile en Tinieblas","isPartOf":{"@id":"https:\/\/chileentinieblas.cl\/#website"},"primaryImageOfPage":{"@id":"https:\/\/chileentinieblas.cl\/pnj\/guillermo-cervantes-el-jefe-crudo\/#primaryimage"},"image":{"@id":"https:\/\/chileentinieblas.cl\/pnj\/guillermo-cervantes-el-jefe-crudo\/#primaryimage"},"thumbnailUrl":"https:\/\/chileentinieblas.cl\/wp-content\/uploads\/2022\/03\/chileentinieblas_mean_looking_though_chilean_executive_with_bea_957c0733-239c-4cf8-b9f9-e12febe74ca4.png","datePublished":"2022-03-11T15:19:36+00:00","dateModified":"2024-07-27T03:56:16+00:00","breadcrumb":{"@id":"https:\/\/chileentinieblas.cl\/pnj\/guillermo-cervantes-el-jefe-crudo\/#breadcrumb"},"inLanguage":"en-US","potentialAction":[{"@type":"ReadAction","target":["https:\/\/chileentinieblas.cl\/pnj\/guillermo-cervantes-el-jefe-crudo\/"]}]},{"@type":"ImageObject","inLanguage":"en-US","@id":"https:\/\/chileentinieblas.cl\/pnj\/guillermo-cervantes-el-jefe-crudo\/#primaryimage","url":"https:\/\/chileentinieblas.cl\/wp-content\/uploads\/2022\/03\/chileentinieblas_mean_looking_though_chilean_executive_with_bea_957c0733-239c-4cf8-b9f9-e12febe74ca4.png","contentUrl":"https:\/\/chileentinieblas.cl\/wp-content\/uploads\/2022\/03\/chileentinieblas_mean_looking_though_chilean_executive_with_bea_957c0733-239c-4cf8-b9f9-e12febe74ca4.png","width":1024,"height":1024},{"@type":"BreadcrumbList","@id":"https:\/\/chileentinieblas.cl\/pnj\/guillermo-cervantes-el-jefe-crudo\/#breadcrumb","itemListElement":[{"@type":"ListItem","position":1,"name":"Portada","item":"https:\/\/chileentinieblas.cl\/"},{"@type":"ListItem","position":2,"name":"PNJs","item":"https:\/\/chileentinieblas.cl\/pnj\/"},{"@type":"ListItem","position":3,"name":"Guillermo Cervantes El-Jefe-Crudo"}]},{"@type":"WebSite","@id":"https:\/\/chileentinieblas.cl\/#website","url":"https:\/\/chileentinieblas.cl\/","name":"Chile en Tinieblas","description":"Un servidor con mesas de rol de Mundo de Tinieblas","publisher":{"@id":"https:\/\/chileentinieblas.cl\/#organization"},"potentialAction":[{"@type":"SearchAction","target":{"@type":"EntryPoint","urlTemplate":"https:\/\/chileentinieblas.cl\/?s={search_term_string}"},"query-input":{"@type":"PropertyValueSpecification","valueRequired":true,"valueName":"search_term_string"}}],"inLanguage":"en-US"},{"@type":"Organization","@id":"https:\/\/chileentinieblas.cl\/#organization","name":"Chile en Tinieblas","url":"https:\/\/chileentinieblas.cl\/","logo":{"@type":"ImageObject","inLanguage":"en-US","@id":"https:\/\/chileentinieblas.cl\/#\/schema\/logo\/image\/","url":"https:\/\/chileentinieblas.cl\/wp-content\/uploads\/2021\/12\/logo-cet-claro.png","contentUrl":"https:\/\/chileentinieblas.cl\/wp-content\/uploads\/2021\/12\/logo-cet-claro.png","width":1001,"height":1030,"caption":"Chile en Tinieblas"},"image":{"@id":"https:\/\/chileentinieblas.cl\/#\/schema\/logo\/image\/"},"sameAs":["https:\/\/www.facebook.com\/ChileenTinieblas","https:\/\/www.instagram.com\/chileentinieblas\/","https:\/\/www.youtube.com\/@chileentinieblas","https:\/\/www.tiktok.com\/@chileentinieblas"]}]}},"jetpack_sharing_enabled":true,"_links":{"self":[{"href":"https:\/\/chileentinieblas.cl\/en\/wp-json\/wp\/v2\/pnj\/2413","targetHints":{"allow":["GET"]}}],"collection":[{"href":"https:\/\/chileentinieblas.cl\/en\/wp-json\/wp\/v2\/pnj"}],"about":[{"href":"https:\/\/chileentinieblas.cl\/en\/wp-json\/wp\/v2\/types\/pnj"}],"author":[{"embeddable":true,"href":"https:\/\/chileentinieblas.cl\/en\/wp-json\/wp\/v2\/users\/8"}],"wp:featuredmedia":[{"embeddable":true,"href":"https:\/\/chileentinieblas.cl\/en\/wp-json\/wp\/v2\/media\/5215"}],"wp:attachment":[{"href":"https:\/\/chileentinieblas.cl\/en\/wp-json\/wp\/v2\/media?parent=2413"}],"wp:term":[{"taxonomy":"post_tag","embeddable":true,"href":"https:\/\/chileentinieblas.cl\/en\/wp-json\/wp\/v2\/tags?post=2413"},{"taxonomy":"faccion","embeddable":true,"href":"https:\/\/chileentinieblas.cl\/en\/wp-json\/wp\/v2\/faccion?post=2413"}],"curies":[{"name":"wp","href":"https:\/\/api.w.org\/{rel}","templated":true}]}}