{"id":2401,"date":"2022-03-11T04:11:54","date_gmt":"2022-03-11T04:11:54","guid":{"rendered":"https:\/\/chileentinieblas.cl\/?post_type=pnj&#038;p=2401"},"modified":"2024-07-29T19:41:08","modified_gmt":"2024-07-29T19:41:08","slug":"antonio-del-piero","status":"publish","type":"pnj","link":"https:\/\/chileentinieblas.cl\/en\/pnj\/antonio-del-piero\/","title":{"rendered":"Primog\u00e9nito Antonio del Piero"},"content":{"rendered":"<h2 class=\"wp-block-heading\">Vida Mortal<\/h2>\n\n\n\n<p class=\"wp-block-paragraph\">Empez\u00f3 su vida con un nombre diferente. Conocido en Chile como un importante empresario y pol\u00edtico, comenz\u00f3 su carrera con negocios centrados en el tabaco pero la inestabilidad pol\u00edtica del tiempo genero su inevitable quiebra. Este suceso lo volc\u00f3 r\u00e1pidamente hacia la vida pol\u00edtica, donde se alineo con los conservadores de la \u00e9poca convirti\u00e9ndose en un importante intelectual. Posterior al \u00e9xito pol\u00edtico de los conservadores en la revoluci\u00f3n chilena de 1829, se convirti\u00f3 en ministro del interior bajo el gobierno del presidente Jos\u00e9 Tomas Ovalle y Bezanilla. Seria ministro del interior bajo el gobierno de otros dos presidentes mas y mantuvo un control dictatorial, mostr\u00e1ndose muy a favor de empresarios y oligarcas. Fue cuando nombro al catolicismo como religi\u00f3n oficial que llamo la atenci\u00f3n de miembros importantes y corruptos del clero. Su rol en la guerra fue vital, pero no todos lo vieron de esta forma y fue brutalmente asesinado en Quillota.<\/p>\n\n\n\n<h2 class=\"wp-block-heading\">Vida inmortal <\/h2>\n\n\n\n<p class=\"wp-block-paragraph\">Esa noche, antes de ser rematado, un importante cura llego al lugar de nombre Mateo de la Cruz, arzobispo del Sabbat. Determinado en no perder a tal imponente figura, despacho a los asesinos y le dio el abrazo a Diego. Para evitar su descubrimiento, lo someti\u00f3 a un cambio de apariencia y le dio el nombre de su sire, Antonio del Piero. Sus ideas y poder dentro de la mineria fueron fundamentales para la guerra contra la camarilla por el control del pa\u00eds y fue fundamental en el pr\u00f3dromo realizado por la tecnocracia, asegurando la sobrevivencia del Sabbat y la destrucci\u00f3n de la Camarilla. Cuando el Sabbat tuvo que pelear nuevamente contra la Camarilla en los 80&#8242; y muchos comenzaron a emigrar y a morir, Antonio viajo a Valpara\u00edso para infiltrarse en los anarquistas y lograr sumarlos contra la Camarilla mientras ayudaba a Pentex a instalarse en el pa\u00eds. Lamentablemente, la gehena llego y el Sabbat se desperdigo. Infiltrado en el movimiento fue contacto por los  amici noctis, y comenz\u00f3 tratos con el pr\u00edncipe Alejandro Sanchez para poder ingresar a la camarilla asesinando a los anarquistas extremistas. Logrado su cometido, es incorporado a la torre de marfil como primog\u00e9nito y comenz\u00f3 a explotar sus contactos en la miner\u00eda para poder introducirse en Magadon, donde intenta encontrar formas de transformar el abismo en una arma mas letal y manejable.<\/p>","protected":false},"author":8,"featured_media":2403,"template":"","tags":[87],"faccion":[85,86,53],"class_list":["post-2401","pnj","type-pnj","status-publish","has-post-thumbnail","hentry","tag-magadon","faccion-camarilla","faccion-lasombra","faccion-vampiro-la-mascarada"],"acf":{"fecha":"Abrazado en 1837  | Nacido 1793","estatus":"Muerto","ficha_del_personaje":2402,"aspecto":"<span style=\"font-weight: 400\">Del piero es un v\u00e1stago de 1.80, pelo corto negro, tez muy blanca y fornido. Siempre viste de colores oscuros y tiene una postura seductora y relajada.<\/span>","interpretacion":"<span style=\"font-weight: 400\">\u00a0Ha visto muchas veces el abismo y eso le hace entender lo ef\u00edmera de nuestra existencia y los placeres que se pierden aquellos que no saben aprovechar estos dones. Es agresivo, pero de forma sutil, sus palabras enamoran, pero de una forma enferma y distorsionada, como si dieran ganas de someterte a sus deseos sin cuestionar. Claro, esto es solo su fachada, ya que en el fondo solo quiere estar tranquilo y quiz\u00e1s conocer a alguien con quien compartir su no vida.<\/span>","informacion_privada":"","mapa_de_kumu_u_otro_embed":null},"yoast_head":"<!-- This site is optimized with the Yoast SEO plugin v28.4 - https:\/\/yoast.com\/product\/yoast-seo-wordpress\/ -->\n<title>Primog\u00e9nito Antonio del Piero - Chile en Tinieblas<\/title>\n<meta name=\"robots\" content=\"index, follow, max-snippet:-1, max-image-preview:large, max-video-preview:-1\" \/>\n<link rel=\"canonical\" href=\"https:\/\/chileentinieblas.cl\/en\/pnj\/antonio-del-piero\/\" \/>\n<meta property=\"og:locale\" content=\"en_US\" \/>\n<meta property=\"og:type\" content=\"article\" \/>\n<meta property=\"og:title\" content=\"Primog\u00e9nito Antonio del Piero - Chile en Tinieblas\" \/>\n<meta property=\"og:description\" content=\"Vida Mortal Empez\u00f3 su vida con un nombre diferente. Conocido en Chile como un importante empresario y pol\u00edtico, comenz\u00f3 su carrera con negocios centrados en el tabaco pero la inestabilidad pol\u00edtica del tiempo genero su inevitable quiebra. Este suceso lo volc\u00f3 r\u00e1pidamente hacia la vida pol\u00edtica, donde se alineo con los conservadores de la \u00e9poca [&hellip;]\" \/>\n<meta property=\"og:url\" content=\"https:\/\/chileentinieblas.cl\/en\/pnj\/antonio-del-piero\/\" \/>\n<meta property=\"og:site_name\" content=\"Chile en Tinieblas\" \/>\n<meta property=\"article:publisher\" content=\"https:\/\/www.facebook.com\/ChileenTinieblas\" \/>\n<meta property=\"article:modified_time\" content=\"2024-07-29T19:41:08+00:00\" \/>\n<meta property=\"og:image\" content=\"https:\/\/chileentinieblas.cl\/wp-content\/uploads\/2022\/03\/AntonioDelPiero.jpg\" \/>\n\t<meta property=\"og:image:width\" content=\"564\" \/>\n\t<meta property=\"og:image:height\" content=\"846\" \/>\n\t<meta property=\"og:image:type\" content=\"image\/jpeg\" \/>\n<meta name=\"twitter:card\" content=\"summary_large_image\" \/>\n<meta name=\"twitter:label1\" content=\"Est. reading time\" \/>\n\t<meta name=\"twitter:data1\" content=\"2 minutes\" \/>\n<script type=\"application\/ld+json\" class=\"yoast-schema-graph\">{\"@context\":\"https:\\\/\\\/schema.org\",\"@graph\":[{\"@type\":\"WebPage\",\"@id\":\"https:\\\/\\\/chileentinieblas.cl\\\/en\\\/pnj\\\/antonio-del-piero\\\/\",\"url\":\"https:\\\/\\\/chileentinieblas.cl\\\/en\\\/pnj\\\/antonio-del-piero\\\/\",\"name\":\"Primog\u00e9nito Antonio del Piero - Chile en Tinieblas\",\"isPartOf\":{\"@id\":\"https:\\\/\\\/chileentinieblas.cl\\\/#website\"},\"primaryImageOfPage\":{\"@id\":\"https:\\\/\\\/chileentinieblas.cl\\\/en\\\/pnj\\\/antonio-del-piero\\\/#primaryimage\"},\"image\":{\"@id\":\"https:\\\/\\\/chileentinieblas.cl\\\/en\\\/pnj\\\/antonio-del-piero\\\/#primaryimage\"},\"thumbnailUrl\":\"https:\\\/\\\/chileentinieblas.cl\\\/wp-content\\\/uploads\\\/2022\\\/03\\\/AntonioDelPiero.jpg\",\"datePublished\":\"2022-03-11T04:11:54+00:00\",\"dateModified\":\"2024-07-29T19:41:08+00:00\",\"breadcrumb\":{\"@id\":\"https:\\\/\\\/chileentinieblas.cl\\\/en\\\/pnj\\\/antonio-del-piero\\\/#breadcrumb\"},\"inLanguage\":\"en-US\",\"potentialAction\":[{\"@type\":\"ReadAction\",\"target\":[\"https:\\\/\\\/chileentinieblas.cl\\\/en\\\/pnj\\\/antonio-del-piero\\\/\"]}]},{\"@type\":\"ImageObject\",\"inLanguage\":\"en-US\",\"@id\":\"https:\\\/\\\/chileentinieblas.cl\\\/en\\\/pnj\\\/antonio-del-piero\\\/#primaryimage\",\"url\":\"https:\\\/\\\/chileentinieblas.cl\\\/wp-content\\\/uploads\\\/2022\\\/03\\\/AntonioDelPiero.jpg\",\"contentUrl\":\"https:\\\/\\\/chileentinieblas.cl\\\/wp-content\\\/uploads\\\/2022\\\/03\\\/AntonioDelPiero.jpg\",\"width\":564,\"height\":846},{\"@type\":\"BreadcrumbList\",\"@id\":\"https:\\\/\\\/chileentinieblas.cl\\\/en\\\/pnj\\\/antonio-del-piero\\\/#breadcrumb\",\"itemListElement\":[{\"@type\":\"ListItem\",\"position\":1,\"name\":\"Portada\",\"item\":\"https:\\\/\\\/chileentinieblas.cl\\\/\"},{\"@type\":\"ListItem\",\"position\":2,\"name\":\"PNJs\",\"item\":\"https:\\\/\\\/chileentinieblas.cl\\\/pnj\\\/\"},{\"@type\":\"ListItem\",\"position\":3,\"name\":\"Primog\u00e9nito Antonio del Piero\"}]},{\"@type\":\"WebSite\",\"@id\":\"https:\\\/\\\/chileentinieblas.cl\\\/#website\",\"url\":\"https:\\\/\\\/chileentinieblas.cl\\\/\",\"name\":\"Chile en Tinieblas\",\"description\":\"Un servidor con mesas de rol de Mundo de Tinieblas\",\"publisher\":{\"@id\":\"https:\\\/\\\/chileentinieblas.cl\\\/#organization\"},\"potentialAction\":[{\"@type\":\"SearchAction\",\"target\":{\"@type\":\"EntryPoint\",\"urlTemplate\":\"https:\\\/\\\/chileentinieblas.cl\\\/?s={search_term_string}\"},\"query-input\":{\"@type\":\"PropertyValueSpecification\",\"valueRequired\":true,\"valueName\":\"search_term_string\"}}],\"inLanguage\":\"en-US\"},{\"@type\":\"Organization\",\"@id\":\"https:\\\/\\\/chileentinieblas.cl\\\/#organization\",\"name\":\"Chile en Tinieblas\",\"url\":\"https:\\\/\\\/chileentinieblas.cl\\\/\",\"logo\":{\"@type\":\"ImageObject\",\"inLanguage\":\"en-US\",\"@id\":\"https:\\\/\\\/chileentinieblas.cl\\\/#\\\/schema\\\/logo\\\/image\\\/\",\"url\":\"https:\\\/\\\/chileentinieblas.cl\\\/wp-content\\\/uploads\\\/2021\\\/12\\\/logo-cet-claro.png\",\"contentUrl\":\"https:\\\/\\\/chileentinieblas.cl\\\/wp-content\\\/uploads\\\/2021\\\/12\\\/logo-cet-claro.png\",\"width\":1001,\"height\":1030,\"caption\":\"Chile en Tinieblas\"},\"image\":{\"@id\":\"https:\\\/\\\/chileentinieblas.cl\\\/#\\\/schema\\\/logo\\\/image\\\/\"},\"sameAs\":[\"https:\\\/\\\/www.facebook.com\\\/ChileenTinieblas\",\"https:\\\/\\\/www.instagram.com\\\/chileentinieblas\\\/\",\"https:\\\/\\\/www.youtube.com\\\/@chileentinieblas\",\"https:\\\/\\\/www.tiktok.com\\\/@chileentinieblas\"]}]}<\/script>\n<!-- \/ Yoast SEO plugin. -->","yoast_head_json":{"title":"Primog\u00e9nito Antonio del Piero - Chile en Tinieblas","robots":{"index":"index","follow":"follow","max-snippet":"max-snippet:-1","max-image-preview":"max-image-preview:large","max-video-preview":"max-video-preview:-1"},"canonical":"https:\/\/chileentinieblas.cl\/en\/pnj\/antonio-del-piero\/","og_locale":"en_US","og_type":"article","og_title":"Primog\u00e9nito Antonio del Piero - Chile en Tinieblas","og_description":"Vida Mortal Empez\u00f3 su vida con un nombre diferente. Conocido en Chile como un importante empresario y pol\u00edtico, comenz\u00f3 su carrera con negocios centrados en el tabaco pero la inestabilidad pol\u00edtica del tiempo genero su inevitable quiebra. Este suceso lo volc\u00f3 r\u00e1pidamente hacia la vida pol\u00edtica, donde se alineo con los conservadores de la \u00e9poca [&hellip;]","og_url":"https:\/\/chileentinieblas.cl\/en\/pnj\/antonio-del-piero\/","og_site_name":"Chile en Tinieblas","article_publisher":"https:\/\/www.facebook.com\/ChileenTinieblas","article_modified_time":"2024-07-29T19:41:08+00:00","og_image":[{"width":564,"height":846,"url":"https:\/\/chileentinieblas.cl\/wp-content\/uploads\/2022\/03\/AntonioDelPiero.jpg","type":"image\/jpeg"}],"twitter_card":"summary_large_image","twitter_misc":{"Est. reading time":"2 minutes"},"schema":{"@context":"https:\/\/schema.org","@graph":[{"@type":"WebPage","@id":"https:\/\/chileentinieblas.cl\/en\/pnj\/antonio-del-piero\/","url":"https:\/\/chileentinieblas.cl\/en\/pnj\/antonio-del-piero\/","name":"Primog\u00e9nito Antonio del Piero - Chile en Tinieblas","isPartOf":{"@id":"https:\/\/chileentinieblas.cl\/#website"},"primaryImageOfPage":{"@id":"https:\/\/chileentinieblas.cl\/en\/pnj\/antonio-del-piero\/#primaryimage"},"image":{"@id":"https:\/\/chileentinieblas.cl\/en\/pnj\/antonio-del-piero\/#primaryimage"},"thumbnailUrl":"https:\/\/chileentinieblas.cl\/wp-content\/uploads\/2022\/03\/AntonioDelPiero.jpg","datePublished":"2022-03-11T04:11:54+00:00","dateModified":"2024-07-29T19:41:08+00:00","breadcrumb":{"@id":"https:\/\/chileentinieblas.cl\/en\/pnj\/antonio-del-piero\/#breadcrumb"},"inLanguage":"en-US","potentialAction":[{"@type":"ReadAction","target":["https:\/\/chileentinieblas.cl\/en\/pnj\/antonio-del-piero\/"]}]},{"@type":"ImageObject","inLanguage":"en-US","@id":"https:\/\/chileentinieblas.cl\/en\/pnj\/antonio-del-piero\/#primaryimage","url":"https:\/\/chileentinieblas.cl\/wp-content\/uploads\/2022\/03\/AntonioDelPiero.jpg","contentUrl":"https:\/\/chileentinieblas.cl\/wp-content\/uploads\/2022\/03\/AntonioDelPiero.jpg","width":564,"height":846},{"@type":"BreadcrumbList","@id":"https:\/\/chileentinieblas.cl\/en\/pnj\/antonio-del-piero\/#breadcrumb","itemListElement":[{"@type":"ListItem","position":1,"name":"Portada","item":"https:\/\/chileentinieblas.cl\/"},{"@type":"ListItem","position":2,"name":"PNJs","item":"https:\/\/chileentinieblas.cl\/pnj\/"},{"@type":"ListItem","position":3,"name":"Primog\u00e9nito Antonio del Piero"}]},{"@type":"WebSite","@id":"https:\/\/chileentinieblas.cl\/#website","url":"https:\/\/chileentinieblas.cl\/","name":"Chile en Tinieblas","description":"Un servidor con mesas de rol de Mundo de Tinieblas","publisher":{"@id":"https:\/\/chileentinieblas.cl\/#organization"},"potentialAction":[{"@type":"SearchAction","target":{"@type":"EntryPoint","urlTemplate":"https:\/\/chileentinieblas.cl\/?s={search_term_string}"},"query-input":{"@type":"PropertyValueSpecification","valueRequired":true,"valueName":"search_term_string"}}],"inLanguage":"en-US"},{"@type":"Organization","@id":"https:\/\/chileentinieblas.cl\/#organization","name":"Chile en Tinieblas","url":"https:\/\/chileentinieblas.cl\/","logo":{"@type":"ImageObject","inLanguage":"en-US","@id":"https:\/\/chileentinieblas.cl\/#\/schema\/logo\/image\/","url":"https:\/\/chileentinieblas.cl\/wp-content\/uploads\/2021\/12\/logo-cet-claro.png","contentUrl":"https:\/\/chileentinieblas.cl\/wp-content\/uploads\/2021\/12\/logo-cet-claro.png","width":1001,"height":1030,"caption":"Chile en Tinieblas"},"image":{"@id":"https:\/\/chileentinieblas.cl\/#\/schema\/logo\/image\/"},"sameAs":["https:\/\/www.facebook.com\/ChileenTinieblas","https:\/\/www.instagram.com\/chileentinieblas\/","https:\/\/www.youtube.com\/@chileentinieblas","https:\/\/www.tiktok.com\/@chileentinieblas"]}]}},"jetpack_sharing_enabled":true,"_links":{"self":[{"href":"https:\/\/chileentinieblas.cl\/en\/wp-json\/wp\/v2\/pnj\/2401","targetHints":{"allow":["GET"]}}],"collection":[{"href":"https:\/\/chileentinieblas.cl\/en\/wp-json\/wp\/v2\/pnj"}],"about":[{"href":"https:\/\/chileentinieblas.cl\/en\/wp-json\/wp\/v2\/types\/pnj"}],"author":[{"embeddable":true,"href":"https:\/\/chileentinieblas.cl\/en\/wp-json\/wp\/v2\/users\/8"}],"wp:featuredmedia":[{"embeddable":true,"href":"https:\/\/chileentinieblas.cl\/en\/wp-json\/wp\/v2\/media\/2403"}],"wp:attachment":[{"href":"https:\/\/chileentinieblas.cl\/en\/wp-json\/wp\/v2\/media?parent=2401"}],"wp:term":[{"taxonomy":"post_tag","embeddable":true,"href":"https:\/\/chileentinieblas.cl\/en\/wp-json\/wp\/v2\/tags?post=2401"},{"taxonomy":"faccion","embeddable":true,"href":"https:\/\/chileentinieblas.cl\/en\/wp-json\/wp\/v2\/faccion?post=2401"}],"curies":[{"name":"wp","href":"https:\/\/api.w.org\/{rel}","templated":true}]}}